{"id":32838,"date":"2025-05-28T21:53:16","date_gmt":"2025-05-28T19:53:16","guid":{"rendered":"https:\/\/vremeplov.ba\/2025\/?page_id=32838"},"modified":"2025-05-28T21:53:31","modified_gmt":"2025-05-28T19:53:31","slug":"pruga-normalnog-koloseka","status":"publish","type":"page","link":"https:\/\/vremeplov.ba\/2025\/sr-latn\/pruga-normalnog-koloseka\/","title":{"rendered":"Pruga normalnog koloseka"},"content":{"rendered":"\n<p>GALERIJA STARIH \u017dELEZNI\u010cKIH FOTOGRAFIJA \u2013 Normalni kolosek 1435mm<\/p>\n\n\n\n<p>Sve slike na ovoj stranici su vlasni\u0161tvo web sajta vremeplov.ba i ne smeju se objavljivati niti ponovo koristiti bez izri\u010ditog dopu\u0161tenja.<\/p>\n\n\n<div class=\"pgc-sgb-cb wp-block-pgcsimplygalleryblock-grid \" data-gallery-id=\"aaf31852\"><div class=\"sgb-preloader\" id=\"pr_aaf31852\">\n\t<div class=\"sgb-square\" style=\"background:#d4d4d4\"><\/div>\n\t<div class=\"sgb-square\" style=\"background:#d4d4d4\"><\/div>\n\t<div class=\"sgb-square\" style=\"background:#d4d4d4\"><\/div>\n\t<div class=\"sgb-square\" style=\"background:#d4d4d4\"><\/div><\/div><div class=\"simply-gallery-amp pgc_sgb_slider \"><noscript><div class=\"sgb-gallery\"><div class=\"sgb-item\"><a href=\"https:\/\/vremeplov.ba\/2025\/pruga-normalnog-kolosijeka\/0760m-137\/\" target=\"_blank\"><img decoding=\"async\" alt=\"\" width=\"950\" height=\"636\" loading=\"lazy\" src=\"https:\/\/vremeplov.ba\/2025\/wp-content\/uploads\/2025\/04\/0760m-137.jpg\" srcset=\",https:\/\/vremeplov.ba\/2025\/wp-content\/uploads\/2025\/04\/0760m-137.jpg 950w\" sizes=\"auto, 250px\"\/><\/a><\/div><div class=\"sgb-item\"><a href=\"https:\/\/vremeplov.ba\/2025\/pruga-normalnog-kolosijeka\/0760m-138\/\" target=\"_blank\"><img decoding=\"async\" alt=\"\" width=\"950\" height=\"632\" loading=\"lazy\" src=\"https:\/\/vremeplov.ba\/2025\/wp-content\/uploads\/2025\/04\/0760m-138.jpg\" srcset=\",https:\/\/vremeplov.ba\/2025\/wp-content\/uploads\/2025\/04\/0760m-138.jpg 950w\" sizes=\"auto, 250px\"\/><\/a><\/div><div class=\"sgb-item\"><a href=\"https:\/\/vremeplov.ba\/2025\/pruga-normalnog-kolosijeka\/0760m-139\/\" target=\"_blank\"><img decoding=\"async\" alt=\"\" width=\"950\" height=\"613\" loading=\"lazy\" src=\"https:\/\/vremeplov.ba\/2025\/wp-content\/uploads\/2025\/04\/0760m-139.jpg\" srcset=\",https:\/\/vremeplov.ba\/2025\/wp-content\/uploads\/2025\/04\/0760m-139.jpg 950w\" sizes=\"auto, 250px\"\/><\/a><\/div><div class=\"sgb-item\"><a href=\"https:\/\/vremeplov.ba\/2025\/pruga-normalnog-kolosijeka\/0760m-140-1\/\" target=\"_blank\"><img decoding=\"async\" alt=\"\" width=\"950\" height=\"667\" loading=\"lazy\" src=\"https:\/\/vremeplov.ba\/2025\/wp-content\/uploads\/2025\/04\/0760m-140.1.jpg\" srcset=\",https:\/\/vremeplov.ba\/2025\/wp-content\/uploads\/2025\/04\/0760m-140.1.jpg 950w\" sizes=\"auto, 250px\"\/><\/a><\/div><div class=\"sgb-item\"><a href=\"https:\/\/vremeplov.ba\/2025\/pruga-normalnog-kolosijeka\/0760m-140\/\" target=\"_blank\"><img decoding=\"async\" alt=\"\" width=\"950\" height=\"640\" loading=\"lazy\" src=\"https:\/\/vremeplov.ba\/2025\/wp-content\/uploads\/2025\/04\/0760m-140.jpg\" srcset=\",https:\/\/vremeplov.ba\/2025\/wp-content\/uploads\/2025\/04\/0760m-140.jpg 950w\" sizes=\"auto, 250px\"\/><\/a><\/div><div class=\"sgb-item\"><a href=\"https:\/\/vremeplov.ba\/2025\/pruga-normalnog-kolosijeka\/aleksin_ham_441_411\/\" target=\"_blank\"><img decoding=\"async\" alt=\"\" width=\"675\" height=\"950\" loading=\"lazy\" src=\"https:\/\/vremeplov.ba\/2025\/wp-content\/uploads\/2025\/04\/Aleksin_Ham_441_411.jpg\" srcset=\",https:\/\/vremeplov.ba\/2025\/wp-content\/uploads\/2025\/04\/Aleksin_Ham_441_411.jpg 675w\" sizes=\"auto, 250px\"\/><\/a><\/div><div class=\"sgb-item\"><a href=\"https:\/\/vremeplov.ba\/2025\/pruga-normalnog-kolosijeka\/aleksin_han_441_411\/\" target=\"_blank\"><img decoding=\"async\" alt=\"\" width=\"950\" height=\"675\" loading=\"lazy\" src=\"https:\/\/vremeplov.ba\/2025\/wp-content\/uploads\/2025\/04\/Aleksin_Han_441_411.jpg\" srcset=\",https:\/\/vremeplov.ba\/2025\/wp-content\/uploads\/2025\/04\/Aleksin_Han_441_411.jpg 950w\" sizes=\"auto, 250px\"\/><\/a><\/div><div class=\"sgb-item\"><a href=\"https:\/\/vremeplov.ba\/2025\/pruga-normalnog-kolosijeka\/aleksin_han_1872\/\" target=\"_blank\"><img decoding=\"async\" alt=\"\" width=\"950\" height=\"658\" loading=\"lazy\" src=\"https:\/\/vremeplov.ba\/2025\/wp-content\/uploads\/2025\/04\/Aleksin_Han_1872.jpg\" srcset=\",https:\/\/vremeplov.ba\/2025\/wp-content\/uploads\/2025\/04\/Aleksin_Han_1872.jpg 950w\" sizes=\"auto, 250px\"\/><\/a><\/div><div class=\"sgb-item\"><a href=\"https:\/\/vremeplov.ba\/2025\/pruga-normalnog-kolosijeka\/aleksin_han_1972\/\" target=\"_blank\"><img decoding=\"async\" alt=\"\" width=\"950\" height=\"682\" loading=\"lazy\" src=\"https:\/\/vremeplov.ba\/2025\/wp-content\/uploads\/2025\/04\/Aleksin_Han_1972.jpg\" srcset=\",https:\/\/vremeplov.ba\/2025\/wp-content\/uploads\/2025\/04\/Aleksin_Han_1972.jpg 950w\" sizes=\"auto, 250px\"\/><\/a><\/div><div class=\"sgb-item\"><a href=\"https:\/\/vremeplov.ba\/2025\/pruga-normalnog-kolosijeka\/aleksin_han_udes\/\" target=\"_blank\"><img decoding=\"async\" alt=\"\" width=\"950\" height=\"672\" loading=\"lazy\" src=\"https:\/\/vremeplov.ba\/2025\/wp-content\/uploads\/2025\/04\/Aleksin_Han_udes.jpg\" srcset=\",https:\/\/vremeplov.ba\/2025\/wp-content\/uploads\/2025\/04\/Aleksin_Han_udes.jpg 950w\" sizes=\"auto, 250px\"\/><\/a><\/div><div class=\"sgb-item\"><a href=\"https:\/\/vremeplov.ba\/2025\/pruga-normalnog-kolosijeka\/alipasin_most_brigada\/\" target=\"_blank\"><img decoding=\"async\" alt=\"\" width=\"950\" height=\"673\" loading=\"lazy\" src=\"https:\/\/vremeplov.ba\/2025\/wp-content\/uploads\/2025\/04\/Alipasin_Most_brigada.jpg\" srcset=\",https:\/\/vremeplov.ba\/2025\/wp-content\/uploads\/2025\/04\/Alipasin_Most_brigada.jpg 950w\" sizes=\"auto, 250px\"\/><\/a><\/div><div class=\"sgb-item\"><a href=\"https:\/\/vremeplov.ba\/2025\/pruga-normalnog-kolosijeka\/alipasin_most_emg\/\" target=\"_blank\"><img decoding=\"async\" alt=\"\" width=\"950\" height=\"503\" loading=\"lazy\" src=\"https:\/\/vremeplov.ba\/2025\/wp-content\/uploads\/2025\/04\/Alipasin_Most_EMG.jpg\" srcset=\",https:\/\/vremeplov.ba\/2025\/wp-content\/uploads\/2025\/04\/Alipasin_Most_EMG.jpg 950w\" sizes=\"auto, 250px\"\/><\/a><\/div><div class=\"sgb-item\"><a href=\"https:\/\/vremeplov.ba\/2025\/pruga-normalnog-kolosijeka\/ambulanta\/\" target=\"_blank\"><img decoding=\"async\" alt=\"\" width=\"950\" height=\"702\" loading=\"lazy\" src=\"https:\/\/vremeplov.ba\/2025\/wp-content\/uploads\/2025\/04\/Ambulanta.jpg\" srcset=\",https:\/\/vremeplov.ba\/2025\/wp-content\/uploads\/2025\/04\/Ambulanta.jpg 950w\" sizes=\"auto, 250px\"\/><\/a><\/div><div class=\"sgb-item\"><a href=\"https:\/\/vremeplov.ba\/2025\/pruga-normalnog-kolosijeka\/ante_sucic\/\" target=\"_blank\"><img decoding=\"async\" alt=\"\" width=\"950\" height=\"605\" loading=\"lazy\" src=\"https:\/\/vremeplov.ba\/2025\/wp-content\/uploads\/2025\/04\/Ante_Sucic.jpg\" srcset=\",https:\/\/vremeplov.ba\/2025\/wp-content\/uploads\/2025\/04\/Ante_Sucic.jpg 950w\" sizes=\"auto, 250px\"\/><\/a><\/div><div class=\"sgb-item\"><a href=\"https:\/\/vremeplov.ba\/2025\/pruga-normalnog-kolosijeka\/autotransport-zeljeznice\/\" target=\"_blank\"><img decoding=\"async\" alt=\"\" width=\"950\" height=\"672\" loading=\"lazy\" src=\"https:\/\/vremeplov.ba\/2025\/wp-content\/uploads\/2025\/04\/Autotransport-zeljeznice.jpg\" srcset=\",https:\/\/vremeplov.ba\/2025\/wp-content\/uploads\/2025\/04\/Autotransport-zeljeznice.jpg 950w\" sizes=\"auto, 250px\"\/><\/a><\/div><div class=\"sgb-item\"><a href=\"https:\/\/vremeplov.ba\/2025\/pruga-normalnog-kolosijeka\/banja_luka_militar\/\" target=\"_blank\"><img decoding=\"async\" alt=\"\" width=\"950\" height=\"539\" loading=\"lazy\" src=\"https:\/\/vremeplov.ba\/2025\/wp-content\/uploads\/2025\/04\/Banja_Luka_Militar.jpg\" srcset=\",https:\/\/vremeplov.ba\/2025\/wp-content\/uploads\/2025\/04\/Banja_Luka_Militar.jpg 950w\" sizes=\"auto, 250px\"\/><\/a><\/div><div class=\"sgb-item\"><a href=\"https:\/\/vremeplov.ba\/2025\/pruga-normalnog-kolosijeka\/banja_luka_norm_kol-1\/\" target=\"_blank\"><img decoding=\"async\" alt=\"\" width=\"950\" height=\"610\" loading=\"lazy\" src=\"https:\/\/vremeplov.ba\/2025\/wp-content\/uploads\/2025\/04\/Banja_Luka_norm_kol-1.jpg\" srcset=\",https:\/\/vremeplov.ba\/2025\/wp-content\/uploads\/2025\/04\/Banja_Luka_norm_kol-1.jpg 950w\" sizes=\"auto, 250px\"\/><\/a><\/div><div class=\"sgb-item\"><a href=\"https:\/\/vremeplov.ba\/2025\/pruga-normalnog-kolosijeka\/banja_luka_norm_kol-2\/\" target=\"_blank\"><img decoding=\"async\" alt=\"\" width=\"950\" height=\"623\" loading=\"lazy\" src=\"https:\/\/vremeplov.ba\/2025\/wp-content\/uploads\/2025\/04\/Banja_Luka_norm_kol-2.jpg\" srcset=\",https:\/\/vremeplov.ba\/2025\/wp-content\/uploads\/2025\/04\/Banja_Luka_norm_kol-2.jpg 950w\" sizes=\"auto, 250px\"\/><\/a><\/div><div class=\"sgb-item\"><a href=\"https:\/\/vremeplov.ba\/2025\/pruga-normalnog-kolosijeka\/banja_luka_norm_kol-3\/\" target=\"_blank\"><img decoding=\"async\" alt=\"\" width=\"950\" height=\"608\" loading=\"lazy\" src=\"https:\/\/vremeplov.ba\/2025\/wp-content\/uploads\/2025\/04\/Banja_Luka_norm_kol-3.jpg\" srcset=\",https:\/\/vremeplov.ba\/2025\/wp-content\/uploads\/2025\/04\/Banja_Luka_norm_kol-3.jpg 950w\" sizes=\"auto, 250px\"\/><\/a><\/div><div class=\"sgb-item\"><a href=\"https:\/\/vremeplov.ba\/2025\/pruga-normalnog-kolosijeka\/banja_luka_norm_kol-4\/\" target=\"_blank\"><img decoding=\"async\" alt=\"\" width=\"950\" height=\"799\" loading=\"lazy\" src=\"https:\/\/vremeplov.ba\/2025\/wp-content\/uploads\/2025\/04\/Banja_Luka_norm_kol-4.jpg\" srcset=\",https:\/\/vremeplov.ba\/2025\/wp-content\/uploads\/2025\/04\/Banja_Luka_norm_kol-4.jpg 950w\" sizes=\"auto, 250px\"\/><\/a><\/div><div class=\"sgb-item\"><a href=\"https:\/\/vremeplov.ba\/2025\/pruga-normalnog-kolosijeka\/banja_luka_predgradje-1\/\" target=\"_blank\"><img decoding=\"async\" alt=\"\" width=\"950\" height=\"676\" loading=\"lazy\" src=\"https:\/\/vremeplov.ba\/2025\/wp-content\/uploads\/2025\/04\/Banja_Luka_Predgradje-1.jpg\" srcset=\",https:\/\/vremeplov.ba\/2025\/wp-content\/uploads\/2025\/04\/Banja_Luka_Predgradje-1.jpg 950w\" sizes=\"auto, 250px\"\/><\/a><\/div><div class=\"sgb-item\"><a href=\"https:\/\/vremeplov.ba\/2025\/pruga-normalnog-kolosijeka\/banja_luka_predgradje-2\/\" target=\"_blank\"><img decoding=\"async\" alt=\"\" width=\"950\" height=\"674\" loading=\"lazy\" src=\"https:\/\/vremeplov.ba\/2025\/wp-content\/uploads\/2025\/04\/Banja_Luka_Predgradje-2.jpg\" srcset=\",https:\/\/vremeplov.ba\/2025\/wp-content\/uploads\/2025\/04\/Banja_Luka_Predgradje-2.jpg 950w\" sizes=\"auto, 250px\"\/><\/a><\/div><div class=\"sgb-item\"><a href=\"https:\/\/vremeplov.ba\/2025\/pruga-normalnog-kolosijeka\/banja_luka_predgradje-3\/\" target=\"_blank\"><img decoding=\"async\" alt=\"\" width=\"950\" height=\"661\" loading=\"lazy\" src=\"https:\/\/vremeplov.ba\/2025\/wp-content\/uploads\/2025\/04\/Banja_Luka_Predgradje-3.jpg\" srcset=\",https:\/\/vremeplov.ba\/2025\/wp-content\/uploads\/2025\/04\/Banja_Luka_Predgradje-3.jpg 950w\" sizes=\"auto, 250px\"\/><\/a><\/div><div class=\"sgb-item\"><a href=\"https:\/\/vremeplov.ba\/2025\/pruga-normalnog-kolosijeka\/banja_luka_predradje\/\" target=\"_blank\"><img decoding=\"async\" alt=\"\" width=\"950\" height=\"648\" loading=\"lazy\" src=\"https:\/\/vremeplov.ba\/2025\/wp-content\/uploads\/2025\/04\/Banja_Luka_predradje.jpg\" srcset=\",https:\/\/vremeplov.ba\/2025\/wp-content\/uploads\/2025\/04\/Banja_Luka_predradje.jpg 950w\" sizes=\"auto, 250px\"\/><\/a><\/div><div class=\"sgb-item\"><a href=\"https:\/\/vremeplov.ba\/2025\/pruga-normalnog-kolosijeka\/banja_luka_remont\/\" target=\"_blank\"><img decoding=\"async\" alt=\"\" width=\"950\" height=\"663\" loading=\"lazy\" src=\"https:\/\/vremeplov.ba\/2025\/wp-content\/uploads\/2025\/04\/Banja_Luka_remont.jpg\" srcset=\",https:\/\/vremeplov.ba\/2025\/wp-content\/uploads\/2025\/04\/Banja_Luka_remont.jpg 950w\" sizes=\"auto, 250px\"\/><\/a><\/div><div class=\"sgb-item\"><a href=\"https:\/\/vremeplov.ba\/2025\/pruga-normalnog-kolosijeka\/banja_luka_st\/\" target=\"_blank\"><img decoding=\"async\" alt=\"\" width=\"950\" height=\"644\" loading=\"lazy\" src=\"https:\/\/vremeplov.ba\/2025\/wp-content\/uploads\/2025\/04\/Banja_Luka_st.jpg\" srcset=\",https:\/\/vremeplov.ba\/2025\/wp-content\/uploads\/2025\/04\/Banja_Luka_st.jpg 950w\" sizes=\"auto, 250px\"\/><\/a><\/div><div class=\"sgb-item\"><a href=\"https:\/\/vremeplov.ba\/2025\/pruga-normalnog-kolosijeka\/banja-luka\/\" target=\"_blank\"><img decoding=\"async\" alt=\"\" width=\"950\" height=\"862\" loading=\"lazy\" src=\"https:\/\/vremeplov.ba\/2025\/wp-content\/uploads\/2025\/04\/Banja-Luka.jpg\" srcset=\",https:\/\/vremeplov.ba\/2025\/wp-content\/uploads\/2025\/04\/Banja-Luka.jpg 950w\" sizes=\"auto, 250px\"\/><\/a><\/div><div class=\"sgb-item\"><a href=\"https:\/\/vremeplov.ba\/2025\/pruga-normalnog-kolosijeka\/banja-luka-1\/\" target=\"_blank\"><img decoding=\"async\" alt=\"\" width=\"950\" height=\"618\" loading=\"lazy\" src=\"https:\/\/vremeplov.ba\/2025\/wp-content\/uploads\/2025\/04\/Banja-Luka-1.jpg\" srcset=\",https:\/\/vremeplov.ba\/2025\/wp-content\/uploads\/2025\/04\/Banja-Luka-1.jpg 950w\" sizes=\"auto, 250px\"\/><\/a><\/div><div class=\"sgb-item\"><a href=\"https:\/\/vremeplov.ba\/2025\/pruga-normalnog-kolosijeka\/banovici_st\/\" target=\"_blank\"><img decoding=\"async\" alt=\"\" width=\"950\" height=\"765\" loading=\"lazy\" src=\"https:\/\/vremeplov.ba\/2025\/wp-content\/uploads\/2025\/04\/Banovici_st.jpg\" srcset=\",https:\/\/vremeplov.ba\/2025\/wp-content\/uploads\/2025\/04\/Banovici_st.jpg 950w\" sizes=\"auto, 250px\"\/><\/a><\/div><div class=\"sgb-item\"><a href=\"https:\/\/vremeplov.ba\/2025\/pruga-normalnog-kolosijeka\/begov-han_elektrifikacija\/\" target=\"_blank\"><img decoding=\"async\" alt=\"\" width=\"950\" height=\"653\" loading=\"lazy\" src=\"https:\/\/vremeplov.ba\/2025\/wp-content\/uploads\/2025\/04\/Begov-Han_Elektrifikacija.jpg\" srcset=\",https:\/\/vremeplov.ba\/2025\/wp-content\/uploads\/2025\/04\/Begov-Han_Elektrifikacija.jpg 950w\" sizes=\"auto, 250px\"\/><\/a><\/div><div class=\"sgb-item\"><a href=\"https:\/\/vremeplov.ba\/2025\/pruga-normalnog-kolosijeka\/begov-han-1971\/\" target=\"_blank\"><img decoding=\"async\" alt=\"\" width=\"950\" height=\"680\" loading=\"lazy\" src=\"https:\/\/vremeplov.ba\/2025\/wp-content\/uploads\/2025\/04\/Begov-Han-1971.jpg\" srcset=\",https:\/\/vremeplov.ba\/2025\/wp-content\/uploads\/2025\/04\/Begov-Han-1971.jpg 950w\" sizes=\"auto, 250px\"\/><\/a><\/div><div class=\"sgb-item\"><a href=\"https:\/\/vremeplov.ba\/2025\/pruga-normalnog-kolosijeka\/beograd-maj-1947-1\/\" target=\"_blank\"><img decoding=\"async\" alt=\"\" width=\"950\" height=\"772\" loading=\"lazy\" src=\"https:\/\/vremeplov.ba\/2025\/wp-content\/uploads\/2025\/04\/Beograd-maj-1947-1.jpg\" srcset=\",https:\/\/vremeplov.ba\/2025\/wp-content\/uploads\/2025\/04\/Beograd-maj-1947-1.jpg 950w\" sizes=\"auto, 250px\"\/><\/a><\/div><div class=\"sgb-item\"><a href=\"https:\/\/vremeplov.ba\/2025\/pruga-normalnog-kolosijeka\/beograd-maj-1947-2\/\" target=\"_blank\"><img decoding=\"async\" alt=\"\" width=\"950\" height=\"772\" loading=\"lazy\" src=\"https:\/\/vremeplov.ba\/2025\/wp-content\/uploads\/2025\/04\/Beograd-maj-1947-2.jpg\" srcset=\",https:\/\/vremeplov.ba\/2025\/wp-content\/uploads\/2025\/04\/Beograd-maj-1947-2.jpg 950w\" sizes=\"auto, 250px\"\/><\/a><\/div><div class=\"sgb-item\"><a href=\"https:\/\/vremeplov.ba\/2025\/pruga-normalnog-kolosijeka\/beograd-maj-1947-3\/\" target=\"_blank\"><img decoding=\"async\" alt=\"\" width=\"950\" height=\"815\" loading=\"lazy\" src=\"https:\/\/vremeplov.ba\/2025\/wp-content\/uploads\/2025\/04\/Beograd-maj-1947-3.jpg\" srcset=\",https:\/\/vremeplov.ba\/2025\/wp-content\/uploads\/2025\/04\/Beograd-maj-1947-3.jpg 950w\" sizes=\"auto, 250px\"\/><\/a><\/div><div class=\"sgb-item\"><a href=\"https:\/\/vremeplov.ba\/2025\/pruga-normalnog-kolosijeka\/beograd-maj-1947-4\/\" target=\"_blank\"><img decoding=\"async\" alt=\"\" width=\"950\" height=\"815\" loading=\"lazy\" src=\"https:\/\/vremeplov.ba\/2025\/wp-content\/uploads\/2025\/04\/Beograd-maj-1947-4.jpg\" srcset=\",https:\/\/vremeplov.ba\/2025\/wp-content\/uploads\/2025\/04\/Beograd-maj-1947-4.jpg 950w\" sizes=\"auto, 250px\"\/><\/a><\/div><div class=\"sgb-item\"><a href=\"https:\/\/vremeplov.ba\/2025\/pruga-normalnog-kolosijeka\/beograd-maj-1947-5\/\" target=\"_blank\"><img decoding=\"async\" alt=\"\" width=\"950\" height=\"815\" loading=\"lazy\" src=\"https:\/\/vremeplov.ba\/2025\/wp-content\/uploads\/2025\/04\/Beograd-maj-1947-5.jpg\" srcset=\",https:\/\/vremeplov.ba\/2025\/wp-content\/uploads\/2025\/04\/Beograd-maj-1947-5.jpg 950w\" sizes=\"auto, 250px\"\/><\/a><\/div><div class=\"sgb-item\"><a href=\"https:\/\/vremeplov.ba\/2025\/pruga-normalnog-kolosijeka\/beograd-maj-1947-6\/\" target=\"_blank\"><img decoding=\"async\" alt=\"\" width=\"950\" height=\"826\" loading=\"lazy\" src=\"https:\/\/vremeplov.ba\/2025\/wp-content\/uploads\/2025\/04\/Beograd-maj-1947-6.jpg\" srcset=\",https:\/\/vremeplov.ba\/2025\/wp-content\/uploads\/2025\/04\/Beograd-maj-1947-6.jpg 950w\" sizes=\"auto, 250px\"\/><\/a><\/div><div class=\"sgb-item\"><a href=\"https:\/\/vremeplov.ba\/2025\/pruga-normalnog-kolosijeka\/beograd-maj-1947-7\/\" target=\"_blank\"><img decoding=\"async\" alt=\"\" width=\"950\" height=\"826\" loading=\"lazy\" src=\"https:\/\/vremeplov.ba\/2025\/wp-content\/uploads\/2025\/04\/Beograd-maj-1947-7.jpg\" srcset=\",https:\/\/vremeplov.ba\/2025\/wp-content\/uploads\/2025\/04\/Beograd-maj-1947-7.jpg 950w\" sizes=\"auto, 250px\"\/><\/a><\/div><div class=\"sgb-item\"><a href=\"https:\/\/vremeplov.ba\/2025\/pruga-normalnog-kolosijeka\/bihac_1924\/\" target=\"_blank\"><img decoding=\"async\" alt=\"\" width=\"950\" height=\"623\" loading=\"lazy\" src=\"https:\/\/vremeplov.ba\/2025\/wp-content\/uploads\/2025\/04\/Bihac_1924.jpg\" srcset=\",https:\/\/vremeplov.ba\/2025\/wp-content\/uploads\/2025\/04\/Bihac_1924.jpg 950w\" sizes=\"auto, 250px\"\/><\/a><\/div><div class=\"sgb-item\"><a href=\"https:\/\/vremeplov.ba\/2025\/pruga-normalnog-kolosijeka\/bihac_lozionica\/\" target=\"_blank\"><img decoding=\"async\" alt=\"\" width=\"950\" height=\"631\" loading=\"lazy\" src=\"https:\/\/vremeplov.ba\/2025\/wp-content\/uploads\/2025\/04\/Bihac_lozionica.jpg\" srcset=\",https:\/\/vremeplov.ba\/2025\/wp-content\/uploads\/2025\/04\/Bihac_lozionica.jpg 950w\" sizes=\"auto, 250px\"\/><\/a><\/div><div class=\"sgb-item\"><a href=\"https:\/\/vremeplov.ba\/2025\/pruga-normalnog-kolosijeka\/bihac_mediteran_expres\/\" target=\"_blank\"><img decoding=\"async\" alt=\"\" width=\"950\" height=\"690\" loading=\"lazy\" src=\"https:\/\/vremeplov.ba\/2025\/wp-content\/uploads\/2025\/04\/Bihac_Mediteran_Expres.jpg\" srcset=\",https:\/\/vremeplov.ba\/2025\/wp-content\/uploads\/2025\/04\/Bihac_Mediteran_Expres.jpg 950w\" sizes=\"auto, 250px\"\/><\/a><\/div><div class=\"sgb-item\"><a href=\"https:\/\/vremeplov.ba\/2025\/pruga-normalnog-kolosijeka\/bihac_prvi_voz\/\" target=\"_blank\"><img decoding=\"async\" alt=\"\" width=\"950\" height=\"618\" loading=\"lazy\" src=\"https:\/\/vremeplov.ba\/2025\/wp-content\/uploads\/2025\/04\/Bihac_prvi_voz.jpg\" srcset=\",https:\/\/vremeplov.ba\/2025\/wp-content\/uploads\/2025\/04\/Bihac_prvi_voz.jpg 950w\" sizes=\"auto, 250px\"\/><\/a><\/div><div class=\"sgb-item\"><a href=\"https:\/\/vremeplov.ba\/2025\/pruga-normalnog-kolosijeka\/bihac_st\/\" target=\"_blank\"><img decoding=\"async\" alt=\"\" width=\"950\" height=\"607\" loading=\"lazy\" src=\"https:\/\/vremeplov.ba\/2025\/wp-content\/uploads\/2025\/04\/Bihac_st.jpg\" srcset=\",https:\/\/vremeplov.ba\/2025\/wp-content\/uploads\/2025\/04\/Bihac_st.jpg 950w\" sizes=\"auto, 250px\"\/><\/a><\/div><div class=\"sgb-item\"><a href=\"https:\/\/vremeplov.ba\/2025\/pruga-normalnog-kolosijeka\/bihac-proslava-1\/\" target=\"_blank\"><img decoding=\"async\" alt=\"\" width=\"950\" height=\"685\" loading=\"lazy\" src=\"https:\/\/vremeplov.ba\/2025\/wp-content\/uploads\/2025\/04\/Bihac-proslava-1.jpg\" srcset=\",https:\/\/vremeplov.ba\/2025\/wp-content\/uploads\/2025\/04\/Bihac-proslava-1.jpg 950w\" sizes=\"auto, 250px\"\/><\/a><\/div><div class=\"sgb-item\"><a href=\"https:\/\/vremeplov.ba\/2025\/pruga-normalnog-kolosijeka\/bihac-proslava-2\/\" target=\"_blank\"><img decoding=\"async\" alt=\"\" width=\"950\" height=\"664\" loading=\"lazy\" src=\"https:\/\/vremeplov.ba\/2025\/wp-content\/uploads\/2025\/04\/Bihac-proslava-2.jpg\" srcset=\",https:\/\/vremeplov.ba\/2025\/wp-content\/uploads\/2025\/04\/Bihac-proslava-2.jpg 950w\" sizes=\"auto, 250px\"\/><\/a><\/div><div class=\"sgb-item\"><a href=\"https:\/\/vremeplov.ba\/2025\/pruga-normalnog-kolosijeka\/bihac-proslava-3\/\" target=\"_blank\"><img decoding=\"async\" alt=\"\" width=\"950\" height=\"656\" loading=\"lazy\" src=\"https:\/\/vremeplov.ba\/2025\/wp-content\/uploads\/2025\/04\/Bihac-proslava-3.jpg\" srcset=\",https:\/\/vremeplov.ba\/2025\/wp-content\/uploads\/2025\/04\/Bihac-proslava-3.jpg 950w\" sizes=\"auto, 250px\"\/><\/a><\/div><div class=\"sgb-item\"><a href=\"https:\/\/vremeplov.ba\/2025\/pruga-normalnog-kolosijeka\/bihac-proslava-4\/\" target=\"_blank\"><img decoding=\"async\" alt=\"\" width=\"950\" height=\"678\" loading=\"lazy\" src=\"https:\/\/vremeplov.ba\/2025\/wp-content\/uploads\/2025\/04\/Bihac-proslava-4.jpg\" srcset=\",https:\/\/vremeplov.ba\/2025\/wp-content\/uploads\/2025\/04\/Bihac-proslava-4.jpg 950w\" sizes=\"auto, 250px\"\/><\/a><\/div><div class=\"sgb-item\"><a href=\"https:\/\/vremeplov.ba\/2025\/pruga-normalnog-kolosijeka\/bl_normalni_kolosijek\/\" target=\"_blank\"><img decoding=\"async\" alt=\"\" width=\"950\" height=\"597\" loading=\"lazy\" src=\"https:\/\/vremeplov.ba\/2025\/wp-content\/uploads\/2025\/04\/BL_normalni_kolosijek.jpg\" srcset=\",https:\/\/vremeplov.ba\/2025\/wp-content\/uploads\/2025\/04\/BL_normalni_kolosijek.jpg 950w\" sizes=\"auto, 250px\"\/><\/a><\/div><div class=\"sgb-item\"><a href=\"https:\/\/vremeplov.ba\/2025\/pruga-normalnog-kolosijeka\/blazuj\/\" target=\"_blank\"><img decoding=\"async\" alt=\"\" width=\"950\" height=\"722\" loading=\"lazy\" src=\"https:\/\/vremeplov.ba\/2025\/wp-content\/uploads\/2025\/04\/Blazuj.jpg\" srcset=\",https:\/\/vremeplov.ba\/2025\/wp-content\/uploads\/2025\/04\/Blazuj.jpg 950w\" sizes=\"auto, 250px\"\/><\/a><\/div><div class=\"sgb-item\"><a href=\"https:\/\/vremeplov.ba\/2025\/pruga-normalnog-kolosijeka\/blazuj_441\/\" target=\"_blank\"><img decoding=\"async\" alt=\"\" width=\"950\" height=\"626\" loading=\"lazy\" src=\"https:\/\/vremeplov.ba\/2025\/wp-content\/uploads\/2025\/04\/Blazuj_441.jpg\" srcset=\",https:\/\/vremeplov.ba\/2025\/wp-content\/uploads\/2025\/04\/Blazuj_441.jpg 950w\" sizes=\"auto, 250px\"\/><\/a><\/div><div class=\"sgb-item\"><a href=\"https:\/\/vremeplov.ba\/2025\/pruga-normalnog-kolosijeka\/blazuj_normal\/\" target=\"_blank\"><img decoding=\"async\" alt=\"\" width=\"950\" height=\"602\" loading=\"lazy\" src=\"https:\/\/vremeplov.ba\/2025\/wp-content\/uploads\/2025\/04\/Blazuj_normal.jpg\" srcset=\",https:\/\/vremeplov.ba\/2025\/wp-content\/uploads\/2025\/04\/Blazuj_normal.jpg 950w\" sizes=\"auto, 250px\"\/><\/a><\/div><div class=\"sgb-item\"><a href=\"https:\/\/vremeplov.ba\/2025\/pruga-normalnog-kolosijeka\/blazuj-kod-sarajeva\/\" target=\"_blank\"><img decoding=\"async\" alt=\"\" width=\"950\" height=\"690\" loading=\"lazy\" src=\"https:\/\/vremeplov.ba\/2025\/wp-content\/uploads\/2025\/04\/Blazuj-kod-Sarajeva.jpg\" srcset=\",https:\/\/vremeplov.ba\/2025\/wp-content\/uploads\/2025\/04\/Blazuj-kod-Sarajeva.jpg 950w\" sizes=\"auto, 250px\"\/><\/a><\/div><div class=\"sgb-item\"><a href=\"https:\/\/vremeplov.ba\/2025\/pruga-normalnog-kolosijeka\/borovnica\/\" target=\"_blank\"><img decoding=\"async\" alt=\"\" width=\"950\" height=\"724\" loading=\"lazy\" src=\"https:\/\/vremeplov.ba\/2025\/wp-content\/uploads\/2025\/04\/Borovnica.jpg\" srcset=\",https:\/\/vremeplov.ba\/2025\/wp-content\/uploads\/2025\/04\/Borovnica.jpg 950w\" sizes=\"auto, 250px\"\/><\/a><\/div><div class=\"sgb-item\"><a href=\"https:\/\/vremeplov.ba\/2025\/pruga-normalnog-kolosijeka\/bos-krupa_\/\" target=\"_blank\"><img decoding=\"async\" alt=\"\" width=\"950\" height=\"837\" loading=\"lazy\" src=\"https:\/\/vremeplov.ba\/2025\/wp-content\/uploads\/2025\/04\/Bos.Krupa_.jpg\" srcset=\",https:\/\/vremeplov.ba\/2025\/wp-content\/uploads\/2025\/04\/Bos.Krupa_.jpg 950w\" sizes=\"auto, 250px\"\/><\/a><div class=\"sgb-item-caption\"><em>??????????????????????????????<\/em><\/div><\/div><div class=\"sgb-item\"><a href=\"https:\/\/vremeplov.ba\/2025\/pruga-normalnog-kolosijeka\/bos_suvo_polje_usp\/\" target=\"_blank\"><img decoding=\"async\" alt=\"\" width=\"950\" height=\"670\" loading=\"lazy\" src=\"https:\/\/vremeplov.ba\/2025\/wp-content\/uploads\/2025\/04\/Bos_suvo_polje_usp.jpg\" srcset=\",https:\/\/vremeplov.ba\/2025\/wp-content\/uploads\/2025\/04\/Bos_suvo_polje_usp.jpg 950w\" sizes=\"auto, 250px\"\/><\/a><\/div><div class=\"sgb-item\"><a href=\"https:\/\/vremeplov.ba\/2025\/pruga-normalnog-kolosijeka\/bosanska_krupa\/\" target=\"_blank\"><img decoding=\"async\" alt=\"\" width=\"950\" height=\"481\" loading=\"lazy\" src=\"https:\/\/vremeplov.ba\/2025\/wp-content\/uploads\/2025\/04\/Bosanska_Krupa.jpg\" srcset=\",https:\/\/vremeplov.ba\/2025\/wp-content\/uploads\/2025\/04\/Bosanska_Krupa.jpg 950w\" sizes=\"auto, 250px\"\/><\/a><\/div><div class=\"sgb-item\"><a href=\"https:\/\/vremeplov.ba\/2025\/pruga-normalnog-kolosijeka\/bosanska_krupa_otoka\/\" target=\"_blank\"><img decoding=\"async\" alt=\"\" width=\"950\" height=\"591\" loading=\"lazy\" src=\"https:\/\/vremeplov.ba\/2025\/wp-content\/uploads\/2025\/04\/Bosanska_Krupa_Otoka.jpg\" srcset=\",https:\/\/vremeplov.ba\/2025\/wp-content\/uploads\/2025\/04\/Bosanska_Krupa_Otoka.jpg 950w\" sizes=\"auto, 250px\"\/><\/a><\/div><div class=\"sgb-item\"><a href=\"https:\/\/vremeplov.ba\/2025\/pruga-normalnog-kolosijeka\/bosanska_krupa_stanica\/\" target=\"_blank\"><img decoding=\"async\" alt=\"\" width=\"950\" height=\"661\" loading=\"lazy\" src=\"https:\/\/vremeplov.ba\/2025\/wp-content\/uploads\/2025\/04\/Bosanska_Krupa_stanica.jpg\" srcset=\",https:\/\/vremeplov.ba\/2025\/wp-content\/uploads\/2025\/04\/Bosanska_Krupa_stanica.jpg 950w\" sizes=\"auto, 250px\"\/><\/a><\/div><div class=\"sgb-item\"><a href=\"https:\/\/vremeplov.ba\/2025\/pruga-normalnog-kolosijeka\/bosanska_krupa_udes\/\" target=\"_blank\"><img decoding=\"async\" alt=\"\" width=\"950\" height=\"607\" loading=\"lazy\" src=\"https:\/\/vremeplov.ba\/2025\/wp-content\/uploads\/2025\/04\/Bosanska_Krupa_udes.jpg\" srcset=\",https:\/\/vremeplov.ba\/2025\/wp-content\/uploads\/2025\/04\/Bosanska_Krupa_udes.jpg 950w\" sizes=\"auto, 250px\"\/><\/a><\/div><div class=\"sgb-item\"><a href=\"https:\/\/vremeplov.ba\/2025\/pruga-normalnog-kolosijeka\/bosanska_krupa_vagoni\/\" target=\"_blank\"><img decoding=\"async\" alt=\"\" width=\"950\" height=\"636\" loading=\"lazy\" src=\"https:\/\/vremeplov.ba\/2025\/wp-content\/uploads\/2025\/04\/Bosanska_Krupa_vagoni.jpg\" srcset=\",https:\/\/vremeplov.ba\/2025\/wp-content\/uploads\/2025\/04\/Bosanska_Krupa_vagoni.jpg 950w\" sizes=\"auto, 250px\"\/><\/a><\/div><div class=\"sgb-item\"><a href=\"https:\/\/vremeplov.ba\/2025\/pruga-normalnog-kolosijeka\/bosanska-krupa\/\" target=\"_blank\"><img decoding=\"async\" alt=\"\" width=\"950\" height=\"680\" loading=\"lazy\" src=\"https:\/\/vremeplov.ba\/2025\/wp-content\/uploads\/2025\/04\/Bosanska-Krupa.jpg\" srcset=\",https:\/\/vremeplov.ba\/2025\/wp-content\/uploads\/2025\/04\/Bosanska-Krupa.jpg 950w\" sizes=\"auto, 250px\"\/><\/a><\/div><div class=\"sgb-item\"><a href=\"https:\/\/vremeplov.ba\/2025\/pruga-normalnog-kolosijeka\/bosanska-krupa-udes\/\" target=\"_blank\"><img decoding=\"async\" alt=\"\" width=\"950\" height=\"632\" loading=\"lazy\" src=\"https:\/\/vremeplov.ba\/2025\/wp-content\/uploads\/2025\/04\/Bosanska-Krupa-udes.jpg\" srcset=\",https:\/\/vremeplov.ba\/2025\/wp-content\/uploads\/2025\/04\/Bosanska-Krupa-udes.jpg 950w\" sizes=\"auto, 250px\"\/><\/a><\/div><div class=\"sgb-item\"><a href=\"https:\/\/vremeplov.ba\/2025\/pruga-normalnog-kolosijeka\/bosanski_novi\/\" target=\"_blank\"><img decoding=\"async\" alt=\"\" width=\"1000\" height=\"747\" loading=\"lazy\" src=\"https:\/\/vremeplov.ba\/2025\/wp-content\/uploads\/2025\/04\/Bosanski_Novi.jpg\" srcset=\",https:\/\/vremeplov.ba\/2025\/wp-content\/uploads\/2025\/04\/Bosanski_Novi.jpg 1000w\" sizes=\"auto, 250px\"\/><\/a><\/div><div class=\"sgb-item\"><a href=\"https:\/\/vremeplov.ba\/2025\/pruga-normalnog-kolosijeka\/bosanski_samac\/\" target=\"_blank\"><img decoding=\"async\" alt=\"\" width=\"950\" height=\"717\" loading=\"lazy\" src=\"https:\/\/vremeplov.ba\/2025\/wp-content\/uploads\/2025\/04\/Bosanski_Samac.jpg\" srcset=\",https:\/\/vremeplov.ba\/2025\/wp-content\/uploads\/2025\/04\/Bosanski_Samac.jpg 950w\" sizes=\"auto, 250px\"\/><\/a><\/div><div class=\"sgb-item\"><a href=\"https:\/\/vremeplov.ba\/2025\/pruga-normalnog-kolosijeka\/bosanski-novi\/\" target=\"_blank\"><img decoding=\"async\" alt=\"\" width=\"950\" height=\"629\" loading=\"lazy\" src=\"https:\/\/vremeplov.ba\/2025\/wp-content\/uploads\/2025\/04\/Bosanski-Novi.jpg\" srcset=\",https:\/\/vremeplov.ba\/2025\/wp-content\/uploads\/2025\/04\/Bosanski-Novi.jpg 950w\" sizes=\"auto, 250px\"\/><\/a><\/div><div class=\"sgb-item\"><a href=\"https:\/\/vremeplov.ba\/2025\/pruga-normalnog-kolosijeka\/bosanski-novi-1\/\" target=\"_blank\"><img decoding=\"async\" alt=\"\" width=\"996\" height=\"1457\" loading=\"lazy\" src=\"https:\/\/vremeplov.ba\/2025\/wp-content\/uploads\/2025\/04\/Bosanski-Novi-1.jpg\" srcset=\",https:\/\/vremeplov.ba\/2025\/wp-content\/uploads\/2025\/04\/Bosanski-Novi-1.jpg 996w\" sizes=\"auto, 250px\"\/><\/a><\/div><div class=\"sgb-item\"><a href=\"https:\/\/vremeplov.ba\/2025\/pruga-normalnog-kolosijeka\/bosna_ekspres_1984-1\/\" target=\"_blank\"><img decoding=\"async\" alt=\"\" width=\"769\" height=\"950\" loading=\"lazy\" src=\"https:\/\/vremeplov.ba\/2025\/wp-content\/uploads\/2025\/04\/Bosna_Ekspres_1984-1.jpg\" srcset=\",https:\/\/vremeplov.ba\/2025\/wp-content\/uploads\/2025\/04\/Bosna_Ekspres_1984-1.jpg 769w\" sizes=\"auto, 250px\"\/><\/a><\/div><div class=\"sgb-item\"><a href=\"https:\/\/vremeplov.ba\/2025\/pruga-normalnog-kolosijeka\/bosna_ekspres_1984-2\/\" target=\"_blank\"><img decoding=\"async\" alt=\"\" width=\"950\" height=\"747\" loading=\"lazy\" src=\"https:\/\/vremeplov.ba\/2025\/wp-content\/uploads\/2025\/04\/Bosna_Ekspres_1984-2.jpg\" srcset=\",https:\/\/vremeplov.ba\/2025\/wp-content\/uploads\/2025\/04\/Bosna_Ekspres_1984-2.jpg 950w\" sizes=\"auto, 250px\"\/><\/a><\/div><div class=\"sgb-item\"><a href=\"https:\/\/vremeplov.ba\/2025\/pruga-normalnog-kolosijeka\/bosna_ekspres_1984-3\/\" target=\"_blank\"><img decoding=\"async\" alt=\"\" width=\"950\" height=\"731\" loading=\"lazy\" src=\"https:\/\/vremeplov.ba\/2025\/wp-content\/uploads\/2025\/04\/Bosna_Ekspres_1984-3.jpg\" srcset=\",https:\/\/vremeplov.ba\/2025\/wp-content\/uploads\/2025\/04\/Bosna_Ekspres_1984-3.jpg 950w\" sizes=\"auto, 250px\"\/><\/a><\/div><div class=\"sgb-item\"><a href=\"https:\/\/vremeplov.ba\/2025\/pruga-normalnog-kolosijeka\/bosna_ekspres_restoran\/\" target=\"_blank\"><img decoding=\"async\" alt=\"\" width=\"1304\" height=\"965\" loading=\"lazy\" src=\"https:\/\/vremeplov.ba\/2025\/wp-content\/uploads\/2025\/04\/Bosna_Ekspres_restoran.jpg\" srcset=\",https:\/\/vremeplov.ba\/2025\/wp-content\/uploads\/2025\/04\/Bosna_Ekspres_restoran.jpg 1304w\" sizes=\"auto, 250px\"\/><\/a><\/div><div class=\"sgb-item\"><a href=\"https:\/\/vremeplov.ba\/2025\/pruga-normalnog-kolosijeka\/bosna_ekspres_sarajevo\/\" target=\"_blank\"><img decoding=\"async\" alt=\"\" width=\"950\" height=\"690\" loading=\"lazy\" src=\"https:\/\/vremeplov.ba\/2025\/wp-content\/uploads\/2025\/04\/Bosna_Ekspres_Sarajevo.jpg\" srcset=\",https:\/\/vremeplov.ba\/2025\/wp-content\/uploads\/2025\/04\/Bosna_Ekspres_Sarajevo.jpg 950w\" sizes=\"auto, 250px\"\/><\/a><\/div><div class=\"sgb-item\"><a href=\"https:\/\/vremeplov.ba\/2025\/pruga-normalnog-kolosijeka\/bosna_ekspres_stjuardese\/\" target=\"_blank\"><img decoding=\"async\" alt=\"\" width=\"950\" height=\"664\" loading=\"lazy\" src=\"https:\/\/vremeplov.ba\/2025\/wp-content\/uploads\/2025\/04\/Bosna_ekspres_stjuardese.jpg\" srcset=\",https:\/\/vremeplov.ba\/2025\/wp-content\/uploads\/2025\/04\/Bosna_ekspres_stjuardese.jpg 950w\" sizes=\"auto, 250px\"\/><\/a><\/div><div class=\"sgb-item\"><a href=\"https:\/\/vremeplov.ba\/2025\/pruga-normalnog-kolosijeka\/bosna-ekspres-sarajevo-beograd\/\" target=\"_blank\"><img decoding=\"async\" alt=\"\" width=\"950\" height=\"686\" loading=\"lazy\" src=\"https:\/\/vremeplov.ba\/2025\/wp-content\/uploads\/2025\/04\/Bosna-Ekspres-Sarajevo-Beograd.jpg\" srcset=\",https:\/\/vremeplov.ba\/2025\/wp-content\/uploads\/2025\/04\/Bosna-Ekspres-Sarajevo-Beograd.jpg 950w\" sizes=\"auto, 250px\"\/><\/a><\/div><div class=\"sgb-item\"><a href=\"https:\/\/vremeplov.ba\/2025\/pruga-normalnog-kolosijeka\/bradina\/\" target=\"_blank\"><img decoding=\"async\" alt=\"\" width=\"950\" height=\"681\" loading=\"lazy\" src=\"https:\/\/vremeplov.ba\/2025\/wp-content\/uploads\/2025\/04\/Bradina.jpg\" srcset=\",https:\/\/vremeplov.ba\/2025\/wp-content\/uploads\/2025\/04\/Bradina.jpg 950w\" sizes=\"auto, 250px\"\/><\/a><\/div><div class=\"sgb-item\"><a href=\"https:\/\/vremeplov.ba\/2025\/pruga-normalnog-kolosijeka\/bradina_dizelka_661\/\" target=\"_blank\"><img decoding=\"async\" alt=\"\" width=\"950\" height=\"600\" loading=\"lazy\" src=\"https:\/\/vremeplov.ba\/2025\/wp-content\/uploads\/2025\/04\/Bradina_dizelka_661.jpg\" srcset=\",https:\/\/vremeplov.ba\/2025\/wp-content\/uploads\/2025\/04\/Bradina_dizelka_661.jpg 950w\" sizes=\"auto, 250px\"\/><\/a><\/div><div class=\"sgb-item\"><a href=\"https:\/\/vremeplov.ba\/2025\/pruga-normalnog-kolosijeka\/branko_1985\/\" target=\"_blank\"><img decoding=\"async\" alt=\"\" width=\"950\" height=\"594\" loading=\"lazy\" src=\"https:\/\/vremeplov.ba\/2025\/wp-content\/uploads\/2025\/04\/Branko_1985.jpg\" srcset=\",https:\/\/vremeplov.ba\/2025\/wp-content\/uploads\/2025\/04\/Branko_1985.jpg 950w\" sizes=\"auto, 250px\"\/><\/a><\/div><div class=\"sgb-item\"><a href=\"https:\/\/vremeplov.ba\/2025\/pruga-normalnog-kolosijeka\/brcko\/\" target=\"_blank\"><img decoding=\"async\" alt=\"\" width=\"950\" height=\"658\" loading=\"lazy\" src=\"https:\/\/vremeplov.ba\/2025\/wp-content\/uploads\/2025\/04\/Brcko.jpg\" srcset=\",https:\/\/vremeplov.ba\/2025\/wp-content\/uploads\/2025\/04\/Brcko.jpg 950w\" sizes=\"auto, 250px\"\/><\/a><\/div><div class=\"sgb-item\"><a href=\"https:\/\/vremeplov.ba\/2025\/pruga-normalnog-kolosijeka\/brcko_konaciste\/\" target=\"_blank\"><img decoding=\"async\" alt=\"\" width=\"950\" height=\"579\" loading=\"lazy\" src=\"https:\/\/vremeplov.ba\/2025\/wp-content\/uploads\/2025\/04\/Brcko_konaciste.jpg\" srcset=\",https:\/\/vremeplov.ba\/2025\/wp-content\/uploads\/2025\/04\/Brcko_konaciste.jpg 950w\" sizes=\"auto, 250px\"\/><\/a><\/div><div class=\"sgb-item\"><a href=\"https:\/\/vremeplov.ba\/2025\/pruga-normalnog-kolosijeka\/brcko_stanica_1975\/\" target=\"_blank\"><img decoding=\"async\" alt=\"\" width=\"950\" height=\"666\" loading=\"lazy\" src=\"https:\/\/vremeplov.ba\/2025\/wp-content\/uploads\/2025\/04\/Brcko_stanica_1975.jpg\" srcset=\",https:\/\/vremeplov.ba\/2025\/wp-content\/uploads\/2025\/04\/Brcko_stanica_1975.jpg 950w\" sizes=\"auto, 250px\"\/><\/a><\/div><div class=\"sgb-item\"><a href=\"https:\/\/vremeplov.ba\/2025\/pruga-normalnog-kolosijeka\/brcko-1\/\" target=\"_blank\"><img decoding=\"async\" alt=\"\" width=\"950\" height=\"654\" loading=\"lazy\" src=\"https:\/\/vremeplov.ba\/2025\/wp-content\/uploads\/2025\/04\/Brcko-1.jpg\" srcset=\",https:\/\/vremeplov.ba\/2025\/wp-content\/uploads\/2025\/04\/Brcko-1.jpg 950w\" sizes=\"auto, 250px\"\/><\/a><\/div><div class=\"sgb-item\"><a href=\"https:\/\/vremeplov.ba\/2025\/pruga-normalnog-kolosijeka\/brcko-2\/\" target=\"_blank\"><img decoding=\"async\" alt=\"\" width=\"950\" height=\"668\" loading=\"lazy\" src=\"https:\/\/vremeplov.ba\/2025\/wp-content\/uploads\/2025\/04\/Brcko-2.jpg\" srcset=\",https:\/\/vremeplov.ba\/2025\/wp-content\/uploads\/2025\/04\/Brcko-2.jpg 950w\" sizes=\"auto, 250px\"\/><\/a><\/div><div class=\"sgb-item\"><a href=\"https:\/\/vremeplov.ba\/2025\/pruga-normalnog-kolosijeka\/brcko-3\/\" target=\"_blank\"><img decoding=\"async\" alt=\"\" width=\"950\" height=\"662\" loading=\"lazy\" src=\"https:\/\/vremeplov.ba\/2025\/wp-content\/uploads\/2025\/04\/Brcko-3.jpg\" srcset=\",https:\/\/vremeplov.ba\/2025\/wp-content\/uploads\/2025\/04\/Brcko-3.jpg 950w\" sizes=\"auto, 250px\"\/><\/a><\/div><div class=\"sgb-item\"><a href=\"https:\/\/vremeplov.ba\/2025\/pruga-normalnog-kolosijeka\/brcko-rail\/\" target=\"_blank\"><img decoding=\"async\" alt=\"\" width=\"950\" height=\"648\" loading=\"lazy\" src=\"https:\/\/vremeplov.ba\/2025\/wp-content\/uploads\/2025\/04\/Brcko-rail.jpg\" srcset=\",https:\/\/vremeplov.ba\/2025\/wp-content\/uploads\/2025\/04\/Brcko-rail.jpg 950w\" sizes=\"auto, 250px\"\/><\/a><\/div><div class=\"sgb-item\"><a href=\"https:\/\/vremeplov.ba\/2025\/pruga-normalnog-kolosijeka\/brezicani\/\" target=\"_blank\"><img decoding=\"async\" alt=\"\" width=\"950\" height=\"557\" loading=\"lazy\" src=\"https:\/\/vremeplov.ba\/2025\/wp-content\/uploads\/2025\/04\/Brezicani.jpg\" srcset=\",https:\/\/vremeplov.ba\/2025\/wp-content\/uploads\/2025\/04\/Brezicani.jpg 950w\" sizes=\"auto, 250px\"\/><\/a><\/div><div class=\"sgb-item\"><a href=\"https:\/\/vremeplov.ba\/2025\/pruga-normalnog-kolosijeka\/bukovac\/\" target=\"_blank\"><img decoding=\"async\" alt=\"\" width=\"950\" height=\"642\" loading=\"lazy\" src=\"https:\/\/vremeplov.ba\/2025\/wp-content\/uploads\/2025\/04\/Bukovac.jpg\" srcset=\",https:\/\/vremeplov.ba\/2025\/wp-content\/uploads\/2025\/04\/Bukovac.jpg 950w\" sizes=\"auto, 250px\"\/><\/a><\/div><div class=\"sgb-item\"><a href=\"https:\/\/vremeplov.ba\/2025\/pruga-normalnog-kolosijeka\/bukvik\/\" target=\"_blank\"><img decoding=\"async\" alt=\"\" width=\"950\" height=\"644\" loading=\"lazy\" src=\"https:\/\/vremeplov.ba\/2025\/wp-content\/uploads\/2025\/04\/Bukvik.jpg\" srcset=\",https:\/\/vremeplov.ba\/2025\/wp-content\/uploads\/2025\/04\/Bukvik.jpg 950w\" sizes=\"auto, 250px\"\/><\/a><\/div><div class=\"sgb-item\"><a href=\"https:\/\/vremeplov.ba\/2025\/pruga-normalnog-kolosijeka\/capljina_izgradnja_normalnog_kolosijeka\/\" target=\"_blank\"><img decoding=\"async\" alt=\"\" width=\"950\" height=\"663\" loading=\"lazy\" src=\"https:\/\/vremeplov.ba\/2025\/wp-content\/uploads\/2025\/04\/Capljina_izgradnja_normalnog_kolosijeka.jpg\" srcset=\",https:\/\/vremeplov.ba\/2025\/wp-content\/uploads\/2025\/04\/Capljina_izgradnja_normalnog_kolosijeka.jpg 950w\" sizes=\"auto, 250px\"\/><\/a><\/div><div class=\"sgb-item\"><a href=\"https:\/\/vremeplov.ba\/2025\/pruga-normalnog-kolosijeka\/cazin_srbljani\/\" target=\"_blank\"><img decoding=\"async\" alt=\"\" width=\"950\" height=\"624\" loading=\"lazy\" src=\"https:\/\/vremeplov.ba\/2025\/wp-content\/uploads\/2025\/04\/Cazin_Srbljani.jpg\" srcset=\",https:\/\/vremeplov.ba\/2025\/wp-content\/uploads\/2025\/04\/Cazin_Srbljani.jpg 950w\" sizes=\"auto, 250px\"\/><\/a><\/div><div class=\"sgb-item\"><a href=\"https:\/\/vremeplov.ba\/2025\/pruga-normalnog-kolosijeka\/cazin_srbljani-1\/\" target=\"_blank\"><img decoding=\"async\" alt=\"\" width=\"950\" height=\"638\" loading=\"lazy\" src=\"https:\/\/vremeplov.ba\/2025\/wp-content\/uploads\/2025\/04\/Cazin_Srbljani-1.jpg\" srcset=\",https:\/\/vremeplov.ba\/2025\/wp-content\/uploads\/2025\/04\/Cazin_Srbljani-1.jpg 950w\" sizes=\"auto, 250px\"\/><\/a><\/div><div class=\"sgb-item\"><a href=\"https:\/\/vremeplov.ba\/2025\/pruga-normalnog-kolosijeka\/cekaonica_sarajevo\/\" target=\"_blank\"><img decoding=\"async\" alt=\"\" width=\"950\" height=\"762\" loading=\"lazy\" src=\"https:\/\/vremeplov.ba\/2025\/wp-content\/uploads\/2025\/04\/cekaonica_sarajevo.jpg\" srcset=\",https:\/\/vremeplov.ba\/2025\/wp-content\/uploads\/2025\/04\/cekaonica_sarajevo.jpg 950w\" sizes=\"auto, 250px\"\/><\/a><\/div><div class=\"sgb-item\"><a href=\"https:\/\/vremeplov.ba\/2025\/pruga-normalnog-kolosijeka\/celebici_most\/\" target=\"_blank\"><img decoding=\"async\" alt=\"\" width=\"950\" height=\"668\" loading=\"lazy\" src=\"https:\/\/vremeplov.ba\/2025\/wp-content\/uploads\/2025\/04\/Celebici_most.jpg\" srcset=\",https:\/\/vremeplov.ba\/2025\/wp-content\/uploads\/2025\/04\/Celebici_most.jpg 950w\" sizes=\"auto, 250px\"\/><\/a><\/div><div class=\"sgb-item\"><a href=\"https:\/\/vremeplov.ba\/2025\/pruga-normalnog-kolosijeka\/centralni-magacin\/\" target=\"_blank\"><img decoding=\"async\" alt=\"\" width=\"950\" height=\"720\" loading=\"lazy\" src=\"https:\/\/vremeplov.ba\/2025\/wp-content\/uploads\/2025\/04\/Centralni-magacin.jpg\" srcset=\",https:\/\/vremeplov.ba\/2025\/wp-content\/uploads\/2025\/04\/Centralni-magacin.jpg 950w\" sizes=\"auto, 250px\"\/><\/a><\/div><div class=\"sgb-item\"><a href=\"https:\/\/vremeplov.ba\/2025\/pruga-normalnog-kolosijeka\/cpu\/\" target=\"_blank\"><img decoding=\"async\" alt=\"\" width=\"950\" height=\"661\" loading=\"lazy\" src=\"https:\/\/vremeplov.ba\/2025\/wp-content\/uploads\/2025\/04\/CPU.jpg\" srcset=\",https:\/\/vremeplov.ba\/2025\/wp-content\/uploads\/2025\/04\/CPU.jpg 950w\" sizes=\"auto, 250px\"\/><\/a><\/div><div class=\"sgb-item\"><a href=\"https:\/\/vremeplov.ba\/2025\/pruga-normalnog-kolosijeka\/dan_zeljeznice_bosna\/\" target=\"_blank\"><img decoding=\"async\" alt=\"\" width=\"950\" height=\"656\" loading=\"lazy\" src=\"https:\/\/vremeplov.ba\/2025\/wp-content\/uploads\/2025\/04\/Dan_zeljeznice_Bosna.jpg\" srcset=\",https:\/\/vremeplov.ba\/2025\/wp-content\/uploads\/2025\/04\/Dan_zeljeznice_Bosna.jpg 950w\" sizes=\"auto, 250px\"\/><\/a><\/div><div class=\"sgb-item\"><a href=\"https:\/\/vremeplov.ba\/2025\/pruga-normalnog-kolosijeka\/depo-lozionica-bosanski-novi\/\" target=\"_blank\"><img decoding=\"async\" alt=\"\" width=\"950\" height=\"676\" loading=\"lazy\" src=\"https:\/\/vremeplov.ba\/2025\/wp-content\/uploads\/2025\/04\/Depo-Lozionica-Bosanski-Novi.jpg\" srcset=\",https:\/\/vremeplov.ba\/2025\/wp-content\/uploads\/2025\/04\/Depo-Lozionica-Bosanski-Novi.jpg 950w\" sizes=\"auto, 250px\"\/><\/a><\/div><div class=\"sgb-item\"><a href=\"https:\/\/vremeplov.ba\/2025\/pruga-normalnog-kolosijeka\/der-motor-zug-auf-der-jablanica-mostar\/\" target=\"_blank\"><img decoding=\"async\" alt=\"\" width=\"950\" height=\"611\" loading=\"lazy\" src=\"https:\/\/vremeplov.ba\/2025\/wp-content\/uploads\/2025\/04\/Der-Motor-Zug-auf-der-Jablanica-Mostar.jpg\" srcset=\",https:\/\/vremeplov.ba\/2025\/wp-content\/uploads\/2025\/04\/Der-Motor-Zug-auf-der-Jablanica-Mostar.jpg 950w\" sizes=\"auto, 250px\"\/><\/a><\/div><div class=\"sgb-item\"><a href=\"https:\/\/vremeplov.ba\/2025\/pruga-normalnog-kolosijeka\/direkcija_zto\/\" target=\"_blank\"><img decoding=\"async\" alt=\"\" width=\"924\" height=\"950\" loading=\"lazy\" src=\"https:\/\/vremeplov.ba\/2025\/wp-content\/uploads\/2025\/04\/Direkcija_ZTO.jpg\" srcset=\",https:\/\/vremeplov.ba\/2025\/wp-content\/uploads\/2025\/04\/Direkcija_ZTO.jpg 924w\" sizes=\"auto, 250px\"\/><\/a><\/div><div class=\"sgb-item\"><a href=\"https:\/\/vremeplov.ba\/2025\/pruga-normalnog-kolosijeka\/direkcija-sarajevo\/\" target=\"_blank\"><img decoding=\"async\" alt=\"\" width=\"950\" height=\"919\" loading=\"lazy\" src=\"https:\/\/vremeplov.ba\/2025\/wp-content\/uploads\/2025\/04\/Direkcija-Sarajevo.jpg\" srcset=\",https:\/\/vremeplov.ba\/2025\/wp-content\/uploads\/2025\/04\/Direkcija-Sarajevo.jpg 950w\" sizes=\"auto, 250px\"\/><\/a><\/div><div class=\"sgb-item\"><a href=\"https:\/\/vremeplov.ba\/2025\/pruga-normalnog-kolosijeka\/direkcija-ztp\/\" target=\"_blank\"><img decoding=\"async\" alt=\"\" width=\"950\" height=\"930\" loading=\"lazy\" src=\"https:\/\/vremeplov.ba\/2025\/wp-content\/uploads\/2025\/04\/Direkcija-ZTP.jpg\" srcset=\",https:\/\/vremeplov.ba\/2025\/wp-content\/uploads\/2025\/04\/Direkcija-ZTP.jpg 950w\" sizes=\"auto, 250px\"\/><\/a><\/div><div class=\"sgb-item\"><a href=\"https:\/\/vremeplov.ba\/2025\/pruga-normalnog-kolosijeka\/dizel_lok_nada\/\" target=\"_blank\"><img decoding=\"async\" alt=\"\" width=\"950\" height=\"792\" loading=\"lazy\" src=\"https:\/\/vremeplov.ba\/2025\/wp-content\/uploads\/2025\/04\/Dizel_Lok_Nada.jpg\" srcset=\",https:\/\/vremeplov.ba\/2025\/wp-content\/uploads\/2025\/04\/Dizel_Lok_Nada.jpg 950w\" sizes=\"auto, 250px\"\/><\/a><\/div><div class=\"sgb-item\"><a href=\"https:\/\/vremeplov.ba\/2025\/pruga-normalnog-kolosijeka\/djemal_bijedic\/\" target=\"_blank\"><img decoding=\"async\" alt=\"\" width=\"680\" height=\"950\" loading=\"lazy\" src=\"https:\/\/vremeplov.ba\/2025\/wp-content\/uploads\/2025\/04\/Djemal_Bijedic.jpg\" srcset=\",https:\/\/vremeplov.ba\/2025\/wp-content\/uploads\/2025\/04\/Djemal_Bijedic.jpg 680w\" sizes=\"auto, 250px\"\/><\/a><\/div><div class=\"sgb-item\"><a href=\"https:\/\/vremeplov.ba\/2025\/pruga-normalnog-kolosijeka\/dm_812_jz-1\/\" target=\"_blank\"><img decoding=\"async\" alt=\"\" width=\"950\" height=\"697\" loading=\"lazy\" src=\"https:\/\/vremeplov.ba\/2025\/wp-content\/uploads\/2025\/04\/DM_812_JZ-1.jpg\" srcset=\",https:\/\/vremeplov.ba\/2025\/wp-content\/uploads\/2025\/04\/DM_812_JZ-1.jpg 950w\" sizes=\"auto, 250px\"\/><\/a><\/div><div class=\"sgb-item\"><a href=\"https:\/\/vremeplov.ba\/2025\/pruga-normalnog-kolosijeka\/dm_812_jz-2\/\" target=\"_blank\"><img decoding=\"async\" alt=\"\" width=\"950\" height=\"723\" loading=\"lazy\" src=\"https:\/\/vremeplov.ba\/2025\/wp-content\/uploads\/2025\/04\/DM_812_JZ-2.jpg\" srcset=\",https:\/\/vremeplov.ba\/2025\/wp-content\/uploads\/2025\/04\/DM_812_JZ-2.jpg 950w\" sizes=\"auto, 250px\"\/><\/a><\/div><div class=\"sgb-item\"><a href=\"https:\/\/vremeplov.ba\/2025\/pruga-normalnog-kolosijeka\/dmu_812_gosa\/\" target=\"_blank\"><img decoding=\"async\" alt=\"\" width=\"950\" height=\"402\" loading=\"lazy\" src=\"https:\/\/vremeplov.ba\/2025\/wp-content\/uploads\/2025\/04\/DMU_812_Gosa.jpg\" srcset=\",https:\/\/vremeplov.ba\/2025\/wp-content\/uploads\/2025\/04\/DMU_812_Gosa.jpg 950w\" sizes=\"auto, 250px\"\/><\/a><\/div><div class=\"sgb-item\"><a href=\"https:\/\/vremeplov.ba\/2025\/pruga-normalnog-kolosijeka\/dmu_812_slika\/\" target=\"_blank\"><img decoding=\"async\" alt=\"\" width=\"950\" height=\"841\" loading=\"lazy\" src=\"https:\/\/vremeplov.ba\/2025\/wp-content\/uploads\/2025\/04\/DMU_812_slika.jpg\" srcset=\",https:\/\/vremeplov.ba\/2025\/wp-content\/uploads\/2025\/04\/DMU_812_slika.jpg 950w\" sizes=\"auto, 250px\"\/><\/a><\/div><div class=\"sgb-item\"><a href=\"https:\/\/vremeplov.ba\/2025\/pruga-normalnog-kolosijeka\/dmu_812_voznja\/\" target=\"_blank\"><img decoding=\"async\" alt=\"\" width=\"950\" height=\"600\" loading=\"lazy\" src=\"https:\/\/vremeplov.ba\/2025\/wp-content\/uploads\/2025\/04\/DMU_812_voznja.jpg\" srcset=\",https:\/\/vremeplov.ba\/2025\/wp-content\/uploads\/2025\/04\/DMU_812_voznja.jpg 950w\" sizes=\"auto, 250px\"\/><\/a><\/div><div class=\"sgb-item\"><a href=\"https:\/\/vremeplov.ba\/2025\/pruga-normalnog-kolosijeka\/doboj_dmu_812\/\" target=\"_blank\"><img decoding=\"async\" alt=\"\" width=\"950\" height=\"702\" loading=\"lazy\" src=\"https:\/\/vremeplov.ba\/2025\/wp-content\/uploads\/2025\/04\/Doboj_dmu_812.jpg\" srcset=\",https:\/\/vremeplov.ba\/2025\/wp-content\/uploads\/2025\/04\/Doboj_dmu_812.jpg 950w\" sizes=\"auto, 250px\"\/><\/a><\/div><div class=\"sgb-item\"><a href=\"https:\/\/vremeplov.ba\/2025\/pruga-normalnog-kolosijeka\/doboj_lozionica_remont-1\/\" target=\"_blank\"><img decoding=\"async\" alt=\"\" width=\"950\" height=\"731\" loading=\"lazy\" src=\"https:\/\/vremeplov.ba\/2025\/wp-content\/uploads\/2025\/04\/Doboj_Lozionica_remont-1.jpg\" srcset=\",https:\/\/vremeplov.ba\/2025\/wp-content\/uploads\/2025\/04\/Doboj_Lozionica_remont-1.jpg 950w\" sizes=\"auto, 250px\"\/><\/a><\/div><div class=\"sgb-item\"><a href=\"https:\/\/vremeplov.ba\/2025\/pruga-normalnog-kolosijeka\/doboj_lozionica_remont-2\/\" target=\"_blank\"><img decoding=\"async\" alt=\"\" width=\"950\" height=\"611\" loading=\"lazy\" src=\"https:\/\/vremeplov.ba\/2025\/wp-content\/uploads\/2025\/04\/Doboj_Lozionica_remont-2.jpg\" srcset=\",https:\/\/vremeplov.ba\/2025\/wp-content\/uploads\/2025\/04\/Doboj_Lozionica_remont-2.jpg 950w\" sizes=\"auto, 250px\"\/><\/a><\/div><div class=\"sgb-item\"><a href=\"https:\/\/vremeplov.ba\/2025\/pruga-normalnog-kolosijeka\/doboj_lozionica_remont-3\/\" target=\"_blank\"><img decoding=\"async\" alt=\"\" width=\"950\" height=\"702\" loading=\"lazy\" src=\"https:\/\/vremeplov.ba\/2025\/wp-content\/uploads\/2025\/04\/Doboj_Lozionica_remont-3.jpg\" srcset=\",https:\/\/vremeplov.ba\/2025\/wp-content\/uploads\/2025\/04\/Doboj_Lozionica_remont-3.jpg 950w\" sizes=\"auto, 250px\"\/><\/a><\/div><div class=\"sgb-item\"><a href=\"https:\/\/vremeplov.ba\/2025\/pruga-normalnog-kolosijeka\/doboj_novi_n\/\" target=\"_blank\"><img decoding=\"async\" alt=\"\" width=\"950\" height=\"677\" loading=\"lazy\" src=\"https:\/\/vremeplov.ba\/2025\/wp-content\/uploads\/2025\/04\/Doboj_Novi_n.jpg\" srcset=\",https:\/\/vremeplov.ba\/2025\/wp-content\/uploads\/2025\/04\/Doboj_Novi_n.jpg 950w\" sizes=\"auto, 250px\"\/><\/a><\/div><div class=\"sgb-item\"><a href=\"https:\/\/vremeplov.ba\/2025\/pruga-normalnog-kolosijeka\/doboj_radnicke_igre\/\" target=\"_blank\"><img decoding=\"async\" alt=\"\" width=\"950\" height=\"588\" loading=\"lazy\" src=\"https:\/\/vremeplov.ba\/2025\/wp-content\/uploads\/2025\/04\/Doboj_radnicke_igre.jpg\" srcset=\",https:\/\/vremeplov.ba\/2025\/wp-content\/uploads\/2025\/04\/Doboj_radnicke_igre.jpg 950w\" sizes=\"auto, 250px\"\/><\/a><\/div><div class=\"sgb-item\"><a href=\"https:\/\/vremeplov.ba\/2025\/pruga-normalnog-kolosijeka\/doboj_ranzirna_stanica\/\" target=\"_blank\"><img decoding=\"async\" alt=\"\" width=\"950\" height=\"712\" loading=\"lazy\" src=\"https:\/\/vremeplov.ba\/2025\/wp-content\/uploads\/2025\/04\/Doboj_ranzirna_stanica.jpg\" srcset=\",https:\/\/vremeplov.ba\/2025\/wp-content\/uploads\/2025\/04\/Doboj_ranzirna_stanica.jpg 950w\" sizes=\"auto, 250px\"\/><\/a><\/div><div class=\"sgb-item\"><a href=\"https:\/\/vremeplov.ba\/2025\/pruga-normalnog-kolosijeka\/doboj_spreca\/\" target=\"_blank\"><img decoding=\"async\" alt=\"\" width=\"950\" height=\"516\" loading=\"lazy\" src=\"https:\/\/vremeplov.ba\/2025\/wp-content\/uploads\/2025\/04\/Doboj_Spreca.jpg\" srcset=\",https:\/\/vremeplov.ba\/2025\/wp-content\/uploads\/2025\/04\/Doboj_Spreca.jpg 950w\" sizes=\"auto, 250px\"\/><\/a><\/div><div class=\"sgb-item\"><a href=\"https:\/\/vremeplov.ba\/2025\/pruga-normalnog-kolosijeka\/doboj_stanica_otvorenje\/\" target=\"_blank\"><img decoding=\"async\" alt=\"\" width=\"950\" height=\"671\" loading=\"lazy\" src=\"https:\/\/vremeplov.ba\/2025\/wp-content\/uploads\/2025\/04\/Doboj_stanica_otvorenje.jpg\" srcset=\",https:\/\/vremeplov.ba\/2025\/wp-content\/uploads\/2025\/04\/Doboj_stanica_otvorenje.jpg 950w\" sizes=\"auto, 250px\"\/><\/a><\/div><div class=\"sgb-item\"><a href=\"https:\/\/vremeplov.ba\/2025\/pruga-normalnog-kolosijeka\/doboj-1967\/\" target=\"_blank\"><img decoding=\"async\" alt=\"\" width=\"950\" height=\"676\" loading=\"lazy\" src=\"https:\/\/vremeplov.ba\/2025\/wp-content\/uploads\/2025\/04\/Doboj-1967.jpg\" srcset=\",https:\/\/vremeplov.ba\/2025\/wp-content\/uploads\/2025\/04\/Doboj-1967.jpg 950w\" sizes=\"auto, 250px\"\/><\/a><\/div><div class=\"sgb-item\"><a href=\"https:\/\/vremeplov.ba\/2025\/pruga-normalnog-kolosijeka\/doboj-1970\/\" target=\"_blank\"><img decoding=\"async\" alt=\"\" width=\"950\" height=\"622\" loading=\"lazy\" src=\"https:\/\/vremeplov.ba\/2025\/wp-content\/uploads\/2025\/04\/Doboj-1970.jpg\" srcset=\",https:\/\/vremeplov.ba\/2025\/wp-content\/uploads\/2025\/04\/Doboj-1970.jpg 950w\" sizes=\"auto, 250px\"\/><\/a><\/div><div class=\"sgb-item\"><a href=\"https:\/\/vremeplov.ba\/2025\/pruga-normalnog-kolosijeka\/doboj-drugi-kolosijek\/\" target=\"_blank\"><img decoding=\"async\" alt=\"\" width=\"950\" height=\"667\" loading=\"lazy\" src=\"https:\/\/vremeplov.ba\/2025\/wp-content\/uploads\/2025\/04\/Doboj-drugi-kolosijek.jpg\" srcset=\",https:\/\/vremeplov.ba\/2025\/wp-content\/uploads\/2025\/04\/Doboj-drugi-kolosijek.jpg 950w\" sizes=\"auto, 250px\"\/><\/a><\/div><div class=\"sgb-item\"><a href=\"https:\/\/vremeplov.ba\/2025\/pruga-normalnog-kolosijeka\/doboj-ranzirna-stanica\/\" target=\"_blank\"><img decoding=\"async\" alt=\"\" width=\"950\" height=\"722\" loading=\"lazy\" src=\"https:\/\/vremeplov.ba\/2025\/wp-content\/uploads\/2025\/04\/Doboj-ranzirna-stanica.jpg\" srcset=\",https:\/\/vremeplov.ba\/2025\/wp-content\/uploads\/2025\/04\/Doboj-ranzirna-stanica.jpg 950w\" sizes=\"auto, 250px\"\/><\/a><\/div><div class=\"sgb-item\"><a href=\"https:\/\/vremeplov.ba\/2025\/pruga-normalnog-kolosijeka\/doboj-ranzirna-stanica-1\/\" target=\"_blank\"><img decoding=\"async\" alt=\"\" width=\"717\" height=\"950\" loading=\"lazy\" src=\"https:\/\/vremeplov.ba\/2025\/wp-content\/uploads\/2025\/04\/Doboj-ranzirna-stanica-1.jpg\" srcset=\",https:\/\/vremeplov.ba\/2025\/wp-content\/uploads\/2025\/04\/Doboj-ranzirna-stanica-1.jpg 717w\" sizes=\"auto, 250px\"\/><\/a><\/div><div class=\"sgb-item\"><a href=\"https:\/\/vremeplov.ba\/2025\/pruga-normalnog-kolosijeka\/doboj-stanica\/\" target=\"_blank\"><img decoding=\"async\" alt=\"\" width=\"950\" height=\"915\" loading=\"lazy\" src=\"https:\/\/vremeplov.ba\/2025\/wp-content\/uploads\/2025\/04\/Doboj-stanica.jpg\" srcset=\",https:\/\/vremeplov.ba\/2025\/wp-content\/uploads\/2025\/04\/Doboj-stanica.jpg 950w\" sizes=\"auto, 250px\"\/><\/a><\/div><div class=\"sgb-item\"><a href=\"https:\/\/vremeplov.ba\/2025\/pruga-normalnog-kolosijeka\/doboj-strug\/\" target=\"_blank\"><img decoding=\"async\" alt=\"\" width=\"950\" height=\"673\" loading=\"lazy\" src=\"https:\/\/vremeplov.ba\/2025\/wp-content\/uploads\/2025\/04\/Doboj-strug.jpg\" srcset=\",https:\/\/vremeplov.ba\/2025\/wp-content\/uploads\/2025\/04\/Doboj-strug.jpg 950w\" sizes=\"auto, 250px\"\/><\/a><\/div><div class=\"sgb-item\"><a href=\"https:\/\/vremeplov.ba\/2025\/pruga-normalnog-kolosijeka\/dogovor\/\" target=\"_blank\"><img decoding=\"async\" alt=\"\" width=\"947\" height=\"950\" loading=\"lazy\" src=\"https:\/\/vremeplov.ba\/2025\/wp-content\/uploads\/2025\/04\/Dogovor.jpg\" srcset=\",https:\/\/vremeplov.ba\/2025\/wp-content\/uploads\/2025\/04\/Dogovor.jpg 947w\" sizes=\"auto, 250px\"\/><\/a><\/div><div class=\"sgb-item\"><a href=\"https:\/\/vremeplov.ba\/2025\/pruga-normalnog-kolosijeka\/drezina\/\" target=\"_blank\"><img decoding=\"async\" alt=\"\" width=\"950\" height=\"604\" loading=\"lazy\" src=\"https:\/\/vremeplov.ba\/2025\/wp-content\/uploads\/2025\/04\/Drezina.jpg\" srcset=\",https:\/\/vremeplov.ba\/2025\/wp-content\/uploads\/2025\/04\/Drezina.jpg 950w\" sizes=\"auto, 250px\"\/><\/a><\/div><div class=\"sgb-item\"><a href=\"https:\/\/vremeplov.ba\/2025\/pruga-normalnog-kolosijeka\/duboki_potok_st\/\" target=\"_blank\"><img decoding=\"async\" alt=\"\" width=\"950\" height=\"553\" loading=\"lazy\" src=\"https:\/\/vremeplov.ba\/2025\/wp-content\/uploads\/2025\/04\/Duboki_potok_st.jpg\" srcset=\",https:\/\/vremeplov.ba\/2025\/wp-content\/uploads\/2025\/04\/Duboki_potok_st.jpg 950w\" sizes=\"auto, 250px\"\/><\/a><\/div><div class=\"sgb-item\"><a href=\"https:\/\/vremeplov.ba\/2025\/pruga-normalnog-kolosijeka\/duboki-potok\/\" target=\"_blank\"><img decoding=\"async\" alt=\"\" width=\"950\" height=\"664\" loading=\"lazy\" src=\"https:\/\/vremeplov.ba\/2025\/wp-content\/uploads\/2025\/04\/Duboki-Potok.jpg\" srcset=\",https:\/\/vremeplov.ba\/2025\/wp-content\/uploads\/2025\/04\/Duboki-Potok.jpg 950w\" sizes=\"auto, 250px\"\/><\/a><\/div><div class=\"sgb-item\"><a href=\"https:\/\/vremeplov.ba\/2025\/pruga-normalnog-kolosijeka\/elek_sarajevo_vrpolje_doboj-4\/\" target=\"_blank\"><img decoding=\"async\" alt=\"\" width=\"950\" height=\"692\" loading=\"lazy\" src=\"https:\/\/vremeplov.ba\/2025\/wp-content\/uploads\/2025\/04\/elek_Sarajevo_Vrpolje_Doboj-4.jpg\" srcset=\",https:\/\/vremeplov.ba\/2025\/wp-content\/uploads\/2025\/04\/elek_Sarajevo_Vrpolje_Doboj-4.jpg 950w\" sizes=\"auto, 250px\"\/><\/a><\/div><div class=\"sgb-item\"><a href=\"https:\/\/vremeplov.ba\/2025\/pruga-normalnog-kolosijeka\/elek_sarajevo_vrpolje_doboj-5\/\" target=\"_blank\"><img decoding=\"async\" alt=\"\" width=\"950\" height=\"638\" loading=\"lazy\" src=\"https:\/\/vremeplov.ba\/2025\/wp-content\/uploads\/2025\/04\/elek_Sarajevo_Vrpolje_Doboj-5.jpg\" srcset=\",https:\/\/vremeplov.ba\/2025\/wp-content\/uploads\/2025\/04\/elek_Sarajevo_Vrpolje_Doboj-5.jpg 950w\" sizes=\"auto, 250px\"\/><\/a><\/div><div class=\"sgb-item\"><a href=\"https:\/\/vremeplov.ba\/2025\/pruga-normalnog-kolosijeka\/elek_sarajevo_vrpolje_doboj-6\/\" target=\"_blank\"><img decoding=\"async\" alt=\"\" width=\"950\" height=\"707\" loading=\"lazy\" src=\"https:\/\/vremeplov.ba\/2025\/wp-content\/uploads\/2025\/04\/elek_Sarajevo_Vrpolje_Doboj-6.jpg\" srcset=\",https:\/\/vremeplov.ba\/2025\/wp-content\/uploads\/2025\/04\/elek_Sarajevo_Vrpolje_Doboj-6.jpg 950w\" sizes=\"auto, 250px\"\/><\/a><\/div><div class=\"sgb-item\"><a href=\"https:\/\/vremeplov.ba\/2025\/pruga-normalnog-kolosijeka\/elek_sarajevo_vrpolje-1\/\" target=\"_blank\"><img decoding=\"async\" alt=\"\" width=\"950\" height=\"722\" loading=\"lazy\" src=\"https:\/\/vremeplov.ba\/2025\/wp-content\/uploads\/2025\/04\/elek_Sarajevo_Vrpolje-1.jpg\" srcset=\",https:\/\/vremeplov.ba\/2025\/wp-content\/uploads\/2025\/04\/elek_Sarajevo_Vrpolje-1.jpg 950w\" sizes=\"auto, 250px\"\/><\/a><\/div><div class=\"sgb-item\"><a href=\"https:\/\/vremeplov.ba\/2025\/pruga-normalnog-kolosijeka\/elek_sarajevo_vrpolje-2\/\" target=\"_blank\"><img decoding=\"async\" alt=\"\" width=\"716\" height=\"950\" loading=\"lazy\" src=\"https:\/\/vremeplov.ba\/2025\/wp-content\/uploads\/2025\/04\/elek_Sarajevo_Vrpolje-2.jpg\" srcset=\",https:\/\/vremeplov.ba\/2025\/wp-content\/uploads\/2025\/04\/elek_Sarajevo_Vrpolje-2.jpg 716w\" sizes=\"auto, 250px\"\/><\/a><\/div><div class=\"sgb-item\"><a href=\"https:\/\/vremeplov.ba\/2025\/pruga-normalnog-kolosijeka\/elek_sarajevo_vrpolje-3\/\" target=\"_blank\"><img decoding=\"async\" alt=\"\" width=\"950\" height=\"699\" loading=\"lazy\" src=\"https:\/\/vremeplov.ba\/2025\/wp-content\/uploads\/2025\/04\/elek_Sarajevo_Vrpolje-3.jpg\" srcset=\",https:\/\/vremeplov.ba\/2025\/wp-content\/uploads\/2025\/04\/elek_Sarajevo_Vrpolje-3.jpg 950w\" sizes=\"auto, 250px\"\/><\/a><\/div><div class=\"sgb-item\"><a href=\"https:\/\/vremeplov.ba\/2025\/pruga-normalnog-kolosijeka\/elektrifikacija_unska_pruga\/\" target=\"_blank\"><img decoding=\"async\" alt=\"\" width=\"950\" height=\"610\" loading=\"lazy\" src=\"https:\/\/vremeplov.ba\/2025\/wp-content\/uploads\/2025\/04\/Elektrifikacija_Unska_pruga.jpg\" srcset=\",https:\/\/vremeplov.ba\/2025\/wp-content\/uploads\/2025\/04\/Elektrifikacija_Unska_pruga.jpg 950w\" sizes=\"auto, 250px\"\/><\/a><\/div><div class=\"sgb-item\"><a href=\"https:\/\/vremeplov.ba\/2025\/pruga-normalnog-kolosijeka\/elektro-motorni-voz-olimpik\/\" target=\"_blank\"><img decoding=\"async\" alt=\"\" width=\"950\" height=\"708\" loading=\"lazy\" src=\"https:\/\/vremeplov.ba\/2025\/wp-content\/uploads\/2025\/04\/Elektro-motorni-voz-Olimpik.jpg\" srcset=\",https:\/\/vremeplov.ba\/2025\/wp-content\/uploads\/2025\/04\/Elektro-motorni-voz-Olimpik.jpg 950w\" sizes=\"auto, 250px\"\/><\/a><\/div><div class=\"sgb-item\"><a href=\"https:\/\/vremeplov.ba\/2025\/pruga-normalnog-kolosijeka\/emg_411_olimpik_enterijer-1\/\" target=\"_blank\"><img decoding=\"async\" alt=\"\" width=\"1475\" height=\"2064\" loading=\"lazy\" src=\"https:\/\/vremeplov.ba\/2025\/wp-content\/uploads\/2025\/04\/emg_411_olimpik_enterijer-1.jpg\" srcset=\",https:\/\/vremeplov.ba\/2025\/wp-content\/uploads\/2025\/04\/emg_411_olimpik_enterijer-1.jpg 1475w\" sizes=\"auto, 250px\"\/><\/a><\/div><div class=\"sgb-item\"><a href=\"https:\/\/vremeplov.ba\/2025\/pruga-normalnog-kolosijeka\/emg_411_olimpik_enterijer-2\/\" target=\"_blank\"><img decoding=\"async\" alt=\"\" width=\"950\" height=\"678\" loading=\"lazy\" src=\"https:\/\/vremeplov.ba\/2025\/wp-content\/uploads\/2025\/04\/emg_411_olimpik_enterijer-2.jpg\" srcset=\",https:\/\/vremeplov.ba\/2025\/wp-content\/uploads\/2025\/04\/emg_411_olimpik_enterijer-2.jpg 950w\" sizes=\"auto, 250px\"\/><\/a><\/div><div class=\"sgb-item\"><a href=\"https:\/\/vremeplov.ba\/2025\/pruga-normalnog-kolosijeka\/emg_411_olimpik_enterijer-3\/\" target=\"_blank\"><img decoding=\"async\" alt=\"\" width=\"950\" height=\"679\" loading=\"lazy\" src=\"https:\/\/vremeplov.ba\/2025\/wp-content\/uploads\/2025\/04\/emg_411_olimpik_enterijer-3.jpg\" srcset=\",https:\/\/vremeplov.ba\/2025\/wp-content\/uploads\/2025\/04\/emg_411_olimpik_enterijer-3.jpg 950w\" sizes=\"auto, 250px\"\/><\/a><\/div><div class=\"sgb-item\"><a href=\"https:\/\/vremeplov.ba\/2025\/pruga-normalnog-kolosijeka\/emg_411_olimpik_enterijer-4\/\" target=\"_blank\"><img decoding=\"async\" alt=\"\" width=\"950\" height=\"678\" loading=\"lazy\" src=\"https:\/\/vremeplov.ba\/2025\/wp-content\/uploads\/2025\/04\/emg_411_olimpik_enterijer-4.jpg\" srcset=\",https:\/\/vremeplov.ba\/2025\/wp-content\/uploads\/2025\/04\/emg_411_olimpik_enterijer-4.jpg 950w\" sizes=\"auto, 250px\"\/><\/a><\/div><div class=\"sgb-item\"><a href=\"https:\/\/vremeplov.ba\/2025\/pruga-normalnog-kolosijeka\/emg_411_olimpik_enterijer-5\/\" target=\"_blank\"><img decoding=\"async\" alt=\"\" width=\"679\" height=\"950\" loading=\"lazy\" src=\"https:\/\/vremeplov.ba\/2025\/wp-content\/uploads\/2025\/04\/emg_411_olimpik_enterijer-5.jpg\" srcset=\",https:\/\/vremeplov.ba\/2025\/wp-content\/uploads\/2025\/04\/emg_411_olimpik_enterijer-5.jpg 679w\" sizes=\"auto, 250px\"\/><\/a><\/div><div class=\"sgb-item\"><a href=\"https:\/\/vremeplov.ba\/2025\/pruga-normalnog-kolosijeka\/emg_411_proba_olimpik_voz\/\" target=\"_blank\"><img decoding=\"async\" alt=\"\" width=\"950\" height=\"747\" loading=\"lazy\" src=\"https:\/\/vremeplov.ba\/2025\/wp-content\/uploads\/2025\/04\/emg_411_proba_olimpik_voz.jpg\" srcset=\",https:\/\/vremeplov.ba\/2025\/wp-content\/uploads\/2025\/04\/emg_411_proba_olimpik_voz.jpg 950w\" sizes=\"auto, 250px\"\/><\/a><\/div><div class=\"sgb-item\"><a href=\"https:\/\/vremeplov.ba\/2025\/pruga-normalnog-kolosijeka\/emg_nenad\/\" target=\"_blank\"><img decoding=\"async\" alt=\"\" width=\"669\" height=\"950\" loading=\"lazy\" src=\"https:\/\/vremeplov.ba\/2025\/wp-content\/uploads\/2025\/04\/EMG_Nenad.jpg\" srcset=\",https:\/\/vremeplov.ba\/2025\/wp-content\/uploads\/2025\/04\/EMG_Nenad.jpg 669w\" sizes=\"auto, 250px\"\/><\/a><\/div><div class=\"sgb-item\"><a href=\"https:\/\/vremeplov.ba\/2025\/pruga-normalnog-kolosijeka\/emv\/\" target=\"_blank\"><img decoding=\"async\" alt=\"\" width=\"672\" height=\"950\" loading=\"lazy\" src=\"https:\/\/vremeplov.ba\/2025\/wp-content\/uploads\/2025\/04\/EMV.jpg\" srcset=\",https:\/\/vremeplov.ba\/2025\/wp-content\/uploads\/2025\/04\/EMV.jpg 672w\" sizes=\"auto, 250px\"\/><\/a><\/div><div class=\"sgb-item\"><a href=\"https:\/\/vremeplov.ba\/2025\/pruga-normalnog-kolosijeka\/emv_441_415\/\" target=\"_blank\"><img decoding=\"async\" alt=\"\" width=\"950\" height=\"660\" loading=\"lazy\" src=\"https:\/\/vremeplov.ba\/2025\/wp-content\/uploads\/2025\/04\/emv_441_415.jpg\" srcset=\",https:\/\/vremeplov.ba\/2025\/wp-content\/uploads\/2025\/04\/emv_441_415.jpg 950w\" sizes=\"auto, 250px\"\/><\/a><\/div><div class=\"sgb-item\"><a href=\"https:\/\/vremeplov.ba\/2025\/pruga-normalnog-kolosijeka\/emv_1978\/\" target=\"_blank\"><img decoding=\"async\" alt=\"\" width=\"950\" height=\"653\" loading=\"lazy\" src=\"https:\/\/vremeplov.ba\/2025\/wp-content\/uploads\/2025\/04\/emv_1978.jpg\" srcset=\",https:\/\/vremeplov.ba\/2025\/wp-content\/uploads\/2025\/04\/emv_1978.jpg 950w\" sizes=\"auto, 250px\"\/><\/a><\/div><div class=\"sgb-item\"><a href=\"https:\/\/vremeplov.ba\/2025\/pruga-normalnog-kolosijeka\/emv_enterijer\/\" target=\"_blank\"><img decoding=\"async\" alt=\"\" width=\"950\" height=\"666\" loading=\"lazy\" src=\"https:\/\/vremeplov.ba\/2025\/wp-content\/uploads\/2025\/04\/emv_enterijer.jpg\" srcset=\",https:\/\/vremeplov.ba\/2025\/wp-content\/uploads\/2025\/04\/emv_enterijer.jpg 950w\" sizes=\"auto, 250px\"\/><\/a><\/div><div class=\"sgb-item\"><a href=\"https:\/\/vremeplov.ba\/2025\/pruga-normalnog-kolosijeka\/emv_rajlovac\/\" target=\"_blank\"><img decoding=\"async\" alt=\"\" width=\"950\" height=\"662\" loading=\"lazy\" src=\"https:\/\/vremeplov.ba\/2025\/wp-content\/uploads\/2025\/04\/EMV_Rajlovac.jpg\" srcset=\",https:\/\/vremeplov.ba\/2025\/wp-content\/uploads\/2025\/04\/EMV_Rajlovac.jpg 950w\" sizes=\"auto, 250px\"\/><\/a><\/div><div class=\"sgb-item\"><a href=\"https:\/\/vremeplov.ba\/2025\/pruga-normalnog-kolosijeka\/emv-411\/\" target=\"_blank\"><img decoding=\"async\" alt=\"\" width=\"950\" height=\"647\" loading=\"lazy\" src=\"https:\/\/vremeplov.ba\/2025\/wp-content\/uploads\/2025\/04\/EMV-411.jpg\" srcset=\",https:\/\/vremeplov.ba\/2025\/wp-content\/uploads\/2025\/04\/EMV-411.jpg 950w\" sizes=\"auto, 250px\"\/><\/a><\/div><div class=\"sgb-item\"><a href=\"https:\/\/vremeplov.ba\/2025\/pruga-normalnog-kolosijeka\/emv-441-kardeljevo\/\" target=\"_blank\"><img decoding=\"async\" alt=\"\" width=\"950\" height=\"588\" loading=\"lazy\" src=\"https:\/\/vremeplov.ba\/2025\/wp-content\/uploads\/2025\/04\/EMV-441-Kardeljevo.jpg\" srcset=\",https:\/\/vremeplov.ba\/2025\/wp-content\/uploads\/2025\/04\/EMV-441-Kardeljevo.jpg 950w\" sizes=\"auto, 250px\"\/><\/a><\/div><div class=\"sgb-item\"><a href=\"https:\/\/vremeplov.ba\/2025\/pruga-normalnog-kolosijeka\/foto-1-bos_suvo_polje\/\" target=\"_blank\"><img decoding=\"async\" alt=\"\" width=\"950\" height=\"693\" loading=\"lazy\" src=\"https:\/\/vremeplov.ba\/2025\/wp-content\/uploads\/2025\/04\/Foto-1-Bos_Suvo_Polje.jpg\" srcset=\",https:\/\/vremeplov.ba\/2025\/wp-content\/uploads\/2025\/04\/Foto-1-Bos_Suvo_Polje.jpg 950w\" sizes=\"auto, 250px\"\/><\/a><\/div><div class=\"sgb-item\"><a href=\"https:\/\/vremeplov.ba\/2025\/pruga-normalnog-kolosijeka\/foto-2-bos_poljana\/\" target=\"_blank\"><img decoding=\"async\" alt=\"\" width=\"702\" height=\"950\" loading=\"lazy\" src=\"https:\/\/vremeplov.ba\/2025\/wp-content\/uploads\/2025\/04\/Foto-2-Bos_Poljana.jpg\" srcset=\",https:\/\/vremeplov.ba\/2025\/wp-content\/uploads\/2025\/04\/Foto-2-Bos_Poljana.jpg 702w\" sizes=\"auto, 250px\"\/><\/a><\/div><div class=\"sgb-item\"><a href=\"https:\/\/vremeplov.ba\/2025\/pruga-normalnog-kolosijeka\/foto-3-bos_poljana\/\" target=\"_blank\"><img decoding=\"async\" alt=\"\" width=\"892\" height=\"950\" loading=\"lazy\" src=\"https:\/\/vremeplov.ba\/2025\/wp-content\/uploads\/2025\/04\/Foto-3-Bos_Poljana.jpg\" srcset=\",https:\/\/vremeplov.ba\/2025\/wp-content\/uploads\/2025\/04\/Foto-3-Bos_Poljana.jpg 892w\" sizes=\"auto, 250px\"\/><\/a><\/div><div class=\"sgb-item\"><a href=\"https:\/\/vremeplov.ba\/2025\/pruga-normalnog-kolosijeka\/foto-4-tuzla\/\" target=\"_blank\"><img decoding=\"async\" alt=\"\" width=\"950\" height=\"644\" loading=\"lazy\" src=\"https:\/\/vremeplov.ba\/2025\/wp-content\/uploads\/2025\/04\/Foto-4-Tuzla.jpg\" srcset=\",https:\/\/vremeplov.ba\/2025\/wp-content\/uploads\/2025\/04\/Foto-4-Tuzla.jpg 950w\" sizes=\"auto, 250px\"\/><\/a><\/div><div class=\"sgb-item\"><a href=\"https:\/\/vremeplov.ba\/2025\/pruga-normalnog-kolosijeka\/foto-5-lukavac\/\" target=\"_blank\"><img decoding=\"async\" alt=\"\" width=\"950\" height=\"623\" loading=\"lazy\" src=\"https:\/\/vremeplov.ba\/2025\/wp-content\/uploads\/2025\/04\/Foto-5-Lukavac.jpg\" srcset=\",https:\/\/vremeplov.ba\/2025\/wp-content\/uploads\/2025\/04\/Foto-5-Lukavac.jpg 950w\" sizes=\"auto, 250px\"\/><\/a><\/div><div class=\"sgb-item\"><a href=\"https:\/\/vremeplov.ba\/2025\/pruga-normalnog-kolosijeka\/foto-6-doboj\/\" target=\"_blank\"><img decoding=\"async\" alt=\"\" width=\"950\" height=\"621\" loading=\"lazy\" src=\"https:\/\/vremeplov.ba\/2025\/wp-content\/uploads\/2025\/04\/Foto-6-Doboj.jpg\" srcset=\",https:\/\/vremeplov.ba\/2025\/wp-content\/uploads\/2025\/04\/Foto-6-Doboj.jpg 950w\" sizes=\"auto, 250px\"\/><\/a><\/div><div class=\"sgb-item\"><a href=\"https:\/\/vremeplov.ba\/2025\/pruga-normalnog-kolosijeka\/foto-7-doboj\/\" target=\"_blank\"><img decoding=\"async\" alt=\"\" width=\"950\" height=\"492\" loading=\"lazy\" src=\"https:\/\/vremeplov.ba\/2025\/wp-content\/uploads\/2025\/04\/Foto-7-Doboj.jpg\" srcset=\",https:\/\/vremeplov.ba\/2025\/wp-content\/uploads\/2025\/04\/Foto-7-Doboj.jpg 950w\" sizes=\"auto, 250px\"\/><\/a><\/div><div class=\"sgb-item\"><a href=\"https:\/\/vremeplov.ba\/2025\/pruga-normalnog-kolosijeka\/foto-8-remont\/\" target=\"_blank\"><img decoding=\"async\" alt=\"\" width=\"621\" height=\"950\" loading=\"lazy\" src=\"https:\/\/vremeplov.ba\/2025\/wp-content\/uploads\/2025\/04\/Foto-8-Remont.jpg\" srcset=\",https:\/\/vremeplov.ba\/2025\/wp-content\/uploads\/2025\/04\/Foto-8-Remont.jpg 621w\" sizes=\"auto, 250px\"\/><\/a><\/div><div class=\"sgb-item\"><a href=\"https:\/\/vremeplov.ba\/2025\/pruga-normalnog-kolosijeka\/foto-9-remont\/\" target=\"_blank\"><img decoding=\"async\" alt=\"\" width=\"950\" height=\"621\" loading=\"lazy\" src=\"https:\/\/vremeplov.ba\/2025\/wp-content\/uploads\/2025\/04\/Foto-9-Remont.jpg\" srcset=\",https:\/\/vremeplov.ba\/2025\/wp-content\/uploads\/2025\/04\/Foto-9-Remont.jpg 950w\" sizes=\"auto, 250px\"\/><\/a><\/div><div class=\"sgb-item\"><a href=\"https:\/\/vremeplov.ba\/2025\/pruga-normalnog-kolosijeka\/foto-10-visoko\/\" target=\"_blank\"><img decoding=\"async\" alt=\"\" width=\"950\" height=\"654\" loading=\"lazy\" src=\"https:\/\/vremeplov.ba\/2025\/wp-content\/uploads\/2025\/04\/Foto-10-Visoko.jpg\" srcset=\",https:\/\/vremeplov.ba\/2025\/wp-content\/uploads\/2025\/04\/Foto-10-Visoko.jpg 950w\" sizes=\"auto, 250px\"\/><\/a><\/div><div class=\"sgb-item\"><a href=\"https:\/\/vremeplov.ba\/2025\/pruga-normalnog-kolosijeka\/foto-11-visoko\/\" target=\"_blank\"><img decoding=\"async\" alt=\"\" width=\"950\" height=\"624\" loading=\"lazy\" src=\"https:\/\/vremeplov.ba\/2025\/wp-content\/uploads\/2025\/04\/Foto-11-Visoko.jpg\" srcset=\",https:\/\/vremeplov.ba\/2025\/wp-content\/uploads\/2025\/04\/Foto-11-Visoko.jpg 950w\" sizes=\"auto, 250px\"\/><\/a><\/div><div class=\"sgb-item\"><a href=\"https:\/\/vremeplov.ba\/2025\/pruga-normalnog-kolosijeka\/foto-12-drivusa\/\" target=\"_blank\"><img decoding=\"async\" alt=\"\" width=\"950\" height=\"630\" loading=\"lazy\" src=\"https:\/\/vremeplov.ba\/2025\/wp-content\/uploads\/2025\/04\/Foto-12-Drivusa.jpg\" srcset=\",https:\/\/vremeplov.ba\/2025\/wp-content\/uploads\/2025\/04\/Foto-12-Drivusa.jpg 950w\" sizes=\"auto, 250px\"\/><\/a><\/div><div class=\"sgb-item\"><a href=\"https:\/\/vremeplov.ba\/2025\/pruga-normalnog-kolosijeka\/foto-13-kakanj\/\" target=\"_blank\"><img decoding=\"async\" alt=\"\" width=\"950\" height=\"757\" loading=\"lazy\" src=\"https:\/\/vremeplov.ba\/2025\/wp-content\/uploads\/2025\/04\/Foto-13-Kakanj.jpg\" srcset=\",https:\/\/vremeplov.ba\/2025\/wp-content\/uploads\/2025\/04\/Foto-13-Kakanj.jpg 950w\" sizes=\"auto, 250px\"\/><\/a><\/div><div class=\"sgb-item\"><a href=\"https:\/\/vremeplov.ba\/2025\/pruga-normalnog-kolosijeka\/foto-14-maglaj\/\" target=\"_blank\"><img decoding=\"async\" alt=\"\" width=\"950\" height=\"610\" loading=\"lazy\" src=\"https:\/\/vremeplov.ba\/2025\/wp-content\/uploads\/2025\/04\/Foto-14-Maglaj.jpg\" srcset=\",https:\/\/vremeplov.ba\/2025\/wp-content\/uploads\/2025\/04\/Foto-14-Maglaj.jpg 950w\" sizes=\"auto, 250px\"\/><\/a><\/div><div class=\"sgb-item\"><a href=\"https:\/\/vremeplov.ba\/2025\/pruga-normalnog-kolosijeka\/foto-15-maglaj\/\" target=\"_blank\"><img decoding=\"async\" alt=\"\" width=\"950\" height=\"711\" loading=\"lazy\" src=\"https:\/\/vremeplov.ba\/2025\/wp-content\/uploads\/2025\/04\/Foto-15-Maglaj.jpg\" srcset=\",https:\/\/vremeplov.ba\/2025\/wp-content\/uploads\/2025\/04\/Foto-15-Maglaj.jpg 950w\" sizes=\"auto, 250px\"\/><\/a><\/div><div class=\"sgb-item\"><a href=\"https:\/\/vremeplov.ba\/2025\/pruga-normalnog-kolosijeka\/foto-16-begov_han\/\" target=\"_blank\"><img decoding=\"async\" alt=\"\" width=\"950\" height=\"623\" loading=\"lazy\" src=\"https:\/\/vremeplov.ba\/2025\/wp-content\/uploads\/2025\/04\/Foto-16-Begov_Han.jpg\" srcset=\",https:\/\/vremeplov.ba\/2025\/wp-content\/uploads\/2025\/04\/Foto-16-Begov_Han.jpg 950w\" sizes=\"auto, 250px\"\/><\/a><\/div><div class=\"sgb-item\"><a href=\"https:\/\/vremeplov.ba\/2025\/pruga-normalnog-kolosijeka\/foto-17-dizel_nada\/\" target=\"_blank\"><img decoding=\"async\" alt=\"\" width=\"950\" height=\"581\" loading=\"lazy\" src=\"https:\/\/vremeplov.ba\/2025\/wp-content\/uploads\/2025\/04\/Foto-17-Dizel_Nada.jpg\" srcset=\",https:\/\/vremeplov.ba\/2025\/wp-content\/uploads\/2025\/04\/Foto-17-Dizel_Nada.jpg 950w\" sizes=\"auto, 250px\"\/><\/a><\/div><div class=\"sgb-item\"><a href=\"https:\/\/vremeplov.ba\/2025\/pruga-normalnog-kolosijeka\/foto-18-zenica\/\" target=\"_blank\"><img decoding=\"async\" alt=\"\" width=\"950\" height=\"604\" loading=\"lazy\" src=\"https:\/\/vremeplov.ba\/2025\/wp-content\/uploads\/2025\/04\/Foto-18-Zenica.jpg\" srcset=\",https:\/\/vremeplov.ba\/2025\/wp-content\/uploads\/2025\/04\/Foto-18-Zenica.jpg 950w\" sizes=\"auto, 250px\"\/><\/a><\/div><div class=\"sgb-item\"><a href=\"https:\/\/vremeplov.ba\/2025\/pruga-normalnog-kolosijeka\/foto-19-prijedor\/\" target=\"_blank\"><img decoding=\"async\" alt=\"\" width=\"950\" height=\"777\" loading=\"lazy\" src=\"https:\/\/vremeplov.ba\/2025\/wp-content\/uploads\/2025\/04\/Foto-19-Prijedor.jpg\" srcset=\",https:\/\/vremeplov.ba\/2025\/wp-content\/uploads\/2025\/04\/Foto-19-Prijedor.jpg 950w\" sizes=\"auto, 250px\"\/><\/a><\/div><div class=\"sgb-item\"><a href=\"https:\/\/vremeplov.ba\/2025\/pruga-normalnog-kolosijeka\/foto-20-prijedor\/\" target=\"_blank\"><img decoding=\"async\" alt=\"\" width=\"950\" height=\"603\" loading=\"lazy\" src=\"https:\/\/vremeplov.ba\/2025\/wp-content\/uploads\/2025\/04\/Foto-20-Prijedor.jpg\" srcset=\",https:\/\/vremeplov.ba\/2025\/wp-content\/uploads\/2025\/04\/Foto-20-Prijedor.jpg 950w\" sizes=\"auto, 250px\"\/><\/a><\/div><div class=\"sgb-item\"><a href=\"https:\/\/vremeplov.ba\/2025\/pruga-normalnog-kolosijeka\/foto-21-ljubija\/\" target=\"_blank\"><img decoding=\"async\" alt=\"\" width=\"950\" height=\"647\" loading=\"lazy\" src=\"https:\/\/vremeplov.ba\/2025\/wp-content\/uploads\/2025\/04\/Foto-21-Ljubija.jpg\" srcset=\",https:\/\/vremeplov.ba\/2025\/wp-content\/uploads\/2025\/04\/Foto-21-Ljubija.jpg 950w\" sizes=\"auto, 250px\"\/><\/a><\/div><div class=\"sgb-item\"><a href=\"https:\/\/vremeplov.ba\/2025\/pruga-normalnog-kolosijeka\/foto-22-bos_novi\/\" target=\"_blank\"><img decoding=\"async\" alt=\"\" width=\"950\" height=\"713\" loading=\"lazy\" src=\"https:\/\/vremeplov.ba\/2025\/wp-content\/uploads\/2025\/04\/Foto-22-Bos_Novi.jpg\" srcset=\",https:\/\/vremeplov.ba\/2025\/wp-content\/uploads\/2025\/04\/Foto-22-Bos_Novi.jpg 950w\" sizes=\"auto, 250px\"\/><\/a><\/div><div class=\"sgb-item\"><a href=\"https:\/\/vremeplov.ba\/2025\/pruga-normalnog-kolosijeka\/foto-23-bos_novi\/\" target=\"_blank\"><img decoding=\"async\" alt=\"\" width=\"950\" height=\"580\" loading=\"lazy\" src=\"https:\/\/vremeplov.ba\/2025\/wp-content\/uploads\/2025\/04\/Foto-23-Bos_Novi.jpg\" srcset=\",https:\/\/vremeplov.ba\/2025\/wp-content\/uploads\/2025\/04\/Foto-23-Bos_Novi.jpg 950w\" sizes=\"auto, 250px\"\/><\/a><\/div><div class=\"sgb-item\"><a href=\"https:\/\/vremeplov.ba\/2025\/pruga-normalnog-kolosijeka\/foto-24-ukrina\/\" target=\"_blank\"><img decoding=\"async\" alt=\"\" width=\"950\" height=\"598\" loading=\"lazy\" src=\"https:\/\/vremeplov.ba\/2025\/wp-content\/uploads\/2025\/04\/Foto-24-Ukrina.jpg\" srcset=\",https:\/\/vremeplov.ba\/2025\/wp-content\/uploads\/2025\/04\/Foto-24-Ukrina.jpg 950w\" sizes=\"auto, 250px\"\/><\/a><\/div><div class=\"sgb-item\"><a href=\"https:\/\/vremeplov.ba\/2025\/pruga-normalnog-kolosijeka\/foto-25-prisoje\/\" target=\"_blank\"><img decoding=\"async\" alt=\"\" width=\"950\" height=\"634\" loading=\"lazy\" src=\"https:\/\/vremeplov.ba\/2025\/wp-content\/uploads\/2025\/04\/Foto-25-Prisoje.jpg\" srcset=\",https:\/\/vremeplov.ba\/2025\/wp-content\/uploads\/2025\/04\/Foto-25-Prisoje.jpg 950w\" sizes=\"auto, 250px\"\/><\/a><\/div><div class=\"sgb-item\"><a href=\"https:\/\/vremeplov.ba\/2025\/pruga-normalnog-kolosijeka\/foto-26-1-vranjak\/\" target=\"_blank\"><img decoding=\"async\" alt=\"\" width=\"950\" height=\"418\" loading=\"lazy\" src=\"https:\/\/vremeplov.ba\/2025\/wp-content\/uploads\/2025\/04\/Foto-26.1-Vranjak.jpg\" srcset=\",https:\/\/vremeplov.ba\/2025\/wp-content\/uploads\/2025\/04\/Foto-26.1-Vranjak.jpg 950w\" sizes=\"auto, 250px\"\/><\/a><\/div><div class=\"sgb-item\"><a href=\"https:\/\/vremeplov.ba\/2025\/pruga-normalnog-kolosijeka\/foto-26-dragalovci\/\" target=\"_blank\"><img decoding=\"async\" alt=\"\" width=\"950\" height=\"744\" loading=\"lazy\" src=\"https:\/\/vremeplov.ba\/2025\/wp-content\/uploads\/2025\/04\/Foto-26-Dragalovci.jpg\" srcset=\",https:\/\/vremeplov.ba\/2025\/wp-content\/uploads\/2025\/04\/Foto-26-Dragalovci.jpg 950w\" sizes=\"auto, 250px\"\/><\/a><\/div><div class=\"sgb-item\"><a href=\"https:\/\/vremeplov.ba\/2025\/pruga-normalnog-kolosijeka\/foto-27-gazela_most_na_neretvi\/\" target=\"_blank\"><img decoding=\"async\" alt=\"\" width=\"950\" height=\"664\" loading=\"lazy\" src=\"https:\/\/vremeplov.ba\/2025\/wp-content\/uploads\/2025\/04\/Foto-27-Gazela_most_na_Neretvi.jpg\" srcset=\",https:\/\/vremeplov.ba\/2025\/wp-content\/uploads\/2025\/04\/Foto-27-Gazela_most_na_Neretvi.jpg 950w\" sizes=\"auto, 250px\"\/><\/a><\/div><div class=\"sgb-item\"><a href=\"https:\/\/vremeplov.ba\/2025\/pruga-normalnog-kolosijeka\/foto-28-tunel_grad\/\" target=\"_blank\"><img decoding=\"async\" alt=\"\" width=\"950\" height=\"617\" loading=\"lazy\" src=\"https:\/\/vremeplov.ba\/2025\/wp-content\/uploads\/2025\/04\/Foto-28-Tunel_Grad.jpg\" srcset=\",https:\/\/vremeplov.ba\/2025\/wp-content\/uploads\/2025\/04\/Foto-28-Tunel_Grad.jpg 950w\" sizes=\"auto, 250px\"\/><\/a><\/div><div class=\"sgb-item\"><a href=\"https:\/\/vremeplov.ba\/2025\/pruga-normalnog-kolosijeka\/foto-29-luka_ploce\/\" target=\"_blank\"><img decoding=\"async\" alt=\"\" width=\"950\" height=\"614\" loading=\"lazy\" src=\"https:\/\/vremeplov.ba\/2025\/wp-content\/uploads\/2025\/04\/Foto-29-Luka_Ploce.jpg\" srcset=\",https:\/\/vremeplov.ba\/2025\/wp-content\/uploads\/2025\/04\/Foto-29-Luka_Ploce.jpg 950w\" sizes=\"auto, 250px\"\/><\/a><\/div><div class=\"sgb-item\"><a href=\"https:\/\/vremeplov.ba\/2025\/pruga-normalnog-kolosijeka\/foto-30-strbacki_buk\/\" target=\"_blank\"><img decoding=\"async\" alt=\"\" width=\"950\" height=\"659\" loading=\"lazy\" src=\"https:\/\/vremeplov.ba\/2025\/wp-content\/uploads\/2025\/04\/Foto-30-Strbacki_Buk.jpg\" srcset=\",https:\/\/vremeplov.ba\/2025\/wp-content\/uploads\/2025\/04\/Foto-30-Strbacki_Buk.jpg 950w\" sizes=\"auto, 250px\"\/><\/a><\/div><div class=\"sgb-item\"><a href=\"https:\/\/vremeplov.ba\/2025\/pruga-normalnog-kolosijeka\/foto-31-kestenovac\/\" target=\"_blank\"><img decoding=\"async\" alt=\"\" width=\"950\" height=\"684\" loading=\"lazy\" src=\"https:\/\/vremeplov.ba\/2025\/wp-content\/uploads\/2025\/04\/Foto-31-Kestenovac.jpg\" srcset=\",https:\/\/vremeplov.ba\/2025\/wp-content\/uploads\/2025\/04\/Foto-31-Kestenovac.jpg 950w\" sizes=\"auto, 250px\"\/><\/a><\/div><div class=\"sgb-item\"><a href=\"https:\/\/vremeplov.ba\/2025\/pruga-normalnog-kolosijeka\/foto-32-rudice\/\" target=\"_blank\"><img decoding=\"async\" alt=\"\" width=\"1200\" height=\"814\" loading=\"lazy\" src=\"https:\/\/vremeplov.ba\/2025\/wp-content\/uploads\/2025\/04\/Foto-32-Rudice.jpg\" srcset=\",https:\/\/vremeplov.ba\/2025\/wp-content\/uploads\/2025\/04\/Foto-32-Rudice.jpg 1200w\" sizes=\"auto, 250px\"\/><\/a><\/div><div class=\"sgb-item\"><a href=\"https:\/\/vremeplov.ba\/2025\/pruga-normalnog-kolosijeka\/foto-33-bos_vrbanja\/\" target=\"_blank\"><img decoding=\"async\" alt=\"\" width=\"950\" height=\"646\" loading=\"lazy\" src=\"https:\/\/vremeplov.ba\/2025\/wp-content\/uploads\/2025\/04\/Foto-33-Bos_Vrbanja.jpg\" srcset=\",https:\/\/vremeplov.ba\/2025\/wp-content\/uploads\/2025\/04\/Foto-33-Bos_Vrbanja.jpg 950w\" sizes=\"auto, 250px\"\/><\/a><\/div><div class=\"sgb-item\"><a href=\"https:\/\/vremeplov.ba\/2025\/pruga-normalnog-kolosijeka\/foto-34-kopanica_beravci\/\" target=\"_blank\"><img decoding=\"async\" alt=\"\" width=\"950\" height=\"654\" loading=\"lazy\" src=\"https:\/\/vremeplov.ba\/2025\/wp-content\/uploads\/2025\/04\/Foto-34-Kopanica_Beravci.jpg\" srcset=\",https:\/\/vremeplov.ba\/2025\/wp-content\/uploads\/2025\/04\/Foto-34-Kopanica_Beravci.jpg 950w\" sizes=\"auto, 250px\"\/><\/a><\/div><div class=\"sgb-item\"><a href=\"https:\/\/vremeplov.ba\/2025\/pruga-normalnog-kolosijeka\/foto-35-svodna\/\" target=\"_blank\"><img decoding=\"async\" alt=\"\" width=\"950\" height=\"658\" loading=\"lazy\" src=\"https:\/\/vremeplov.ba\/2025\/wp-content\/uploads\/2025\/04\/Foto-35-Svodna.jpg\" srcset=\",https:\/\/vremeplov.ba\/2025\/wp-content\/uploads\/2025\/04\/Foto-35-Svodna.jpg 950w\" sizes=\"auto, 250px\"\/><\/a><\/div><div class=\"sgb-item\"><a href=\"https:\/\/vremeplov.ba\/2025\/pruga-normalnog-kolosijeka\/foto-36-zaluzani\/\" target=\"_blank\"><img decoding=\"async\" alt=\"\" width=\"950\" height=\"676\" loading=\"lazy\" src=\"https:\/\/vremeplov.ba\/2025\/wp-content\/uploads\/2025\/04\/Foto-36-Zaluzani.jpg\" srcset=\",https:\/\/vremeplov.ba\/2025\/wp-content\/uploads\/2025\/04\/Foto-36-Zaluzani.jpg 950w\" sizes=\"auto, 250px\"\/><\/a><\/div><div class=\"sgb-item\"><a href=\"https:\/\/vremeplov.ba\/2025\/pruga-normalnog-kolosijeka\/foto-37-dabrevine\/\" target=\"_blank\"><img decoding=\"async\" alt=\"\" width=\"950\" height=\"646\" loading=\"lazy\" src=\"https:\/\/vremeplov.ba\/2025\/wp-content\/uploads\/2025\/04\/Foto-37-Dabrevine.jpg\" srcset=\",https:\/\/vremeplov.ba\/2025\/wp-content\/uploads\/2025\/04\/Foto-37-Dabrevine.jpg 950w\" sizes=\"auto, 250px\"\/><\/a><\/div><div class=\"sgb-item\"><a href=\"https:\/\/vremeplov.ba\/2025\/pruga-normalnog-kolosijeka\/foto-38-emg_411\/\" target=\"_blank\"><img decoding=\"async\" alt=\"\" width=\"658\" height=\"950\" loading=\"lazy\" src=\"https:\/\/vremeplov.ba\/2025\/wp-content\/uploads\/2025\/04\/Foto-38-EMG_411.jpg\" srcset=\",https:\/\/vremeplov.ba\/2025\/wp-content\/uploads\/2025\/04\/Foto-38-EMG_411.jpg 658w\" sizes=\"auto, 250px\"\/><\/a><\/div><div class=\"sgb-item\"><a href=\"https:\/\/vremeplov.ba\/2025\/pruga-normalnog-kolosijeka\/foto-39-dizel_661\/\" target=\"_blank\"><img decoding=\"async\" alt=\"\" width=\"950\" height=\"570\" loading=\"lazy\" src=\"https:\/\/vremeplov.ba\/2025\/wp-content\/uploads\/2025\/04\/Foto-39-Dizel_661.jpg\" srcset=\",https:\/\/vremeplov.ba\/2025\/wp-content\/uploads\/2025\/04\/Foto-39-Dizel_661.jpg 950w\" sizes=\"auto, 250px\"\/><\/a><\/div><div class=\"sgb-item\"><a href=\"https:\/\/vremeplov.ba\/2025\/pruga-normalnog-kolosijeka\/foto-40-rajlovac\/\" target=\"_blank\"><img decoding=\"async\" alt=\"\" width=\"950\" height=\"615\" loading=\"lazy\" src=\"https:\/\/vremeplov.ba\/2025\/wp-content\/uploads\/2025\/04\/Foto-40-Rajlovac.jpg\" srcset=\",https:\/\/vremeplov.ba\/2025\/wp-content\/uploads\/2025\/04\/Foto-40-Rajlovac.jpg 950w\" sizes=\"auto, 250px\"\/><\/a><\/div><div class=\"sgb-item\"><a href=\"https:\/\/vremeplov.ba\/2025\/pruga-normalnog-kolosijeka\/foto-41-sarajevo\/\" target=\"_blank\"><img decoding=\"async\" alt=\"\" width=\"950\" height=\"594\" loading=\"lazy\" src=\"https:\/\/vremeplov.ba\/2025\/wp-content\/uploads\/2025\/04\/Foto-41-Sarajevo.jpg\" srcset=\",https:\/\/vremeplov.ba\/2025\/wp-content\/uploads\/2025\/04\/Foto-41-Sarajevo.jpg 950w\" sizes=\"auto, 250px\"\/><\/a><\/div><div class=\"sgb-item\"><a href=\"https:\/\/vremeplov.ba\/2025\/pruga-normalnog-kolosijeka\/foto-42-sarajevo\/\" target=\"_blank\"><img decoding=\"async\" alt=\"\" width=\"950\" height=\"294\" loading=\"lazy\" src=\"https:\/\/vremeplov.ba\/2025\/wp-content\/uploads\/2025\/04\/Foto-42-Sarajevo.jpg\" srcset=\",https:\/\/vremeplov.ba\/2025\/wp-content\/uploads\/2025\/04\/Foto-42-Sarajevo.jpg 950w\" sizes=\"auto, 250px\"\/><\/a><\/div><div class=\"sgb-item\"><a href=\"https:\/\/vremeplov.ba\/2025\/pruga-normalnog-kolosijeka\/foto-43-visoko\/\" target=\"_blank\"><img decoding=\"async\" alt=\"\" width=\"950\" height=\"661\" loading=\"lazy\" src=\"https:\/\/vremeplov.ba\/2025\/wp-content\/uploads\/2025\/04\/Foto-43-Visoko.jpg\" srcset=\",https:\/\/vremeplov.ba\/2025\/wp-content\/uploads\/2025\/04\/Foto-43-Visoko.jpg 950w\" sizes=\"auto, 250px\"\/><\/a><\/div><div class=\"sgb-item\"><a href=\"https:\/\/vremeplov.ba\/2025\/pruga-normalnog-kolosijeka\/foto-44-sarajevo\/\" target=\"_blank\"><img decoding=\"async\" alt=\"\" width=\"950\" height=\"664\" loading=\"lazy\" src=\"https:\/\/vremeplov.ba\/2025\/wp-content\/uploads\/2025\/04\/Foto-44-Sarajevo.jpg\" srcset=\",https:\/\/vremeplov.ba\/2025\/wp-content\/uploads\/2025\/04\/Foto-44-Sarajevo.jpg 950w\" sizes=\"auto, 250px\"\/><\/a><\/div><div class=\"sgb-item\"><a href=\"https:\/\/vremeplov.ba\/2025\/pruga-normalnog-kolosijeka\/foto-45-sarajevo\/\" target=\"_blank\"><img decoding=\"async\" alt=\"\" width=\"950\" height=\"667\" loading=\"lazy\" src=\"https:\/\/vremeplov.ba\/2025\/wp-content\/uploads\/2025\/04\/Foto-45-Sarajevo.jpg\" srcset=\",https:\/\/vremeplov.ba\/2025\/wp-content\/uploads\/2025\/04\/Foto-45-Sarajevo.jpg 950w\" sizes=\"auto, 250px\"\/><\/a><\/div><div class=\"sgb-item\"><a href=\"https:\/\/vremeplov.ba\/2025\/pruga-normalnog-kolosijeka\/foto-46-radionica\/\" target=\"_blank\"><img decoding=\"async\" alt=\"\" width=\"950\" height=\"683\" loading=\"lazy\" src=\"https:\/\/vremeplov.ba\/2025\/wp-content\/uploads\/2025\/04\/Foto-46-Radionica.jpg\" srcset=\",https:\/\/vremeplov.ba\/2025\/wp-content\/uploads\/2025\/04\/Foto-46-Radionica.jpg 950w\" sizes=\"auto, 250px\"\/><\/a><\/div><div class=\"sgb-item\"><a href=\"https:\/\/vremeplov.ba\/2025\/pruga-normalnog-kolosijeka\/foto-48-bosna_ekspres\/\" target=\"_blank\"><img decoding=\"async\" alt=\"\" width=\"624\" height=\"950\" loading=\"lazy\" src=\"https:\/\/vremeplov.ba\/2025\/wp-content\/uploads\/2025\/04\/Foto-48-Bosna_Ekspres.jpg\" srcset=\",https:\/\/vremeplov.ba\/2025\/wp-content\/uploads\/2025\/04\/Foto-48-Bosna_Ekspres.jpg 624w\" sizes=\"auto, 250px\"\/><\/a><\/div><div class=\"sgb-item\"><a href=\"https:\/\/vremeplov.ba\/2025\/pruga-normalnog-kolosijeka\/foto-49-banovici\/\" target=\"_blank\"><img decoding=\"async\" alt=\"\" width=\"950\" height=\"772\" loading=\"lazy\" src=\"https:\/\/vremeplov.ba\/2025\/wp-content\/uploads\/2025\/04\/Foto-49-Banovici.jpg\" srcset=\",https:\/\/vremeplov.ba\/2025\/wp-content\/uploads\/2025\/04\/Foto-49-Banovici.jpg 950w\" sizes=\"auto, 250px\"\/><\/a><\/div><div class=\"sgb-item\"><a href=\"https:\/\/vremeplov.ba\/2025\/pruga-normalnog-kolosijeka\/foto-50-jahorina_ekspres\/\" target=\"_blank\"><img decoding=\"async\" alt=\"\" width=\"950\" height=\"607\" loading=\"lazy\" src=\"https:\/\/vremeplov.ba\/2025\/wp-content\/uploads\/2025\/04\/Foto-50-Jahorina_Ekspres.jpg\" srcset=\",https:\/\/vremeplov.ba\/2025\/wp-content\/uploads\/2025\/04\/Foto-50-Jahorina_Ekspres.jpg 950w\" sizes=\"auto, 250px\"\/><\/a><\/div><div class=\"sgb-item\"><a href=\"https:\/\/vremeplov.ba\/2025\/pruga-normalnog-kolosijeka\/foto-51-rajlovac_emg_1978\/\" target=\"_blank\"><img decoding=\"async\" alt=\"\" width=\"950\" height=\"617\" loading=\"lazy\" src=\"https:\/\/vremeplov.ba\/2025\/wp-content\/uploads\/2025\/04\/Foto-51-Rajlovac_EMG_1978.jpg\" srcset=\",https:\/\/vremeplov.ba\/2025\/wp-content\/uploads\/2025\/04\/Foto-51-Rajlovac_EMG_1978.jpg 950w\" sizes=\"auto, 250px\"\/><\/a><\/div><div class=\"sgb-item\"><a href=\"https:\/\/vremeplov.ba\/2025\/pruga-normalnog-kolosijeka\/foto-52-rajlovac_kultura\/\" target=\"_blank\"><img decoding=\"async\" alt=\"\" width=\"950\" height=\"664\" loading=\"lazy\" src=\"https:\/\/vremeplov.ba\/2025\/wp-content\/uploads\/2025\/04\/Foto-52-Rajlovac_kultura.jpg\" srcset=\",https:\/\/vremeplov.ba\/2025\/wp-content\/uploads\/2025\/04\/Foto-52-Rajlovac_kultura.jpg 950w\" sizes=\"auto, 250px\"\/><\/a><\/div><div class=\"sgb-item\"><a href=\"https:\/\/vremeplov.ba\/2025\/pruga-normalnog-kolosijeka\/foto-53-mostar_emg_411\/\" target=\"_blank\"><img decoding=\"async\" alt=\"\" width=\"950\" height=\"643\" loading=\"lazy\" src=\"https:\/\/vremeplov.ba\/2025\/wp-content\/uploads\/2025\/04\/Foto-53-Mostar_EMG_411.jpg\" srcset=\",https:\/\/vremeplov.ba\/2025\/wp-content\/uploads\/2025\/04\/Foto-53-Mostar_EMG_411.jpg 950w\" sizes=\"auto, 250px\"\/><\/a><\/div><div class=\"sgb-item\"><a href=\"https:\/\/vremeplov.ba\/2025\/pruga-normalnog-kolosijeka\/foto-54-bosna_ekspresbosanski_novi\/\" target=\"_blank\"><img decoding=\"async\" alt=\"\" width=\"950\" height=\"653\" loading=\"lazy\" src=\"https:\/\/vremeplov.ba\/2025\/wp-content\/uploads\/2025\/04\/Foto-54-Bosna_EkspresBosanski_Novi.jpg\" srcset=\",https:\/\/vremeplov.ba\/2025\/wp-content\/uploads\/2025\/04\/Foto-54-Bosna_EkspresBosanski_Novi.jpg 950w\" sizes=\"auto, 250px\"\/><\/a><\/div><div class=\"sgb-item\"><a href=\"https:\/\/vremeplov.ba\/2025\/pruga-normalnog-kolosijeka\/foto-55-upravljacnica_emg\/\" target=\"_blank\"><img decoding=\"async\" alt=\"\" width=\"950\" height=\"699\" loading=\"lazy\" src=\"https:\/\/vremeplov.ba\/2025\/wp-content\/uploads\/2025\/04\/Foto-55-Upravljacnica_EMG.jpg\" srcset=\",https:\/\/vremeplov.ba\/2025\/wp-content\/uploads\/2025\/04\/Foto-55-Upravljacnica_EMG.jpg 950w\" sizes=\"auto, 250px\"\/><\/a><\/div><div class=\"sgb-item\"><a href=\"https:\/\/vremeplov.ba\/2025\/pruga-normalnog-kolosijeka\/foto-56-jedrinje_sucic\/\" target=\"_blank\"><img decoding=\"async\" alt=\"\" width=\"950\" height=\"680\" loading=\"lazy\" src=\"https:\/\/vremeplov.ba\/2025\/wp-content\/uploads\/2025\/04\/Foto-56-Jedrinje_Sucic.jpg\" srcset=\",https:\/\/vremeplov.ba\/2025\/wp-content\/uploads\/2025\/04\/Foto-56-Jedrinje_Sucic.jpg 950w\" sizes=\"auto, 250px\"\/><\/a><\/div><div class=\"sgb-item\"><a href=\"https:\/\/vremeplov.ba\/2025\/pruga-normalnog-kolosijeka\/foto-57-konjic_lokal_batt\/\" target=\"_blank\"><img decoding=\"async\" alt=\"\" width=\"950\" height=\"680\" loading=\"lazy\" src=\"https:\/\/vremeplov.ba\/2025\/wp-content\/uploads\/2025\/04\/Foto-57-Konjic_lokal_Batt.jpg\" srcset=\",https:\/\/vremeplov.ba\/2025\/wp-content\/uploads\/2025\/04\/Foto-57-Konjic_lokal_Batt.jpg 950w\" sizes=\"auto, 250px\"\/><\/a><\/div><div class=\"sgb-item\"><a href=\"https:\/\/vremeplov.ba\/2025\/pruga-normalnog-kolosijeka\/foto-58-kulen_vakuf\/\" target=\"_blank\"><img decoding=\"async\" alt=\"\" width=\"950\" height=\"597\" loading=\"lazy\" src=\"https:\/\/vremeplov.ba\/2025\/wp-content\/uploads\/2025\/04\/Foto-58-Kulen_Vakuf.jpg\" srcset=\",https:\/\/vremeplov.ba\/2025\/wp-content\/uploads\/2025\/04\/Foto-58-Kulen_Vakuf.jpg 950w\" sizes=\"auto, 250px\"\/><\/a><\/div><div class=\"sgb-item\"><a href=\"https:\/\/vremeplov.ba\/2025\/pruga-normalnog-kolosijeka\/foto-59-mramor\/\" target=\"_blank\"><img decoding=\"async\" alt=\"\" width=\"950\" height=\"622\" loading=\"lazy\" src=\"https:\/\/vremeplov.ba\/2025\/wp-content\/uploads\/2025\/04\/Foto-59-Mramor.jpg\" srcset=\",https:\/\/vremeplov.ba\/2025\/wp-content\/uploads\/2025\/04\/Foto-59-Mramor.jpg 950w\" sizes=\"auto, 250px\"\/><\/a><\/div><div class=\"sgb-item\"><a href=\"https:\/\/vremeplov.ba\/2025\/pruga-normalnog-kolosijeka\/foto-60-ztp_tuzla\/\" target=\"_blank\"><img decoding=\"async\" alt=\"\" width=\"950\" height=\"697\" loading=\"lazy\" src=\"https:\/\/vremeplov.ba\/2025\/wp-content\/uploads\/2025\/04\/Foto-60-ZTP_Tuzla.jpg\" srcset=\",https:\/\/vremeplov.ba\/2025\/wp-content\/uploads\/2025\/04\/Foto-60-ZTP_Tuzla.jpg 950w\" sizes=\"auto, 250px\"\/><\/a><\/div><div class=\"sgb-item\"><a href=\"https:\/\/vremeplov.ba\/2025\/pruga-normalnog-kolosijeka\/foto-61-podlugovi_st\/\" target=\"_blank\"><img decoding=\"async\" alt=\"\" width=\"950\" height=\"611\" loading=\"lazy\" src=\"https:\/\/vremeplov.ba\/2025\/wp-content\/uploads\/2025\/04\/Foto-61-podlugovi_st.jpg\" srcset=\",https:\/\/vremeplov.ba\/2025\/wp-content\/uploads\/2025\/04\/Foto-61-podlugovi_st.jpg 950w\" sizes=\"auto, 250px\"\/><\/a><\/div><div class=\"sgb-item\"><a href=\"https:\/\/vremeplov.ba\/2025\/pruga-normalnog-kolosijeka\/foto-62-bihac_ante_markovic-jpg\/\" target=\"_blank\"><img decoding=\"async\" alt=\"\" width=\"950\" height=\"705\" loading=\"lazy\" src=\"https:\/\/vremeplov.ba\/2025\/wp-content\/uploads\/2025\/04\/Foto-62-bihac_ante_markovic.jpg.jpg\" srcset=\",https:\/\/vremeplov.ba\/2025\/wp-content\/uploads\/2025\/04\/Foto-62-bihac_ante_markovic.jpg.jpg 950w\" sizes=\"auto, 250px\"\/><\/a><\/div><div class=\"sgb-item\"><a href=\"https:\/\/vremeplov.ba\/2025\/pruga-normalnog-kolosijeka\/foto-63-brezicani_st\/\" target=\"_blank\"><img decoding=\"async\" alt=\"\" width=\"950\" height=\"666\" loading=\"lazy\" src=\"https:\/\/vremeplov.ba\/2025\/wp-content\/uploads\/2025\/04\/Foto-63-Brezicani_st.jpg\" srcset=\",https:\/\/vremeplov.ba\/2025\/wp-content\/uploads\/2025\/04\/Foto-63-Brezicani_st.jpg 950w\" sizes=\"auto, 250px\"\/><\/a><\/div><div class=\"sgb-item\"><a href=\"https:\/\/vremeplov.ba\/2025\/pruga-normalnog-kolosijeka\/foto-64-udes_bos_krupa\/\" target=\"_blank\"><img decoding=\"async\" alt=\"\" width=\"950\" height=\"630\" loading=\"lazy\" src=\"https:\/\/vremeplov.ba\/2025\/wp-content\/uploads\/2025\/04\/Foto-64-Udes_Bos_Krupa.jpg\" srcset=\",https:\/\/vremeplov.ba\/2025\/wp-content\/uploads\/2025\/04\/Foto-64-Udes_Bos_Krupa.jpg 950w\" sizes=\"auto, 250px\"\/><\/a><\/div><div class=\"sgb-item\"><a href=\"https:\/\/vremeplov.ba\/2025\/pruga-normalnog-kolosijeka\/foto-65-sarajevo_zak_kulen\/\" target=\"_blank\"><img decoding=\"async\" alt=\"\" width=\"950\" height=\"660\" loading=\"lazy\" src=\"https:\/\/vremeplov.ba\/2025\/wp-content\/uploads\/2025\/04\/Foto-65-Sarajevo_Zak_Kulen.jpg\" srcset=\",https:\/\/vremeplov.ba\/2025\/wp-content\/uploads\/2025\/04\/Foto-65-Sarajevo_Zak_Kulen.jpg 950w\" sizes=\"auto, 250px\"\/><\/a><\/div><div class=\"sgb-item\"><a href=\"https:\/\/vremeplov.ba\/2025\/pruga-normalnog-kolosijeka\/foto-66-sarajevo_1996\/\" target=\"_blank\"><img decoding=\"async\" alt=\"\" width=\"950\" height=\"628\" loading=\"lazy\" src=\"https:\/\/vremeplov.ba\/2025\/wp-content\/uploads\/2025\/04\/Foto-66-Sarajevo_1996.jpg\" srcset=\",https:\/\/vremeplov.ba\/2025\/wp-content\/uploads\/2025\/04\/Foto-66-Sarajevo_1996.jpg 950w\" sizes=\"auto, 250px\"\/><\/a><\/div><div class=\"sgb-item\"><a href=\"https:\/\/vremeplov.ba\/2025\/pruga-normalnog-kolosijeka\/foto-67-sarajevo_1996_kasacija\/\" target=\"_blank\"><img decoding=\"async\" alt=\"\" width=\"950\" height=\"623\" loading=\"lazy\" src=\"https:\/\/vremeplov.ba\/2025\/wp-content\/uploads\/2025\/04\/Foto-67-Sarajevo_1996_kasacija.jpg\" srcset=\",https:\/\/vremeplov.ba\/2025\/wp-content\/uploads\/2025\/04\/Foto-67-Sarajevo_1996_kasacija.jpg 950w\" sizes=\"auto, 250px\"\/><\/a><\/div><div class=\"sgb-item\"><a href=\"https:\/\/vremeplov.ba\/2025\/pruga-normalnog-kolosijeka\/francuz\/\" target=\"_blank\"><img decoding=\"async\" alt=\"\" width=\"950\" height=\"681\" loading=\"lazy\" src=\"https:\/\/vremeplov.ba\/2025\/wp-content\/uploads\/2025\/04\/Francuz.jpg\" srcset=\",https:\/\/vremeplov.ba\/2025\/wp-content\/uploads\/2025\/04\/Francuz.jpg 950w\" sizes=\"auto, 250px\"\/><\/a><\/div><div class=\"sgb-item\"><a href=\"https:\/\/vremeplov.ba\/2025\/pruga-normalnog-kolosijeka\/garderoba\/\" target=\"_blank\"><img decoding=\"async\" alt=\"\" width=\"613\" height=\"950\" loading=\"lazy\" src=\"https:\/\/vremeplov.ba\/2025\/wp-content\/uploads\/2025\/04\/Garderoba.jpg\" srcset=\",https:\/\/vremeplov.ba\/2025\/wp-content\/uploads\/2025\/04\/Garderoba.jpg 613w\" sizes=\"auto, 250px\"\/><\/a><\/div><div class=\"sgb-item\"><a href=\"https:\/\/vremeplov.ba\/2025\/pruga-normalnog-kolosijeka\/glas_zeljeznicara\/\" target=\"_blank\"><img decoding=\"async\" alt=\"\" width=\"672\" height=\"950\" loading=\"lazy\" src=\"https:\/\/vremeplov.ba\/2025\/wp-content\/uploads\/2025\/04\/Glas_zeljeznicara.jpg\" srcset=\",https:\/\/vremeplov.ba\/2025\/wp-content\/uploads\/2025\/04\/Glas_zeljeznicara.jpg 672w\" sizes=\"auto, 250px\"\/><\/a><\/div><div class=\"sgb-item\"><a href=\"https:\/\/vremeplov.ba\/2025\/pruga-normalnog-kolosijeka\/glas_zeljeznicarapostavnica\/\" target=\"_blank\"><img decoding=\"async\" alt=\"\" width=\"667\" height=\"1200\" loading=\"lazy\" src=\"https:\/\/vremeplov.ba\/2025\/wp-content\/uploads\/2025\/04\/Glas_zeljeznicaraPostavnica.jpg\" srcset=\",https:\/\/vremeplov.ba\/2025\/wp-content\/uploads\/2025\/04\/Glas_zeljeznicaraPostavnica.jpg 667w\" sizes=\"auto, 250px\"\/><\/a><\/div><div class=\"sgb-item\"><a href=\"https:\/\/vremeplov.ba\/2025\/pruga-normalnog-kolosijeka\/grabovica_putnicki_voz\/\" target=\"_blank\"><img decoding=\"async\" alt=\"\" width=\"950\" height=\"633\" loading=\"lazy\" src=\"https:\/\/vremeplov.ba\/2025\/wp-content\/uploads\/2025\/04\/Grabovica_putnicki_voz.jpg\" srcset=\",https:\/\/vremeplov.ba\/2025\/wp-content\/uploads\/2025\/04\/Grabovica_putnicki_voz.jpg 950w\" sizes=\"auto, 250px\"\/><\/a><\/div><div class=\"sgb-item\"><a href=\"https:\/\/vremeplov.ba\/2025\/pruga-normalnog-kolosijeka\/grabovica_vijadukt\/\" target=\"_blank\"><img decoding=\"async\" alt=\"\" width=\"950\" height=\"624\" loading=\"lazy\" src=\"https:\/\/vremeplov.ba\/2025\/wp-content\/uploads\/2025\/04\/Grabovica_vijadukt.jpg\" srcset=\",https:\/\/vremeplov.ba\/2025\/wp-content\/uploads\/2025\/04\/Grabovica_vijadukt.jpg 950w\" sizes=\"auto, 250px\"\/><\/a><\/div><div class=\"sgb-item\"><a href=\"https:\/\/vremeplov.ba\/2025\/pruga-normalnog-kolosijeka\/grabovica-70\/\" target=\"_blank\"><img decoding=\"async\" alt=\"\" width=\"950\" height=\"620\" loading=\"lazy\" src=\"https:\/\/vremeplov.ba\/2025\/wp-content\/uploads\/2025\/04\/Grabovica-70.jpg\" srcset=\",https:\/\/vremeplov.ba\/2025\/wp-content\/uploads\/2025\/04\/Grabovica-70.jpg 950w\" sizes=\"auto, 250px\"\/><\/a><\/div><div class=\"sgb-item\"><a href=\"https:\/\/vremeplov.ba\/2025\/pruga-normalnog-kolosijeka\/grapska\/\" target=\"_blank\"><img decoding=\"async\" alt=\"\" width=\"950\" height=\"772\" loading=\"lazy\" src=\"https:\/\/vremeplov.ba\/2025\/wp-content\/uploads\/2025\/04\/Grapska.jpg\" srcset=\",https:\/\/vremeplov.ba\/2025\/wp-content\/uploads\/2025\/04\/Grapska.jpg 950w\" sizes=\"auto, 250px\"\/><\/a><\/div><div class=\"sgb-item\"><a href=\"https:\/\/vremeplov.ba\/2025\/pruga-normalnog-kolosijeka\/hamdija_pozderac\/\" target=\"_blank\"><img decoding=\"async\" alt=\"\" width=\"950\" height=\"769\" loading=\"lazy\" src=\"https:\/\/vremeplov.ba\/2025\/wp-content\/uploads\/2025\/04\/Hamdija_Pozderac.jpg\" srcset=\",https:\/\/vremeplov.ba\/2025\/wp-content\/uploads\/2025\/04\/Hamdija_Pozderac.jpg 950w\" sizes=\"auto, 250px\"\/><\/a><\/div><div class=\"sgb-item\"><a href=\"https:\/\/vremeplov.ba\/2025\/pruga-normalnog-kolosijeka\/hamid_1984\/\" target=\"_blank\"><img decoding=\"async\" alt=\"\" width=\"950\" height=\"672\" loading=\"lazy\" src=\"https:\/\/vremeplov.ba\/2025\/wp-content\/uploads\/2025\/04\/Hamid_1984.jpg\" srcset=\",https:\/\/vremeplov.ba\/2025\/wp-content\/uploads\/2025\/04\/Hamid_1984.jpg 950w\" sizes=\"auto, 250px\"\/><\/a><\/div><div class=\"sgb-item\"><a href=\"https:\/\/vremeplov.ba\/2025\/pruga-normalnog-kolosijeka\/iskra_telefon\/\" target=\"_blank\"><img decoding=\"async\" alt=\"\" width=\"676\" height=\"950\" loading=\"lazy\" src=\"https:\/\/vremeplov.ba\/2025\/wp-content\/uploads\/2025\/04\/Iskra_telefon.jpg\" srcset=\",https:\/\/vremeplov.ba\/2025\/wp-content\/uploads\/2025\/04\/Iskra_telefon.jpg 676w\" sizes=\"auto, 250px\"\/><\/a><\/div><div class=\"sgb-item\"><a href=\"https:\/\/vremeplov.ba\/2025\/pruga-normalnog-kolosijeka\/ispracaj_prvog_voza-1\/\" target=\"_blank\"><img decoding=\"async\" alt=\"\" width=\"950\" height=\"616\" loading=\"lazy\" src=\"https:\/\/vremeplov.ba\/2025\/wp-content\/uploads\/2025\/04\/Ispracaj_prvog_voza-1.jpg\" srcset=\",https:\/\/vremeplov.ba\/2025\/wp-content\/uploads\/2025\/04\/Ispracaj_prvog_voza-1.jpg 950w\" sizes=\"auto, 250px\"\/><\/a><\/div><div class=\"sgb-item\"><a href=\"https:\/\/vremeplov.ba\/2025\/pruga-normalnog-kolosijeka\/ispracaj_prvog_voza-2\/\" target=\"_blank\"><img decoding=\"async\" alt=\"\" width=\"950\" height=\"605\" loading=\"lazy\" src=\"https:\/\/vremeplov.ba\/2025\/wp-content\/uploads\/2025\/04\/Ispracaj_prvog_voza-2.jpg\" srcset=\",https:\/\/vremeplov.ba\/2025\/wp-content\/uploads\/2025\/04\/Ispracaj_prvog_voza-2.jpg 950w\" sizes=\"auto, 250px\"\/><\/a><\/div><div class=\"sgb-item\"><a href=\"https:\/\/vremeplov.ba\/2025\/pruga-normalnog-kolosijeka\/ispracaj_prvog_voza-3\/\" target=\"_blank\"><img decoding=\"async\" alt=\"\" width=\"950\" height=\"631\" loading=\"lazy\" src=\"https:\/\/vremeplov.ba\/2025\/wp-content\/uploads\/2025\/04\/Ispracaj_prvog_voza-3.jpg\" srcset=\",https:\/\/vremeplov.ba\/2025\/wp-content\/uploads\/2025\/04\/Ispracaj_prvog_voza-3.jpg 950w\" sizes=\"auto, 250px\"\/><\/a><\/div><div class=\"sgb-item\"><a href=\"https:\/\/vremeplov.ba\/2025\/pruga-normalnog-kolosijeka\/izgradnja-pruge-1\/\" target=\"_blank\"><img decoding=\"async\" alt=\"\" width=\"661\" height=\"950\" loading=\"lazy\" src=\"https:\/\/vremeplov.ba\/2025\/wp-content\/uploads\/2025\/04\/izgradnja-pruge-1.jpg\" srcset=\",https:\/\/vremeplov.ba\/2025\/wp-content\/uploads\/2025\/04\/izgradnja-pruge-1.jpg 661w\" sizes=\"auto, 250px\"\/><\/a><\/div><div class=\"sgb-item\"><a href=\"https:\/\/vremeplov.ba\/2025\/pruga-normalnog-kolosijeka\/izgradnja-pruge-2\/\" target=\"_blank\"><img decoding=\"async\" alt=\"\" width=\"950\" height=\"654\" loading=\"lazy\" src=\"https:\/\/vremeplov.ba\/2025\/wp-content\/uploads\/2025\/04\/izgradnja-pruge-2.jpg\" srcset=\",https:\/\/vremeplov.ba\/2025\/wp-content\/uploads\/2025\/04\/izgradnja-pruge-2.jpg 950w\" sizes=\"auto, 250px\"\/><\/a><\/div><div class=\"sgb-item\"><a href=\"https:\/\/vremeplov.ba\/2025\/pruga-normalnog-kolosijeka\/izgradnja-pruge-3\/\" target=\"_blank\"><img decoding=\"async\" alt=\"\" width=\"950\" height=\"628\" loading=\"lazy\" src=\"https:\/\/vremeplov.ba\/2025\/wp-content\/uploads\/2025\/04\/izgradnja-pruge-3.jpg\" srcset=\",https:\/\/vremeplov.ba\/2025\/wp-content\/uploads\/2025\/04\/izgradnja-pruge-3.jpg 950w\" sizes=\"auto, 250px\"\/><\/a><\/div><div class=\"sgb-item\"><a href=\"https:\/\/vremeplov.ba\/2025\/pruga-normalnog-kolosijeka\/jahorina_ekspres_darajevo-1\/\" target=\"_blank\"><img decoding=\"async\" alt=\"\" width=\"606\" height=\"950\" loading=\"lazy\" src=\"https:\/\/vremeplov.ba\/2025\/wp-content\/uploads\/2025\/04\/Jahorina_Ekspres_Darajevo-1.jpg\" srcset=\",https:\/\/vremeplov.ba\/2025\/wp-content\/uploads\/2025\/04\/Jahorina_Ekspres_Darajevo-1.jpg 606w\" sizes=\"auto, 250px\"\/><\/a><\/div><div class=\"sgb-item\"><a href=\"https:\/\/vremeplov.ba\/2025\/pruga-normalnog-kolosijeka\/jahorina_ekspres_darajevo-2\/\" target=\"_blank\"><img decoding=\"async\" alt=\"\" width=\"950\" height=\"597\" loading=\"lazy\" src=\"https:\/\/vremeplov.ba\/2025\/wp-content\/uploads\/2025\/04\/Jahorina_Ekspres_Darajevo-2.jpg\" srcset=\",https:\/\/vremeplov.ba\/2025\/wp-content\/uploads\/2025\/04\/Jahorina_Ekspres_Darajevo-2.jpg 950w\" sizes=\"auto, 250px\"\/><\/a><\/div><div class=\"sgb-item\"><a href=\"https:\/\/vremeplov.ba\/2025\/pruga-normalnog-kolosijeka\/jelina_1970\/\" target=\"_blank\"><img decoding=\"async\" alt=\"\" width=\"950\" height=\"604\" loading=\"lazy\" src=\"https:\/\/vremeplov.ba\/2025\/wp-content\/uploads\/2025\/04\/Jelina_1970.jpg\" srcset=\",https:\/\/vremeplov.ba\/2025\/wp-content\/uploads\/2025\/04\/Jelina_1970.jpg 950w\" sizes=\"auto, 250px\"\/><\/a><\/div><div class=\"sgb-item\"><a href=\"https:\/\/vremeplov.ba\/2025\/pruga-normalnog-kolosijeka\/jz_11_banja_luka\/\" target=\"_blank\"><img decoding=\"async\" alt=\"\" width=\"950\" height=\"538\" loading=\"lazy\" src=\"https:\/\/vremeplov.ba\/2025\/wp-content\/uploads\/2025\/04\/JZ_11_Banja_Luka.jpg\" srcset=\",https:\/\/vremeplov.ba\/2025\/wp-content\/uploads\/2025\/04\/JZ_11_Banja_Luka.jpg 950w\" sizes=\"auto, 250px\"\/><\/a><\/div><div class=\"sgb-item\"><a href=\"https:\/\/vremeplov.ba\/2025\/pruga-normalnog-kolosijeka\/jz_22_70_kasacija\/\" target=\"_blank\"><img decoding=\"async\" alt=\"\" width=\"667\" height=\"950\" loading=\"lazy\" src=\"https:\/\/vremeplov.ba\/2025\/wp-content\/uploads\/2025\/04\/JZ_22_70_kasacija.jpg\" srcset=\",https:\/\/vremeplov.ba\/2025\/wp-content\/uploads\/2025\/04\/JZ_22_70_kasacija.jpg 667w\" sizes=\"auto, 250px\"\/><\/a><\/div><div class=\"sgb-item\"><a href=\"https:\/\/vremeplov.ba\/2025\/pruga-normalnog-kolosijeka\/jz_22_volinja\/\" target=\"_blank\"><img decoding=\"async\" alt=\"\" width=\"950\" height=\"645\" loading=\"lazy\" src=\"https:\/\/vremeplov.ba\/2025\/wp-content\/uploads\/2025\/04\/JZ_22_Volinja.jpg\" srcset=\",https:\/\/vremeplov.ba\/2025\/wp-content\/uploads\/2025\/04\/JZ_22_Volinja.jpg 950w\" sizes=\"auto, 250px\"\/><\/a><\/div><div class=\"sgb-item\"><a href=\"https:\/\/vremeplov.ba\/2025\/pruga-normalnog-kolosijeka\/jz-33-124\/\" target=\"_blank\"><img decoding=\"async\" alt=\"\" width=\"950\" height=\"945\" loading=\"lazy\" src=\"https:\/\/vremeplov.ba\/2025\/wp-content\/uploads\/2025\/04\/JZ-33-124.jpg\" srcset=\",https:\/\/vremeplov.ba\/2025\/wp-content\/uploads\/2025\/04\/JZ-33-124.jpg 950w\" sizes=\"auto, 250px\"\/><\/a><\/div><div class=\"sgb-item\"><a href=\"https:\/\/vremeplov.ba\/2025\/pruga-normalnog-kolosijeka\/jz-33-208\/\" target=\"_blank\"><img decoding=\"async\" alt=\"\" width=\"950\" height=\"964\" loading=\"lazy\" src=\"https:\/\/vremeplov.ba\/2025\/wp-content\/uploads\/2025\/04\/JZ-33-208.jpg\" srcset=\",https:\/\/vremeplov.ba\/2025\/wp-content\/uploads\/2025\/04\/JZ-33-208.jpg 950w\" sizes=\"auto, 250px\"\/><\/a><\/div><div class=\"sgb-item\"><a href=\"https:\/\/vremeplov.ba\/2025\/pruga-normalnog-kolosijeka\/jz-441_002\/\" target=\"_blank\"><img decoding=\"async\" alt=\"\" width=\"658\" height=\"950\" loading=\"lazy\" src=\"https:\/\/vremeplov.ba\/2025\/wp-content\/uploads\/2025\/04\/JZ-441_002.jpg\" srcset=\",https:\/\/vremeplov.ba\/2025\/wp-content\/uploads\/2025\/04\/JZ-441_002.jpg 658w\" sizes=\"auto, 250px\"\/><\/a><\/div><div class=\"sgb-item\"><a href=\"https:\/\/vremeplov.ba\/2025\/pruga-normalnog-kolosijeka\/jz-441_419\/\" target=\"_blank\"><img decoding=\"async\" alt=\"\" width=\"950\" height=\"675\" loading=\"lazy\" src=\"https:\/\/vremeplov.ba\/2025\/wp-content\/uploads\/2025\/04\/jz-441_419.jpg\" srcset=\",https:\/\/vremeplov.ba\/2025\/wp-content\/uploads\/2025\/04\/jz-441_419.jpg 950w\" sizes=\"auto, 250px\"\/><\/a><\/div><div class=\"sgb-item\"><a href=\"https:\/\/vremeplov.ba\/2025\/pruga-normalnog-kolosijeka\/kakanj_1998_dizelka\/\" target=\"_blank\"><img decoding=\"async\" alt=\"\" width=\"950\" height=\"669\" loading=\"lazy\" src=\"https:\/\/vremeplov.ba\/2025\/wp-content\/uploads\/2025\/04\/Kakanj_1998_dizelka.jpg\" srcset=\",https:\/\/vremeplov.ba\/2025\/wp-content\/uploads\/2025\/04\/Kakanj_1998_dizelka.jpg 950w\" sizes=\"auto, 250px\"\/><\/a><\/div><div class=\"sgb-item\"><a href=\"https:\/\/vremeplov.ba\/2025\/pruga-normalnog-kolosijeka\/kakanj_elektrifikacija\/\" target=\"_blank\"><img decoding=\"async\" alt=\"\" width=\"950\" height=\"627\" loading=\"lazy\" src=\"https:\/\/vremeplov.ba\/2025\/wp-content\/uploads\/2025\/04\/Kakanj_Elektrifikacija.jpg\" srcset=\",https:\/\/vremeplov.ba\/2025\/wp-content\/uploads\/2025\/04\/Kakanj_Elektrifikacija.jpg 950w\" sizes=\"auto, 250px\"\/><\/a><\/div><div class=\"sgb-item\"><a href=\"https:\/\/vremeplov.ba\/2025\/pruga-normalnog-kolosijeka\/kakanj_loko_rudnik\/\" target=\"_blank\"><img decoding=\"async\" alt=\"\" width=\"950\" height=\"667\" loading=\"lazy\" src=\"https:\/\/vremeplov.ba\/2025\/wp-content\/uploads\/2025\/04\/Kakanj_Loko_rudnik.jpg\" srcset=\",https:\/\/vremeplov.ba\/2025\/wp-content\/uploads\/2025\/04\/Kakanj_Loko_rudnik.jpg 950w\" sizes=\"auto, 250px\"\/><\/a><\/div><div class=\"sgb-item\"><a href=\"https:\/\/vremeplov.ba\/2025\/pruga-normalnog-kolosijeka\/kakanj-most\/\" target=\"_blank\"><img decoding=\"async\" alt=\"\" width=\"1054\" height=\"1500\" loading=\"lazy\" src=\"https:\/\/vremeplov.ba\/2025\/wp-content\/uploads\/2025\/04\/Kakanj-most.jpg\" srcset=\",https:\/\/vremeplov.ba\/2025\/wp-content\/uploads\/2025\/04\/Kakanj-most.jpg 1054w\" sizes=\"auto, 250px\"\/><\/a><\/div><div class=\"sgb-item\"><a href=\"https:\/\/vremeplov.ba\/2025\/pruga-normalnog-kolosijeka\/kardeljevo\/\" target=\"_blank\"><img decoding=\"async\" alt=\"\" width=\"950\" height=\"580\" loading=\"lazy\" src=\"https:\/\/vremeplov.ba\/2025\/wp-content\/uploads\/2025\/04\/Kardeljevo.jpg\" srcset=\",https:\/\/vremeplov.ba\/2025\/wp-content\/uploads\/2025\/04\/Kardeljevo.jpg 950w\" sizes=\"auto, 250px\"\/><\/a><\/div><div class=\"sgb-item\"><a href=\"https:\/\/vremeplov.ba\/2025\/pruga-normalnog-kolosijeka\/kardeljevo_ljeto\/\" target=\"_blank\"><img decoding=\"async\" alt=\"\" width=\"950\" height=\"590\" loading=\"lazy\" src=\"https:\/\/vremeplov.ba\/2025\/wp-content\/uploads\/2025\/04\/Kardeljevo_ljeto.jpg\" srcset=\",https:\/\/vremeplov.ba\/2025\/wp-content\/uploads\/2025\/04\/Kardeljevo_ljeto.jpg 950w\" sizes=\"auto, 250px\"\/><\/a><\/div><div class=\"sgb-item\"><a href=\"https:\/\/vremeplov.ba\/2025\/pruga-normalnog-kolosijeka\/kenedijevka-661-302\/\" target=\"_blank\"><img decoding=\"async\" alt=\"\" width=\"950\" height=\"633\" loading=\"lazy\" src=\"https:\/\/vremeplov.ba\/2025\/wp-content\/uploads\/2025\/04\/Kenedijevka-661-302.jpg\" srcset=\",https:\/\/vremeplov.ba\/2025\/wp-content\/uploads\/2025\/04\/Kenedijevka-661-302.jpg 950w\" sizes=\"auto, 250px\"\/><\/a><\/div><div class=\"sgb-item\"><a href=\"https:\/\/vremeplov.ba\/2025\/pruga-normalnog-kolosijeka\/kondukter_dusko\/\" target=\"_blank\"><img decoding=\"async\" alt=\"\" width=\"591\" height=\"950\" loading=\"lazy\" src=\"https:\/\/vremeplov.ba\/2025\/wp-content\/uploads\/2025\/04\/Kondukter_Dusko.jpg\" srcset=\",https:\/\/vremeplov.ba\/2025\/wp-content\/uploads\/2025\/04\/Kondukter_Dusko.jpg 591w\" sizes=\"auto, 250px\"\/><\/a><\/div><div class=\"sgb-item\"><a href=\"https:\/\/vremeplov.ba\/2025\/pruga-normalnog-kolosijeka\/kondukter_ismet\/\" target=\"_blank\"><img decoding=\"async\" alt=\"\" width=\"670\" height=\"950\" loading=\"lazy\" src=\"https:\/\/vremeplov.ba\/2025\/wp-content\/uploads\/2025\/04\/Kondukter_Ismet.jpg\" srcset=\",https:\/\/vremeplov.ba\/2025\/wp-content\/uploads\/2025\/04\/Kondukter_Ismet.jpg 670w\" sizes=\"auto, 250px\"\/><\/a><\/div><div class=\"sgb-item\"><a href=\"https:\/\/vremeplov.ba\/2025\/pruga-normalnog-kolosijeka\/konjic\/\" target=\"_blank\"><img decoding=\"async\" alt=\"\" width=\"691\" height=\"950\" loading=\"lazy\" src=\"https:\/\/vremeplov.ba\/2025\/wp-content\/uploads\/2025\/04\/Konjic.jpg\" srcset=\",https:\/\/vremeplov.ba\/2025\/wp-content\/uploads\/2025\/04\/Konjic.jpg 691w\" sizes=\"auto, 250px\"\/><\/a><\/div><div class=\"sgb-item\"><a href=\"https:\/\/vremeplov.ba\/2025\/pruga-normalnog-kolosijeka\/konjic_peroni\/\" target=\"_blank\"><img decoding=\"async\" alt=\"\" width=\"950\" height=\"656\" loading=\"lazy\" src=\"https:\/\/vremeplov.ba\/2025\/wp-content\/uploads\/2025\/04\/Konjic_peroni.jpg\" srcset=\",https:\/\/vremeplov.ba\/2025\/wp-content\/uploads\/2025\/04\/Konjic_peroni.jpg 950w\" sizes=\"auto, 250px\"\/><\/a><\/div><div class=\"sgb-item\"><a href=\"https:\/\/vremeplov.ba\/2025\/pruga-normalnog-kolosijeka\/konjic_st\/\" target=\"_blank\"><img decoding=\"async\" alt=\"\" width=\"950\" height=\"578\" loading=\"lazy\" src=\"https:\/\/vremeplov.ba\/2025\/wp-content\/uploads\/2025\/04\/Konjic_st.jpg\" srcset=\",https:\/\/vremeplov.ba\/2025\/wp-content\/uploads\/2025\/04\/Konjic_st.jpg 950w\" sizes=\"auto, 250px\"\/><\/a><\/div><div class=\"sgb-item\"><a href=\"https:\/\/vremeplov.ba\/2025\/pruga-normalnog-kolosijeka\/konjic_stanica_1967\/\" target=\"_blank\"><img decoding=\"async\" alt=\"\" width=\"950\" height=\"611\" loading=\"lazy\" src=\"https:\/\/vremeplov.ba\/2025\/wp-content\/uploads\/2025\/04\/Konjic_stanica_1967.jpg\" srcset=\",https:\/\/vremeplov.ba\/2025\/wp-content\/uploads\/2025\/04\/Konjic_stanica_1967.jpg 950w\" sizes=\"auto, 250px\"\/><\/a><\/div><div class=\"sgb-item\"><a href=\"https:\/\/vremeplov.ba\/2025\/pruga-normalnog-kolosijeka\/kontenjeri\/\" target=\"_blank\"><img decoding=\"async\" alt=\"\" width=\"1100\" height=\"682\" loading=\"lazy\" src=\"https:\/\/vremeplov.ba\/2025\/wp-content\/uploads\/2025\/04\/kontenjeri.jpg\" srcset=\",https:\/\/vremeplov.ba\/2025\/wp-content\/uploads\/2025\/04\/kontenjeri.jpg 1100w\" sizes=\"auto, 250px\"\/><\/a><\/div><div class=\"sgb-item\"><a href=\"https:\/\/vremeplov.ba\/2025\/pruga-normalnog-kolosijeka\/koprivna_gornja\/\" target=\"_blank\"><img decoding=\"async\" alt=\"\" width=\"950\" height=\"739\" loading=\"lazy\" src=\"https:\/\/vremeplov.ba\/2025\/wp-content\/uploads\/2025\/04\/Koprivna_Gornja.jpg\" srcset=\",https:\/\/vremeplov.ba\/2025\/wp-content\/uploads\/2025\/04\/Koprivna_Gornja.jpg 950w\" sizes=\"auto, 250px\"\/><\/a><\/div><div class=\"sgb-item\"><a href=\"https:\/\/vremeplov.ba\/2025\/pruga-normalnog-kolosijeka\/kreka-nova\/\" target=\"_blank\"><img decoding=\"async\" alt=\"\" width=\"950\" height=\"651\" loading=\"lazy\" src=\"https:\/\/vremeplov.ba\/2025\/wp-content\/uploads\/2025\/04\/Kreka-Nova.jpg\" srcset=\",https:\/\/vremeplov.ba\/2025\/wp-content\/uploads\/2025\/04\/Kreka-Nova.jpg 950w\" sizes=\"auto, 250px\"\/><\/a><\/div><div class=\"sgb-item\"><a href=\"https:\/\/vremeplov.ba\/2025\/pruga-normalnog-kolosijeka\/kulen-vakuf\/\" target=\"_blank\"><img decoding=\"async\" alt=\"\" width=\"950\" height=\"643\" loading=\"lazy\" src=\"https:\/\/vremeplov.ba\/2025\/wp-content\/uploads\/2025\/04\/Kulen-Vakuf.jpg\" srcset=\",https:\/\/vremeplov.ba\/2025\/wp-content\/uploads\/2025\/04\/Kulen-Vakuf.jpg 950w\" sizes=\"auto, 250px\"\/><\/a><\/div><div class=\"sgb-item\"><a href=\"https:\/\/vremeplov.ba\/2025\/pruga-normalnog-kolosijeka\/las_kola\/\" target=\"_blank\"><img decoding=\"async\" alt=\"\" width=\"950\" height=\"717\" loading=\"lazy\" src=\"https:\/\/vremeplov.ba\/2025\/wp-content\/uploads\/2025\/04\/LAS_kola.jpg\" srcset=\",https:\/\/vremeplov.ba\/2025\/wp-content\/uploads\/2025\/04\/LAS_kola.jpg 950w\" sizes=\"auto, 250px\"\/><\/a><\/div><div class=\"sgb-item\"><a href=\"https:\/\/vremeplov.ba\/2025\/pruga-normalnog-kolosijeka\/lasva_st\/\" target=\"_blank\"><img decoding=\"async\" alt=\"\" width=\"950\" height=\"629\" loading=\"lazy\" src=\"https:\/\/vremeplov.ba\/2025\/wp-content\/uploads\/2025\/04\/Lasva_st.jpg\" srcset=\",https:\/\/vremeplov.ba\/2025\/wp-content\/uploads\/2025\/04\/Lasva_st.jpg 950w\" sizes=\"auto, 250px\"\/><\/a><\/div><div class=\"sgb-item\"><a href=\"https:\/\/vremeplov.ba\/2025\/pruga-normalnog-kolosijeka\/ljubace\/\" target=\"_blank\"><img decoding=\"async\" alt=\"\" width=\"950\" height=\"650\" loading=\"lazy\" src=\"https:\/\/vremeplov.ba\/2025\/wp-content\/uploads\/2025\/04\/Ljubace.jpg\" srcset=\",https:\/\/vremeplov.ba\/2025\/wp-content\/uploads\/2025\/04\/Ljubace.jpg 950w\" sizes=\"auto, 250px\"\/><\/a><\/div><div class=\"sgb-item\"><a href=\"https:\/\/vremeplov.ba\/2025\/pruga-normalnog-kolosijeka\/lok-662-nada\/\" target=\"_blank\"><img decoding=\"async\" alt=\"\" width=\"950\" height=\"597\" loading=\"lazy\" src=\"https:\/\/vremeplov.ba\/2025\/wp-content\/uploads\/2025\/04\/Lok.662-Nada.jpg\" srcset=\",https:\/\/vremeplov.ba\/2025\/wp-content\/uploads\/2025\/04\/Lok.662-Nada.jpg 950w\" sizes=\"auto, 250px\"\/><\/a><\/div><div class=\"sgb-item\"><a href=\"https:\/\/vremeplov.ba\/2025\/pruga-normalnog-kolosijeka\/loko_11_054_sarajevo\/\" target=\"_blank\"><img decoding=\"async\" alt=\"\" width=\"950\" height=\"605\" loading=\"lazy\" src=\"https:\/\/vremeplov.ba\/2025\/wp-content\/uploads\/2025\/04\/Loko_11_054_Sarajevo.jpg\" srcset=\",https:\/\/vremeplov.ba\/2025\/wp-content\/uploads\/2025\/04\/Loko_11_054_Sarajevo.jpg 950w\" sizes=\"auto, 250px\"\/><\/a><\/div><div class=\"sgb-item\"><a href=\"https:\/\/vremeplov.ba\/2025\/pruga-normalnog-kolosijeka\/lokomotiva-vranduk\/\" target=\"_blank\"><img decoding=\"async\" alt=\"\" width=\"950\" height=\"675\" loading=\"lazy\" src=\"https:\/\/vremeplov.ba\/2025\/wp-content\/uploads\/2025\/04\/Lokomotiva-Vranduk.jpg\" srcset=\",https:\/\/vremeplov.ba\/2025\/wp-content\/uploads\/2025\/04\/Lokomotiva-Vranduk.jpg 950w\" sizes=\"auto, 250px\"\/><\/a><\/div><div class=\"sgb-item\"><a href=\"https:\/\/vremeplov.ba\/2025\/pruga-normalnog-kolosijeka\/maglaj_be\/\" target=\"_blank\"><img decoding=\"async\" alt=\"\" width=\"950\" height=\"614\" loading=\"lazy\" src=\"https:\/\/vremeplov.ba\/2025\/wp-content\/uploads\/2025\/04\/Maglaj_BE.jpg\" srcset=\",https:\/\/vremeplov.ba\/2025\/wp-content\/uploads\/2025\/04\/Maglaj_BE.jpg 950w\" sizes=\"auto, 250px\"\/><\/a><\/div><div class=\"sgb-item\"><a href=\"https:\/\/vremeplov.ba\/2025\/pruga-normalnog-kolosijeka\/maglaj_st\/\" target=\"_blank\"><img decoding=\"async\" alt=\"\" width=\"950\" height=\"592\" loading=\"lazy\" src=\"https:\/\/vremeplov.ba\/2025\/wp-content\/uploads\/2025\/04\/Maglaj_st.jpg\" srcset=\",https:\/\/vremeplov.ba\/2025\/wp-content\/uploads\/2025\/04\/Maglaj_st.jpg 950w\" sizes=\"auto, 250px\"\/><\/a><\/div><div class=\"sgb-item\"><a href=\"https:\/\/vremeplov.ba\/2025\/pruga-normalnog-kolosijeka\/masinovodja\/\" target=\"_blank\"><img decoding=\"async\" alt=\"\" width=\"950\" height=\"919\" loading=\"lazy\" src=\"https:\/\/vremeplov.ba\/2025\/wp-content\/uploads\/2025\/04\/masinovodja.jpg\" srcset=\",https:\/\/vremeplov.ba\/2025\/wp-content\/uploads\/2025\/04\/masinovodja.jpg 950w\" sizes=\"auto, 250px\"\/><\/a><\/div><div class=\"sgb-item\"><a href=\"https:\/\/vremeplov.ba\/2025\/pruga-normalnog-kolosijeka\/matura_1998\/\" target=\"_blank\"><img decoding=\"async\" alt=\"\" width=\"1417\" height=\"945\" loading=\"lazy\" src=\"https:\/\/vremeplov.ba\/2025\/wp-content\/uploads\/2025\/04\/Matura_1998.jpg\" srcset=\",https:\/\/vremeplov.ba\/2025\/wp-content\/uploads\/2025\/04\/Matura_1998.jpg 1417w\" sizes=\"auto, 250px\"\/><\/a><\/div><div class=\"sgb-item\"><a href=\"https:\/\/vremeplov.ba\/2025\/pruga-normalnog-kolosijeka\/mavag_411_415\/\" target=\"_blank\"><img decoding=\"async\" alt=\"\" width=\"950\" height=\"609\" loading=\"lazy\" src=\"https:\/\/vremeplov.ba\/2025\/wp-content\/uploads\/2025\/04\/MAVAG_411_415.jpg\" srcset=\",https:\/\/vremeplov.ba\/2025\/wp-content\/uploads\/2025\/04\/MAVAG_411_415.jpg 950w\" sizes=\"auto, 250px\"\/><\/a><\/div><div class=\"sgb-item\"><a href=\"https:\/\/vremeplov.ba\/2025\/pruga-normalnog-kolosijeka\/milicioner\/\" target=\"_blank\"><img decoding=\"async\" alt=\"\" width=\"950\" height=\"969\" loading=\"lazy\" src=\"https:\/\/vremeplov.ba\/2025\/wp-content\/uploads\/2025\/04\/Milicioner.jpg\" srcset=\",https:\/\/vremeplov.ba\/2025\/wp-content\/uploads\/2025\/04\/Milicioner.jpg 950w\" sizes=\"auto, 250px\"\/><\/a><\/div><div class=\"sgb-item\"><a href=\"https:\/\/vremeplov.ba\/2025\/pruga-normalnog-kolosijeka\/most_brcko\/\" target=\"_blank\"><img decoding=\"async\" alt=\"\" width=\"950\" height=\"618\" loading=\"lazy\" src=\"https:\/\/vremeplov.ba\/2025\/wp-content\/uploads\/2025\/04\/Most_Brcko.jpg\" srcset=\",https:\/\/vremeplov.ba\/2025\/wp-content\/uploads\/2025\/04\/Most_Brcko.jpg 950w\" sizes=\"auto, 250px\"\/><\/a><\/div><div class=\"sgb-item\"><a href=\"https:\/\/vremeplov.ba\/2025\/pruga-normalnog-kolosijeka\/mostar_dmu_812\/\" target=\"_blank\"><img decoding=\"async\" alt=\"\" width=\"837\" height=\"950\" loading=\"lazy\" src=\"https:\/\/vremeplov.ba\/2025\/wp-content\/uploads\/2025\/04\/Mostar_dmu_812.jpg\" srcset=\",https:\/\/vremeplov.ba\/2025\/wp-content\/uploads\/2025\/04\/Mostar_dmu_812.jpg 837w\" sizes=\"auto, 250px\"\/><\/a><\/div><div class=\"sgb-item\"><a href=\"https:\/\/vremeplov.ba\/2025\/pruga-normalnog-kolosijeka\/mostar_emv\/\" target=\"_blank\"><img decoding=\"async\" alt=\"\" width=\"950\" height=\"684\" loading=\"lazy\" src=\"https:\/\/vremeplov.ba\/2025\/wp-content\/uploads\/2025\/04\/Mostar_EMV.jpg\" srcset=\",https:\/\/vremeplov.ba\/2025\/wp-content\/uploads\/2025\/04\/Mostar_EMV.jpg 950w\" sizes=\"auto, 250px\"\/><\/a><\/div><div class=\"sgb-item\"><a href=\"https:\/\/vremeplov.ba\/2025\/pruga-normalnog-kolosijeka\/mostar_maj_1969\/\" target=\"_blank\"><img decoding=\"async\" alt=\"\" width=\"950\" height=\"669\" loading=\"lazy\" src=\"https:\/\/vremeplov.ba\/2025\/wp-content\/uploads\/2025\/04\/Mostar_maj_1969.jpg\" srcset=\",https:\/\/vremeplov.ba\/2025\/wp-content\/uploads\/2025\/04\/Mostar_maj_1969.jpg 950w\" sizes=\"auto, 250px\"\/><\/a><\/div><div class=\"sgb-item\"><a href=\"https:\/\/vremeplov.ba\/2025\/pruga-normalnog-kolosijeka\/mostar_nova_st\/\" target=\"_blank\"><img decoding=\"async\" alt=\"\" width=\"950\" height=\"626\" loading=\"lazy\" src=\"https:\/\/vremeplov.ba\/2025\/wp-content\/uploads\/2025\/04\/Mostar_nova_st.jpg\" srcset=\",https:\/\/vremeplov.ba\/2025\/wp-content\/uploads\/2025\/04\/Mostar_nova_st.jpg 950w\" sizes=\"auto, 250px\"\/><\/a><\/div><div class=\"sgb-item\"><a href=\"https:\/\/vremeplov.ba\/2025\/pruga-normalnog-kolosijeka\/mostar_proslava-1\/\" target=\"_blank\"><img decoding=\"async\" alt=\"\" width=\"950\" height=\"582\" loading=\"lazy\" src=\"https:\/\/vremeplov.ba\/2025\/wp-content\/uploads\/2025\/04\/mostar_proslava-1.jpg\" srcset=\",https:\/\/vremeplov.ba\/2025\/wp-content\/uploads\/2025\/04\/mostar_proslava-1.jpg 950w\" sizes=\"auto, 250px\"\/><\/a><\/div><div class=\"sgb-item\"><a href=\"https:\/\/vremeplov.ba\/2025\/pruga-normalnog-kolosijeka\/mostar_proslava-2\/\" target=\"_blank\"><img decoding=\"async\" alt=\"\" width=\"950\" height=\"636\" loading=\"lazy\" src=\"https:\/\/vremeplov.ba\/2025\/wp-content\/uploads\/2025\/04\/mostar_proslava-2.jpg\" srcset=\",https:\/\/vremeplov.ba\/2025\/wp-content\/uploads\/2025\/04\/mostar_proslava-2.jpg 950w\" sizes=\"auto, 250px\"\/><\/a><\/div><div class=\"sgb-item\"><a href=\"https:\/\/vremeplov.ba\/2025\/pruga-normalnog-kolosijeka\/mostar_stanica_1966\/\" target=\"_blank\"><img decoding=\"async\" alt=\"\" width=\"950\" height=\"637\" loading=\"lazy\" src=\"https:\/\/vremeplov.ba\/2025\/wp-content\/uploads\/2025\/04\/Mostar_Stanica_1966.jpg\" srcset=\",https:\/\/vremeplov.ba\/2025\/wp-content\/uploads\/2025\/04\/Mostar_Stanica_1966.jpg 950w\" sizes=\"auto, 250px\"\/><\/a><\/div><div class=\"sgb-item\"><a href=\"https:\/\/vremeplov.ba\/2025\/pruga-normalnog-kolosijeka\/mostar_stanica_nova\/\" target=\"_blank\"><img decoding=\"async\" alt=\"\" width=\"950\" height=\"674\" loading=\"lazy\" src=\"https:\/\/vremeplov.ba\/2025\/wp-content\/uploads\/2025\/04\/Mostar_stanica_nova.jpg\" srcset=\",https:\/\/vremeplov.ba\/2025\/wp-content\/uploads\/2025\/04\/Mostar_stanica_nova.jpg 950w\" sizes=\"auto, 250px\"\/><\/a><\/div><div class=\"sgb-item\"><a href=\"https:\/\/vremeplov.ba\/2025\/pruga-normalnog-kolosijeka\/mostar-1\/\" target=\"_blank\"><img decoding=\"async\" alt=\"\" width=\"950\" height=\"621\" loading=\"lazy\" src=\"https:\/\/vremeplov.ba\/2025\/wp-content\/uploads\/2025\/04\/Mostar-1.jpg\" srcset=\",https:\/\/vremeplov.ba\/2025\/wp-content\/uploads\/2025\/04\/Mostar-1.jpg 950w\" sizes=\"auto, 250px\"\/><\/a><\/div><div class=\"sgb-item\"><a href=\"https:\/\/vremeplov.ba\/2025\/pruga-normalnog-kolosijeka\/mostar-2\/\" target=\"_blank\"><img decoding=\"async\" alt=\"\" width=\"950\" height=\"688\" loading=\"lazy\" src=\"https:\/\/vremeplov.ba\/2025\/wp-content\/uploads\/2025\/04\/Mostar-2.jpg\" srcset=\",https:\/\/vremeplov.ba\/2025\/wp-content\/uploads\/2025\/04\/Mostar-2.jpg 950w\" sizes=\"auto, 250px\"\/><\/a><\/div><div class=\"sgb-item\"><a href=\"https:\/\/vremeplov.ba\/2025\/pruga-normalnog-kolosijeka\/mostar-1971\/\" target=\"_blank\"><img decoding=\"async\" alt=\"\" width=\"950\" height=\"679\" loading=\"lazy\" src=\"https:\/\/vremeplov.ba\/2025\/wp-content\/uploads\/2025\/04\/Mostar-1971.jpg\" srcset=\",https:\/\/vremeplov.ba\/2025\/wp-content\/uploads\/2025\/04\/Mostar-1971.jpg 950w\" sizes=\"auto, 250px\"\/><\/a><\/div><div class=\"sgb-item\"><a href=\"https:\/\/vremeplov.ba\/2025\/pruga-normalnog-kolosijeka\/mostar-blagajna\/\" target=\"_blank\"><img decoding=\"async\" alt=\"\" width=\"950\" height=\"664\" loading=\"lazy\" src=\"https:\/\/vremeplov.ba\/2025\/wp-content\/uploads\/2025\/04\/Mostar-blagajna.jpg\" srcset=\",https:\/\/vremeplov.ba\/2025\/wp-content\/uploads\/2025\/04\/Mostar-blagajna.jpg 950w\" sizes=\"auto, 250px\"\/><\/a><\/div><div class=\"sgb-item\"><a href=\"https:\/\/vremeplov.ba\/2025\/pruga-normalnog-kolosijeka\/mostar-teretna-e\/\" target=\"_blank\"><img decoding=\"async\" alt=\"\" width=\"950\" height=\"613\" loading=\"lazy\" src=\"https:\/\/vremeplov.ba\/2025\/wp-content\/uploads\/2025\/04\/Mostar-Teretna-e.jpg\" srcset=\",https:\/\/vremeplov.ba\/2025\/wp-content\/uploads\/2025\/04\/Mostar-Teretna-e.jpg 950w\" sizes=\"auto, 250px\"\/><\/a><\/div><div class=\"sgb-item\"><a href=\"https:\/\/vremeplov.ba\/2025\/pruga-normalnog-kolosijeka\/motor_salon_vip\/\" target=\"_blank\"><img decoding=\"async\" alt=\"\" width=\"950\" height=\"934\" loading=\"lazy\" src=\"https:\/\/vremeplov.ba\/2025\/wp-content\/uploads\/2025\/04\/Motor_salon_VIP.jpg\" srcset=\",https:\/\/vremeplov.ba\/2025\/wp-content\/uploads\/2025\/04\/Motor_salon_VIP.jpg 950w\" sizes=\"auto, 250px\"\/><\/a><\/div><div class=\"sgb-item\"><a href=\"https:\/\/vremeplov.ba\/2025\/pruga-normalnog-kolosijeka\/ganz-mavag-411-415\/\" target=\"_blank\"><img decoding=\"async\" alt=\"\" width=\"950\" height=\"896\" loading=\"lazy\" src=\"https:\/\/vremeplov.ba\/2025\/wp-content\/uploads\/2025\/04\/N.-1-1.jpg\" srcset=\",https:\/\/vremeplov.ba\/2025\/wp-content\/uploads\/2025\/04\/N.-1-1.jpg 950w\" sizes=\"auto, 250px\"\/><\/a><div class=\"sgb-item-caption\"><em>Ganz-MAVAG 411\/415<\/em><\/div><\/div><div class=\"sgb-item\"><a href=\"https:\/\/vremeplov.ba\/2025\/pruga-normalnog-kolosijeka\/ganz-mavag-411-415-2\/\" target=\"_blank\"><img decoding=\"async\" alt=\"\" width=\"950\" height=\"677\" loading=\"lazy\" src=\"https:\/\/vremeplov.ba\/2025\/wp-content\/uploads\/2025\/04\/N.-1-2.jpg\" srcset=\",https:\/\/vremeplov.ba\/2025\/wp-content\/uploads\/2025\/04\/N.-1-2.jpg 950w\" sizes=\"auto, 250px\"\/><\/a><div class=\"sgb-item-caption\"><em>Ganz-MAVAG 411\/415<\/em><\/div><\/div><div class=\"sgb-item\"><a href=\"https:\/\/vremeplov.ba\/2025\/pruga-normalnog-kolosijeka\/ganz-mavag-411-415-3\/\" target=\"_blank\"><img decoding=\"async\" alt=\"\" width=\"950\" height=\"658\" loading=\"lazy\" src=\"https:\/\/vremeplov.ba\/2025\/wp-content\/uploads\/2025\/04\/N.-1-4.jpg\" srcset=\",https:\/\/vremeplov.ba\/2025\/wp-content\/uploads\/2025\/04\/N.-1-4.jpg 950w\" sizes=\"auto, 250px\"\/><\/a><div class=\"sgb-item-caption\"><em>Ganz-MAVAG 411\/415<\/em><\/div><\/div><div class=\"sgb-item\"><a href=\"https:\/\/vremeplov.ba\/2025\/pruga-normalnog-kolosijeka\/n-1-5-1\/\" target=\"_blank\"><img decoding=\"async\" alt=\"\" width=\"950\" height=\"615\" loading=\"lazy\" src=\"https:\/\/vremeplov.ba\/2025\/wp-content\/uploads\/2025\/04\/N.-1-5.1.jpg\" srcset=\",https:\/\/vremeplov.ba\/2025\/wp-content\/uploads\/2025\/04\/N.-1-5.1.jpg 950w\" sizes=\"auto, 250px\"\/><\/a><\/div><div class=\"sgb-item\"><a href=\"https:\/\/vremeplov.ba\/2025\/pruga-normalnog-kolosijeka\/ganz-mavag-411-415-4\/\" target=\"_blank\"><img decoding=\"async\" alt=\"\" width=\"950\" height=\"599\" loading=\"lazy\" src=\"https:\/\/vremeplov.ba\/2025\/wp-content\/uploads\/2025\/04\/N.-1-5.jpg\" srcset=\",https:\/\/vremeplov.ba\/2025\/wp-content\/uploads\/2025\/04\/N.-1-5.jpg 950w\" sizes=\"auto, 250px\"\/><\/a><div class=\"sgb-item-caption\"><em>Ganz-MAVAG 411\/415<\/em><\/div><\/div><div class=\"sgb-item\"><a href=\"https:\/\/vremeplov.ba\/2025\/pruga-normalnog-kolosijeka\/n-1-6-1\/\" target=\"_blank\"><img decoding=\"async\" alt=\"\" width=\"950\" height=\"614\" loading=\"lazy\" src=\"https:\/\/vremeplov.ba\/2025\/wp-content\/uploads\/2025\/04\/N.-1-6.1.jpg\" srcset=\",https:\/\/vremeplov.ba\/2025\/wp-content\/uploads\/2025\/04\/N.-1-6.1.jpg 950w\" sizes=\"auto, 250px\"\/><\/a><\/div><div class=\"sgb-item\"><a href=\"https:\/\/vremeplov.ba\/2025\/pruga-normalnog-kolosijeka\/n-1-6-2\/\" target=\"_blank\"><img decoding=\"async\" alt=\"\" width=\"950\" height=\"663\" loading=\"lazy\" src=\"https:\/\/vremeplov.ba\/2025\/wp-content\/uploads\/2025\/04\/N.-1-6.2.jpg\" srcset=\",https:\/\/vremeplov.ba\/2025\/wp-content\/uploads\/2025\/04\/N.-1-6.2.jpg 950w\" sizes=\"auto, 250px\"\/><\/a><\/div><div class=\"sgb-item\"><a href=\"https:\/\/vremeplov.ba\/2025\/pruga-normalnog-kolosijeka\/ganz-mavag-411-415-5\/\" target=\"_blank\"><img decoding=\"async\" alt=\"\" width=\"950\" height=\"596\" loading=\"lazy\" src=\"https:\/\/vremeplov.ba\/2025\/wp-content\/uploads\/2025\/04\/N.-1-6.jpg\" srcset=\",https:\/\/vremeplov.ba\/2025\/wp-content\/uploads\/2025\/04\/N.-1-6.jpg 950w\" sizes=\"auto, 250px\"\/><\/a><div class=\"sgb-item-caption\"><em>Ganz-MAVAG 411\/415<\/em><\/div><\/div><div class=\"sgb-item\"><a href=\"https:\/\/vremeplov.ba\/2025\/pruga-normalnog-kolosijeka\/sinobus-812\/\" target=\"_blank\"><img decoding=\"async\" alt=\"\" width=\"950\" height=\"642\" loading=\"lazy\" src=\"https:\/\/vremeplov.ba\/2025\/wp-content\/uploads\/2025\/04\/N.-1-7.jpg\" srcset=\",https:\/\/vremeplov.ba\/2025\/wp-content\/uploads\/2025\/04\/N.-1-7.jpg 950w\" sizes=\"auto, 250px\"\/><\/a><div class=\"sgb-item-caption\"><em>\u0160inobus 812<\/em><\/div><\/div><div class=\"sgb-item\"><a href=\"https:\/\/vremeplov.ba\/2025\/pruga-normalnog-kolosijeka\/sinobus-812-i-peron-stanice-sarajevo\/\" target=\"_blank\"><img decoding=\"async\" alt=\"\" width=\"950\" height=\"678\" loading=\"lazy\" src=\"https:\/\/vremeplov.ba\/2025\/wp-content\/uploads\/2025\/04\/N.-1-8.jpg\" srcset=\",https:\/\/vremeplov.ba\/2025\/wp-content\/uploads\/2025\/04\/N.-1-8.jpg 950w\" sizes=\"auto, 250px\"\/><\/a><div class=\"sgb-item-caption\"><em>\u0160inobus 812. I peron stanice Sarajevo<\/em><\/div><\/div><div class=\"sgb-item\"><a href=\"https:\/\/vremeplov.ba\/2025\/pruga-normalnog-kolosijeka\/n-1-9\/\" target=\"_blank\"><img decoding=\"async\" alt=\"\" width=\"950\" height=\"621\" loading=\"lazy\" src=\"https:\/\/vremeplov.ba\/2025\/wp-content\/uploads\/2025\/04\/N.-1-9.jpg\" srcset=\",https:\/\/vremeplov.ba\/2025\/wp-content\/uploads\/2025\/04\/N.-1-9.jpg 950w\" sizes=\"auto, 250px\"\/><\/a><\/div><div class=\"sgb-item\"><a href=\"https:\/\/vremeplov.ba\/2025\/pruga-normalnog-kolosijeka\/n-1-10\/\" target=\"_blank\"><img decoding=\"async\" alt=\"\" width=\"950\" height=\"622\" loading=\"lazy\" src=\"https:\/\/vremeplov.ba\/2025\/wp-content\/uploads\/2025\/04\/N.-1-10.jpg\" srcset=\",https:\/\/vremeplov.ba\/2025\/wp-content\/uploads\/2025\/04\/N.-1-10.jpg 950w\" sizes=\"auto, 250px\"\/><\/a><\/div><div class=\"sgb-item\"><a href=\"https:\/\/vremeplov.ba\/2025\/pruga-normalnog-kolosijeka\/n-1-11\/\" target=\"_blank\"><img decoding=\"async\" alt=\"\" width=\"950\" height=\"639\" loading=\"lazy\" src=\"https:\/\/vremeplov.ba\/2025\/wp-content\/uploads\/2025\/04\/N.-1-11.jpg\" srcset=\",https:\/\/vremeplov.ba\/2025\/wp-content\/uploads\/2025\/04\/N.-1-11.jpg 950w\" sizes=\"auto, 250px\"\/><\/a><\/div><div class=\"sgb-item\"><a href=\"https:\/\/vremeplov.ba\/2025\/pruga-normalnog-kolosijeka\/n-1-12\/\" target=\"_blank\"><img decoding=\"async\" alt=\"\" width=\"659\" height=\"950\" loading=\"lazy\" src=\"https:\/\/vremeplov.ba\/2025\/wp-content\/uploads\/2025\/04\/N.-1-12.jpg\" srcset=\",https:\/\/vremeplov.ba\/2025\/wp-content\/uploads\/2025\/04\/N.-1-12.jpg 659w\" sizes=\"auto, 250px\"\/><\/a><\/div><div class=\"sgb-item\"><a href=\"https:\/\/vremeplov.ba\/2025\/pruga-normalnog-kolosijeka\/poslovni-voz-bijelac\/\" target=\"_blank\"><img decoding=\"async\" alt=\"\" width=\"950\" height=\"680\" loading=\"lazy\" src=\"https:\/\/vremeplov.ba\/2025\/wp-content\/uploads\/2025\/04\/N.-1-13.jpg\" srcset=\",https:\/\/vremeplov.ba\/2025\/wp-content\/uploads\/2025\/04\/N.-1-13.jpg 950w\" sizes=\"auto, 250px\"\/><\/a><div class=\"sgb-item-caption\"><em>Poslovni voz &#8220;Bijelac&#8221;<\/em><\/div><\/div><div class=\"sgb-item\"><a href=\"https:\/\/vremeplov.ba\/2025\/pruga-normalnog-kolosijeka\/poslovni-voz-bijelac-2\/\" target=\"_blank\"><img decoding=\"async\" alt=\"\" width=\"950\" height=\"678\" loading=\"lazy\" src=\"https:\/\/vremeplov.ba\/2025\/wp-content\/uploads\/2025\/04\/N.-1-14.jpg\" srcset=\",https:\/\/vremeplov.ba\/2025\/wp-content\/uploads\/2025\/04\/N.-1-14.jpg 950w\" sizes=\"auto, 250px\"\/><\/a><div class=\"sgb-item-caption\"><em>Poslovni voz &#8220;Bijelac&#8221;<\/em><\/div><\/div><div class=\"sgb-item\"><a href=\"https:\/\/vremeplov.ba\/2025\/pruga-normalnog-kolosijeka\/nova-zeljeznicka-stanica-sarajevo-1952-g\/\" target=\"_blank\"><img decoding=\"async\" alt=\"\" width=\"950\" height=\"642\" loading=\"lazy\" src=\"https:\/\/vremeplov.ba\/2025\/wp-content\/uploads\/2025\/04\/N.-1-15.jpg\" srcset=\",https:\/\/vremeplov.ba\/2025\/wp-content\/uploads\/2025\/04\/N.-1-15.jpg 950w\" sizes=\"auto, 250px\"\/><\/a><div class=\"sgb-item-caption\"><em>Nova \u017eeljezni\u010dka stanica Sarajevo, 1952.g.<\/em><\/div><\/div><div class=\"sgb-item\"><a href=\"https:\/\/vremeplov.ba\/2025\/pruga-normalnog-kolosijeka\/n-1-16-1\/\" target=\"_blank\"><img decoding=\"async\" alt=\"\" width=\"950\" height=\"637\" loading=\"lazy\" src=\"https:\/\/vremeplov.ba\/2025\/wp-content\/uploads\/2025\/04\/N.-1-16.1.jpg\" srcset=\",https:\/\/vremeplov.ba\/2025\/wp-content\/uploads\/2025\/04\/N.-1-16.1.jpg 950w\" sizes=\"auto, 250px\"\/><\/a><\/div><div class=\"sgb-item\"><a href=\"https:\/\/vremeplov.ba\/2025\/pruga-normalnog-kolosijeka\/nova-zeljeznicka-stanica-sarajevo-1953-g\/\" target=\"_blank\"><img decoding=\"async\" alt=\"\" width=\"950\" height=\"657\" loading=\"lazy\" src=\"https:\/\/vremeplov.ba\/2025\/wp-content\/uploads\/2025\/04\/N.-1-16.jpg\" srcset=\",https:\/\/vremeplov.ba\/2025\/wp-content\/uploads\/2025\/04\/N.-1-16.jpg 950w\" sizes=\"auto, 250px\"\/><\/a><div class=\"sgb-item-caption\"><em>Nova \u017eeljezni\u010dka stanica Sarajevo, 1953.g.<\/em><\/div><\/div><div class=\"sgb-item\"><a href=\"https:\/\/vremeplov.ba\/2025\/pruga-normalnog-kolosijeka\/nova-zeljeznicka-stanica-sarajevo_1961-g\/\" target=\"_blank\"><img decoding=\"async\" alt=\"\" width=\"950\" height=\"689\" loading=\"lazy\" src=\"https:\/\/vremeplov.ba\/2025\/wp-content\/uploads\/2025\/04\/N.-1-17.jpg\" srcset=\",https:\/\/vremeplov.ba\/2025\/wp-content\/uploads\/2025\/04\/N.-1-17.jpg 950w\" sizes=\"auto, 250px\"\/><\/a><div class=\"sgb-item-caption\"><em>Nova \u017eeljezni\u010dka stanica Sarajevo_1961.g.<\/em><\/div><\/div><div class=\"sgb-item\"><a href=\"https:\/\/vremeplov.ba\/2025\/pruga-normalnog-kolosijeka\/n-1-18-1\/\" target=\"_blank\"><img decoding=\"async\" alt=\"\" width=\"950\" height=\"660\" loading=\"lazy\" src=\"https:\/\/vremeplov.ba\/2025\/wp-content\/uploads\/2025\/04\/N.-1-18.1.jpg\" srcset=\",https:\/\/vremeplov.ba\/2025\/wp-content\/uploads\/2025\/04\/N.-1-18.1.jpg 950w\" sizes=\"auto, 250px\"\/><\/a><\/div><div class=\"sgb-item\"><a href=\"https:\/\/vremeplov.ba\/2025\/pruga-normalnog-kolosijeka\/n-1-18-2\/\" target=\"_blank\"><img decoding=\"async\" alt=\"\" width=\"950\" height=\"609\" loading=\"lazy\" src=\"https:\/\/vremeplov.ba\/2025\/wp-content\/uploads\/2025\/04\/N.-1-18.2.jpg\" srcset=\",https:\/\/vremeplov.ba\/2025\/wp-content\/uploads\/2025\/04\/N.-1-18.2.jpg 950w\" sizes=\"auto, 250px\"\/><\/a><\/div><div class=\"sgb-item\"><a href=\"https:\/\/vremeplov.ba\/2025\/pruga-normalnog-kolosijeka\/n-1-18-3-1\/\" target=\"_blank\"><img decoding=\"async\" alt=\"\" width=\"950\" height=\"669\" loading=\"lazy\" src=\"https:\/\/vremeplov.ba\/2025\/wp-content\/uploads\/2025\/04\/N.-1-18.3.1.jpg\" srcset=\",https:\/\/vremeplov.ba\/2025\/wp-content\/uploads\/2025\/04\/N.-1-18.3.1.jpg 950w\" sizes=\"auto, 250px\"\/><\/a><\/div><div class=\"sgb-item\"><a href=\"https:\/\/vremeplov.ba\/2025\/pruga-normalnog-kolosijeka\/n-1-18-3\/\" target=\"_blank\"><img decoding=\"async\" alt=\"\" width=\"950\" height=\"643\" loading=\"lazy\" src=\"https:\/\/vremeplov.ba\/2025\/wp-content\/uploads\/2025\/04\/N.-1-18.3.jpg\" srcset=\",https:\/\/vremeplov.ba\/2025\/wp-content\/uploads\/2025\/04\/N.-1-18.3.jpg 950w\" sizes=\"auto, 250px\"\/><\/a><\/div><div class=\"sgb-item\"><a href=\"https:\/\/vremeplov.ba\/2025\/pruga-normalnog-kolosijeka\/n-1-18-4\/\" target=\"_blank\"><img decoding=\"async\" alt=\"\" width=\"950\" height=\"909\" loading=\"lazy\" src=\"https:\/\/vremeplov.ba\/2025\/wp-content\/uploads\/2025\/04\/N.-1-18.4.jpg\" srcset=\",https:\/\/vremeplov.ba\/2025\/wp-content\/uploads\/2025\/04\/N.-1-18.4.jpg 950w\" sizes=\"auto, 250px\"\/><\/a><\/div><div class=\"sgb-item\"><a href=\"https:\/\/vremeplov.ba\/2025\/pruga-normalnog-kolosijeka\/n-1-18-5-1\/\" target=\"_blank\"><img decoding=\"async\" alt=\"\" width=\"950\" height=\"610\" loading=\"lazy\" src=\"https:\/\/vremeplov.ba\/2025\/wp-content\/uploads\/2025\/04\/N.-1-18.5.1.jpg\" srcset=\",https:\/\/vremeplov.ba\/2025\/wp-content\/uploads\/2025\/04\/N.-1-18.5.1.jpg 950w\" sizes=\"auto, 250px\"\/><\/a><\/div><div class=\"sgb-item\"><a href=\"https:\/\/vremeplov.ba\/2025\/pruga-normalnog-kolosijeka\/n-1-18-5-2\/\" target=\"_blank\"><img decoding=\"async\" alt=\"\" width=\"950\" height=\"619\" loading=\"lazy\" src=\"https:\/\/vremeplov.ba\/2025\/wp-content\/uploads\/2025\/04\/N.-1-18.5.2.jpg\" srcset=\",https:\/\/vremeplov.ba\/2025\/wp-content\/uploads\/2025\/04\/N.-1-18.5.2.jpg 950w\" sizes=\"auto, 250px\"\/><\/a><\/div><div class=\"sgb-item\"><a href=\"https:\/\/vremeplov.ba\/2025\/pruga-normalnog-kolosijeka\/n-1-18-5-3\/\" target=\"_blank\"><img decoding=\"async\" alt=\"\" width=\"950\" height=\"650\" loading=\"lazy\" src=\"https:\/\/vremeplov.ba\/2025\/wp-content\/uploads\/2025\/04\/N.-1-18.5.3.jpg\" srcset=\",https:\/\/vremeplov.ba\/2025\/wp-content\/uploads\/2025\/04\/N.-1-18.5.3.jpg 950w\" sizes=\"auto, 250px\"\/><\/a><\/div><div class=\"sgb-item\"><a href=\"https:\/\/vremeplov.ba\/2025\/pruga-normalnog-kolosijeka\/n-1-18-5\/\" target=\"_blank\"><img decoding=\"async\" alt=\"\" width=\"950\" height=\"994\" loading=\"lazy\" src=\"https:\/\/vremeplov.ba\/2025\/wp-content\/uploads\/2025\/04\/N.-1-18.5.jpg\" srcset=\",https:\/\/vremeplov.ba\/2025\/wp-content\/uploads\/2025\/04\/N.-1-18.5.jpg 950w\" sizes=\"auto, 250px\"\/><\/a><\/div><div class=\"sgb-item\"><a href=\"https:\/\/vremeplov.ba\/2025\/pruga-normalnog-kolosijeka\/n-1-18-6\/\" target=\"_blank\"><img decoding=\"async\" alt=\"\" width=\"950\" height=\"614\" loading=\"lazy\" src=\"https:\/\/vremeplov.ba\/2025\/wp-content\/uploads\/2025\/04\/N.-1-18.6.jpg\" srcset=\",https:\/\/vremeplov.ba\/2025\/wp-content\/uploads\/2025\/04\/N.-1-18.6.jpg 950w\" sizes=\"auto, 250px\"\/><\/a><\/div><div class=\"sgb-item\"><a href=\"https:\/\/vremeplov.ba\/2025\/pruga-normalnog-kolosijeka\/n-1-18-7\/\" target=\"_blank\"><img decoding=\"async\" alt=\"\" width=\"950\" height=\"606\" loading=\"lazy\" src=\"https:\/\/vremeplov.ba\/2025\/wp-content\/uploads\/2025\/04\/N.-1-18.7.jpg\" srcset=\",https:\/\/vremeplov.ba\/2025\/wp-content\/uploads\/2025\/04\/N.-1-18.7.jpg 950w\" sizes=\"auto, 250px\"\/><\/a><\/div><div class=\"sgb-item\"><a href=\"https:\/\/vremeplov.ba\/2025\/pruga-normalnog-kolosijeka\/n-1-18-8\/\" target=\"_blank\"><img decoding=\"async\" alt=\"\" width=\"950\" height=\"586\" loading=\"lazy\" src=\"https:\/\/vremeplov.ba\/2025\/wp-content\/uploads\/2025\/04\/N.-1-18.8.jpg\" srcset=\",https:\/\/vremeplov.ba\/2025\/wp-content\/uploads\/2025\/04\/N.-1-18.8.jpg 950w\" sizes=\"auto, 250px\"\/><\/a><\/div><div class=\"sgb-item\"><a href=\"https:\/\/vremeplov.ba\/2025\/pruga-normalnog-kolosijeka\/n-1-18-9\/\" target=\"_blank\"><img decoding=\"async\" alt=\"\" width=\"950\" height=\"697\" loading=\"lazy\" src=\"https:\/\/vremeplov.ba\/2025\/wp-content\/uploads\/2025\/04\/N.-1-18.9.jpg\" srcset=\",https:\/\/vremeplov.ba\/2025\/wp-content\/uploads\/2025\/04\/N.-1-18.9.jpg 950w\" sizes=\"auto, 250px\"\/><\/a><\/div><div class=\"sgb-item\"><a href=\"https:\/\/vremeplov.ba\/2025\/pruga-normalnog-kolosijeka\/rajlovac-depo-i-radionica\/\" target=\"_blank\"><img decoding=\"async\" alt=\"\" width=\"950\" height=\"620\" loading=\"lazy\" src=\"https:\/\/vremeplov.ba\/2025\/wp-content\/uploads\/2025\/04\/N.-1-18.jpg\" srcset=\",https:\/\/vremeplov.ba\/2025\/wp-content\/uploads\/2025\/04\/N.-1-18.jpg 950w\" sizes=\"auto, 250px\"\/><\/a><div class=\"sgb-item-caption\"><em>Rajlovac depo i radionica<\/em><\/div><\/div><div class=\"sgb-item\"><a href=\"https:\/\/vremeplov.ba\/2025\/pruga-normalnog-kolosijeka\/dizelka-nada-izgorjela-u-vranduku-1972-godine\/\" target=\"_blank\"><img decoding=\"async\" alt=\"\" width=\"950\" height=\"694\" loading=\"lazy\" src=\"https:\/\/vremeplov.ba\/2025\/wp-content\/uploads\/2025\/04\/N.-1-19.jpg\" srcset=\",https:\/\/vremeplov.ba\/2025\/wp-content\/uploads\/2025\/04\/N.-1-19.jpg 950w\" sizes=\"auto, 250px\"\/><\/a><div class=\"sgb-item-caption\"><em>Dizelka &#8220;Nada&#8221; izgorjela u Vranduku 1972.godine<\/em><\/div><\/div><div class=\"sgb-item\"><a href=\"https:\/\/vremeplov.ba\/2025\/pruga-normalnog-kolosijeka\/n-1-20\/\" target=\"_blank\"><img decoding=\"async\" alt=\"\" width=\"950\" height=\"639\" loading=\"lazy\" src=\"https:\/\/vremeplov.ba\/2025\/wp-content\/uploads\/2025\/04\/N.-1-20.jpg\" srcset=\",https:\/\/vremeplov.ba\/2025\/wp-content\/uploads\/2025\/04\/N.-1-20.jpg 950w\" sizes=\"auto, 250px\"\/><\/a><\/div><div class=\"sgb-item\"><a href=\"https:\/\/vremeplov.ba\/2025\/pruga-normalnog-kolosijeka\/odroni-na-pruzi-u-stanici-ostrozac\/\" target=\"_blank\"><img decoding=\"async\" alt=\"\" width=\"950\" height=\"642\" loading=\"lazy\" src=\"https:\/\/vremeplov.ba\/2025\/wp-content\/uploads\/2025\/04\/N.-1-21.jpg\" srcset=\",https:\/\/vremeplov.ba\/2025\/wp-content\/uploads\/2025\/04\/N.-1-21.jpg 950w\" sizes=\"auto, 250px\"\/><\/a><div class=\"sgb-item-caption\"><em>Odroni na pruzi u stanici Ostro\u017eac<\/em><\/div><\/div><div class=\"sgb-item\"><a href=\"https:\/\/vremeplov.ba\/2025\/pruga-normalnog-kolosijeka\/n-1-22-1\/\" target=\"_blank\"><img decoding=\"async\" alt=\"\" width=\"950\" height=\"657\" loading=\"lazy\" src=\"https:\/\/vremeplov.ba\/2025\/wp-content\/uploads\/2025\/04\/N.-1-22.1.jpg\" srcset=\",https:\/\/vremeplov.ba\/2025\/wp-content\/uploads\/2025\/04\/N.-1-22.1.jpg 950w\" sizes=\"auto, 250px\"\/><\/a><\/div><div class=\"sgb-item\"><a href=\"https:\/\/vremeplov.ba\/2025\/pruga-normalnog-kolosijeka\/n-1-22-2\/\" target=\"_blank\"><img decoding=\"async\" alt=\"\" width=\"950\" height=\"653\" loading=\"lazy\" src=\"https:\/\/vremeplov.ba\/2025\/wp-content\/uploads\/2025\/04\/N.-1-22.2.jpg\" srcset=\",https:\/\/vremeplov.ba\/2025\/wp-content\/uploads\/2025\/04\/N.-1-22.2.jpg 950w\" sizes=\"auto, 250px\"\/><\/a><\/div><div class=\"sgb-item\"><a href=\"https:\/\/vremeplov.ba\/2025\/pruga-normalnog-kolosijeka\/n-1-22-3\/\" target=\"_blank\"><img decoding=\"async\" alt=\"\" width=\"950\" height=\"627\" loading=\"lazy\" src=\"https:\/\/vremeplov.ba\/2025\/wp-content\/uploads\/2025\/04\/N.-1-22.3.jpg\" srcset=\",https:\/\/vremeplov.ba\/2025\/wp-content\/uploads\/2025\/04\/N.-1-22.3.jpg 950w\" sizes=\"auto, 250px\"\/><\/a><\/div><div class=\"sgb-item\"><a href=\"https:\/\/vremeplov.ba\/2025\/pruga-normalnog-kolosijeka\/n-1-22-4\/\" target=\"_blank\"><img decoding=\"async\" alt=\"\" width=\"950\" height=\"619\" loading=\"lazy\" src=\"https:\/\/vremeplov.ba\/2025\/wp-content\/uploads\/2025\/04\/N.-1-22.4.jpg\" srcset=\",https:\/\/vremeplov.ba\/2025\/wp-content\/uploads\/2025\/04\/N.-1-22.4.jpg 950w\" sizes=\"auto, 250px\"\/><\/a><\/div><div class=\"sgb-item\"><a href=\"https:\/\/vremeplov.ba\/2025\/pruga-normalnog-kolosijeka\/n-1-22-5\/\" target=\"_blank\"><img decoding=\"async\" alt=\"\" width=\"950\" height=\"834\" loading=\"lazy\" src=\"https:\/\/vremeplov.ba\/2025\/wp-content\/uploads\/2025\/04\/N.-1-22.5.jpg\" srcset=\",https:\/\/vremeplov.ba\/2025\/wp-content\/uploads\/2025\/04\/N.-1-22.5.jpg 950w\" sizes=\"auto, 250px\"\/><\/a><\/div><div class=\"sgb-item\"><a href=\"https:\/\/vremeplov.ba\/2025\/pruga-normalnog-kolosijeka\/n-1-22\/\" target=\"_blank\"><img decoding=\"async\" alt=\"\" width=\"950\" height=\"655\" loading=\"lazy\" src=\"https:\/\/vremeplov.ba\/2025\/wp-content\/uploads\/2025\/04\/N.-1-22.jpg\" srcset=\",https:\/\/vremeplov.ba\/2025\/wp-content\/uploads\/2025\/04\/N.-1-22.jpg 950w\" sizes=\"auto, 250px\"\/><\/a><\/div><div class=\"sgb-item\"><a href=\"https:\/\/vremeplov.ba\/2025\/pruga-normalnog-kolosijeka\/n-1-23-1\/\" target=\"_blank\"><img decoding=\"async\" alt=\"\" width=\"950\" height=\"694\" loading=\"lazy\" src=\"https:\/\/vremeplov.ba\/2025\/wp-content\/uploads\/2025\/04\/N.1-23.1.jpg\" srcset=\",https:\/\/vremeplov.ba\/2025\/wp-content\/uploads\/2025\/04\/N.1-23.1.jpg 950w\" sizes=\"auto, 250px\"\/><\/a><\/div><div class=\"sgb-item\"><a href=\"https:\/\/vremeplov.ba\/2025\/pruga-normalnog-kolosijeka\/n-1-23-1-2\/\" target=\"_blank\"><img decoding=\"async\" alt=\"\" width=\"950\" height=\"731\" loading=\"lazy\" src=\"https:\/\/vremeplov.ba\/2025\/wp-content\/uploads\/2025\/04\/N.-1-23.1.jpg\" srcset=\",https:\/\/vremeplov.ba\/2025\/wp-content\/uploads\/2025\/04\/N.-1-23.1.jpg 950w\" sizes=\"auto, 250px\"\/><\/a><\/div><div class=\"sgb-item\"><a href=\"https:\/\/vremeplov.ba\/2025\/pruga-normalnog-kolosijeka\/n-1-23-2\/\" target=\"_blank\"><img decoding=\"async\" alt=\"\" width=\"950\" height=\"630\" loading=\"lazy\" src=\"https:\/\/vremeplov.ba\/2025\/wp-content\/uploads\/2025\/04\/N.1-23.2.jpg\" srcset=\",https:\/\/vremeplov.ba\/2025\/wp-content\/uploads\/2025\/04\/N.1-23.2.jpg 950w\" sizes=\"auto, 250px\"\/><\/a><\/div><div class=\"sgb-item\"><a href=\"https:\/\/vremeplov.ba\/2025\/pruga-normalnog-kolosijeka\/n-1-23-2-2\/\" target=\"_blank\"><img decoding=\"async\" alt=\"\" width=\"950\" height=\"610\" loading=\"lazy\" src=\"https:\/\/vremeplov.ba\/2025\/wp-content\/uploads\/2025\/04\/N.-1-23.2.jpg\" srcset=\",https:\/\/vremeplov.ba\/2025\/wp-content\/uploads\/2025\/04\/N.-1-23.2.jpg 950w\" sizes=\"auto, 250px\"\/><\/a><\/div><div class=\"sgb-item\"><a href=\"https:\/\/vremeplov.ba\/2025\/pruga-normalnog-kolosijeka\/n-1-23-3\/\" target=\"_blank\"><img decoding=\"async\" alt=\"\" width=\"950\" height=\"796\" loading=\"lazy\" src=\"https:\/\/vremeplov.ba\/2025\/wp-content\/uploads\/2025\/04\/N.1-23.3.jpg\" srcset=\",https:\/\/vremeplov.ba\/2025\/wp-content\/uploads\/2025\/04\/N.1-23.3.jpg 950w\" sizes=\"auto, 250px\"\/><\/a><\/div><div class=\"sgb-item\"><a href=\"https:\/\/vremeplov.ba\/2025\/pruga-normalnog-kolosijeka\/n-1-23-4\/\" target=\"_blank\"><img decoding=\"async\" alt=\"\" width=\"950\" height=\"821\" loading=\"lazy\" src=\"https:\/\/vremeplov.ba\/2025\/wp-content\/uploads\/2025\/04\/N.1-23.4.jpg\" srcset=\",https:\/\/vremeplov.ba\/2025\/wp-content\/uploads\/2025\/04\/N.1-23.4.jpg 950w\" sizes=\"auto, 250px\"\/><\/a><\/div><div class=\"sgb-item\"><a href=\"https:\/\/vremeplov.ba\/2025\/pruga-normalnog-kolosijeka\/n-1-23-5\/\" target=\"_blank\"><img decoding=\"async\" alt=\"\" width=\"950\" height=\"811\" loading=\"lazy\" src=\"https:\/\/vremeplov.ba\/2025\/wp-content\/uploads\/2025\/04\/N.1-23.5.jpg\" srcset=\",https:\/\/vremeplov.ba\/2025\/wp-content\/uploads\/2025\/04\/N.1-23.5.jpg 950w\" sizes=\"auto, 250px\"\/><\/a><\/div><div class=\"sgb-item\"><a href=\"https:\/\/vremeplov.ba\/2025\/pruga-normalnog-kolosijeka\/n-1-23-6\/\" target=\"_blank\"><img decoding=\"async\" alt=\"\" width=\"950\" height=\"651\" loading=\"lazy\" src=\"https:\/\/vremeplov.ba\/2025\/wp-content\/uploads\/2025\/04\/N.1-23.6.jpg\" srcset=\",https:\/\/vremeplov.ba\/2025\/wp-content\/uploads\/2025\/04\/N.1-23.6.jpg 950w\" sizes=\"auto, 250px\"\/><\/a><\/div><div class=\"sgb-item\"><a href=\"https:\/\/vremeplov.ba\/2025\/pruga-normalnog-kolosijeka\/n-1-23-7\/\" target=\"_blank\"><img decoding=\"async\" alt=\"\" width=\"950\" height=\"666\" loading=\"lazy\" src=\"https:\/\/vremeplov.ba\/2025\/wp-content\/uploads\/2025\/04\/N.1-23.7.jpg\" srcset=\",https:\/\/vremeplov.ba\/2025\/wp-content\/uploads\/2025\/04\/N.1-23.7.jpg 950w\" sizes=\"auto, 250px\"\/><\/a><\/div><div class=\"sgb-item\"><a href=\"https:\/\/vremeplov.ba\/2025\/pruga-normalnog-kolosijeka\/n-1-23\/\" target=\"_blank\"><img decoding=\"async\" alt=\"\" width=\"950\" height=\"597\" loading=\"lazy\" src=\"https:\/\/vremeplov.ba\/2025\/wp-content\/uploads\/2025\/04\/N.-1-23.jpg\" srcset=\",https:\/\/vremeplov.ba\/2025\/wp-content\/uploads\/2025\/04\/N.-1-23.jpg 950w\" sizes=\"auto, 250px\"\/><\/a><\/div><div class=\"sgb-item\"><a href=\"https:\/\/vremeplov.ba\/2025\/pruga-normalnog-kolosijeka\/n-1-24\/\" target=\"_blank\"><img decoding=\"async\" alt=\"\" width=\"950\" height=\"616\" loading=\"lazy\" src=\"https:\/\/vremeplov.ba\/2025\/wp-content\/uploads\/2025\/04\/N.-1-24.jpg\" srcset=\",https:\/\/vremeplov.ba\/2025\/wp-content\/uploads\/2025\/04\/N.-1-24.jpg 950w\" sizes=\"auto, 250px\"\/><\/a><\/div><div class=\"sgb-item\"><a href=\"https:\/\/vremeplov.ba\/2025\/pruga-normalnog-kolosijeka\/ganz-mavag-411-415-6\/\" target=\"_blank\"><img decoding=\"async\" alt=\"\" width=\"950\" height=\"702\" loading=\"lazy\" src=\"https:\/\/vremeplov.ba\/2025\/wp-content\/uploads\/2025\/04\/N.-1-25.jpg\" srcset=\",https:\/\/vremeplov.ba\/2025\/wp-content\/uploads\/2025\/04\/N.-1-25.jpg 950w\" sizes=\"auto, 250px\"\/><\/a><div class=\"sgb-item-caption\"><em>Ganz-MAVAG 411\/415<\/em><\/div><\/div><div class=\"sgb-item\"><a href=\"https:\/\/vremeplov.ba\/2025\/pruga-normalnog-kolosijeka\/n-1-25-1\/\" target=\"_blank\"><img decoding=\"async\" alt=\"\" width=\"926\" height=\"950\" loading=\"lazy\" src=\"https:\/\/vremeplov.ba\/2025\/wp-content\/uploads\/2025\/04\/N.-1-25-1.jpg\" srcset=\",https:\/\/vremeplov.ba\/2025\/wp-content\/uploads\/2025\/04\/N.-1-25-1.jpg 926w\" sizes=\"auto, 250px\"\/><\/a><\/div><div class=\"sgb-item\"><a href=\"https:\/\/vremeplov.ba\/2025\/pruga-normalnog-kolosijeka\/n-1-26\/\" target=\"_blank\"><img decoding=\"async\" alt=\"\" width=\"950\" height=\"631\" loading=\"lazy\" src=\"https:\/\/vremeplov.ba\/2025\/wp-content\/uploads\/2025\/04\/N.1-26.jpg\" srcset=\",https:\/\/vremeplov.ba\/2025\/wp-content\/uploads\/2025\/04\/N.1-26.jpg 950w\" sizes=\"auto, 250px\"\/><\/a><\/div><div class=\"sgb-item\"><a href=\"https:\/\/vremeplov.ba\/2025\/pruga-normalnog-kolosijeka\/n-1-27\/\" target=\"_blank\"><img decoding=\"async\" alt=\"\" width=\"950\" height=\"623\" loading=\"lazy\" src=\"https:\/\/vremeplov.ba\/2025\/wp-content\/uploads\/2025\/04\/N.1-27.jpg\" srcset=\",https:\/\/vremeplov.ba\/2025\/wp-content\/uploads\/2025\/04\/N.1-27.jpg 950w\" sizes=\"auto, 250px\"\/><\/a><\/div><div class=\"sgb-item\"><a href=\"https:\/\/vremeplov.ba\/2025\/pruga-normalnog-kolosijeka\/n-1-28\/\" target=\"_blank\"><img decoding=\"async\" alt=\"\" width=\"950\" height=\"637\" loading=\"lazy\" src=\"https:\/\/vremeplov.ba\/2025\/wp-content\/uploads\/2025\/04\/N.1-28.jpg\" srcset=\",https:\/\/vremeplov.ba\/2025\/wp-content\/uploads\/2025\/04\/N.1-28.jpg 950w\" sizes=\"auto, 250px\"\/><\/a><\/div><div class=\"sgb-item\"><a href=\"https:\/\/vremeplov.ba\/2025\/pruga-normalnog-kolosijeka\/n-1-29-1\/\" target=\"_blank\"><img decoding=\"async\" alt=\"\" width=\"950\" height=\"820\" loading=\"lazy\" src=\"https:\/\/vremeplov.ba\/2025\/wp-content\/uploads\/2025\/04\/N.-1-29.1.jpg\" srcset=\",https:\/\/vremeplov.ba\/2025\/wp-content\/uploads\/2025\/04\/N.-1-29.1.jpg 950w\" sizes=\"auto, 250px\"\/><\/a><\/div><div class=\"sgb-item\"><a href=\"https:\/\/vremeplov.ba\/2025\/pruga-normalnog-kolosijeka\/n-1-29-2\/\" target=\"_blank\"><img decoding=\"async\" alt=\"\" width=\"950\" height=\"756\" loading=\"lazy\" src=\"https:\/\/vremeplov.ba\/2025\/wp-content\/uploads\/2025\/04\/N.-1-29.2.jpg\" srcset=\",https:\/\/vremeplov.ba\/2025\/wp-content\/uploads\/2025\/04\/N.-1-29.2.jpg 950w\" sizes=\"auto, 250px\"\/><\/a><\/div><div class=\"sgb-item\"><a href=\"https:\/\/vremeplov.ba\/2025\/pruga-normalnog-kolosijeka\/n-1-29-3\/\" target=\"_blank\"><img decoding=\"async\" alt=\"\" width=\"950\" height=\"762\" loading=\"lazy\" src=\"https:\/\/vremeplov.ba\/2025\/wp-content\/uploads\/2025\/04\/N.-1-29.3.jpg\" srcset=\",https:\/\/vremeplov.ba\/2025\/wp-content\/uploads\/2025\/04\/N.-1-29.3.jpg 950w\" sizes=\"auto, 250px\"\/><\/a><\/div><div class=\"sgb-item\"><a href=\"https:\/\/vremeplov.ba\/2025\/pruga-normalnog-kolosijeka\/n-1-29-4\/\" target=\"_blank\"><img decoding=\"async\" alt=\"\" width=\"950\" height=\"753\" loading=\"lazy\" src=\"https:\/\/vremeplov.ba\/2025\/wp-content\/uploads\/2025\/04\/N.-1-29.4.jpg\" srcset=\",https:\/\/vremeplov.ba\/2025\/wp-content\/uploads\/2025\/04\/N.-1-29.4.jpg 950w\" sizes=\"auto, 250px\"\/><\/a><\/div><div class=\"sgb-item\"><a href=\"https:\/\/vremeplov.ba\/2025\/pruga-normalnog-kolosijeka\/n-1-29-5-1\/\" target=\"_blank\"><img decoding=\"async\" alt=\"\" width=\"950\" height=\"690\" loading=\"lazy\" src=\"https:\/\/vremeplov.ba\/2025\/wp-content\/uploads\/2025\/04\/N.-1-29.5.1.jpg\" srcset=\",https:\/\/vremeplov.ba\/2025\/wp-content\/uploads\/2025\/04\/N.-1-29.5.1.jpg 950w\" sizes=\"auto, 250px\"\/><\/a><\/div><div class=\"sgb-item\"><a href=\"https:\/\/vremeplov.ba\/2025\/pruga-normalnog-kolosijeka\/n-1-29-5\/\" target=\"_blank\"><img decoding=\"async\" alt=\"\" width=\"950\" height=\"666\" loading=\"lazy\" src=\"https:\/\/vremeplov.ba\/2025\/wp-content\/uploads\/2025\/04\/N.-1-29.5.jpg\" srcset=\",https:\/\/vremeplov.ba\/2025\/wp-content\/uploads\/2025\/04\/N.-1-29.5.jpg 950w\" sizes=\"auto, 250px\"\/><\/a><\/div><div class=\"sgb-item\"><a href=\"https:\/\/vremeplov.ba\/2025\/pruga-normalnog-kolosijeka\/n-1-29-6-1\/\" target=\"_blank\"><img decoding=\"async\" alt=\"\" width=\"950\" height=\"650\" loading=\"lazy\" src=\"https:\/\/vremeplov.ba\/2025\/wp-content\/uploads\/2025\/04\/N.-1-29.6.1.jpg\" srcset=\",https:\/\/vremeplov.ba\/2025\/wp-content\/uploads\/2025\/04\/N.-1-29.6.1.jpg 950w\" sizes=\"auto, 250px\"\/><\/a><\/div><div class=\"sgb-item\"><a href=\"https:\/\/vremeplov.ba\/2025\/pruga-normalnog-kolosijeka\/n-1-29-6-2\/\" target=\"_blank\"><img decoding=\"async\" alt=\"\" width=\"950\" height=\"946\" loading=\"lazy\" src=\"https:\/\/vremeplov.ba\/2025\/wp-content\/uploads\/2025\/04\/N.-1-29.6.2.jpg\" srcset=\",https:\/\/vremeplov.ba\/2025\/wp-content\/uploads\/2025\/04\/N.-1-29.6.2.jpg 950w\" sizes=\"auto, 250px\"\/><\/a><\/div><div class=\"sgb-item\"><a href=\"https:\/\/vremeplov.ba\/2025\/pruga-normalnog-kolosijeka\/n-1-29-6-3\/\" target=\"_blank\"><img decoding=\"async\" alt=\"\" width=\"950\" height=\"682\" loading=\"lazy\" src=\"https:\/\/vremeplov.ba\/2025\/wp-content\/uploads\/2025\/04\/N.-1-29.6.3.jpg\" srcset=\",https:\/\/vremeplov.ba\/2025\/wp-content\/uploads\/2025\/04\/N.-1-29.6.3.jpg 950w\" sizes=\"auto, 250px\"\/><\/a><\/div><div class=\"sgb-item\"><a href=\"https:\/\/vremeplov.ba\/2025\/pruga-normalnog-kolosijeka\/n-1-29-6\/\" target=\"_blank\"><img decoding=\"async\" alt=\"\" width=\"714\" height=\"950\" loading=\"lazy\" src=\"https:\/\/vremeplov.ba\/2025\/wp-content\/uploads\/2025\/04\/N.-1-29.6.jpg\" srcset=\",https:\/\/vremeplov.ba\/2025\/wp-content\/uploads\/2025\/04\/N.-1-29.6.jpg 714w\" sizes=\"auto, 250px\"\/><\/a><\/div><div class=\"sgb-item\"><a href=\"https:\/\/vremeplov.ba\/2025\/pruga-normalnog-kolosijeka\/n-1-29-7\/\" target=\"_blank\"><img decoding=\"async\" alt=\"\" width=\"950\" height=\"660\" loading=\"lazy\" src=\"https:\/\/vremeplov.ba\/2025\/wp-content\/uploads\/2025\/04\/N.-1-29.7.jpg\" srcset=\",https:\/\/vremeplov.ba\/2025\/wp-content\/uploads\/2025\/04\/N.-1-29.7.jpg 950w\" sizes=\"auto, 250px\"\/><\/a><\/div><div class=\"sgb-item\"><a href=\"https:\/\/vremeplov.ba\/2025\/pruga-normalnog-kolosijeka\/n-1-29-8\/\" target=\"_blank\"><img decoding=\"async\" alt=\"\" width=\"950\" height=\"660\" loading=\"lazy\" src=\"https:\/\/vremeplov.ba\/2025\/wp-content\/uploads\/2025\/04\/N.-1-29.8.jpg\" srcset=\",https:\/\/vremeplov.ba\/2025\/wp-content\/uploads\/2025\/04\/N.-1-29.8.jpg 950w\" sizes=\"auto, 250px\"\/><\/a><\/div><div class=\"sgb-item\"><a href=\"https:\/\/vremeplov.ba\/2025\/pruga-normalnog-kolosijeka\/n-1-29-9\/\" target=\"_blank\"><img decoding=\"async\" alt=\"\" width=\"950\" height=\"656\" loading=\"lazy\" src=\"https:\/\/vremeplov.ba\/2025\/wp-content\/uploads\/2025\/04\/N.-1-29.9.jpg\" srcset=\",https:\/\/vremeplov.ba\/2025\/wp-content\/uploads\/2025\/04\/N.-1-29.9.jpg 950w\" sizes=\"auto, 250px\"\/><\/a><\/div><div class=\"sgb-item\"><a href=\"https:\/\/vremeplov.ba\/2025\/pruga-normalnog-kolosijeka\/n-1-29-10\/\" target=\"_blank\"><img decoding=\"async\" alt=\"\" width=\"950\" height=\"660\" loading=\"lazy\" src=\"https:\/\/vremeplov.ba\/2025\/wp-content\/uploads\/2025\/04\/N.-1-29.10.jpg\" srcset=\",https:\/\/vremeplov.ba\/2025\/wp-content\/uploads\/2025\/04\/N.-1-29.10.jpg 950w\" sizes=\"auto, 250px\"\/><\/a><\/div><div class=\"sgb-item\"><a href=\"https:\/\/vremeplov.ba\/2025\/pruga-normalnog-kolosijeka\/n-1-29\/\" target=\"_blank\"><img decoding=\"async\" alt=\"\" width=\"950\" height=\"640\" loading=\"lazy\" src=\"https:\/\/vremeplov.ba\/2025\/wp-content\/uploads\/2025\/04\/N.1-29.jpg\" srcset=\",https:\/\/vremeplov.ba\/2025\/wp-content\/uploads\/2025\/04\/N.1-29.jpg 950w\" sizes=\"auto, 250px\"\/><\/a><\/div><div class=\"sgb-item\"><a href=\"https:\/\/vremeplov.ba\/2025\/pruga-normalnog-kolosijeka\/n-1-30-1-1\/\" target=\"_blank\"><img decoding=\"async\" alt=\"\" width=\"950\" height=\"622\" loading=\"lazy\" src=\"https:\/\/vremeplov.ba\/2025\/wp-content\/uploads\/2025\/04\/N.1-30.1.1.jpg\" srcset=\",https:\/\/vremeplov.ba\/2025\/wp-content\/uploads\/2025\/04\/N.1-30.1.1.jpg 950w\" sizes=\"auto, 250px\"\/><\/a><\/div><div class=\"sgb-item\"><a href=\"https:\/\/vremeplov.ba\/2025\/pruga-normalnog-kolosijeka\/n-1-30-1\/\" target=\"_blank\"><img decoding=\"async\" alt=\"\" width=\"950\" height=\"669\" loading=\"lazy\" src=\"https:\/\/vremeplov.ba\/2025\/wp-content\/uploads\/2025\/04\/N.1-30.1.jpg\" srcset=\",https:\/\/vremeplov.ba\/2025\/wp-content\/uploads\/2025\/04\/N.1-30.1.jpg 950w\" sizes=\"auto, 250px\"\/><\/a><\/div><div class=\"sgb-item\"><a href=\"https:\/\/vremeplov.ba\/2025\/pruga-normalnog-kolosijeka\/n-1-30-2\/\" target=\"_blank\"><img decoding=\"async\" alt=\"\" width=\"950\" height=\"673\" loading=\"lazy\" src=\"https:\/\/vremeplov.ba\/2025\/wp-content\/uploads\/2025\/04\/N.1-30.2.jpg\" srcset=\",https:\/\/vremeplov.ba\/2025\/wp-content\/uploads\/2025\/04\/N.1-30.2.jpg 950w\" sizes=\"auto, 250px\"\/><\/a><\/div><div class=\"sgb-item\"><a href=\"https:\/\/vremeplov.ba\/2025\/pruga-normalnog-kolosijeka\/n-1-30\/\" target=\"_blank\"><img decoding=\"async\" alt=\"\" width=\"950\" height=\"639\" loading=\"lazy\" src=\"https:\/\/vremeplov.ba\/2025\/wp-content\/uploads\/2025\/04\/N.1-30.jpg\" srcset=\",https:\/\/vremeplov.ba\/2025\/wp-content\/uploads\/2025\/04\/N.1-30.jpg 950w\" sizes=\"auto, 250px\"\/><\/a><\/div><div class=\"sgb-item\"><a href=\"https:\/\/vremeplov.ba\/2025\/pruga-normalnog-kolosijeka\/n-1-31-1\/\" target=\"_blank\"><img decoding=\"async\" alt=\"\" width=\"950\" height=\"658\" loading=\"lazy\" src=\"https:\/\/vremeplov.ba\/2025\/wp-content\/uploads\/2025\/04\/N.1-31.1.jpg\" srcset=\",https:\/\/vremeplov.ba\/2025\/wp-content\/uploads\/2025\/04\/N.1-31.1.jpg 950w\" sizes=\"auto, 250px\"\/><\/a><\/div><div class=\"sgb-item\"><a href=\"https:\/\/vremeplov.ba\/2025\/pruga-normalnog-kolosijeka\/n-1-31-1-2\/\" target=\"_blank\"><img decoding=\"async\" alt=\"\" width=\"950\" height=\"609\" loading=\"lazy\" src=\"https:\/\/vremeplov.ba\/2025\/wp-content\/uploads\/2025\/04\/N.-1-31.1.jpg\" srcset=\",https:\/\/vremeplov.ba\/2025\/wp-content\/uploads\/2025\/04\/N.-1-31.1.jpg 950w\" sizes=\"auto, 250px\"\/><\/a><\/div><div class=\"sgb-item\"><a href=\"https:\/\/vremeplov.ba\/2025\/pruga-normalnog-kolosijeka\/n-1-31-2-1\/\" target=\"_blank\"><img decoding=\"async\" alt=\"\" width=\"950\" height=\"614\" loading=\"lazy\" src=\"https:\/\/vremeplov.ba\/2025\/wp-content\/uploads\/2025\/04\/N.-1-31.2.1.jpg\" srcset=\",https:\/\/vremeplov.ba\/2025\/wp-content\/uploads\/2025\/04\/N.-1-31.2.1.jpg 950w\" sizes=\"auto, 250px\"\/><\/a><\/div><div class=\"sgb-item\"><a href=\"https:\/\/vremeplov.ba\/2025\/pruga-normalnog-kolosijeka\/n-1-31-2\/\" target=\"_blank\"><img decoding=\"async\" alt=\"\" width=\"950\" height=\"604\" loading=\"lazy\" src=\"https:\/\/vremeplov.ba\/2025\/wp-content\/uploads\/2025\/04\/N.-1-31.2.jpg\" srcset=\",https:\/\/vremeplov.ba\/2025\/wp-content\/uploads\/2025\/04\/N.-1-31.2.jpg 950w\" sizes=\"auto, 250px\"\/><\/a><\/div><div class=\"sgb-item\"><a href=\"https:\/\/vremeplov.ba\/2025\/pruga-normalnog-kolosijeka\/n-1-31-3\/\" target=\"_blank\"><img decoding=\"async\" alt=\"\" width=\"845\" height=\"950\" loading=\"lazy\" src=\"https:\/\/vremeplov.ba\/2025\/wp-content\/uploads\/2025\/04\/N.-1-31.3.jpg\" srcset=\",https:\/\/vremeplov.ba\/2025\/wp-content\/uploads\/2025\/04\/N.-1-31.3.jpg 845w\" sizes=\"auto, 250px\"\/><\/a><\/div><div class=\"sgb-item\"><a href=\"https:\/\/vremeplov.ba\/2025\/pruga-normalnog-kolosijeka\/n-1-31-4\/\" target=\"_blank\"><img decoding=\"async\" alt=\"\" width=\"928\" height=\"950\" loading=\"lazy\" src=\"https:\/\/vremeplov.ba\/2025\/wp-content\/uploads\/2025\/04\/N.-1-31.4.jpg\" srcset=\",https:\/\/vremeplov.ba\/2025\/wp-content\/uploads\/2025\/04\/N.-1-31.4.jpg 928w\" sizes=\"auto, 250px\"\/><\/a><\/div><div class=\"sgb-item\"><a href=\"https:\/\/vremeplov.ba\/2025\/pruga-normalnog-kolosijeka\/n-1-31-5\/\" target=\"_blank\"><img decoding=\"async\" alt=\"\" width=\"950\" height=\"694\" loading=\"lazy\" src=\"https:\/\/vremeplov.ba\/2025\/wp-content\/uploads\/2025\/04\/N.-1-31.5.jpg\" srcset=\",https:\/\/vremeplov.ba\/2025\/wp-content\/uploads\/2025\/04\/N.-1-31.5.jpg 950w\" sizes=\"auto, 250px\"\/><\/a><\/div><div class=\"sgb-item\"><a href=\"https:\/\/vremeplov.ba\/2025\/pruga-normalnog-kolosijeka\/n-1-31\/\" target=\"_blank\"><img decoding=\"async\" alt=\"\" width=\"950\" height=\"615\" loading=\"lazy\" src=\"https:\/\/vremeplov.ba\/2025\/wp-content\/uploads\/2025\/04\/N.1-31.jpg\" srcset=\",https:\/\/vremeplov.ba\/2025\/wp-content\/uploads\/2025\/04\/N.1-31.jpg 950w\" sizes=\"auto, 250px\"\/><\/a><\/div><div class=\"sgb-item\"><a href=\"https:\/\/vremeplov.ba\/2025\/pruga-normalnog-kolosijeka\/n-1-32-1\/\" target=\"_blank\"><img decoding=\"async\" alt=\"\" width=\"950\" height=\"652\" loading=\"lazy\" src=\"https:\/\/vremeplov.ba\/2025\/wp-content\/uploads\/2025\/04\/N.1-32.1.jpg\" srcset=\",https:\/\/vremeplov.ba\/2025\/wp-content\/uploads\/2025\/04\/N.1-32.1.jpg 950w\" sizes=\"auto, 250px\"\/><\/a><\/div><div class=\"sgb-item\"><a href=\"https:\/\/vremeplov.ba\/2025\/pruga-normalnog-kolosijeka\/n-1-32-2\/\" target=\"_blank\"><img decoding=\"async\" alt=\"\" width=\"950\" height=\"643\" loading=\"lazy\" src=\"https:\/\/vremeplov.ba\/2025\/wp-content\/uploads\/2025\/04\/N.1-32.2.jpg\" srcset=\",https:\/\/vremeplov.ba\/2025\/wp-content\/uploads\/2025\/04\/N.1-32.2.jpg 950w\" sizes=\"auto, 250px\"\/><\/a><\/div><div class=\"sgb-item\"><a href=\"https:\/\/vremeplov.ba\/2025\/pruga-normalnog-kolosijeka\/n-1-32\/\" target=\"_blank\"><img decoding=\"async\" alt=\"\" width=\"950\" height=\"670\" loading=\"lazy\" src=\"https:\/\/vremeplov.ba\/2025\/wp-content\/uploads\/2025\/04\/N.1-32.jpg\" srcset=\",https:\/\/vremeplov.ba\/2025\/wp-content\/uploads\/2025\/04\/N.1-32.jpg 950w\" sizes=\"auto, 250px\"\/><\/a><\/div><div class=\"sgb-item\"><a href=\"https:\/\/vremeplov.ba\/2025\/pruga-normalnog-kolosijeka\/n-1-33\/\" target=\"_blank\"><img decoding=\"async\" alt=\"\" width=\"950\" height=\"671\" loading=\"lazy\" src=\"https:\/\/vremeplov.ba\/2025\/wp-content\/uploads\/2025\/04\/N.1-33.jpg\" srcset=\",https:\/\/vremeplov.ba\/2025\/wp-content\/uploads\/2025\/04\/N.1-33.jpg 950w\" sizes=\"auto, 250px\"\/><\/a><\/div><div class=\"sgb-item\"><a href=\"https:\/\/vremeplov.ba\/2025\/pruga-normalnog-kolosijeka\/n-1-34\/\" target=\"_blank\"><img decoding=\"async\" alt=\"\" width=\"950\" height=\"631\" loading=\"lazy\" src=\"https:\/\/vremeplov.ba\/2025\/wp-content\/uploads\/2025\/04\/N.1-34.jpg\" srcset=\",https:\/\/vremeplov.ba\/2025\/wp-content\/uploads\/2025\/04\/N.1-34.jpg 950w\" sizes=\"auto, 250px\"\/><\/a><\/div><div class=\"sgb-item\"><a href=\"https:\/\/vremeplov.ba\/2025\/pruga-normalnog-kolosijeka\/n-1-35\/\" target=\"_blank\"><img decoding=\"async\" alt=\"\" width=\"950\" height=\"692\" loading=\"lazy\" src=\"https:\/\/vremeplov.ba\/2025\/wp-content\/uploads\/2025\/04\/N.1-35.jpg\" srcset=\",https:\/\/vremeplov.ba\/2025\/wp-content\/uploads\/2025\/04\/N.1-35.jpg 950w\" sizes=\"auto, 250px\"\/><\/a><\/div><div class=\"sgb-item\"><a href=\"https:\/\/vremeplov.ba\/2025\/pruga-normalnog-kolosijeka\/niskogradnja\/\" target=\"_blank\"><img decoding=\"async\" alt=\"\" width=\"950\" height=\"663\" loading=\"lazy\" src=\"https:\/\/vremeplov.ba\/2025\/wp-content\/uploads\/2025\/04\/niskogradnja.jpg\" srcset=\",https:\/\/vremeplov.ba\/2025\/wp-content\/uploads\/2025\/04\/niskogradnja.jpg 950w\" sizes=\"auto, 250px\"\/><\/a><\/div><div class=\"sgb-item\"><a href=\"https:\/\/vremeplov.ba\/2025\/pruga-normalnog-kolosijeka\/normalni_kolosijek-1-doboj\/\" target=\"_blank\"><img decoding=\"async\" alt=\"\" width=\"950\" height=\"425\" loading=\"lazy\" src=\"https:\/\/vremeplov.ba\/2025\/wp-content\/uploads\/2025\/04\/Normalni_kolosijek-1-Doboj.jpg\" srcset=\",https:\/\/vremeplov.ba\/2025\/wp-content\/uploads\/2025\/04\/Normalni_kolosijek-1-Doboj.jpg 950w\" sizes=\"auto, 250px\"\/><\/a><\/div><div class=\"sgb-item\"><a href=\"https:\/\/vremeplov.ba\/2025\/pruga-normalnog-kolosijeka\/normalni_kolosijek-2-zenica\/\" target=\"_blank\"><img decoding=\"async\" alt=\"\" width=\"627\" height=\"950\" loading=\"lazy\" src=\"https:\/\/vremeplov.ba\/2025\/wp-content\/uploads\/2025\/04\/Normalni_kolosijek-2-Zenica.jpg\" srcset=\",https:\/\/vremeplov.ba\/2025\/wp-content\/uploads\/2025\/04\/Normalni_kolosijek-2-Zenica.jpg 627w\" sizes=\"auto, 250px\"\/><\/a><\/div><div class=\"sgb-item\"><a href=\"https:\/\/vremeplov.ba\/2025\/pruga-normalnog-kolosijeka\/normalni_kolosijek-3-bosanski_novi\/\" target=\"_blank\"><img decoding=\"async\" alt=\"\" width=\"950\" height=\"665\" loading=\"lazy\" src=\"https:\/\/vremeplov.ba\/2025\/wp-content\/uploads\/2025\/04\/Normalni_kolosijek-3-Bosanski_Novi.jpg\" srcset=\",https:\/\/vremeplov.ba\/2025\/wp-content\/uploads\/2025\/04\/Normalni_kolosijek-3-Bosanski_Novi.jpg 950w\" sizes=\"auto, 250px\"\/><\/a><\/div><div class=\"sgb-item\"><a href=\"https:\/\/vremeplov.ba\/2025\/pruga-normalnog-kolosijeka\/normalni_kolosijek-4-zenica\/\" target=\"_blank\"><img decoding=\"async\" alt=\"\" width=\"950\" height=\"540\" loading=\"lazy\" src=\"https:\/\/vremeplov.ba\/2025\/wp-content\/uploads\/2025\/04\/Normalni_kolosijek-4-Zenica.jpg\" srcset=\",https:\/\/vremeplov.ba\/2025\/wp-content\/uploads\/2025\/04\/Normalni_kolosijek-4-Zenica.jpg 950w\" sizes=\"auto, 250px\"\/><\/a><\/div><div class=\"sgb-item\"><a href=\"https:\/\/vremeplov.ba\/2025\/pruga-normalnog-kolosijeka\/normalni_kolosijek-5-visoko\/\" target=\"_blank\"><img decoding=\"async\" alt=\"\" width=\"950\" height=\"712\" loading=\"lazy\" src=\"https:\/\/vremeplov.ba\/2025\/wp-content\/uploads\/2025\/04\/Normalni_kolosijek-5-Visoko.jpg\" srcset=\",https:\/\/vremeplov.ba\/2025\/wp-content\/uploads\/2025\/04\/Normalni_kolosijek-5-Visoko.jpg 950w\" sizes=\"auto, 250px\"\/><\/a><\/div><div class=\"sgb-item\"><a href=\"https:\/\/vremeplov.ba\/2025\/pruga-normalnog-kolosijeka\/normalni_kolosijek-6-blatna\/\" target=\"_blank\"><img decoding=\"async\" alt=\"\" width=\"950\" height=\"651\" loading=\"lazy\" src=\"https:\/\/vremeplov.ba\/2025\/wp-content\/uploads\/2025\/04\/Normalni_kolosijek-6-Blatna.jpg\" srcset=\",https:\/\/vremeplov.ba\/2025\/wp-content\/uploads\/2025\/04\/Normalni_kolosijek-6-Blatna.jpg 950w\" sizes=\"auto, 250px\"\/><\/a><\/div><div class=\"sgb-item\"><a href=\"https:\/\/vremeplov.ba\/2025\/pruga-normalnog-kolosijeka\/normalni_kolosijek-7-visoko\/\" target=\"_blank\"><img decoding=\"async\" alt=\"\" width=\"950\" height=\"748\" loading=\"lazy\" src=\"https:\/\/vremeplov.ba\/2025\/wp-content\/uploads\/2025\/04\/Normalni_kolosijek-7-Visoko.jpg\" srcset=\",https:\/\/vremeplov.ba\/2025\/wp-content\/uploads\/2025\/04\/Normalni_kolosijek-7-Visoko.jpg 950w\" sizes=\"auto, 250px\"\/><\/a><\/div><div class=\"sgb-item\"><a href=\"https:\/\/vremeplov.ba\/2025\/pruga-normalnog-kolosijeka\/normalni_kolosijek-8-sarajevo\/\" target=\"_blank\"><img decoding=\"async\" alt=\"\" width=\"950\" height=\"642\" loading=\"lazy\" src=\"https:\/\/vremeplov.ba\/2025\/wp-content\/uploads\/2025\/04\/Normalni_kolosijek-8-Sarajevo.jpg\" srcset=\",https:\/\/vremeplov.ba\/2025\/wp-content\/uploads\/2025\/04\/Normalni_kolosijek-8-Sarajevo.jpg 950w\" sizes=\"auto, 250px\"\/><\/a><\/div><div class=\"sgb-item\"><a href=\"https:\/\/vremeplov.ba\/2025\/pruga-normalnog-kolosijeka\/normalni_kolosijek-9-rajlovac\/\" target=\"_blank\"><img decoding=\"async\" alt=\"\" width=\"950\" height=\"951\" loading=\"lazy\" src=\"https:\/\/vremeplov.ba\/2025\/wp-content\/uploads\/2025\/04\/Normalni_kolosijek-9-Rajlovac.jpg\" srcset=\",https:\/\/vremeplov.ba\/2025\/wp-content\/uploads\/2025\/04\/Normalni_kolosijek-9-Rajlovac.jpg 950w\" sizes=\"auto, 250px\"\/><\/a><\/div><div class=\"sgb-item\"><a href=\"https:\/\/vremeplov.ba\/2025\/pruga-normalnog-kolosijeka\/odluka-ztp\/\" target=\"_blank\"><img decoding=\"async\" alt=\"\" width=\"950\" height=\"736\" loading=\"lazy\" src=\"https:\/\/vremeplov.ba\/2025\/wp-content\/uploads\/2025\/04\/Odluka-ZTP.jpg\" srcset=\",https:\/\/vremeplov.ba\/2025\/wp-content\/uploads\/2025\/04\/Odluka-ZTP.jpg 950w\" sizes=\"auto, 250px\"\/><\/a><\/div><div class=\"sgb-item\"><a href=\"https:\/\/vremeplov.ba\/2025\/pruga-normalnog-kolosijeka\/olimpik_151\/\" target=\"_blank\"><img decoding=\"async\" alt=\"\" width=\"950\" height=\"746\" loading=\"lazy\" src=\"https:\/\/vremeplov.ba\/2025\/wp-content\/uploads\/2025\/04\/olimpik_151.jpg\" srcset=\",https:\/\/vremeplov.ba\/2025\/wp-content\/uploads\/2025\/04\/olimpik_151.jpg 950w\" sizes=\"auto, 250px\"\/><\/a><\/div><div class=\"sgb-item\"><a href=\"https:\/\/vremeplov.ba\/2025\/pruga-normalnog-kolosijeka\/olimpik_ekspres_lunch\/\" target=\"_blank\"><img decoding=\"async\" alt=\"\" width=\"1298\" height=\"1029\" loading=\"lazy\" src=\"https:\/\/vremeplov.ba\/2025\/wp-content\/uploads\/2025\/04\/Olimpik_Ekspres_lunch.jpg\" srcset=\",https:\/\/vremeplov.ba\/2025\/wp-content\/uploads\/2025\/04\/Olimpik_Ekspres_lunch.jpg 1298w\" sizes=\"auto, 250px\"\/><\/a><\/div><div class=\"sgb-item\"><a href=\"https:\/\/vremeplov.ba\/2025\/pruga-normalnog-kolosijeka\/olimpik_proba\/\" target=\"_blank\"><img decoding=\"async\" alt=\"\" width=\"950\" height=\"671\" loading=\"lazy\" src=\"https:\/\/vremeplov.ba\/2025\/wp-content\/uploads\/2025\/04\/olimpik_proba.jpg\" srcset=\",https:\/\/vremeplov.ba\/2025\/wp-content\/uploads\/2025\/04\/olimpik_proba.jpg 950w\" sizes=\"auto, 250px\"\/><\/a><\/div><div class=\"sgb-item\"><a href=\"https:\/\/vremeplov.ba\/2025\/pruga-normalnog-kolosijeka\/olimpik-emg-415-1\/\" target=\"_blank\"><img decoding=\"async\" alt=\"\" width=\"950\" height=\"657\" loading=\"lazy\" src=\"https:\/\/vremeplov.ba\/2025\/wp-content\/uploads\/2025\/04\/Olimpik-EMG-415-1.jpg\" srcset=\",https:\/\/vremeplov.ba\/2025\/wp-content\/uploads\/2025\/04\/Olimpik-EMG-415-1.jpg 950w\" sizes=\"auto, 250px\"\/><\/a><\/div><div class=\"sgb-item\"><a href=\"https:\/\/vremeplov.ba\/2025\/pruga-normalnog-kolosijeka\/olimpik-emg-415-2\/\" target=\"_blank\"><img decoding=\"async\" alt=\"\" width=\"950\" height=\"667\" loading=\"lazy\" src=\"https:\/\/vremeplov.ba\/2025\/wp-content\/uploads\/2025\/04\/Olimpik-EMG-415-2.jpg\" srcset=\",https:\/\/vremeplov.ba\/2025\/wp-content\/uploads\/2025\/04\/Olimpik-EMG-415-2.jpg 950w\" sizes=\"auto, 250px\"\/><\/a><\/div><div class=\"sgb-item\"><a href=\"https:\/\/vremeplov.ba\/2025\/pruga-normalnog-kolosijeka\/olimpik-emg-415-3\/\" target=\"_blank\"><img decoding=\"async\" alt=\"\" width=\"950\" height=\"705\" loading=\"lazy\" src=\"https:\/\/vremeplov.ba\/2025\/wp-content\/uploads\/2025\/04\/Olimpik-EMG-415-3.jpg\" srcset=\",https:\/\/vremeplov.ba\/2025\/wp-content\/uploads\/2025\/04\/Olimpik-EMG-415-3.jpg 950w\" sizes=\"auto, 250px\"\/><\/a><\/div><div class=\"sgb-item\"><a href=\"https:\/\/vremeplov.ba\/2025\/pruga-normalnog-kolosijeka\/olimpik-emg-415-4\/\" target=\"_blank\"><img decoding=\"async\" alt=\"\" width=\"950\" height=\"627\" loading=\"lazy\" src=\"https:\/\/vremeplov.ba\/2025\/wp-content\/uploads\/2025\/04\/Olimpik-EMG-415-4.jpg\" srcset=\",https:\/\/vremeplov.ba\/2025\/wp-content\/uploads\/2025\/04\/Olimpik-EMG-415-4.jpg 950w\" sizes=\"auto, 250px\"\/><\/a><\/div><div class=\"sgb-item\"><a href=\"https:\/\/vremeplov.ba\/2025\/pruga-normalnog-kolosijeka\/omarska_militar\/\" target=\"_blank\"><img decoding=\"async\" alt=\"\" width=\"950\" height=\"657\" loading=\"lazy\" src=\"https:\/\/vremeplov.ba\/2025\/wp-content\/uploads\/2025\/04\/Omarska_Militar.jpg\" srcset=\",https:\/\/vremeplov.ba\/2025\/wp-content\/uploads\/2025\/04\/Omarska_Militar.jpg 950w\" sizes=\"auto, 250px\"\/><\/a><\/div><div class=\"sgb-item\"><a href=\"https:\/\/vremeplov.ba\/2025\/pruga-normalnog-kolosijeka\/ora_78_zenica-1\/\" target=\"_blank\"><img decoding=\"async\" alt=\"\" width=\"950\" height=\"609\" loading=\"lazy\" src=\"https:\/\/vremeplov.ba\/2025\/wp-content\/uploads\/2025\/04\/ORA_78_Zenica-1.jpg\" srcset=\",https:\/\/vremeplov.ba\/2025\/wp-content\/uploads\/2025\/04\/ORA_78_Zenica-1.jpg 950w\" sizes=\"auto, 250px\"\/><\/a><\/div><div class=\"sgb-item\"><a href=\"https:\/\/vremeplov.ba\/2025\/pruga-normalnog-kolosijeka\/ora_78_zenica-2\/\" target=\"_blank\"><img decoding=\"async\" alt=\"\" width=\"950\" height=\"603\" loading=\"lazy\" src=\"https:\/\/vremeplov.ba\/2025\/wp-content\/uploads\/2025\/04\/ORA_78_Zenica-2.jpg\" srcset=\",https:\/\/vremeplov.ba\/2025\/wp-content\/uploads\/2025\/04\/ORA_78_Zenica-2.jpg 950w\" sizes=\"auto, 250px\"\/><\/a><\/div><div class=\"sgb-item\"><a href=\"https:\/\/vremeplov.ba\/2025\/pruga-normalnog-kolosijeka\/ora_78_zenica-3\/\" target=\"_blank\"><img decoding=\"async\" alt=\"\" width=\"950\" height=\"602\" loading=\"lazy\" src=\"https:\/\/vremeplov.ba\/2025\/wp-content\/uploads\/2025\/04\/ORA_78_Zenica-3.jpg\" srcset=\",https:\/\/vremeplov.ba\/2025\/wp-content\/uploads\/2025\/04\/ORA_78_Zenica-3.jpg 950w\" sizes=\"auto, 250px\"\/><\/a><\/div><div class=\"sgb-item\"><a href=\"https:\/\/vremeplov.ba\/2025\/pruga-normalnog-kolosijeka\/ora_78_zenica-4\/\" target=\"_blank\"><img decoding=\"async\" alt=\"\" width=\"950\" height=\"599\" loading=\"lazy\" src=\"https:\/\/vremeplov.ba\/2025\/wp-content\/uploads\/2025\/04\/ORA_78_Zenica-4.jpg\" srcset=\",https:\/\/vremeplov.ba\/2025\/wp-content\/uploads\/2025\/04\/ORA_78_Zenica-4.jpg 950w\" sizes=\"auto, 250px\"\/><\/a><\/div><div class=\"sgb-item\"><a href=\"https:\/\/vremeplov.ba\/2025\/pruga-normalnog-kolosijeka\/orb-unska-prega\/\" target=\"_blank\"><img decoding=\"async\" alt=\"\" width=\"950\" height=\"666\" loading=\"lazy\" src=\"https:\/\/vremeplov.ba\/2025\/wp-content\/uploads\/2025\/04\/orb-unska-prega.jpg\" srcset=\",https:\/\/vremeplov.ba\/2025\/wp-content\/uploads\/2025\/04\/orb-unska-prega.jpg 950w\" sizes=\"auto, 250px\"\/><\/a><\/div><div class=\"sgb-item\"><a href=\"https:\/\/vremeplov.ba\/2025\/pruga-normalnog-kolosijeka\/ormanica\/\" target=\"_blank\"><img decoding=\"async\" alt=\"\" width=\"950\" height=\"649\" loading=\"lazy\" src=\"https:\/\/vremeplov.ba\/2025\/wp-content\/uploads\/2025\/04\/Ormanica.jpg\" srcset=\",https:\/\/vremeplov.ba\/2025\/wp-content\/uploads\/2025\/04\/Ormanica.jpg 950w\" sizes=\"auto, 250px\"\/><\/a><\/div><div class=\"sgb-item\"><a href=\"https:\/\/vremeplov.ba\/2025\/pruga-normalnog-kolosijeka\/ostrozac_poplave\/\" target=\"_blank\"><img decoding=\"async\" alt=\"\" width=\"950\" height=\"696\" loading=\"lazy\" src=\"https:\/\/vremeplov.ba\/2025\/wp-content\/uploads\/2025\/04\/Ostrozac_poplave.jpg\" srcset=\",https:\/\/vremeplov.ba\/2025\/wp-content\/uploads\/2025\/04\/Ostrozac_poplave.jpg 950w\" sizes=\"auto, 250px\"\/><\/a><\/div><div class=\"sgb-item\"><a href=\"https:\/\/vremeplov.ba\/2025\/pruga-normalnog-kolosijeka\/otoka_bosanska\/\" target=\"_blank\"><img decoding=\"async\" alt=\"\" width=\"950\" height=\"610\" loading=\"lazy\" src=\"https:\/\/vremeplov.ba\/2025\/wp-content\/uploads\/2025\/04\/Otoka_bosanska.jpg\" srcset=\",https:\/\/vremeplov.ba\/2025\/wp-content\/uploads\/2025\/04\/Otoka_bosanska.jpg 950w\" sizes=\"auto, 250px\"\/><\/a><\/div><div class=\"sgb-item\"><a href=\"https:\/\/vremeplov.ba\/2025\/pruga-normalnog-kolosijeka\/ovcari-1970\/\" target=\"_blank\"><img decoding=\"async\" alt=\"\" width=\"950\" height=\"671\" loading=\"lazy\" src=\"https:\/\/vremeplov.ba\/2025\/wp-content\/uploads\/2025\/04\/Ovcari-1970.jpg\" srcset=\",https:\/\/vremeplov.ba\/2025\/wp-content\/uploads\/2025\/04\/Ovcari-1970.jpg 950w\" sizes=\"auto, 250px\"\/><\/a><\/div><div class=\"sgb-item\"><a href=\"https:\/\/vremeplov.ba\/2025\/pruga-normalnog-kolosijeka\/photo-rail\/\" target=\"_blank\"><img decoding=\"async\" alt=\"\" width=\"950\" height=\"670\" loading=\"lazy\" src=\"https:\/\/vremeplov.ba\/2025\/wp-content\/uploads\/2025\/04\/Photo-rail.jpg\" srcset=\",https:\/\/vremeplov.ba\/2025\/wp-content\/uploads\/2025\/04\/Photo-rail.jpg 950w\" sizes=\"auto, 250px\"\/><\/a><\/div><div class=\"sgb-item\"><a href=\"https:\/\/vremeplov.ba\/2025\/pruga-normalnog-kolosijeka\/plavi_voz_tito\/\" target=\"_blank\"><img decoding=\"async\" alt=\"\" width=\"950\" height=\"687\" loading=\"lazy\" src=\"https:\/\/vremeplov.ba\/2025\/wp-content\/uploads\/2025\/04\/Plavi_voz_Tito.jpg\" srcset=\",https:\/\/vremeplov.ba\/2025\/wp-content\/uploads\/2025\/04\/Plavi_voz_Tito.jpg 950w\" sizes=\"auto, 250px\"\/><\/a><\/div><div class=\"sgb-item\"><a href=\"https:\/\/vremeplov.ba\/2025\/pruga-normalnog-kolosijeka\/ploce_kardeljevo_1982\/\" target=\"_blank\"><img decoding=\"async\" alt=\"\" width=\"950\" height=\"635\" loading=\"lazy\" src=\"https:\/\/vremeplov.ba\/2025\/wp-content\/uploads\/2025\/04\/Ploce_Kardeljevo_1982.jpg\" srcset=\",https:\/\/vremeplov.ba\/2025\/wp-content\/uploads\/2025\/04\/Ploce_Kardeljevo_1982.jpg 950w\" sizes=\"auto, 250px\"\/><\/a><\/div><div class=\"sgb-item\"><a href=\"https:\/\/vremeplov.ba\/2025\/pruga-normalnog-kolosijeka\/ploce_kardeljevo_more\/\" target=\"_blank\"><img decoding=\"async\" alt=\"\" width=\"950\" height=\"471\" loading=\"lazy\" src=\"https:\/\/vremeplov.ba\/2025\/wp-content\/uploads\/2025\/04\/Ploce_Kardeljevo_more.jpg\" srcset=\",https:\/\/vremeplov.ba\/2025\/wp-content\/uploads\/2025\/04\/Ploce_Kardeljevo_more.jpg 950w\" sizes=\"auto, 250px\"\/><\/a><\/div><div class=\"sgb-item\"><a href=\"https:\/\/vremeplov.ba\/2025\/pruga-normalnog-kolosijeka\/ploce_norm_kol-1\/\" target=\"_blank\"><img decoding=\"async\" alt=\"\" width=\"950\" height=\"609\" loading=\"lazy\" src=\"https:\/\/vremeplov.ba\/2025\/wp-content\/uploads\/2025\/04\/Ploce_norm_kol-1.jpg\" srcset=\",https:\/\/vremeplov.ba\/2025\/wp-content\/uploads\/2025\/04\/Ploce_norm_kol-1.jpg 950w\" sizes=\"auto, 250px\"\/><\/a><\/div><div class=\"sgb-item\"><a href=\"https:\/\/vremeplov.ba\/2025\/pruga-normalnog-kolosijeka\/ploce_norm_kol-2\/\" target=\"_blank\"><img decoding=\"async\" alt=\"\" width=\"950\" height=\"660\" loading=\"lazy\" src=\"https:\/\/vremeplov.ba\/2025\/wp-content\/uploads\/2025\/04\/Ploce_norm_kol-2.jpg\" srcset=\",https:\/\/vremeplov.ba\/2025\/wp-content\/uploads\/2025\/04\/Ploce_norm_kol-2.jpg 950w\" sizes=\"auto, 250px\"\/><\/a><\/div><div class=\"sgb-item\"><a href=\"https:\/\/vremeplov.ba\/2025\/pruga-normalnog-kolosijeka\/ploce_norm_kol-3\/\" target=\"_blank\"><img decoding=\"async\" alt=\"\" width=\"950\" height=\"600\" loading=\"lazy\" src=\"https:\/\/vremeplov.ba\/2025\/wp-content\/uploads\/2025\/04\/Ploce_norm_kol-3.jpg\" srcset=\",https:\/\/vremeplov.ba\/2025\/wp-content\/uploads\/2025\/04\/Ploce_norm_kol-3.jpg 950w\" sizes=\"auto, 250px\"\/><\/a><\/div><div class=\"sgb-item\"><a href=\"https:\/\/vremeplov.ba\/2025\/pruga-normalnog-kolosijeka\/ploce_proslava-1\/\" target=\"_blank\"><img decoding=\"async\" alt=\"\" width=\"950\" height=\"610\" loading=\"lazy\" src=\"https:\/\/vremeplov.ba\/2025\/wp-content\/uploads\/2025\/04\/ploce_proslava-1.jpg\" srcset=\",https:\/\/vremeplov.ba\/2025\/wp-content\/uploads\/2025\/04\/ploce_proslava-1.jpg 950w\" sizes=\"auto, 250px\"\/><\/a><\/div><div class=\"sgb-item\"><a href=\"https:\/\/vremeplov.ba\/2025\/pruga-normalnog-kolosijeka\/ploce_proslava-2\/\" target=\"_blank\"><img decoding=\"async\" alt=\"\" width=\"950\" height=\"598\" loading=\"lazy\" src=\"https:\/\/vremeplov.ba\/2025\/wp-content\/uploads\/2025\/04\/ploce_proslava-2.jpg\" srcset=\",https:\/\/vremeplov.ba\/2025\/wp-content\/uploads\/2025\/04\/ploce_proslava-2.jpg 950w\" sizes=\"auto, 250px\"\/><\/a><\/div><div class=\"sgb-item\"><a href=\"https:\/\/vremeplov.ba\/2025\/pruga-normalnog-kolosijeka\/podlugovi-1982\/\" target=\"_blank\"><img decoding=\"async\" alt=\"\" width=\"950\" height=\"709\" loading=\"lazy\" src=\"https:\/\/vremeplov.ba\/2025\/wp-content\/uploads\/2025\/04\/Podlugovi-1982.jpg\" srcset=\",https:\/\/vremeplov.ba\/2025\/wp-content\/uploads\/2025\/04\/Podlugovi-1982.jpg 950w\" sizes=\"auto, 250px\"\/><\/a><\/div><div class=\"sgb-item\"><a href=\"https:\/\/vremeplov.ba\/2025\/pruga-normalnog-kolosijeka\/portal_ztp_sarajevo-1\/\" target=\"_blank\"><img decoding=\"async\" alt=\"\" width=\"613\" height=\"1000\" loading=\"lazy\" src=\"https:\/\/vremeplov.ba\/2025\/wp-content\/uploads\/2025\/04\/Portal_ZTP_Sarajevo.1.jpg\" srcset=\",https:\/\/vremeplov.ba\/2025\/wp-content\/uploads\/2025\/04\/Portal_ZTP_Sarajevo.1.jpg 613w\" sizes=\"auto, 250px\"\/><\/a><\/div><div class=\"sgb-item\"><a href=\"https:\/\/vremeplov.ba\/2025\/pruga-normalnog-kolosijeka\/poslovni_voz\/\" target=\"_blank\"><img decoding=\"async\" alt=\"\" width=\"1000\" height=\"795\" loading=\"lazy\" src=\"https:\/\/vremeplov.ba\/2025\/wp-content\/uploads\/2025\/04\/Poslovni_Voz.jpg\" srcset=\",https:\/\/vremeplov.ba\/2025\/wp-content\/uploads\/2025\/04\/Poslovni_Voz.jpg 1000w\" sizes=\"auto, 250px\"\/><\/a><\/div><div class=\"sgb-item\"><a href=\"https:\/\/vremeplov.ba\/2025\/pruga-normalnog-kolosijeka\/postolje_441_411\/\" target=\"_blank\"><img decoding=\"async\" alt=\"\" width=\"950\" height=\"656\" loading=\"lazy\" src=\"https:\/\/vremeplov.ba\/2025\/wp-content\/uploads\/2025\/04\/Postolje_441_411.jpg\" srcset=\",https:\/\/vremeplov.ba\/2025\/wp-content\/uploads\/2025\/04\/Postolje_441_411.jpg 950w\" sizes=\"auto, 250px\"\/><\/a><\/div><div class=\"sgb-item\"><a href=\"https:\/\/vremeplov.ba\/2025\/pruga-normalnog-kolosijeka\/prevoz_separatora_za_rusiju-1\/\" target=\"_blank\"><img decoding=\"async\" alt=\"\" width=\"950\" height=\"621\" loading=\"lazy\" src=\"https:\/\/vremeplov.ba\/2025\/wp-content\/uploads\/2025\/04\/prevoz_Separatora_za_Rusiju-1.jpg\" srcset=\",https:\/\/vremeplov.ba\/2025\/wp-content\/uploads\/2025\/04\/prevoz_Separatora_za_Rusiju-1.jpg 950w\" sizes=\"auto, 250px\"\/><\/a><\/div><div class=\"sgb-item\"><a href=\"https:\/\/vremeplov.ba\/2025\/pruga-normalnog-kolosijeka\/prevoz_separatora_za_rusiju-2\/\" target=\"_blank\"><img decoding=\"async\" alt=\"\" width=\"950\" height=\"600\" loading=\"lazy\" src=\"https:\/\/vremeplov.ba\/2025\/wp-content\/uploads\/2025\/04\/prevoz_Separatora_za_Rusiju-2.jpg\" srcset=\",https:\/\/vremeplov.ba\/2025\/wp-content\/uploads\/2025\/04\/prevoz_Separatora_za_Rusiju-2.jpg 950w\" sizes=\"auto, 250px\"\/><\/a><\/div><div class=\"sgb-item\"><a href=\"https:\/\/vremeplov.ba\/2025\/pruga-normalnog-kolosijeka\/prevoz_separatora_za_rusiju-3\/\" target=\"_blank\"><img decoding=\"async\" alt=\"\" width=\"950\" height=\"604\" loading=\"lazy\" src=\"https:\/\/vremeplov.ba\/2025\/wp-content\/uploads\/2025\/04\/prevoz_Separatora_za_Rusiju-3.jpg\" srcset=\",https:\/\/vremeplov.ba\/2025\/wp-content\/uploads\/2025\/04\/prevoz_Separatora_za_Rusiju-3.jpg 950w\" sizes=\"auto, 250px\"\/><\/a><\/div><div class=\"sgb-item\"><a href=\"https:\/\/vremeplov.ba\/2025\/pruga-normalnog-kolosijeka\/prijedor\/\" target=\"_blank\"><img decoding=\"async\" alt=\"\" width=\"950\" height=\"907\" loading=\"lazy\" src=\"https:\/\/vremeplov.ba\/2025\/wp-content\/uploads\/2025\/04\/Prijedor.jpg\" srcset=\",https:\/\/vremeplov.ba\/2025\/wp-content\/uploads\/2025\/04\/Prijedor.jpg 950w\" sizes=\"auto, 250px\"\/><\/a><\/div><div class=\"sgb-item\"><a href=\"https:\/\/vremeplov.ba\/2025\/pruga-normalnog-kolosijeka\/prijedor_okretnica\/\" target=\"_blank\"><img decoding=\"async\" alt=\"\" width=\"950\" height=\"587\" loading=\"lazy\" src=\"https:\/\/vremeplov.ba\/2025\/wp-content\/uploads\/2025\/04\/Prijedor_okretnica.jpg\" srcset=\",https:\/\/vremeplov.ba\/2025\/wp-content\/uploads\/2025\/04\/Prijedor_okretnica.jpg 950w\" sizes=\"auto, 250px\"\/><\/a><\/div><div class=\"sgb-item\"><a href=\"https:\/\/vremeplov.ba\/2025\/pruga-normalnog-kolosijeka\/pruga-jug-narenta\/\" target=\"_blank\"><img decoding=\"async\" alt=\"\" width=\"950\" height=\"972\" loading=\"lazy\" src=\"https:\/\/vremeplov.ba\/2025\/wp-content\/uploads\/2025\/04\/Pruga-Jug-Narenta.jpg\" srcset=\",https:\/\/vremeplov.ba\/2025\/wp-content\/uploads\/2025\/04\/Pruga-Jug-Narenta.jpg 950w\" sizes=\"auto, 250px\"\/><\/a><\/div><div class=\"sgb-item\"><a href=\"https:\/\/vremeplov.ba\/2025\/pruga-normalnog-kolosijeka\/putovanje\/\" target=\"_blank\"><img decoding=\"async\" alt=\"\" width=\"950\" height=\"820\" loading=\"lazy\" src=\"https:\/\/vremeplov.ba\/2025\/wp-content\/uploads\/2025\/04\/putovanje.jpg\" srcset=\",https:\/\/vremeplov.ba\/2025\/wp-content\/uploads\/2025\/04\/putovanje.jpg 950w\" sizes=\"auto, 250px\"\/><\/a><\/div><div class=\"sgb-item\"><a href=\"https:\/\/vremeplov.ba\/2025\/pruga-normalnog-kolosijeka\/radionica_rajlovac\/\" target=\"_blank\"><img decoding=\"async\" alt=\"\" width=\"2824\" height=\"2276\" loading=\"lazy\" src=\"https:\/\/vremeplov.ba\/2025\/wp-content\/uploads\/2025\/04\/Radionica_Rajlovac.jpg\" srcset=\",https:\/\/vremeplov.ba\/2025\/wp-content\/uploads\/2025\/04\/Radionica_Rajlovac.jpg 2824w\" sizes=\"auto, 250px\"\/><\/a><\/div><div class=\"sgb-item\"><a href=\"https:\/\/vremeplov.ba\/2025\/pruga-normalnog-kolosijeka\/rajlovac\/\" target=\"_blank\"><img decoding=\"async\" alt=\"\" width=\"950\" height=\"609\" loading=\"lazy\" src=\"https:\/\/vremeplov.ba\/2025\/wp-content\/uploads\/2025\/04\/Rajlovac.jpg\" srcset=\",https:\/\/vremeplov.ba\/2025\/wp-content\/uploads\/2025\/04\/Rajlovac.jpg 950w\" sizes=\"auto, 250px\"\/><\/a><\/div><div class=\"sgb-item\"><a href=\"https:\/\/vremeplov.ba\/2025\/pruga-normalnog-kolosijeka\/rajlovac_411\/\" target=\"_blank\"><img decoding=\"async\" alt=\"\" width=\"717\" height=\"950\" loading=\"lazy\" src=\"https:\/\/vremeplov.ba\/2025\/wp-content\/uploads\/2025\/04\/Rajlovac_411.jpg\" srcset=\",https:\/\/vremeplov.ba\/2025\/wp-content\/uploads\/2025\/04\/Rajlovac_411.jpg 717w\" sizes=\"auto, 250px\"\/><\/a><\/div><div class=\"sgb-item\"><a href=\"https:\/\/vremeplov.ba\/2025\/pruga-normalnog-kolosijeka\/rajlovac_441-037\/\" target=\"_blank\"><img decoding=\"async\" alt=\"\" width=\"626\" height=\"950\" loading=\"lazy\" src=\"https:\/\/vremeplov.ba\/2025\/wp-content\/uploads\/2025\/04\/Rajlovac_441-037.jpg\" srcset=\",https:\/\/vremeplov.ba\/2025\/wp-content\/uploads\/2025\/04\/Rajlovac_441-037.jpg 626w\" sizes=\"auto, 250px\"\/><\/a><\/div><div class=\"sgb-item\"><a href=\"https:\/\/vremeplov.ba\/2025\/pruga-normalnog-kolosijeka\/rajlovac_cpu\/\" target=\"_blank\"><img decoding=\"async\" alt=\"\" width=\"950\" height=\"620\" loading=\"lazy\" src=\"https:\/\/vremeplov.ba\/2025\/wp-content\/uploads\/2025\/04\/Rajlovac_CPU.jpg\" srcset=\",https:\/\/vremeplov.ba\/2025\/wp-content\/uploads\/2025\/04\/Rajlovac_CPU.jpg 950w\" sizes=\"auto, 250px\"\/><\/a><\/div><div class=\"sgb-item\"><a href=\"https:\/\/vremeplov.ba\/2025\/pruga-normalnog-kolosijeka\/rajlovac_depo\/\" target=\"_blank\"><img decoding=\"async\" alt=\"\" width=\"950\" height=\"949\" loading=\"lazy\" src=\"https:\/\/vremeplov.ba\/2025\/wp-content\/uploads\/2025\/04\/Rajlovac_Depo.jpg\" srcset=\",https:\/\/vremeplov.ba\/2025\/wp-content\/uploads\/2025\/04\/Rajlovac_Depo.jpg 950w\" sizes=\"auto, 250px\"\/><\/a><\/div><div class=\"sgb-item\"><a href=\"https:\/\/vremeplov.ba\/2025\/pruga-normalnog-kolosijeka\/rajlovac_depo_asea\/\" target=\"_blank\"><img decoding=\"async\" alt=\"\" width=\"690\" height=\"950\" loading=\"lazy\" src=\"https:\/\/vremeplov.ba\/2025\/wp-content\/uploads\/2025\/04\/Rajlovac_Depo_asea.jpg\" srcset=\",https:\/\/vremeplov.ba\/2025\/wp-content\/uploads\/2025\/04\/Rajlovac_Depo_asea.jpg 690w\" sizes=\"auto, 250px\"\/><\/a><\/div><div class=\"sgb-item\"><a href=\"https:\/\/vremeplov.ba\/2025\/pruga-normalnog-kolosijeka\/rajlovac_depo_loko\/\" target=\"_blank\"><img decoding=\"async\" alt=\"\" width=\"950\" height=\"673\" loading=\"lazy\" src=\"https:\/\/vremeplov.ba\/2025\/wp-content\/uploads\/2025\/04\/Rajlovac_depo_loko.jpg\" srcset=\",https:\/\/vremeplov.ba\/2025\/wp-content\/uploads\/2025\/04\/Rajlovac_depo_loko.jpg 950w\" sizes=\"auto, 250px\"\/><\/a><\/div><div class=\"sgb-item\"><a href=\"https:\/\/vremeplov.ba\/2025\/pruga-normalnog-kolosijeka\/rajlovac_depo_motor\/\" target=\"_blank\"><img decoding=\"async\" alt=\"\" width=\"950\" height=\"610\" loading=\"lazy\" src=\"https:\/\/vremeplov.ba\/2025\/wp-content\/uploads\/2025\/04\/Rajlovac_Depo_motor.jpg\" srcset=\",https:\/\/vremeplov.ba\/2025\/wp-content\/uploads\/2025\/04\/Rajlovac_Depo_motor.jpg 950w\" sizes=\"auto, 250px\"\/><\/a><\/div><div class=\"sgb-item\"><a href=\"https:\/\/vremeplov.ba\/2025\/pruga-normalnog-kolosijeka\/rajlovac_depo_sarajevo-1\/\" target=\"_blank\"><img decoding=\"async\" alt=\"\" width=\"950\" height=\"721\" loading=\"lazy\" src=\"https:\/\/vremeplov.ba\/2025\/wp-content\/uploads\/2025\/04\/Rajlovac_Depo_Sarajevo-1.jpg\" srcset=\",https:\/\/vremeplov.ba\/2025\/wp-content\/uploads\/2025\/04\/Rajlovac_Depo_Sarajevo-1.jpg 950w\" sizes=\"auto, 250px\"\/><\/a><\/div><div class=\"sgb-item\"><a href=\"https:\/\/vremeplov.ba\/2025\/pruga-normalnog-kolosijeka\/rajlovac_depo_sarajevo-2\/\" target=\"_blank\"><img decoding=\"async\" alt=\"\" width=\"947\" height=\"950\" loading=\"lazy\" src=\"https:\/\/vremeplov.ba\/2025\/wp-content\/uploads\/2025\/04\/Rajlovac_Depo_Sarajevo-2.jpg\" srcset=\",https:\/\/vremeplov.ba\/2025\/wp-content\/uploads\/2025\/04\/Rajlovac_Depo_Sarajevo-2.jpg 947w\" sizes=\"auto, 250px\"\/><\/a><\/div><div class=\"sgb-item\"><a href=\"https:\/\/vremeplov.ba\/2025\/pruga-normalnog-kolosijeka\/rajlovac_emg_411\/\" target=\"_blank\"><img decoding=\"async\" alt=\"\" width=\"950\" height=\"691\" loading=\"lazy\" src=\"https:\/\/vremeplov.ba\/2025\/wp-content\/uploads\/2025\/04\/Rajlovac_EMG_411.jpg\" srcset=\",https:\/\/vremeplov.ba\/2025\/wp-content\/uploads\/2025\/04\/Rajlovac_EMG_411.jpg 950w\" sizes=\"auto, 250px\"\/><\/a><\/div><div class=\"sgb-item\"><a href=\"https:\/\/vremeplov.ba\/2025\/pruga-normalnog-kolosijeka\/rajlovac_emg_411-2\/\" target=\"_blank\"><img decoding=\"async\" alt=\"\" width=\"950\" height=\"943\" loading=\"lazy\" src=\"https:\/\/vremeplov.ba\/2025\/wp-content\/uploads\/2025\/04\/Rajlovac_EMG_411-2.jpg\" srcset=\",https:\/\/vremeplov.ba\/2025\/wp-content\/uploads\/2025\/04\/Rajlovac_EMG_411-2.jpg 950w\" sizes=\"auto, 250px\"\/><\/a><\/div><div class=\"sgb-item\"><a href=\"https:\/\/vremeplov.ba\/2025\/pruga-normalnog-kolosijeka\/rajlovac_lokomotiva\/\" target=\"_blank\"><img decoding=\"async\" alt=\"\" width=\"950\" height=\"690\" loading=\"lazy\" src=\"https:\/\/vremeplov.ba\/2025\/wp-content\/uploads\/2025\/04\/Rajlovac_lokomotiva.jpg\" srcset=\",https:\/\/vremeplov.ba\/2025\/wp-content\/uploads\/2025\/04\/Rajlovac_lokomotiva.jpg 950w\" sizes=\"auto, 250px\"\/><\/a><\/div><div class=\"sgb-item\"><a href=\"https:\/\/vremeplov.ba\/2025\/pruga-normalnog-kolosijeka\/rajlovac_nada\/\" target=\"_blank\"><img decoding=\"async\" alt=\"\" width=\"950\" height=\"601\" loading=\"lazy\" src=\"https:\/\/vremeplov.ba\/2025\/wp-content\/uploads\/2025\/04\/Rajlovac_Nada.jpg\" srcset=\",https:\/\/vremeplov.ba\/2025\/wp-content\/uploads\/2025\/04\/Rajlovac_Nada.jpg 950w\" sizes=\"auto, 250px\"\/><\/a><\/div><div class=\"sgb-item\"><a href=\"https:\/\/vremeplov.ba\/2025\/pruga-normalnog-kolosijeka\/rajlovac_panorama\/\" target=\"_blank\"><img decoding=\"async\" alt=\"\" width=\"950\" height=\"589\" loading=\"lazy\" src=\"https:\/\/vremeplov.ba\/2025\/wp-content\/uploads\/2025\/04\/Rajlovac_panorama.jpg\" srcset=\",https:\/\/vremeplov.ba\/2025\/wp-content\/uploads\/2025\/04\/Rajlovac_panorama.jpg 950w\" sizes=\"auto, 250px\"\/><\/a><\/div><div class=\"sgb-item\"><a href=\"https:\/\/vremeplov.ba\/2025\/pruga-normalnog-kolosijeka\/rajlovac_udes_441-2\/\" target=\"_blank\"><img decoding=\"async\" alt=\"\" width=\"950\" height=\"691\" loading=\"lazy\" src=\"https:\/\/vremeplov.ba\/2025\/wp-content\/uploads\/2025\/04\/Rajlovac_udes_441-2.jpg\" srcset=\",https:\/\/vremeplov.ba\/2025\/wp-content\/uploads\/2025\/04\/Rajlovac_udes_441-2.jpg 950w\" sizes=\"auto, 250px\"\/><\/a><\/div><div class=\"sgb-item\"><a href=\"https:\/\/vremeplov.ba\/2025\/pruga-normalnog-kolosijeka\/rajlovac-depo\/\" target=\"_blank\"><img decoding=\"async\" alt=\"\" width=\"950\" height=\"713\" loading=\"lazy\" src=\"https:\/\/vremeplov.ba\/2025\/wp-content\/uploads\/2025\/04\/Rajlovac-Depo.jpg\" srcset=\",https:\/\/vremeplov.ba\/2025\/wp-content\/uploads\/2025\/04\/Rajlovac-Depo.jpg 950w\" sizes=\"auto, 250px\"\/><\/a><\/div><div class=\"sgb-item\"><a href=\"https:\/\/vremeplov.ba\/2025\/pruga-normalnog-kolosijeka\/rajlovac-loko-depo\/\" target=\"_blank\"><img decoding=\"async\" alt=\"\" width=\"950\" height=\"593\" loading=\"lazy\" src=\"https:\/\/vremeplov.ba\/2025\/wp-content\/uploads\/2025\/04\/Rajlovac-loko-depo.jpg\" srcset=\",https:\/\/vremeplov.ba\/2025\/wp-content\/uploads\/2025\/04\/Rajlovac-loko-depo.jpg 950w\" sizes=\"auto, 250px\"\/><\/a><\/div><div class=\"sgb-item\"><a href=\"https:\/\/vremeplov.ba\/2025\/pruga-normalnog-kolosijeka\/rajlovac-majstori\/\" target=\"_blank\"><img decoding=\"async\" alt=\"\" width=\"950\" height=\"699\" loading=\"lazy\" src=\"https:\/\/vremeplov.ba\/2025\/wp-content\/uploads\/2025\/04\/Rajlovac-majstori.jpg\" srcset=\",https:\/\/vremeplov.ba\/2025\/wp-content\/uploads\/2025\/04\/Rajlovac-majstori.jpg 950w\" sizes=\"auto, 250px\"\/><\/a><\/div><div class=\"sgb-item\"><a href=\"https:\/\/vremeplov.ba\/2025\/pruga-normalnog-kolosijeka\/rajlovac-menza\/\" target=\"_blank\"><img decoding=\"async\" alt=\"\" width=\"950\" height=\"700\" loading=\"lazy\" src=\"https:\/\/vremeplov.ba\/2025\/wp-content\/uploads\/2025\/04\/Rajlovac-menza.jpg\" srcset=\",https:\/\/vremeplov.ba\/2025\/wp-content\/uploads\/2025\/04\/Rajlovac-menza.jpg 950w\" sizes=\"auto, 250px\"\/><\/a><\/div><div class=\"sgb-item\"><a href=\"https:\/\/vremeplov.ba\/2025\/pruga-normalnog-kolosijeka\/rajlovac-postavnica\/\" target=\"_blank\"><img decoding=\"async\" alt=\"\" width=\"950\" height=\"946\" loading=\"lazy\" src=\"https:\/\/vremeplov.ba\/2025\/wp-content\/uploads\/2025\/04\/Rajlovac-postavnica.jpg\" srcset=\",https:\/\/vremeplov.ba\/2025\/wp-content\/uploads\/2025\/04\/Rajlovac-postavnica.jpg 950w\" sizes=\"auto, 250px\"\/><\/a><\/div><div class=\"sgb-item\"><a href=\"https:\/\/vremeplov.ba\/2025\/pruga-normalnog-kolosijeka\/rajlovac-servis\/\" target=\"_blank\"><img decoding=\"async\" alt=\"\" width=\"901\" height=\"1200\" loading=\"lazy\" src=\"https:\/\/vremeplov.ba\/2025\/wp-content\/uploads\/2025\/04\/Rajlovac-servis.jpg\" srcset=\",https:\/\/vremeplov.ba\/2025\/wp-content\/uploads\/2025\/04\/Rajlovac-servis.jpg 901w\" sizes=\"auto, 250px\"\/><\/a><\/div><div class=\"sgb-item\"><a href=\"https:\/\/vremeplov.ba\/2025\/pruga-normalnog-kolosijeka\/rastelica_411_415\/\" target=\"_blank\"><img decoding=\"async\" alt=\"\" width=\"950\" height=\"604\" loading=\"lazy\" src=\"https:\/\/vremeplov.ba\/2025\/wp-content\/uploads\/2025\/04\/Rastelica_411_415.jpg\" srcset=\",https:\/\/vremeplov.ba\/2025\/wp-content\/uploads\/2025\/04\/Rastelica_411_415.jpg 950w\" sizes=\"auto, 250px\"\/><\/a><\/div><div class=\"sgb-item\"><a href=\"https:\/\/vremeplov.ba\/2025\/pruga-normalnog-kolosijeka\/rastelica_1969\/\" target=\"_blank\"><img decoding=\"async\" alt=\"\" width=\"950\" height=\"754\" loading=\"lazy\" src=\"https:\/\/vremeplov.ba\/2025\/wp-content\/uploads\/2025\/04\/Rastelica_1969.jpg\" srcset=\",https:\/\/vremeplov.ba\/2025\/wp-content\/uploads\/2025\/04\/Rastelica_1969.jpg 950w\" sizes=\"auto, 250px\"\/><\/a><\/div><div class=\"sgb-item\"><a href=\"https:\/\/vremeplov.ba\/2025\/pruga-normalnog-kolosijeka\/rastelica_odron\/\" target=\"_blank\"><img decoding=\"async\" alt=\"\" width=\"950\" height=\"613\" loading=\"lazy\" src=\"https:\/\/vremeplov.ba\/2025\/wp-content\/uploads\/2025\/04\/Rastelica_odron.jpg\" srcset=\",https:\/\/vremeplov.ba\/2025\/wp-content\/uploads\/2025\/04\/Rastelica_odron.jpg 950w\" sizes=\"auto, 250px\"\/><\/a><\/div><div class=\"sgb-item\"><a href=\"https:\/\/vremeplov.ba\/2025\/pruga-normalnog-kolosijeka\/ripac_stanica\/\" target=\"_blank\"><img decoding=\"async\" alt=\"\" width=\"950\" height=\"607\" loading=\"lazy\" src=\"https:\/\/vremeplov.ba\/2025\/wp-content\/uploads\/2025\/04\/Ripac_stanica.jpg\" srcset=\",https:\/\/vremeplov.ba\/2025\/wp-content\/uploads\/2025\/04\/Ripac_stanica.jpg 950w\" sizes=\"auto, 250px\"\/><\/a><\/div><div class=\"sgb-item\"><a href=\"https:\/\/vremeplov.ba\/2025\/pruga-normalnog-kolosijeka\/rodjeni_velez_navijaci\/\" target=\"_blank\"><img decoding=\"async\" alt=\"\" width=\"950\" height=\"596\" loading=\"lazy\" src=\"https:\/\/vremeplov.ba\/2025\/wp-content\/uploads\/2025\/04\/Rodjeni_Velez_navijaci.jpg\" srcset=\",https:\/\/vremeplov.ba\/2025\/wp-content\/uploads\/2025\/04\/Rodjeni_Velez_navijaci.jpg 950w\" sizes=\"auto, 250px\"\/><\/a><\/div><div class=\"sgb-item\"><a href=\"https:\/\/vremeplov.ba\/2025\/pruga-normalnog-kolosijeka\/rudanka_nova\/\" target=\"_blank\"><img decoding=\"async\" alt=\"\" width=\"950\" height=\"576\" loading=\"lazy\" src=\"https:\/\/vremeplov.ba\/2025\/wp-content\/uploads\/2025\/04\/Rudanka_nova.jpg\" srcset=\",https:\/\/vremeplov.ba\/2025\/wp-content\/uploads\/2025\/04\/Rudanka_nova.jpg 950w\" sizes=\"auto, 250px\"\/><\/a><\/div><div class=\"sgb-item\"><a href=\"https:\/\/vremeplov.ba\/2025\/pruga-normalnog-kolosijeka\/salon_emv\/\" target=\"_blank\"><img decoding=\"async\" alt=\"\" width=\"950\" height=\"820\" loading=\"lazy\" src=\"https:\/\/vremeplov.ba\/2025\/wp-content\/uploads\/2025\/04\/Salon_EMV.jpg\" srcset=\",https:\/\/vremeplov.ba\/2025\/wp-content\/uploads\/2025\/04\/Salon_EMV.jpg 950w\" sizes=\"auto, 250px\"\/><\/a><\/div><div class=\"sgb-item\"><a href=\"https:\/\/vremeplov.ba\/2025\/pruga-normalnog-kolosijeka\/salon_sarajevo\/\" target=\"_blank\"><img decoding=\"async\" alt=\"\" width=\"950\" height=\"644\" loading=\"lazy\" src=\"https:\/\/vremeplov.ba\/2025\/wp-content\/uploads\/2025\/04\/Salon_Sarajevo.jpg\" srcset=\",https:\/\/vremeplov.ba\/2025\/wp-content\/uploads\/2025\/04\/Salon_Sarajevo.jpg 950w\" sizes=\"auto, 250px\"\/><\/a><\/div><div class=\"sgb-item\"><a href=\"https:\/\/vremeplov.ba\/2025\/pruga-normalnog-kolosijeka\/salon_sarajevo_5\/\" target=\"_blank\"><img decoding=\"async\" alt=\"\" width=\"1373\" height=\"1030\" loading=\"lazy\" src=\"https:\/\/vremeplov.ba\/2025\/wp-content\/uploads\/2025\/04\/Salon_Sarajevo_5.jpg\" srcset=\",https:\/\/vremeplov.ba\/2025\/wp-content\/uploads\/2025\/04\/Salon_Sarajevo_5.jpg 1373w\" sizes=\"auto, 250px\"\/><\/a><\/div><div class=\"sgb-item\"><a href=\"https:\/\/vremeplov.ba\/2025\/pruga-normalnog-kolosijeka\/samac\/\" target=\"_blank\"><img decoding=\"async\" alt=\"\" width=\"950\" height=\"570\" loading=\"lazy\" src=\"https:\/\/vremeplov.ba\/2025\/wp-content\/uploads\/2025\/04\/Samac.jpg\" srcset=\",https:\/\/vremeplov.ba\/2025\/wp-content\/uploads\/2025\/04\/Samac.jpg 950w\" sizes=\"auto, 250px\"\/><\/a><\/div><div class=\"sgb-item\"><a href=\"https:\/\/vremeplov.ba\/2025\/pruga-normalnog-kolosijeka\/sarajev\/\" target=\"_blank\"><img decoding=\"async\" alt=\"\" width=\"950\" height=\"677\" loading=\"lazy\" src=\"https:\/\/vremeplov.ba\/2025\/wp-content\/uploads\/2025\/04\/Sarajev.jpg\" srcset=\",https:\/\/vremeplov.ba\/2025\/wp-content\/uploads\/2025\/04\/Sarajev.jpg 950w\" sizes=\"auto, 250px\"\/><\/a><\/div><div class=\"sgb-item\"><a href=\"https:\/\/vremeplov.ba\/2025\/pruga-normalnog-kolosijeka\/sarajevo_1948\/\" target=\"_blank\"><img decoding=\"async\" alt=\"\" width=\"627\" height=\"950\" loading=\"lazy\" src=\"https:\/\/vremeplov.ba\/2025\/wp-content\/uploads\/2025\/04\/Sarajevo_1948.jpg\" srcset=\",https:\/\/vremeplov.ba\/2025\/wp-content\/uploads\/2025\/04\/Sarajevo_1948.jpg 627w\" sizes=\"auto, 250px\"\/><\/a><\/div><div class=\"sgb-item\"><a href=\"https:\/\/vremeplov.ba\/2025\/pruga-normalnog-kolosijeka\/sarajevo_1974-1\/\" target=\"_blank\"><img decoding=\"async\" alt=\"\" width=\"917\" height=\"950\" loading=\"lazy\" src=\"https:\/\/vremeplov.ba\/2025\/wp-content\/uploads\/2025\/04\/Sarajevo_1974-1.jpg\" srcset=\",https:\/\/vremeplov.ba\/2025\/wp-content\/uploads\/2025\/04\/Sarajevo_1974-1.jpg 917w\" sizes=\"auto, 250px\"\/><\/a><\/div><div class=\"sgb-item\"><a href=\"https:\/\/vremeplov.ba\/2025\/pruga-normalnog-kolosijeka\/sarajevo_1974-2\/\" target=\"_blank\"><img decoding=\"async\" alt=\"\" width=\"950\" height=\"914\" loading=\"lazy\" src=\"https:\/\/vremeplov.ba\/2025\/wp-content\/uploads\/2025\/04\/Sarajevo_1974-2.jpg\" srcset=\",https:\/\/vremeplov.ba\/2025\/wp-content\/uploads\/2025\/04\/Sarajevo_1974-2.jpg 950w\" sizes=\"auto, 250px\"\/><\/a><\/div><div class=\"sgb-item\"><a href=\"https:\/\/vremeplov.ba\/2025\/pruga-normalnog-kolosijeka\/sarajevo_1974-3\/\" target=\"_blank\"><img decoding=\"async\" alt=\"\" width=\"950\" height=\"909\" loading=\"lazy\" src=\"https:\/\/vremeplov.ba\/2025\/wp-content\/uploads\/2025\/04\/Sarajevo_1974-3.jpg\" srcset=\",https:\/\/vremeplov.ba\/2025\/wp-content\/uploads\/2025\/04\/Sarajevo_1974-3.jpg 950w\" sizes=\"auto, 250px\"\/><\/a><\/div><div class=\"sgb-item\"><a href=\"https:\/\/vremeplov.ba\/2025\/pruga-normalnog-kolosijeka\/sarajevo_1982-1\/\" target=\"_blank\"><img decoding=\"async\" alt=\"\" width=\"950\" height=\"713\" loading=\"lazy\" src=\"https:\/\/vremeplov.ba\/2025\/wp-content\/uploads\/2025\/04\/sarajevo_1982-1.jpg\" srcset=\",https:\/\/vremeplov.ba\/2025\/wp-content\/uploads\/2025\/04\/sarajevo_1982-1.jpg 950w\" sizes=\"auto, 250px\"\/><\/a><\/div><div class=\"sgb-item\"><a href=\"https:\/\/vremeplov.ba\/2025\/pruga-normalnog-kolosijeka\/sarajevo_1982-2\/\" target=\"_blank\"><img decoding=\"async\" alt=\"\" width=\"950\" height=\"722\" loading=\"lazy\" src=\"https:\/\/vremeplov.ba\/2025\/wp-content\/uploads\/2025\/04\/sarajevo_1982-2.jpg\" srcset=\",https:\/\/vremeplov.ba\/2025\/wp-content\/uploads\/2025\/04\/sarajevo_1982-2.jpg 950w\" sizes=\"auto, 250px\"\/><\/a><\/div><div class=\"sgb-item\"><a href=\"https:\/\/vremeplov.ba\/2025\/pruga-normalnog-kolosijeka\/sarajevo_1982-3\/\" target=\"_blank\"><img decoding=\"async\" alt=\"\" width=\"950\" height=\"719\" loading=\"lazy\" src=\"https:\/\/vremeplov.ba\/2025\/wp-content\/uploads\/2025\/04\/sarajevo_1982-3.jpg\" srcset=\",https:\/\/vremeplov.ba\/2025\/wp-content\/uploads\/2025\/04\/sarajevo_1982-3.jpg 950w\" sizes=\"auto, 250px\"\/><\/a><\/div><div class=\"sgb-item\"><a href=\"https:\/\/vremeplov.ba\/2025\/pruga-normalnog-kolosijeka\/sarajevo_1996\/\" target=\"_blank\"><img decoding=\"async\" alt=\"\" width=\"950\" height=\"485\" loading=\"lazy\" src=\"https:\/\/vremeplov.ba\/2025\/wp-content\/uploads\/2025\/04\/Sarajevo_1996.jpg\" srcset=\",https:\/\/vremeplov.ba\/2025\/wp-content\/uploads\/2025\/04\/Sarajevo_1996.jpg 950w\" sizes=\"auto, 250px\"\/><\/a><\/div><div class=\"sgb-item\"><a href=\"https:\/\/vremeplov.ba\/2025\/pruga-normalnog-kolosijeka\/sarajevo_direkcija\/\" target=\"_blank\"><img decoding=\"async\" alt=\"\" width=\"950\" height=\"950\" loading=\"lazy\" src=\"https:\/\/vremeplov.ba\/2025\/wp-content\/uploads\/2025\/04\/Sarajevo_Direkcija.jpg\" srcset=\",https:\/\/vremeplov.ba\/2025\/wp-content\/uploads\/2025\/04\/Sarajevo_Direkcija.jpg 950w\" sizes=\"auto, 250px\"\/><\/a><\/div><div class=\"sgb-item\"><a href=\"https:\/\/vremeplov.ba\/2025\/pruga-normalnog-kolosijeka\/sarajevo_ekspres\/\" target=\"_blank\"><img decoding=\"async\" alt=\"\" width=\"1100\" height=\"689\" loading=\"lazy\" src=\"https:\/\/vremeplov.ba\/2025\/wp-content\/uploads\/2025\/04\/sarajevo_ekspres.jpg\" srcset=\",https:\/\/vremeplov.ba\/2025\/wp-content\/uploads\/2025\/04\/sarajevo_ekspres.jpg 1100w\" sizes=\"auto, 250px\"\/><\/a><\/div><div class=\"sgb-item\"><a href=\"https:\/\/vremeplov.ba\/2025\/pruga-normalnog-kolosijeka\/sarajevo_godisnjica\/\" target=\"_blank\"><img decoding=\"async\" alt=\"\" width=\"950\" height=\"710\" loading=\"lazy\" src=\"https:\/\/vremeplov.ba\/2025\/wp-content\/uploads\/2025\/04\/Sarajevo_godisnjica.jpg\" srcset=\",https:\/\/vremeplov.ba\/2025\/wp-content\/uploads\/2025\/04\/Sarajevo_godisnjica.jpg 950w\" sizes=\"auto, 250px\"\/><\/a><\/div><div class=\"sgb-item\"><a href=\"https:\/\/vremeplov.ba\/2025\/pruga-normalnog-kolosijeka\/sarajevo_informacije\/\" target=\"_blank\"><img decoding=\"async\" alt=\"\" width=\"789\" height=\"950\" loading=\"lazy\" src=\"https:\/\/vremeplov.ba\/2025\/wp-content\/uploads\/2025\/04\/sarajevo_informacije.jpg\" srcset=\",https:\/\/vremeplov.ba\/2025\/wp-content\/uploads\/2025\/04\/sarajevo_informacije.jpg 789w\" sizes=\"auto, 250px\"\/><\/a><\/div><div class=\"sgb-item\"><a href=\"https:\/\/vremeplov.ba\/2025\/pruga-normalnog-kolosijeka\/sarajevo_novo_78\/\" target=\"_blank\"><img decoding=\"async\" alt=\"\" width=\"950\" height=\"717\" loading=\"lazy\" src=\"https:\/\/vremeplov.ba\/2025\/wp-content\/uploads\/2025\/04\/Sarajevo_Novo_78.jpg\" srcset=\",https:\/\/vremeplov.ba\/2025\/wp-content\/uploads\/2025\/04\/Sarajevo_Novo_78.jpg 950w\" sizes=\"auto, 250px\"\/><\/a><\/div><div class=\"sgb-item\"><a href=\"https:\/\/vremeplov.ba\/2025\/pruga-normalnog-kolosijeka\/sarajevo_novo_82\/\" target=\"_blank\"><img decoding=\"async\" alt=\"\" width=\"950\" height=\"416\" loading=\"lazy\" src=\"https:\/\/vremeplov.ba\/2025\/wp-content\/uploads\/2025\/04\/Sarajevo_Novo_82.jpg\" srcset=\",https:\/\/vremeplov.ba\/2025\/wp-content\/uploads\/2025\/04\/Sarajevo_Novo_82.jpg 950w\" sizes=\"auto, 250px\"\/><\/a><\/div><div class=\"sgb-item\"><a href=\"https:\/\/vremeplov.ba\/2025\/pruga-normalnog-kolosijeka\/sarajevo_novo_1953\/\" target=\"_blank\"><img decoding=\"async\" alt=\"\" width=\"950\" height=\"683\" loading=\"lazy\" src=\"https:\/\/vremeplov.ba\/2025\/wp-content\/uploads\/2025\/04\/Sarajevo_Novo_1953.jpg\" srcset=\",https:\/\/vremeplov.ba\/2025\/wp-content\/uploads\/2025\/04\/Sarajevo_Novo_1953.jpg 950w\" sizes=\"auto, 250px\"\/><\/a><\/div><div class=\"sgb-item\"><a href=\"https:\/\/vremeplov.ba\/2025\/pruga-normalnog-kolosijeka\/sarajevo_novo-1-copy\/\" target=\"_blank\"><img decoding=\"async\" alt=\"\" width=\"950\" height=\"738\" loading=\"lazy\" src=\"https:\/\/vremeplov.ba\/2025\/wp-content\/uploads\/2025\/04\/Sarajevo_novo-1-copy.jpg\" srcset=\",https:\/\/vremeplov.ba\/2025\/wp-content\/uploads\/2025\/04\/Sarajevo_novo-1-copy.jpg 950w\" sizes=\"auto, 250px\"\/><\/a><\/div><div class=\"sgb-item\"><a href=\"https:\/\/vremeplov.ba\/2025\/pruga-normalnog-kolosijeka\/sarajevo_novo-2-copy\/\" target=\"_blank\"><img decoding=\"async\" alt=\"\" width=\"950\" height=\"733\" loading=\"lazy\" src=\"https:\/\/vremeplov.ba\/2025\/wp-content\/uploads\/2025\/04\/Sarajevo_novo-2-copy.jpg\" srcset=\",https:\/\/vremeplov.ba\/2025\/wp-content\/uploads\/2025\/04\/Sarajevo_novo-2-copy.jpg 950w\" sizes=\"auto, 250px\"\/><\/a><\/div><div class=\"sgb-item\"><a href=\"https:\/\/vremeplov.ba\/2025\/pruga-normalnog-kolosijeka\/sarajevo_novo-3-copy\/\" target=\"_blank\"><img decoding=\"async\" alt=\"\" width=\"950\" height=\"732\" loading=\"lazy\" src=\"https:\/\/vremeplov.ba\/2025\/wp-content\/uploads\/2025\/04\/Sarajevo_novo-3-copy.jpg\" srcset=\",https:\/\/vremeplov.ba\/2025\/wp-content\/uploads\/2025\/04\/Sarajevo_novo-3-copy.jpg 950w\" sizes=\"auto, 250px\"\/><\/a><\/div><div class=\"sgb-item\"><a href=\"https:\/\/vremeplov.ba\/2025\/pruga-normalnog-kolosijeka\/sarajevo_obnova_1\/\" target=\"_blank\"><img decoding=\"async\" alt=\"\" width=\"950\" height=\"667\" loading=\"lazy\" src=\"https:\/\/vremeplov.ba\/2025\/wp-content\/uploads\/2025\/04\/Sarajevo_obnova_1.jpg\" srcset=\",https:\/\/vremeplov.ba\/2025\/wp-content\/uploads\/2025\/04\/Sarajevo_obnova_1.jpg 950w\" sizes=\"auto, 250px\"\/><\/a><\/div><div class=\"sgb-item\"><a href=\"https:\/\/vremeplov.ba\/2025\/pruga-normalnog-kolosijeka\/sarajevo_obnova_2\/\" target=\"_blank\"><img decoding=\"async\" alt=\"\" width=\"950\" height=\"662\" loading=\"lazy\" src=\"https:\/\/vremeplov.ba\/2025\/wp-content\/uploads\/2025\/04\/Sarajevo_obnova_2.jpg\" srcset=\",https:\/\/vremeplov.ba\/2025\/wp-content\/uploads\/2025\/04\/Sarajevo_obnova_2.jpg 950w\" sizes=\"auto, 250px\"\/><\/a><\/div><div class=\"sgb-item\"><a href=\"https:\/\/vremeplov.ba\/2025\/pruga-normalnog-kolosijeka\/sarajevo_obnova_3\/\" target=\"_blank\"><img decoding=\"async\" alt=\"\" width=\"950\" height=\"676\" loading=\"lazy\" src=\"https:\/\/vremeplov.ba\/2025\/wp-content\/uploads\/2025\/04\/Sarajevo_obnova_3.jpg\" srcset=\",https:\/\/vremeplov.ba\/2025\/wp-content\/uploads\/2025\/04\/Sarajevo_obnova_3.jpg 950w\" sizes=\"auto, 250px\"\/><\/a><\/div><div class=\"sgb-item\"><a href=\"https:\/\/vremeplov.ba\/2025\/pruga-normalnog-kolosijeka\/sarajevo_peroni\/\" target=\"_blank\"><img decoding=\"async\" alt=\"\" width=\"950\" height=\"919\" loading=\"lazy\" src=\"https:\/\/vremeplov.ba\/2025\/wp-content\/uploads\/2025\/04\/Sarajevo_peroni.jpg\" srcset=\",https:\/\/vremeplov.ba\/2025\/wp-content\/uploads\/2025\/04\/Sarajevo_peroni.jpg 950w\" sizes=\"auto, 250px\"\/><\/a><\/div><div class=\"sgb-item\"><a href=\"https:\/\/vremeplov.ba\/2025\/pruga-normalnog-kolosijeka\/sarajevo_rekonstrukcija_1\/\" target=\"_blank\"><img decoding=\"async\" alt=\"\" width=\"950\" height=\"664\" loading=\"lazy\" src=\"https:\/\/vremeplov.ba\/2025\/wp-content\/uploads\/2025\/04\/Sarajevo_rekonstrukcija_1.jpg\" srcset=\",https:\/\/vremeplov.ba\/2025\/wp-content\/uploads\/2025\/04\/Sarajevo_rekonstrukcija_1.jpg 950w\" sizes=\"auto, 250px\"\/><\/a><\/div><div class=\"sgb-item\"><a href=\"https:\/\/vremeplov.ba\/2025\/pruga-normalnog-kolosijeka\/sarajevo_rekonstrukcija_2\/\" target=\"_blank\"><img decoding=\"async\" alt=\"\" width=\"950\" height=\"683\" loading=\"lazy\" src=\"https:\/\/vremeplov.ba\/2025\/wp-content\/uploads\/2025\/04\/Sarajevo_rekonstrukcija_2.jpg\" srcset=\",https:\/\/vremeplov.ba\/2025\/wp-content\/uploads\/2025\/04\/Sarajevo_rekonstrukcija_2.jpg 950w\" sizes=\"auto, 250px\"\/><\/a><\/div><div class=\"sgb-item\"><a href=\"https:\/\/vremeplov.ba\/2025\/pruga-normalnog-kolosijeka\/sarajevo_rekonstrukcija_3\/\" target=\"_blank\"><img decoding=\"async\" alt=\"\" width=\"950\" height=\"686\" loading=\"lazy\" src=\"https:\/\/vremeplov.ba\/2025\/wp-content\/uploads\/2025\/04\/Sarajevo_rekonstrukcija_3.jpg\" srcset=\",https:\/\/vremeplov.ba\/2025\/wp-content\/uploads\/2025\/04\/Sarajevo_rekonstrukcija_3.jpg 950w\" sizes=\"auto, 250px\"\/><\/a><\/div><div class=\"sgb-item\"><a href=\"https:\/\/vremeplov.ba\/2025\/pruga-normalnog-kolosijeka\/sarajevo_salon_dzemal\/\" target=\"_blank\"><img decoding=\"async\" alt=\"\" width=\"950\" height=\"681\" loading=\"lazy\" src=\"https:\/\/vremeplov.ba\/2025\/wp-content\/uploads\/2025\/04\/Sarajevo_Salon_Dzemal.jpg\" srcset=\",https:\/\/vremeplov.ba\/2025\/wp-content\/uploads\/2025\/04\/Sarajevo_Salon_Dzemal.jpg 950w\" sizes=\"auto, 250px\"\/><\/a><\/div><div class=\"sgb-item\"><a href=\"https:\/\/vremeplov.ba\/2025\/pruga-normalnog-kolosijeka\/sarajevo_st_1953\/\" target=\"_blank\"><img decoding=\"async\" alt=\"\" width=\"950\" height=\"924\" loading=\"lazy\" src=\"https:\/\/vremeplov.ba\/2025\/wp-content\/uploads\/2025\/04\/Sarajevo_st_1953.jpg\" srcset=\",https:\/\/vremeplov.ba\/2025\/wp-content\/uploads\/2025\/04\/Sarajevo_st_1953.jpg 950w\" sizes=\"auto, 250px\"\/><\/a><\/div><div class=\"sgb-item\"><a href=\"https:\/\/vremeplov.ba\/2025\/pruga-normalnog-kolosijeka\/sarajevo_stanica\/\" target=\"_blank\"><img decoding=\"async\" alt=\"\" width=\"950\" height=\"590\" loading=\"lazy\" src=\"https:\/\/vremeplov.ba\/2025\/wp-content\/uploads\/2025\/04\/Sarajevo_stanica.jpg\" srcset=\",https:\/\/vremeplov.ba\/2025\/wp-content\/uploads\/2025\/04\/Sarajevo_stanica.jpg 950w\" sizes=\"auto, 250px\"\/><\/a><\/div><div class=\"sgb-item\"><a href=\"https:\/\/vremeplov.ba\/2025\/pruga-normalnog-kolosijeka\/sarajevo_stanica_1958\/\" target=\"_blank\"><img decoding=\"async\" alt=\"\" width=\"950\" height=\"633\" loading=\"lazy\" src=\"https:\/\/vremeplov.ba\/2025\/wp-content\/uploads\/2025\/04\/Sarajevo_stanica_1958.jpg\" srcset=\",https:\/\/vremeplov.ba\/2025\/wp-content\/uploads\/2025\/04\/Sarajevo_stanica_1958.jpg 950w\" sizes=\"auto, 250px\"\/><\/a><\/div><div class=\"sgb-item\"><a href=\"https:\/\/vremeplov.ba\/2025\/pruga-normalnog-kolosijeka\/sarajevo_stanica_olimpijada\/\" target=\"_blank\"><img decoding=\"async\" alt=\"\" width=\"950\" height=\"685\" loading=\"lazy\" src=\"https:\/\/vremeplov.ba\/2025\/wp-content\/uploads\/2025\/04\/Sarajevo_Stanica_Olimpijada.jpg\" srcset=\",https:\/\/vremeplov.ba\/2025\/wp-content\/uploads\/2025\/04\/Sarajevo_Stanica_Olimpijada.jpg 950w\" sizes=\"auto, 250px\"\/><\/a><\/div><div class=\"sgb-item\"><a href=\"https:\/\/vremeplov.ba\/2025\/pruga-normalnog-kolosijeka\/sarajevo_titova_tb\/\" target=\"_blank\"><img decoding=\"async\" alt=\"\" width=\"950\" height=\"487\" loading=\"lazy\" src=\"https:\/\/vremeplov.ba\/2025\/wp-content\/uploads\/2025\/04\/Sarajevo_Titova_TB.jpg\" srcset=\",https:\/\/vremeplov.ba\/2025\/wp-content\/uploads\/2025\/04\/Sarajevo_Titova_TB.jpg 950w\" sizes=\"auto, 250px\"\/><\/a><\/div><div class=\"sgb-item\"><a href=\"https:\/\/vremeplov.ba\/2025\/pruga-normalnog-kolosijeka\/sarajevo-68\/\" target=\"_blank\"><img decoding=\"async\" alt=\"\" width=\"950\" height=\"626\" loading=\"lazy\" src=\"https:\/\/vremeplov.ba\/2025\/wp-content\/uploads\/2025\/04\/Sarajevo-68.jpg\" srcset=\",https:\/\/vremeplov.ba\/2025\/wp-content\/uploads\/2025\/04\/Sarajevo-68.jpg 950w\" sizes=\"auto, 250px\"\/><\/a><\/div><div class=\"sgb-item\"><a href=\"https:\/\/vremeplov.ba\/2025\/pruga-normalnog-kolosijeka\/sarajevo-1968\/\" target=\"_blank\"><img decoding=\"async\" alt=\"\" width=\"950\" height=\"623\" loading=\"lazy\" src=\"https:\/\/vremeplov.ba\/2025\/wp-content\/uploads\/2025\/04\/Sarajevo-1968.jpg\" srcset=\",https:\/\/vremeplov.ba\/2025\/wp-content\/uploads\/2025\/04\/Sarajevo-1968.jpg 950w\" sizes=\"auto, 250px\"\/><\/a><\/div><div class=\"sgb-item\"><a href=\"https:\/\/vremeplov.ba\/2025\/pruga-normalnog-kolosijeka\/sarajevo-1978\/\" target=\"_blank\"><img decoding=\"async\" alt=\"\" width=\"950\" height=\"499\" loading=\"lazy\" src=\"https:\/\/vremeplov.ba\/2025\/wp-content\/uploads\/2025\/04\/Sarajevo-1978.jpg\" srcset=\",https:\/\/vremeplov.ba\/2025\/wp-content\/uploads\/2025\/04\/Sarajevo-1978.jpg 950w\" sizes=\"auto, 250px\"\/><\/a><\/div><div class=\"sgb-item\"><a href=\"https:\/\/vremeplov.ba\/2025\/pruga-normalnog-kolosijeka\/sarajevo-1996\/\" target=\"_blank\"><img decoding=\"async\" alt=\"\" width=\"950\" height=\"620\" loading=\"lazy\" src=\"https:\/\/vremeplov.ba\/2025\/wp-content\/uploads\/2025\/04\/Sarajevo-1996.jpg\" srcset=\",https:\/\/vremeplov.ba\/2025\/wp-content\/uploads\/2025\/04\/Sarajevo-1996.jpg 950w\" sizes=\"auto, 250px\"\/><\/a><\/div><div class=\"sgb-item\"><a href=\"https:\/\/vremeplov.ba\/2025\/pruga-normalnog-kolosijeka\/sarajevo-autobus\/\" target=\"_blank\"><img decoding=\"async\" alt=\"\" width=\"950\" height=\"989\" loading=\"lazy\" src=\"https:\/\/vremeplov.ba\/2025\/wp-content\/uploads\/2025\/04\/Sarajevo-autobus.jpg\" srcset=\",https:\/\/vremeplov.ba\/2025\/wp-content\/uploads\/2025\/04\/Sarajevo-autobus.jpg 950w\" sizes=\"auto, 250px\"\/><\/a><\/div><div class=\"sgb-item\"><a href=\"https:\/\/vremeplov.ba\/2025\/pruga-normalnog-kolosijeka\/sarajevo-baat-vagoni\/\" target=\"_blank\"><img decoding=\"async\" alt=\"\" width=\"950\" height=\"648\" loading=\"lazy\" src=\"https:\/\/vremeplov.ba\/2025\/wp-content\/uploads\/2025\/04\/Sarajevo-BAAT-vagoni.jpg\" srcset=\",https:\/\/vremeplov.ba\/2025\/wp-content\/uploads\/2025\/04\/Sarajevo-BAAT-vagoni.jpg 950w\" sizes=\"auto, 250px\"\/><\/a><\/div><div class=\"sgb-item\"><a href=\"https:\/\/vremeplov.ba\/2025\/pruga-normalnog-kolosijeka\/sarajevo-novo-istorija\/\" target=\"_blank\"><img decoding=\"async\" alt=\"\" width=\"950\" height=\"713\" loading=\"lazy\" src=\"https:\/\/vremeplov.ba\/2025\/wp-content\/uploads\/2025\/04\/sarajevo-novo-istorija.jpg\" srcset=\",https:\/\/vremeplov.ba\/2025\/wp-content\/uploads\/2025\/04\/sarajevo-novo-istorija.jpg 950w\" sizes=\"auto, 250px\"\/><\/a><\/div><div class=\"sgb-item\"><a href=\"https:\/\/vremeplov.ba\/2025\/pruga-normalnog-kolosijeka\/sarajevo-praznik\/\" target=\"_blank\"><img decoding=\"async\" alt=\"\" width=\"950\" height=\"621\" loading=\"lazy\" src=\"https:\/\/vremeplov.ba\/2025\/wp-content\/uploads\/2025\/04\/Sarajevo-praznik.jpg\" srcset=\",https:\/\/vremeplov.ba\/2025\/wp-content\/uploads\/2025\/04\/Sarajevo-praznik.jpg 950w\" sizes=\"auto, 250px\"\/><\/a><\/div><div class=\"sgb-item\"><a href=\"https:\/\/vremeplov.ba\/2025\/pruga-normalnog-kolosijeka\/sarajevo-stanica-tramvaj\/\" target=\"_blank\"><img decoding=\"async\" alt=\"\" width=\"950\" height=\"720\" loading=\"lazy\" src=\"https:\/\/vremeplov.ba\/2025\/wp-content\/uploads\/2025\/04\/Sarajevo-stanica-tramvaj.jpg\" srcset=\",https:\/\/vremeplov.ba\/2025\/wp-content\/uploads\/2025\/04\/Sarajevo-stanica-tramvaj.jpg 950w\" sizes=\"auto, 250px\"\/><\/a><\/div><div class=\"sgb-item\"><a href=\"https:\/\/vremeplov.ba\/2025\/pruga-normalnog-kolosijeka\/sarajevo-stanica-vehid\/\" target=\"_blank\"><img decoding=\"async\" alt=\"\" width=\"950\" height=\"666\" loading=\"lazy\" src=\"https:\/\/vremeplov.ba\/2025\/wp-content\/uploads\/2025\/04\/Sarajevo-stanica-Vehid.jpg\" srcset=\",https:\/\/vremeplov.ba\/2025\/wp-content\/uploads\/2025\/04\/Sarajevo-stanica-Vehid.jpg 950w\" sizes=\"auto, 250px\"\/><\/a><\/div><div class=\"sgb-item\"><a href=\"https:\/\/vremeplov.ba\/2025\/pruga-normalnog-kolosijeka\/sarajevo-taxi\/\" target=\"_blank\"><img decoding=\"async\" alt=\"\" width=\"950\" height=\"811\" loading=\"lazy\" src=\"https:\/\/vremeplov.ba\/2025\/wp-content\/uploads\/2025\/04\/Sarajevo-taxi.jpg\" srcset=\",https:\/\/vremeplov.ba\/2025\/wp-content\/uploads\/2025\/04\/Sarajevo-taxi.jpg 950w\" sizes=\"auto, 250px\"\/><\/a><\/div><div class=\"sgb-item\"><a href=\"https:\/\/vremeplov.ba\/2025\/pruga-normalnog-kolosijeka\/sarajevo-teretna\/\" target=\"_blank\"><img decoding=\"async\" alt=\"\" width=\"787\" height=\"1000\" loading=\"lazy\" src=\"https:\/\/vremeplov.ba\/2025\/wp-content\/uploads\/2025\/04\/Sarajevo-Teretna.jpg\" srcset=\",https:\/\/vremeplov.ba\/2025\/wp-content\/uploads\/2025\/04\/Sarajevo-Teretna.jpg 787w\" sizes=\"auto, 250px\"\/><\/a><\/div><div class=\"sgb-item\"><a href=\"https:\/\/vremeplov.ba\/2025\/pruga-normalnog-kolosijeka\/sarajevo-ulazni-signali\/\" target=\"_blank\"><img decoding=\"async\" alt=\"\" width=\"950\" height=\"631\" loading=\"lazy\" src=\"https:\/\/vremeplov.ba\/2025\/wp-content\/uploads\/2025\/04\/Sarajevo-ulazni-signali.jpg\" srcset=\",https:\/\/vremeplov.ba\/2025\/wp-content\/uploads\/2025\/04\/Sarajevo-ulazni-signali.jpg 950w\" sizes=\"auto, 250px\"\/><\/a><\/div><div class=\"sgb-item\"><a href=\"https:\/\/vremeplov.ba\/2025\/pruga-normalnog-kolosijeka\/sarajevo-uzelac-zoi-84\/\" target=\"_blank\"><img decoding=\"async\" alt=\"\" width=\"950\" height=\"614\" loading=\"lazy\" src=\"https:\/\/vremeplov.ba\/2025\/wp-content\/uploads\/2025\/04\/Sarajevo-Uzelac-ZOI-84.jpg\" srcset=\",https:\/\/vremeplov.ba\/2025\/wp-content\/uploads\/2025\/04\/Sarajevo-Uzelac-ZOI-84.jpg 950w\" sizes=\"auto, 250px\"\/><\/a><\/div><div class=\"sgb-item\"><a href=\"https:\/\/vremeplov.ba\/2025\/pruga-normalnog-kolosijeka\/sarajevo-vestibil\/\" target=\"_blank\"><img decoding=\"async\" alt=\"\" width=\"950\" height=\"815\" loading=\"lazy\" src=\"https:\/\/vremeplov.ba\/2025\/wp-content\/uploads\/2025\/04\/Sarajevo-vestibil.jpg\" srcset=\",https:\/\/vremeplov.ba\/2025\/wp-content\/uploads\/2025\/04\/Sarajevo-vestibil.jpg 950w\" sizes=\"auto, 250px\"\/><\/a><\/div><div class=\"sgb-item\"><a href=\"https:\/\/vremeplov.ba\/2025\/pruga-normalnog-kolosijeka\/sarajevo-zbh-1\/\" target=\"_blank\"><img decoding=\"async\" alt=\"\" width=\"950\" height=\"669\" loading=\"lazy\" src=\"https:\/\/vremeplov.ba\/2025\/wp-content\/uploads\/2025\/04\/Sarajevo-ZBH.1.jpg\" srcset=\",https:\/\/vremeplov.ba\/2025\/wp-content\/uploads\/2025\/04\/Sarajevo-ZBH.1.jpg 950w\" sizes=\"auto, 250px\"\/><\/a><\/div><div class=\"sgb-item\"><a href=\"https:\/\/vremeplov.ba\/2025\/pruga-normalnog-kolosijeka\/sarajevo-zbh-2\/\" target=\"_blank\"><img decoding=\"async\" alt=\"\" width=\"950\" height=\"510\" loading=\"lazy\" src=\"https:\/\/vremeplov.ba\/2025\/wp-content\/uploads\/2025\/04\/Sarajevo-ZBH.-2.jpg\" srcset=\",https:\/\/vremeplov.ba\/2025\/wp-content\/uploads\/2025\/04\/Sarajevo-ZBH.-2.jpg 950w\" sizes=\"auto, 250px\"\/><\/a><\/div><div class=\"sgb-item\"><a href=\"https:\/\/vremeplov.ba\/2025\/pruga-normalnog-kolosijeka\/sarajevo-zgrada-zto\/\" target=\"_blank\"><img decoding=\"async\" alt=\"\" width=\"950\" height=\"967\" loading=\"lazy\" src=\"https:\/\/vremeplov.ba\/2025\/wp-content\/uploads\/2025\/04\/Sarajevo-zgrada-ZTO.jpg\" srcset=\",https:\/\/vremeplov.ba\/2025\/wp-content\/uploads\/2025\/04\/Sarajevo-zgrada-ZTO.jpg 950w\" sizes=\"auto, 250px\"\/><\/a><\/div><div class=\"sgb-item\"><a href=\"https:\/\/vremeplov.ba\/2025\/pruga-normalnog-kolosijeka\/sarajevska-stanica\/\" target=\"_blank\"><img decoding=\"async\" alt=\"\" width=\"950\" height=\"490\" loading=\"lazy\" src=\"https:\/\/vremeplov.ba\/2025\/wp-content\/uploads\/2025\/04\/Sarajevska-stanica.jpg\" srcset=\",https:\/\/vremeplov.ba\/2025\/wp-content\/uploads\/2025\/04\/Sarajevska-stanica.jpg 950w\" sizes=\"auto, 250px\"\/><\/a><\/div><div class=\"sgb-item\"><a href=\"https:\/\/vremeplov.ba\/2025\/pruga-normalnog-kolosijeka\/sarajevska-stanica-nekad\/\" target=\"_blank\"><img decoding=\"async\" alt=\"\" width=\"950\" height=\"646\" loading=\"lazy\" src=\"https:\/\/vremeplov.ba\/2025\/wp-content\/uploads\/2025\/04\/Sarajevska-stanica-nekad.jpg\" srcset=\",https:\/\/vremeplov.ba\/2025\/wp-content\/uploads\/2025\/04\/Sarajevska-stanica-nekad.jpg 950w\" sizes=\"auto, 250px\"\/><\/a><\/div><div class=\"sgb-item\"><a href=\"https:\/\/vremeplov.ba\/2025\/pruga-normalnog-kolosijeka\/semizovac_1971\/\" target=\"_blank\"><img decoding=\"async\" alt=\"\" width=\"950\" height=\"643\" loading=\"lazy\" src=\"https:\/\/vremeplov.ba\/2025\/wp-content\/uploads\/2025\/04\/Semizovac_1971.jpg\" srcset=\",https:\/\/vremeplov.ba\/2025\/wp-content\/uploads\/2025\/04\/Semizovac_1971.jpg 950w\" sizes=\"auto, 250px\"\/><\/a><\/div><div class=\"sgb-item\"><a href=\"https:\/\/vremeplov.ba\/2025\/pruga-normalnog-kolosijeka\/semizovac_remont-1\/\" target=\"_blank\"><img decoding=\"async\" alt=\"\" width=\"950\" height=\"652\" loading=\"lazy\" src=\"https:\/\/vremeplov.ba\/2025\/wp-content\/uploads\/2025\/04\/Semizovac_remont-1.jpg\" srcset=\",https:\/\/vremeplov.ba\/2025\/wp-content\/uploads\/2025\/04\/Semizovac_remont-1.jpg 950w\" sizes=\"auto, 250px\"\/><\/a><\/div><div class=\"sgb-item\"><a href=\"https:\/\/vremeplov.ba\/2025\/pruga-normalnog-kolosijeka\/semizovac_remont-2\/\" target=\"_blank\"><img decoding=\"async\" alt=\"\" width=\"950\" height=\"530\" loading=\"lazy\" src=\"https:\/\/vremeplov.ba\/2025\/wp-content\/uploads\/2025\/04\/Semizovac_remont-2.jpg\" srcset=\",https:\/\/vremeplov.ba\/2025\/wp-content\/uploads\/2025\/04\/Semizovac_remont-2.jpg 950w\" sizes=\"auto, 250px\"\/><\/a><\/div><div class=\"sgb-item\"><a href=\"https:\/\/vremeplov.ba\/2025\/pruga-normalnog-kolosijeka\/semizovac-elektrifikacija-1\/\" target=\"_blank\"><img decoding=\"async\" alt=\"\" width=\"950\" height=\"647\" loading=\"lazy\" src=\"https:\/\/vremeplov.ba\/2025\/wp-content\/uploads\/2025\/04\/Semizovac-elektrifikacija-1.jpg\" srcset=\",https:\/\/vremeplov.ba\/2025\/wp-content\/uploads\/2025\/04\/Semizovac-elektrifikacija-1.jpg 950w\" sizes=\"auto, 250px\"\/><\/a><\/div><div class=\"sgb-item\"><a href=\"https:\/\/vremeplov.ba\/2025\/pruga-normalnog-kolosijeka\/semizovac-elektrifikacija-2\/\" target=\"_blank\"><img decoding=\"async\" alt=\"\" width=\"950\" height=\"671\" loading=\"lazy\" src=\"https:\/\/vremeplov.ba\/2025\/wp-content\/uploads\/2025\/04\/Semizovac-elektrifikacija-2.jpg\" srcset=\",https:\/\/vremeplov.ba\/2025\/wp-content\/uploads\/2025\/04\/Semizovac-elektrifikacija-2.jpg 950w\" sizes=\"auto, 250px\"\/><\/a><\/div><div class=\"sgb-item\"><a href=\"https:\/\/vremeplov.ba\/2025\/pruga-normalnog-kolosijeka\/semizovac-elektrifikacija-3\/\" target=\"_blank\"><img decoding=\"async\" alt=\"\" width=\"950\" height=\"648\" loading=\"lazy\" src=\"https:\/\/vremeplov.ba\/2025\/wp-content\/uploads\/2025\/04\/Semizovac-elektrifikacija-3.jpg\" srcset=\",https:\/\/vremeplov.ba\/2025\/wp-content\/uploads\/2025\/04\/Semizovac-elektrifikacija-3.jpg 950w\" sizes=\"auto, 250px\"\/><\/a><\/div><div class=\"sgb-item\"><a href=\"https:\/\/vremeplov.ba\/2025\/pruga-normalnog-kolosijeka\/serija_11\/\" target=\"_blank\"><img decoding=\"async\" alt=\"\" width=\"950\" height=\"605\" loading=\"lazy\" src=\"https:\/\/vremeplov.ba\/2025\/wp-content\/uploads\/2025\/04\/Serija_11.jpg\" srcset=\",https:\/\/vremeplov.ba\/2025\/wp-content\/uploads\/2025\/04\/Serija_11.jpg 950w\" sizes=\"auto, 250px\"\/><\/a><\/div><div class=\"sgb-item\"><a href=\"https:\/\/vremeplov.ba\/2025\/pruga-normalnog-kolosijeka\/sjednica\/\" target=\"_blank\"><img decoding=\"async\" alt=\"\" width=\"950\" height=\"596\" loading=\"lazy\" src=\"https:\/\/vremeplov.ba\/2025\/wp-content\/uploads\/2025\/04\/Sjednica.jpg\" srcset=\",https:\/\/vremeplov.ba\/2025\/wp-content\/uploads\/2025\/04\/Sjednica.jpg 950w\" sizes=\"auto, 250px\"\/><\/a><\/div><div class=\"sgb-item\"><a href=\"https:\/\/vremeplov.ba\/2025\/pruga-normalnog-kolosijeka\/srb\/\" target=\"_blank\"><img decoding=\"async\" alt=\"\" width=\"708\" height=\"1100\" loading=\"lazy\" src=\"https:\/\/vremeplov.ba\/2025\/wp-content\/uploads\/2025\/04\/Srb.jpg\" srcset=\",https:\/\/vremeplov.ba\/2025\/wp-content\/uploads\/2025\/04\/Srb.jpg 708w\" sizes=\"auto, 250px\"\/><\/a><\/div><div class=\"sgb-item\"><a href=\"https:\/\/vremeplov.ba\/2025\/pruga-normalnog-kolosijeka\/stanica_novo_sarajevo\/\" target=\"_blank\"><img decoding=\"async\" alt=\"\" width=\"950\" height=\"616\" loading=\"lazy\" src=\"https:\/\/vremeplov.ba\/2025\/wp-content\/uploads\/2025\/04\/Stanica_Novo_Sarajevo.jpg\" srcset=\",https:\/\/vremeplov.ba\/2025\/wp-content\/uploads\/2025\/04\/Stanica_Novo_Sarajevo.jpg 950w\" sizes=\"auto, 250px\"\/><\/a><\/div><div class=\"sgb-item\"><a href=\"https:\/\/vremeplov.ba\/2025\/pruga-normalnog-kolosijeka\/stanica_sarajevo\/\" target=\"_blank\"><img decoding=\"async\" alt=\"\" width=\"950\" height=\"560\" loading=\"lazy\" src=\"https:\/\/vremeplov.ba\/2025\/wp-content\/uploads\/2025\/04\/Stanica_Sarajevo.jpg\" srcset=\",https:\/\/vremeplov.ba\/2025\/wp-content\/uploads\/2025\/04\/Stanica_Sarajevo.jpg 950w\" sizes=\"auto, 250px\"\/><\/a><\/div><div class=\"sgb-item\"><a href=\"https:\/\/vremeplov.ba\/2025\/pruga-normalnog-kolosijeka\/stanica_sarajevo_enterijer-1\/\" target=\"_blank\"><img decoding=\"async\" alt=\"\" width=\"950\" height=\"720\" loading=\"lazy\" src=\"https:\/\/vremeplov.ba\/2025\/wp-content\/uploads\/2025\/04\/stanica_sarajevo_enterijer-1.jpg\" srcset=\",https:\/\/vremeplov.ba\/2025\/wp-content\/uploads\/2025\/04\/stanica_sarajevo_enterijer-1.jpg 950w\" sizes=\"auto, 250px\"\/><\/a><\/div><div class=\"sgb-item\"><a href=\"https:\/\/vremeplov.ba\/2025\/pruga-normalnog-kolosijeka\/stanica_sarajevo_enterijer-2\/\" target=\"_blank\"><img decoding=\"async\" alt=\"\" width=\"950\" height=\"727\" loading=\"lazy\" src=\"https:\/\/vremeplov.ba\/2025\/wp-content\/uploads\/2025\/04\/stanica_sarajevo_enterijer-2.jpg\" srcset=\",https:\/\/vremeplov.ba\/2025\/wp-content\/uploads\/2025\/04\/stanica_sarajevo_enterijer-2.jpg 950w\" sizes=\"auto, 250px\"\/><\/a><\/div><div class=\"sgb-item\"><a href=\"https:\/\/vremeplov.ba\/2025\/pruga-normalnog-kolosijeka\/stanica_sarajevo_enterijer-3\/\" target=\"_blank\"><img decoding=\"async\" alt=\"\" width=\"950\" height=\"717\" loading=\"lazy\" src=\"https:\/\/vremeplov.ba\/2025\/wp-content\/uploads\/2025\/04\/stanica_sarajevo_enterijer-3.jpg\" srcset=\",https:\/\/vremeplov.ba\/2025\/wp-content\/uploads\/2025\/04\/stanica_sarajevo_enterijer-3.jpg 950w\" sizes=\"auto, 250px\"\/><\/a><\/div><div class=\"sgb-item\"><a href=\"https:\/\/vremeplov.ba\/2025\/pruga-normalnog-kolosijeka\/stanica_sarajevo_novo\/\" target=\"_blank\"><img decoding=\"async\" alt=\"\" width=\"950\" height=\"620\" loading=\"lazy\" src=\"https:\/\/vremeplov.ba\/2025\/wp-content\/uploads\/2025\/04\/Stanica_Sarajevo_Novo.jpg\" srcset=\",https:\/\/vremeplov.ba\/2025\/wp-content\/uploads\/2025\/04\/Stanica_Sarajevo_Novo.jpg 950w\" sizes=\"auto, 250px\"\/><\/a><\/div><div class=\"sgb-item\"><a href=\"https:\/\/vremeplov.ba\/2025\/pruga-normalnog-kolosijeka\/stanica_sarajevo_vestibil\/\" target=\"_blank\"><img decoding=\"async\" alt=\"\" width=\"950\" height=\"633\" loading=\"lazy\" src=\"https:\/\/vremeplov.ba\/2025\/wp-content\/uploads\/2025\/04\/stanica_sarajevo_vestibil.jpg\" srcset=\",https:\/\/vremeplov.ba\/2025\/wp-content\/uploads\/2025\/04\/stanica_sarajevo_vestibil.jpg 950w\" sizes=\"auto, 250px\"\/><\/a><\/div><div class=\"sgb-item\"><a href=\"https:\/\/vremeplov.ba\/2025\/pruga-normalnog-kolosijeka\/stanica-vestibil\/\" target=\"_blank\"><img decoding=\"async\" alt=\"\" width=\"950\" height=\"676\" loading=\"lazy\" src=\"https:\/\/vremeplov.ba\/2025\/wp-content\/uploads\/2025\/04\/Stanica-vestibil.jpg\" srcset=\",https:\/\/vremeplov.ba\/2025\/wp-content\/uploads\/2025\/04\/Stanica-vestibil.jpg 950w\" sizes=\"auto, 250px\"\/><\/a><\/div><div class=\"sgb-item\"><a href=\"https:\/\/vremeplov.ba\/2025\/pruga-normalnog-kolosijeka\/stanovi\/\" target=\"_blank\"><img decoding=\"async\" alt=\"\" width=\"950\" height=\"572\" loading=\"lazy\" src=\"https:\/\/vremeplov.ba\/2025\/wp-content\/uploads\/2025\/04\/Stanovi.jpg\" srcset=\",https:\/\/vremeplov.ba\/2025\/wp-content\/uploads\/2025\/04\/Stanovi.jpg 950w\" sizes=\"auto, 250px\"\/><\/a><\/div><div class=\"sgb-item\"><a href=\"https:\/\/vremeplov.ba\/2025\/pruga-normalnog-kolosijeka\/stavnja-vares_\/\" target=\"_blank\"><img decoding=\"async\" alt=\"\" width=\"950\" height=\"620\" loading=\"lazy\" src=\"https:\/\/vremeplov.ba\/2025\/wp-content\/uploads\/2025\/04\/Stavnja.Vares_.jpg\" srcset=\",https:\/\/vremeplov.ba\/2025\/wp-content\/uploads\/2025\/04\/Stavnja.Vares_.jpg 950w\" sizes=\"auto, 250px\"\/><\/a><\/div><div class=\"sgb-item\"><a href=\"https:\/\/vremeplov.ba\/2025\/pruga-normalnog-kolosijeka\/sutjeska_tito_beograd\/\" target=\"_blank\"><img decoding=\"async\" alt=\"\" width=\"950\" height=\"484\" loading=\"lazy\" src=\"https:\/\/vremeplov.ba\/2025\/wp-content\/uploads\/2025\/04\/Sutjeska_Tito_Beograd.jpg\" srcset=\",https:\/\/vremeplov.ba\/2025\/wp-content\/uploads\/2025\/04\/Sutjeska_Tito_Beograd.jpg 950w\" sizes=\"auto, 250px\"\/><\/a><\/div><div class=\"sgb-item\"><a href=\"https:\/\/vremeplov.ba\/2025\/pruga-normalnog-kolosijeka\/svecani_salon\/\" target=\"_blank\"><img decoding=\"async\" alt=\"\" width=\"950\" height=\"725\" loading=\"lazy\" src=\"https:\/\/vremeplov.ba\/2025\/wp-content\/uploads\/2025\/04\/Svecani_salon.jpg\" srcset=\",https:\/\/vremeplov.ba\/2025\/wp-content\/uploads\/2025\/04\/Svecani_salon.jpg 950w\" sizes=\"auto, 250px\"\/><\/a><\/div><div class=\"sgb-item\"><a href=\"https:\/\/vremeplov.ba\/2025\/pruga-normalnog-kolosijeka\/svecani-salon\/\" target=\"_blank\"><img decoding=\"async\" alt=\"\" width=\"950\" height=\"752\" loading=\"lazy\" src=\"https:\/\/vremeplov.ba\/2025\/wp-content\/uploads\/2025\/04\/Svecani-salon.jpg\" srcset=\",https:\/\/vremeplov.ba\/2025\/wp-content\/uploads\/2025\/04\/Svecani-salon.jpg 950w\" sizes=\"auto, 250px\"\/><\/a><\/div><div class=\"sgb-item\"><a href=\"https:\/\/vremeplov.ba\/2025\/pruga-normalnog-kolosijeka\/tehnicka_stanica_susica\/\" target=\"_blank\"><img decoding=\"async\" alt=\"\" width=\"950\" height=\"664\" loading=\"lazy\" src=\"https:\/\/vremeplov.ba\/2025\/wp-content\/uploads\/2025\/04\/Tehnicka_Stanica_Susica.jpg\" srcset=\",https:\/\/vremeplov.ba\/2025\/wp-content\/uploads\/2025\/04\/Tehnicka_Stanica_Susica.jpg 950w\" sizes=\"auto, 250px\"\/><\/a><\/div><div class=\"sgb-item\"><a href=\"https:\/\/vremeplov.ba\/2025\/pruga-normalnog-kolosijeka\/tekst_elektrifikacija-1\/\" target=\"_blank\"><img decoding=\"async\" alt=\"\" width=\"950\" height=\"741\" loading=\"lazy\" src=\"https:\/\/vremeplov.ba\/2025\/wp-content\/uploads\/2025\/04\/tekst_elektrifikacija-1.jpg\" srcset=\",https:\/\/vremeplov.ba\/2025\/wp-content\/uploads\/2025\/04\/tekst_elektrifikacija-1.jpg 950w\" sizes=\"auto, 250px\"\/><\/a><\/div><div class=\"sgb-item\"><a href=\"https:\/\/vremeplov.ba\/2025\/pruga-normalnog-kolosijeka\/tekst_elektrifikacija-2\/\" target=\"_blank\"><img decoding=\"async\" alt=\"\" width=\"795\" height=\"950\" loading=\"lazy\" src=\"https:\/\/vremeplov.ba\/2025\/wp-content\/uploads\/2025\/04\/tekst_elektrifikacija-2.jpg\" srcset=\",https:\/\/vremeplov.ba\/2025\/wp-content\/uploads\/2025\/04\/tekst_elektrifikacija-2.jpg 795w\" sizes=\"auto, 250px\"\/><\/a><\/div><div class=\"sgb-item\"><a href=\"https:\/\/vremeplov.ba\/2025\/pruga-normalnog-kolosijeka\/tekst_elektrifikacija-3\/\" target=\"_blank\"><img decoding=\"async\" alt=\"\" width=\"950\" height=\"846\" loading=\"lazy\" src=\"https:\/\/vremeplov.ba\/2025\/wp-content\/uploads\/2025\/04\/tekst_elektrifikacija-3.jpg\" srcset=\",https:\/\/vremeplov.ba\/2025\/wp-content\/uploads\/2025\/04\/tekst_elektrifikacija-3.jpg 950w\" sizes=\"auto, 250px\"\/><\/a><\/div><div class=\"sgb-item\"><a href=\"https:\/\/vremeplov.ba\/2025\/pruga-normalnog-kolosijeka\/telegraf_jz\/\" target=\"_blank\"><img decoding=\"async\" alt=\"\" width=\"950\" height=\"530\" loading=\"lazy\" src=\"https:\/\/vremeplov.ba\/2025\/wp-content\/uploads\/2025\/04\/Telegraf_JZ.jpg\" srcset=\",https:\/\/vremeplov.ba\/2025\/wp-content\/uploads\/2025\/04\/Telegraf_JZ.jpg 950w\" sizes=\"auto, 250px\"\/><\/a><\/div><div class=\"sgb-item\"><a href=\"https:\/\/vremeplov.ba\/2025\/pruga-normalnog-kolosijeka\/teretna_stanica_sarajevo-1\/\" target=\"_blank\"><img decoding=\"async\" alt=\"\" width=\"950\" height=\"675\" loading=\"lazy\" src=\"https:\/\/vremeplov.ba\/2025\/wp-content\/uploads\/2025\/04\/Teretna_stanica_Sarajevo-1.jpg\" srcset=\",https:\/\/vremeplov.ba\/2025\/wp-content\/uploads\/2025\/04\/Teretna_stanica_Sarajevo-1.jpg 950w\" sizes=\"auto, 250px\"\/><\/a><\/div><div class=\"sgb-item\"><a href=\"https:\/\/vremeplov.ba\/2025\/pruga-normalnog-kolosijeka\/teretna_stanica_sarajevo-2\/\" target=\"_blank\"><img decoding=\"async\" alt=\"\" width=\"950\" height=\"681\" loading=\"lazy\" src=\"https:\/\/vremeplov.ba\/2025\/wp-content\/uploads\/2025\/04\/Teretna_stanica_Sarajevo-2.jpg\" srcset=\",https:\/\/vremeplov.ba\/2025\/wp-content\/uploads\/2025\/04\/Teretna_stanica_Sarajevo-2.jpg 950w\" sizes=\"auto, 250px\"\/><\/a><\/div><div class=\"sgb-item\"><a href=\"https:\/\/vremeplov.ba\/2025\/pruga-normalnog-kolosijeka\/tinja\/\" target=\"_blank\"><img decoding=\"async\" alt=\"\" width=\"950\" height=\"611\" loading=\"lazy\" src=\"https:\/\/vremeplov.ba\/2025\/wp-content\/uploads\/2025\/04\/Tinja.jpg\" srcset=\",https:\/\/vremeplov.ba\/2025\/wp-content\/uploads\/2025\/04\/Tinja.jpg 950w\" sizes=\"auto, 250px\"\/><\/a><\/div><div class=\"sgb-item\"><a href=\"https:\/\/vremeplov.ba\/2025\/pruga-normalnog-kolosijeka\/tinja_75\/\" target=\"_blank\"><img decoding=\"async\" alt=\"\" width=\"950\" height=\"646\" loading=\"lazy\" src=\"https:\/\/vremeplov.ba\/2025\/wp-content\/uploads\/2025\/04\/Tinja_75.jpg\" srcset=\",https:\/\/vremeplov.ba\/2025\/wp-content\/uploads\/2025\/04\/Tinja_75.jpg 950w\" sizes=\"auto, 250px\"\/><\/a><\/div><div class=\"sgb-item\"><a href=\"https:\/\/vremeplov.ba\/2025\/pruga-normalnog-kolosijeka\/todor_vujasinovic_tito\/\" target=\"_blank\"><img decoding=\"async\" alt=\"\" width=\"950\" height=\"680\" loading=\"lazy\" src=\"https:\/\/vremeplov.ba\/2025\/wp-content\/uploads\/2025\/04\/Todor_Vujasinovic_Tito.jpg\" srcset=\",https:\/\/vremeplov.ba\/2025\/wp-content\/uploads\/2025\/04\/Todor_Vujasinovic_Tito.jpg 950w\" sizes=\"auto, 250px\"\/><\/a><\/div><div class=\"sgb-item\"><a href=\"https:\/\/vremeplov.ba\/2025\/pruga-normalnog-kolosijeka\/transport_mostar\/\" target=\"_blank\"><img decoding=\"async\" alt=\"\" width=\"950\" height=\"609\" loading=\"lazy\" src=\"https:\/\/vremeplov.ba\/2025\/wp-content\/uploads\/2025\/04\/transport_Mostar.jpg\" srcset=\",https:\/\/vremeplov.ba\/2025\/wp-content\/uploads\/2025\/04\/transport_Mostar.jpg 950w\" sizes=\"auto, 250px\"\/><\/a><\/div><div class=\"sgb-item\"><a href=\"https:\/\/vremeplov.ba\/2025\/pruga-normalnog-kolosijeka\/tuneli_vranduk\/\" target=\"_blank\"><img decoding=\"async\" alt=\"\" width=\"950\" height=\"646\" loading=\"lazy\" src=\"https:\/\/vremeplov.ba\/2025\/wp-content\/uploads\/2025\/04\/Tuneli_Vranduk.jpg\" srcset=\",https:\/\/vremeplov.ba\/2025\/wp-content\/uploads\/2025\/04\/Tuneli_Vranduk.jpg 950w\" sizes=\"auto, 250px\"\/><\/a><\/div><div class=\"sgb-item\"><a href=\"https:\/\/vremeplov.ba\/2025\/pruga-normalnog-kolosijeka\/tuzla\/\" target=\"_blank\"><img decoding=\"async\" alt=\"\" width=\"950\" height=\"662\" loading=\"lazy\" src=\"https:\/\/vremeplov.ba\/2025\/wp-content\/uploads\/2025\/04\/Tuzla.jpg\" srcset=\",https:\/\/vremeplov.ba\/2025\/wp-content\/uploads\/2025\/04\/Tuzla.jpg 950w\" sizes=\"auto, 250px\"\/><\/a><\/div><div class=\"sgb-item\"><a href=\"https:\/\/vremeplov.ba\/2025\/pruga-normalnog-kolosijeka\/tuzla_st_1\/\" target=\"_blank\"><img decoding=\"async\" alt=\"\" width=\"950\" height=\"672\" loading=\"lazy\" src=\"https:\/\/vremeplov.ba\/2025\/wp-content\/uploads\/2025\/04\/Tuzla_st_1.jpg\" srcset=\",https:\/\/vremeplov.ba\/2025\/wp-content\/uploads\/2025\/04\/Tuzla_st_1.jpg 950w\" sizes=\"auto, 250px\"\/><\/a><\/div><div class=\"sgb-item\"><a href=\"https:\/\/vremeplov.ba\/2025\/pruga-normalnog-kolosijeka\/tuzla_stanica\/\" target=\"_blank\"><img decoding=\"async\" alt=\"\" width=\"950\" height=\"604\" loading=\"lazy\" src=\"https:\/\/vremeplov.ba\/2025\/wp-content\/uploads\/2025\/04\/Tuzla_stanica.jpg\" srcset=\",https:\/\/vremeplov.ba\/2025\/wp-content\/uploads\/2025\/04\/Tuzla_stanica.jpg 950w\" sizes=\"auto, 250px\"\/><\/a><\/div><div class=\"sgb-item\"><a href=\"https:\/\/vremeplov.ba\/2025\/pruga-normalnog-kolosijeka\/tuzla_zvornik_1\/\" target=\"_blank\"><img decoding=\"async\" alt=\"\" width=\"950\" height=\"670\" loading=\"lazy\" src=\"https:\/\/vremeplov.ba\/2025\/wp-content\/uploads\/2025\/04\/Tuzla_Zvornik_1.jpg\" srcset=\",https:\/\/vremeplov.ba\/2025\/wp-content\/uploads\/2025\/04\/Tuzla_Zvornik_1.jpg 950w\" sizes=\"auto, 250px\"\/><\/a><\/div><div class=\"sgb-item\"><a href=\"https:\/\/vremeplov.ba\/2025\/pruga-normalnog-kolosijeka\/tuzla_zvornik_2\/\" target=\"_blank\"><img decoding=\"async\" alt=\"\" width=\"950\" height=\"675\" loading=\"lazy\" src=\"https:\/\/vremeplov.ba\/2025\/wp-content\/uploads\/2025\/04\/Tuzla_Zvornik_2.jpg\" srcset=\",https:\/\/vremeplov.ba\/2025\/wp-content\/uploads\/2025\/04\/Tuzla_Zvornik_2.jpg 950w\" sizes=\"auto, 250px\"\/><\/a><\/div><div class=\"sgb-item\"><a href=\"https:\/\/vremeplov.ba\/2025\/pruga-normalnog-kolosijeka\/tuzla-nova-stanica\/\" target=\"_blank\"><img decoding=\"async\" alt=\"\" width=\"950\" height=\"643\" loading=\"lazy\" src=\"https:\/\/vremeplov.ba\/2025\/wp-content\/uploads\/2025\/04\/Tuzla-nova-stanica.jpg\" srcset=\",https:\/\/vremeplov.ba\/2025\/wp-content\/uploads\/2025\/04\/Tuzla-nova-stanica.jpg 950w\" sizes=\"auto, 250px\"\/><\/a><\/div><div class=\"sgb-item\"><a href=\"https:\/\/vremeplov.ba\/2025\/pruga-normalnog-kolosijeka\/tuzla-stanica\/\" target=\"_blank\"><img decoding=\"async\" alt=\"\" width=\"950\" height=\"964\" loading=\"lazy\" src=\"https:\/\/vremeplov.ba\/2025\/wp-content\/uploads\/2025\/04\/Tuzla-stanica.jpg\" srcset=\",https:\/\/vremeplov.ba\/2025\/wp-content\/uploads\/2025\/04\/Tuzla-stanica.jpg 950w\" sizes=\"auto, 250px\"\/><\/a><\/div><div class=\"sgb-item\"><a href=\"https:\/\/vremeplov.ba\/2025\/pruga-normalnog-kolosijeka\/udes_ovcari_1987\/\" target=\"_blank\"><img decoding=\"async\" alt=\"\" width=\"950\" height=\"1372\" loading=\"lazy\" src=\"https:\/\/vremeplov.ba\/2025\/wp-content\/uploads\/2025\/04\/Udes_Ovcari_1987.jpg\" srcset=\",https:\/\/vremeplov.ba\/2025\/wp-content\/uploads\/2025\/04\/Udes_Ovcari_1987.jpg 950w\" sizes=\"auto, 250px\"\/><\/a><\/div><div class=\"sgb-item\"><a href=\"https:\/\/vremeplov.ba\/2025\/pruga-normalnog-kolosijeka\/udes_tekst\/\" target=\"_blank\"><img decoding=\"async\" alt=\"\" width=\"1417\" height=\"1054\" loading=\"lazy\" src=\"https:\/\/vremeplov.ba\/2025\/wp-content\/uploads\/2025\/04\/udes_tekst.jpg\" srcset=\",https:\/\/vremeplov.ba\/2025\/wp-content\/uploads\/2025\/04\/udes_tekst.jpg 1417w\" sizes=\"auto, 250px\"\/><\/a><\/div><div class=\"sgb-item\"><a href=\"https:\/\/vremeplov.ba\/2025\/pruga-normalnog-kolosijeka\/unska_pruga_markovic_bogic\/\" target=\"_blank\"><img decoding=\"async\" alt=\"\" width=\"950\" height=\"533\" loading=\"lazy\" src=\"https:\/\/vremeplov.ba\/2025\/wp-content\/uploads\/2025\/04\/Unska_pruga_Markovic_bogic.jpg\" srcset=\",https:\/\/vremeplov.ba\/2025\/wp-content\/uploads\/2025\/04\/Unska_pruga_Markovic_bogic.jpg 950w\" sizes=\"auto, 250px\"\/><\/a><\/div><div class=\"sgb-item\"><a href=\"https:\/\/vremeplov.ba\/2025\/pruga-normalnog-kolosijeka\/uzana-076-m-vranduk-1\/\" target=\"_blank\"><img decoding=\"async\" alt=\"\" width=\"950\" height=\"616\" loading=\"lazy\" src=\"https:\/\/vremeplov.ba\/2025\/wp-content\/uploads\/2025\/04\/Uzana-076-m-Vranduk-1.jpg\" srcset=\",https:\/\/vremeplov.ba\/2025\/wp-content\/uploads\/2025\/04\/Uzana-076-m-Vranduk-1.jpg 950w\" sizes=\"auto, 250px\"\/><\/a><\/div><div class=\"sgb-item\"><a href=\"https:\/\/vremeplov.ba\/2025\/pruga-normalnog-kolosijeka\/vares_1985-1\/\" target=\"_blank\"><img decoding=\"async\" alt=\"\" width=\"950\" height=\"617\" loading=\"lazy\" src=\"https:\/\/vremeplov.ba\/2025\/wp-content\/uploads\/2025\/04\/Vares_1985-1.jpg\" srcset=\",https:\/\/vremeplov.ba\/2025\/wp-content\/uploads\/2025\/04\/Vares_1985-1.jpg 950w\" sizes=\"auto, 250px\"\/><\/a><\/div><div class=\"sgb-item\"><a href=\"https:\/\/vremeplov.ba\/2025\/pruga-normalnog-kolosijeka\/vares_1985-2\/\" target=\"_blank\"><img decoding=\"async\" alt=\"\" width=\"950\" height=\"623\" loading=\"lazy\" src=\"https:\/\/vremeplov.ba\/2025\/wp-content\/uploads\/2025\/04\/Vares_1985-2.jpg\" srcset=\",https:\/\/vremeplov.ba\/2025\/wp-content\/uploads\/2025\/04\/Vares_1985-2.jpg 950w\" sizes=\"auto, 250px\"\/><\/a><\/div><div class=\"sgb-item\"><a href=\"https:\/\/vremeplov.ba\/2025\/pruga-normalnog-kolosijeka\/vares_st\/\" target=\"_blank\"><img decoding=\"async\" alt=\"\" width=\"950\" height=\"717\" loading=\"lazy\" src=\"https:\/\/vremeplov.ba\/2025\/wp-content\/uploads\/2025\/04\/Vares_St.jpg\" srcset=\",https:\/\/vremeplov.ba\/2025\/wp-content\/uploads\/2025\/04\/Vares_St.jpg 950w\" sizes=\"auto, 250px\"\/><\/a><\/div><div class=\"sgb-item\"><a href=\"https:\/\/vremeplov.ba\/2025\/pruga-normalnog-kolosijeka\/vaso_miskin_crni_radionica\/\" target=\"_blank\"><img decoding=\"async\" alt=\"\" width=\"950\" height=\"685\" loading=\"lazy\" src=\"https:\/\/vremeplov.ba\/2025\/wp-content\/uploads\/2025\/04\/Vaso_Miskin_Crni_Radionica.jpg\" srcset=\",https:\/\/vremeplov.ba\/2025\/wp-content\/uploads\/2025\/04\/Vaso_Miskin_Crni_Radionica.jpg 950w\" sizes=\"auto, 250px\"\/><\/a><\/div><div class=\"sgb-item\"><a href=\"https:\/\/vremeplov.ba\/2025\/pruga-normalnog-kolosijeka\/vinkovci\/\" target=\"_blank\"><img decoding=\"async\" alt=\"\" width=\"950\" height=\"581\" loading=\"lazy\" src=\"https:\/\/vremeplov.ba\/2025\/wp-content\/uploads\/2025\/04\/Vinkovci.jpg\" srcset=\",https:\/\/vremeplov.ba\/2025\/wp-content\/uploads\/2025\/04\/Vinkovci.jpg 950w\" sizes=\"auto, 250px\"\/><\/a><\/div><div class=\"sgb-item\"><a href=\"https:\/\/vremeplov.ba\/2025\/pruga-normalnog-kolosijeka\/visoko_zbh\/\" target=\"_blank\"><img decoding=\"async\" alt=\"\" width=\"950\" height=\"661\" loading=\"lazy\" src=\"https:\/\/vremeplov.ba\/2025\/wp-content\/uploads\/2025\/04\/Visoko_ZBH.jpg\" srcset=\",https:\/\/vremeplov.ba\/2025\/wp-content\/uploads\/2025\/04\/Visoko_ZBH.jpg 950w\" sizes=\"auto, 250px\"\/><\/a><\/div><div class=\"sgb-item\"><a href=\"https:\/\/vremeplov.ba\/2025\/pruga-normalnog-kolosijeka\/visoko-1971\/\" target=\"_blank\"><img decoding=\"async\" alt=\"\" width=\"950\" height=\"680\" loading=\"lazy\" src=\"https:\/\/vremeplov.ba\/2025\/wp-content\/uploads\/2025\/04\/Visoko-1971.jpg\" srcset=\",https:\/\/vremeplov.ba\/2025\/wp-content\/uploads\/2025\/04\/Visoko-1971.jpg 950w\" sizes=\"auto, 250px\"\/><\/a><\/div><div class=\"sgb-item\"><a href=\"https:\/\/vremeplov.ba\/2025\/pruga-normalnog-kolosijeka\/vojna_cekaonica\/\" target=\"_blank\"><img decoding=\"async\" alt=\"\" width=\"950\" height=\"748\" loading=\"lazy\" src=\"https:\/\/vremeplov.ba\/2025\/wp-content\/uploads\/2025\/04\/vojna_cekaonica.jpg\" srcset=\",https:\/\/vremeplov.ba\/2025\/wp-content\/uploads\/2025\/04\/vojna_cekaonica.jpg 950w\" sizes=\"auto, 250px\"\/><\/a><\/div><div class=\"sgb-item\"><a href=\"https:\/\/vremeplov.ba\/2025\/pruga-normalnog-kolosijeka\/voz_dizelka\/\" target=\"_blank\"><img decoding=\"async\" alt=\"\" width=\"603\" height=\"950\" loading=\"lazy\" src=\"https:\/\/vremeplov.ba\/2025\/wp-content\/uploads\/2025\/04\/Voz_Dizelka.jpg\" srcset=\",https:\/\/vremeplov.ba\/2025\/wp-content\/uploads\/2025\/04\/Voz_Dizelka.jpg 603w\" sizes=\"auto, 250px\"\/><\/a><\/div><div class=\"sgb-item\"><a href=\"https:\/\/vremeplov.ba\/2025\/pruga-normalnog-kolosijeka\/zavidovici_1970\/\" target=\"_blank\"><img decoding=\"async\" alt=\"\" width=\"950\" height=\"616\" loading=\"lazy\" src=\"https:\/\/vremeplov.ba\/2025\/wp-content\/uploads\/2025\/04\/Zavidovici_1970.jpg\" srcset=\",https:\/\/vremeplov.ba\/2025\/wp-content\/uploads\/2025\/04\/Zavidovici_1970.jpg 950w\" sizes=\"auto, 250px\"\/><\/a><\/div><div class=\"sgb-item\"><a href=\"https:\/\/vremeplov.ba\/2025\/pruga-normalnog-kolosijeka\/zavidovici_elektrifikacija\/\" target=\"_blank\"><img decoding=\"async\" alt=\"\" width=\"950\" height=\"637\" loading=\"lazy\" src=\"https:\/\/vremeplov.ba\/2025\/wp-content\/uploads\/2025\/04\/Zavidovici_elektrifikacija.jpg\" srcset=\",https:\/\/vremeplov.ba\/2025\/wp-content\/uploads\/2025\/04\/Zavidovici_elektrifikacija.jpg 950w\" sizes=\"auto, 250px\"\/><\/a><\/div><div class=\"sgb-item\"><a href=\"https:\/\/vremeplov.ba\/2025\/pruga-normalnog-kolosijeka\/zbh_loko_441\/\" target=\"_blank\"><img decoding=\"async\" alt=\"\" width=\"950\" height=\"645\" loading=\"lazy\" src=\"https:\/\/vremeplov.ba\/2025\/wp-content\/uploads\/2025\/04\/ZBH_loko_441.jpg\" srcset=\",https:\/\/vremeplov.ba\/2025\/wp-content\/uploads\/2025\/04\/ZBH_loko_441.jpg 950w\" sizes=\"auto, 250px\"\/><\/a><\/div><div class=\"sgb-item\"><a href=\"https:\/\/vremeplov.ba\/2025\/pruga-normalnog-kolosijeka\/zenica_1971\/\" target=\"_blank\"><img decoding=\"async\" alt=\"\" width=\"614\" height=\"950\" loading=\"lazy\" src=\"https:\/\/vremeplov.ba\/2025\/wp-content\/uploads\/2025\/04\/Zenica_1971.jpg\" srcset=\",https:\/\/vremeplov.ba\/2025\/wp-content\/uploads\/2025\/04\/Zenica_1971.jpg 614w\" sizes=\"auto, 250px\"\/><\/a><\/div><div class=\"sgb-item\"><a href=\"https:\/\/vremeplov.ba\/2025\/pruga-normalnog-kolosijeka\/zenica_nova_elektrifikacija-1\/\" target=\"_blank\"><img decoding=\"async\" alt=\"\" width=\"950\" height=\"629\" loading=\"lazy\" src=\"https:\/\/vremeplov.ba\/2025\/wp-content\/uploads\/2025\/04\/Zenica_Nova_elektrifikacija-1.jpg\" srcset=\",https:\/\/vremeplov.ba\/2025\/wp-content\/uploads\/2025\/04\/Zenica_Nova_elektrifikacija-1.jpg 950w\" sizes=\"auto, 250px\"\/><\/a><\/div><div class=\"sgb-item\"><a href=\"https:\/\/vremeplov.ba\/2025\/pruga-normalnog-kolosijeka\/zenica_nova_elektrifikacija-2\/\" target=\"_blank\"><img decoding=\"async\" alt=\"\" width=\"950\" height=\"648\" loading=\"lazy\" src=\"https:\/\/vremeplov.ba\/2025\/wp-content\/uploads\/2025\/04\/Zenica_Nova_elektrifikacija-2.jpg\" srcset=\",https:\/\/vremeplov.ba\/2025\/wp-content\/uploads\/2025\/04\/Zenica_Nova_elektrifikacija-2.jpg 950w\" sizes=\"auto, 250px\"\/><\/a><\/div><div class=\"sgb-item\"><a href=\"https:\/\/vremeplov.ba\/2025\/pruga-normalnog-kolosijeka\/zenica_nova_elektrifikacija-3\/\" target=\"_blank\"><img decoding=\"async\" alt=\"\" width=\"950\" height=\"625\" loading=\"lazy\" src=\"https:\/\/vremeplov.ba\/2025\/wp-content\/uploads\/2025\/04\/Zenica_Nova_elektrifikacija-3.jpg\" srcset=\",https:\/\/vremeplov.ba\/2025\/wp-content\/uploads\/2025\/04\/Zenica_Nova_elektrifikacija-3.jpg 950w\" sizes=\"auto, 250px\"\/><\/a><\/div><div class=\"sgb-item\"><a href=\"https:\/\/vremeplov.ba\/2025\/pruga-normalnog-kolosijeka\/zenica_teretna_stanica\/\" target=\"_blank\"><img decoding=\"async\" alt=\"\" width=\"950\" height=\"617\" loading=\"lazy\" src=\"https:\/\/vremeplov.ba\/2025\/wp-content\/uploads\/2025\/04\/Zenica_teretna_stanica.jpg\" srcset=\",https:\/\/vremeplov.ba\/2025\/wp-content\/uploads\/2025\/04\/Zenica_teretna_stanica.jpg 950w\" sizes=\"auto, 250px\"\/><\/a><\/div><div class=\"sgb-item\"><a href=\"https:\/\/vremeplov.ba\/2025\/pruga-normalnog-kolosijeka\/zenica-1973\/\" target=\"_blank\"><img decoding=\"async\" alt=\"\" width=\"950\" height=\"597\" loading=\"lazy\" src=\"https:\/\/vremeplov.ba\/2025\/wp-content\/uploads\/2025\/04\/Zenica-1973.jpg\" srcset=\",https:\/\/vremeplov.ba\/2025\/wp-content\/uploads\/2025\/04\/Zenica-1973.jpg 950w\" sizes=\"auto, 250px\"\/><\/a><\/div><div class=\"sgb-item\"><a href=\"https:\/\/vremeplov.ba\/2025\/pruga-normalnog-kolosijeka\/zenica-olimpik\/\" target=\"_blank\"><img decoding=\"async\" alt=\"\" width=\"950\" height=\"685\" loading=\"lazy\" src=\"https:\/\/vremeplov.ba\/2025\/wp-content\/uploads\/2025\/04\/Zenica-Olimpik.jpg\" srcset=\",https:\/\/vremeplov.ba\/2025\/wp-content\/uploads\/2025\/04\/Zenica-Olimpik.jpg 950w\" sizes=\"auto, 250px\"\/><\/a><\/div><div class=\"sgb-item\"><a href=\"https:\/\/vremeplov.ba\/2025\/pruga-normalnog-kolosijeka\/zenica-ratna-rezerva\/\" target=\"_blank\"><img decoding=\"async\" alt=\"\" width=\"950\" height=\"815\" loading=\"lazy\" src=\"https:\/\/vremeplov.ba\/2025\/wp-content\/uploads\/2025\/04\/Zenica-Ratna-rezerva.jpg\" srcset=\",https:\/\/vremeplov.ba\/2025\/wp-content\/uploads\/2025\/04\/Zenica-Ratna-rezerva.jpg 950w\" sizes=\"auto, 250px\"\/><\/a><\/div><div class=\"sgb-item\"><a href=\"https:\/\/vremeplov.ba\/2025\/pruga-normalnog-kolosijeka\/zepce\/\" target=\"_blank\"><img decoding=\"async\" alt=\"\" width=\"950\" height=\"703\" loading=\"lazy\" src=\"https:\/\/vremeplov.ba\/2025\/wp-content\/uploads\/2025\/04\/Zepce.jpg\" srcset=\",https:\/\/vremeplov.ba\/2025\/wp-content\/uploads\/2025\/04\/Zepce.jpg 950w\" sizes=\"auto, 250px\"\/><\/a><\/div><div class=\"sgb-item\"><a href=\"https:\/\/vremeplov.ba\/2025\/pruga-normalnog-kolosijeka\/zepce_2000\/\" target=\"_blank\"><img decoding=\"async\" alt=\"\" width=\"950\" height=\"637\" loading=\"lazy\" src=\"https:\/\/vremeplov.ba\/2025\/wp-content\/uploads\/2025\/04\/Zepce_2000.jpg\" srcset=\",https:\/\/vremeplov.ba\/2025\/wp-content\/uploads\/2025\/04\/Zepce_2000.jpg 950w\" sizes=\"auto, 250px\"\/><\/a><\/div><div class=\"sgb-item\"><a href=\"https:\/\/vremeplov.ba\/2025\/pruga-normalnog-kolosijeka\/zepce_zenica\/\" target=\"_blank\"><img decoding=\"async\" alt=\"\" width=\"950\" height=\"639\" loading=\"lazy\" src=\"https:\/\/vremeplov.ba\/2025\/wp-content\/uploads\/2025\/04\/Zepce_Zenica.jpg\" srcset=\",https:\/\/vremeplov.ba\/2025\/wp-content\/uploads\/2025\/04\/Zepce_Zenica.jpg 950w\" sizes=\"auto, 250px\"\/><\/a><\/div><div class=\"sgb-item\"><a href=\"https:\/\/vremeplov.ba\/2025\/pruga-normalnog-kolosijeka\/zgrada_ztp_sarajevo\/\" target=\"_blank\"><img decoding=\"async\" alt=\"\" width=\"950\" height=\"950\" loading=\"lazy\" src=\"https:\/\/vremeplov.ba\/2025\/wp-content\/uploads\/2025\/04\/Zgrada_ZTP_Sarajevo.jpg\" srcset=\",https:\/\/vremeplov.ba\/2025\/wp-content\/uploads\/2025\/04\/Zgrada_ZTP_Sarajevo.jpg 950w\" sizes=\"auto, 250px\"\/><\/a><\/div><div class=\"sgb-item\"><a href=\"https:\/\/vremeplov.ba\/2025\/pruga-normalnog-kolosijeka\/zgrada-ztp-sarajevo\/\" target=\"_blank\"><img decoding=\"async\" alt=\"\" width=\"898\" height=\"950\" loading=\"lazy\" src=\"https:\/\/vremeplov.ba\/2025\/wp-content\/uploads\/2025\/04\/Zgrada-ZTP-Sarajevo.jpg\" srcset=\",https:\/\/vremeplov.ba\/2025\/wp-content\/uploads\/2025\/04\/Zgrada-ZTP-Sarajevo.jpg 898w\" sizes=\"auto, 250px\"\/><\/a><\/div><div class=\"sgb-item\"><a href=\"https:\/\/vremeplov.ba\/2025\/pruga-normalnog-kolosijeka\/zitomislici-1966\/\" target=\"_blank\"><img decoding=\"async\" alt=\"\" width=\"950\" height=\"677\" loading=\"lazy\" src=\"https:\/\/vremeplov.ba\/2025\/wp-content\/uploads\/2025\/04\/Zitomislici-1966.jpg\" srcset=\",https:\/\/vremeplov.ba\/2025\/wp-content\/uploads\/2025\/04\/Zitomislici-1966.jpg 950w\" sizes=\"auto, 250px\"\/><\/a><\/div><div class=\"sgb-item\"><a href=\"https:\/\/vremeplov.ba\/2025\/pruga-normalnog-kolosijeka\/ztp-sarajevo\/\" target=\"_blank\"><img decoding=\"async\" alt=\"\" width=\"950\" height=\"950\" loading=\"lazy\" src=\"https:\/\/vremeplov.ba\/2025\/wp-content\/uploads\/2025\/04\/ZTP-Sarajevo.jpg\" srcset=\",https:\/\/vremeplov.ba\/2025\/wp-content\/uploads\/2025\/04\/ZTP-Sarajevo.jpg 950w\" sizes=\"auto, 250px\"\/><\/a><\/div><div class=\"sgb-item\"><a href=\"https:\/\/vremeplov.ba\/2025\/pruga-normalnog-kolosijeka\/zunovnica\/\" target=\"_blank\"><img decoding=\"async\" alt=\"\" width=\"950\" height=\"1090\" loading=\"lazy\" src=\"https:\/\/vremeplov.ba\/2025\/wp-content\/uploads\/2025\/04\/Zunovnica.jpg\" srcset=\",https:\/\/vremeplov.ba\/2025\/wp-content\/uploads\/2025\/04\/Zunovnica.jpg 950w\" sizes=\"auto, 250px\"\/><\/a><\/div><\/div><\/noscript><\/div><script type=\"application\/json\" class=\"sgb-data\">{\"collectionColumns\":5,\"collectionThumbRecomendedWidth\":100,\"captions\":false,\"collectionThumbSubMenuDownload\":false,\"collectionThumbSubMenuShare\":false,\"galleryType\":\"pgc_sgb_grid\",\"galleryId\":\"aaf31852\",\"images\":[{\"id\":21453,\"title\":\"0760m-137\",\"url\":\"https:\/\/vremeplov.ba\/2025\/wp-content\/uploads\/2025\/04\/0760m-137.jpg\",\"link\":\"https:\/\/vremeplov.ba\/2025\/pruga-normalnog-kolosijeka\/0760m-137\/\",\"alt\":\"\",\"description\":\"\",\"caption\":\"\",\"mime\":\"image\/jpeg\",\"type\":\"image\",\"width\":950,\"height\":636,\"sizes\":{\"full\":{\"url\":\"https:\/\/vremeplov.ba\/2025\/wp-content\/uploads\/2025\/04\/0760m-137.jpg\",\"height\":636,\"width\":950,\"orientation\":\"landscape\"}},\"imageMeta\":{\"aperture\":\"0\",\"credit\":\"\",\"camera\":\"\",\"caption\":\"\",\"created_timestamp\":\"0\",\"copyright\":\"www.photogalerija.com\",\"focal_length\":\"0\",\"iso\":\"0\",\"shutter_speed\":\"0\",\"title\":\"\",\"orientation\":\"1\",\"keywords\":[]},\"meta\":false,\"postlink\":\"https:\/\/vremeplov.ba\/2025\/pruga-normalnog-kolosijeka\/0760m-137\/\"},{\"id\":21454,\"title\":\"0760m-138\",\"url\":\"https:\/\/vremeplov.ba\/2025\/wp-content\/uploads\/2025\/04\/0760m-138.jpg\",\"link\":\"https:\/\/vremeplov.ba\/2025\/pruga-normalnog-kolosijeka\/0760m-138\/\",\"alt\":\"\",\"description\":\"\",\"caption\":\"\",\"mime\":\"image\/jpeg\",\"type\":\"image\",\"width\":950,\"height\":632,\"sizes\":{\"full\":{\"url\":\"https:\/\/vremeplov.ba\/2025\/wp-content\/uploads\/2025\/04\/0760m-138.jpg\",\"height\":632,\"width\":950,\"orientation\":\"landscape\"}},\"imageMeta\":{\"aperture\":\"0\",\"credit\":\"\",\"camera\":\"\",\"caption\":\"\",\"created_timestamp\":\"0\",\"copyright\":\"www.photogalerija.com\",\"focal_length\":\"0\",\"iso\":\"0\",\"shutter_speed\":\"0\",\"title\":\"\",\"orientation\":\"1\",\"keywords\":[]},\"meta\":false,\"postlink\":\"https:\/\/vremeplov.ba\/2025\/pruga-normalnog-kolosijeka\/0760m-138\/\"},{\"id\":21455,\"title\":\"0760m-139\",\"url\":\"https:\/\/vremeplov.ba\/2025\/wp-content\/uploads\/2025\/04\/0760m-139.jpg\",\"link\":\"https:\/\/vremeplov.ba\/2025\/pruga-normalnog-kolosijeka\/0760m-139\/\",\"alt\":\"\",\"description\":\"\",\"caption\":\"\",\"mime\":\"image\/jpeg\",\"type\":\"image\",\"width\":950,\"height\":613,\"sizes\":{\"full\":{\"url\":\"https:\/\/vremeplov.ba\/2025\/wp-content\/uploads\/2025\/04\/0760m-139.jpg\",\"height\":613,\"width\":950,\"orientation\":\"landscape\"}},\"imageMeta\":{\"aperture\":\"0\",\"credit\":\"\",\"camera\":\"\",\"caption\":\"\",\"created_timestamp\":\"0\",\"copyright\":\"www.photogalerija.com\",\"focal_length\":\"0\",\"iso\":\"0\",\"shutter_speed\":\"0\",\"title\":\"\",\"orientation\":\"1\",\"keywords\":[]},\"meta\":false,\"postlink\":\"https:\/\/vremeplov.ba\/2025\/pruga-normalnog-kolosijeka\/0760m-139\/\"},{\"id\":21456,\"title\":\"0760m-140.1.\",\"url\":\"https:\/\/vremeplov.ba\/2025\/wp-content\/uploads\/2025\/04\/0760m-140.1.jpg\",\"link\":\"https:\/\/vremeplov.ba\/2025\/pruga-normalnog-kolosijeka\/0760m-140-1\/\",\"alt\":\"\",\"description\":\"\",\"caption\":\"\",\"mime\":\"image\/jpeg\",\"type\":\"image\",\"width\":950,\"height\":667,\"sizes\":{\"full\":{\"url\":\"https:\/\/vremeplov.ba\/2025\/wp-content\/uploads\/2025\/04\/0760m-140.1.jpg\",\"height\":667,\"width\":950,\"orientation\":\"landscape\"}},\"imageMeta\":{\"aperture\":\"0\",\"credit\":\"\",\"camera\":\"\",\"caption\":\"\",\"created_timestamp\":\"0\",\"copyright\":\"\",\"focal_length\":\"0\",\"iso\":\"0\",\"shutter_speed\":\"0\",\"title\":\"\",\"orientation\":\"1\",\"keywords\":[]},\"meta\":false,\"postlink\":\"https:\/\/vremeplov.ba\/2025\/pruga-normalnog-kolosijeka\/0760m-140-1\/\"},{\"id\":21457,\"title\":\"0760m-140\",\"url\":\"https:\/\/vremeplov.ba\/2025\/wp-content\/uploads\/2025\/04\/0760m-140.jpg\",\"link\":\"https:\/\/vremeplov.ba\/2025\/pruga-normalnog-kolosijeka\/0760m-140\/\",\"alt\":\"\",\"description\":\"\",\"caption\":\"\",\"mime\":\"image\/jpeg\",\"type\":\"image\",\"width\":950,\"height\":640,\"sizes\":{\"full\":{\"url\":\"https:\/\/vremeplov.ba\/2025\/wp-content\/uploads\/2025\/04\/0760m-140.jpg\",\"height\":640,\"width\":950,\"orientation\":\"landscape\"}},\"imageMeta\":{\"aperture\":\"0\",\"credit\":\"\",\"camera\":\"\",\"caption\":\"\",\"created_timestamp\":\"0\",\"copyright\":\"www.photogalerija.com\",\"focal_length\":\"0\",\"iso\":\"0\",\"shutter_speed\":\"0\",\"title\":\"\",\"orientation\":\"1\",\"keywords\":[]},\"meta\":false,\"postlink\":\"https:\/\/vremeplov.ba\/2025\/pruga-normalnog-kolosijeka\/0760m-140\/\"},{\"id\":21458,\"title\":\"Aleksin_Ham_441_411\",\"url\":\"https:\/\/vremeplov.ba\/2025\/wp-content\/uploads\/2025\/04\/Aleksin_Ham_441_411.jpg\",\"link\":\"https:\/\/vremeplov.ba\/2025\/pruga-normalnog-kolosijeka\/aleksin_ham_441_411\/\",\"alt\":\"\",\"description\":\"\",\"caption\":\"\",\"mime\":\"image\/jpeg\",\"type\":\"image\",\"width\":675,\"height\":950,\"sizes\":{\"full\":{\"url\":\"https:\/\/vremeplov.ba\/2025\/wp-content\/uploads\/2025\/04\/Aleksin_Ham_441_411.jpg\",\"height\":950,\"width\":675,\"orientation\":\"portrait\"}},\"imageMeta\":{\"aperture\":\"0\",\"credit\":\"Srecko\",\"camera\":\"\",\"caption\":\"\",\"created_timestamp\":\"0\",\"copyright\":\"www.vremeplov.ba\",\"focal_length\":\"0\",\"iso\":\"0\",\"shutter_speed\":\"0\",\"title\":\"\",\"orientation\":\"1\",\"keywords\":[\"\u017deljeznice\",\"vozovi\",\"pruge\",\"kolosijeci\",\"uzani\",\"uskotra\u010dna\",\"Bosna\",\"saobra\u0107aj\",\"vremeplov\",\"Aleksin Han\",\"Narenta\",\"Kanjon\",\"Lokomotiva\"]},\"meta\":false,\"postlink\":\"https:\/\/vremeplov.ba\/2025\/pruga-normalnog-kolosijeka\/aleksin_ham_441_411\/\"},{\"id\":21459,\"title\":\"Aleksin_Han_441_411\",\"url\":\"https:\/\/vremeplov.ba\/2025\/wp-content\/uploads\/2025\/04\/Aleksin_Han_441_411.jpg\",\"link\":\"https:\/\/vremeplov.ba\/2025\/pruga-normalnog-kolosijeka\/aleksin_han_441_411\/\",\"alt\":\"\",\"description\":\"\",\"caption\":\"\",\"mime\":\"image\/jpeg\",\"type\":\"image\",\"width\":950,\"height\":675,\"sizes\":{\"full\":{\"url\":\"https:\/\/vremeplov.ba\/2025\/wp-content\/uploads\/2025\/04\/Aleksin_Han_441_411.jpg\",\"height\":675,\"width\":950,\"orientation\":\"landscape\"}},\"imageMeta\":{\"aperture\":\"0\",\"credit\":\"Sre\u0107ko Ignjatovi\u0107 Sarajevo BiH\",\"camera\":\"\",\"caption\":\"\",\"created_timestamp\":\"0\",\"copyright\":\"www.photogalerija.com\",\"focal_length\":\"0\",\"iso\":\"0\",\"shutter_speed\":\"0\",\"title\":\"\",\"orientation\":\"1\",\"keywords\":[\"normalni kolosijek\",\"fotografije\",\"rajlovac\",\"doboj\",\"aleksin han\"]},\"meta\":false,\"postlink\":\"https:\/\/vremeplov.ba\/2025\/pruga-normalnog-kolosijeka\/aleksin_han_441_411\/\"},{\"id\":21460,\"title\":\"Aleksin_Han_1872\",\"url\":\"https:\/\/vremeplov.ba\/2025\/wp-content\/uploads\/2025\/04\/Aleksin_Han_1872.jpg\",\"link\":\"https:\/\/vremeplov.ba\/2025\/pruga-normalnog-kolosijeka\/aleksin_han_1872\/\",\"alt\":\"\",\"description\":\"\",\"caption\":\"\",\"mime\":\"image\/jpeg\",\"type\":\"image\",\"width\":950,\"height\":658,\"sizes\":{\"full\":{\"url\":\"https:\/\/vremeplov.ba\/2025\/wp-content\/uploads\/2025\/04\/Aleksin_Han_1872.jpg\",\"height\":658,\"width\":950,\"orientation\":\"landscape\"}},\"imageMeta\":{\"aperture\":\"0\",\"credit\":\"Srecko Ignjatovic, Sarajevo\",\"camera\":\"HP Scanjet 2400\",\"caption\":\"\",\"created_timestamp\":\"0\",\"copyright\":\"www.vremeplov.ba\",\"focal_length\":\"0\",\"iso\":\"0\",\"shutter_speed\":\"0\",\"title\":\"\",\"orientation\":\"1\",\"keywords\":[\"vozovi\",\"\u017eeljeznice\",\"pruge\",\"Bosna\",\"kolosijek\",\"Sarajevo\",\"Olimpik\",\"Ekspres\",\"elektromotorne\",\"garniture\",\"MAVAD\",\"vremeplov\",\"Aleksin Han\"]},\"meta\":false,\"postlink\":\"https:\/\/vremeplov.ba\/2025\/pruga-normalnog-kolosijeka\/aleksin_han_1872\/\"},{\"id\":21461,\"title\":\"Aleksin_Han_1972\",\"url\":\"https:\/\/vremeplov.ba\/2025\/wp-content\/uploads\/2025\/04\/Aleksin_Han_1972.jpg\",\"link\":\"https:\/\/vremeplov.ba\/2025\/pruga-normalnog-kolosijeka\/aleksin_han_1972\/\",\"alt\":\"\",\"description\":\"\",\"caption\":\"\",\"mime\":\"image\/jpeg\",\"type\":\"image\",\"width\":950,\"height\":682,\"sizes\":{\"full\":{\"url\":\"https:\/\/vremeplov.ba\/2025\/wp-content\/uploads\/2025\/04\/Aleksin_Han_1972.jpg\",\"height\":682,\"width\":950,\"orientation\":\"landscape\"}},\"imageMeta\":{\"aperture\":\"0\",\"credit\":\"Srecko\",\"camera\":\"\",\"caption\":\"\",\"created_timestamp\":\"0\",\"copyright\":\"www.vremeplov.ba\",\"focal_length\":\"0\",\"iso\":\"0\",\"shutter_speed\":\"0\",\"title\":\"\",\"orientation\":\"1\",\"keywords\":[\"Sarajevo\",\"stanica\",\"vozovi\",\"putnici\",\"\u017eeljeznica\",\"kolosijek\",\"saobra\u0107aj\",\"vremeplov\",\"Aleksin Han\",\"Neretva\",\"uzani\"]},\"meta\":false,\"postlink\":\"https:\/\/vremeplov.ba\/2025\/pruga-normalnog-kolosijeka\/aleksin_han_1972\/\"},{\"id\":21462,\"title\":\"Aleksin_Han_udes\",\"url\":\"https:\/\/vremeplov.ba\/2025\/wp-content\/uploads\/2025\/04\/Aleksin_Han_udes.jpg\",\"link\":\"https:\/\/vremeplov.ba\/2025\/pruga-normalnog-kolosijeka\/aleksin_han_udes\/\",\"alt\":\"\",\"description\":\"\",\"caption\":\"\",\"mime\":\"image\/jpeg\",\"type\":\"image\",\"width\":950,\"height\":672,\"sizes\":{\"full\":{\"url\":\"https:\/\/vremeplov.ba\/2025\/wp-content\/uploads\/2025\/04\/Aleksin_Han_udes.jpg\",\"height\":672,\"width\":950,\"orientation\":\"landscape\"}},\"imageMeta\":{\"aperture\":\"0\",\"credit\":\"Srecko Ignjatovic, Sarajevo, BiH\",\"camera\":\"\",\"caption\":\"\",\"created_timestamp\":\"0\",\"copyright\":\"www.photogalerija.com\",\"focal_length\":\"0\",\"iso\":\"0\",\"shutter_speed\":\"0\",\"title\":\"\",\"orientation\":\"1\",\"keywords\":[\"prvi voz\",\"elektrifikacija pruge\",\"mitija ribi\u010di\u0107\",\"D\u017eemal Bijedi\u0107\",\"Branko Mikuli\u0107\",\"Ante Su\u010di\u0107\",\"Mostar\",\"Sarajevo\",\"Plo\u010de\",\"Kardeljevo\"]},\"meta\":false,\"postlink\":\"https:\/\/vremeplov.ba\/2025\/pruga-normalnog-kolosijeka\/aleksin_han_udes\/\"},{\"id\":21463,\"title\":\"Alipasin_Most_brigada\",\"url\":\"https:\/\/vremeplov.ba\/2025\/wp-content\/uploads\/2025\/04\/Alipasin_Most_brigada.jpg\",\"link\":\"https:\/\/vremeplov.ba\/2025\/pruga-normalnog-kolosijeka\/alipasin_most_brigada\/\",\"alt\":\"\",\"description\":\"\",\"caption\":\"\",\"mime\":\"image\/jpeg\",\"type\":\"image\",\"width\":950,\"height\":673,\"sizes\":{\"full\":{\"url\":\"https:\/\/vremeplov.ba\/2025\/wp-content\/uploads\/2025\/04\/Alipasin_Most_brigada.jpg\",\"height\":673,\"width\":950,\"orientation\":\"landscape\"}},\"imageMeta\":{\"aperture\":\"0\",\"credit\":\"Srecko Ignjatovic, Sarajevo\",\"camera\":\"\",\"caption\":\"\",\"created_timestamp\":\"1552591240\",\"copyright\":\"www.vremeplov.ba\",\"focal_length\":\"0\",\"iso\":\"0\",\"shutter_speed\":\"0\",\"title\":\"\",\"orientation\":\"1\",\"keywords\":[\"normalni kolosijek\",\"Normalspur\",\"bosanske \u017eeljeznice\",\"\u017eeljeznice\",\"normalne pruge\",\"stare fotografije\",\"vremeplov\",\"J\u017d\",\"BH\u017d\",\"direkcija sarajevo\",\"VMC\"]},\"meta\":false,\"postlink\":\"https:\/\/vremeplov.ba\/2025\/pruga-normalnog-kolosijeka\/alipasin_most_brigada\/\"},{\"id\":21464,\"title\":\"Alipasin_Most_EMG\",\"url\":\"https:\/\/vremeplov.ba\/2025\/wp-content\/uploads\/2025\/04\/Alipasin_Most_EMG.jpg\",\"link\":\"https:\/\/vremeplov.ba\/2025\/pruga-normalnog-kolosijeka\/alipasin_most_emg\/\",\"alt\":\"\",\"description\":\"\",\"caption\":\"\",\"mime\":\"image\/jpeg\",\"type\":\"image\",\"width\":950,\"height\":503,\"sizes\":{\"full\":{\"url\":\"https:\/\/vremeplov.ba\/2025\/wp-content\/uploads\/2025\/04\/Alipasin_Most_EMG.jpg\",\"height\":503,\"width\":950,\"orientation\":\"landscape\"}},\"imageMeta\":{\"aperture\":\"0\",\"credit\":\"Srecko Ignjatovic, Sarajevo, BiH\",\"camera\":\"HP Scanjet 2400\",\"caption\":\"\",\"created_timestamp\":\"0\",\"copyright\":\"www.vremeplov.ba\",\"focal_length\":\"0\",\"iso\":\"0\",\"shutter_speed\":\"0\",\"title\":\"\",\"orientation\":\"1\",\"keywords\":[\"normalni kolosijek\",\"pruge\",\"\u017eeljeznica\",\"vremeplov\",\"jugoslovenske\",\"BH Voz\",\"alipa\u0161in most\"]},\"meta\":false,\"postlink\":\"https:\/\/vremeplov.ba\/2025\/pruga-normalnog-kolosijeka\/alipasin_most_emg\/\"},{\"id\":21465,\"title\":\"Ambulanta\",\"url\":\"https:\/\/vremeplov.ba\/2025\/wp-content\/uploads\/2025\/04\/Ambulanta.jpg\",\"link\":\"https:\/\/vremeplov.ba\/2025\/pruga-normalnog-kolosijeka\/ambulanta\/\",\"alt\":\"\",\"description\":\"\",\"caption\":\"\",\"mime\":\"image\/jpeg\",\"type\":\"image\",\"width\":950,\"height\":702,\"sizes\":{\"full\":{\"url\":\"https:\/\/vremeplov.ba\/2025\/wp-content\/uploads\/2025\/04\/Ambulanta.jpg\",\"height\":702,\"width\":950,\"orientation\":\"landscape\"}},\"imageMeta\":{\"aperture\":\"0\",\"credit\":\"Sre\u0107ko Ignjatovi\u0107 Sarajevo BiH\",\"camera\":\"\",\"caption\":\"\",\"created_timestamp\":\"0\",\"copyright\":\"www.photogalerija.com\",\"focal_length\":\"0\",\"iso\":\"0\",\"shutter_speed\":\"0\",\"title\":\"\",\"orientation\":\"1\",\"keywords\":[\"normalni kolosijek\",\"fotografije\",\"rajlovac\",\"doboj\",\"aleksin han\"]},\"meta\":false,\"postlink\":\"https:\/\/vremeplov.ba\/2025\/pruga-normalnog-kolosijeka\/ambulanta\/\"},{\"id\":21466,\"title\":\"Ante_Sucic\",\"url\":\"https:\/\/vremeplov.ba\/2025\/wp-content\/uploads\/2025\/04\/Ante_Sucic.jpg\",\"link\":\"https:\/\/vremeplov.ba\/2025\/pruga-normalnog-kolosijeka\/ante_sucic\/\",\"alt\":\"\",\"description\":\"\",\"caption\":\"\",\"mime\":\"image\/jpeg\",\"type\":\"image\",\"width\":950,\"height\":605,\"sizes\":{\"full\":{\"url\":\"https:\/\/vremeplov.ba\/2025\/wp-content\/uploads\/2025\/04\/Ante_Sucic.jpg\",\"height\":605,\"width\":950,\"orientation\":\"landscape\"}},\"imageMeta\":{\"aperture\":\"0\",\"credit\":\"Sre\u0107ko Ignjatovi\u0107 Sarajevo BiH\",\"camera\":\"\",\"caption\":\"\",\"created_timestamp\":\"0\",\"copyright\":\"www.photogalerija.com\",\"focal_length\":\"0\",\"iso\":\"0\",\"shutter_speed\":\"0\",\"title\":\"\",\"orientation\":\"1\",\"keywords\":[\"normalni kolosijek\",\"normalne pruge\"]},\"meta\":false,\"postlink\":\"https:\/\/vremeplov.ba\/2025\/pruga-normalnog-kolosijeka\/ante_sucic\/\"},{\"id\":21467,\"title\":\"Autotransport-zeljeznice\",\"url\":\"https:\/\/vremeplov.ba\/2025\/wp-content\/uploads\/2025\/04\/Autotransport-zeljeznice.jpg\",\"link\":\"https:\/\/vremeplov.ba\/2025\/pruga-normalnog-kolosijeka\/autotransport-zeljeznice\/\",\"alt\":\"\",\"description\":\"\",\"caption\":\"\",\"mime\":\"image\/jpeg\",\"type\":\"image\",\"width\":950,\"height\":672,\"sizes\":{\"full\":{\"url\":\"https:\/\/vremeplov.ba\/2025\/wp-content\/uploads\/2025\/04\/Autotransport-zeljeznice.jpg\",\"height\":672,\"width\":950,\"orientation\":\"landscape\"}},\"imageMeta\":{\"aperture\":\"0\",\"credit\":\"Srecko\",\"camera\":\"\",\"caption\":\"\",\"created_timestamp\":\"0\",\"copyright\":\"www.vremeplov.ba\",\"focal_length\":\"0\",\"iso\":\"0\",\"shutter_speed\":\"0\",\"title\":\"\",\"orientation\":\"1\",\"keywords\":[\"\u017eeljeznica\",\"normalne pruge\",\"Bosna\",\"vremeplov\",\"istorija\",\"fotografije\",\"Sarajevo\",\"kamioni\"]},\"meta\":false,\"postlink\":\"https:\/\/vremeplov.ba\/2025\/pruga-normalnog-kolosijeka\/autotransport-zeljeznice\/\"},{\"id\":21468,\"title\":\"Banja_Luka_Militar\",\"url\":\"https:\/\/vremeplov.ba\/2025\/wp-content\/uploads\/2025\/04\/Banja_Luka_Militar.jpg\",\"link\":\"https:\/\/vremeplov.ba\/2025\/pruga-normalnog-kolosijeka\/banja_luka_militar\/\",\"alt\":\"\",\"description\":\"\",\"caption\":\"\",\"mime\":\"image\/jpeg\",\"type\":\"image\",\"width\":950,\"height\":539,\"sizes\":{\"full\":{\"url\":\"https:\/\/vremeplov.ba\/2025\/wp-content\/uploads\/2025\/04\/Banja_Luka_Militar.jpg\",\"height\":539,\"width\":950,\"orientation\":\"landscape\"}},\"imageMeta\":{\"aperture\":\"0\",\"credit\":\"Sre\u0107ko Ignjatovi\u0107 Sarajevo BiH\",\"camera\":\"\",\"caption\":\"\",\"created_timestamp\":\"0\",\"copyright\":\"www.photogalerija.com\",\"focal_length\":\"0\",\"iso\":\"0\",\"shutter_speed\":\"0\",\"title\":\"\",\"orientation\":\"1\",\"keywords\":[\"normalni kolosijek\",\"istorija\",\"stanice\",\"\u017eeljeznica\"]},\"meta\":false,\"postlink\":\"https:\/\/vremeplov.ba\/2025\/pruga-normalnog-kolosijeka\/banja_luka_militar\/\"},{\"id\":21469,\"title\":\"Banja_Luka_norm_kol-1\",\"url\":\"https:\/\/vremeplov.ba\/2025\/wp-content\/uploads\/2025\/04\/Banja_Luka_norm_kol-1.jpg\",\"link\":\"https:\/\/vremeplov.ba\/2025\/pruga-normalnog-kolosijeka\/banja_luka_norm_kol-1\/\",\"alt\":\"\",\"description\":\"\",\"caption\":\"\",\"mime\":\"image\/jpeg\",\"type\":\"image\",\"width\":950,\"height\":610,\"sizes\":{\"full\":{\"url\":\"https:\/\/vremeplov.ba\/2025\/wp-content\/uploads\/2025\/04\/Banja_Luka_norm_kol-1.jpg\",\"height\":610,\"width\":950,\"orientation\":\"landscape\"}},\"imageMeta\":{\"aperture\":\"0\",\"credit\":\"Srecko Ignjatovic, Sarajevo, BiH\",\"camera\":\"\",\"caption\":\"\",\"created_timestamp\":\"0\",\"copyright\":\"www.photogalerija.com\",\"focal_length\":\"0\",\"iso\":\"0\",\"shutter_speed\":\"0\",\"title\":\"\",\"orientation\":\"1\",\"keywords\":[\"normalni kolosijek\",\"banja luka\",\"robni magacin\",\"J\u017d\"]},\"meta\":false,\"postlink\":\"https:\/\/vremeplov.ba\/2025\/pruga-normalnog-kolosijeka\/banja_luka_norm_kol-1\/\"},{\"id\":21470,\"title\":\"Banja_Luka_norm_kol-2\",\"url\":\"https:\/\/vremeplov.ba\/2025\/wp-content\/uploads\/2025\/04\/Banja_Luka_norm_kol-2.jpg\",\"link\":\"https:\/\/vremeplov.ba\/2025\/pruga-normalnog-kolosijeka\/banja_luka_norm_kol-2\/\",\"alt\":\"\",\"description\":\"\",\"caption\":\"\",\"mime\":\"image\/jpeg\",\"type\":\"image\",\"width\":950,\"height\":623,\"sizes\":{\"full\":{\"url\":\"https:\/\/vremeplov.ba\/2025\/wp-content\/uploads\/2025\/04\/Banja_Luka_norm_kol-2.jpg\",\"height\":623,\"width\":950,\"orientation\":\"landscape\"}},\"imageMeta\":{\"aperture\":\"0\",\"credit\":\"Srecko Ignjatovic, Sarajevo, BiH\",\"camera\":\"\",\"caption\":\"\",\"created_timestamp\":\"0\",\"copyright\":\"www.photogalerija.com\",\"focal_length\":\"0\",\"iso\":\"0\",\"shutter_speed\":\"0\",\"title\":\"\",\"orientation\":\"1\",\"keywords\":[\"normalni kolosijek\",\"banja luka\",\"robni magacin\",\"J\u017d\"]},\"meta\":false,\"postlink\":\"https:\/\/vremeplov.ba\/2025\/pruga-normalnog-kolosijeka\/banja_luka_norm_kol-2\/\"},{\"id\":21471,\"title\":\"Banja_Luka_norm_kol-3\",\"url\":\"https:\/\/vremeplov.ba\/2025\/wp-content\/uploads\/2025\/04\/Banja_Luka_norm_kol-3.jpg\",\"link\":\"https:\/\/vremeplov.ba\/2025\/pruga-normalnog-kolosijeka\/banja_luka_norm_kol-3\/\",\"alt\":\"\",\"description\":\"\",\"caption\":\"\",\"mime\":\"image\/jpeg\",\"type\":\"image\",\"width\":950,\"height\":608,\"sizes\":{\"full\":{\"url\":\"https:\/\/vremeplov.ba\/2025\/wp-content\/uploads\/2025\/04\/Banja_Luka_norm_kol-3.jpg\",\"height\":608,\"width\":950,\"orientation\":\"landscape\"}},\"imageMeta\":{\"aperture\":\"0\",\"credit\":\"Srecko Ignjatovic, Sarajevo, BiH\",\"camera\":\"\",\"caption\":\"\",\"created_timestamp\":\"0\",\"copyright\":\"www.photogalerija.com\",\"focal_length\":\"0\",\"iso\":\"0\",\"shutter_speed\":\"0\",\"title\":\"\",\"orientation\":\"1\",\"keywords\":[\"normalni kolosijek\",\"banja luka\",\"robni magacin\",\"J\u017d\"]},\"meta\":false,\"postlink\":\"https:\/\/vremeplov.ba\/2025\/pruga-normalnog-kolosijeka\/banja_luka_norm_kol-3\/\"},{\"id\":21472,\"title\":\"Banja_Luka_norm_kol-4\",\"url\":\"https:\/\/vremeplov.ba\/2025\/wp-content\/uploads\/2025\/04\/Banja_Luka_norm_kol-4.jpg\",\"link\":\"https:\/\/vremeplov.ba\/2025\/pruga-normalnog-kolosijeka\/banja_luka_norm_kol-4\/\",\"alt\":\"\",\"description\":\"\",\"caption\":\"\",\"mime\":\"image\/jpeg\",\"type\":\"image\",\"width\":950,\"height\":799,\"sizes\":{\"full\":{\"url\":\"https:\/\/vremeplov.ba\/2025\/wp-content\/uploads\/2025\/04\/Banja_Luka_norm_kol-4.jpg\",\"height\":799,\"width\":950,\"orientation\":\"landscape\"}},\"imageMeta\":{\"aperture\":\"0\",\"credit\":\"Srecko Ignjatovic, Sarajevo, BiH\",\"camera\":\"\",\"caption\":\"\",\"created_timestamp\":\"0\",\"copyright\":\"www.photogalerija.com\",\"focal_length\":\"0\",\"iso\":\"0\",\"shutter_speed\":\"0\",\"title\":\"\",\"orientation\":\"1\",\"keywords\":[\"normalni kolosijek\",\"banja luka\",\"robni magacin\",\"J\u017d\"]},\"meta\":false,\"postlink\":\"https:\/\/vremeplov.ba\/2025\/pruga-normalnog-kolosijeka\/banja_luka_norm_kol-4\/\"},{\"id\":21473,\"title\":\"Banja_Luka_Predgradje-1\",\"url\":\"https:\/\/vremeplov.ba\/2025\/wp-content\/uploads\/2025\/04\/Banja_Luka_Predgradje-1.jpg\",\"link\":\"https:\/\/vremeplov.ba\/2025\/pruga-normalnog-kolosijeka\/banja_luka_predgradje-1\/\",\"alt\":\"\",\"description\":\"\",\"caption\":\"\",\"mime\":\"image\/jpeg\",\"type\":\"image\",\"width\":950,\"height\":676,\"sizes\":{\"full\":{\"url\":\"https:\/\/vremeplov.ba\/2025\/wp-content\/uploads\/2025\/04\/Banja_Luka_Predgradje-1.jpg\",\"height\":676,\"width\":950,\"orientation\":\"landscape\"}},\"imageMeta\":{\"aperture\":\"0\",\"credit\":\"Srecko\",\"camera\":\"\",\"caption\":\"\",\"created_timestamp\":\"0\",\"copyright\":\"www.vremeplov.ba\",\"focal_length\":\"0\",\"iso\":\"0\",\"shutter_speed\":\"0\",\"title\":\"\",\"orientation\":\"1\",\"keywords\":[\"Kolosijek\",\"\u0161iroki\",\"normalni\",\"vozovi\",\"\u017eeljeznica\",\"putovanja\",\"uspomene\",\"vremeplov\",\"Banja Luka\"]},\"meta\":false,\"postlink\":\"https:\/\/vremeplov.ba\/2025\/pruga-normalnog-kolosijeka\/banja_luka_predgradje-1\/\"},{\"id\":21474,\"title\":\"Banja_Luka_Predgradje-2\",\"url\":\"https:\/\/vremeplov.ba\/2025\/wp-content\/uploads\/2025\/04\/Banja_Luka_Predgradje-2.jpg\",\"link\":\"https:\/\/vremeplov.ba\/2025\/pruga-normalnog-kolosijeka\/banja_luka_predgradje-2\/\",\"alt\":\"\",\"description\":\"\",\"caption\":\"\",\"mime\":\"image\/jpeg\",\"type\":\"image\",\"width\":950,\"height\":674,\"sizes\":{\"full\":{\"url\":\"https:\/\/vremeplov.ba\/2025\/wp-content\/uploads\/2025\/04\/Banja_Luka_Predgradje-2.jpg\",\"height\":674,\"width\":950,\"orientation\":\"landscape\"}},\"imageMeta\":{\"aperture\":\"0\",\"credit\":\"Srecko\",\"camera\":\"\",\"caption\":\"\",\"created_timestamp\":\"0\",\"copyright\":\"www.vremeplov.ba\",\"focal_length\":\"0\",\"iso\":\"0\",\"shutter_speed\":\"0\",\"title\":\"\",\"orientation\":\"1\",\"keywords\":[\"Kolosijek\",\"\u0161iroki\",\"normalni\",\"vozovi\",\"\u017eeljeznica\",\"putovanja\",\"uspomene\",\"vremeplov\",\"Banja Luka\"]},\"meta\":false,\"postlink\":\"https:\/\/vremeplov.ba\/2025\/pruga-normalnog-kolosijeka\/banja_luka_predgradje-2\/\"},{\"id\":21475,\"title\":\"Banja_Luka_Predgradje-3\",\"url\":\"https:\/\/vremeplov.ba\/2025\/wp-content\/uploads\/2025\/04\/Banja_Luka_Predgradje-3.jpg\",\"link\":\"https:\/\/vremeplov.ba\/2025\/pruga-normalnog-kolosijeka\/banja_luka_predgradje-3\/\",\"alt\":\"\",\"description\":\"\",\"caption\":\"\",\"mime\":\"image\/jpeg\",\"type\":\"image\",\"width\":950,\"height\":661,\"sizes\":{\"full\":{\"url\":\"https:\/\/vremeplov.ba\/2025\/wp-content\/uploads\/2025\/04\/Banja_Luka_Predgradje-3.jpg\",\"height\":661,\"width\":950,\"orientation\":\"landscape\"}},\"imageMeta\":{\"aperture\":\"0\",\"credit\":\"Srecko\",\"camera\":\"\",\"caption\":\"\",\"created_timestamp\":\"0\",\"copyright\":\"www.vremeplov.ba\",\"focal_length\":\"0\",\"iso\":\"0\",\"shutter_speed\":\"0\",\"title\":\"\",\"orientation\":\"1\",\"keywords\":[\"Kolosijek\",\"\u0161iroki\",\"normalni\",\"vozovi\",\"\u017eeljeznica\",\"putovanja\",\"uspomene\",\"vremeplov\",\"Banja Luka\"]},\"meta\":false,\"postlink\":\"https:\/\/vremeplov.ba\/2025\/pruga-normalnog-kolosijeka\/banja_luka_predgradje-3\/\"},{\"id\":21476,\"title\":\"Banja_Luka_predradje\",\"url\":\"https:\/\/vremeplov.ba\/2025\/wp-content\/uploads\/2025\/04\/Banja_Luka_predradje.jpg\",\"link\":\"https:\/\/vremeplov.ba\/2025\/pruga-normalnog-kolosijeka\/banja_luka_predradje\/\",\"alt\":\"\",\"description\":\"\",\"caption\":\"\",\"mime\":\"image\/jpeg\",\"type\":\"image\",\"width\":950,\"height\":648,\"sizes\":{\"full\":{\"url\":\"https:\/\/vremeplov.ba\/2025\/wp-content\/uploads\/2025\/04\/Banja_Luka_predradje.jpg\",\"height\":648,\"width\":950,\"orientation\":\"landscape\"}},\"imageMeta\":{\"aperture\":\"0\",\"credit\":\"Sre\u0107ko Ignjatovi\u0107 Sarajevo BiH\",\"camera\":\"\",\"caption\":\"\",\"created_timestamp\":\"0\",\"copyright\":\"www.photogalerija.com\",\"focal_length\":\"0\",\"iso\":\"0\",\"shutter_speed\":\"0\",\"title\":\"\",\"orientation\":\"1\",\"keywords\":[\"normalni kolosijek\",\"istorija\",\"stanice\",\"\u017eeljeznica\"]},\"meta\":false,\"postlink\":\"https:\/\/vremeplov.ba\/2025\/pruga-normalnog-kolosijeka\/banja_luka_predradje\/\"},{\"id\":21477,\"title\":\"Banja_Luka_remont\",\"url\":\"https:\/\/vremeplov.ba\/2025\/wp-content\/uploads\/2025\/04\/Banja_Luka_remont.jpg\",\"link\":\"https:\/\/vremeplov.ba\/2025\/pruga-normalnog-kolosijeka\/banja_luka_remont\/\",\"alt\":\"\",\"description\":\"\",\"caption\":\"\",\"mime\":\"image\/jpeg\",\"type\":\"image\",\"width\":950,\"height\":663,\"sizes\":{\"full\":{\"url\":\"https:\/\/vremeplov.ba\/2025\/wp-content\/uploads\/2025\/04\/Banja_Luka_remont.jpg\",\"height\":663,\"width\":950,\"orientation\":\"landscape\"}},\"imageMeta\":{\"aperture\":\"0\",\"credit\":\"Srecko Ignjatovic, Sarajevo, BiH\",\"camera\":\"\",\"caption\":\"\",\"created_timestamp\":\"1486315095\",\"copyright\":\"www.vremeplov.ba\",\"focal_length\":\"0\",\"iso\":\"0\",\"shutter_speed\":\"0\",\"title\":\"\",\"orientation\":\"1\",\"keywords\":[\"normalni kolosijek\",\"\u017eeljeznica\",\"vozovi\",\"vremeplov\",\"stanice\",\"\u0161ine\",\"Banja Luka\",\"remont\"]},\"meta\":false,\"postlink\":\"https:\/\/vremeplov.ba\/2025\/pruga-normalnog-kolosijeka\/banja_luka_remont\/\"},{\"id\":21478,\"title\":\"Banja_Luka_st.\",\"url\":\"https:\/\/vremeplov.ba\/2025\/wp-content\/uploads\/2025\/04\/Banja_Luka_st.jpg\",\"link\":\"https:\/\/vremeplov.ba\/2025\/pruga-normalnog-kolosijeka\/banja_luka_st\/\",\"alt\":\"\",\"description\":\"\",\"caption\":\"\",\"mime\":\"image\/jpeg\",\"type\":\"image\",\"width\":950,\"height\":644,\"sizes\":{\"full\":{\"url\":\"https:\/\/vremeplov.ba\/2025\/wp-content\/uploads\/2025\/04\/Banja_Luka_st.jpg\",\"height\":644,\"width\":950,\"orientation\":\"landscape\"}},\"imageMeta\":{\"aperture\":\"0\",\"credit\":\"Sre\u0107ko Ignjatovi\u0107 Sarajevo BiH\",\"camera\":\"\",\"caption\":\"\",\"created_timestamp\":\"0\",\"copyright\":\"www.photogalerija.com\",\"focal_length\":\"0\",\"iso\":\"0\",\"shutter_speed\":\"0\",\"title\":\"\",\"orientation\":\"1\",\"keywords\":[\"normalni kolosijek\",\"istorija\",\"stanice\",\"\u017eeljeznica\"]},\"meta\":false,\"postlink\":\"https:\/\/vremeplov.ba\/2025\/pruga-normalnog-kolosijeka\/banja_luka_st\/\"},{\"id\":21479,\"title\":\"Banja-Luka\",\"url\":\"https:\/\/vremeplov.ba\/2025\/wp-content\/uploads\/2025\/04\/Banja-Luka.jpg\",\"link\":\"https:\/\/vremeplov.ba\/2025\/pruga-normalnog-kolosijeka\/banja-luka\/\",\"alt\":\"\",\"description\":\"\",\"caption\":\"\",\"mime\":\"image\/jpeg\",\"type\":\"image\",\"width\":950,\"height\":862,\"sizes\":{\"full\":{\"url\":\"https:\/\/vremeplov.ba\/2025\/wp-content\/uploads\/2025\/04\/Banja-Luka.jpg\",\"height\":862,\"width\":950,\"orientation\":\"landscape\"}},\"imageMeta\":{\"aperture\":\"0\",\"credit\":\"Sre\u0107ko Ignjatovi\u0107 Sarajevo BiH\",\"camera\":\"\",\"caption\":\"\",\"created_timestamp\":\"0\",\"copyright\":\"www.photogalerija.com\",\"focal_length\":\"0\",\"iso\":\"0\",\"shutter_speed\":\"0\",\"title\":\"\",\"orientation\":\"1\",\"keywords\":[\"normalni-kolosijek\",\"olimpik\",\"bosna-ekspres\",\"mostar\",\"sarajevo\",\"biffe\"]},\"meta\":false,\"postlink\":\"https:\/\/vremeplov.ba\/2025\/pruga-normalnog-kolosijeka\/banja-luka\/\"},{\"id\":21480,\"title\":\"Banja-Luka-1\",\"url\":\"https:\/\/vremeplov.ba\/2025\/wp-content\/uploads\/2025\/04\/Banja-Luka-1.jpg\",\"link\":\"https:\/\/vremeplov.ba\/2025\/pruga-normalnog-kolosijeka\/banja-luka-1\/\",\"alt\":\"\",\"description\":\"\",\"caption\":\"\",\"mime\":\"image\/jpeg\",\"type\":\"image\",\"width\":950,\"height\":618,\"sizes\":{\"full\":{\"url\":\"https:\/\/vremeplov.ba\/2025\/wp-content\/uploads\/2025\/04\/Banja-Luka-1.jpg\",\"height\":618,\"width\":950,\"orientation\":\"landscape\"}},\"imageMeta\":{\"aperture\":\"0\",\"credit\":\"Sre\u0107ko Ignjatovi\u0107 Sarajevo BiH\",\"camera\":\"\",\"caption\":\"\",\"created_timestamp\":\"0\",\"copyright\":\"www.photogalerija.com\",\"focal_length\":\"0\",\"iso\":\"0\",\"shutter_speed\":\"0\",\"title\":\"\",\"orientation\":\"1\",\"keywords\":[\"normalni-kolosijek\"]},\"meta\":false,\"postlink\":\"https:\/\/vremeplov.ba\/2025\/pruga-normalnog-kolosijeka\/banja-luka-1\/\"},{\"id\":21481,\"title\":\"Banovici_st\",\"url\":\"https:\/\/vremeplov.ba\/2025\/wp-content\/uploads\/2025\/04\/Banovici_st.jpg\",\"link\":\"https:\/\/vremeplov.ba\/2025\/pruga-normalnog-kolosijeka\/banovici_st\/\",\"alt\":\"\",\"description\":\"\",\"caption\":\"\",\"mime\":\"image\/jpeg\",\"type\":\"image\",\"width\":950,\"height\":765,\"sizes\":{\"full\":{\"url\":\"https:\/\/vremeplov.ba\/2025\/wp-content\/uploads\/2025\/04\/Banovici_st.jpg\",\"height\":765,\"width\":950,\"orientation\":\"landscape\"}},\"imageMeta\":{\"aperture\":\"0\",\"credit\":\"Srecko Ignjatovic, Sarajevo, BiH\",\"camera\":\"\",\"caption\":\"\",\"created_timestamp\":\"1486315274\",\"copyright\":\"www.vremeplov.ba\",\"focal_length\":\"0\",\"iso\":\"0\",\"shutter_speed\":\"0\",\"title\":\"\",\"orientation\":\"1\",\"keywords\":[\"normalni kolosijek\",\"\u017eeljeznica\",\"vozovi\",\"vremeplov\",\"stanice\",\"\u0161ine\",\"remont\",\"Banovi\u0107i\"]},\"meta\":false,\"postlink\":\"https:\/\/vremeplov.ba\/2025\/pruga-normalnog-kolosijeka\/banovici_st\/\"},{\"id\":21482,\"title\":\"Begov-Han_Elektrifikacija\",\"url\":\"https:\/\/vremeplov.ba\/2025\/wp-content\/uploads\/2025\/04\/Begov-Han_Elektrifikacija.jpg\",\"link\":\"https:\/\/vremeplov.ba\/2025\/pruga-normalnog-kolosijeka\/begov-han_elektrifikacija\/\",\"alt\":\"\",\"description\":\"\",\"caption\":\"\",\"mime\":\"image\/jpeg\",\"type\":\"image\",\"width\":950,\"height\":653,\"sizes\":{\"full\":{\"url\":\"https:\/\/vremeplov.ba\/2025\/wp-content\/uploads\/2025\/04\/Begov-Han_Elektrifikacija.jpg\",\"height\":653,\"width\":950,\"orientation\":\"landscape\"}},\"imageMeta\":{\"aperture\":\"0\",\"credit\":\"\",\"camera\":\"\",\"caption\":\"\",\"created_timestamp\":\"1549365533\",\"copyright\":\"\",\"focal_length\":\"0\",\"iso\":\"0\",\"shutter_speed\":\"0\",\"title\":\"\",\"orientation\":\"1\",\"keywords\":[\"normalni kolosijek\",\"bosanske \u017eeljeznice\",\"elektrifikacija pruga\",\"vremeplov\",\"Begov Han\"]},\"meta\":false,\"postlink\":\"https:\/\/vremeplov.ba\/2025\/pruga-normalnog-kolosijeka\/begov-han_elektrifikacija\/\"},{\"id\":21483,\"title\":\"Begov-Han-1971\",\"url\":\"https:\/\/vremeplov.ba\/2025\/wp-content\/uploads\/2025\/04\/Begov-Han-1971.jpg\",\"link\":\"https:\/\/vremeplov.ba\/2025\/pruga-normalnog-kolosijeka\/begov-han-1971\/\",\"alt\":\"\",\"description\":\"\",\"caption\":\"\",\"mime\":\"image\/jpeg\",\"type\":\"image\",\"width\":950,\"height\":680,\"sizes\":{\"full\":{\"url\":\"https:\/\/vremeplov.ba\/2025\/wp-content\/uploads\/2025\/04\/Begov-Han-1971.jpg\",\"height\":680,\"width\":950,\"orientation\":\"landscape\"}},\"imageMeta\":{\"aperture\":\"0\",\"credit\":\"Srecko\",\"camera\":\"\",\"caption\":\"\",\"created_timestamp\":\"0\",\"copyright\":\"www.vremeplov.ba\",\"focal_length\":\"0\",\"iso\":\"0\",\"shutter_speed\":\"0\",\"title\":\"\",\"orientation\":\"1\",\"keywords\":[\"\u017eeljeznica\",\"normalne pruge\",\"Bosna\",\"vremeplov\",\"istorija\",\"fotografije\",\"Begov Han\"]},\"meta\":false,\"postlink\":\"https:\/\/vremeplov.ba\/2025\/pruga-normalnog-kolosijeka\/begov-han-1971\/\"},{\"id\":21484,\"title\":\"Beograd-maj-1947-1\",\"url\":\"https:\/\/vremeplov.ba\/2025\/wp-content\/uploads\/2025\/04\/Beograd-maj-1947-1.jpg\",\"link\":\"https:\/\/vremeplov.ba\/2025\/pruga-normalnog-kolosijeka\/beograd-maj-1947-1\/\",\"alt\":\"\",\"description\":\"\",\"caption\":\"\",\"mime\":\"image\/jpeg\",\"type\":\"image\",\"width\":950,\"height\":772,\"sizes\":{\"full\":{\"url\":\"https:\/\/vremeplov.ba\/2025\/wp-content\/uploads\/2025\/04\/Beograd-maj-1947-1.jpg\",\"height\":772,\"width\":950,\"orientation\":\"landscape\"}},\"imageMeta\":{\"aperture\":\"0\",\"credit\":\"Sre\u0107ko Ignjatovi\u0107 Sarajevo BiH\",\"camera\":\"\",\"caption\":\"\",\"created_timestamp\":\"1432574702\",\"copyright\":\"www.photogalerija.com\",\"focal_length\":\"0\",\"iso\":\"0\",\"shutter_speed\":\"0\",\"title\":\"\",\"orientation\":\"1\",\"keywords\":[\"beograd, 1947, rail, \u017eeleznica, J\u017d, JZ, brigadiri, slet,\"]},\"meta\":false,\"postlink\":\"https:\/\/vremeplov.ba\/2025\/pruga-normalnog-kolosijeka\/beograd-maj-1947-1\/\"},{\"id\":21485,\"title\":\"Beograd-maj-1947-2\",\"url\":\"https:\/\/vremeplov.ba\/2025\/wp-content\/uploads\/2025\/04\/Beograd-maj-1947-2.jpg\",\"link\":\"https:\/\/vremeplov.ba\/2025\/pruga-normalnog-kolosijeka\/beograd-maj-1947-2\/\",\"alt\":\"\",\"description\":\"\",\"caption\":\"\",\"mime\":\"image\/jpeg\",\"type\":\"image\",\"width\":950,\"height\":772,\"sizes\":{\"full\":{\"url\":\"https:\/\/vremeplov.ba\/2025\/wp-content\/uploads\/2025\/04\/Beograd-maj-1947-2.jpg\",\"height\":772,\"width\":950,\"orientation\":\"landscape\"}},\"imageMeta\":{\"aperture\":\"0\",\"credit\":\"Sre\u0107ko Ignjatovi\u0107 Sarajevo BiH\",\"camera\":\"\",\"caption\":\"\",\"created_timestamp\":\"1432574702\",\"copyright\":\"www.photogalerija.com\",\"focal_length\":\"0\",\"iso\":\"0\",\"shutter_speed\":\"0\",\"title\":\"\",\"orientation\":\"1\",\"keywords\":[\"beograd, 1947, rail, \u017eeleznica, J\u017d, JZ, brigadiri, slet,\"]},\"meta\":false,\"postlink\":\"https:\/\/vremeplov.ba\/2025\/pruga-normalnog-kolosijeka\/beograd-maj-1947-2\/\"},{\"id\":21486,\"title\":\"Beograd-maj-1947-3\",\"url\":\"https:\/\/vremeplov.ba\/2025\/wp-content\/uploads\/2025\/04\/Beograd-maj-1947-3.jpg\",\"link\":\"https:\/\/vremeplov.ba\/2025\/pruga-normalnog-kolosijeka\/beograd-maj-1947-3\/\",\"alt\":\"\",\"description\":\"\",\"caption\":\"\",\"mime\":\"image\/jpeg\",\"type\":\"image\",\"width\":950,\"height\":815,\"sizes\":{\"full\":{\"url\":\"https:\/\/vremeplov.ba\/2025\/wp-content\/uploads\/2025\/04\/Beograd-maj-1947-3.jpg\",\"height\":815,\"width\":950,\"orientation\":\"landscape\"}},\"imageMeta\":{\"aperture\":\"0\",\"credit\":\"Sre\u0107ko Ignjatovi\u0107 Sarajevo BiH\",\"camera\":\"\",\"caption\":\"\",\"created_timestamp\":\"1432574702\",\"copyright\":\"www.photogalerija.com\",\"focal_length\":\"0\",\"iso\":\"0\",\"shutter_speed\":\"0\",\"title\":\"\",\"orientation\":\"1\",\"keywords\":[\"beograd, 1947, rail, \u017eeleznica, J\u017d, JZ, brigadiri, slet,\"]},\"meta\":false,\"postlink\":\"https:\/\/vremeplov.ba\/2025\/pruga-normalnog-kolosijeka\/beograd-maj-1947-3\/\"},{\"id\":21487,\"title\":\"Beograd-maj-1947-4\",\"url\":\"https:\/\/vremeplov.ba\/2025\/wp-content\/uploads\/2025\/04\/Beograd-maj-1947-4.jpg\",\"link\":\"https:\/\/vremeplov.ba\/2025\/pruga-normalnog-kolosijeka\/beograd-maj-1947-4\/\",\"alt\":\"\",\"description\":\"\",\"caption\":\"\",\"mime\":\"image\/jpeg\",\"type\":\"image\",\"width\":950,\"height\":815,\"sizes\":{\"full\":{\"url\":\"https:\/\/vremeplov.ba\/2025\/wp-content\/uploads\/2025\/04\/Beograd-maj-1947-4.jpg\",\"height\":815,\"width\":950,\"orientation\":\"landscape\"}},\"imageMeta\":{\"aperture\":\"0\",\"credit\":\"Sre\u0107ko Ignjatovi\u0107 Sarajevo BiH\",\"camera\":\"\",\"caption\":\"\",\"created_timestamp\":\"1432574702\",\"copyright\":\"www.photogalerija.com\",\"focal_length\":\"0\",\"iso\":\"0\",\"shutter_speed\":\"0\",\"title\":\"\",\"orientation\":\"1\",\"keywords\":[\"beograd, 1947, rail, \u017eeleznica, J\u017d, JZ, brigadiri, slet,\"]},\"meta\":false,\"postlink\":\"https:\/\/vremeplov.ba\/2025\/pruga-normalnog-kolosijeka\/beograd-maj-1947-4\/\"},{\"id\":21488,\"title\":\"Beograd-maj-1947-5\",\"url\":\"https:\/\/vremeplov.ba\/2025\/wp-content\/uploads\/2025\/04\/Beograd-maj-1947-5.jpg\",\"link\":\"https:\/\/vremeplov.ba\/2025\/pruga-normalnog-kolosijeka\/beograd-maj-1947-5\/\",\"alt\":\"\",\"description\":\"\",\"caption\":\"\",\"mime\":\"image\/jpeg\",\"type\":\"image\",\"width\":950,\"height\":815,\"sizes\":{\"full\":{\"url\":\"https:\/\/vremeplov.ba\/2025\/wp-content\/uploads\/2025\/04\/Beograd-maj-1947-5.jpg\",\"height\":815,\"width\":950,\"orientation\":\"landscape\"}},\"imageMeta\":{\"aperture\":\"0\",\"credit\":\"Sre\u0107ko Ignjatovi\u0107 Sarajevo BiH\",\"camera\":\"\",\"caption\":\"\",\"created_timestamp\":\"1432574702\",\"copyright\":\"www.photogalerija.com\",\"focal_length\":\"0\",\"iso\":\"0\",\"shutter_speed\":\"0\",\"title\":\"\",\"orientation\":\"1\",\"keywords\":[\"beograd, 1947, rail, \u017eeleznica, J\u017d, JZ, brigadiri, slet,\"]},\"meta\":false,\"postlink\":\"https:\/\/vremeplov.ba\/2025\/pruga-normalnog-kolosijeka\/beograd-maj-1947-5\/\"},{\"id\":21489,\"title\":\"Beograd-maj-1947-6\",\"url\":\"https:\/\/vremeplov.ba\/2025\/wp-content\/uploads\/2025\/04\/Beograd-maj-1947-6.jpg\",\"link\":\"https:\/\/vremeplov.ba\/2025\/pruga-normalnog-kolosijeka\/beograd-maj-1947-6\/\",\"alt\":\"\",\"description\":\"\",\"caption\":\"\",\"mime\":\"image\/jpeg\",\"type\":\"image\",\"width\":950,\"height\":826,\"sizes\":{\"full\":{\"url\":\"https:\/\/vremeplov.ba\/2025\/wp-content\/uploads\/2025\/04\/Beograd-maj-1947-6.jpg\",\"height\":826,\"width\":950,\"orientation\":\"landscape\"}},\"imageMeta\":{\"aperture\":\"0\",\"credit\":\"Sre\u0107ko Ignjatovi\u0107 Sarajevo BiH\",\"camera\":\"\",\"caption\":\"\",\"created_timestamp\":\"1432574702\",\"copyright\":\"www.photogalerija.com\",\"focal_length\":\"0\",\"iso\":\"0\",\"shutter_speed\":\"0\",\"title\":\"\",\"orientation\":\"1\",\"keywords\":[\"beograd, 1947, rail, \u017eeleznica, J\u017d, JZ, brigadiri, slet,\"]},\"meta\":false,\"postlink\":\"https:\/\/vremeplov.ba\/2025\/pruga-normalnog-kolosijeka\/beograd-maj-1947-6\/\"},{\"id\":21490,\"title\":\"Beograd-maj-1947-7\",\"url\":\"https:\/\/vremeplov.ba\/2025\/wp-content\/uploads\/2025\/04\/Beograd-maj-1947-7.jpg\",\"link\":\"https:\/\/vremeplov.ba\/2025\/pruga-normalnog-kolosijeka\/beograd-maj-1947-7\/\",\"alt\":\"\",\"description\":\"\",\"caption\":\"\",\"mime\":\"image\/jpeg\",\"type\":\"image\",\"width\":950,\"height\":826,\"sizes\":{\"full\":{\"url\":\"https:\/\/vremeplov.ba\/2025\/wp-content\/uploads\/2025\/04\/Beograd-maj-1947-7.jpg\",\"height\":826,\"width\":950,\"orientation\":\"landscape\"}},\"imageMeta\":{\"aperture\":\"0\",\"credit\":\"Sre\u0107ko Ignjatovi\u0107 Sarajevo BiH\",\"camera\":\"\",\"caption\":\"\",\"created_timestamp\":\"1432574702\",\"copyright\":\"www.photogalerija.com\",\"focal_length\":\"0\",\"iso\":\"0\",\"shutter_speed\":\"0\",\"title\":\"\",\"orientation\":\"1\",\"keywords\":[\"beograd, 1947, rail, \u017eeleznica, J\u017d, JZ, brigadiri, slet,\"]},\"meta\":false,\"postlink\":\"https:\/\/vremeplov.ba\/2025\/pruga-normalnog-kolosijeka\/beograd-maj-1947-7\/\"},{\"id\":21491,\"title\":\"Bihac_1924\",\"url\":\"https:\/\/vremeplov.ba\/2025\/wp-content\/uploads\/2025\/04\/Bihac_1924.jpg\",\"link\":\"https:\/\/vremeplov.ba\/2025\/pruga-normalnog-kolosijeka\/bihac_1924\/\",\"alt\":\"\",\"description\":\"\",\"caption\":\"\",\"mime\":\"image\/jpeg\",\"type\":\"image\",\"width\":950,\"height\":623,\"sizes\":{\"full\":{\"url\":\"https:\/\/vremeplov.ba\/2025\/wp-content\/uploads\/2025\/04\/Bihac_1924.jpg\",\"height\":623,\"width\":950,\"orientation\":\"landscape\"}},\"imageMeta\":{\"aperture\":\"0\",\"credit\":\"Sre\u0107ko Ignjatovi\u0107 Sarajevo BiH\",\"camera\":\"\",\"caption\":\"\",\"created_timestamp\":\"0\",\"copyright\":\"www.photogalerija.com\",\"focal_length\":\"0\",\"iso\":\"0\",\"shutter_speed\":\"0\",\"title\":\"\",\"orientation\":\"1\",\"keywords\":[\"uzani kolosijek\",\"uzana pruga\",\"uskotra\u010dna pruga\",\"\u017eeljeznica u bosni\",\"uzana pruga u bosni\"]},\"meta\":false,\"postlink\":\"https:\/\/vremeplov.ba\/2025\/pruga-normalnog-kolosijeka\/bihac_1924\/\"},{\"id\":21492,\"title\":\"Bihac_lozionica\",\"url\":\"https:\/\/vremeplov.ba\/2025\/wp-content\/uploads\/2025\/04\/Bihac_lozionica.jpg\",\"link\":\"https:\/\/vremeplov.ba\/2025\/pruga-normalnog-kolosijeka\/bihac_lozionica\/\",\"alt\":\"\",\"description\":\"\",\"caption\":\"\",\"mime\":\"image\/jpeg\",\"type\":\"image\",\"width\":950,\"height\":631,\"sizes\":{\"full\":{\"url\":\"https:\/\/vremeplov.ba\/2025\/wp-content\/uploads\/2025\/04\/Bihac_lozionica.jpg\",\"height\":631,\"width\":950,\"orientation\":\"landscape\"}},\"imageMeta\":{\"aperture\":\"0\",\"credit\":\"Sre\u0107ko Ignjatovi\u0107 Sarajevo BiH\",\"camera\":\"\",\"caption\":\"\",\"created_timestamp\":\"0\",\"copyright\":\"www.photogalerija.com\",\"focal_length\":\"0\",\"iso\":\"0\",\"shutter_speed\":\"0\",\"title\":\"\",\"orientation\":\"1\",\"keywords\":[\"Normalni kolosijek\",\"mostar\",\"konjic\",\"biha\u0107\",\"izgradnja\"]},\"meta\":false,\"postlink\":\"https:\/\/vremeplov.ba\/2025\/pruga-normalnog-kolosijeka\/bihac_lozionica\/\"},{\"id\":21493,\"title\":\"Bihac_Mediteran_Expres\",\"url\":\"https:\/\/vremeplov.ba\/2025\/wp-content\/uploads\/2025\/04\/Bihac_Mediteran_Expres.jpg\",\"link\":\"https:\/\/vremeplov.ba\/2025\/pruga-normalnog-kolosijeka\/bihac_mediteran_expres\/\",\"alt\":\"\",\"description\":\"\",\"caption\":\"\",\"mime\":\"image\/jpeg\",\"type\":\"image\",\"width\":950,\"height\":690,\"sizes\":{\"full\":{\"url\":\"https:\/\/vremeplov.ba\/2025\/wp-content\/uploads\/2025\/04\/Bihac_Mediteran_Expres.jpg\",\"height\":690,\"width\":950,\"orientation\":\"landscape\"}},\"imageMeta\":{\"aperture\":\"0\",\"credit\":\"Sre\u0107ko Ignjatovi\u0107 Sarajevo BiH\",\"camera\":\"\",\"caption\":\"\",\"created_timestamp\":\"0\",\"copyright\":\"www.photogalerija.com\",\"focal_length\":\"0\",\"iso\":\"0\",\"shutter_speed\":\"0\",\"title\":\"\",\"orientation\":\"1\",\"keywords\":[\"Bihac, mediteran, expres, rail, train, zug,\"]},\"meta\":false,\"postlink\":\"https:\/\/vremeplov.ba\/2025\/pruga-normalnog-kolosijeka\/bihac_mediteran_expres\/\"},{\"id\":21494,\"title\":\"Bihac_prvi_voz\",\"url\":\"https:\/\/vremeplov.ba\/2025\/wp-content\/uploads\/2025\/04\/Bihac_prvi_voz.jpg\",\"link\":\"https:\/\/vremeplov.ba\/2025\/pruga-normalnog-kolosijeka\/bihac_prvi_voz\/\",\"alt\":\"\",\"description\":\"\",\"caption\":\"\",\"mime\":\"image\/jpeg\",\"type\":\"image\",\"width\":950,\"height\":618,\"sizes\":{\"full\":{\"url\":\"https:\/\/vremeplov.ba\/2025\/wp-content\/uploads\/2025\/04\/Bihac_prvi_voz.jpg\",\"height\":618,\"width\":950,\"orientation\":\"landscape\"}},\"imageMeta\":{\"aperture\":\"0\",\"credit\":\"Srecko Ignjatovic, Sarajevo\",\"camera\":\"\",\"caption\":\"\",\"created_timestamp\":\"0\",\"copyright\":\"www.vremeplov.ba\",\"focal_length\":\"0\",\"iso\":\"0\",\"shutter_speed\":\"0\",\"title\":\"\",\"orientation\":\"1\",\"keywords\":[\"Biha\u0107\",\"prvi\",\"voz\",\"pruge\",\"\u017eeljeznica\",\"Unska\",\"pruga\",\"vremeplov\"]},\"meta\":false,\"postlink\":\"https:\/\/vremeplov.ba\/2025\/pruga-normalnog-kolosijeka\/bihac_prvi_voz\/\"},{\"id\":21495,\"title\":\"Bihac_st\",\"url\":\"https:\/\/vremeplov.ba\/2025\/wp-content\/uploads\/2025\/04\/Bihac_st.jpg\",\"link\":\"https:\/\/vremeplov.ba\/2025\/pruga-normalnog-kolosijeka\/bihac_st\/\",\"alt\":\"\",\"description\":\"\",\"caption\":\"\",\"mime\":\"image\/jpeg\",\"type\":\"image\",\"width\":950,\"height\":607,\"sizes\":{\"full\":{\"url\":\"https:\/\/vremeplov.ba\/2025\/wp-content\/uploads\/2025\/04\/Bihac_st.jpg\",\"height\":607,\"width\":950,\"orientation\":\"landscape\"}},\"imageMeta\":{\"aperture\":\"0\",\"credit\":\"Srecko Ignjatovic, Sarajevo, BiH\",\"camera\":\"\",\"caption\":\"\",\"created_timestamp\":\"1486314942\",\"copyright\":\"www.vremeplov.ba\",\"focal_length\":\"0\",\"iso\":\"0\",\"shutter_speed\":\"0\",\"title\":\"\",\"orientation\":\"1\",\"keywords\":[\"normalni kolosijek\",\"\u017eeljeznica\",\"vozovi\",\"vremeplov\",\"stanice\",\"\u0161ine\",\"remont\",\"Bihac\"]},\"meta\":false,\"postlink\":\"https:\/\/vremeplov.ba\/2025\/pruga-normalnog-kolosijeka\/bihac_st\/\"},{\"id\":21496,\"title\":\"Bihac-proslava-1\",\"url\":\"https:\/\/vremeplov.ba\/2025\/wp-content\/uploads\/2025\/04\/Bihac-proslava-1.jpg\",\"link\":\"https:\/\/vremeplov.ba\/2025\/pruga-normalnog-kolosijeka\/bihac-proslava-1\/\",\"alt\":\"\",\"description\":\"\",\"caption\":\"\",\"mime\":\"image\/jpeg\",\"type\":\"image\",\"width\":950,\"height\":685,\"sizes\":{\"full\":{\"url\":\"https:\/\/vremeplov.ba\/2025\/wp-content\/uploads\/2025\/04\/Bihac-proslava-1.jpg\",\"height\":685,\"width\":950,\"orientation\":\"landscape\"}},\"imageMeta\":{\"aperture\":\"0\",\"credit\":\"\",\"camera\":\"HP Scanjet 2400\",\"caption\":\"\",\"created_timestamp\":\"0\",\"copyright\":\"\",\"focal_length\":\"0\",\"iso\":\"0\",\"shutter_speed\":\"0\",\"title\":\"\",\"orientation\":\"1\",\"keywords\":[\"Bihac\",\"Kulen Vakuf\",\"elektrifikacija pruge\",\"vremeplov\",\"Mediteran Ekspres\",\"Francuz J\u017d 7021\"]},\"meta\":false,\"postlink\":\"https:\/\/vremeplov.ba\/2025\/pruga-normalnog-kolosijeka\/bihac-proslava-1\/\"},{\"id\":21497,\"title\":\"Bihac-proslava-2\",\"url\":\"https:\/\/vremeplov.ba\/2025\/wp-content\/uploads\/2025\/04\/Bihac-proslava-2.jpg\",\"link\":\"https:\/\/vremeplov.ba\/2025\/pruga-normalnog-kolosijeka\/bihac-proslava-2\/\",\"alt\":\"\",\"description\":\"\",\"caption\":\"\",\"mime\":\"image\/jpeg\",\"type\":\"image\",\"width\":950,\"height\":664,\"sizes\":{\"full\":{\"url\":\"https:\/\/vremeplov.ba\/2025\/wp-content\/uploads\/2025\/04\/Bihac-proslava-2.jpg\",\"height\":664,\"width\":950,\"orientation\":\"landscape\"}},\"imageMeta\":{\"aperture\":\"0\",\"credit\":\"\",\"camera\":\"HP Scanjet 2400\",\"caption\":\"\",\"created_timestamp\":\"0\",\"copyright\":\"\",\"focal_length\":\"0\",\"iso\":\"0\",\"shutter_speed\":\"0\",\"title\":\"\",\"orientation\":\"1\",\"keywords\":[\"Bihac\",\"Kulen Vakuf\",\"elektrifikacija pruge\",\"vremeplov\",\"Mediteran Ekspres\",\"Francuz J\u017d 7021\"]},\"meta\":false,\"postlink\":\"https:\/\/vremeplov.ba\/2025\/pruga-normalnog-kolosijeka\/bihac-proslava-2\/\"},{\"id\":21498,\"title\":\"Bihac-proslava-3\",\"url\":\"https:\/\/vremeplov.ba\/2025\/wp-content\/uploads\/2025\/04\/Bihac-proslava-3.jpg\",\"link\":\"https:\/\/vremeplov.ba\/2025\/pruga-normalnog-kolosijeka\/bihac-proslava-3\/\",\"alt\":\"\",\"description\":\"\",\"caption\":\"\",\"mime\":\"image\/jpeg\",\"type\":\"image\",\"width\":950,\"height\":656,\"sizes\":{\"full\":{\"url\":\"https:\/\/vremeplov.ba\/2025\/wp-content\/uploads\/2025\/04\/Bihac-proslava-3.jpg\",\"height\":656,\"width\":950,\"orientation\":\"landscape\"}},\"imageMeta\":{\"aperture\":\"0\",\"credit\":\"\",\"camera\":\"HP Scanjet 2400\",\"caption\":\"\",\"created_timestamp\":\"0\",\"copyright\":\"\",\"focal_length\":\"0\",\"iso\":\"0\",\"shutter_speed\":\"0\",\"title\":\"\",\"orientation\":\"1\",\"keywords\":[\"Bihac\",\"Kulen Vakuf\",\"elektrifikacija pruge\",\"vremeplov\",\"Mediteran Ekspres\",\"Francuz J\u017d 7021\"]},\"meta\":false,\"postlink\":\"https:\/\/vremeplov.ba\/2025\/pruga-normalnog-kolosijeka\/bihac-proslava-3\/\"},{\"id\":21499,\"title\":\"Bihac-proslava-4\",\"url\":\"https:\/\/vremeplov.ba\/2025\/wp-content\/uploads\/2025\/04\/Bihac-proslava-4.jpg\",\"link\":\"https:\/\/vremeplov.ba\/2025\/pruga-normalnog-kolosijeka\/bihac-proslava-4\/\",\"alt\":\"\",\"description\":\"\",\"caption\":\"\",\"mime\":\"image\/jpeg\",\"type\":\"image\",\"width\":950,\"height\":678,\"sizes\":{\"full\":{\"url\":\"https:\/\/vremeplov.ba\/2025\/wp-content\/uploads\/2025\/04\/Bihac-proslava-4.jpg\",\"height\":678,\"width\":950,\"orientation\":\"landscape\"}},\"imageMeta\":{\"aperture\":\"0\",\"credit\":\"\",\"camera\":\"HP Scanjet 2400\",\"caption\":\"\",\"created_timestamp\":\"0\",\"copyright\":\"\",\"focal_length\":\"0\",\"iso\":\"0\",\"shutter_speed\":\"0\",\"title\":\"\",\"orientation\":\"1\",\"keywords\":[\"Bihac\",\"Kulen Vakuf\",\"elektrifikacija pruge\",\"vremeplov\",\"Mediteran Ekspres\",\"Francuz J\u017d 7021\"]},\"meta\":false,\"postlink\":\"https:\/\/vremeplov.ba\/2025\/pruga-normalnog-kolosijeka\/bihac-proslava-4\/\"},{\"id\":21500,\"title\":\"BL_normalni_kolosijek\",\"url\":\"https:\/\/vremeplov.ba\/2025\/wp-content\/uploads\/2025\/04\/BL_normalni_kolosijek.jpg\",\"link\":\"https:\/\/vremeplov.ba\/2025\/pruga-normalnog-kolosijeka\/bl_normalni_kolosijek\/\",\"alt\":\"\",\"description\":\"\",\"caption\":\"\",\"mime\":\"image\/jpeg\",\"type\":\"image\",\"width\":950,\"height\":597,\"sizes\":{\"full\":{\"url\":\"https:\/\/vremeplov.ba\/2025\/wp-content\/uploads\/2025\/04\/BL_normalni_kolosijek.jpg\",\"height\":597,\"width\":950,\"orientation\":\"landscape\"}},\"imageMeta\":{\"aperture\":\"0\",\"credit\":\"Sre\u0107ko Ignjatovi\u0107 Sarajevo BiH\",\"camera\":\"\",\"caption\":\"\",\"created_timestamp\":\"0\",\"copyright\":\"www.photogalerija.com\",\"focal_length\":\"0\",\"iso\":\"0\",\"shutter_speed\":\"0\",\"title\":\"\",\"orientation\":\"1\",\"keywords\":[\"Normalni kolosijek\",\"mostar\",\"konjic\",\"biha\u0107\",\"izgradnja\"]},\"meta\":false,\"postlink\":\"https:\/\/vremeplov.ba\/2025\/pruga-normalnog-kolosijeka\/bl_normalni_kolosijek\/\"},{\"id\":21501,\"title\":\"Blazuj\",\"url\":\"https:\/\/vremeplov.ba\/2025\/wp-content\/uploads\/2025\/04\/Blazuj.jpg\",\"link\":\"https:\/\/vremeplov.ba\/2025\/pruga-normalnog-kolosijeka\/blazuj\/\",\"alt\":\"\",\"description\":\"\",\"caption\":\"\",\"mime\":\"image\/jpeg\",\"type\":\"image\",\"width\":950,\"height\":722,\"sizes\":{\"full\":{\"url\":\"https:\/\/vremeplov.ba\/2025\/wp-content\/uploads\/2025\/04\/Blazuj.jpg\",\"height\":722,\"width\":950,\"orientation\":\"landscape\"}},\"imageMeta\":{\"aperture\":\"0\",\"credit\":\"Sre\u0107ko Ignjatovi\u0107 Sarajevo BiH\",\"camera\":\"\",\"caption\":\"\",\"created_timestamp\":\"0\",\"copyright\":\"www.photogalerija.com\",\"focal_length\":\"0\",\"iso\":\"0\",\"shutter_speed\":\"0\",\"title\":\"\",\"orientation\":\"1\",\"keywords\":[\"normalni-kolosijek\"]},\"meta\":false,\"postlink\":\"https:\/\/vremeplov.ba\/2025\/pruga-normalnog-kolosijeka\/blazuj\/\"},{\"id\":21502,\"title\":\"Blazuj_441\",\"url\":\"https:\/\/vremeplov.ba\/2025\/wp-content\/uploads\/2025\/04\/Blazuj_441.jpg\",\"link\":\"https:\/\/vremeplov.ba\/2025\/pruga-normalnog-kolosijeka\/blazuj_441\/\",\"alt\":\"\",\"description\":\"\",\"caption\":\"\",\"mime\":\"image\/jpeg\",\"type\":\"image\",\"width\":950,\"height\":626,\"sizes\":{\"full\":{\"url\":\"https:\/\/vremeplov.ba\/2025\/wp-content\/uploads\/2025\/04\/Blazuj_441.jpg\",\"height\":626,\"width\":950,\"orientation\":\"landscape\"}},\"imageMeta\":{\"aperture\":\"0\",\"credit\":\"Srecko Ignjatovic, Sarajevo, BiH\",\"camera\":\"HP Scanjet 2400\",\"caption\":\"\",\"created_timestamp\":\"0\",\"copyright\":\"www.vremeplov.ba\",\"focal_length\":\"0\",\"iso\":\"0\",\"shutter_speed\":\"0\",\"title\":\"\",\"orientation\":\"1\",\"keywords\":[\"normalni kolosijek\",\"pruge\",\"\u017eeljeznica\",\"vremeplov\",\"jugoslovenske\",\"BH Voz\",\"Bla\u017euj\"]},\"meta\":false,\"postlink\":\"https:\/\/vremeplov.ba\/2025\/pruga-normalnog-kolosijeka\/blazuj_441\/\"},{\"id\":21503,\"title\":\"Blazuj_normal\",\"url\":\"https:\/\/vremeplov.ba\/2025\/wp-content\/uploads\/2025\/04\/Blazuj_normal.jpg\",\"link\":\"https:\/\/vremeplov.ba\/2025\/pruga-normalnog-kolosijeka\/blazuj_normal\/\",\"alt\":\"\",\"description\":\"\",\"caption\":\"\",\"mime\":\"image\/jpeg\",\"type\":\"image\",\"width\":950,\"height\":602,\"sizes\":{\"full\":{\"url\":\"https:\/\/vremeplov.ba\/2025\/wp-content\/uploads\/2025\/04\/Blazuj_normal.jpg\",\"height\":602,\"width\":950,\"orientation\":\"landscape\"}},\"imageMeta\":{\"aperture\":\"1.9\",\"credit\":\"Srecko Ignjatovic, Sarajevo, BiH\",\"camera\":\"SM-J500FN\",\"caption\":\"\",\"created_timestamp\":\"1478718824\",\"copyright\":\"www.vremeplov.ba\",\"focal_length\":\"3.7\",\"iso\":\"200\",\"shutter_speed\":\"0.058823529411765\",\"title\":\"\",\"orientation\":\"1\",\"keywords\":[\"\u017eeljeznice\",\"Plo\u010de\",\"Sarajevo\",\"uzani kolosijek\",\"uzani\"]},\"meta\":false,\"postlink\":\"https:\/\/vremeplov.ba\/2025\/pruga-normalnog-kolosijeka\/blazuj_normal\/\"},{\"id\":21504,\"title\":\"Blazuj-kod-Sarajeva\",\"url\":\"https:\/\/vremeplov.ba\/2025\/wp-content\/uploads\/2025\/04\/Blazuj-kod-Sarajeva.jpg\",\"link\":\"https:\/\/vremeplov.ba\/2025\/pruga-normalnog-kolosijeka\/blazuj-kod-sarajeva\/\",\"alt\":\"\",\"description\":\"\",\"caption\":\"\",\"mime\":\"image\/jpeg\",\"type\":\"image\",\"width\":950,\"height\":690,\"sizes\":{\"full\":{\"url\":\"https:\/\/vremeplov.ba\/2025\/wp-content\/uploads\/2025\/04\/Blazuj-kod-Sarajeva.jpg\",\"height\":690,\"width\":950,\"orientation\":\"landscape\"}},\"imageMeta\":{\"aperture\":\"0\",\"credit\":\"\",\"camera\":\"\",\"caption\":\"\",\"created_timestamp\":\"0\",\"copyright\":\"\",\"focal_length\":\"0\",\"iso\":\"0\",\"shutter_speed\":\"0\",\"title\":\"\",\"orientation\":\"1\",\"keywords\":[]},\"meta\":false,\"postlink\":\"https:\/\/vremeplov.ba\/2025\/pruga-normalnog-kolosijeka\/blazuj-kod-sarajeva\/\"},{\"id\":21505,\"title\":\"Borovnica\",\"url\":\"https:\/\/vremeplov.ba\/2025\/wp-content\/uploads\/2025\/04\/Borovnica.jpg\",\"link\":\"https:\/\/vremeplov.ba\/2025\/pruga-normalnog-kolosijeka\/borovnica\/\",\"alt\":\"\",\"description\":\"\",\"caption\":\"\",\"mime\":\"image\/jpeg\",\"type\":\"image\",\"width\":950,\"height\":724,\"sizes\":{\"full\":{\"url\":\"https:\/\/vremeplov.ba\/2025\/wp-content\/uploads\/2025\/04\/Borovnica.jpg\",\"height\":724,\"width\":950,\"orientation\":\"landscape\"}},\"imageMeta\":{\"aperture\":\"0\",\"credit\":\"\",\"camera\":\"\",\"caption\":\"\",\"created_timestamp\":\"0\",\"copyright\":\"\",\"focal_length\":\"0\",\"iso\":\"0\",\"shutter_speed\":\"0\",\"title\":\"\",\"orientation\":\"1\",\"keywords\":[]},\"meta\":false,\"postlink\":\"https:\/\/vremeplov.ba\/2025\/pruga-normalnog-kolosijeka\/borovnica\/\"},{\"id\":21506,\"title\":\"Bos.Krupa_\",\"url\":\"https:\/\/vremeplov.ba\/2025\/wp-content\/uploads\/2025\/04\/Bos.Krupa_.jpg\",\"link\":\"https:\/\/vremeplov.ba\/2025\/pruga-normalnog-kolosijeka\/bos-krupa_\/\",\"alt\":\"\",\"description\":\"\",\"caption\":\"??????????????????????????????\",\"mime\":\"image\/jpeg\",\"type\":\"image\",\"width\":950,\"height\":837,\"sizes\":{\"full\":{\"url\":\"https:\/\/vremeplov.ba\/2025\/wp-content\/uploads\/2025\/04\/Bos.Krupa_.jpg\",\"height\":837,\"width\":950,\"orientation\":\"landscape\"}},\"imageMeta\":{\"aperture\":\"0\",\"credit\":\"Sre\u0107ko Ignjatovi\u0107 Sarajevo BiH\",\"camera\":\"\",\"caption\":\"??????????????????????????????\",\"created_timestamp\":\"0\",\"copyright\":\"www.photogalerija.com\",\"focal_length\":\"0\",\"iso\":\"0\",\"shutter_speed\":\"0\",\"title\":\"\",\"orientation\":\"1\",\"keywords\":[\"Uzana, uskotra\u010dna, pruga, 0,76m,\"]},\"meta\":false,\"postlink\":\"https:\/\/vremeplov.ba\/2025\/pruga-normalnog-kolosijeka\/bos-krupa_\/\"},{\"id\":21507,\"title\":\"Bos_suvo_polje_usp.\",\"url\":\"https:\/\/vremeplov.ba\/2025\/wp-content\/uploads\/2025\/04\/Bos_suvo_polje_usp.jpg\",\"link\":\"https:\/\/vremeplov.ba\/2025\/pruga-normalnog-kolosijeka\/bos_suvo_polje_usp\/\",\"alt\":\"\",\"description\":\"\",\"caption\":\"\",\"mime\":\"image\/jpeg\",\"type\":\"image\",\"width\":950,\"height\":670,\"sizes\":{\"full\":{\"url\":\"https:\/\/vremeplov.ba\/2025\/wp-content\/uploads\/2025\/04\/Bos_suvo_polje_usp.jpg\",\"height\":670,\"width\":950,\"orientation\":\"landscape\"}},\"imageMeta\":{\"aperture\":\"0\",\"credit\":\"Srecko Ignjatovic, Sarajevo\",\"camera\":\"\",\"caption\":\"\",\"created_timestamp\":\"0\",\"copyright\":\"www.vremeplov.ba\",\"focal_length\":\"0\",\"iso\":\"0\",\"shutter_speed\":\"0\",\"title\":\"\",\"orientation\":\"1\",\"keywords\":[\"\u017eeljeznice\",\"pruge\",\"bosna\",\"stanica\",\"elektromotori\",\"vremeplov\",\"Bosansko Suvo Polje\"]},\"meta\":false,\"postlink\":\"https:\/\/vremeplov.ba\/2025\/pruga-normalnog-kolosijeka\/bos_suvo_polje_usp\/\"},{\"id\":21508,\"title\":\"Bosanska_Krupa\",\"url\":\"https:\/\/vremeplov.ba\/2025\/wp-content\/uploads\/2025\/04\/Bosanska_Krupa.jpg\",\"link\":\"https:\/\/vremeplov.ba\/2025\/pruga-normalnog-kolosijeka\/bosanska_krupa\/\",\"alt\":\"\",\"description\":\"\",\"caption\":\"\",\"mime\":\"image\/jpeg\",\"type\":\"image\",\"width\":950,\"height\":481,\"sizes\":{\"full\":{\"url\":\"https:\/\/vremeplov.ba\/2025\/wp-content\/uploads\/2025\/04\/Bosanska_Krupa.jpg\",\"height\":481,\"width\":950,\"orientation\":\"landscape\"}},\"imageMeta\":{\"aperture\":\"0\",\"credit\":\"\",\"camera\":\"\",\"caption\":\"\",\"created_timestamp\":\"0\",\"copyright\":\"www.vremeplov.ba\",\"focal_length\":\"0\",\"iso\":\"0\",\"shutter_speed\":\"0\",\"title\":\"\",\"orientation\":\"1\",\"keywords\":[\"Bosanska\",\"Krupa\",\"vozovi\",\"pruga\",\"Unska\",\"vremeplov\"]},\"meta\":false,\"postlink\":\"https:\/\/vremeplov.ba\/2025\/pruga-normalnog-kolosijeka\/bosanska_krupa\/\"},{\"id\":21509,\"title\":\"Bosanska_Krupa_Otoka\",\"url\":\"https:\/\/vremeplov.ba\/2025\/wp-content\/uploads\/2025\/04\/Bosanska_Krupa_Otoka.jpg\",\"link\":\"https:\/\/vremeplov.ba\/2025\/pruga-normalnog-kolosijeka\/bosanska_krupa_otoka\/\",\"alt\":\"\",\"description\":\"\",\"caption\":\"\",\"mime\":\"image\/jpeg\",\"type\":\"image\",\"width\":950,\"height\":591,\"sizes\":{\"full\":{\"url\":\"https:\/\/vremeplov.ba\/2025\/wp-content\/uploads\/2025\/04\/Bosanska_Krupa_Otoka.jpg\",\"height\":591,\"width\":950,\"orientation\":\"landscape\"}},\"imageMeta\":{\"aperture\":\"0\",\"credit\":\"Sre\u0107ko Ignjatovi\u0107 Sarajevo BiH\",\"camera\":\"\",\"caption\":\"\",\"created_timestamp\":\"0\",\"copyright\":\"www.photogalerija.com\",\"focal_length\":\"0\",\"iso\":\"0\",\"shutter_speed\":\"0\",\"title\":\"\",\"orientation\":\"1\",\"keywords\":[\"normalni-kolosijek\"]},\"meta\":false,\"postlink\":\"https:\/\/vremeplov.ba\/2025\/pruga-normalnog-kolosijeka\/bosanska_krupa_otoka\/\"},{\"id\":21510,\"title\":\"Bosanska_Krupa_stanica\",\"url\":\"https:\/\/vremeplov.ba\/2025\/wp-content\/uploads\/2025\/04\/Bosanska_Krupa_stanica.jpg\",\"link\":\"https:\/\/vremeplov.ba\/2025\/pruga-normalnog-kolosijeka\/bosanska_krupa_stanica\/\",\"alt\":\"\",\"description\":\"\",\"caption\":\"\",\"mime\":\"image\/jpeg\",\"type\":\"image\",\"width\":950,\"height\":661,\"sizes\":{\"full\":{\"url\":\"https:\/\/vremeplov.ba\/2025\/wp-content\/uploads\/2025\/04\/Bosanska_Krupa_stanica.jpg\",\"height\":661,\"width\":950,\"orientation\":\"landscape\"}},\"imageMeta\":{\"aperture\":\"0\",\"credit\":\"Srecko\",\"camera\":\"HP Scanjet 2400\",\"caption\":\"\",\"created_timestamp\":\"0\",\"copyright\":\"www.vremeplov.ba\",\"focal_length\":\"0\",\"iso\":\"0\",\"shutter_speed\":\"0\",\"title\":\"\",\"orientation\":\"1\",\"keywords\":[\"Sarajevo\",\"stanica\",\"vozovi\",\"putnici\",\"\u017eeljeznica\",\"kolosijek\",\"saobra\u0107aj\",\"vremeplov\",\"Bosanska Krupa\"]},\"meta\":false,\"postlink\":\"https:\/\/vremeplov.ba\/2025\/pruga-normalnog-kolosijeka\/bosanska_krupa_stanica\/\"},{\"id\":21511,\"title\":\"Bosanska_Krupa_udes\",\"url\":\"https:\/\/vremeplov.ba\/2025\/wp-content\/uploads\/2025\/04\/Bosanska_Krupa_udes.jpg\",\"link\":\"https:\/\/vremeplov.ba\/2025\/pruga-normalnog-kolosijeka\/bosanska_krupa_udes\/\",\"alt\":\"\",\"description\":\"\",\"caption\":\"\",\"mime\":\"image\/jpeg\",\"type\":\"image\",\"width\":950,\"height\":607,\"sizes\":{\"full\":{\"url\":\"https:\/\/vremeplov.ba\/2025\/wp-content\/uploads\/2025\/04\/Bosanska_Krupa_udes.jpg\",\"height\":607,\"width\":950,\"orientation\":\"landscape\"}},\"imageMeta\":{\"aperture\":\"0\",\"credit\":\"Srecko Ignjatovic, Sarajevo, BiH\",\"camera\":\"\",\"caption\":\"\",\"created_timestamp\":\"0\",\"copyright\":\"www.vremeplov.ba\",\"focal_length\":\"0\",\"iso\":\"0\",\"shutter_speed\":\"0\",\"title\":\"\",\"orientation\":\"1\",\"keywords\":[\"Bosanska Krupa\",\"udes\",\"putni prelaz\",\"\u017eeljeznica\",\"lokomotiva\"]},\"meta\":false,\"postlink\":\"https:\/\/vremeplov.ba\/2025\/pruga-normalnog-kolosijeka\/bosanska_krupa_udes\/\"},{\"id\":21512,\"title\":\"Bosanska_Krupa_vagoni\",\"url\":\"https:\/\/vremeplov.ba\/2025\/wp-content\/uploads\/2025\/04\/Bosanska_Krupa_vagoni.jpg\",\"link\":\"https:\/\/vremeplov.ba\/2025\/pruga-normalnog-kolosijeka\/bosanska_krupa_vagoni\/\",\"alt\":\"\",\"description\":\"\",\"caption\":\"\",\"mime\":\"image\/jpeg\",\"type\":\"image\",\"width\":950,\"height\":636,\"sizes\":{\"full\":{\"url\":\"https:\/\/vremeplov.ba\/2025\/wp-content\/uploads\/2025\/04\/Bosanska_Krupa_vagoni.jpg\",\"height\":636,\"width\":950,\"orientation\":\"landscape\"}},\"imageMeta\":{\"aperture\":\"0\",\"credit\":\"\",\"camera\":\"HP Scanjet 2400\",\"caption\":\"\",\"created_timestamp\":\"0\",\"copyright\":\"\",\"focal_length\":\"0\",\"iso\":\"0\",\"shutter_speed\":\"0\",\"title\":\"\",\"orientation\":\"1\",\"keywords\":[\"Bosanska Krupa\"]},\"meta\":false,\"postlink\":\"https:\/\/vremeplov.ba\/2025\/pruga-normalnog-kolosijeka\/bosanska_krupa_vagoni\/\"},{\"id\":21513,\"title\":\"Bosanska-Krupa\",\"url\":\"https:\/\/vremeplov.ba\/2025\/wp-content\/uploads\/2025\/04\/Bosanska-Krupa.jpg\",\"link\":\"https:\/\/vremeplov.ba\/2025\/pruga-normalnog-kolosijeka\/bosanska-krupa\/\",\"alt\":\"\",\"description\":\"\",\"caption\":\"\",\"mime\":\"image\/jpeg\",\"type\":\"image\",\"width\":950,\"height\":680,\"sizes\":{\"full\":{\"url\":\"https:\/\/vremeplov.ba\/2025\/wp-content\/uploads\/2025\/04\/Bosanska-Krupa.jpg\",\"height\":680,\"width\":950,\"orientation\":\"landscape\"}},\"imageMeta\":{\"aperture\":\"0\",\"credit\":\"Srecko\",\"camera\":\"\",\"caption\":\"\",\"created_timestamp\":\"1439220089\",\"copyright\":\"www.photogalerija.com\",\"focal_length\":\"0\",\"iso\":\"0\",\"shutter_speed\":\"0\",\"title\":\"\",\"orientation\":\"1\",\"keywords\":[\"Krupa , elektrifikacija , stanica ,\"]},\"meta\":false,\"postlink\":\"https:\/\/vremeplov.ba\/2025\/pruga-normalnog-kolosijeka\/bosanska-krupa\/\"},{\"id\":21514,\"title\":\"Bosanska-Krupa-udes\",\"url\":\"https:\/\/vremeplov.ba\/2025\/wp-content\/uploads\/2025\/04\/Bosanska-Krupa-udes.jpg\",\"link\":\"https:\/\/vremeplov.ba\/2025\/pruga-normalnog-kolosijeka\/bosanska-krupa-udes\/\",\"alt\":\"\",\"description\":\"\",\"caption\":\"\",\"mime\":\"image\/jpeg\",\"type\":\"image\",\"width\":950,\"height\":632,\"sizes\":{\"full\":{\"url\":\"https:\/\/vremeplov.ba\/2025\/wp-content\/uploads\/2025\/04\/Bosanska-Krupa-udes.jpg\",\"height\":632,\"width\":950,\"orientation\":\"landscape\"}},\"imageMeta\":{\"aperture\":\"0\",\"credit\":\"Srecko Ignjatovic, Sarajevo, BiH\",\"camera\":\"\",\"caption\":\"\",\"created_timestamp\":\"0\",\"copyright\":\"www.photogalerija.com\",\"focal_length\":\"0\",\"iso\":\"0\",\"shutter_speed\":\"0\",\"title\":\"\",\"orientation\":\"1\",\"keywords\":[\"normalni kolosijek\",\"Sarajevo, Tuzla\",\"Zenica\",\"Doboj\",\"\u017ditomisli\u0107i\"]},\"meta\":false,\"postlink\":\"https:\/\/vremeplov.ba\/2025\/pruga-normalnog-kolosijeka\/bosanska-krupa-udes\/\"},{\"id\":21515,\"title\":\"Bosanski_Novi\",\"url\":\"https:\/\/vremeplov.ba\/2025\/wp-content\/uploads\/2025\/04\/Bosanski_Novi.jpg\",\"link\":\"https:\/\/vremeplov.ba\/2025\/pruga-normalnog-kolosijeka\/bosanski_novi\/\",\"alt\":\"\",\"description\":\"\",\"caption\":\"\",\"mime\":\"image\/jpeg\",\"type\":\"image\",\"width\":1000,\"height\":747,\"sizes\":{\"full\":{\"url\":\"https:\/\/vremeplov.ba\/2025\/wp-content\/uploads\/2025\/04\/Bosanski_Novi.jpg\",\"height\":747,\"width\":1000,\"orientation\":\"landscape\"}},\"imageMeta\":{\"aperture\":\"0\",\"credit\":\"Srecko\",\"camera\":\"\",\"caption\":\"\",\"created_timestamp\":\"1566576071\",\"copyright\":\"www.vremeplov.ba\",\"focal_length\":\"0\",\"iso\":\"0\",\"shutter_speed\":\"0\",\"title\":\"\",\"orientation\":\"1\",\"keywords\":[\"Bosanski\",\"Novi\",\"EMG 411\",\"Olimpik\",\"vozovi\",\"\u017eeljeznica\",\"Biha\u010d\",\"Sarajevo\",\"Ajdin\",\"Fevzija\",\"Braco\",\"vremeplov\"]},\"meta\":false,\"postlink\":\"https:\/\/vremeplov.ba\/2025\/pruga-normalnog-kolosijeka\/bosanski_novi\/\"},{\"id\":21516,\"title\":\"Bosanski_Samac\",\"url\":\"https:\/\/vremeplov.ba\/2025\/wp-content\/uploads\/2025\/04\/Bosanski_Samac.jpg\",\"link\":\"https:\/\/vremeplov.ba\/2025\/pruga-normalnog-kolosijeka\/bosanski_samac\/\",\"alt\":\"\",\"description\":\"\",\"caption\":\"\",\"mime\":\"image\/jpeg\",\"type\":\"image\",\"width\":950,\"height\":717,\"sizes\":{\"full\":{\"url\":\"https:\/\/vremeplov.ba\/2025\/wp-content\/uploads\/2025\/04\/Bosanski_Samac.jpg\",\"height\":717,\"width\":950,\"orientation\":\"landscape\"}},\"imageMeta\":{\"aperture\":\"0\",\"credit\":\"Sre\u0107ko Ignjatovi\u0107 Sarajevo BiH\",\"camera\":\"\",\"caption\":\"\",\"created_timestamp\":\"0\",\"copyright\":\"www.photogalerija.com\",\"focal_length\":\"0\",\"iso\":\"0\",\"shutter_speed\":\"0\",\"title\":\"\",\"orientation\":\"1\",\"keywords\":[\"Normalni kolosijek\",\"mostar\",\"konjic\",\"biha\u0107\",\"izgradnja\"]},\"meta\":false,\"postlink\":\"https:\/\/vremeplov.ba\/2025\/pruga-normalnog-kolosijeka\/bosanski_samac\/\"},{\"id\":21517,\"title\":\"Bosanski-Novi\",\"url\":\"https:\/\/vremeplov.ba\/2025\/wp-content\/uploads\/2025\/04\/Bosanski-Novi.jpg\",\"link\":\"https:\/\/vremeplov.ba\/2025\/pruga-normalnog-kolosijeka\/bosanski-novi\/\",\"alt\":\"\",\"description\":\"\",\"caption\":\"\",\"mime\":\"image\/jpeg\",\"type\":\"image\",\"width\":950,\"height\":629,\"sizes\":{\"full\":{\"url\":\"https:\/\/vremeplov.ba\/2025\/wp-content\/uploads\/2025\/04\/Bosanski-Novi.jpg\",\"height\":629,\"width\":950,\"orientation\":\"landscape\"}},\"imageMeta\":{\"aperture\":\"0\",\"credit\":\"Sre\u0107ko Ignjatovi\u0107 Sarajevo BiH\",\"camera\":\"\",\"caption\":\"\",\"created_timestamp\":\"0\",\"copyright\":\"www.photogalerija.com\",\"focal_length\":\"0\",\"iso\":\"0\",\"shutter_speed\":\"0\",\"title\":\"\",\"orientation\":\"1\",\"keywords\":[\"normalni-kolosijek\",\"olimpik\",\"bosna-ekspres\",\"mostar\",\"sarajevo\",\"biffe\"]},\"meta\":false,\"postlink\":\"https:\/\/vremeplov.ba\/2025\/pruga-normalnog-kolosijeka\/bosanski-novi\/\"},{\"id\":21518,\"title\":\"Bosanski-Novi-1\",\"url\":\"https:\/\/vremeplov.ba\/2025\/wp-content\/uploads\/2025\/04\/Bosanski-Novi-1.jpg\",\"link\":\"https:\/\/vremeplov.ba\/2025\/pruga-normalnog-kolosijeka\/bosanski-novi-1\/\",\"alt\":\"\",\"description\":\"\",\"caption\":\"\",\"mime\":\"image\/jpeg\",\"type\":\"image\",\"width\":996,\"height\":1457,\"sizes\":{\"full\":{\"url\":\"https:\/\/vremeplov.ba\/2025\/wp-content\/uploads\/2025\/04\/Bosanski-Novi-1.jpg\",\"height\":1457,\"width\":996,\"orientation\":\"portrait\"}},\"imageMeta\":{\"aperture\":\"0\",\"credit\":\"Srecko\",\"camera\":\"HP Scanjet 2400\",\"caption\":\"\",\"created_timestamp\":\"0\",\"copyright\":\"www.vremeplov.ba\",\"focal_length\":\"0\",\"iso\":\"0\",\"shutter_speed\":\"0\",\"title\":\"\",\"orientation\":\"1\",\"keywords\":[\"\u017eeljeznica\",\"normalne pruge\",\"Bosna\",\"vremeplov\",\"istorija\",\"fotografije\",\"Bosanski Novi\"]},\"meta\":false,\"postlink\":\"https:\/\/vremeplov.ba\/2025\/pruga-normalnog-kolosijeka\/bosanski-novi-1\/\"},{\"id\":21519,\"title\":\"Bosna_Ekspres_1984-1\",\"url\":\"https:\/\/vremeplov.ba\/2025\/wp-content\/uploads\/2025\/04\/Bosna_Ekspres_1984-1.jpg\",\"link\":\"https:\/\/vremeplov.ba\/2025\/pruga-normalnog-kolosijeka\/bosna_ekspres_1984-1\/\",\"alt\":\"\",\"description\":\"\",\"caption\":\"\",\"mime\":\"image\/jpeg\",\"type\":\"image\",\"width\":769,\"height\":950,\"sizes\":{\"full\":{\"url\":\"https:\/\/vremeplov.ba\/2025\/wp-content\/uploads\/2025\/04\/Bosna_Ekspres_1984-1.jpg\",\"height\":950,\"width\":769,\"orientation\":\"portrait\"}},\"imageMeta\":{\"aperture\":\"0\",\"credit\":\"Srecko\",\"camera\":\"HP Scanjet 2400\",\"caption\":\"\",\"created_timestamp\":\"0\",\"copyright\":\"www.vremeplov.ba\",\"focal_length\":\"0\",\"iso\":\"0\",\"shutter_speed\":\"0\",\"title\":\"\",\"orientation\":\"1\",\"keywords\":[\"\u017deljeznice\",\"pruge: vozovi\",\"vremeplov\",\"Bosna Ekspres\"]},\"meta\":false,\"postlink\":\"https:\/\/vremeplov.ba\/2025\/pruga-normalnog-kolosijeka\/bosna_ekspres_1984-1\/\"},{\"id\":21520,\"title\":\"Bosna_Ekspres_1984-2\",\"url\":\"https:\/\/vremeplov.ba\/2025\/wp-content\/uploads\/2025\/04\/Bosna_Ekspres_1984-2.jpg\",\"link\":\"https:\/\/vremeplov.ba\/2025\/pruga-normalnog-kolosijeka\/bosna_ekspres_1984-2\/\",\"alt\":\"\",\"description\":\"\",\"caption\":\"\",\"mime\":\"image\/jpeg\",\"type\":\"image\",\"width\":950,\"height\":747,\"sizes\":{\"full\":{\"url\":\"https:\/\/vremeplov.ba\/2025\/wp-content\/uploads\/2025\/04\/Bosna_Ekspres_1984-2.jpg\",\"height\":747,\"width\":950,\"orientation\":\"landscape\"}},\"imageMeta\":{\"aperture\":\"0\",\"credit\":\"Srecko\",\"camera\":\"HP Scanjet 2400\",\"caption\":\"\",\"created_timestamp\":\"0\",\"copyright\":\"www.vremeplov.ba\",\"focal_length\":\"0\",\"iso\":\"0\",\"shutter_speed\":\"0\",\"title\":\"\",\"orientation\":\"1\",\"keywords\":[\"\u017deljeznice\",\"pruge: vozovi\",\"vremeplov\",\"Bosna Ekspres\"]},\"meta\":false,\"postlink\":\"https:\/\/vremeplov.ba\/2025\/pruga-normalnog-kolosijeka\/bosna_ekspres_1984-2\/\"},{\"id\":21521,\"title\":\"Bosna_Ekspres_1984-3\",\"url\":\"https:\/\/vremeplov.ba\/2025\/wp-content\/uploads\/2025\/04\/Bosna_Ekspres_1984-3.jpg\",\"link\":\"https:\/\/vremeplov.ba\/2025\/pruga-normalnog-kolosijeka\/bosna_ekspres_1984-3\/\",\"alt\":\"\",\"description\":\"\",\"caption\":\"\",\"mime\":\"image\/jpeg\",\"type\":\"image\",\"width\":950,\"height\":731,\"sizes\":{\"full\":{\"url\":\"https:\/\/vremeplov.ba\/2025\/wp-content\/uploads\/2025\/04\/Bosna_Ekspres_1984-3.jpg\",\"height\":731,\"width\":950,\"orientation\":\"landscape\"}},\"imageMeta\":{\"aperture\":\"0\",\"credit\":\"Srecko\",\"camera\":\"HP Scanjet 2400\",\"caption\":\"\",\"created_timestamp\":\"0\",\"copyright\":\"www.vremeplov.ba\",\"focal_length\":\"0\",\"iso\":\"0\",\"shutter_speed\":\"0\",\"title\":\"\",\"orientation\":\"1\",\"keywords\":[\"\u017deljeznice\",\"pruge: vozovi\",\"vremeplov\",\"Bosna Ekspres\"]},\"meta\":false,\"postlink\":\"https:\/\/vremeplov.ba\/2025\/pruga-normalnog-kolosijeka\/bosna_ekspres_1984-3\/\"},{\"id\":21522,\"title\":\"Bosna_Ekspres_restoran\",\"url\":\"https:\/\/vremeplov.ba\/2025\/wp-content\/uploads\/2025\/04\/Bosna_Ekspres_restoran.jpg\",\"link\":\"https:\/\/vremeplov.ba\/2025\/pruga-normalnog-kolosijeka\/bosna_ekspres_restoran\/\",\"alt\":\"\",\"description\":\"\",\"caption\":\"\",\"mime\":\"image\/jpeg\",\"type\":\"image\",\"width\":1304,\"height\":965,\"sizes\":{\"full\":{\"url\":\"https:\/\/vremeplov.ba\/2025\/wp-content\/uploads\/2025\/04\/Bosna_Ekspres_restoran.jpg\",\"height\":965,\"width\":1304,\"orientation\":\"landscape\"}},\"imageMeta\":{\"aperture\":\"0\",\"credit\":\"Srecko\",\"camera\":\"HP Scanjet 2400\",\"caption\":\"\",\"created_timestamp\":\"0\",\"copyright\":\"www.vremeplov.ba\",\"focal_length\":\"0\",\"iso\":\"0\",\"shutter_speed\":\"0\",\"title\":\"\",\"orientation\":\"1\",\"keywords\":[\"Sarajevo\",\"stanica\",\"vozovi\",\"putnici\",\"\u017eeljeznica\",\"kolosijek\",\"saobra\u0107aj\",\"vremeplov\",\"Olimpil Ekspres\",\"poslovno\",\"putovanja\",\"luksuz\",\"restoran\",\"Bosna Ekspres\",\"Olimpik\"]},\"meta\":false,\"postlink\":\"https:\/\/vremeplov.ba\/2025\/pruga-normalnog-kolosijeka\/bosna_ekspres_restoran\/\"},{\"id\":21523,\"title\":\"Bosna_Ekspres_Sarajevo\",\"url\":\"https:\/\/vremeplov.ba\/2025\/wp-content\/uploads\/2025\/04\/Bosna_Ekspres_Sarajevo.jpg\",\"link\":\"https:\/\/vremeplov.ba\/2025\/pruga-normalnog-kolosijeka\/bosna_ekspres_sarajevo\/\",\"alt\":\"\",\"description\":\"\",\"caption\":\"\",\"mime\":\"image\/jpeg\",\"type\":\"image\",\"width\":950,\"height\":690,\"sizes\":{\"full\":{\"url\":\"https:\/\/vremeplov.ba\/2025\/wp-content\/uploads\/2025\/04\/Bosna_Ekspres_Sarajevo.jpg\",\"height\":690,\"width\":950,\"orientation\":\"landscape\"}},\"imageMeta\":{\"aperture\":\"0\",\"credit\":\"Srecko\",\"camera\":\"\",\"caption\":\"\",\"created_timestamp\":\"1479289800\",\"copyright\":\"www.vremeplov.ba\",\"focal_length\":\"0\",\"iso\":\"0\",\"shutter_speed\":\"0\",\"title\":\"\",\"orientation\":\"1\",\"keywords\":[\"bosna ekspres\",\"poslovni\",\"olimpik\"]},\"meta\":false,\"postlink\":\"https:\/\/vremeplov.ba\/2025\/pruga-normalnog-kolosijeka\/bosna_ekspres_sarajevo\/\"},{\"id\":21524,\"title\":\"Bosna_ekspres_stjuardese\",\"url\":\"https:\/\/vremeplov.ba\/2025\/wp-content\/uploads\/2025\/04\/Bosna_ekspres_stjuardese.jpg\",\"link\":\"https:\/\/vremeplov.ba\/2025\/pruga-normalnog-kolosijeka\/bosna_ekspres_stjuardese\/\",\"alt\":\"\",\"description\":\"\",\"caption\":\"\",\"mime\":\"image\/jpeg\",\"type\":\"image\",\"width\":950,\"height\":664,\"sizes\":{\"full\":{\"url\":\"https:\/\/vremeplov.ba\/2025\/wp-content\/uploads\/2025\/04\/Bosna_ekspres_stjuardese.jpg\",\"height\":664,\"width\":950,\"orientation\":\"landscape\"}},\"imageMeta\":{\"aperture\":\"0\",\"credit\":\"Srecko Ignjatovic, Sarajevo\",\"camera\":\"HP Scanjet 2400\",\"caption\":\"\",\"created_timestamp\":\"0\",\"copyright\":\"www.vremeplov.ba\",\"focal_length\":\"0\",\"iso\":\"0\",\"shutter_speed\":\"0\",\"title\":\"\",\"orientation\":\"1\",\"keywords\":[\"kolosijek\",\"\u0161iroki\",\"normalni\",\"\u017eeljeznica\",\"bosna ekspres\",\"ma\u0161inovo\u0111a\",\"sarajevo\",\"konjic\",\"srb\",\"J\u017d\",\"vremeplov\"]},\"meta\":false,\"postlink\":\"https:\/\/vremeplov.ba\/2025\/pruga-normalnog-kolosijeka\/bosna_ekspres_stjuardese\/\"},{\"id\":21525,\"title\":\"Bosna-Ekspres-Sarajevo-Beograd\",\"url\":\"https:\/\/vremeplov.ba\/2025\/wp-content\/uploads\/2025\/04\/Bosna-Ekspres-Sarajevo-Beograd.jpg\",\"link\":\"https:\/\/vremeplov.ba\/2025\/pruga-normalnog-kolosijeka\/bosna-ekspres-sarajevo-beograd\/\",\"alt\":\"\",\"description\":\"\",\"caption\":\"\",\"mime\":\"image\/jpeg\",\"type\":\"image\",\"width\":950,\"height\":686,\"sizes\":{\"full\":{\"url\":\"https:\/\/vremeplov.ba\/2025\/wp-content\/uploads\/2025\/04\/Bosna-Ekspres-Sarajevo-Beograd.jpg\",\"height\":686,\"width\":950,\"orientation\":\"landscape\"}},\"imageMeta\":{\"aperture\":\"0\",\"credit\":\"Srecko\",\"camera\":\"\",\"caption\":\"\",\"created_timestamp\":\"0\",\"copyright\":\"www.vremeplov.ba\",\"focal_length\":\"0\",\"iso\":\"0\",\"shutter_speed\":\"0\",\"title\":\"\",\"orientation\":\"1\",\"keywords\":[\"\u017eeljeznica\",\"normalne pruge\",\"Bosna\",\"vremeplov\",\"istorija\",\"fotografije\",\"Bosna Ekspres\",\"vozovi\"]},\"meta\":false,\"postlink\":\"https:\/\/vremeplov.ba\/2025\/pruga-normalnog-kolosijeka\/bosna-ekspres-sarajevo-beograd\/\"},{\"id\":21526,\"title\":\"Bradina\",\"url\":\"https:\/\/vremeplov.ba\/2025\/wp-content\/uploads\/2025\/04\/Bradina.jpg\",\"link\":\"https:\/\/vremeplov.ba\/2025\/pruga-normalnog-kolosijeka\/bradina\/\",\"alt\":\"\",\"description\":\"\",\"caption\":\"\",\"mime\":\"image\/jpeg\",\"type\":\"image\",\"width\":950,\"height\":681,\"sizes\":{\"full\":{\"url\":\"https:\/\/vremeplov.ba\/2025\/wp-content\/uploads\/2025\/04\/Bradina.jpg\",\"height\":681,\"width\":950,\"orientation\":\"landscape\"}},\"imageMeta\":{\"aperture\":\"0\",\"credit\":\"\",\"camera\":\"\",\"caption\":\"\",\"created_timestamp\":\"0\",\"copyright\":\"\",\"focal_length\":\"0\",\"iso\":\"0\",\"shutter_speed\":\"0\",\"title\":\"\",\"orientation\":\"1\",\"keywords\":[]},\"meta\":false,\"postlink\":\"https:\/\/vremeplov.ba\/2025\/pruga-normalnog-kolosijeka\/bradina\/\"},{\"id\":21527,\"title\":\"Bradina_dizelka_661\",\"url\":\"https:\/\/vremeplov.ba\/2025\/wp-content\/uploads\/2025\/04\/Bradina_dizelka_661.jpg\",\"link\":\"https:\/\/vremeplov.ba\/2025\/pruga-normalnog-kolosijeka\/bradina_dizelka_661\/\",\"alt\":\"\",\"description\":\"\",\"caption\":\"\",\"mime\":\"image\/jpeg\",\"type\":\"image\",\"width\":950,\"height\":600,\"sizes\":{\"full\":{\"url\":\"https:\/\/vremeplov.ba\/2025\/wp-content\/uploads\/2025\/04\/Bradina_dizelka_661.jpg\",\"height\":600,\"width\":950,\"orientation\":\"landscape\"}},\"imageMeta\":{\"aperture\":\"0\",\"credit\":\"Srecko Ignjatovic, Sarajevo\",\"camera\":\"\",\"caption\":\"\",\"created_timestamp\":\"0\",\"copyright\":\"www.vremeplov.ba\",\"focal_length\":\"0\",\"iso\":\"0\",\"shutter_speed\":\"0\",\"title\":\"\",\"orientation\":\"1\",\"keywords\":[\"Bradina\",\"vozovi\",\"pruge\",\"\u017eeljeznica\",\"vremeplov\"]},\"meta\":false,\"postlink\":\"https:\/\/vremeplov.ba\/2025\/pruga-normalnog-kolosijeka\/bradina_dizelka_661\/\"},{\"id\":21528,\"title\":\"Branko_1985\",\"url\":\"https:\/\/vremeplov.ba\/2025\/wp-content\/uploads\/2025\/04\/Branko_1985.jpg\",\"link\":\"https:\/\/vremeplov.ba\/2025\/pruga-normalnog-kolosijeka\/branko_1985\/\",\"alt\":\"\",\"description\":\"\",\"caption\":\"\",\"mime\":\"image\/jpeg\",\"type\":\"image\",\"width\":950,\"height\":594,\"sizes\":{\"full\":{\"url\":\"https:\/\/vremeplov.ba\/2025\/wp-content\/uploads\/2025\/04\/Branko_1985.jpg\",\"height\":594,\"width\":950,\"orientation\":\"landscape\"}},\"imageMeta\":{\"aperture\":\"0\",\"credit\":\"Srecko Ignjatovic, Sarajevo\",\"camera\":\"\",\"caption\":\"\",\"created_timestamp\":\"1550597096\",\"copyright\":\"www.vremeplov.ba\",\"focal_length\":\"0\",\"iso\":\"0\",\"shutter_speed\":\"0\",\"title\":\"\",\"orientation\":\"1\",\"keywords\":[\"kolosijek\",\"\u0161iroki\",\"normalni\",\"\u017eeljeznica\",\"bosna ekspres\",\"ma\u0161inovo\u0111a\",\"sarajevo\",\"konjic\",\"srb\",\"J\u017d\",\"vremeplov\"]},\"meta\":false,\"postlink\":\"https:\/\/vremeplov.ba\/2025\/pruga-normalnog-kolosijeka\/branko_1985\/\"},{\"id\":21529,\"title\":\"Brcko\",\"url\":\"https:\/\/vremeplov.ba\/2025\/wp-content\/uploads\/2025\/04\/Brcko.jpg\",\"link\":\"https:\/\/vremeplov.ba\/2025\/pruga-normalnog-kolosijeka\/brcko\/\",\"alt\":\"\",\"description\":\"\",\"caption\":\"\",\"mime\":\"image\/jpeg\",\"type\":\"image\",\"width\":950,\"height\":658,\"sizes\":{\"full\":{\"url\":\"https:\/\/vremeplov.ba\/2025\/wp-content\/uploads\/2025\/04\/Brcko.jpg\",\"height\":658,\"width\":950,\"orientation\":\"landscape\"}},\"imageMeta\":{\"aperture\":\"0\",\"credit\":\"\",\"camera\":\"\",\"caption\":\"\",\"created_timestamp\":\"0\",\"copyright\":\"\",\"focal_length\":\"0\",\"iso\":\"0\",\"shutter_speed\":\"0\",\"title\":\"\",\"orientation\":\"1\",\"keywords\":[]},\"meta\":false,\"postlink\":\"https:\/\/vremeplov.ba\/2025\/pruga-normalnog-kolosijeka\/brcko\/\"},{\"id\":21530,\"title\":\"Brcko_konaciste\",\"url\":\"https:\/\/vremeplov.ba\/2025\/wp-content\/uploads\/2025\/04\/Brcko_konaciste.jpg\",\"link\":\"https:\/\/vremeplov.ba\/2025\/pruga-normalnog-kolosijeka\/brcko_konaciste\/\",\"alt\":\"\",\"description\":\"\",\"caption\":\"\",\"mime\":\"image\/jpeg\",\"type\":\"image\",\"width\":950,\"height\":579,\"sizes\":{\"full\":{\"url\":\"https:\/\/vremeplov.ba\/2025\/wp-content\/uploads\/2025\/04\/Brcko_konaciste.jpg\",\"height\":579,\"width\":950,\"orientation\":\"landscape\"}},\"imageMeta\":{\"aperture\":\"0\",\"credit\":\"Srecko Ignjatovic, Sarajevo, BiH\",\"camera\":\"\",\"caption\":\"\",\"created_timestamp\":\"1486315193\",\"copyright\":\"www.vremeplov.ba\",\"focal_length\":\"0\",\"iso\":\"0\",\"shutter_speed\":\"0\",\"title\":\"\",\"orientation\":\"1\",\"keywords\":[\"normalni kolosijek\",\"\u017eeljeznica\",\"vozovi\",\"vremeplov\",\"stanice\",\"\u0161ine\",\"remont\",\"Br\u010dko\",\"OP\u017d\",\"kona\u010di\u0161te\"]},\"meta\":false,\"postlink\":\"https:\/\/vremeplov.ba\/2025\/pruga-normalnog-kolosijeka\/brcko_konaciste\/\"},{\"id\":21531,\"title\":\"Brcko_stanica_1975.\",\"url\":\"https:\/\/vremeplov.ba\/2025\/wp-content\/uploads\/2025\/04\/Brcko_stanica_1975.jpg\",\"link\":\"https:\/\/vremeplov.ba\/2025\/pruga-normalnog-kolosijeka\/brcko_stanica_1975\/\",\"alt\":\"\",\"description\":\"\",\"caption\":\"\",\"mime\":\"image\/jpeg\",\"type\":\"image\",\"width\":950,\"height\":666,\"sizes\":{\"full\":{\"url\":\"https:\/\/vremeplov.ba\/2025\/wp-content\/uploads\/2025\/04\/Brcko_stanica_1975.jpg\",\"height\":666,\"width\":950,\"orientation\":\"landscape\"}},\"imageMeta\":{\"aperture\":\"0\",\"credit\":\"\",\"camera\":\"\",\"caption\":\"\",\"created_timestamp\":\"0\",\"copyright\":\"\",\"focal_length\":\"0\",\"iso\":\"0\",\"shutter_speed\":\"0\",\"title\":\"\",\"orientation\":\"1\",\"keywords\":[]},\"meta\":false,\"postlink\":\"https:\/\/vremeplov.ba\/2025\/pruga-normalnog-kolosijeka\/brcko_stanica_1975\/\"},{\"id\":21532,\"title\":\"Brcko-1\",\"url\":\"https:\/\/vremeplov.ba\/2025\/wp-content\/uploads\/2025\/04\/Brcko-1.jpg\",\"link\":\"https:\/\/vremeplov.ba\/2025\/pruga-normalnog-kolosijeka\/brcko-1\/\",\"alt\":\"\",\"description\":\"\",\"caption\":\"\",\"mime\":\"image\/jpeg\",\"type\":\"image\",\"width\":950,\"height\":654,\"sizes\":{\"full\":{\"url\":\"https:\/\/vremeplov.ba\/2025\/wp-content\/uploads\/2025\/04\/Brcko-1.jpg\",\"height\":654,\"width\":950,\"orientation\":\"landscape\"}},\"imageMeta\":{\"aperture\":\"0\",\"credit\":\"\",\"camera\":\"\",\"caption\":\"\",\"created_timestamp\":\"0\",\"copyright\":\"\",\"focal_length\":\"0\",\"iso\":\"0\",\"shutter_speed\":\"0\",\"title\":\"\",\"orientation\":\"1\",\"keywords\":[]},\"meta\":false,\"postlink\":\"https:\/\/vremeplov.ba\/2025\/pruga-normalnog-kolosijeka\/brcko-1\/\"},{\"id\":21533,\"title\":\"Brcko-2\",\"url\":\"https:\/\/vremeplov.ba\/2025\/wp-content\/uploads\/2025\/04\/Brcko-2.jpg\",\"link\":\"https:\/\/vremeplov.ba\/2025\/pruga-normalnog-kolosijeka\/brcko-2\/\",\"alt\":\"\",\"description\":\"\",\"caption\":\"\",\"mime\":\"image\/jpeg\",\"type\":\"image\",\"width\":950,\"height\":668,\"sizes\":{\"full\":{\"url\":\"https:\/\/vremeplov.ba\/2025\/wp-content\/uploads\/2025\/04\/Brcko-2.jpg\",\"height\":668,\"width\":950,\"orientation\":\"landscape\"}},\"imageMeta\":{\"aperture\":\"0\",\"credit\":\"\",\"camera\":\"\",\"caption\":\"\",\"created_timestamp\":\"0\",\"copyright\":\"\",\"focal_length\":\"0\",\"iso\":\"0\",\"shutter_speed\":\"0\",\"title\":\"\",\"orientation\":\"1\",\"keywords\":[]},\"meta\":false,\"postlink\":\"https:\/\/vremeplov.ba\/2025\/pruga-normalnog-kolosijeka\/brcko-2\/\"},{\"id\":21534,\"title\":\"Brcko-3\",\"url\":\"https:\/\/vremeplov.ba\/2025\/wp-content\/uploads\/2025\/04\/Brcko-3.jpg\",\"link\":\"https:\/\/vremeplov.ba\/2025\/pruga-normalnog-kolosijeka\/brcko-3\/\",\"alt\":\"\",\"description\":\"\",\"caption\":\"\",\"mime\":\"image\/jpeg\",\"type\":\"image\",\"width\":950,\"height\":662,\"sizes\":{\"full\":{\"url\":\"https:\/\/vremeplov.ba\/2025\/wp-content\/uploads\/2025\/04\/Brcko-3.jpg\",\"height\":662,\"width\":950,\"orientation\":\"landscape\"}},\"imageMeta\":{\"aperture\":\"0\",\"credit\":\"\",\"camera\":\"\",\"caption\":\"\",\"created_timestamp\":\"0\",\"copyright\":\"\",\"focal_length\":\"0\",\"iso\":\"0\",\"shutter_speed\":\"0\",\"title\":\"\",\"orientation\":\"1\",\"keywords\":[]},\"meta\":false,\"postlink\":\"https:\/\/vremeplov.ba\/2025\/pruga-normalnog-kolosijeka\/brcko-3\/\"},{\"id\":21535,\"title\":\"Brcko-rail\",\"url\":\"https:\/\/vremeplov.ba\/2025\/wp-content\/uploads\/2025\/04\/Brcko-rail.jpg\",\"link\":\"https:\/\/vremeplov.ba\/2025\/pruga-normalnog-kolosijeka\/brcko-rail\/\",\"alt\":\"\",\"description\":\"\",\"caption\":\"\",\"mime\":\"image\/jpeg\",\"type\":\"image\",\"width\":950,\"height\":648,\"sizes\":{\"full\":{\"url\":\"https:\/\/vremeplov.ba\/2025\/wp-content\/uploads\/2025\/04\/Brcko-rail.jpg\",\"height\":648,\"width\":950,\"orientation\":\"landscape\"}},\"imageMeta\":{\"aperture\":\"0\",\"credit\":\"Sre\u0107ko Ignjatovi\u0107 Sarajevo BiH\",\"camera\":\"\",\"caption\":\"\",\"created_timestamp\":\"0\",\"copyright\":\"www.photogalerija.com\",\"focal_length\":\"0\",\"iso\":\"0\",\"shutter_speed\":\"0\",\"title\":\"\",\"orientation\":\"1\",\"keywords\":[\"normalni-kolosijek\"]},\"meta\":false,\"postlink\":\"https:\/\/vremeplov.ba\/2025\/pruga-normalnog-kolosijeka\/brcko-rail\/\"},{\"id\":21536,\"title\":\"Brezicani\",\"url\":\"https:\/\/vremeplov.ba\/2025\/wp-content\/uploads\/2025\/04\/Brezicani.jpg\",\"link\":\"https:\/\/vremeplov.ba\/2025\/pruga-normalnog-kolosijeka\/brezicani\/\",\"alt\":\"\",\"description\":\"\",\"caption\":\"\",\"mime\":\"image\/jpeg\",\"type\":\"image\",\"width\":950,\"height\":557,\"sizes\":{\"full\":{\"url\":\"https:\/\/vremeplov.ba\/2025\/wp-content\/uploads\/2025\/04\/Brezicani.jpg\",\"height\":557,\"width\":950,\"orientation\":\"landscape\"}},\"imageMeta\":{\"aperture\":\"0\",\"credit\":\"Sre\u0107ko Ignjatovi\u0107 Sarajevo BiH\",\"camera\":\"\",\"caption\":\"\",\"created_timestamp\":\"0\",\"copyright\":\"www.photogalerija.com\",\"focal_length\":\"0\",\"iso\":\"0\",\"shutter_speed\":\"0\",\"title\":\"\",\"orientation\":\"1\",\"keywords\":[\"uzani kolosijek, uskotra\u010dni, kolosijek, \u017eeljeznica, rail, stanice, oldphoto, legendary,\"]},\"meta\":false,\"postlink\":\"https:\/\/vremeplov.ba\/2025\/pruga-normalnog-kolosijeka\/brezicani\/\"},{\"id\":21537,\"title\":\"Bukovac\",\"url\":\"https:\/\/vremeplov.ba\/2025\/wp-content\/uploads\/2025\/04\/Bukovac.jpg\",\"link\":\"https:\/\/vremeplov.ba\/2025\/pruga-normalnog-kolosijeka\/bukovac\/\",\"alt\":\"\",\"description\":\"\",\"caption\":\"\",\"mime\":\"image\/jpeg\",\"type\":\"image\",\"width\":950,\"height\":642,\"sizes\":{\"full\":{\"url\":\"https:\/\/vremeplov.ba\/2025\/wp-content\/uploads\/2025\/04\/Bukovac.jpg\",\"height\":642,\"width\":950,\"orientation\":\"landscape\"}},\"imageMeta\":{\"aperture\":\"0\",\"credit\":\"Srecko\",\"camera\":\"\",\"caption\":\"\",\"created_timestamp\":\"0\",\"copyright\":\"www.vremeplov.ba\",\"focal_length\":\"0\",\"iso\":\"0\",\"shutter_speed\":\"0\",\"title\":\"\",\"orientation\":\"1\",\"keywords\":[\"\u017deljeznice\",\"pruge: vozovi\",\"vremeplov\",\"Bukovac\",\"Br\u010dko\"]},\"meta\":false,\"postlink\":\"https:\/\/vremeplov.ba\/2025\/pruga-normalnog-kolosijeka\/bukovac\/\"},{\"id\":21538,\"title\":\"Bukvik\",\"url\":\"https:\/\/vremeplov.ba\/2025\/wp-content\/uploads\/2025\/04\/Bukvik.jpg\",\"link\":\"https:\/\/vremeplov.ba\/2025\/pruga-normalnog-kolosijeka\/bukvik\/\",\"alt\":\"\",\"description\":\"\",\"caption\":\"\",\"mime\":\"image\/jpeg\",\"type\":\"image\",\"width\":950,\"height\":644,\"sizes\":{\"full\":{\"url\":\"https:\/\/vremeplov.ba\/2025\/wp-content\/uploads\/2025\/04\/Bukvik.jpg\",\"height\":644,\"width\":950,\"orientation\":\"landscape\"}},\"imageMeta\":{\"aperture\":\"0\",\"credit\":\"Sre\u0107ko Ignjatovi\u0107 Sarajevo BiH\",\"camera\":\"\",\"caption\":\"\",\"created_timestamp\":\"0\",\"copyright\":\"www.photogalerija.com\",\"focal_length\":\"0\",\"iso\":\"0\",\"shutter_speed\":\"0\",\"title\":\"\",\"orientation\":\"1\",\"keywords\":[\"normalni-kolosijek\"]},\"meta\":false,\"postlink\":\"https:\/\/vremeplov.ba\/2025\/pruga-normalnog-kolosijeka\/bukvik\/\"},{\"id\":21539,\"title\":\"Capljina_izgradnja_normalnog_kolosijeka\",\"url\":\"https:\/\/vremeplov.ba\/2025\/wp-content\/uploads\/2025\/04\/Capljina_izgradnja_normalnog_kolosijeka.jpg\",\"link\":\"https:\/\/vremeplov.ba\/2025\/pruga-normalnog-kolosijeka\/capljina_izgradnja_normalnog_kolosijeka\/\",\"alt\":\"\",\"description\":\"\",\"caption\":\"\",\"mime\":\"image\/jpeg\",\"type\":\"image\",\"width\":950,\"height\":663,\"sizes\":{\"full\":{\"url\":\"https:\/\/vremeplov.ba\/2025\/wp-content\/uploads\/2025\/04\/Capljina_izgradnja_normalnog_kolosijeka.jpg\",\"height\":663,\"width\":950,\"orientation\":\"landscape\"}},\"imageMeta\":{\"aperture\":\"0\",\"credit\":\"Sre\u0107ko Ignjatovi\u0107 Sarajevo BiH\",\"camera\":\"\",\"caption\":\"\",\"created_timestamp\":\"0\",\"copyright\":\"www.photogalerija.com\",\"focal_length\":\"0\",\"iso\":\"0\",\"shutter_speed\":\"0\",\"title\":\"\",\"orientation\":\"1\",\"keywords\":[\"Normalni kolosijek\",\"mostar\",\"konjic\",\"biha\u0107\",\"izgradnja\"]},\"meta\":false,\"postlink\":\"https:\/\/vremeplov.ba\/2025\/pruga-normalnog-kolosijeka\/capljina_izgradnja_normalnog_kolosijeka\/\"},{\"id\":21540,\"title\":\"Cazin_Srbljani\",\"url\":\"https:\/\/vremeplov.ba\/2025\/wp-content\/uploads\/2025\/04\/Cazin_Srbljani.jpg\",\"link\":\"https:\/\/vremeplov.ba\/2025\/pruga-normalnog-kolosijeka\/cazin_srbljani\/\",\"alt\":\"\",\"description\":\"\",\"caption\":\"\",\"mime\":\"image\/jpeg\",\"type\":\"image\",\"width\":950,\"height\":624,\"sizes\":{\"full\":{\"url\":\"https:\/\/vremeplov.ba\/2025\/wp-content\/uploads\/2025\/04\/Cazin_Srbljani.jpg\",\"height\":624,\"width\":950,\"orientation\":\"landscape\"}},\"imageMeta\":{\"aperture\":\"0\",\"credit\":\"Sre\u0107ko Ignjatovi\u0107 Sarajevo BiH\",\"camera\":\"\",\"caption\":\"\",\"created_timestamp\":\"0\",\"copyright\":\"www.photogalerija.com\",\"focal_length\":\"0\",\"iso\":\"0\",\"shutter_speed\":\"0\",\"title\":\"\",\"orientation\":\"1\",\"keywords\":[\"normalni-kolosijek\"]},\"meta\":false,\"postlink\":\"https:\/\/vremeplov.ba\/2025\/pruga-normalnog-kolosijeka\/cazin_srbljani\/\"},{\"id\":21541,\"title\":\"Cazin_Srbljani-1\",\"url\":\"https:\/\/vremeplov.ba\/2025\/wp-content\/uploads\/2025\/04\/Cazin_Srbljani-1.jpg\",\"link\":\"https:\/\/vremeplov.ba\/2025\/pruga-normalnog-kolosijeka\/cazin_srbljani-1\/\",\"alt\":\"\",\"description\":\"\",\"caption\":\"\",\"mime\":\"image\/jpeg\",\"type\":\"image\",\"width\":950,\"height\":638,\"sizes\":{\"full\":{\"url\":\"https:\/\/vremeplov.ba\/2025\/wp-content\/uploads\/2025\/04\/Cazin_Srbljani-1.jpg\",\"height\":638,\"width\":950,\"orientation\":\"landscape\"}},\"imageMeta\":{\"aperture\":\"0\",\"credit\":\"Sre\u0107ko Ignjatovi\u0107 Sarajevo BiH\",\"camera\":\"\",\"caption\":\"\",\"created_timestamp\":\"0\",\"copyright\":\"www.photogalerija.com\",\"focal_length\":\"0\",\"iso\":\"0\",\"shutter_speed\":\"0\",\"title\":\"\",\"orientation\":\"1\",\"keywords\":[\"normalni kolosijek\",\"fotografije\",\"rajlovac\",\"doboj\",\"aleksin han\"]},\"meta\":false,\"postlink\":\"https:\/\/vremeplov.ba\/2025\/pruga-normalnog-kolosijeka\/cazin_srbljani-1\/\"},{\"id\":21542,\"title\":\"cekaonica_sarajevo\",\"url\":\"https:\/\/vremeplov.ba\/2025\/wp-content\/uploads\/2025\/04\/cekaonica_sarajevo.jpg\",\"link\":\"https:\/\/vremeplov.ba\/2025\/pruga-normalnog-kolosijeka\/cekaonica_sarajevo\/\",\"alt\":\"\",\"description\":\"\",\"caption\":\"\",\"mime\":\"image\/jpeg\",\"type\":\"image\",\"width\":950,\"height\":762,\"sizes\":{\"full\":{\"url\":\"https:\/\/vremeplov.ba\/2025\/wp-content\/uploads\/2025\/04\/cekaonica_sarajevo.jpg\",\"height\":762,\"width\":950,\"orientation\":\"landscape\"}},\"imageMeta\":{\"aperture\":\"0\",\"credit\":\"Srecko Ignjatovic, Sarajevo, BiH\",\"camera\":\"HP Scanjet 2400\",\"caption\":\"\",\"created_timestamp\":\"0\",\"copyright\":\"www.vremeplov.ba\",\"focal_length\":\"0\",\"iso\":\"0\",\"shutter_speed\":\"0\",\"title\":\"\",\"orientation\":\"1\",\"keywords\":[\"stanica\",\"sarajevo\",\"\u010dekaonica\"]},\"meta\":false,\"postlink\":\"https:\/\/vremeplov.ba\/2025\/pruga-normalnog-kolosijeka\/cekaonica_sarajevo\/\"},{\"id\":21543,\"title\":\"Celebici_most\",\"url\":\"https:\/\/vremeplov.ba\/2025\/wp-content\/uploads\/2025\/04\/Celebici_most.jpg\",\"link\":\"https:\/\/vremeplov.ba\/2025\/pruga-normalnog-kolosijeka\/celebici_most\/\",\"alt\":\"\",\"description\":\"\",\"caption\":\"\",\"mime\":\"image\/jpeg\",\"type\":\"image\",\"width\":950,\"height\":668,\"sizes\":{\"full\":{\"url\":\"https:\/\/vremeplov.ba\/2025\/wp-content\/uploads\/2025\/04\/Celebici_most.jpg\",\"height\":668,\"width\":950,\"orientation\":\"landscape\"}},\"imageMeta\":{\"aperture\":\"0\",\"credit\":\"Srecko Ignjatovic, Sarajevo, BiH\",\"camera\":\"\",\"caption\":\"\",\"created_timestamp\":\"1486304013\",\"copyright\":\"www.vremeplov.ba\",\"focal_length\":\"0\",\"iso\":\"0\",\"shutter_speed\":\"0\",\"title\":\"\",\"orientation\":\"1\",\"keywords\":[\"normalni kolosijek\",\"pruge\",\"\u017eeljeznica\",\"vremeplov\",\"jugoslovenske\",\"BH Voz\",\"\u010celebi\u0107ki most\"]},\"meta\":false,\"postlink\":\"https:\/\/vremeplov.ba\/2025\/pruga-normalnog-kolosijeka\/celebici_most\/\"},{\"id\":21544,\"title\":\"Centralni-magacin\",\"url\":\"https:\/\/vremeplov.ba\/2025\/wp-content\/uploads\/2025\/04\/Centralni-magacin.jpg\",\"link\":\"https:\/\/vremeplov.ba\/2025\/pruga-normalnog-kolosijeka\/centralni-magacin\/\",\"alt\":\"\",\"description\":\"\",\"caption\":\"\",\"mime\":\"image\/jpeg\",\"type\":\"image\",\"width\":950,\"height\":720,\"sizes\":{\"full\":{\"url\":\"https:\/\/vremeplov.ba\/2025\/wp-content\/uploads\/2025\/04\/Centralni-magacin.jpg\",\"height\":720,\"width\":950,\"orientation\":\"landscape\"}},\"imageMeta\":{\"aperture\":\"0\",\"credit\":\"Srecko\",\"camera\":\"\",\"caption\":\"\",\"created_timestamp\":\"0\",\"copyright\":\"www.vremeplov.ba\",\"focal_length\":\"0\",\"iso\":\"0\",\"shutter_speed\":\"0\",\"title\":\"\",\"orientation\":\"1\",\"keywords\":[\"\u017eeljeznica\",\"normalne pruge\",\"Bosna\",\"vremeplov\",\"istorija\",\"fotografije\",\"Sarajevo\",\"magacin\"]},\"meta\":false,\"postlink\":\"https:\/\/vremeplov.ba\/2025\/pruga-normalnog-kolosijeka\/centralni-magacin\/\"},{\"id\":21545,\"title\":\"CPU\",\"url\":\"https:\/\/vremeplov.ba\/2025\/wp-content\/uploads\/2025\/04\/CPU.jpg\",\"link\":\"https:\/\/vremeplov.ba\/2025\/pruga-normalnog-kolosijeka\/cpu\/\",\"alt\":\"\",\"description\":\"\",\"caption\":\"\",\"mime\":\"image\/jpeg\",\"type\":\"image\",\"width\":950,\"height\":661,\"sizes\":{\"full\":{\"url\":\"https:\/\/vremeplov.ba\/2025\/wp-content\/uploads\/2025\/04\/CPU.jpg\",\"height\":661,\"width\":950,\"orientation\":\"landscape\"}},\"imageMeta\":{\"aperture\":\"0\",\"credit\":\"Sre\u0107ko Ignjatovi\u0107 Sarajevo BiH\",\"camera\":\"\",\"caption\":\"\",\"created_timestamp\":\"0\",\"copyright\":\"www.photogalerija.com\",\"focal_length\":\"0\",\"iso\":\"0\",\"shutter_speed\":\"0\",\"title\":\"\",\"orientation\":\"1\",\"keywords\":[\"normalni-kolosijek\"]},\"meta\":false,\"postlink\":\"https:\/\/vremeplov.ba\/2025\/pruga-normalnog-kolosijeka\/cpu\/\"},{\"id\":21546,\"title\":\"Dan_zeljeznice_Bosna\",\"url\":\"https:\/\/vremeplov.ba\/2025\/wp-content\/uploads\/2025\/04\/Dan_zeljeznice_Bosna.jpg\",\"link\":\"https:\/\/vremeplov.ba\/2025\/pruga-normalnog-kolosijeka\/dan_zeljeznice_bosna\/\",\"alt\":\"\",\"description\":\"\",\"caption\":\"\",\"mime\":\"image\/jpeg\",\"type\":\"image\",\"width\":950,\"height\":656,\"sizes\":{\"full\":{\"url\":\"https:\/\/vremeplov.ba\/2025\/wp-content\/uploads\/2025\/04\/Dan_zeljeznice_Bosna.jpg\",\"height\":656,\"width\":950,\"orientation\":\"landscape\"}},\"imageMeta\":{\"aperture\":\"0\",\"credit\":\"Srecko Ignjatovic, Sarajevo\",\"camera\":\"HP Scanjet 2400\",\"caption\":\"\",\"created_timestamp\":\"0\",\"copyright\":\"www.vremeplov.ba\",\"focal_length\":\"0\",\"iso\":\"0\",\"shutter_speed\":\"0\",\"title\":\"\",\"orientation\":\"1\",\"keywords\":[\"normalni kolosijek\",\"Normalspur\",\"bosanske \u017eeljeznice\",\"\u017eeljeznice\",\"normalne pruge\",\"stare fotografije\",\"vremeplov\",\"J\u017d\",\"BH\u017d\",\"direkcija sarajevo\",\"VMC\"]},\"meta\":false,\"postlink\":\"https:\/\/vremeplov.ba\/2025\/pruga-normalnog-kolosijeka\/dan_zeljeznice_bosna\/\"},{\"id\":21547,\"title\":\"Depo-Lozionica-Bosanski-Novi\",\"url\":\"https:\/\/vremeplov.ba\/2025\/wp-content\/uploads\/2025\/04\/Depo-Lozionica-Bosanski-Novi.jpg\",\"link\":\"https:\/\/vremeplov.ba\/2025\/pruga-normalnog-kolosijeka\/depo-lozionica-bosanski-novi\/\",\"alt\":\"\",\"description\":\"\",\"caption\":\"\",\"mime\":\"image\/jpeg\",\"type\":\"image\",\"width\":950,\"height\":676,\"sizes\":{\"full\":{\"url\":\"https:\/\/vremeplov.ba\/2025\/wp-content\/uploads\/2025\/04\/Depo-Lozionica-Bosanski-Novi.jpg\",\"height\":676,\"width\":950,\"orientation\":\"landscape\"}},\"imageMeta\":{\"aperture\":\"0\",\"credit\":\"Srecko\",\"camera\":\"HP Scanjet 2400\",\"caption\":\"\",\"created_timestamp\":\"0\",\"copyright\":\"www.vremeplov.ba\",\"focal_length\":\"0\",\"iso\":\"0\",\"shutter_speed\":\"0\",\"title\":\"\",\"orientation\":\"1\",\"keywords\":[\"\u017eeljeznica\",\"normalne pruge\",\"Bosna\",\"vremeplov\",\"istorija\",\"fotografije\",\"Lo\u017eionica\",\"Basanski Novi\",\"Novi Grad\"]},\"meta\":false,\"postlink\":\"https:\/\/vremeplov.ba\/2025\/pruga-normalnog-kolosijeka\/depo-lozionica-bosanski-novi\/\"},{\"id\":21548,\"title\":\"Der-Motor-Zug-auf-der-Jablanica-Mostar\",\"url\":\"https:\/\/vremeplov.ba\/2025\/wp-content\/uploads\/2025\/04\/Der-Motor-Zug-auf-der-Jablanica-Mostar.jpg\",\"link\":\"https:\/\/vremeplov.ba\/2025\/pruga-normalnog-kolosijeka\/der-motor-zug-auf-der-jablanica-mostar\/\",\"alt\":\"\",\"description\":\"\",\"caption\":\"\",\"mime\":\"image\/jpeg\",\"type\":\"image\",\"width\":950,\"height\":611,\"sizes\":{\"full\":{\"url\":\"https:\/\/vremeplov.ba\/2025\/wp-content\/uploads\/2025\/04\/Der-Motor-Zug-auf-der-Jablanica-Mostar.jpg\",\"height\":611,\"width\":950,\"orientation\":\"landscape\"}},\"imageMeta\":{\"aperture\":\"0\",\"credit\":\"\",\"camera\":\"\",\"caption\":\"\",\"created_timestamp\":\"0\",\"copyright\":\"\",\"focal_length\":\"0\",\"iso\":\"0\",\"shutter_speed\":\"0\",\"title\":\"\",\"orientation\":\"1\",\"keywords\":[]},\"meta\":false,\"postlink\":\"https:\/\/vremeplov.ba\/2025\/pruga-normalnog-kolosijeka\/der-motor-zug-auf-der-jablanica-mostar\/\"},{\"id\":21549,\"title\":\"Direkcija_ZTO\",\"url\":\"https:\/\/vremeplov.ba\/2025\/wp-content\/uploads\/2025\/04\/Direkcija_ZTO.jpg\",\"link\":\"https:\/\/vremeplov.ba\/2025\/pruga-normalnog-kolosijeka\/direkcija_zto\/\",\"alt\":\"\",\"description\":\"\",\"caption\":\"\",\"mime\":\"image\/jpeg\",\"type\":\"image\",\"width\":924,\"height\":950,\"sizes\":{\"full\":{\"url\":\"https:\/\/vremeplov.ba\/2025\/wp-content\/uploads\/2025\/04\/Direkcija_ZTO.jpg\",\"height\":950,\"width\":924,\"orientation\":\"portrait\"}},\"imageMeta\":{\"aperture\":\"0\",\"credit\":\"Sre\u0107ko Ignjatovi\u0107 Sarajevo BiH\",\"camera\":\"\",\"caption\":\"\",\"created_timestamp\":\"0\",\"copyright\":\"www.photogalerija.com\",\"focal_length\":\"0\",\"iso\":\"0\",\"shutter_speed\":\"0\",\"title\":\"\",\"orientation\":\"1\",\"keywords\":[\"normalni kolosijek\",\"istorija\",\"stanice\",\"\u017eeljeznica\"]},\"meta\":false,\"postlink\":\"https:\/\/vremeplov.ba\/2025\/pruga-normalnog-kolosijeka\/direkcija_zto\/\"},{\"id\":21550,\"title\":\"Direkcija-Sarajevo\",\"url\":\"https:\/\/vremeplov.ba\/2025\/wp-content\/uploads\/2025\/04\/Direkcija-Sarajevo.jpg\",\"link\":\"https:\/\/vremeplov.ba\/2025\/pruga-normalnog-kolosijeka\/direkcija-sarajevo\/\",\"alt\":\"\",\"description\":\"\",\"caption\":\"\",\"mime\":\"image\/jpeg\",\"type\":\"image\",\"width\":950,\"height\":919,\"sizes\":{\"full\":{\"url\":\"https:\/\/vremeplov.ba\/2025\/wp-content\/uploads\/2025\/04\/Direkcija-Sarajevo.jpg\",\"height\":919,\"width\":950,\"orientation\":\"landscape\"}},\"imageMeta\":{\"aperture\":\"0\",\"credit\":\"\",\"camera\":\"\",\"caption\":\"\",\"created_timestamp\":\"0\",\"copyright\":\"\",\"focal_length\":\"0\",\"iso\":\"0\",\"shutter_speed\":\"0\",\"title\":\"\",\"orientation\":\"1\",\"keywords\":[]},\"meta\":false,\"postlink\":\"https:\/\/vremeplov.ba\/2025\/pruga-normalnog-kolosijeka\/direkcija-sarajevo\/\"},{\"id\":21551,\"title\":\"Direkcija-ZTP\",\"url\":\"https:\/\/vremeplov.ba\/2025\/wp-content\/uploads\/2025\/04\/Direkcija-ZTP.jpg\",\"link\":\"https:\/\/vremeplov.ba\/2025\/pruga-normalnog-kolosijeka\/direkcija-ztp\/\",\"alt\":\"\",\"description\":\"\",\"caption\":\"\",\"mime\":\"image\/jpeg\",\"type\":\"image\",\"width\":950,\"height\":930,\"sizes\":{\"full\":{\"url\":\"https:\/\/vremeplov.ba\/2025\/wp-content\/uploads\/2025\/04\/Direkcija-ZTP.jpg\",\"height\":930,\"width\":950,\"orientation\":\"landscape\"}},\"imageMeta\":{\"aperture\":\"0\",\"credit\":\"Sre\u0107ko Ignjatovi\u0107 Sarajevo BiH\",\"camera\":\"\",\"caption\":\"\",\"created_timestamp\":\"0\",\"copyright\":\"www.photogalerija.com\",\"focal_length\":\"0\",\"iso\":\"0\",\"shutter_speed\":\"0\",\"title\":\"\",\"orientation\":\"1\",\"keywords\":[\"normalni-kolosijek\"]},\"meta\":false,\"postlink\":\"https:\/\/vremeplov.ba\/2025\/pruga-normalnog-kolosijeka\/direkcija-ztp\/\"},{\"id\":21552,\"title\":\"Dizel_Lok_Nada\",\"url\":\"https:\/\/vremeplov.ba\/2025\/wp-content\/uploads\/2025\/04\/Dizel_Lok_Nada.jpg\",\"link\":\"https:\/\/vremeplov.ba\/2025\/pruga-normalnog-kolosijeka\/dizel_lok_nada\/\",\"alt\":\"\",\"description\":\"\",\"caption\":\"\",\"mime\":\"image\/jpeg\",\"type\":\"image\",\"width\":950,\"height\":792,\"sizes\":{\"full\":{\"url\":\"https:\/\/vremeplov.ba\/2025\/wp-content\/uploads\/2025\/04\/Dizel_Lok_Nada.jpg\",\"height\":792,\"width\":950,\"orientation\":\"landscape\"}},\"imageMeta\":{\"aperture\":\"0\",\"credit\":\"Sre\u0107ko Ignjatovi\u0107 Sarajevo BiH\",\"camera\":\"\",\"caption\":\"\",\"created_timestamp\":\"0\",\"copyright\":\"www.photogalerija.com\",\"focal_length\":\"0\",\"iso\":\"0\",\"shutter_speed\":\"0\",\"title\":\"\",\"orientation\":\"1\",\"keywords\":[\"normalni-kolosijek\"]},\"meta\":false,\"postlink\":\"https:\/\/vremeplov.ba\/2025\/pruga-normalnog-kolosijeka\/dizel_lok_nada\/\"},{\"id\":21553,\"title\":\"Djemal_Bijedic\",\"url\":\"https:\/\/vremeplov.ba\/2025\/wp-content\/uploads\/2025\/04\/Djemal_Bijedic.jpg\",\"link\":\"https:\/\/vremeplov.ba\/2025\/pruga-normalnog-kolosijeka\/djemal_bijedic\/\",\"alt\":\"\",\"description\":\"\",\"caption\":\"\",\"mime\":\"image\/jpeg\",\"type\":\"image\",\"width\":680,\"height\":950,\"sizes\":{\"full\":{\"url\":\"https:\/\/vremeplov.ba\/2025\/wp-content\/uploads\/2025\/04\/Djemal_Bijedic.jpg\",\"height\":950,\"width\":680,\"orientation\":\"portrait\"}},\"imageMeta\":{\"aperture\":\"0\",\"credit\":\"\",\"camera\":\"\",\"caption\":\"\",\"created_timestamp\":\"1550827717\",\"copyright\":\"\",\"focal_length\":\"0\",\"iso\":\"0\",\"shutter_speed\":\"0\",\"title\":\"\",\"orientation\":\"1\",\"keywords\":[]},\"meta\":false,\"postlink\":\"https:\/\/vremeplov.ba\/2025\/pruga-normalnog-kolosijeka\/djemal_bijedic\/\"},{\"id\":21554,\"title\":\"DM_812_JZ-1\",\"url\":\"https:\/\/vremeplov.ba\/2025\/wp-content\/uploads\/2025\/04\/DM_812_JZ-1.jpg\",\"link\":\"https:\/\/vremeplov.ba\/2025\/pruga-normalnog-kolosijeka\/dm_812_jz-1\/\",\"alt\":\"\",\"description\":\"\",\"caption\":\"\",\"mime\":\"image\/jpeg\",\"type\":\"image\",\"width\":950,\"height\":697,\"sizes\":{\"full\":{\"url\":\"https:\/\/vremeplov.ba\/2025\/wp-content\/uploads\/2025\/04\/DM_812_JZ-1.jpg\",\"height\":697,\"width\":950,\"orientation\":\"landscape\"}},\"imageMeta\":{\"aperture\":\"0\",\"credit\":\"Srecko Ignjatovic, Sarajevo, BiH\",\"camera\":\"\",\"caption\":\"\",\"created_timestamp\":\"1499868268\",\"copyright\":\"www.vremeplov.ba\",\"focal_length\":\"0\",\"iso\":\"0\",\"shutter_speed\":\"0\",\"title\":\"\",\"orientation\":\"1\",\"keywords\":[\"normalni kolosijek\",\"bosnia rail\",\"bosna\",\"vremeplov\",\"Motor 812\",\"DM 812\",\"Banja Luka\"]},\"meta\":false,\"postlink\":\"https:\/\/vremeplov.ba\/2025\/pruga-normalnog-kolosijeka\/dm_812_jz-1\/\"},{\"id\":21555,\"title\":\"DM_812_JZ-2\",\"url\":\"https:\/\/vremeplov.ba\/2025\/wp-content\/uploads\/2025\/04\/DM_812_JZ-2.jpg\",\"link\":\"https:\/\/vremeplov.ba\/2025\/pruga-normalnog-kolosijeka\/dm_812_jz-2\/\",\"alt\":\"\",\"description\":\"\",\"caption\":\"\",\"mime\":\"image\/jpeg\",\"type\":\"image\",\"width\":950,\"height\":723,\"sizes\":{\"full\":{\"url\":\"https:\/\/vremeplov.ba\/2025\/wp-content\/uploads\/2025\/04\/DM_812_JZ-2.jpg\",\"height\":723,\"width\":950,\"orientation\":\"landscape\"}},\"imageMeta\":{\"aperture\":\"0\",\"credit\":\"Srecko Ignjatovic, Sarajevo, BiH\",\"camera\":\"\",\"caption\":\"\",\"created_timestamp\":\"1499868153\",\"copyright\":\"www.vremeplov.ba\",\"focal_length\":\"0\",\"iso\":\"0\",\"shutter_speed\":\"0\",\"title\":\"\",\"orientation\":\"1\",\"keywords\":[\"normalni kolosijek\",\"bosnia rail\",\"bosna\",\"vremeplov\",\"Motor 812\",\"DM 812\",\"Banja Luka\"]},\"meta\":false,\"postlink\":\"https:\/\/vremeplov.ba\/2025\/pruga-normalnog-kolosijeka\/dm_812_jz-2\/\"},{\"id\":21556,\"title\":\"DMU_812_Gosa\",\"url\":\"https:\/\/vremeplov.ba\/2025\/wp-content\/uploads\/2025\/04\/DMU_812_Gosa.jpg\",\"link\":\"https:\/\/vremeplov.ba\/2025\/pruga-normalnog-kolosijeka\/dmu_812_gosa\/\",\"alt\":\"\",\"description\":\"\",\"caption\":\"\",\"mime\":\"image\/jpeg\",\"type\":\"image\",\"width\":950,\"height\":402,\"sizes\":{\"full\":{\"url\":\"https:\/\/vremeplov.ba\/2025\/wp-content\/uploads\/2025\/04\/DMU_812_Gosa.jpg\",\"height\":402,\"width\":950,\"orientation\":\"landscape\"}},\"imageMeta\":{\"aperture\":\"0\",\"credit\":\"Sre\u0107ko Ignjatovi\u0107 Sarajevo BiH\",\"camera\":\"\",\"caption\":\"\",\"created_timestamp\":\"0\",\"copyright\":\"www.photogalerija.com\",\"focal_length\":\"0\",\"iso\":\"0\",\"shutter_speed\":\"0\",\"title\":\"\",\"orientation\":\"1\",\"keywords\":[\"Normani kolosijek\",\"EMV 411\",\"\u0161inobus\",\"sarajevo novo\",\"\u017eeljeznica\"]},\"meta\":false,\"postlink\":\"https:\/\/vremeplov.ba\/2025\/pruga-normalnog-kolosijeka\/dmu_812_gosa\/\"},{\"id\":21557,\"title\":\"DMU_812_slika\",\"url\":\"https:\/\/vremeplov.ba\/2025\/wp-content\/uploads\/2025\/04\/DMU_812_slika.jpg\",\"link\":\"https:\/\/vremeplov.ba\/2025\/pruga-normalnog-kolosijeka\/dmu_812_slika\/\",\"alt\":\"\",\"description\":\"\",\"caption\":\"\",\"mime\":\"image\/jpeg\",\"type\":\"image\",\"width\":950,\"height\":841,\"sizes\":{\"full\":{\"url\":\"https:\/\/vremeplov.ba\/2025\/wp-content\/uploads\/2025\/04\/DMU_812_slika.jpg\",\"height\":841,\"width\":950,\"orientation\":\"landscape\"}},\"imageMeta\":{\"aperture\":\"0\",\"credit\":\"Sre\u0107ko Ignjatovi\u0107 Sarajevo BiH\",\"camera\":\"\",\"caption\":\"\",\"created_timestamp\":\"0\",\"copyright\":\"www.photogalerija.com\",\"focal_length\":\"0\",\"iso\":\"0\",\"shutter_speed\":\"0\",\"title\":\"\",\"orientation\":\"1\",\"keywords\":[\"Normalni kolosijek\",\"mostar\",\"konjic\",\"biha\u0107\",\"izgradnja\"]},\"meta\":false,\"postlink\":\"https:\/\/vremeplov.ba\/2025\/pruga-normalnog-kolosijeka\/dmu_812_slika\/\"},{\"id\":21558,\"title\":\"DMU_812_voznja\",\"url\":\"https:\/\/vremeplov.ba\/2025\/wp-content\/uploads\/2025\/04\/DMU_812_voznja.jpg\",\"link\":\"https:\/\/vremeplov.ba\/2025\/pruga-normalnog-kolosijeka\/dmu_812_voznja\/\",\"alt\":\"\",\"description\":\"\",\"caption\":\"\",\"mime\":\"image\/jpeg\",\"type\":\"image\",\"width\":950,\"height\":600,\"sizes\":{\"full\":{\"url\":\"https:\/\/vremeplov.ba\/2025\/wp-content\/uploads\/2025\/04\/DMU_812_voznja.jpg\",\"height\":600,\"width\":950,\"orientation\":\"landscape\"}},\"imageMeta\":{\"aperture\":\"0\",\"credit\":\"Sre\u0107ko Ignjatovi\u0107 Sarajevo BiH\",\"camera\":\"\",\"caption\":\"\",\"created_timestamp\":\"0\",\"copyright\":\"www.photogalerija.com\",\"focal_length\":\"0\",\"iso\":\"0\",\"shutter_speed\":\"0\",\"title\":\"\",\"orientation\":\"1\",\"keywords\":[\"Normalni kolosijek\",\"mostar\",\"konjic\",\"biha\u0107\",\"izgradnja\"]},\"meta\":false,\"postlink\":\"https:\/\/vremeplov.ba\/2025\/pruga-normalnog-kolosijeka\/dmu_812_voznja\/\"},{\"id\":21559,\"title\":\"Doboj_dmu_812\",\"url\":\"https:\/\/vremeplov.ba\/2025\/wp-content\/uploads\/2025\/04\/Doboj_dmu_812.jpg\",\"link\":\"https:\/\/vremeplov.ba\/2025\/pruga-normalnog-kolosijeka\/doboj_dmu_812\/\",\"alt\":\"\",\"description\":\"\",\"caption\":\"\",\"mime\":\"image\/jpeg\",\"type\":\"image\",\"width\":950,\"height\":702,\"sizes\":{\"full\":{\"url\":\"https:\/\/vremeplov.ba\/2025\/wp-content\/uploads\/2025\/04\/Doboj_dmu_812.jpg\",\"height\":702,\"width\":950,\"orientation\":\"landscape\"}},\"imageMeta\":{\"aperture\":\"0\",\"credit\":\"Sre\u0107ko Ignjatovi\u0107 Sarajevo BiH\",\"camera\":\"\",\"caption\":\"\",\"created_timestamp\":\"0\",\"copyright\":\"www.photogalerija.com\",\"focal_length\":\"0\",\"iso\":\"0\",\"shutter_speed\":\"0\",\"title\":\"\",\"orientation\":\"1\",\"keywords\":[\"Normalni kolosijek\",\"mostar\",\"konjic\",\"biha\u0107\",\"izgradnja\"]},\"meta\":false,\"postlink\":\"https:\/\/vremeplov.ba\/2025\/pruga-normalnog-kolosijeka\/doboj_dmu_812\/\"},{\"id\":21560,\"title\":\"Doboj_Lozionica_remont-1\",\"url\":\"https:\/\/vremeplov.ba\/2025\/wp-content\/uploads\/2025\/04\/Doboj_Lozionica_remont-1.jpg\",\"link\":\"https:\/\/vremeplov.ba\/2025\/pruga-normalnog-kolosijeka\/doboj_lozionica_remont-1\/\",\"alt\":\"\",\"description\":\"\",\"caption\":\"\",\"mime\":\"image\/jpeg\",\"type\":\"image\",\"width\":950,\"height\":731,\"sizes\":{\"full\":{\"url\":\"https:\/\/vremeplov.ba\/2025\/wp-content\/uploads\/2025\/04\/Doboj_Lozionica_remont-1.jpg\",\"height\":731,\"width\":950,\"orientation\":\"landscape\"}},\"imageMeta\":{\"aperture\":\"0\",\"credit\":\"Srecko Ignjatovic, Sarajevo, BiH\",\"camera\":\"\",\"caption\":\"\",\"created_timestamp\":\"1486314821\",\"copyright\":\"www.vremeplov.ba\",\"focal_length\":\"0\",\"iso\":\"0\",\"shutter_speed\":\"0\",\"title\":\"\",\"orientation\":\"1\",\"keywords\":[\"normalni kolosijek\",\"\u017eeljeznica\",\"vozovi\",\"vremeplov\",\"stanice\",\"\u0161ine\",\"remont\",\"bihac\",\"unska pruga\"]},\"meta\":false,\"postlink\":\"https:\/\/vremeplov.ba\/2025\/pruga-normalnog-kolosijeka\/doboj_lozionica_remont-1\/\"},{\"id\":21561,\"title\":\"Doboj_Lozionica_remont-2\",\"url\":\"https:\/\/vremeplov.ba\/2025\/wp-content\/uploads\/2025\/04\/Doboj_Lozionica_remont-2.jpg\",\"link\":\"https:\/\/vremeplov.ba\/2025\/pruga-normalnog-kolosijeka\/doboj_lozionica_remont-2\/\",\"alt\":\"\",\"description\":\"\",\"caption\":\"\",\"mime\":\"image\/jpeg\",\"type\":\"image\",\"width\":950,\"height\":611,\"sizes\":{\"full\":{\"url\":\"https:\/\/vremeplov.ba\/2025\/wp-content\/uploads\/2025\/04\/Doboj_Lozionica_remont-2.jpg\",\"height\":611,\"width\":950,\"orientation\":\"landscape\"}},\"imageMeta\":{\"aperture\":\"0\",\"credit\":\"Srecko Ignjatovic, Sarajevo, BiH\",\"camera\":\"\",\"caption\":\"\",\"created_timestamp\":\"1486314823\",\"copyright\":\"www.vremeplov.ba\",\"focal_length\":\"0\",\"iso\":\"0\",\"shutter_speed\":\"0\",\"title\":\"\",\"orientation\":\"1\",\"keywords\":[\"normalni kolosijek\",\"\u017eeljeznica\",\"vozovi\",\"vremeplov\",\"stanice\",\"\u0161ine\",\"remont\",\"bihac\",\"unska pruga\"]},\"meta\":false,\"postlink\":\"https:\/\/vremeplov.ba\/2025\/pruga-normalnog-kolosijeka\/doboj_lozionica_remont-2\/\"},{\"id\":21562,\"title\":\"Doboj_Lozionica_remont-3\",\"url\":\"https:\/\/vremeplov.ba\/2025\/wp-content\/uploads\/2025\/04\/Doboj_Lozionica_remont-3.jpg\",\"link\":\"https:\/\/vremeplov.ba\/2025\/pruga-normalnog-kolosijeka\/doboj_lozionica_remont-3\/\",\"alt\":\"\",\"description\":\"\",\"caption\":\"\",\"mime\":\"image\/jpeg\",\"type\":\"image\",\"width\":950,\"height\":702,\"sizes\":{\"full\":{\"url\":\"https:\/\/vremeplov.ba\/2025\/wp-content\/uploads\/2025\/04\/Doboj_Lozionica_remont-3.jpg\",\"height\":702,\"width\":950,\"orientation\":\"landscape\"}},\"imageMeta\":{\"aperture\":\"0\",\"credit\":\"Srecko Ignjatovic, Sarajevo, BiH\",\"camera\":\"\",\"caption\":\"\",\"created_timestamp\":\"1486314825\",\"copyright\":\"www.vremeplov.ba\",\"focal_length\":\"0\",\"iso\":\"0\",\"shutter_speed\":\"0\",\"title\":\"\",\"orientation\":\"1\",\"keywords\":[\"normalni kolosijek\",\"\u017eeljeznica\",\"vozovi\",\"vremeplov\",\"stanice\",\"\u0161ine\",\"remont\",\"bihac\",\"unska pruga\"]},\"meta\":false,\"postlink\":\"https:\/\/vremeplov.ba\/2025\/pruga-normalnog-kolosijeka\/doboj_lozionica_remont-3\/\"},{\"id\":21563,\"title\":\"Doboj_Novi_n\",\"url\":\"https:\/\/vremeplov.ba\/2025\/wp-content\/uploads\/2025\/04\/Doboj_Novi_n.jpg\",\"link\":\"https:\/\/vremeplov.ba\/2025\/pruga-normalnog-kolosijeka\/doboj_novi_n\/\",\"alt\":\"\",\"description\":\"\",\"caption\":\"\",\"mime\":\"image\/jpeg\",\"type\":\"image\",\"width\":950,\"height\":677,\"sizes\":{\"full\":{\"url\":\"https:\/\/vremeplov.ba\/2025\/wp-content\/uploads\/2025\/04\/Doboj_Novi_n.jpg\",\"height\":677,\"width\":950,\"orientation\":\"landscape\"}},\"imageMeta\":{\"aperture\":\"0\",\"credit\":\"Sre\u0107ko Ignjatovi\u0107 Sarajevo BiH\",\"camera\":\"\",\"caption\":\"\",\"created_timestamp\":\"1448045903\",\"copyright\":\"www.photogalerija.com\",\"focal_length\":\"0\",\"iso\":\"0\",\"shutter_speed\":\"0\",\"title\":\"\",\"orientation\":\"1\",\"keywords\":[\"normalni kolosijek\",\"fotografije\",\"rajlovac\",\"doboj\",\"aleksin han\"]},\"meta\":false,\"postlink\":\"https:\/\/vremeplov.ba\/2025\/pruga-normalnog-kolosijeka\/doboj_novi_n\/\"},{\"id\":21564,\"title\":\"Doboj_radnicke_igre\",\"url\":\"https:\/\/vremeplov.ba\/2025\/wp-content\/uploads\/2025\/04\/Doboj_radnicke_igre.jpg\",\"link\":\"https:\/\/vremeplov.ba\/2025\/pruga-normalnog-kolosijeka\/doboj_radnicke_igre\/\",\"alt\":\"\",\"description\":\"\",\"caption\":\"\",\"mime\":\"image\/jpeg\",\"type\":\"image\",\"width\":950,\"height\":588,\"sizes\":{\"full\":{\"url\":\"https:\/\/vremeplov.ba\/2025\/wp-content\/uploads\/2025\/04\/Doboj_radnicke_igre.jpg\",\"height\":588,\"width\":950,\"orientation\":\"landscape\"}},\"imageMeta\":{\"aperture\":\"0\",\"credit\":\"Srecko Ignjatovic\",\"camera\":\"\",\"caption\":\"\",\"created_timestamp\":\"1556535325\",\"copyright\":\"www.vremeplov.ba\",\"focal_length\":\"0\",\"iso\":\"0\",\"shutter_speed\":\"0\",\"title\":\"\",\"orientation\":\"1\",\"keywords\":[\"vozovi\",\"\u017eeljeznica\",\"pruge\",\"Bosna\",\"J\u017d\",\"Dizelka\",\"Prvi voz\",\"vremeplov\",\"Doboj\"]},\"meta\":false,\"postlink\":\"https:\/\/vremeplov.ba\/2025\/pruga-normalnog-kolosijeka\/doboj_radnicke_igre\/\"},{\"id\":21565,\"title\":\"Doboj_ranzirna_stanica\",\"url\":\"https:\/\/vremeplov.ba\/2025\/wp-content\/uploads\/2025\/04\/Doboj_ranzirna_stanica.jpg\",\"link\":\"https:\/\/vremeplov.ba\/2025\/pruga-normalnog-kolosijeka\/doboj_ranzirna_stanica\/\",\"alt\":\"\",\"description\":\"\",\"caption\":\"\",\"mime\":\"image\/jpeg\",\"type\":\"image\",\"width\":950,\"height\":712,\"sizes\":{\"full\":{\"url\":\"https:\/\/vremeplov.ba\/2025\/wp-content\/uploads\/2025\/04\/Doboj_ranzirna_stanica.jpg\",\"height\":712,\"width\":950,\"orientation\":\"landscape\"}},\"imageMeta\":{\"aperture\":\"0\",\"credit\":\"Sre\u0107ko Ignjatovi\u0107 Sarajevo BiH\",\"camera\":\"\",\"caption\":\"\",\"created_timestamp\":\"0\",\"copyright\":\"www.photogalerija.com\",\"focal_length\":\"0\",\"iso\":\"0\",\"shutter_speed\":\"0\",\"title\":\"\",\"orientation\":\"1\",\"keywords\":[\"Normani kolosijek\",\"EMV 411\",\"\u0161inobus\",\"sarajevo novo\",\"\u017eeljeznica\"]},\"meta\":false,\"postlink\":\"https:\/\/vremeplov.ba\/2025\/pruga-normalnog-kolosijeka\/doboj_ranzirna_stanica\/\"},{\"id\":21566,\"title\":\"Doboj_Spreca\",\"url\":\"https:\/\/vremeplov.ba\/2025\/wp-content\/uploads\/2025\/04\/Doboj_Spreca.jpg\",\"link\":\"https:\/\/vremeplov.ba\/2025\/pruga-normalnog-kolosijeka\/doboj_spreca\/\",\"alt\":\"\",\"description\":\"\",\"caption\":\"\",\"mime\":\"image\/jpeg\",\"type\":\"image\",\"width\":950,\"height\":516,\"sizes\":{\"full\":{\"url\":\"https:\/\/vremeplov.ba\/2025\/wp-content\/uploads\/2025\/04\/Doboj_Spreca.jpg\",\"height\":516,\"width\":950,\"orientation\":\"landscape\"}},\"imageMeta\":{\"aperture\":\"0\",\"credit\":\"Srecko\",\"camera\":\"\",\"caption\":\"\",\"created_timestamp\":\"0\",\"copyright\":\"www.vremeplov.ba\",\"focal_length\":\"0\",\"iso\":\"0\",\"shutter_speed\":\"0\",\"title\":\"\",\"orientation\":\"1\",\"keywords\":[\"Normalni kolosijek\",\"vozovi\",\"\u017eeljeznica\",\"Bosna\",\"Sarajevo\",\"Kakanj\",\"Kardeljevo\",\"Maglaj\",\"Salon\",\"vremeplov\"]},\"meta\":false,\"postlink\":\"https:\/\/vremeplov.ba\/2025\/pruga-normalnog-kolosijeka\/doboj_spreca\/\"},{\"id\":21567,\"title\":\"Doboj_stanica_otvorenje\",\"url\":\"https:\/\/vremeplov.ba\/2025\/wp-content\/uploads\/2025\/04\/Doboj_stanica_otvorenje.jpg\",\"link\":\"https:\/\/vremeplov.ba\/2025\/pruga-normalnog-kolosijeka\/doboj_stanica_otvorenje\/\",\"alt\":\"\",\"description\":\"\",\"caption\":\"\",\"mime\":\"image\/jpeg\",\"type\":\"image\",\"width\":950,\"height\":671,\"sizes\":{\"full\":{\"url\":\"https:\/\/vremeplov.ba\/2025\/wp-content\/uploads\/2025\/04\/Doboj_stanica_otvorenje.jpg\",\"height\":671,\"width\":950,\"orientation\":\"landscape\"}},\"imageMeta\":{\"aperture\":\"0\",\"credit\":\"Sre\u0107ko Ignjatovi\u0107 Sarajevo BiH\",\"camera\":\"\",\"caption\":\"\",\"created_timestamp\":\"0\",\"copyright\":\"www.photogalerija.com\",\"focal_length\":\"0\",\"iso\":\"0\",\"shutter_speed\":\"0\",\"title\":\"\",\"orientation\":\"1\",\"keywords\":[\"normalni kolosijek\",\"istorija\",\"stanice\",\"\u017eeljeznica\"]},\"meta\":false,\"postlink\":\"https:\/\/vremeplov.ba\/2025\/pruga-normalnog-kolosijeka\/doboj_stanica_otvorenje\/\"},{\"id\":21568,\"title\":\"Doboj-1967\",\"url\":\"https:\/\/vremeplov.ba\/2025\/wp-content\/uploads\/2025\/04\/Doboj-1967.jpg\",\"link\":\"https:\/\/vremeplov.ba\/2025\/pruga-normalnog-kolosijeka\/doboj-1967\/\",\"alt\":\"\",\"description\":\"\",\"caption\":\"\",\"mime\":\"image\/jpeg\",\"type\":\"image\",\"width\":950,\"height\":676,\"sizes\":{\"full\":{\"url\":\"https:\/\/vremeplov.ba\/2025\/wp-content\/uploads\/2025\/04\/Doboj-1967.jpg\",\"height\":676,\"width\":950,\"orientation\":\"landscape\"}},\"imageMeta\":{\"aperture\":\"0\",\"credit\":\"Srecko Ignjatovic, Sarajevo, BiH\",\"camera\":\"\",\"caption\":\"\",\"created_timestamp\":\"0\",\"copyright\":\"www.photogalerija.com\",\"focal_length\":\"0\",\"iso\":\"0\",\"shutter_speed\":\"0\",\"title\":\"\",\"orientation\":\"1\",\"keywords\":[\"normalni kolosijek\",\"Sarajevo, Tuzla\",\"Zenica\",\"Doboj\",\"\u017ditomisli\u0107i\"]},\"meta\":false,\"postlink\":\"https:\/\/vremeplov.ba\/2025\/pruga-normalnog-kolosijeka\/doboj-1967\/\"},{\"id\":21569,\"title\":\"Doboj-1970\",\"url\":\"https:\/\/vremeplov.ba\/2025\/wp-content\/uploads\/2025\/04\/Doboj-1970.jpg\",\"link\":\"https:\/\/vremeplov.ba\/2025\/pruga-normalnog-kolosijeka\/doboj-1970\/\",\"alt\":\"\",\"description\":\"\",\"caption\":\"\",\"mime\":\"image\/jpeg\",\"type\":\"image\",\"width\":950,\"height\":622,\"sizes\":{\"full\":{\"url\":\"https:\/\/vremeplov.ba\/2025\/wp-content\/uploads\/2025\/04\/Doboj-1970.jpg\",\"height\":622,\"width\":950,\"orientation\":\"landscape\"}},\"imageMeta\":{\"aperture\":\"0\",\"credit\":\"Srecko\",\"camera\":\"\",\"caption\":\"\",\"created_timestamp\":\"0\",\"copyright\":\"www.vremeplov.ba\",\"focal_length\":\"0\",\"iso\":\"0\",\"shutter_speed\":\"0\",\"title\":\"\",\"orientation\":\"1\",\"keywords\":[\"\u017eeljeznica\",\"normalne pruge\",\"Bosna\",\"vremeplov\",\"istorija\",\"fotografije\",\"Doboj\"]},\"meta\":false,\"postlink\":\"https:\/\/vremeplov.ba\/2025\/pruga-normalnog-kolosijeka\/doboj-1970\/\"},{\"id\":21570,\"title\":\"Doboj-drugi-kolosijek\",\"url\":\"https:\/\/vremeplov.ba\/2025\/wp-content\/uploads\/2025\/04\/Doboj-drugi-kolosijek.jpg\",\"link\":\"https:\/\/vremeplov.ba\/2025\/pruga-normalnog-kolosijeka\/doboj-drugi-kolosijek\/\",\"alt\":\"\",\"description\":\"\",\"caption\":\"\",\"mime\":\"image\/jpeg\",\"type\":\"image\",\"width\":950,\"height\":667,\"sizes\":{\"full\":{\"url\":\"https:\/\/vremeplov.ba\/2025\/wp-content\/uploads\/2025\/04\/Doboj-drugi-kolosijek.jpg\",\"height\":667,\"width\":950,\"orientation\":\"landscape\"}},\"imageMeta\":{\"aperture\":\"0\",\"credit\":\"Srecko\",\"camera\":\"HP Scanjet 2400\",\"caption\":\"\",\"created_timestamp\":\"0\",\"copyright\":\"www.vremeplov.ba\",\"focal_length\":\"0\",\"iso\":\"0\",\"shutter_speed\":\"0\",\"title\":\"\",\"orientation\":\"1\",\"keywords\":[\"\u017eeljeznica\",\"normalne pruge\",\"Bosna\",\"vremeplov\",\"istorija\",\"fotografije\",\"Doboj\"]},\"meta\":false,\"postlink\":\"https:\/\/vremeplov.ba\/2025\/pruga-normalnog-kolosijeka\/doboj-drugi-kolosijek\/\"},{\"id\":21571,\"title\":\"Doboj-ranzirna-stanica\",\"url\":\"https:\/\/vremeplov.ba\/2025\/wp-content\/uploads\/2025\/04\/Doboj-ranzirna-stanica.jpg\",\"link\":\"https:\/\/vremeplov.ba\/2025\/pruga-normalnog-kolosijeka\/doboj-ranzirna-stanica\/\",\"alt\":\"\",\"description\":\"\",\"caption\":\"\",\"mime\":\"image\/jpeg\",\"type\":\"image\",\"width\":950,\"height\":722,\"sizes\":{\"full\":{\"url\":\"https:\/\/vremeplov.ba\/2025\/wp-content\/uploads\/2025\/04\/Doboj-ranzirna-stanica.jpg\",\"height\":722,\"width\":950,\"orientation\":\"landscape\"}},\"imageMeta\":{\"aperture\":\"0\",\"credit\":\"\",\"camera\":\"\",\"caption\":\"\",\"created_timestamp\":\"0\",\"copyright\":\"\",\"focal_length\":\"0\",\"iso\":\"0\",\"shutter_speed\":\"0\",\"title\":\"\",\"orientation\":\"1\",\"keywords\":[]},\"meta\":false,\"postlink\":\"https:\/\/vremeplov.ba\/2025\/pruga-normalnog-kolosijeka\/doboj-ranzirna-stanica\/\"},{\"id\":21572,\"title\":\"Doboj-ranzirna-stanica-1\",\"url\":\"https:\/\/vremeplov.ba\/2025\/wp-content\/uploads\/2025\/04\/Doboj-ranzirna-stanica-1.jpg\",\"link\":\"https:\/\/vremeplov.ba\/2025\/pruga-normalnog-kolosijeka\/doboj-ranzirna-stanica-1\/\",\"alt\":\"\",\"description\":\"\",\"caption\":\"\",\"mime\":\"image\/jpeg\",\"type\":\"image\",\"width\":717,\"height\":950,\"sizes\":{\"full\":{\"url\":\"https:\/\/vremeplov.ba\/2025\/wp-content\/uploads\/2025\/04\/Doboj-ranzirna-stanica-1.jpg\",\"height\":950,\"width\":717,\"orientation\":\"portrait\"}},\"imageMeta\":{\"aperture\":\"0\",\"credit\":\"\",\"camera\":\"\",\"caption\":\"\",\"created_timestamp\":\"0\",\"copyright\":\"\",\"focal_length\":\"0\",\"iso\":\"0\",\"shutter_speed\":\"0\",\"title\":\"\",\"orientation\":\"1\",\"keywords\":[]},\"meta\":false,\"postlink\":\"https:\/\/vremeplov.ba\/2025\/pruga-normalnog-kolosijeka\/doboj-ranzirna-stanica-1\/\"},{\"id\":21573,\"title\":\"Doboj-stanica\",\"url\":\"https:\/\/vremeplov.ba\/2025\/wp-content\/uploads\/2025\/04\/Doboj-stanica.jpg\",\"link\":\"https:\/\/vremeplov.ba\/2025\/pruga-normalnog-kolosijeka\/doboj-stanica\/\",\"alt\":\"\",\"description\":\"\",\"caption\":\"\",\"mime\":\"image\/jpeg\",\"type\":\"image\",\"width\":950,\"height\":915,\"sizes\":{\"full\":{\"url\":\"https:\/\/vremeplov.ba\/2025\/wp-content\/uploads\/2025\/04\/Doboj-stanica.jpg\",\"height\":915,\"width\":950,\"orientation\":\"landscape\"}},\"imageMeta\":{\"aperture\":\"0\",\"credit\":\"Srecko Ignjatovic, Sarajevo\",\"camera\":\"\",\"caption\":\"\",\"created_timestamp\":\"0\",\"copyright\":\"www.vremeplov.ba\",\"focal_length\":\"0\",\"iso\":\"0\",\"shutter_speed\":\"0\",\"title\":\"\",\"orientation\":\"1\",\"keywords\":[\"normalni\",\"kolosijek\",\"\u017eeljeznica\",\"Bosna\",\"vremeplov\",\"Doboj\"]},\"meta\":false,\"postlink\":\"https:\/\/vremeplov.ba\/2025\/pruga-normalnog-kolosijeka\/doboj-stanica\/\"},{\"id\":21574,\"title\":\"Doboj-strug\",\"url\":\"https:\/\/vremeplov.ba\/2025\/wp-content\/uploads\/2025\/04\/Doboj-strug.jpg\",\"link\":\"https:\/\/vremeplov.ba\/2025\/pruga-normalnog-kolosijeka\/doboj-strug\/\",\"alt\":\"\",\"description\":\"\",\"caption\":\"\",\"mime\":\"image\/jpeg\",\"type\":\"image\",\"width\":950,\"height\":673,\"sizes\":{\"full\":{\"url\":\"https:\/\/vremeplov.ba\/2025\/wp-content\/uploads\/2025\/04\/Doboj-strug.jpg\",\"height\":673,\"width\":950,\"orientation\":\"landscape\"}},\"imageMeta\":{\"aperture\":\"0\",\"credit\":\"Srecko\",\"camera\":\"\",\"caption\":\"\",\"created_timestamp\":\"0\",\"copyright\":\"www.vremeplov.ba\",\"focal_length\":\"0\",\"iso\":\"0\",\"shutter_speed\":\"0\",\"title\":\"\",\"orientation\":\"1\",\"keywords\":[\"\u017eeljeznica\",\"normalne pruge\",\"Bosna\",\"vremeplov\",\"istorija\",\"fotografije\",\"Doboj\"]},\"meta\":false,\"postlink\":\"https:\/\/vremeplov.ba\/2025\/pruga-normalnog-kolosijeka\/doboj-strug\/\"},{\"id\":21575,\"title\":\"Dogovor\",\"url\":\"https:\/\/vremeplov.ba\/2025\/wp-content\/uploads\/2025\/04\/Dogovor.jpg\",\"link\":\"https:\/\/vremeplov.ba\/2025\/pruga-normalnog-kolosijeka\/dogovor\/\",\"alt\":\"\",\"description\":\"\",\"caption\":\"\",\"mime\":\"image\/jpeg\",\"type\":\"image\",\"width\":947,\"height\":950,\"sizes\":{\"full\":{\"url\":\"https:\/\/vremeplov.ba\/2025\/wp-content\/uploads\/2025\/04\/Dogovor.jpg\",\"height\":950,\"width\":947,\"orientation\":\"portrait\"}},\"imageMeta\":{\"aperture\":\"0\",\"credit\":\"Sre\u0107ko Ignjatovi\u0107 Sarajevo BiH\",\"camera\":\"\",\"caption\":\"\",\"created_timestamp\":\"0\",\"copyright\":\"www.photogalerija.com\",\"focal_length\":\"0\",\"iso\":\"0\",\"shutter_speed\":\"0\",\"title\":\"\",\"orientation\":\"1\",\"keywords\":[\"normalni-kolosijek\"]},\"meta\":false,\"postlink\":\"https:\/\/vremeplov.ba\/2025\/pruga-normalnog-kolosijeka\/dogovor\/\"},{\"id\":21576,\"title\":\"Drezina\",\"url\":\"https:\/\/vremeplov.ba\/2025\/wp-content\/uploads\/2025\/04\/Drezina.jpg\",\"link\":\"https:\/\/vremeplov.ba\/2025\/pruga-normalnog-kolosijeka\/drezina\/\",\"alt\":\"\",\"description\":\"\",\"caption\":\"\",\"mime\":\"image\/jpeg\",\"type\":\"image\",\"width\":950,\"height\":604,\"sizes\":{\"full\":{\"url\":\"https:\/\/vremeplov.ba\/2025\/wp-content\/uploads\/2025\/04\/Drezina.jpg\",\"height\":604,\"width\":950,\"orientation\":\"landscape\"}},\"imageMeta\":{\"aperture\":\"0\",\"credit\":\"Sre\u0107ko Ignjatovi\u0107 Sarajevo BiH\",\"camera\":\"\",\"caption\":\"\",\"created_timestamp\":\"0\",\"copyright\":\"www.photogalerija.com\",\"focal_length\":\"0\",\"iso\":\"0\",\"shutter_speed\":\"0\",\"title\":\"\",\"orientation\":\"1\",\"keywords\":[\"normalni kolosijek\",\"fotografije\",\"rajlovac\",\"doboj\",\"aleksin han\"]},\"meta\":false,\"postlink\":\"https:\/\/vremeplov.ba\/2025\/pruga-normalnog-kolosijeka\/drezina\/\"},{\"id\":21577,\"title\":\"Duboki_potok_st\",\"url\":\"https:\/\/vremeplov.ba\/2025\/wp-content\/uploads\/2025\/04\/Duboki_potok_st.jpg\",\"link\":\"https:\/\/vremeplov.ba\/2025\/pruga-normalnog-kolosijeka\/duboki_potok_st\/\",\"alt\":\"\",\"description\":\"\",\"caption\":\"\",\"mime\":\"image\/jpeg\",\"type\":\"image\",\"width\":950,\"height\":553,\"sizes\":{\"full\":{\"url\":\"https:\/\/vremeplov.ba\/2025\/wp-content\/uploads\/2025\/04\/Duboki_potok_st.jpg\",\"height\":553,\"width\":950,\"orientation\":\"landscape\"}},\"imageMeta\":{\"aperture\":\"0\",\"credit\":\"Srecko Ignjatovic, Sarajevo, BiH\",\"camera\":\"\",\"caption\":\"\",\"created_timestamp\":\"1486315191\",\"copyright\":\"www.vremeplov.ba\",\"focal_length\":\"0\",\"iso\":\"0\",\"shutter_speed\":\"0\",\"title\":\"\",\"orientation\":\"1\",\"keywords\":[\"normalni kolosijek\",\"\u017eeljeznica\",\"vozovi\",\"vremeplov\",\"stanice\",\"\u0161ine\",\"remont\",\"Duboko Potok\"]},\"meta\":false,\"postlink\":\"https:\/\/vremeplov.ba\/2025\/pruga-normalnog-kolosijeka\/duboki_potok_st\/\"},{\"id\":21578,\"title\":\"Duboki-Potok\",\"url\":\"https:\/\/vremeplov.ba\/2025\/wp-content\/uploads\/2025\/04\/Duboki-Potok.jpg\",\"link\":\"https:\/\/vremeplov.ba\/2025\/pruga-normalnog-kolosijeka\/duboki-potok\/\",\"alt\":\"\",\"description\":\"\",\"caption\":\"\",\"mime\":\"image\/jpeg\",\"type\":\"image\",\"width\":950,\"height\":664,\"sizes\":{\"full\":{\"url\":\"https:\/\/vremeplov.ba\/2025\/wp-content\/uploads\/2025\/04\/Duboki-Potok.jpg\",\"height\":664,\"width\":950,\"orientation\":\"landscape\"}},\"imageMeta\":{\"aperture\":\"0\",\"credit\":\"Sre\u0107ko Ignjatovi\u0107 Sarajevo BiH\",\"camera\":\"\",\"caption\":\"\",\"created_timestamp\":\"0\",\"copyright\":\"www.photogalerija.com\",\"focal_length\":\"0\",\"iso\":\"0\",\"shutter_speed\":\"0\",\"title\":\"\",\"orientation\":\"1\",\"keywords\":[\"normalni-kolosijek\"]},\"meta\":false,\"postlink\":\"https:\/\/vremeplov.ba\/2025\/pruga-normalnog-kolosijeka\/duboki-potok\/\"},{\"id\":21579,\"title\":\"elek_Sarajevo_Vrpolje_Doboj-4\",\"url\":\"https:\/\/vremeplov.ba\/2025\/wp-content\/uploads\/2025\/04\/elek_Sarajevo_Vrpolje_Doboj-4.jpg\",\"link\":\"https:\/\/vremeplov.ba\/2025\/pruga-normalnog-kolosijeka\/elek_sarajevo_vrpolje_doboj-4\/\",\"alt\":\"\",\"description\":\"\",\"caption\":\"\",\"mime\":\"image\/jpeg\",\"type\":\"image\",\"width\":950,\"height\":692,\"sizes\":{\"full\":{\"url\":\"https:\/\/vremeplov.ba\/2025\/wp-content\/uploads\/2025\/04\/elek_Sarajevo_Vrpolje_Doboj-4.jpg\",\"height\":692,\"width\":950,\"orientation\":\"landscape\"}},\"imageMeta\":{\"aperture\":\"0\",\"credit\":\"Sre\u0107ko Ignjatovi\u0107 Sarajevo BiH\",\"camera\":\"\",\"caption\":\"\",\"created_timestamp\":\"0\",\"copyright\":\"www.photogalerija.com\",\"focal_length\":\"0\",\"iso\":\"0\",\"shutter_speed\":\"0\",\"title\":\"\",\"orientation\":\"1\",\"keywords\":[\"elektrifikacija pruge\",\"Sarajevo\",\"Doboj\",\"Zenica\",\"Oslobo\u0111enj\",\"Jahorina ekspres\"]},\"meta\":false,\"postlink\":\"https:\/\/vremeplov.ba\/2025\/pruga-normalnog-kolosijeka\/elek_sarajevo_vrpolje_doboj-4\/\"},{\"id\":21580,\"title\":\"elek_Sarajevo_Vrpolje_Doboj-5\",\"url\":\"https:\/\/vremeplov.ba\/2025\/wp-content\/uploads\/2025\/04\/elek_Sarajevo_Vrpolje_Doboj-5.jpg\",\"link\":\"https:\/\/vremeplov.ba\/2025\/pruga-normalnog-kolosijeka\/elek_sarajevo_vrpolje_doboj-5\/\",\"alt\":\"\",\"description\":\"\",\"caption\":\"\",\"mime\":\"image\/jpeg\",\"type\":\"image\",\"width\":950,\"height\":638,\"sizes\":{\"full\":{\"url\":\"https:\/\/vremeplov.ba\/2025\/wp-content\/uploads\/2025\/04\/elek_Sarajevo_Vrpolje_Doboj-5.jpg\",\"height\":638,\"width\":950,\"orientation\":\"landscape\"}},\"imageMeta\":{\"aperture\":\"0\",\"credit\":\"Sre\u0107ko Ignjatovi\u0107 Sarajevo BiH\",\"camera\":\"\",\"caption\":\"\",\"created_timestamp\":\"0\",\"copyright\":\"www.photogalerija.com\",\"focal_length\":\"0\",\"iso\":\"0\",\"shutter_speed\":\"0\",\"title\":\"\",\"orientation\":\"1\",\"keywords\":[\"elektrifikacija pruge\",\"Sarajevo\",\"Doboj\",\"Zenica\",\"Oslobo\u0111enj\",\"Jahorina ekspres\"]},\"meta\":false,\"postlink\":\"https:\/\/vremeplov.ba\/2025\/pruga-normalnog-kolosijeka\/elek_sarajevo_vrpolje_doboj-5\/\"},{\"id\":21581,\"title\":\"elek_Sarajevo_Vrpolje_Doboj-6\",\"url\":\"https:\/\/vremeplov.ba\/2025\/wp-content\/uploads\/2025\/04\/elek_Sarajevo_Vrpolje_Doboj-6.jpg\",\"link\":\"https:\/\/vremeplov.ba\/2025\/pruga-normalnog-kolosijeka\/elek_sarajevo_vrpolje_doboj-6\/\",\"alt\":\"\",\"description\":\"\",\"caption\":\"\",\"mime\":\"image\/jpeg\",\"type\":\"image\",\"width\":950,\"height\":707,\"sizes\":{\"full\":{\"url\":\"https:\/\/vremeplov.ba\/2025\/wp-content\/uploads\/2025\/04\/elek_Sarajevo_Vrpolje_Doboj-6.jpg\",\"height\":707,\"width\":950,\"orientation\":\"landscape\"}},\"imageMeta\":{\"aperture\":\"0\",\"credit\":\"Sre\u0107ko Ignjatovi\u0107 Sarajevo BiH\",\"camera\":\"\",\"caption\":\"\",\"created_timestamp\":\"0\",\"copyright\":\"www.photogalerija.com\",\"focal_length\":\"0\",\"iso\":\"0\",\"shutter_speed\":\"0\",\"title\":\"\",\"orientation\":\"1\",\"keywords\":[\"elektrifikacija pruge\",\"Sarajevo\",\"Doboj\",\"Zenica\",\"Oslobo\u0111enj\",\"Jahorina ekspres\"]},\"meta\":false,\"postlink\":\"https:\/\/vremeplov.ba\/2025\/pruga-normalnog-kolosijeka\/elek_sarajevo_vrpolje_doboj-6\/\"},{\"id\":21582,\"title\":\"elek_Sarajevo_Vrpolje-1\",\"url\":\"https:\/\/vremeplov.ba\/2025\/wp-content\/uploads\/2025\/04\/elek_Sarajevo_Vrpolje-1.jpg\",\"link\":\"https:\/\/vremeplov.ba\/2025\/pruga-normalnog-kolosijeka\/elek_sarajevo_vrpolje-1\/\",\"alt\":\"\",\"description\":\"\",\"caption\":\"\",\"mime\":\"image\/jpeg\",\"type\":\"image\",\"width\":950,\"height\":722,\"sizes\":{\"full\":{\"url\":\"https:\/\/vremeplov.ba\/2025\/wp-content\/uploads\/2025\/04\/elek_Sarajevo_Vrpolje-1.jpg\",\"height\":722,\"width\":950,\"orientation\":\"landscape\"}},\"imageMeta\":{\"aperture\":\"0\",\"credit\":\"Sre\u0107ko Ignjatovi\u0107 Sarajevo BiH\",\"camera\":\"\",\"caption\":\"\",\"created_timestamp\":\"0\",\"copyright\":\"www.photogalerija.com\",\"focal_length\":\"0\",\"iso\":\"0\",\"shutter_speed\":\"0\",\"title\":\"\",\"orientation\":\"1\",\"keywords\":[\"elektrifikacija pruge\",\"Sarajevo\",\"Doboj\",\"Zenica\",\"Oslobo\u0111enj\",\"Jahorina ekspres\"]},\"meta\":false,\"postlink\":\"https:\/\/vremeplov.ba\/2025\/pruga-normalnog-kolosijeka\/elek_sarajevo_vrpolje-1\/\"},{\"id\":21583,\"title\":\"elek_Sarajevo_Vrpolje-2\",\"url\":\"https:\/\/vremeplov.ba\/2025\/wp-content\/uploads\/2025\/04\/elek_Sarajevo_Vrpolje-2.jpg\",\"link\":\"https:\/\/vremeplov.ba\/2025\/pruga-normalnog-kolosijeka\/elek_sarajevo_vrpolje-2\/\",\"alt\":\"\",\"description\":\"\",\"caption\":\"\",\"mime\":\"image\/jpeg\",\"type\":\"image\",\"width\":716,\"height\":950,\"sizes\":{\"full\":{\"url\":\"https:\/\/vremeplov.ba\/2025\/wp-content\/uploads\/2025\/04\/elek_Sarajevo_Vrpolje-2.jpg\",\"height\":950,\"width\":716,\"orientation\":\"portrait\"}},\"imageMeta\":{\"aperture\":\"0\",\"credit\":\"Sre\u0107ko Ignjatovi\u0107 Sarajevo BiH\",\"camera\":\"\",\"caption\":\"\",\"created_timestamp\":\"0\",\"copyright\":\"www.photogalerija.com\",\"focal_length\":\"0\",\"iso\":\"0\",\"shutter_speed\":\"0\",\"title\":\"\",\"orientation\":\"1\",\"keywords\":[\"elektrifikacija pruge\",\"Sarajevo\",\"Doboj\",\"Zenica\",\"Oslobo\u0111enj\",\"Jahorina ekspres\"]},\"meta\":false,\"postlink\":\"https:\/\/vremeplov.ba\/2025\/pruga-normalnog-kolosijeka\/elek_sarajevo_vrpolje-2\/\"},{\"id\":21584,\"title\":\"elek_Sarajevo_Vrpolje-3\",\"url\":\"https:\/\/vremeplov.ba\/2025\/wp-content\/uploads\/2025\/04\/elek_Sarajevo_Vrpolje-3.jpg\",\"link\":\"https:\/\/vremeplov.ba\/2025\/pruga-normalnog-kolosijeka\/elek_sarajevo_vrpolje-3\/\",\"alt\":\"\",\"description\":\"\",\"caption\":\"\",\"mime\":\"image\/jpeg\",\"type\":\"image\",\"width\":950,\"height\":699,\"sizes\":{\"full\":{\"url\":\"https:\/\/vremeplov.ba\/2025\/wp-content\/uploads\/2025\/04\/elek_Sarajevo_Vrpolje-3.jpg\",\"height\":699,\"width\":950,\"orientation\":\"landscape\"}},\"imageMeta\":{\"aperture\":\"0\",\"credit\":\"Sre\u0107ko Ignjatovi\u0107 Sarajevo BiH\",\"camera\":\"\",\"caption\":\"\",\"created_timestamp\":\"0\",\"copyright\":\"www.photogalerija.com\",\"focal_length\":\"0\",\"iso\":\"0\",\"shutter_speed\":\"0\",\"title\":\"\",\"orientation\":\"1\",\"keywords\":[\"elektrifikacija pruge\",\"Sarajevo\",\"Doboj\",\"Zenica\",\"Oslobo\u0111enj\",\"Jahorina ekspres\"]},\"meta\":false,\"postlink\":\"https:\/\/vremeplov.ba\/2025\/pruga-normalnog-kolosijeka\/elek_sarajevo_vrpolje-3\/\"},{\"id\":21585,\"title\":\"Elektrifikacija_Unska_pruga\",\"url\":\"https:\/\/vremeplov.ba\/2025\/wp-content\/uploads\/2025\/04\/Elektrifikacija_Unska_pruga.jpg\",\"link\":\"https:\/\/vremeplov.ba\/2025\/pruga-normalnog-kolosijeka\/elektrifikacija_unska_pruga\/\",\"alt\":\"\",\"description\":\"\",\"caption\":\"\",\"mime\":\"image\/jpeg\",\"type\":\"image\",\"width\":950,\"height\":610,\"sizes\":{\"full\":{\"url\":\"https:\/\/vremeplov.ba\/2025\/wp-content\/uploads\/2025\/04\/Elektrifikacija_Unska_pruga.jpg\",\"height\":610,\"width\":950,\"orientation\":\"landscape\"}},\"imageMeta\":{\"aperture\":\"0\",\"credit\":\"Srecko\",\"camera\":\"\",\"caption\":\"\",\"created_timestamp\":\"0\",\"copyright\":\"www.vremeplov.ba\",\"focal_length\":\"0\",\"iso\":\"0\",\"shutter_speed\":\"0\",\"title\":\"\",\"orientation\":\"1\",\"keywords\":[\"Normalni\",\"Kolosijek\",\"vozovi\",\"pruge\",\"\u017eeljeznice\",\"Bosna\",\"vremeplov\"]},\"meta\":false,\"postlink\":\"https:\/\/vremeplov.ba\/2025\/pruga-normalnog-kolosijeka\/elektrifikacija_unska_pruga\/\"},{\"id\":21586,\"title\":\"Elektro-motorni-voz-Olimpik\",\"url\":\"https:\/\/vremeplov.ba\/2025\/wp-content\/uploads\/2025\/04\/Elektro-motorni-voz-Olimpik.jpg\",\"link\":\"https:\/\/vremeplov.ba\/2025\/pruga-normalnog-kolosijeka\/elektro-motorni-voz-olimpik\/\",\"alt\":\"\",\"description\":\"\",\"caption\":\"\",\"mime\":\"image\/jpeg\",\"type\":\"image\",\"width\":950,\"height\":708,\"sizes\":{\"full\":{\"url\":\"https:\/\/vremeplov.ba\/2025\/wp-content\/uploads\/2025\/04\/Elektro-motorni-voz-Olimpik.jpg\",\"height\":708,\"width\":950,\"orientation\":\"landscape\"}},\"imageMeta\":{\"aperture\":\"0\",\"credit\":\"\",\"camera\":\"\",\"caption\":\"\",\"created_timestamp\":\"0\",\"copyright\":\"\",\"focal_length\":\"0\",\"iso\":\"0\",\"shutter_speed\":\"0\",\"title\":\"\",\"orientation\":\"1\",\"keywords\":[]},\"meta\":false,\"postlink\":\"https:\/\/vremeplov.ba\/2025\/pruga-normalnog-kolosijeka\/elektro-motorni-voz-olimpik\/\"},{\"id\":21587,\"title\":\"emg_411_olimpik_enterijer-1\",\"url\":\"https:\/\/vremeplov.ba\/2025\/wp-content\/uploads\/2025\/04\/emg_411_olimpik_enterijer-1.jpg\",\"link\":\"https:\/\/vremeplov.ba\/2025\/pruga-normalnog-kolosijeka\/emg_411_olimpik_enterijer-1\/\",\"alt\":\"\",\"description\":\"\",\"caption\":\"\",\"mime\":\"image\/jpeg\",\"type\":\"image\",\"width\":1475,\"height\":2064,\"sizes\":{\"full\":{\"url\":\"https:\/\/vremeplov.ba\/2025\/wp-content\/uploads\/2025\/04\/emg_411_olimpik_enterijer-1.jpg\",\"height\":2064,\"width\":1475,\"orientation\":\"portrait\"}},\"imageMeta\":{\"aperture\":\"0\",\"credit\":\"Srecko Ignjatovic, Sarajevo\",\"camera\":\"HP Scanjet 2400\",\"caption\":\"\",\"created_timestamp\":\"0\",\"copyright\":\"www.vremeplov.ba\",\"focal_length\":\"0\",\"iso\":\"0\",\"shutter_speed\":\"0\",\"title\":\"\",\"orientation\":\"1\",\"keywords\":[\"vozovi\",\"\u017eeljeznice\",\"pruge\",\"Bosna\",\"kolosijek\",\"Sarajevo\",\"Olimpik\",\"Ekspres\",\"elektromotorne\",\"garniture\",\"MAVAD\",\"vremeplov\"]},\"meta\":false,\"postlink\":\"https:\/\/vremeplov.ba\/2025\/pruga-normalnog-kolosijeka\/emg_411_olimpik_enterijer-1\/\"},{\"id\":21588,\"title\":\"emg_411_olimpik_enterijer-2\",\"url\":\"https:\/\/vremeplov.ba\/2025\/wp-content\/uploads\/2025\/04\/emg_411_olimpik_enterijer-2.jpg\",\"link\":\"https:\/\/vremeplov.ba\/2025\/pruga-normalnog-kolosijeka\/emg_411_olimpik_enterijer-2\/\",\"alt\":\"\",\"description\":\"\",\"caption\":\"\",\"mime\":\"image\/jpeg\",\"type\":\"image\",\"width\":950,\"height\":678,\"sizes\":{\"full\":{\"url\":\"https:\/\/vremeplov.ba\/2025\/wp-content\/uploads\/2025\/04\/emg_411_olimpik_enterijer-2.jpg\",\"height\":678,\"width\":950,\"orientation\":\"landscape\"}},\"imageMeta\":{\"aperture\":\"0\",\"credit\":\"Srecko Ignjatovic, Sarajevo\",\"camera\":\"HP Scanjet 2400\",\"caption\":\"\",\"created_timestamp\":\"0\",\"copyright\":\"www.vremeplov.ba\",\"focal_length\":\"0\",\"iso\":\"0\",\"shutter_speed\":\"0\",\"title\":\"\",\"orientation\":\"1\",\"keywords\":[\"vozovi\",\"\u017eeljeznice\",\"pruge\",\"Bosna\",\"kolosijek\",\"Sarajevo\",\"Olimpik\",\"Ekspres\",\"elektromotorne\",\"garniture\",\"MAVAD\",\"vremeplov\"]},\"meta\":false,\"postlink\":\"https:\/\/vremeplov.ba\/2025\/pruga-normalnog-kolosijeka\/emg_411_olimpik_enterijer-2\/\"},{\"id\":21589,\"title\":\"emg_411_olimpik_enterijer-3\",\"url\":\"https:\/\/vremeplov.ba\/2025\/wp-content\/uploads\/2025\/04\/emg_411_olimpik_enterijer-3.jpg\",\"link\":\"https:\/\/vremeplov.ba\/2025\/pruga-normalnog-kolosijeka\/emg_411_olimpik_enterijer-3\/\",\"alt\":\"\",\"description\":\"\",\"caption\":\"\",\"mime\":\"image\/jpeg\",\"type\":\"image\",\"width\":950,\"height\":679,\"sizes\":{\"full\":{\"url\":\"https:\/\/vremeplov.ba\/2025\/wp-content\/uploads\/2025\/04\/emg_411_olimpik_enterijer-3.jpg\",\"height\":679,\"width\":950,\"orientation\":\"landscape\"}},\"imageMeta\":{\"aperture\":\"0\",\"credit\":\"Srecko Ignjatovic, Sarajevo\",\"camera\":\"HP Scanjet 2400\",\"caption\":\"\",\"created_timestamp\":\"0\",\"copyright\":\"www.vremeplov.ba\",\"focal_length\":\"0\",\"iso\":\"0\",\"shutter_speed\":\"0\",\"title\":\"\",\"orientation\":\"1\",\"keywords\":[\"vozovi\",\"\u017eeljeznice\",\"pruge\",\"Bosna\",\"kolosijek\",\"Sarajevo\",\"Olimpik\",\"Ekspres\",\"elektromotorne\",\"garniture\",\"MAVAD\",\"vremeplov\"]},\"meta\":false,\"postlink\":\"https:\/\/vremeplov.ba\/2025\/pruga-normalnog-kolosijeka\/emg_411_olimpik_enterijer-3\/\"},{\"id\":21590,\"title\":\"emg_411_olimpik_enterijer-4\",\"url\":\"https:\/\/vremeplov.ba\/2025\/wp-content\/uploads\/2025\/04\/emg_411_olimpik_enterijer-4.jpg\",\"link\":\"https:\/\/vremeplov.ba\/2025\/pruga-normalnog-kolosijeka\/emg_411_olimpik_enterijer-4\/\",\"alt\":\"\",\"description\":\"\",\"caption\":\"\",\"mime\":\"image\/jpeg\",\"type\":\"image\",\"width\":950,\"height\":678,\"sizes\":{\"full\":{\"url\":\"https:\/\/vremeplov.ba\/2025\/wp-content\/uploads\/2025\/04\/emg_411_olimpik_enterijer-4.jpg\",\"height\":678,\"width\":950,\"orientation\":\"landscape\"}},\"imageMeta\":{\"aperture\":\"0\",\"credit\":\"Srecko Ignjatovic, Sarajevo\",\"camera\":\"HP Scanjet 2400\",\"caption\":\"\",\"created_timestamp\":\"0\",\"copyright\":\"www.vremeplov.ba\",\"focal_length\":\"0\",\"iso\":\"0\",\"shutter_speed\":\"0\",\"title\":\"\",\"orientation\":\"1\",\"keywords\":[\"vozovi\",\"\u017eeljeznice\",\"pruge\",\"Bosna\",\"kolosijek\",\"Sarajevo\",\"Olimpik\",\"Ekspres\",\"elektromotorne\",\"garniture\",\"MAVAD\",\"vremeplov\"]},\"meta\":false,\"postlink\":\"https:\/\/vremeplov.ba\/2025\/pruga-normalnog-kolosijeka\/emg_411_olimpik_enterijer-4\/\"},{\"id\":21591,\"title\":\"emg_411_olimpik_enterijer-5\",\"url\":\"https:\/\/vremeplov.ba\/2025\/wp-content\/uploads\/2025\/04\/emg_411_olimpik_enterijer-5.jpg\",\"link\":\"https:\/\/vremeplov.ba\/2025\/pruga-normalnog-kolosijeka\/emg_411_olimpik_enterijer-5\/\",\"alt\":\"\",\"description\":\"\",\"caption\":\"\",\"mime\":\"image\/jpeg\",\"type\":\"image\",\"width\":679,\"height\":950,\"sizes\":{\"full\":{\"url\":\"https:\/\/vremeplov.ba\/2025\/wp-content\/uploads\/2025\/04\/emg_411_olimpik_enterijer-5.jpg\",\"height\":950,\"width\":679,\"orientation\":\"portrait\"}},\"imageMeta\":{\"aperture\":\"0\",\"credit\":\"Srecko Ignjatovic, Sarajevo\",\"camera\":\"HP Scanjet 2400\",\"caption\":\"\",\"created_timestamp\":\"0\",\"copyright\":\"www.vremeplov.ba\",\"focal_length\":\"0\",\"iso\":\"0\",\"shutter_speed\":\"0\",\"title\":\"\",\"orientation\":\"1\",\"keywords\":[\"vozovi\",\"\u017eeljeznice\",\"pruge\",\"Bosna\",\"kolosijek\",\"Sarajevo\",\"Olimpik\",\"Ekspres\",\"elektromotorne\",\"garniture\",\"MAVAD\",\"vremeplov\"]},\"meta\":false,\"postlink\":\"https:\/\/vremeplov.ba\/2025\/pruga-normalnog-kolosijeka\/emg_411_olimpik_enterijer-5\/\"},{\"id\":21592,\"title\":\"emg_411_proba_olimpik_voz\",\"url\":\"https:\/\/vremeplov.ba\/2025\/wp-content\/uploads\/2025\/04\/emg_411_proba_olimpik_voz.jpg\",\"link\":\"https:\/\/vremeplov.ba\/2025\/pruga-normalnog-kolosijeka\/emg_411_proba_olimpik_voz\/\",\"alt\":\"\",\"description\":\"\",\"caption\":\"\",\"mime\":\"image\/jpeg\",\"type\":\"image\",\"width\":950,\"height\":747,\"sizes\":{\"full\":{\"url\":\"https:\/\/vremeplov.ba\/2025\/wp-content\/uploads\/2025\/04\/emg_411_proba_olimpik_voz.jpg\",\"height\":747,\"width\":950,\"orientation\":\"landscape\"}},\"imageMeta\":{\"aperture\":\"0\",\"credit\":\"Srecko\",\"camera\":\"HP Scanjet 2400\",\"caption\":\"\",\"created_timestamp\":\"0\",\"copyright\":\"www.vremeplov.ba\",\"focal_length\":\"0\",\"iso\":\"0\",\"shutter_speed\":\"0\",\"title\":\"\",\"orientation\":\"1\",\"keywords\":[\"Olimpik\",\"vozovi\",\"vremeplov\"]},\"meta\":false,\"postlink\":\"https:\/\/vremeplov.ba\/2025\/pruga-normalnog-kolosijeka\/emg_411_proba_olimpik_voz\/\"},{\"id\":21593,\"title\":\"EMG_Nenad\",\"url\":\"https:\/\/vremeplov.ba\/2025\/wp-content\/uploads\/2025\/04\/EMG_Nenad.jpg\",\"link\":\"https:\/\/vremeplov.ba\/2025\/pruga-normalnog-kolosijeka\/emg_nenad\/\",\"alt\":\"\",\"description\":\"\",\"caption\":\"\",\"mime\":\"image\/jpeg\",\"type\":\"image\",\"width\":669,\"height\":950,\"sizes\":{\"full\":{\"url\":\"https:\/\/vremeplov.ba\/2025\/wp-content\/uploads\/2025\/04\/EMG_Nenad.jpg\",\"height\":950,\"width\":669,\"orientation\":\"portrait\"}},\"imageMeta\":{\"aperture\":\"0\",\"credit\":\"Srecko Ignjatovic, Sarajevo\",\"camera\":\"HP Scanjet 2400\",\"caption\":\"\",\"created_timestamp\":\"0\",\"copyright\":\"www.vremeplov.ba\",\"focal_length\":\"0\",\"iso\":\"0\",\"shutter_speed\":\"0\",\"title\":\"\",\"orientation\":\"1\",\"keywords\":[\"vozovi\",\"\u017eeljeznice\",\"pruge\",\"Bosna\",\"kolosijek\",\"Sarajevo\",\"Olimpik\",\"Ekspres\",\"elektromotorne\",\"garniture\",\"MAVAD\",\"vremeplov\"]},\"meta\":false,\"postlink\":\"https:\/\/vremeplov.ba\/2025\/pruga-normalnog-kolosijeka\/emg_nenad\/\"},{\"id\":21594,\"title\":\"EMV\",\"url\":\"https:\/\/vremeplov.ba\/2025\/wp-content\/uploads\/2025\/04\/EMV.jpg\",\"link\":\"https:\/\/vremeplov.ba\/2025\/pruga-normalnog-kolosijeka\/emv\/\",\"alt\":\"\",\"description\":\"\",\"caption\":\"\",\"mime\":\"image\/jpeg\",\"type\":\"image\",\"width\":672,\"height\":950,\"sizes\":{\"full\":{\"url\":\"https:\/\/vremeplov.ba\/2025\/wp-content\/uploads\/2025\/04\/EMV.jpg\",\"height\":950,\"width\":672,\"orientation\":\"portrait\"}},\"imageMeta\":{\"aperture\":\"0\",\"credit\":\"Srecko\",\"camera\":\"\",\"caption\":\"\",\"created_timestamp\":\"1439238816\",\"copyright\":\"www.photogalerija.com\",\"focal_length\":\"0\",\"iso\":\"0\",\"shutter_speed\":\"0\",\"title\":\"\",\"orientation\":\"1\",\"keywords\":[\"emv mavag\",\"mavag , elektromotor , 411 , 415 , olimpik ,\"]},\"meta\":false,\"postlink\":\"https:\/\/vremeplov.ba\/2025\/pruga-normalnog-kolosijeka\/emv\/\"},{\"id\":21595,\"title\":\"emv_441_415\",\"url\":\"https:\/\/vremeplov.ba\/2025\/wp-content\/uploads\/2025\/04\/emv_441_415.jpg\",\"link\":\"https:\/\/vremeplov.ba\/2025\/pruga-normalnog-kolosijeka\/emv_441_415\/\",\"alt\":\"\",\"description\":\"\",\"caption\":\"\",\"mime\":\"image\/jpeg\",\"type\":\"image\",\"width\":950,\"height\":660,\"sizes\":{\"full\":{\"url\":\"https:\/\/vremeplov.ba\/2025\/wp-content\/uploads\/2025\/04\/emv_441_415.jpg\",\"height\":660,\"width\":950,\"orientation\":\"landscape\"}},\"imageMeta\":{\"aperture\":\"0\",\"credit\":\"Sre\u0107ko Ignjatovi\u0107 Sarajevo BiH\",\"camera\":\"HP Scanjet 2400\",\"caption\":\"\",\"created_timestamp\":\"0\",\"copyright\":\"www.photogalerija.com\",\"focal_length\":\"0\",\"iso\":\"0\",\"shutter_speed\":\"0\",\"title\":\"\",\"orientation\":\"1\",\"keywords\":[\"Normani kolosijek\",\"EMV 411\",\"\u0161inobus\",\"sarajevo novo\",\"\u017eeljeznica\"]},\"meta\":false,\"postlink\":\"https:\/\/vremeplov.ba\/2025\/pruga-normalnog-kolosijeka\/emv_441_415\/\"},{\"id\":21596,\"title\":\"emv_1978.\",\"url\":\"https:\/\/vremeplov.ba\/2025\/wp-content\/uploads\/2025\/04\/emv_1978.jpg\",\"link\":\"https:\/\/vremeplov.ba\/2025\/pruga-normalnog-kolosijeka\/emv_1978\/\",\"alt\":\"\",\"description\":\"\",\"caption\":\"\",\"mime\":\"image\/jpeg\",\"type\":\"image\",\"width\":950,\"height\":653,\"sizes\":{\"full\":{\"url\":\"https:\/\/vremeplov.ba\/2025\/wp-content\/uploads\/2025\/04\/emv_1978.jpg\",\"height\":653,\"width\":950,\"orientation\":\"landscape\"}},\"imageMeta\":{\"aperture\":\"0\",\"credit\":\"Srecko\",\"camera\":\"\",\"caption\":\"\",\"created_timestamp\":\"0\",\"copyright\":\"www.vremeplov.ba\",\"focal_length\":\"0\",\"iso\":\"0\",\"shutter_speed\":\"0\",\"title\":\"\",\"orientation\":\"1\",\"keywords\":[\"Kolosijek\",\"\u0161iroki\",\"normalni\",\"vozovi\",\"\u017eeljeznica\",\"putovanja\",\"uspomene\",\"vremeplov\",\"Sarajevo\",\"EMV\"]},\"meta\":false,\"postlink\":\"https:\/\/vremeplov.ba\/2025\/pruga-normalnog-kolosijeka\/emv_1978\/\"},{\"id\":21597,\"title\":\"emv_enterijer\",\"url\":\"https:\/\/vremeplov.ba\/2025\/wp-content\/uploads\/2025\/04\/emv_enterijer.jpg\",\"link\":\"https:\/\/vremeplov.ba\/2025\/pruga-normalnog-kolosijeka\/emv_enterijer\/\",\"alt\":\"\",\"description\":\"\",\"caption\":\"\",\"mime\":\"image\/jpeg\",\"type\":\"image\",\"width\":950,\"height\":666,\"sizes\":{\"full\":{\"url\":\"https:\/\/vremeplov.ba\/2025\/wp-content\/uploads\/2025\/04\/emv_enterijer.jpg\",\"height\":666,\"width\":950,\"orientation\":\"landscape\"}},\"imageMeta\":{\"aperture\":\"0\",\"credit\":\"Sre\u0107ko Ignjatovi\u0107 Sarajevo BiH\",\"camera\":\"HP Scanjet 2400\",\"caption\":\"\",\"created_timestamp\":\"0\",\"copyright\":\"www.photogalerija.com\",\"focal_length\":\"0\",\"iso\":\"0\",\"shutter_speed\":\"0\",\"title\":\"\",\"orientation\":\"1\",\"keywords\":[\"Normani kolosijek\",\"EMV 411\",\"\u0161inobus\",\"sarajevo novo\",\"\u017eeljeznica\"]},\"meta\":false,\"postlink\":\"https:\/\/vremeplov.ba\/2025\/pruga-normalnog-kolosijeka\/emv_enterijer\/\"},{\"id\":21598,\"title\":\"EMV_Rajlovac\",\"url\":\"https:\/\/vremeplov.ba\/2025\/wp-content\/uploads\/2025\/04\/EMV_Rajlovac.jpg\",\"link\":\"https:\/\/vremeplov.ba\/2025\/pruga-normalnog-kolosijeka\/emv_rajlovac\/\",\"alt\":\"\",\"description\":\"\",\"caption\":\"\",\"mime\":\"image\/jpeg\",\"type\":\"image\",\"width\":950,\"height\":662,\"sizes\":{\"full\":{\"url\":\"https:\/\/vremeplov.ba\/2025\/wp-content\/uploads\/2025\/04\/EMV_Rajlovac.jpg\",\"height\":662,\"width\":950,\"orientation\":\"landscape\"}},\"imageMeta\":{\"aperture\":\"0\",\"credit\":\"Sre\u0107ko Ignjatovi\u0107 Sarajevo BiH\",\"camera\":\"HP Scanjet 2400\",\"caption\":\"\",\"created_timestamp\":\"0\",\"copyright\":\"www.photogalerija.com\",\"focal_length\":\"0\",\"iso\":\"0\",\"shutter_speed\":\"0\",\"title\":\"\",\"orientation\":\"1\",\"keywords\":[\"Normani kolosijek, EMV 411\",\"\u017dAS Sarajevo\"]},\"meta\":false,\"postlink\":\"https:\/\/vremeplov.ba\/2025\/pruga-normalnog-kolosijeka\/emv_rajlovac\/\"},{\"id\":21599,\"title\":\"EMV-411\",\"url\":\"https:\/\/vremeplov.ba\/2025\/wp-content\/uploads\/2025\/04\/EMV-411.jpg\",\"link\":\"https:\/\/vremeplov.ba\/2025\/pruga-normalnog-kolosijeka\/emv-411\/\",\"alt\":\"\",\"description\":\"\",\"caption\":\"\",\"mime\":\"image\/jpeg\",\"type\":\"image\",\"width\":950,\"height\":647,\"sizes\":{\"full\":{\"url\":\"https:\/\/vremeplov.ba\/2025\/wp-content\/uploads\/2025\/04\/EMV-411.jpg\",\"height\":647,\"width\":950,\"orientation\":\"landscape\"}},\"imageMeta\":{\"aperture\":\"0\",\"credit\":\"\",\"camera\":\"\",\"caption\":\"\",\"created_timestamp\":\"0\",\"copyright\":\"\",\"focal_length\":\"0\",\"iso\":\"0\",\"shutter_speed\":\"0\",\"title\":\"\",\"orientation\":\"1\",\"keywords\":[]},\"meta\":false,\"postlink\":\"https:\/\/vremeplov.ba\/2025\/pruga-normalnog-kolosijeka\/emv-411\/\"},{\"id\":21600,\"title\":\"EMV-441-Kardeljevo\",\"url\":\"https:\/\/vremeplov.ba\/2025\/wp-content\/uploads\/2025\/04\/EMV-441-Kardeljevo.jpg\",\"link\":\"https:\/\/vremeplov.ba\/2025\/pruga-normalnog-kolosijeka\/emv-441-kardeljevo\/\",\"alt\":\"\",\"description\":\"\",\"caption\":\"\",\"mime\":\"image\/jpeg\",\"type\":\"image\",\"width\":950,\"height\":588,\"sizes\":{\"full\":{\"url\":\"https:\/\/vremeplov.ba\/2025\/wp-content\/uploads\/2025\/04\/EMV-441-Kardeljevo.jpg\",\"height\":588,\"width\":950,\"orientation\":\"landscape\"}},\"imageMeta\":{\"aperture\":\"0\",\"credit\":\"\",\"camera\":\"\",\"caption\":\"\",\"created_timestamp\":\"0\",\"copyright\":\"\",\"focal_length\":\"0\",\"iso\":\"0\",\"shutter_speed\":\"0\",\"title\":\"\",\"orientation\":\"1\",\"keywords\":[]},\"meta\":false,\"postlink\":\"https:\/\/vremeplov.ba\/2025\/pruga-normalnog-kolosijeka\/emv-441-kardeljevo\/\"},{\"id\":21601,\"title\":\"Foto-1-Bos_Suvo_Polje\",\"url\":\"https:\/\/vremeplov.ba\/2025\/wp-content\/uploads\/2025\/04\/Foto-1-Bos_Suvo_Polje.jpg\",\"link\":\"https:\/\/vremeplov.ba\/2025\/pruga-normalnog-kolosijeka\/foto-1-bos_suvo_polje\/\",\"alt\":\"\",\"description\":\"\",\"caption\":\"\",\"mime\":\"image\/jpeg\",\"type\":\"image\",\"width\":950,\"height\":693,\"sizes\":{\"full\":{\"url\":\"https:\/\/vremeplov.ba\/2025\/wp-content\/uploads\/2025\/04\/Foto-1-Bos_Suvo_Polje.jpg\",\"height\":693,\"width\":950,\"orientation\":\"landscape\"}},\"imageMeta\":{\"aperture\":\"0\",\"credit\":\"Srecko Ignjatovic, Sarajevo, BiH\",\"camera\":\"\",\"caption\":\"\",\"created_timestamp\":\"0\",\"copyright\":\"www.vremeplov.ba\",\"focal_length\":\"0\",\"iso\":\"0\",\"shutter_speed\":\"0\",\"title\":\"\",\"orientation\":\"1\",\"keywords\":[\"Normalni kolosijek\",\"vremeplov\",\"stare fotografije\",\"\u017eeljeznice bosne\",\"bosansko suvo polje\"]},\"meta\":false,\"postlink\":\"https:\/\/vremeplov.ba\/2025\/pruga-normalnog-kolosijeka\/foto-1-bos_suvo_polje\/\"},{\"id\":21602,\"title\":\"Foto-2-Bos_Poljana\",\"url\":\"https:\/\/vremeplov.ba\/2025\/wp-content\/uploads\/2025\/04\/Foto-2-Bos_Poljana.jpg\",\"link\":\"https:\/\/vremeplov.ba\/2025\/pruga-normalnog-kolosijeka\/foto-2-bos_poljana\/\",\"alt\":\"\",\"description\":\"\",\"caption\":\"\",\"mime\":\"image\/jpeg\",\"type\":\"image\",\"width\":702,\"height\":950,\"sizes\":{\"full\":{\"url\":\"https:\/\/vremeplov.ba\/2025\/wp-content\/uploads\/2025\/04\/Foto-2-Bos_Poljana.jpg\",\"height\":950,\"width\":702,\"orientation\":\"portrait\"}},\"imageMeta\":{\"aperture\":\"0\",\"credit\":\"Srecko Ignjatovic, Sarajevo, BiH\",\"camera\":\"\",\"caption\":\"\",\"created_timestamp\":\"0\",\"copyright\":\"www.vremeplov.ba\",\"focal_length\":\"0\",\"iso\":\"0\",\"shutter_speed\":\"0\",\"title\":\"\",\"orientation\":\"1\",\"keywords\":[\"Normalni kolosijek\",\"vremeplov\",\"stare fotografije\",\"\u017eeljeznice bosne\",\"Bosanska Poljana\"]},\"meta\":false,\"postlink\":\"https:\/\/vremeplov.ba\/2025\/pruga-normalnog-kolosijeka\/foto-2-bos_poljana\/\"},{\"id\":21603,\"title\":\"Foto-3-Bos_Poljana\",\"url\":\"https:\/\/vremeplov.ba\/2025\/wp-content\/uploads\/2025\/04\/Foto-3-Bos_Poljana.jpg\",\"link\":\"https:\/\/vremeplov.ba\/2025\/pruga-normalnog-kolosijeka\/foto-3-bos_poljana\/\",\"alt\":\"\",\"description\":\"\",\"caption\":\"\",\"mime\":\"image\/jpeg\",\"type\":\"image\",\"width\":892,\"height\":950,\"sizes\":{\"full\":{\"url\":\"https:\/\/vremeplov.ba\/2025\/wp-content\/uploads\/2025\/04\/Foto-3-Bos_Poljana.jpg\",\"height\":950,\"width\":892,\"orientation\":\"portrait\"}},\"imageMeta\":{\"aperture\":\"0\",\"credit\":\"Srecko Ignjatovic, Sarajevo, BiH\",\"camera\":\"\",\"caption\":\"\",\"created_timestamp\":\"0\",\"copyright\":\"www.vremeplov.ba\",\"focal_length\":\"0\",\"iso\":\"0\",\"shutter_speed\":\"0\",\"title\":\"\",\"orientation\":\"1\",\"keywords\":[\"Normalni kolosijek\",\"vremeplov\",\"stare fotografije\",\"\u017eeljeznice bosne\",\"Bosanska Poljana\"]},\"meta\":false,\"postlink\":\"https:\/\/vremeplov.ba\/2025\/pruga-normalnog-kolosijeka\/foto-3-bos_poljana\/\"},{\"id\":21604,\"title\":\"Foto-4-Tuzla\",\"url\":\"https:\/\/vremeplov.ba\/2025\/wp-content\/uploads\/2025\/04\/Foto-4-Tuzla.jpg\",\"link\":\"https:\/\/vremeplov.ba\/2025\/pruga-normalnog-kolosijeka\/foto-4-tuzla\/\",\"alt\":\"\",\"description\":\"\",\"caption\":\"\",\"mime\":\"image\/jpeg\",\"type\":\"image\",\"width\":950,\"height\":644,\"sizes\":{\"full\":{\"url\":\"https:\/\/vremeplov.ba\/2025\/wp-content\/uploads\/2025\/04\/Foto-4-Tuzla.jpg\",\"height\":644,\"width\":950,\"orientation\":\"landscape\"}},\"imageMeta\":{\"aperture\":\"0\",\"credit\":\"Srecko Ignjatovic, Sarajevo, BiH\",\"camera\":\"\",\"caption\":\"\",\"created_timestamp\":\"0\",\"copyright\":\"www.vremeplov.ba\",\"focal_length\":\"0\",\"iso\":\"0\",\"shutter_speed\":\"0\",\"title\":\"\",\"orientation\":\"1\",\"keywords\":[\"Normalni kolosijek\",\"vremeplov\",\"stare fotografije\",\"\u017eeljeznice bosne\",\"Tuzla\"]},\"meta\":false,\"postlink\":\"https:\/\/vremeplov.ba\/2025\/pruga-normalnog-kolosijeka\/foto-4-tuzla\/\"},{\"id\":21605,\"title\":\"Foto-5-Lukavac\",\"url\":\"https:\/\/vremeplov.ba\/2025\/wp-content\/uploads\/2025\/04\/Foto-5-Lukavac.jpg\",\"link\":\"https:\/\/vremeplov.ba\/2025\/pruga-normalnog-kolosijeka\/foto-5-lukavac\/\",\"alt\":\"\",\"description\":\"\",\"caption\":\"\",\"mime\":\"image\/jpeg\",\"type\":\"image\",\"width\":950,\"height\":623,\"sizes\":{\"full\":{\"url\":\"https:\/\/vremeplov.ba\/2025\/wp-content\/uploads\/2025\/04\/Foto-5-Lukavac.jpg\",\"height\":623,\"width\":950,\"orientation\":\"landscape\"}},\"imageMeta\":{\"aperture\":\"0\",\"credit\":\"Srecko Ignjatovic, Sarajevo, BiH\",\"camera\":\"\",\"caption\":\"\",\"created_timestamp\":\"0\",\"copyright\":\"www.vremeplov.ba\",\"focal_length\":\"0\",\"iso\":\"0\",\"shutter_speed\":\"0\",\"title\":\"\",\"orientation\":\"1\",\"keywords\":[\"Normalni kolosijek\",\"vremeplov\",\"stare fotografije\",\"\u017eeljeznice bosne\",\"Lukavac\"]},\"meta\":false,\"postlink\":\"https:\/\/vremeplov.ba\/2025\/pruga-normalnog-kolosijeka\/foto-5-lukavac\/\"},{\"id\":21606,\"title\":\"Foto-6-Doboj\",\"url\":\"https:\/\/vremeplov.ba\/2025\/wp-content\/uploads\/2025\/04\/Foto-6-Doboj.jpg\",\"link\":\"https:\/\/vremeplov.ba\/2025\/pruga-normalnog-kolosijeka\/foto-6-doboj\/\",\"alt\":\"\",\"description\":\"\",\"caption\":\"\",\"mime\":\"image\/jpeg\",\"type\":\"image\",\"width\":950,\"height\":621,\"sizes\":{\"full\":{\"url\":\"https:\/\/vremeplov.ba\/2025\/wp-content\/uploads\/2025\/04\/Foto-6-Doboj.jpg\",\"height\":621,\"width\":950,\"orientation\":\"landscape\"}},\"imageMeta\":{\"aperture\":\"0\",\"credit\":\"Srecko Ignjatovic, Sarajevo, BiH\",\"camera\":\"\",\"caption\":\"\",\"created_timestamp\":\"0\",\"copyright\":\"www.vremeplov.ba\",\"focal_length\":\"0\",\"iso\":\"0\",\"shutter_speed\":\"0\",\"title\":\"\",\"orientation\":\"1\",\"keywords\":[\"Normalni kolosijek\",\"vremeplov\",\"stare fotografije\",\"\u017eeljeznice bosne\",\"Doboj\"]},\"meta\":false,\"postlink\":\"https:\/\/vremeplov.ba\/2025\/pruga-normalnog-kolosijeka\/foto-6-doboj\/\"},{\"id\":21607,\"title\":\"Foto-7-Doboj\",\"url\":\"https:\/\/vremeplov.ba\/2025\/wp-content\/uploads\/2025\/04\/Foto-7-Doboj.jpg\",\"link\":\"https:\/\/vremeplov.ba\/2025\/pruga-normalnog-kolosijeka\/foto-7-doboj\/\",\"alt\":\"\",\"description\":\"\",\"caption\":\"\",\"mime\":\"image\/jpeg\",\"type\":\"image\",\"width\":950,\"height\":492,\"sizes\":{\"full\":{\"url\":\"https:\/\/vremeplov.ba\/2025\/wp-content\/uploads\/2025\/04\/Foto-7-Doboj.jpg\",\"height\":492,\"width\":950,\"orientation\":\"landscape\"}},\"imageMeta\":{\"aperture\":\"0\",\"credit\":\"Srecko Ignjatovic, Sarajevo, BiH\",\"camera\":\"\",\"caption\":\"\",\"created_timestamp\":\"0\",\"copyright\":\"www.vremeplov.ba\",\"focal_length\":\"0\",\"iso\":\"0\",\"shutter_speed\":\"0\",\"title\":\"\",\"orientation\":\"1\",\"keywords\":[\"Normalni kolosijek\",\"vremeplov\",\"stare fotografije\",\"\u017eeljeznice bosne\",\"Doboj\"]},\"meta\":false,\"postlink\":\"https:\/\/vremeplov.ba\/2025\/pruga-normalnog-kolosijeka\/foto-7-doboj\/\"},{\"id\":21608,\"title\":\"Foto-8-Remont\",\"url\":\"https:\/\/vremeplov.ba\/2025\/wp-content\/uploads\/2025\/04\/Foto-8-Remont.jpg\",\"link\":\"https:\/\/vremeplov.ba\/2025\/pruga-normalnog-kolosijeka\/foto-8-remont\/\",\"alt\":\"\",\"description\":\"\",\"caption\":\"\",\"mime\":\"image\/jpeg\",\"type\":\"image\",\"width\":621,\"height\":950,\"sizes\":{\"full\":{\"url\":\"https:\/\/vremeplov.ba\/2025\/wp-content\/uploads\/2025\/04\/Foto-8-Remont.jpg\",\"height\":950,\"width\":621,\"orientation\":\"portrait\"}},\"imageMeta\":{\"aperture\":\"0\",\"credit\":\"Srecko Ignjatovic, Sarajevo, BiH\",\"camera\":\"\",\"caption\":\"\",\"created_timestamp\":\"0\",\"copyright\":\"www.vremeplov.ba\",\"focal_length\":\"0\",\"iso\":\"0\",\"shutter_speed\":\"0\",\"title\":\"\",\"orientation\":\"1\",\"keywords\":[\"Normalni kolosijek\",\"vremeplov\",\"stare fotografije\",\"\u017eeljeznice bosne\",\"Remont\"]},\"meta\":false,\"postlink\":\"https:\/\/vremeplov.ba\/2025\/pruga-normalnog-kolosijeka\/foto-8-remont\/\"},{\"id\":21609,\"title\":\"Foto-9-Remont\",\"url\":\"https:\/\/vremeplov.ba\/2025\/wp-content\/uploads\/2025\/04\/Foto-9-Remont.jpg\",\"link\":\"https:\/\/vremeplov.ba\/2025\/pruga-normalnog-kolosijeka\/foto-9-remont\/\",\"alt\":\"\",\"description\":\"\",\"caption\":\"\",\"mime\":\"image\/jpeg\",\"type\":\"image\",\"width\":950,\"height\":621,\"sizes\":{\"full\":{\"url\":\"https:\/\/vremeplov.ba\/2025\/wp-content\/uploads\/2025\/04\/Foto-9-Remont.jpg\",\"height\":621,\"width\":950,\"orientation\":\"landscape\"}},\"imageMeta\":{\"aperture\":\"0\",\"credit\":\"Srecko Ignjatovic, Sarajevo, BiH\",\"camera\":\"\",\"caption\":\"\",\"created_timestamp\":\"0\",\"copyright\":\"www.vremeplov.ba\",\"focal_length\":\"0\",\"iso\":\"0\",\"shutter_speed\":\"0\",\"title\":\"\",\"orientation\":\"1\",\"keywords\":[\"Normalni kolosijek\",\"vremeplov\",\"stare fotografije\",\"\u017eeljeznice bosne\",\"Remont\"]},\"meta\":false,\"postlink\":\"https:\/\/vremeplov.ba\/2025\/pruga-normalnog-kolosijeka\/foto-9-remont\/\"},{\"id\":21610,\"title\":\"Foto-10-Visoko\",\"url\":\"https:\/\/vremeplov.ba\/2025\/wp-content\/uploads\/2025\/04\/Foto-10-Visoko.jpg\",\"link\":\"https:\/\/vremeplov.ba\/2025\/pruga-normalnog-kolosijeka\/foto-10-visoko\/\",\"alt\":\"\",\"description\":\"\",\"caption\":\"\",\"mime\":\"image\/jpeg\",\"type\":\"image\",\"width\":950,\"height\":654,\"sizes\":{\"full\":{\"url\":\"https:\/\/vremeplov.ba\/2025\/wp-content\/uploads\/2025\/04\/Foto-10-Visoko.jpg\",\"height\":654,\"width\":950,\"orientation\":\"landscape\"}},\"imageMeta\":{\"aperture\":\"0\",\"credit\":\"Srecko Ignjatovic, Sarajevo, BiH\",\"camera\":\"\",\"caption\":\"\",\"created_timestamp\":\"0\",\"copyright\":\"www.vremeplov.ba\",\"focal_length\":\"0\",\"iso\":\"0\",\"shutter_speed\":\"0\",\"title\":\"\",\"orientation\":\"1\",\"keywords\":[\"Normalni kolosijek\",\"vremeplov\",\"stare fotografije\",\"\u017eeljeznice bosne\",\"Visoko\"]},\"meta\":false,\"postlink\":\"https:\/\/vremeplov.ba\/2025\/pruga-normalnog-kolosijeka\/foto-10-visoko\/\"},{\"id\":21611,\"title\":\"Foto-11-Visoko\",\"url\":\"https:\/\/vremeplov.ba\/2025\/wp-content\/uploads\/2025\/04\/Foto-11-Visoko.jpg\",\"link\":\"https:\/\/vremeplov.ba\/2025\/pruga-normalnog-kolosijeka\/foto-11-visoko\/\",\"alt\":\"\",\"description\":\"\",\"caption\":\"\",\"mime\":\"image\/jpeg\",\"type\":\"image\",\"width\":950,\"height\":624,\"sizes\":{\"full\":{\"url\":\"https:\/\/vremeplov.ba\/2025\/wp-content\/uploads\/2025\/04\/Foto-11-Visoko.jpg\",\"height\":624,\"width\":950,\"orientation\":\"landscape\"}},\"imageMeta\":{\"aperture\":\"0\",\"credit\":\"Srecko Ignjatovic, Sarajevo, BiH\",\"camera\":\"\",\"caption\":\"\",\"created_timestamp\":\"0\",\"copyright\":\"www.vremeplov.ba\",\"focal_length\":\"0\",\"iso\":\"0\",\"shutter_speed\":\"0\",\"title\":\"\",\"orientation\":\"1\",\"keywords\":[\"Normalni kolosijek\",\"vremeplov\",\"stare fotografije\",\"\u017eeljeznice bosne\",\"Visoko\"]},\"meta\":false,\"postlink\":\"https:\/\/vremeplov.ba\/2025\/pruga-normalnog-kolosijeka\/foto-11-visoko\/\"},{\"id\":21612,\"title\":\"Foto-12-Drivusa\",\"url\":\"https:\/\/vremeplov.ba\/2025\/wp-content\/uploads\/2025\/04\/Foto-12-Drivusa.jpg\",\"link\":\"https:\/\/vremeplov.ba\/2025\/pruga-normalnog-kolosijeka\/foto-12-drivusa\/\",\"alt\":\"\",\"description\":\"\",\"caption\":\"\",\"mime\":\"image\/jpeg\",\"type\":\"image\",\"width\":950,\"height\":630,\"sizes\":{\"full\":{\"url\":\"https:\/\/vremeplov.ba\/2025\/wp-content\/uploads\/2025\/04\/Foto-12-Drivusa.jpg\",\"height\":630,\"width\":950,\"orientation\":\"landscape\"}},\"imageMeta\":{\"aperture\":\"0\",\"credit\":\"Srecko Ignjatovic, Sarajevo, BiH\",\"camera\":\"\",\"caption\":\"\",\"created_timestamp\":\"0\",\"copyright\":\"www.vremeplov.ba\",\"focal_length\":\"0\",\"iso\":\"0\",\"shutter_speed\":\"0\",\"title\":\"\",\"orientation\":\"1\",\"keywords\":[\"Normalni kolosijek\",\"vremeplov\",\"stare fotografije\",\"\u017eeljeznice bosne\",\"Drivu\u0161a\"]},\"meta\":false,\"postlink\":\"https:\/\/vremeplov.ba\/2025\/pruga-normalnog-kolosijeka\/foto-12-drivusa\/\"},{\"id\":21613,\"title\":\"Foto-13-Kakanj\",\"url\":\"https:\/\/vremeplov.ba\/2025\/wp-content\/uploads\/2025\/04\/Foto-13-Kakanj.jpg\",\"link\":\"https:\/\/vremeplov.ba\/2025\/pruga-normalnog-kolosijeka\/foto-13-kakanj\/\",\"alt\":\"\",\"description\":\"\",\"caption\":\"\",\"mime\":\"image\/jpeg\",\"type\":\"image\",\"width\":950,\"height\":757,\"sizes\":{\"full\":{\"url\":\"https:\/\/vremeplov.ba\/2025\/wp-content\/uploads\/2025\/04\/Foto-13-Kakanj.jpg\",\"height\":757,\"width\":950,\"orientation\":\"landscape\"}},\"imageMeta\":{\"aperture\":\"0\",\"credit\":\"Srecko Ignjatovic, Sarajevo, BiH\",\"camera\":\"\",\"caption\":\"\",\"created_timestamp\":\"0\",\"copyright\":\"www.vremeplov.ba\",\"focal_length\":\"0\",\"iso\":\"0\",\"shutter_speed\":\"0\",\"title\":\"\",\"orientation\":\"1\",\"keywords\":[\"Normalni kolosijek\",\"vremeplov\",\"stare fotografije\",\"\u017eeljeznice bosne\"]},\"meta\":false,\"postlink\":\"https:\/\/vremeplov.ba\/2025\/pruga-normalnog-kolosijeka\/foto-13-kakanj\/\"},{\"id\":21614,\"title\":\"Foto-14-Maglaj\",\"url\":\"https:\/\/vremeplov.ba\/2025\/wp-content\/uploads\/2025\/04\/Foto-14-Maglaj.jpg\",\"link\":\"https:\/\/vremeplov.ba\/2025\/pruga-normalnog-kolosijeka\/foto-14-maglaj\/\",\"alt\":\"\",\"description\":\"\",\"caption\":\"\",\"mime\":\"image\/jpeg\",\"type\":\"image\",\"width\":950,\"height\":610,\"sizes\":{\"full\":{\"url\":\"https:\/\/vremeplov.ba\/2025\/wp-content\/uploads\/2025\/04\/Foto-14-Maglaj.jpg\",\"height\":610,\"width\":950,\"orientation\":\"landscape\"}},\"imageMeta\":{\"aperture\":\"0\",\"credit\":\"Srecko Ignjatovic, Sarajevo, BiH\",\"camera\":\"\",\"caption\":\"\",\"created_timestamp\":\"0\",\"copyright\":\"www.vremeplov.ba\",\"focal_length\":\"0\",\"iso\":\"0\",\"shutter_speed\":\"0\",\"title\":\"\",\"orientation\":\"1\",\"keywords\":[\"Normalni kolosijek\",\"vremeplov\",\"stare fotografije\",\"\u017eeljeznice bosne\",\"Maglaj\"]},\"meta\":false,\"postlink\":\"https:\/\/vremeplov.ba\/2025\/pruga-normalnog-kolosijeka\/foto-14-maglaj\/\"},{\"id\":21615,\"title\":\"Foto-15-Maglaj\",\"url\":\"https:\/\/vremeplov.ba\/2025\/wp-content\/uploads\/2025\/04\/Foto-15-Maglaj.jpg\",\"link\":\"https:\/\/vremeplov.ba\/2025\/pruga-normalnog-kolosijeka\/foto-15-maglaj\/\",\"alt\":\"\",\"description\":\"\",\"caption\":\"\",\"mime\":\"image\/jpeg\",\"type\":\"image\",\"width\":950,\"height\":711,\"sizes\":{\"full\":{\"url\":\"https:\/\/vremeplov.ba\/2025\/wp-content\/uploads\/2025\/04\/Foto-15-Maglaj.jpg\",\"height\":711,\"width\":950,\"orientation\":\"landscape\"}},\"imageMeta\":{\"aperture\":\"0\",\"credit\":\"Srecko Ignjatovic, Sarajevo, BiH\",\"camera\":\"\",\"caption\":\"\",\"created_timestamp\":\"0\",\"copyright\":\"www.vremeplov.ba\",\"focal_length\":\"0\",\"iso\":\"0\",\"shutter_speed\":\"0\",\"title\":\"\",\"orientation\":\"1\",\"keywords\":[\"Normalni kolosijek\",\"vremeplov\",\"stare fotografije\",\"\u017eeljeznice bosne\",\"Maglaj\"]},\"meta\":false,\"postlink\":\"https:\/\/vremeplov.ba\/2025\/pruga-normalnog-kolosijeka\/foto-15-maglaj\/\"},{\"id\":21616,\"title\":\"Foto-16-Begov_Han\",\"url\":\"https:\/\/vremeplov.ba\/2025\/wp-content\/uploads\/2025\/04\/Foto-16-Begov_Han.jpg\",\"link\":\"https:\/\/vremeplov.ba\/2025\/pruga-normalnog-kolosijeka\/foto-16-begov_han\/\",\"alt\":\"\",\"description\":\"\",\"caption\":\"\",\"mime\":\"image\/jpeg\",\"type\":\"image\",\"width\":950,\"height\":623,\"sizes\":{\"full\":{\"url\":\"https:\/\/vremeplov.ba\/2025\/wp-content\/uploads\/2025\/04\/Foto-16-Begov_Han.jpg\",\"height\":623,\"width\":950,\"orientation\":\"landscape\"}},\"imageMeta\":{\"aperture\":\"0\",\"credit\":\"Srecko Ignjatovic, Sarajevo, BiH\",\"camera\":\"\",\"caption\":\"\",\"created_timestamp\":\"0\",\"copyright\":\"www.vremeplov.ba\",\"focal_length\":\"0\",\"iso\":\"0\",\"shutter_speed\":\"0\",\"title\":\"\",\"orientation\":\"1\",\"keywords\":[\"Normalni kolosijek\",\"vremeplov\",\"stare fotografije\",\"\u017eeljeznice bosne\",\"Begov Han\"]},\"meta\":false,\"postlink\":\"https:\/\/vremeplov.ba\/2025\/pruga-normalnog-kolosijeka\/foto-16-begov_han\/\"},{\"id\":21617,\"title\":\"Foto-17-Dizel_Nada\",\"url\":\"https:\/\/vremeplov.ba\/2025\/wp-content\/uploads\/2025\/04\/Foto-17-Dizel_Nada.jpg\",\"link\":\"https:\/\/vremeplov.ba\/2025\/pruga-normalnog-kolosijeka\/foto-17-dizel_nada\/\",\"alt\":\"\",\"description\":\"\",\"caption\":\"\",\"mime\":\"image\/jpeg\",\"type\":\"image\",\"width\":950,\"height\":581,\"sizes\":{\"full\":{\"url\":\"https:\/\/vremeplov.ba\/2025\/wp-content\/uploads\/2025\/04\/Foto-17-Dizel_Nada.jpg\",\"height\":581,\"width\":950,\"orientation\":\"landscape\"}},\"imageMeta\":{\"aperture\":\"0\",\"credit\":\"Srecko Ignjatovic, Sarajevo, BiH\",\"camera\":\"\",\"caption\":\"\",\"created_timestamp\":\"0\",\"copyright\":\"www.vremeplov.ba\",\"focal_length\":\"0\",\"iso\":\"0\",\"shutter_speed\":\"0\",\"title\":\"\",\"orientation\":\"1\",\"keywords\":[\"Normalni kolosijek\",\"vremeplov\",\"stare fotografije\",\"\u017eeljeznice bosne\"]},\"meta\":false,\"postlink\":\"https:\/\/vremeplov.ba\/2025\/pruga-normalnog-kolosijeka\/foto-17-dizel_nada\/\"},{\"id\":21618,\"title\":\"Foto-18-Zenica\",\"url\":\"https:\/\/vremeplov.ba\/2025\/wp-content\/uploads\/2025\/04\/Foto-18-Zenica.jpg\",\"link\":\"https:\/\/vremeplov.ba\/2025\/pruga-normalnog-kolosijeka\/foto-18-zenica\/\",\"alt\":\"\",\"description\":\"\",\"caption\":\"\",\"mime\":\"image\/jpeg\",\"type\":\"image\",\"width\":950,\"height\":604,\"sizes\":{\"full\":{\"url\":\"https:\/\/vremeplov.ba\/2025\/wp-content\/uploads\/2025\/04\/Foto-18-Zenica.jpg\",\"height\":604,\"width\":950,\"orientation\":\"landscape\"}},\"imageMeta\":{\"aperture\":\"0\",\"credit\":\"Srecko Ignjatovic, Sarajevo, BiH\",\"camera\":\"\",\"caption\":\"\",\"created_timestamp\":\"0\",\"copyright\":\"www.vremeplov.ba\",\"focal_length\":\"0\",\"iso\":\"0\",\"shutter_speed\":\"0\",\"title\":\"\",\"orientation\":\"1\",\"keywords\":[\"Normalni kolosijek\",\"vremeplov\",\"stare fotografije\",\"\u017eeljeznice bosne\"]},\"meta\":false,\"postlink\":\"https:\/\/vremeplov.ba\/2025\/pruga-normalnog-kolosijeka\/foto-18-zenica\/\"},{\"id\":21619,\"title\":\"Foto-19-Prijedor\",\"url\":\"https:\/\/vremeplov.ba\/2025\/wp-content\/uploads\/2025\/04\/Foto-19-Prijedor.jpg\",\"link\":\"https:\/\/vremeplov.ba\/2025\/pruga-normalnog-kolosijeka\/foto-19-prijedor\/\",\"alt\":\"\",\"description\":\"\",\"caption\":\"\",\"mime\":\"image\/jpeg\",\"type\":\"image\",\"width\":950,\"height\":777,\"sizes\":{\"full\":{\"url\":\"https:\/\/vremeplov.ba\/2025\/wp-content\/uploads\/2025\/04\/Foto-19-Prijedor.jpg\",\"height\":777,\"width\":950,\"orientation\":\"landscape\"}},\"imageMeta\":{\"aperture\":\"0\",\"credit\":\"Srecko Ignjatovic, Sarajevo, BiH\",\"camera\":\"\",\"caption\":\"\",\"created_timestamp\":\"0\",\"copyright\":\"www.vremeplov.ba\",\"focal_length\":\"0\",\"iso\":\"0\",\"shutter_speed\":\"0\",\"title\":\"\",\"orientation\":\"1\",\"keywords\":[\"Normalni kolosijek\",\"vremeplov\",\"stare fotografije\",\"\u017eeljeznice bosne\",\"Prijedor\"]},\"meta\":false,\"postlink\":\"https:\/\/vremeplov.ba\/2025\/pruga-normalnog-kolosijeka\/foto-19-prijedor\/\"},{\"id\":21620,\"title\":\"Foto-20-Prijedor\",\"url\":\"https:\/\/vremeplov.ba\/2025\/wp-content\/uploads\/2025\/04\/Foto-20-Prijedor.jpg\",\"link\":\"https:\/\/vremeplov.ba\/2025\/pruga-normalnog-kolosijeka\/foto-20-prijedor\/\",\"alt\":\"\",\"description\":\"\",\"caption\":\"\",\"mime\":\"image\/jpeg\",\"type\":\"image\",\"width\":950,\"height\":603,\"sizes\":{\"full\":{\"url\":\"https:\/\/vremeplov.ba\/2025\/wp-content\/uploads\/2025\/04\/Foto-20-Prijedor.jpg\",\"height\":603,\"width\":950,\"orientation\":\"landscape\"}},\"imageMeta\":{\"aperture\":\"0\",\"credit\":\"Srecko Ignjatovic, Sarajevo, BiH\",\"camera\":\"\",\"caption\":\"\",\"created_timestamp\":\"0\",\"copyright\":\"www.vremeplov.ba\",\"focal_length\":\"0\",\"iso\":\"0\",\"shutter_speed\":\"0\",\"title\":\"\",\"orientation\":\"1\",\"keywords\":[\"Normalni kolosijek\",\"vremeplov\",\"stare fotografije\",\"\u017eeljeznice bosne\",\"Prijedor\"]},\"meta\":false,\"postlink\":\"https:\/\/vremeplov.ba\/2025\/pruga-normalnog-kolosijeka\/foto-20-prijedor\/\"},{\"id\":21621,\"title\":\"Foto-21-Ljubija\",\"url\":\"https:\/\/vremeplov.ba\/2025\/wp-content\/uploads\/2025\/04\/Foto-21-Ljubija.jpg\",\"link\":\"https:\/\/vremeplov.ba\/2025\/pruga-normalnog-kolosijeka\/foto-21-ljubija\/\",\"alt\":\"\",\"description\":\"\",\"caption\":\"\",\"mime\":\"image\/jpeg\",\"type\":\"image\",\"width\":950,\"height\":647,\"sizes\":{\"full\":{\"url\":\"https:\/\/vremeplov.ba\/2025\/wp-content\/uploads\/2025\/04\/Foto-21-Ljubija.jpg\",\"height\":647,\"width\":950,\"orientation\":\"landscape\"}},\"imageMeta\":{\"aperture\":\"0\",\"credit\":\"Srecko Ignjatovic, Sarajevo, BiH\",\"camera\":\"\",\"caption\":\"\",\"created_timestamp\":\"0\",\"copyright\":\"www.vremeplov.ba\",\"focal_length\":\"0\",\"iso\":\"0\",\"shutter_speed\":\"0\",\"title\":\"\",\"orientation\":\"1\",\"keywords\":[\"Normalni kolosijek\",\"vremeplov\",\"stare fotografije\",\"\u017eeljeznice bosne\",\"Ljubija\"]},\"meta\":false,\"postlink\":\"https:\/\/vremeplov.ba\/2025\/pruga-normalnog-kolosijeka\/foto-21-ljubija\/\"},{\"id\":21622,\"title\":\"Foto-22-Bos_Novi\",\"url\":\"https:\/\/vremeplov.ba\/2025\/wp-content\/uploads\/2025\/04\/Foto-22-Bos_Novi.jpg\",\"link\":\"https:\/\/vremeplov.ba\/2025\/pruga-normalnog-kolosijeka\/foto-22-bos_novi\/\",\"alt\":\"\",\"description\":\"\",\"caption\":\"\",\"mime\":\"image\/jpeg\",\"type\":\"image\",\"width\":950,\"height\":713,\"sizes\":{\"full\":{\"url\":\"https:\/\/vremeplov.ba\/2025\/wp-content\/uploads\/2025\/04\/Foto-22-Bos_Novi.jpg\",\"height\":713,\"width\":950,\"orientation\":\"landscape\"}},\"imageMeta\":{\"aperture\":\"0\",\"credit\":\"Srecko Ignjatovic, Sarajevo, BiH\",\"camera\":\"\",\"caption\":\"\",\"created_timestamp\":\"0\",\"copyright\":\"www.vremeplov.ba\",\"focal_length\":\"0\",\"iso\":\"0\",\"shutter_speed\":\"0\",\"title\":\"\",\"orientation\":\"1\",\"keywords\":[\"Normalni kolosijek\",\"vremeplov\",\"stare fotografije\",\"\u017eeljeznice bosne\",\"Bosanski Novi\",\"Novi Grad\"]},\"meta\":false,\"postlink\":\"https:\/\/vremeplov.ba\/2025\/pruga-normalnog-kolosijeka\/foto-22-bos_novi\/\"},{\"id\":21623,\"title\":\"Foto-23-Bos_Novi\",\"url\":\"https:\/\/vremeplov.ba\/2025\/wp-content\/uploads\/2025\/04\/Foto-23-Bos_Novi.jpg\",\"link\":\"https:\/\/vremeplov.ba\/2025\/pruga-normalnog-kolosijeka\/foto-23-bos_novi\/\",\"alt\":\"\",\"description\":\"\",\"caption\":\"\",\"mime\":\"image\/jpeg\",\"type\":\"image\",\"width\":950,\"height\":580,\"sizes\":{\"full\":{\"url\":\"https:\/\/vremeplov.ba\/2025\/wp-content\/uploads\/2025\/04\/Foto-23-Bos_Novi.jpg\",\"height\":580,\"width\":950,\"orientation\":\"landscape\"}},\"imageMeta\":{\"aperture\":\"0\",\"credit\":\"Srecko Ignjatovic, Sarajevo, BiH\",\"camera\":\"\",\"caption\":\"\",\"created_timestamp\":\"0\",\"copyright\":\"www.vremeplov.ba\",\"focal_length\":\"0\",\"iso\":\"0\",\"shutter_speed\":\"0\",\"title\":\"\",\"orientation\":\"1\",\"keywords\":[\"Normalni kolosijek\",\"vremeplov\",\"stare fotografije\",\"\u017eeljeznice bosne\",\"Bosanski Novi\",\"Novi Grad\"]},\"meta\":false,\"postlink\":\"https:\/\/vremeplov.ba\/2025\/pruga-normalnog-kolosijeka\/foto-23-bos_novi\/\"},{\"id\":21624,\"title\":\"Foto-24-Ukrina\",\"url\":\"https:\/\/vremeplov.ba\/2025\/wp-content\/uploads\/2025\/04\/Foto-24-Ukrina.jpg\",\"link\":\"https:\/\/vremeplov.ba\/2025\/pruga-normalnog-kolosijeka\/foto-24-ukrina\/\",\"alt\":\"\",\"description\":\"\",\"caption\":\"\",\"mime\":\"image\/jpeg\",\"type\":\"image\",\"width\":950,\"height\":598,\"sizes\":{\"full\":{\"url\":\"https:\/\/vremeplov.ba\/2025\/wp-content\/uploads\/2025\/04\/Foto-24-Ukrina.jpg\",\"height\":598,\"width\":950,\"orientation\":\"landscape\"}},\"imageMeta\":{\"aperture\":\"0\",\"credit\":\"Srecko Ignjatovic, Sarajevo, BiH\",\"camera\":\"\",\"caption\":\"\",\"created_timestamp\":\"0\",\"copyright\":\"www.vremeplov.ba\",\"focal_length\":\"0\",\"iso\":\"0\",\"shutter_speed\":\"0\",\"title\":\"\",\"orientation\":\"1\",\"keywords\":[\"Normalni kolosijek\",\"vremeplov\",\"stare fotografije\",\"\u017eeljeznice bosne\",\"Ukrina\"]},\"meta\":false,\"postlink\":\"https:\/\/vremeplov.ba\/2025\/pruga-normalnog-kolosijeka\/foto-24-ukrina\/\"},{\"id\":21625,\"title\":\"Foto-25-Prisoje\",\"url\":\"https:\/\/vremeplov.ba\/2025\/wp-content\/uploads\/2025\/04\/Foto-25-Prisoje.jpg\",\"link\":\"https:\/\/vremeplov.ba\/2025\/pruga-normalnog-kolosijeka\/foto-25-prisoje\/\",\"alt\":\"\",\"description\":\"\",\"caption\":\"\",\"mime\":\"image\/jpeg\",\"type\":\"image\",\"width\":950,\"height\":634,\"sizes\":{\"full\":{\"url\":\"https:\/\/vremeplov.ba\/2025\/wp-content\/uploads\/2025\/04\/Foto-25-Prisoje.jpg\",\"height\":634,\"width\":950,\"orientation\":\"landscape\"}},\"imageMeta\":{\"aperture\":\"0\",\"credit\":\"Srecko Ignjatovic, Sarajevo, BiH\",\"camera\":\"\",\"caption\":\"\",\"created_timestamp\":\"0\",\"copyright\":\"www.vremeplov.ba\",\"focal_length\":\"0\",\"iso\":\"0\",\"shutter_speed\":\"0\",\"title\":\"\",\"orientation\":\"1\",\"keywords\":[\"Normalni kolosijek\",\"vremeplov\",\"stare fotografije\",\"\u017eeljeznice bosne\",\"Prisoje\"]},\"meta\":false,\"postlink\":\"https:\/\/vremeplov.ba\/2025\/pruga-normalnog-kolosijeka\/foto-25-prisoje\/\"},{\"id\":21626,\"title\":\"Foto-26.1-Vranjak\",\"url\":\"https:\/\/vremeplov.ba\/2025\/wp-content\/uploads\/2025\/04\/Foto-26.1-Vranjak.jpg\",\"link\":\"https:\/\/vremeplov.ba\/2025\/pruga-normalnog-kolosijeka\/foto-26-1-vranjak\/\",\"alt\":\"\",\"description\":\"\",\"caption\":\"\",\"mime\":\"image\/jpeg\",\"type\":\"image\",\"width\":950,\"height\":418,\"sizes\":{\"full\":{\"url\":\"https:\/\/vremeplov.ba\/2025\/wp-content\/uploads\/2025\/04\/Foto-26.1-Vranjak.jpg\",\"height\":418,\"width\":950,\"orientation\":\"landscape\"}},\"imageMeta\":{\"aperture\":\"0\",\"credit\":\"Srecko Ignjatovic, Sarajevo, BiH\",\"camera\":\"\",\"caption\":\"\",\"created_timestamp\":\"0\",\"copyright\":\"www.vremeplov.ba\",\"focal_length\":\"0\",\"iso\":\"0\",\"shutter_speed\":\"0\",\"title\":\"\",\"orientation\":\"1\",\"keywords\":[\"Normalni kolosijek\",\"vremeplov\",\"stare fotografije\",\"\u017eeljeznice bosne\"]},\"meta\":false,\"postlink\":\"https:\/\/vremeplov.ba\/2025\/pruga-normalnog-kolosijeka\/foto-26-1-vranjak\/\"},{\"id\":21627,\"title\":\"Foto-26-Dragalovci\",\"url\":\"https:\/\/vremeplov.ba\/2025\/wp-content\/uploads\/2025\/04\/Foto-26-Dragalovci.jpg\",\"link\":\"https:\/\/vremeplov.ba\/2025\/pruga-normalnog-kolosijeka\/foto-26-dragalovci\/\",\"alt\":\"\",\"description\":\"\",\"caption\":\"\",\"mime\":\"image\/jpeg\",\"type\":\"image\",\"width\":950,\"height\":744,\"sizes\":{\"full\":{\"url\":\"https:\/\/vremeplov.ba\/2025\/wp-content\/uploads\/2025\/04\/Foto-26-Dragalovci.jpg\",\"height\":744,\"width\":950,\"orientation\":\"landscape\"}},\"imageMeta\":{\"aperture\":\"0\",\"credit\":\"Srecko Ignjatovic, Sarajevo, BiH\",\"camera\":\"\",\"caption\":\"\",\"created_timestamp\":\"0\",\"copyright\":\"www.vremeplov.ba\",\"focal_length\":\"0\",\"iso\":\"0\",\"shutter_speed\":\"0\",\"title\":\"\",\"orientation\":\"1\",\"keywords\":[\"Normalni kolosijek\",\"vremeplov\",\"stare fotografije\",\"\u017eeljeznice bosne\",\"Dragalovci\"]},\"meta\":false,\"postlink\":\"https:\/\/vremeplov.ba\/2025\/pruga-normalnog-kolosijeka\/foto-26-dragalovci\/\"},{\"id\":21628,\"title\":\"Foto-27-Gazela_most_na_Neretvi\",\"url\":\"https:\/\/vremeplov.ba\/2025\/wp-content\/uploads\/2025\/04\/Foto-27-Gazela_most_na_Neretvi.jpg\",\"link\":\"https:\/\/vremeplov.ba\/2025\/pruga-normalnog-kolosijeka\/foto-27-gazela_most_na_neretvi\/\",\"alt\":\"\",\"description\":\"\",\"caption\":\"\",\"mime\":\"image\/jpeg\",\"type\":\"image\",\"width\":950,\"height\":664,\"sizes\":{\"full\":{\"url\":\"https:\/\/vremeplov.ba\/2025\/wp-content\/uploads\/2025\/04\/Foto-27-Gazela_most_na_Neretvi.jpg\",\"height\":664,\"width\":950,\"orientation\":\"landscape\"}},\"imageMeta\":{\"aperture\":\"0\",\"credit\":\"Srecko Ignjatovic, Sarajevo, BiH\",\"camera\":\"\",\"caption\":\"\",\"created_timestamp\":\"0\",\"copyright\":\"www.vremeplov.ba\",\"focal_length\":\"0\",\"iso\":\"0\",\"shutter_speed\":\"0\",\"title\":\"\",\"orientation\":\"1\",\"keywords\":[\"Normalni kolosijek\",\"vremeplov\",\"stare fotografije\",\"\u017eeljeznice bosne\",\"Most Gazela\",\"Neretva\"]},\"meta\":false,\"postlink\":\"https:\/\/vremeplov.ba\/2025\/pruga-normalnog-kolosijeka\/foto-27-gazela_most_na_neretvi\/\"},{\"id\":21629,\"title\":\"Foto-28-Tunel_Grad\",\"url\":\"https:\/\/vremeplov.ba\/2025\/wp-content\/uploads\/2025\/04\/Foto-28-Tunel_Grad.jpg\",\"link\":\"https:\/\/vremeplov.ba\/2025\/pruga-normalnog-kolosijeka\/foto-28-tunel_grad\/\",\"alt\":\"\",\"description\":\"\",\"caption\":\"\",\"mime\":\"image\/jpeg\",\"type\":\"image\",\"width\":950,\"height\":617,\"sizes\":{\"full\":{\"url\":\"https:\/\/vremeplov.ba\/2025\/wp-content\/uploads\/2025\/04\/Foto-28-Tunel_Grad.jpg\",\"height\":617,\"width\":950,\"orientation\":\"landscape\"}},\"imageMeta\":{\"aperture\":\"0\",\"credit\":\"Srecko Ignjatovic, Sarajevo, BiH\",\"camera\":\"\",\"caption\":\"\",\"created_timestamp\":\"0\",\"copyright\":\"www.vremeplov.ba\",\"focal_length\":\"0\",\"iso\":\"0\",\"shutter_speed\":\"0\",\"title\":\"\",\"orientation\":\"1\",\"keywords\":[\"Normalni kolosijek\",\"vremeplov\",\"stare fotografije\",\"\u017eeljeznice bosne\",\"Tunel\",\"Grad\"]},\"meta\":false,\"postlink\":\"https:\/\/vremeplov.ba\/2025\/pruga-normalnog-kolosijeka\/foto-28-tunel_grad\/\"},{\"id\":21630,\"title\":\"Foto-29-Luka_Ploce\",\"url\":\"https:\/\/vremeplov.ba\/2025\/wp-content\/uploads\/2025\/04\/Foto-29-Luka_Ploce.jpg\",\"link\":\"https:\/\/vremeplov.ba\/2025\/pruga-normalnog-kolosijeka\/foto-29-luka_ploce\/\",\"alt\":\"\",\"description\":\"\",\"caption\":\"\",\"mime\":\"image\/jpeg\",\"type\":\"image\",\"width\":950,\"height\":614,\"sizes\":{\"full\":{\"url\":\"https:\/\/vremeplov.ba\/2025\/wp-content\/uploads\/2025\/04\/Foto-29-Luka_Ploce.jpg\",\"height\":614,\"width\":950,\"orientation\":\"landscape\"}},\"imageMeta\":{\"aperture\":\"0\",\"credit\":\"Srecko Ignjatovic, Sarajevo, BiH\",\"camera\":\"\",\"caption\":\"\",\"created_timestamp\":\"0\",\"copyright\":\"www.vremeplov.ba\",\"focal_length\":\"0\",\"iso\":\"0\",\"shutter_speed\":\"0\",\"title\":\"\",\"orientation\":\"1\",\"keywords\":[\"Normalni kolosijek\",\"vremeplov\",\"stare fotografije\",\"\u017eeljeznice bosne\"]},\"meta\":false,\"postlink\":\"https:\/\/vremeplov.ba\/2025\/pruga-normalnog-kolosijeka\/foto-29-luka_ploce\/\"},{\"id\":21631,\"title\":\"Foto-30-Strbacki_Buk\",\"url\":\"https:\/\/vremeplov.ba\/2025\/wp-content\/uploads\/2025\/04\/Foto-30-Strbacki_Buk.jpg\",\"link\":\"https:\/\/vremeplov.ba\/2025\/pruga-normalnog-kolosijeka\/foto-30-strbacki_buk\/\",\"alt\":\"\",\"description\":\"\",\"caption\":\"\",\"mime\":\"image\/jpeg\",\"type\":\"image\",\"width\":950,\"height\":659,\"sizes\":{\"full\":{\"url\":\"https:\/\/vremeplov.ba\/2025\/wp-content\/uploads\/2025\/04\/Foto-30-Strbacki_Buk.jpg\",\"height\":659,\"width\":950,\"orientation\":\"landscape\"}},\"imageMeta\":{\"aperture\":\"0\",\"credit\":\"Srecko Ignjatovic, Sarajevo, BiH\",\"camera\":\"\",\"caption\":\"\",\"created_timestamp\":\"0\",\"copyright\":\"www.vremeplov.ba\",\"focal_length\":\"0\",\"iso\":\"0\",\"shutter_speed\":\"0\",\"title\":\"\",\"orientation\":\"1\",\"keywords\":[\"Normalni kolosijek\",\"vremeplov\",\"stare fotografije\",\"\u017eeljeznice bosne\",\"\u0160trba\u010dki Buk\"]},\"meta\":false,\"postlink\":\"https:\/\/vremeplov.ba\/2025\/pruga-normalnog-kolosijeka\/foto-30-strbacki_buk\/\"},{\"id\":21632,\"title\":\"Foto-31-Kestenovac\",\"url\":\"https:\/\/vremeplov.ba\/2025\/wp-content\/uploads\/2025\/04\/Foto-31-Kestenovac.jpg\",\"link\":\"https:\/\/vremeplov.ba\/2025\/pruga-normalnog-kolosijeka\/foto-31-kestenovac\/\",\"alt\":\"\",\"description\":\"\",\"caption\":\"\",\"mime\":\"image\/jpeg\",\"type\":\"image\",\"width\":950,\"height\":684,\"sizes\":{\"full\":{\"url\":\"https:\/\/vremeplov.ba\/2025\/wp-content\/uploads\/2025\/04\/Foto-31-Kestenovac.jpg\",\"height\":684,\"width\":950,\"orientation\":\"landscape\"}},\"imageMeta\":{\"aperture\":\"0\",\"credit\":\"Srecko Ignjatovic, Sarajevo, BiH\",\"camera\":\"\",\"caption\":\"\",\"created_timestamp\":\"0\",\"copyright\":\"www.vremeplov.ba\",\"focal_length\":\"0\",\"iso\":\"0\",\"shutter_speed\":\"0\",\"title\":\"\",\"orientation\":\"1\",\"keywords\":[\"Normalni kolosijek\",\"vremeplov\",\"stare fotografije\",\"\u017eeljeznice bosne\",\"Kestenovac\"]},\"meta\":false,\"postlink\":\"https:\/\/vremeplov.ba\/2025\/pruga-normalnog-kolosijeka\/foto-31-kestenovac\/\"},{\"id\":21633,\"title\":\"Foto-32-Rudice\",\"url\":\"https:\/\/vremeplov.ba\/2025\/wp-content\/uploads\/2025\/04\/Foto-32-Rudice.jpg\",\"link\":\"https:\/\/vremeplov.ba\/2025\/pruga-normalnog-kolosijeka\/foto-32-rudice\/\",\"alt\":\"\",\"description\":\"\",\"caption\":\"\",\"mime\":\"image\/jpeg\",\"type\":\"image\",\"width\":1200,\"height\":814,\"sizes\":{\"full\":{\"url\":\"https:\/\/vremeplov.ba\/2025\/wp-content\/uploads\/2025\/04\/Foto-32-Rudice.jpg\",\"height\":814,\"width\":1200,\"orientation\":\"landscape\"}},\"imageMeta\":{\"aperture\":\"0\",\"credit\":\"Srecko Ignjatovic, Sarajevo, BiH\",\"camera\":\"\",\"caption\":\"\",\"created_timestamp\":\"0\",\"copyright\":\"www.vremeplov.ba\",\"focal_length\":\"0\",\"iso\":\"0\",\"shutter_speed\":\"0\",\"title\":\"\",\"orientation\":\"1\",\"keywords\":[\"Normalni kolosijek\",\"vremeplov\",\"stare fotografije\",\"\u017eeljeznice bosne\",\"Rudice\"]},\"meta\":false,\"postlink\":\"https:\/\/vremeplov.ba\/2025\/pruga-normalnog-kolosijeka\/foto-32-rudice\/\"},{\"id\":21634,\"title\":\"Foto-33-Bos_Vrbanja\",\"url\":\"https:\/\/vremeplov.ba\/2025\/wp-content\/uploads\/2025\/04\/Foto-33-Bos_Vrbanja.jpg\",\"link\":\"https:\/\/vremeplov.ba\/2025\/pruga-normalnog-kolosijeka\/foto-33-bos_vrbanja\/\",\"alt\":\"\",\"description\":\"\",\"caption\":\"\",\"mime\":\"image\/jpeg\",\"type\":\"image\",\"width\":950,\"height\":646,\"sizes\":{\"full\":{\"url\":\"https:\/\/vremeplov.ba\/2025\/wp-content\/uploads\/2025\/04\/Foto-33-Bos_Vrbanja.jpg\",\"height\":646,\"width\":950,\"orientation\":\"landscape\"}},\"imageMeta\":{\"aperture\":\"0\",\"credit\":\"Srecko Ignjatovic, Sarajevo, BiH\",\"camera\":\"\",\"caption\":\"\",\"created_timestamp\":\"0\",\"copyright\":\"www.vremeplov.ba\",\"focal_length\":\"0\",\"iso\":\"0\",\"shutter_speed\":\"0\",\"title\":\"\",\"orientation\":\"1\",\"keywords\":[\"Normalni kolosijek\",\"vremeplov\",\"stare fotografije\",\"\u017eeljeznice bosne\",\"Bosanska Vrbanja\"]},\"meta\":false,\"postlink\":\"https:\/\/vremeplov.ba\/2025\/pruga-normalnog-kolosijeka\/foto-33-bos_vrbanja\/\"},{\"id\":21635,\"title\":\"Foto-34-Kopanica_Beravci\",\"url\":\"https:\/\/vremeplov.ba\/2025\/wp-content\/uploads\/2025\/04\/Foto-34-Kopanica_Beravci.jpg\",\"link\":\"https:\/\/vremeplov.ba\/2025\/pruga-normalnog-kolosijeka\/foto-34-kopanica_beravci\/\",\"alt\":\"\",\"description\":\"\",\"caption\":\"\",\"mime\":\"image\/jpeg\",\"type\":\"image\",\"width\":950,\"height\":654,\"sizes\":{\"full\":{\"url\":\"https:\/\/vremeplov.ba\/2025\/wp-content\/uploads\/2025\/04\/Foto-34-Kopanica_Beravci.jpg\",\"height\":654,\"width\":950,\"orientation\":\"landscape\"}},\"imageMeta\":{\"aperture\":\"0\",\"credit\":\"Srecko Ignjatovic, Sarajevo, BiH\",\"camera\":\"\",\"caption\":\"\",\"created_timestamp\":\"0\",\"copyright\":\"www.vremeplov.ba\",\"focal_length\":\"0\",\"iso\":\"0\",\"shutter_speed\":\"0\",\"title\":\"\",\"orientation\":\"1\",\"keywords\":[\"Normalni kolosijek\",\"vremeplov\",\"stare fotografije\",\"\u017eeljeznice bosne\",\"Kopanica Beravci\"]},\"meta\":false,\"postlink\":\"https:\/\/vremeplov.ba\/2025\/pruga-normalnog-kolosijeka\/foto-34-kopanica_beravci\/\"},{\"id\":21636,\"title\":\"Foto-35-Svodna\",\"url\":\"https:\/\/vremeplov.ba\/2025\/wp-content\/uploads\/2025\/04\/Foto-35-Svodna.jpg\",\"link\":\"https:\/\/vremeplov.ba\/2025\/pruga-normalnog-kolosijeka\/foto-35-svodna\/\",\"alt\":\"\",\"description\":\"\",\"caption\":\"\",\"mime\":\"image\/jpeg\",\"type\":\"image\",\"width\":950,\"height\":658,\"sizes\":{\"full\":{\"url\":\"https:\/\/vremeplov.ba\/2025\/wp-content\/uploads\/2025\/04\/Foto-35-Svodna.jpg\",\"height\":658,\"width\":950,\"orientation\":\"landscape\"}},\"imageMeta\":{\"aperture\":\"0\",\"credit\":\"Srecko Ignjatovic, Sarajevo, BiH\",\"camera\":\"\",\"caption\":\"\",\"created_timestamp\":\"0\",\"copyright\":\"www.vremeplov.ba\",\"focal_length\":\"0\",\"iso\":\"0\",\"shutter_speed\":\"0\",\"title\":\"\",\"orientation\":\"1\",\"keywords\":[\"Normalni kolosijek\",\"vremeplov\",\"stare fotografije\",\"\u017eeljeznice bosne\",\"Svodna\"]},\"meta\":false,\"postlink\":\"https:\/\/vremeplov.ba\/2025\/pruga-normalnog-kolosijeka\/foto-35-svodna\/\"},{\"id\":21637,\"title\":\"Foto-36-Zaluzani\",\"url\":\"https:\/\/vremeplov.ba\/2025\/wp-content\/uploads\/2025\/04\/Foto-36-Zaluzani.jpg\",\"link\":\"https:\/\/vremeplov.ba\/2025\/pruga-normalnog-kolosijeka\/foto-36-zaluzani\/\",\"alt\":\"\",\"description\":\"\",\"caption\":\"\",\"mime\":\"image\/jpeg\",\"type\":\"image\",\"width\":950,\"height\":676,\"sizes\":{\"full\":{\"url\":\"https:\/\/vremeplov.ba\/2025\/wp-content\/uploads\/2025\/04\/Foto-36-Zaluzani.jpg\",\"height\":676,\"width\":950,\"orientation\":\"landscape\"}},\"imageMeta\":{\"aperture\":\"0\",\"credit\":\"Srecko Ignjatovic, Sarajevo, BiH\",\"camera\":\"\",\"caption\":\"\",\"created_timestamp\":\"0\",\"copyright\":\"www.vremeplov.ba\",\"focal_length\":\"0\",\"iso\":\"0\",\"shutter_speed\":\"0\",\"title\":\"\",\"orientation\":\"1\",\"keywords\":[\"Normalni kolosijek\",\"vremeplov\",\"stare fotografije\",\"\u017eeljeznice bosne\",\"Zalu\u017eani\"]},\"meta\":false,\"postlink\":\"https:\/\/vremeplov.ba\/2025\/pruga-normalnog-kolosijeka\/foto-36-zaluzani\/\"},{\"id\":21638,\"title\":\"Foto-37-Dabrevine\",\"url\":\"https:\/\/vremeplov.ba\/2025\/wp-content\/uploads\/2025\/04\/Foto-37-Dabrevine.jpg\",\"link\":\"https:\/\/vremeplov.ba\/2025\/pruga-normalnog-kolosijeka\/foto-37-dabrevine\/\",\"alt\":\"\",\"description\":\"\",\"caption\":\"\",\"mime\":\"image\/jpeg\",\"type\":\"image\",\"width\":950,\"height\":646,\"sizes\":{\"full\":{\"url\":\"https:\/\/vremeplov.ba\/2025\/wp-content\/uploads\/2025\/04\/Foto-37-Dabrevine.jpg\",\"height\":646,\"width\":950,\"orientation\":\"landscape\"}},\"imageMeta\":{\"aperture\":\"0\",\"credit\":\"Srecko Ignjatovic, Sarajevo, BiH\",\"camera\":\"\",\"caption\":\"\",\"created_timestamp\":\"0\",\"copyright\":\"www.vremeplov.ba\",\"focal_length\":\"0\",\"iso\":\"0\",\"shutter_speed\":\"0\",\"title\":\"\",\"orientation\":\"1\",\"keywords\":[\"Normalni kolosijek\",\"vremeplov\",\"stare fotografije\",\"\u017eeljeznice bosne\",\"Dabrevine\"]},\"meta\":false,\"postlink\":\"https:\/\/vremeplov.ba\/2025\/pruga-normalnog-kolosijeka\/foto-37-dabrevine\/\"},{\"id\":21639,\"title\":\"Foto-38-EMG_411\",\"url\":\"https:\/\/vremeplov.ba\/2025\/wp-content\/uploads\/2025\/04\/Foto-38-EMG_411.jpg\",\"link\":\"https:\/\/vremeplov.ba\/2025\/pruga-normalnog-kolosijeka\/foto-38-emg_411\/\",\"alt\":\"\",\"description\":\"\",\"caption\":\"\",\"mime\":\"image\/jpeg\",\"type\":\"image\",\"width\":658,\"height\":950,\"sizes\":{\"full\":{\"url\":\"https:\/\/vremeplov.ba\/2025\/wp-content\/uploads\/2025\/04\/Foto-38-EMG_411.jpg\",\"height\":950,\"width\":658,\"orientation\":\"portrait\"}},\"imageMeta\":{\"aperture\":\"0\",\"credit\":\"Srecko Ignjatovic, Sarajevo, BiH\",\"camera\":\"\",\"caption\":\"\",\"created_timestamp\":\"0\",\"copyright\":\"www.vremeplov.ba\",\"focal_length\":\"0\",\"iso\":\"0\",\"shutter_speed\":\"0\",\"title\":\"\",\"orientation\":\"1\",\"keywords\":[\"Normalni kolosijek\",\"vremeplov\",\"stare fotografije\",\"\u017eeljeznice bosne\",\"EMG_411\"]},\"meta\":false,\"postlink\":\"https:\/\/vremeplov.ba\/2025\/pruga-normalnog-kolosijeka\/foto-38-emg_411\/\"},{\"id\":21640,\"title\":\"Foto-39-Dizel_661\",\"url\":\"https:\/\/vremeplov.ba\/2025\/wp-content\/uploads\/2025\/04\/Foto-39-Dizel_661.jpg\",\"link\":\"https:\/\/vremeplov.ba\/2025\/pruga-normalnog-kolosijeka\/foto-39-dizel_661\/\",\"alt\":\"\",\"description\":\"\",\"caption\":\"\",\"mime\":\"image\/jpeg\",\"type\":\"image\",\"width\":950,\"height\":570,\"sizes\":{\"full\":{\"url\":\"https:\/\/vremeplov.ba\/2025\/wp-content\/uploads\/2025\/04\/Foto-39-Dizel_661.jpg\",\"height\":570,\"width\":950,\"orientation\":\"landscape\"}},\"imageMeta\":{\"aperture\":\"0\",\"credit\":\"Srecko Ignjatovic, Sarajevo, BiH\",\"camera\":\"\",\"caption\":\"\",\"created_timestamp\":\"0\",\"copyright\":\"www.vremeplov.ba\",\"focal_length\":\"0\",\"iso\":\"0\",\"shutter_speed\":\"0\",\"title\":\"\",\"orientation\":\"1\",\"keywords\":[\"Normalni kolosijek\",\"vremeplov\",\"stare fotografije\",\"\u017eeljeznice bosne\"]},\"meta\":false,\"postlink\":\"https:\/\/vremeplov.ba\/2025\/pruga-normalnog-kolosijeka\/foto-39-dizel_661\/\"},{\"id\":21641,\"title\":\"Foto-40-Rajlovac\",\"url\":\"https:\/\/vremeplov.ba\/2025\/wp-content\/uploads\/2025\/04\/Foto-40-Rajlovac.jpg\",\"link\":\"https:\/\/vremeplov.ba\/2025\/pruga-normalnog-kolosijeka\/foto-40-rajlovac\/\",\"alt\":\"\",\"description\":\"\",\"caption\":\"\",\"mime\":\"image\/jpeg\",\"type\":\"image\",\"width\":950,\"height\":615,\"sizes\":{\"full\":{\"url\":\"https:\/\/vremeplov.ba\/2025\/wp-content\/uploads\/2025\/04\/Foto-40-Rajlovac.jpg\",\"height\":615,\"width\":950,\"orientation\":\"landscape\"}},\"imageMeta\":{\"aperture\":\"0\",\"credit\":\"Srecko Ignjatovic, Sarajevo, BiH\",\"camera\":\"\",\"caption\":\"\",\"created_timestamp\":\"0\",\"copyright\":\"www.vremeplov.ba\",\"focal_length\":\"0\",\"iso\":\"0\",\"shutter_speed\":\"0\",\"title\":\"\",\"orientation\":\"1\",\"keywords\":[\"Normalni kolosijek\",\"vremeplov\",\"stare fotografije\",\"\u017eeljeznice bosne\",\"Rajlovac_Depo\"]},\"meta\":false,\"postlink\":\"https:\/\/vremeplov.ba\/2025\/pruga-normalnog-kolosijeka\/foto-40-rajlovac\/\"},{\"id\":21642,\"title\":\"Foto-41-Sarajevo\",\"url\":\"https:\/\/vremeplov.ba\/2025\/wp-content\/uploads\/2025\/04\/Foto-41-Sarajevo.jpg\",\"link\":\"https:\/\/vremeplov.ba\/2025\/pruga-normalnog-kolosijeka\/foto-41-sarajevo\/\",\"alt\":\"\",\"description\":\"\",\"caption\":\"\",\"mime\":\"image\/jpeg\",\"type\":\"image\",\"width\":950,\"height\":594,\"sizes\":{\"full\":{\"url\":\"https:\/\/vremeplov.ba\/2025\/wp-content\/uploads\/2025\/04\/Foto-41-Sarajevo.jpg\",\"height\":594,\"width\":950,\"orientation\":\"landscape\"}},\"imageMeta\":{\"aperture\":\"0\",\"credit\":\"Srecko Ignjatovic, Sarajevo, BiH\",\"camera\":\"\",\"caption\":\"\",\"created_timestamp\":\"0\",\"copyright\":\"www.vremeplov.ba\",\"focal_length\":\"0\",\"iso\":\"0\",\"shutter_speed\":\"0\",\"title\":\"\",\"orientation\":\"1\",\"keywords\":[\"Normalni kolosijek\",\"vremeplov\",\"stare fotografije\",\"\u017eeljeznice bosne\",\"Sarajevo\"]},\"meta\":false,\"postlink\":\"https:\/\/vremeplov.ba\/2025\/pruga-normalnog-kolosijeka\/foto-41-sarajevo\/\"},{\"id\":21643,\"title\":\"Foto-42-Sarajevo\",\"url\":\"https:\/\/vremeplov.ba\/2025\/wp-content\/uploads\/2025\/04\/Foto-42-Sarajevo.jpg\",\"link\":\"https:\/\/vremeplov.ba\/2025\/pruga-normalnog-kolosijeka\/foto-42-sarajevo\/\",\"alt\":\"\",\"description\":\"\",\"caption\":\"\",\"mime\":\"image\/jpeg\",\"type\":\"image\",\"width\":950,\"height\":294,\"sizes\":{\"full\":{\"url\":\"https:\/\/vremeplov.ba\/2025\/wp-content\/uploads\/2025\/04\/Foto-42-Sarajevo.jpg\",\"height\":294,\"width\":950,\"orientation\":\"landscape\"}},\"imageMeta\":{\"aperture\":\"0\",\"credit\":\"Srecko Ignjatovic, Sarajevo, BiH\",\"camera\":\"\",\"caption\":\"\",\"created_timestamp\":\"0\",\"copyright\":\"www.vremeplov.ba\",\"focal_length\":\"0\",\"iso\":\"0\",\"shutter_speed\":\"0\",\"title\":\"\",\"orientation\":\"1\",\"keywords\":[\"Normalni kolosijek\",\"vremeplov\",\"stare fotografije\",\"\u017eeljeznice bosne\",\"Sarajevo\"]},\"meta\":false,\"postlink\":\"https:\/\/vremeplov.ba\/2025\/pruga-normalnog-kolosijeka\/foto-42-sarajevo\/\"},{\"id\":21644,\"title\":\"Foto-43-Visoko\",\"url\":\"https:\/\/vremeplov.ba\/2025\/wp-content\/uploads\/2025\/04\/Foto-43-Visoko.jpg\",\"link\":\"https:\/\/vremeplov.ba\/2025\/pruga-normalnog-kolosijeka\/foto-43-visoko\/\",\"alt\":\"\",\"description\":\"\",\"caption\":\"\",\"mime\":\"image\/jpeg\",\"type\":\"image\",\"width\":950,\"height\":661,\"sizes\":{\"full\":{\"url\":\"https:\/\/vremeplov.ba\/2025\/wp-content\/uploads\/2025\/04\/Foto-43-Visoko.jpg\",\"height\":661,\"width\":950,\"orientation\":\"landscape\"}},\"imageMeta\":{\"aperture\":\"0\",\"credit\":\"Srecko Ignjatovic, Sarajevo, BiH\",\"camera\":\"\",\"caption\":\"\",\"created_timestamp\":\"0\",\"copyright\":\"www.vremeplov.ba\",\"focal_length\":\"0\",\"iso\":\"0\",\"shutter_speed\":\"0\",\"title\":\"\",\"orientation\":\"1\",\"keywords\":[\"Normalni kolosijek\",\"vremeplov\",\"stare fotografije\",\"\u017eeljeznice bosne\",\"Visoko\",\"\u017eeljeznice BiH\"]},\"meta\":false,\"postlink\":\"https:\/\/vremeplov.ba\/2025\/pruga-normalnog-kolosijeka\/foto-43-visoko\/\"},{\"id\":21645,\"title\":\"Foto-44-Sarajevo\",\"url\":\"https:\/\/vremeplov.ba\/2025\/wp-content\/uploads\/2025\/04\/Foto-44-Sarajevo.jpg\",\"link\":\"https:\/\/vremeplov.ba\/2025\/pruga-normalnog-kolosijeka\/foto-44-sarajevo\/\",\"alt\":\"\",\"description\":\"\",\"caption\":\"\",\"mime\":\"image\/jpeg\",\"type\":\"image\",\"width\":950,\"height\":664,\"sizes\":{\"full\":{\"url\":\"https:\/\/vremeplov.ba\/2025\/wp-content\/uploads\/2025\/04\/Foto-44-Sarajevo.jpg\",\"height\":664,\"width\":950,\"orientation\":\"landscape\"}},\"imageMeta\":{\"aperture\":\"0\",\"credit\":\"Srecko Ignjatovic, Sarajevo, BiH\",\"camera\":\"\",\"caption\":\"\",\"created_timestamp\":\"0\",\"copyright\":\"www.vremeplov.ba\",\"focal_length\":\"0\",\"iso\":\"0\",\"shutter_speed\":\"0\",\"title\":\"\",\"orientation\":\"1\",\"keywords\":[\"Normalni kolosijek\",\"vremeplov\",\"stare fotografije\",\"\u017eeljeznice bosne\",\"\u017deljeznice BH\"]},\"meta\":false,\"postlink\":\"https:\/\/vremeplov.ba\/2025\/pruga-normalnog-kolosijeka\/foto-44-sarajevo\/\"},{\"id\":21646,\"title\":\"Foto-45-Sarajevo\",\"url\":\"https:\/\/vremeplov.ba\/2025\/wp-content\/uploads\/2025\/04\/Foto-45-Sarajevo.jpg\",\"link\":\"https:\/\/vremeplov.ba\/2025\/pruga-normalnog-kolosijeka\/foto-45-sarajevo\/\",\"alt\":\"\",\"description\":\"\",\"caption\":\"\",\"mime\":\"image\/jpeg\",\"type\":\"image\",\"width\":950,\"height\":667,\"sizes\":{\"full\":{\"url\":\"https:\/\/vremeplov.ba\/2025\/wp-content\/uploads\/2025\/04\/Foto-45-Sarajevo.jpg\",\"height\":667,\"width\":950,\"orientation\":\"landscape\"}},\"imageMeta\":{\"aperture\":\"0\",\"credit\":\"Srecko Ignjatovic, Sarajevo, BiH\",\"camera\":\"\",\"caption\":\"\",\"created_timestamp\":\"0\",\"copyright\":\"www.vremeplov.ba\",\"focal_length\":\"0\",\"iso\":\"0\",\"shutter_speed\":\"0\",\"title\":\"\",\"orientation\":\"1\",\"keywords\":[\"Normalni kolosijek\",\"vremeplov\",\"stare fotografije\",\"\u017eeljeznice bosne\",\"\u017deljeznice BH\"]},\"meta\":false,\"postlink\":\"https:\/\/vremeplov.ba\/2025\/pruga-normalnog-kolosijeka\/foto-45-sarajevo\/\"},{\"id\":21647,\"title\":\"Foto-46-Radionica\",\"url\":\"https:\/\/vremeplov.ba\/2025\/wp-content\/uploads\/2025\/04\/Foto-46-Radionica.jpg\",\"link\":\"https:\/\/vremeplov.ba\/2025\/pruga-normalnog-kolosijeka\/foto-46-radionica\/\",\"alt\":\"\",\"description\":\"\",\"caption\":\"\",\"mime\":\"image\/jpeg\",\"type\":\"image\",\"width\":950,\"height\":683,\"sizes\":{\"full\":{\"url\":\"https:\/\/vremeplov.ba\/2025\/wp-content\/uploads\/2025\/04\/Foto-46-Radionica.jpg\",\"height\":683,\"width\":950,\"orientation\":\"landscape\"}},\"imageMeta\":{\"aperture\":\"0\",\"credit\":\"Srecko Ignjatovic, Sarajevo, BiH\",\"camera\":\"\",\"caption\":\"\",\"created_timestamp\":\"0\",\"copyright\":\"www.vremeplov.ba\",\"focal_length\":\"0\",\"iso\":\"0\",\"shutter_speed\":\"0\",\"title\":\"\",\"orientation\":\"1\",\"keywords\":[\"Normalni kolosijek\",\"vremeplov\",\"stare fotografije\",\"\u017eeljeznice bosne\",\"Radionica\",\"VMC\"]},\"meta\":false,\"postlink\":\"https:\/\/vremeplov.ba\/2025\/pruga-normalnog-kolosijeka\/foto-46-radionica\/\"},{\"id\":21648,\"title\":\"Foto-48-Bosna_Ekspres\",\"url\":\"https:\/\/vremeplov.ba\/2025\/wp-content\/uploads\/2025\/04\/Foto-48-Bosna_Ekspres.jpg\",\"link\":\"https:\/\/vremeplov.ba\/2025\/pruga-normalnog-kolosijeka\/foto-48-bosna_ekspres\/\",\"alt\":\"\",\"description\":\"\",\"caption\":\"\",\"mime\":\"image\/jpeg\",\"type\":\"image\",\"width\":624,\"height\":950,\"sizes\":{\"full\":{\"url\":\"https:\/\/vremeplov.ba\/2025\/wp-content\/uploads\/2025\/04\/Foto-48-Bosna_Ekspres.jpg\",\"height\":950,\"width\":624,\"orientation\":\"portrait\"}},\"imageMeta\":{\"aperture\":\"0\",\"credit\":\"Srecko Ignjatovic, Sarajevo, BiH\",\"camera\":\"\",\"caption\":\"\",\"created_timestamp\":\"0\",\"copyright\":\"www.vremeplov.ba\",\"focal_length\":\"0\",\"iso\":\"0\",\"shutter_speed\":\"0\",\"title\":\"\",\"orientation\":\"1\",\"keywords\":[\"Normalni kolosijek\",\"vremeplov\",\"stare fotografije\",\"\u017eeljeznice bosne\",\"Bosna Ekspres\"]},\"meta\":false,\"postlink\":\"https:\/\/vremeplov.ba\/2025\/pruga-normalnog-kolosijeka\/foto-48-bosna_ekspres\/\"},{\"id\":21649,\"title\":\"Foto-49-Banovici\",\"url\":\"https:\/\/vremeplov.ba\/2025\/wp-content\/uploads\/2025\/04\/Foto-49-Banovici.jpg\",\"link\":\"https:\/\/vremeplov.ba\/2025\/pruga-normalnog-kolosijeka\/foto-49-banovici\/\",\"alt\":\"\",\"description\":\"\",\"caption\":\"\",\"mime\":\"image\/jpeg\",\"type\":\"image\",\"width\":950,\"height\":772,\"sizes\":{\"full\":{\"url\":\"https:\/\/vremeplov.ba\/2025\/wp-content\/uploads\/2025\/04\/Foto-49-Banovici.jpg\",\"height\":772,\"width\":950,\"orientation\":\"landscape\"}},\"imageMeta\":{\"aperture\":\"0\",\"credit\":\"Srecko Ignjatovic, Sarajevo, BiH\",\"camera\":\"\",\"caption\":\"\",\"created_timestamp\":\"0\",\"copyright\":\"www.vremeplov.ba\",\"focal_length\":\"0\",\"iso\":\"0\",\"shutter_speed\":\"0\",\"title\":\"\",\"orientation\":\"1\",\"keywords\":[\"Normalni kolosijek\",\"vremeplov\",\"stare fotografije\",\"\u017eeljeznice bosne\",\"Banovi\u0107i\"]},\"meta\":false,\"postlink\":\"https:\/\/vremeplov.ba\/2025\/pruga-normalnog-kolosijeka\/foto-49-banovici\/\"},{\"id\":21650,\"title\":\"Foto-50-Jahorina_Ekspres\",\"url\":\"https:\/\/vremeplov.ba\/2025\/wp-content\/uploads\/2025\/04\/Foto-50-Jahorina_Ekspres.jpg\",\"link\":\"https:\/\/vremeplov.ba\/2025\/pruga-normalnog-kolosijeka\/foto-50-jahorina_ekspres\/\",\"alt\":\"\",\"description\":\"\",\"caption\":\"\",\"mime\":\"image\/jpeg\",\"type\":\"image\",\"width\":950,\"height\":607,\"sizes\":{\"full\":{\"url\":\"https:\/\/vremeplov.ba\/2025\/wp-content\/uploads\/2025\/04\/Foto-50-Jahorina_Ekspres.jpg\",\"height\":607,\"width\":950,\"orientation\":\"landscape\"}},\"imageMeta\":{\"aperture\":\"0\",\"credit\":\"Srecko Ignjatovic, Sarajevo, BiH\",\"camera\":\"\",\"caption\":\"\",\"created_timestamp\":\"0\",\"copyright\":\"www.vremeplov.ba\",\"focal_length\":\"0\",\"iso\":\"0\",\"shutter_speed\":\"0\",\"title\":\"\",\"orientation\":\"1\",\"keywords\":[\"EMG 441: Mad\u017ear\",\"Jahorina Ekspres\",\"normalni kolosijek\",\"vremeplov\",\"Sarajevo\"]},\"meta\":false,\"postlink\":\"https:\/\/vremeplov.ba\/2025\/pruga-normalnog-kolosijeka\/foto-50-jahorina_ekspres\/\"},{\"id\":21651,\"title\":\"Foto-51-Rajlovac_EMG_1978\",\"url\":\"https:\/\/vremeplov.ba\/2025\/wp-content\/uploads\/2025\/04\/Foto-51-Rajlovac_EMG_1978.jpg\",\"link\":\"https:\/\/vremeplov.ba\/2025\/pruga-normalnog-kolosijeka\/foto-51-rajlovac_emg_1978\/\",\"alt\":\"\",\"description\":\"\",\"caption\":\"\",\"mime\":\"image\/jpeg\",\"type\":\"image\",\"width\":950,\"height\":617,\"sizes\":{\"full\":{\"url\":\"https:\/\/vremeplov.ba\/2025\/wp-content\/uploads\/2025\/04\/Foto-51-Rajlovac_EMG_1978.jpg\",\"height\":617,\"width\":950,\"orientation\":\"landscape\"}},\"imageMeta\":{\"aperture\":\"0\",\"credit\":\"Srecko Ignjatovic, Sarajevo, BiH\",\"camera\":\"HP Scanjet 2400\",\"caption\":\"\",\"created_timestamp\":\"0\",\"copyright\":\"www.vremeplov.ba\",\"focal_length\":\"0\",\"iso\":\"0\",\"shutter_speed\":\"0\",\"title\":\"\",\"orientation\":\"1\",\"keywords\":[\"normalni\",\"kolosijek\",\"vremeplov\",\"Rajlovac\",\"motor\",\"EMG\"]},\"meta\":false,\"postlink\":\"https:\/\/vremeplov.ba\/2025\/pruga-normalnog-kolosijeka\/foto-51-rajlovac_emg_1978\/\"},{\"id\":21652,\"title\":\"Foto-52-Rajlovac_kultura\",\"url\":\"https:\/\/vremeplov.ba\/2025\/wp-content\/uploads\/2025\/04\/Foto-52-Rajlovac_kultura.jpg\",\"link\":\"https:\/\/vremeplov.ba\/2025\/pruga-normalnog-kolosijeka\/foto-52-rajlovac_kultura\/\",\"alt\":\"\",\"description\":\"\",\"caption\":\"\",\"mime\":\"image\/jpeg\",\"type\":\"image\",\"width\":950,\"height\":664,\"sizes\":{\"full\":{\"url\":\"https:\/\/vremeplov.ba\/2025\/wp-content\/uploads\/2025\/04\/Foto-52-Rajlovac_kultura.jpg\",\"height\":664,\"width\":950,\"orientation\":\"landscape\"}},\"imageMeta\":{\"aperture\":\"0\",\"credit\":\"Srecko Ignjatovic, Sarajevo, BiH\",\"camera\":\"HP Scanjet 2400\",\"caption\":\"\",\"created_timestamp\":\"0\",\"copyright\":\"www.vremeplov.ba\",\"focal_length\":\"0\",\"iso\":\"0\",\"shutter_speed\":\"0\",\"title\":\"\",\"orientation\":\"1\",\"keywords\":[\"normalni\",\"kolosijek\",\"vremeplov\",\"Rajlovac\",\"motor\",\"EMG\"]},\"meta\":false,\"postlink\":\"https:\/\/vremeplov.ba\/2025\/pruga-normalnog-kolosijeka\/foto-52-rajlovac_kultura\/\"},{\"id\":21653,\"title\":\"Foto-53-Mostar_EMG_411\",\"url\":\"https:\/\/vremeplov.ba\/2025\/wp-content\/uploads\/2025\/04\/Foto-53-Mostar_EMG_411.jpg\",\"link\":\"https:\/\/vremeplov.ba\/2025\/pruga-normalnog-kolosijeka\/foto-53-mostar_emg_411\/\",\"alt\":\"\",\"description\":\"\",\"caption\":\"\",\"mime\":\"image\/jpeg\",\"type\":\"image\",\"width\":950,\"height\":643,\"sizes\":{\"full\":{\"url\":\"https:\/\/vremeplov.ba\/2025\/wp-content\/uploads\/2025\/04\/Foto-53-Mostar_EMG_411.jpg\",\"height\":643,\"width\":950,\"orientation\":\"landscape\"}},\"imageMeta\":{\"aperture\":\"0\",\"credit\":\"Srecko Ignjatovic, Sarajevo, BiH\",\"camera\":\"\",\"caption\":\"\",\"created_timestamp\":\"0\",\"copyright\":\"www.vremeplov.ba\",\"focal_length\":\"0\",\"iso\":\"0\",\"shutter_speed\":\"0\",\"title\":\"\",\"orientation\":\"1\",\"keywords\":[\"normalni\",\"kolosijek\",\"vremeplov\",\"Mostar\",\"motor ma\u0111ar\",\"EMG\",\"411\"]},\"meta\":false,\"postlink\":\"https:\/\/vremeplov.ba\/2025\/pruga-normalnog-kolosijeka\/foto-53-mostar_emg_411\/\"},{\"id\":21654,\"title\":\"Foto-54-Bosna_EkspresBosanski_Novi\",\"url\":\"https:\/\/vremeplov.ba\/2025\/wp-content\/uploads\/2025\/04\/Foto-54-Bosna_EkspresBosanski_Novi.jpg\",\"link\":\"https:\/\/vremeplov.ba\/2025\/pruga-normalnog-kolosijeka\/foto-54-bosna_ekspresbosanski_novi\/\",\"alt\":\"\",\"description\":\"\",\"caption\":\"\",\"mime\":\"image\/jpeg\",\"type\":\"image\",\"width\":950,\"height\":653,\"sizes\":{\"full\":{\"url\":\"https:\/\/vremeplov.ba\/2025\/wp-content\/uploads\/2025\/04\/Foto-54-Bosna_EkspresBosanski_Novi.jpg\",\"height\":653,\"width\":950,\"orientation\":\"landscape\"}},\"imageMeta\":{\"aperture\":\"0\",\"credit\":\"Srecko Ignjatovic, Sarajevo, BiH\",\"camera\":\"HP Scanjet 2400\",\"caption\":\"\",\"created_timestamp\":\"0\",\"copyright\":\"www.vremeplov.ba\",\"focal_length\":\"0\",\"iso\":\"0\",\"shutter_speed\":\"0\",\"title\":\"\",\"orientation\":\"1\",\"keywords\":[\"normalni\",\"kolosijek\",\"vremeplov\",\"Bosanski Novi\",\"\u017eeljeznica\",\"Bosna Ekspres\"]},\"meta\":false,\"postlink\":\"https:\/\/vremeplov.ba\/2025\/pruga-normalnog-kolosijeka\/foto-54-bosna_ekspresbosanski_novi\/\"},{\"id\":21655,\"title\":\"Foto-55-Upravljacnica_EMG\",\"url\":\"https:\/\/vremeplov.ba\/2025\/wp-content\/uploads\/2025\/04\/Foto-55-Upravljacnica_EMG.jpg\",\"link\":\"https:\/\/vremeplov.ba\/2025\/pruga-normalnog-kolosijeka\/foto-55-upravljacnica_emg\/\",\"alt\":\"\",\"description\":\"\",\"caption\":\"\",\"mime\":\"image\/jpeg\",\"type\":\"image\",\"width\":950,\"height\":699,\"sizes\":{\"full\":{\"url\":\"https:\/\/vremeplov.ba\/2025\/wp-content\/uploads\/2025\/04\/Foto-55-Upravljacnica_EMG.jpg\",\"height\":699,\"width\":950,\"orientation\":\"landscape\"}},\"imageMeta\":{\"aperture\":\"0\",\"credit\":\"Srecko Ignjatovic, Sarajevo, BiH\",\"camera\":\"\",\"caption\":\"\",\"created_timestamp\":\"0\",\"copyright\":\"www.vremeplov.ba\",\"focal_length\":\"0\",\"iso\":\"0\",\"shutter_speed\":\"0\",\"title\":\"\",\"orientation\":\"1\",\"keywords\":[\"normalni\",\"kolosijek\",\"vremeplov\",\"elektro\",\"garnitura\",\"upravlja\u010dnica\"]},\"meta\":false,\"postlink\":\"https:\/\/vremeplov.ba\/2025\/pruga-normalnog-kolosijeka\/foto-55-upravljacnica_emg\/\"},{\"id\":21656,\"title\":\"Foto-56-Jedrinje_Sucic\",\"url\":\"https:\/\/vremeplov.ba\/2025\/wp-content\/uploads\/2025\/04\/Foto-56-Jedrinje_Sucic.jpg\",\"link\":\"https:\/\/vremeplov.ba\/2025\/pruga-normalnog-kolosijeka\/foto-56-jedrinje_sucic\/\",\"alt\":\"\",\"description\":\"\",\"caption\":\"\",\"mime\":\"image\/jpeg\",\"type\":\"image\",\"width\":950,\"height\":680,\"sizes\":{\"full\":{\"url\":\"https:\/\/vremeplov.ba\/2025\/wp-content\/uploads\/2025\/04\/Foto-56-Jedrinje_Sucic.jpg\",\"height\":680,\"width\":950,\"orientation\":\"landscape\"}},\"imageMeta\":{\"aperture\":\"0\",\"credit\":\"Srecko Ignjatovic, Sarajevo, BiH\",\"camera\":\"\",\"caption\":\"\",\"created_timestamp\":\"0\",\"copyright\":\"www.vremeplov.ba\",\"focal_length\":\"0\",\"iso\":\"0\",\"shutter_speed\":\"0\",\"title\":\"\",\"orientation\":\"1\",\"keywords\":[\"normalni\",\"kolosijek\",\"vremeplov\",\"tunel\",\"Jedrinje\",\"narentabahn\"]},\"meta\":false,\"postlink\":\"https:\/\/vremeplov.ba\/2025\/pruga-normalnog-kolosijeka\/foto-56-jedrinje_sucic\/\"},{\"id\":21657,\"title\":\"Foto-57-Konjic_lokal_Batt\",\"url\":\"https:\/\/vremeplov.ba\/2025\/wp-content\/uploads\/2025\/04\/Foto-57-Konjic_lokal_Batt.jpg\",\"link\":\"https:\/\/vremeplov.ba\/2025\/pruga-normalnog-kolosijeka\/foto-57-konjic_lokal_batt\/\",\"alt\":\"\",\"description\":\"\",\"caption\":\"\",\"mime\":\"image\/jpeg\",\"type\":\"image\",\"width\":950,\"height\":680,\"sizes\":{\"full\":{\"url\":\"https:\/\/vremeplov.ba\/2025\/wp-content\/uploads\/2025\/04\/Foto-57-Konjic_lokal_Batt.jpg\",\"height\":680,\"width\":950,\"orientation\":\"landscape\"}},\"imageMeta\":{\"aperture\":\"0\",\"credit\":\"Srecko Ignjatovic, Sarajevo, BiH\",\"camera\":\"\",\"caption\":\"\",\"created_timestamp\":\"0\",\"copyright\":\"www.vremeplov.ba\",\"focal_length\":\"0\",\"iso\":\"0\",\"shutter_speed\":\"0\",\"title\":\"\",\"orientation\":\"1\",\"keywords\":[\"normalni\",\"kolosijek\",\"vremeplov\",\"Konjic stanica\",\"vagon\"]},\"meta\":false,\"postlink\":\"https:\/\/vremeplov.ba\/2025\/pruga-normalnog-kolosijeka\/foto-57-konjic_lokal_batt\/\"},{\"id\":21658,\"title\":\"Foto-58-Kulen_Vakuf\",\"url\":\"https:\/\/vremeplov.ba\/2025\/wp-content\/uploads\/2025\/04\/Foto-58-Kulen_Vakuf.jpg\",\"link\":\"https:\/\/vremeplov.ba\/2025\/pruga-normalnog-kolosijeka\/foto-58-kulen_vakuf\/\",\"alt\":\"\",\"description\":\"\",\"caption\":\"\",\"mime\":\"image\/jpeg\",\"type\":\"image\",\"width\":950,\"height\":597,\"sizes\":{\"full\":{\"url\":\"https:\/\/vremeplov.ba\/2025\/wp-content\/uploads\/2025\/04\/Foto-58-Kulen_Vakuf.jpg\",\"height\":597,\"width\":950,\"orientation\":\"landscape\"}},\"imageMeta\":{\"aperture\":\"0\",\"credit\":\"Srecko Ignjatovic, Sarajevo, BiH\",\"camera\":\"\",\"caption\":\"\",\"created_timestamp\":\"0\",\"copyright\":\"www.vremeplov.ba\",\"focal_length\":\"0\",\"iso\":\"0\",\"shutter_speed\":\"0\",\"title\":\"\",\"orientation\":\"1\",\"keywords\":[\"normalni\",\"kolosijek\",\"vremeplov\",\"Kulen Vakuf\"]},\"meta\":false,\"postlink\":\"https:\/\/vremeplov.ba\/2025\/pruga-normalnog-kolosijeka\/foto-58-kulen_vakuf\/\"},{\"id\":21659,\"title\":\"Foto-59-Mramor\",\"url\":\"https:\/\/vremeplov.ba\/2025\/wp-content\/uploads\/2025\/04\/Foto-59-Mramor.jpg\",\"link\":\"https:\/\/vremeplov.ba\/2025\/pruga-normalnog-kolosijeka\/foto-59-mramor\/\",\"alt\":\"\",\"description\":\"\",\"caption\":\"\",\"mime\":\"image\/jpeg\",\"type\":\"image\",\"width\":950,\"height\":622,\"sizes\":{\"full\":{\"url\":\"https:\/\/vremeplov.ba\/2025\/wp-content\/uploads\/2025\/04\/Foto-59-Mramor.jpg\",\"height\":622,\"width\":950,\"orientation\":\"landscape\"}},\"imageMeta\":{\"aperture\":\"0\",\"credit\":\"Srecko Ignjatovic, Sarajevo, BiH\",\"camera\":\"\",\"caption\":\"\",\"created_timestamp\":\"0\",\"copyright\":\"www.vremeplov.ba\",\"focal_length\":\"0\",\"iso\":\"0\",\"shutter_speed\":\"0\",\"title\":\"\",\"orientation\":\"1\",\"keywords\":[\"normalni\",\"kolosijek\",\"vremeplov\",\"Mramor\",\"\u017eeljeznica\"]},\"meta\":false,\"postlink\":\"https:\/\/vremeplov.ba\/2025\/pruga-normalnog-kolosijeka\/foto-59-mramor\/\"},{\"id\":21660,\"title\":\"Foto-60-ZTP_Tuzla\",\"url\":\"https:\/\/vremeplov.ba\/2025\/wp-content\/uploads\/2025\/04\/Foto-60-ZTP_Tuzla.jpg\",\"link\":\"https:\/\/vremeplov.ba\/2025\/pruga-normalnog-kolosijeka\/foto-60-ztp_tuzla\/\",\"alt\":\"\",\"description\":\"\",\"caption\":\"\",\"mime\":\"image\/jpeg\",\"type\":\"image\",\"width\":950,\"height\":697,\"sizes\":{\"full\":{\"url\":\"https:\/\/vremeplov.ba\/2025\/wp-content\/uploads\/2025\/04\/Foto-60-ZTP_Tuzla.jpg\",\"height\":697,\"width\":950,\"orientation\":\"landscape\"}},\"imageMeta\":{\"aperture\":\"0\",\"credit\":\"Srecko Ignjatovic, Sarajevo, BiH\",\"camera\":\"\",\"caption\":\"\",\"created_timestamp\":\"0\",\"copyright\":\"www.vremeplov.ba\",\"focal_length\":\"0\",\"iso\":\"0\",\"shutter_speed\":\"0\",\"title\":\"\",\"orientation\":\"1\",\"keywords\":[\"normalni\",\"kolosijek\",\"vremeplov\",\"Tuzla\",\"J\u017d\",\"JZ\",\"\u017dTP\"]},\"meta\":false,\"postlink\":\"https:\/\/vremeplov.ba\/2025\/pruga-normalnog-kolosijeka\/foto-60-ztp_tuzla\/\"},{\"id\":21661,\"title\":\"Foto-61-podlugovi_st\",\"url\":\"https:\/\/vremeplov.ba\/2025\/wp-content\/uploads\/2025\/04\/Foto-61-podlugovi_st.jpg\",\"link\":\"https:\/\/vremeplov.ba\/2025\/pruga-normalnog-kolosijeka\/foto-61-podlugovi_st\/\",\"alt\":\"\",\"description\":\"\",\"caption\":\"\",\"mime\":\"image\/jpeg\",\"type\":\"image\",\"width\":950,\"height\":611,\"sizes\":{\"full\":{\"url\":\"https:\/\/vremeplov.ba\/2025\/wp-content\/uploads\/2025\/04\/Foto-61-podlugovi_st.jpg\",\"height\":611,\"width\":950,\"orientation\":\"landscape\"}},\"imageMeta\":{\"aperture\":\"0\",\"credit\":\"Srecko Ignjatovic, Sarajevo, BiH\",\"camera\":\"\",\"caption\":\"\",\"created_timestamp\":\"0\",\"copyright\":\"www.vremeplov.ba\",\"focal_length\":\"0\",\"iso\":\"0\",\"shutter_speed\":\"0\",\"title\":\"\",\"orientation\":\"1\",\"keywords\":[\"normalni\",\"kolosijek\",\"vremeplov\",\"Podlugovi\",\"\u017eeljeznica\"]},\"meta\":false,\"postlink\":\"https:\/\/vremeplov.ba\/2025\/pruga-normalnog-kolosijeka\/foto-61-podlugovi_st\/\"},{\"id\":21662,\"title\":\"Foto-62-bihac_ante_markovic.jpg.\",\"url\":\"https:\/\/vremeplov.ba\/2025\/wp-content\/uploads\/2025\/04\/Foto-62-bihac_ante_markovic.jpg.jpg\",\"link\":\"https:\/\/vremeplov.ba\/2025\/pruga-normalnog-kolosijeka\/foto-62-bihac_ante_markovic-jpg\/\",\"alt\":\"\",\"description\":\"\",\"caption\":\"\",\"mime\":\"image\/jpeg\",\"type\":\"image\",\"width\":950,\"height\":705,\"sizes\":{\"full\":{\"url\":\"https:\/\/vremeplov.ba\/2025\/wp-content\/uploads\/2025\/04\/Foto-62-bihac_ante_markovic.jpg.jpg\",\"height\":705,\"width\":950,\"orientation\":\"landscape\"}},\"imageMeta\":{\"aperture\":\"0\",\"credit\":\"Srecko Ignjatovic, Sarajevo, BiH\",\"camera\":\"\",\"caption\":\"\",\"created_timestamp\":\"0\",\"copyright\":\"www.vremeplov.ba\",\"focal_length\":\"0\",\"iso\":\"0\",\"shutter_speed\":\"0\",\"title\":\"\",\"orientation\":\"1\",\"keywords\":[\"normalni\",\"kolosijek\",\"vremeplov\",\"Biha\u0107\",\"Markovi\u0107\",\"Ante\"]},\"meta\":false,\"postlink\":\"https:\/\/vremeplov.ba\/2025\/pruga-normalnog-kolosijeka\/foto-62-bihac_ante_markovic-jpg\/\"},{\"id\":21663,\"title\":\"Foto-63-Brezicani_st\",\"url\":\"https:\/\/vremeplov.ba\/2025\/wp-content\/uploads\/2025\/04\/Foto-63-Brezicani_st.jpg\",\"link\":\"https:\/\/vremeplov.ba\/2025\/pruga-normalnog-kolosijeka\/foto-63-brezicani_st\/\",\"alt\":\"\",\"description\":\"\",\"caption\":\"\",\"mime\":\"image\/jpeg\",\"type\":\"image\",\"width\":950,\"height\":666,\"sizes\":{\"full\":{\"url\":\"https:\/\/vremeplov.ba\/2025\/wp-content\/uploads\/2025\/04\/Foto-63-Brezicani_st.jpg\",\"height\":666,\"width\":950,\"orientation\":\"landscape\"}},\"imageMeta\":{\"aperture\":\"0\",\"credit\":\"Srecko Ignjatovic, Sarajevo, BiH\",\"camera\":\"\",\"caption\":\"\",\"created_timestamp\":\"0\",\"copyright\":\"www.vremeplov.ba\",\"focal_length\":\"0\",\"iso\":\"0\",\"shutter_speed\":\"0\",\"title\":\"\",\"orientation\":\"1\",\"keywords\":[\"normalni\",\"kolosijek\",\"vremeplov\",\"Brezi\u010dani\",\"Prijedor\",\"\u017eeljeznica\"]},\"meta\":false,\"postlink\":\"https:\/\/vremeplov.ba\/2025\/pruga-normalnog-kolosijeka\/foto-63-brezicani_st\/\"},{\"id\":21664,\"title\":\"Foto-64-Udes_Bos_Krupa\",\"url\":\"https:\/\/vremeplov.ba\/2025\/wp-content\/uploads\/2025\/04\/Foto-64-Udes_Bos_Krupa.jpg\",\"link\":\"https:\/\/vremeplov.ba\/2025\/pruga-normalnog-kolosijeka\/foto-64-udes_bos_krupa\/\",\"alt\":\"\",\"description\":\"\",\"caption\":\"\",\"mime\":\"image\/jpeg\",\"type\":\"image\",\"width\":950,\"height\":630,\"sizes\":{\"full\":{\"url\":\"https:\/\/vremeplov.ba\/2025\/wp-content\/uploads\/2025\/04\/Foto-64-Udes_Bos_Krupa.jpg\",\"height\":630,\"width\":950,\"orientation\":\"landscape\"}},\"imageMeta\":{\"aperture\":\"0\",\"credit\":\"Srecko Ignjatovic, Sarajevo, BiH\",\"camera\":\"\",\"caption\":\"\",\"created_timestamp\":\"0\",\"copyright\":\"www.vremeplov.ba\",\"focal_length\":\"0\",\"iso\":\"0\",\"shutter_speed\":\"0\",\"title\":\"\",\"orientation\":\"1\",\"keywords\":[\"normalni\",\"kolosijek\",\"vremeplov\",\"Bosanska Krupa\",\"\u017eeljeznica\"]},\"meta\":false,\"postlink\":\"https:\/\/vremeplov.ba\/2025\/pruga-normalnog-kolosijeka\/foto-64-udes_bos_krupa\/\"},{\"id\":21665,\"title\":\"Foto-65-Sarajevo_Zak_Kulen\",\"url\":\"https:\/\/vremeplov.ba\/2025\/wp-content\/uploads\/2025\/04\/Foto-65-Sarajevo_Zak_Kulen.jpg\",\"link\":\"https:\/\/vremeplov.ba\/2025\/pruga-normalnog-kolosijeka\/foto-65-sarajevo_zak_kulen\/\",\"alt\":\"\",\"description\":\"\",\"caption\":\"\",\"mime\":\"image\/jpeg\",\"type\":\"image\",\"width\":950,\"height\":660,\"sizes\":{\"full\":{\"url\":\"https:\/\/vremeplov.ba\/2025\/wp-content\/uploads\/2025\/04\/Foto-65-Sarajevo_Zak_Kulen.jpg\",\"height\":660,\"width\":950,\"orientation\":\"landscape\"}},\"imageMeta\":{\"aperture\":\"0\",\"credit\":\"Srecko Ignjatovic, Sarajevo, BiH\",\"camera\":\"HP Scanjet 2400\",\"caption\":\"\",\"created_timestamp\":\"0\",\"copyright\":\"www.vremeplov.ba\",\"focal_length\":\"0\",\"iso\":\"0\",\"shutter_speed\":\"0\",\"title\":\"\",\"orientation\":\"1\",\"keywords\":[\"normalni\",\"kolosijek\",\"vremeplov\"]},\"meta\":false,\"postlink\":\"https:\/\/vremeplov.ba\/2025\/pruga-normalnog-kolosijeka\/foto-65-sarajevo_zak_kulen\/\"},{\"id\":21666,\"title\":\"Foto-66-Sarajevo_1996\",\"url\":\"https:\/\/vremeplov.ba\/2025\/wp-content\/uploads\/2025\/04\/Foto-66-Sarajevo_1996.jpg\",\"link\":\"https:\/\/vremeplov.ba\/2025\/pruga-normalnog-kolosijeka\/foto-66-sarajevo_1996\/\",\"alt\":\"\",\"description\":\"\",\"caption\":\"\",\"mime\":\"image\/jpeg\",\"type\":\"image\",\"width\":950,\"height\":628,\"sizes\":{\"full\":{\"url\":\"https:\/\/vremeplov.ba\/2025\/wp-content\/uploads\/2025\/04\/Foto-66-Sarajevo_1996.jpg\",\"height\":628,\"width\":950,\"orientation\":\"landscape\"}},\"imageMeta\":{\"aperture\":\"0\",\"credit\":\"Srecko Ignjatovic, Sarajevo, BiH\",\"camera\":\"HP Scanjet 2400\",\"caption\":\"\",\"created_timestamp\":\"0\",\"copyright\":\"www.vremeplov.ba\",\"focal_length\":\"0\",\"iso\":\"0\",\"shutter_speed\":\"0\",\"title\":\"\",\"orientation\":\"1\",\"keywords\":[\"normalni\",\"kolosijek\",\"vremeplov\"]},\"meta\":false,\"postlink\":\"https:\/\/vremeplov.ba\/2025\/pruga-normalnog-kolosijeka\/foto-66-sarajevo_1996\/\"},{\"id\":21667,\"title\":\"Foto-67-Sarajevo_1996_kasacija\",\"url\":\"https:\/\/vremeplov.ba\/2025\/wp-content\/uploads\/2025\/04\/Foto-67-Sarajevo_1996_kasacija.jpg\",\"link\":\"https:\/\/vremeplov.ba\/2025\/pruga-normalnog-kolosijeka\/foto-67-sarajevo_1996_kasacija\/\",\"alt\":\"\",\"description\":\"\",\"caption\":\"\",\"mime\":\"image\/jpeg\",\"type\":\"image\",\"width\":950,\"height\":623,\"sizes\":{\"full\":{\"url\":\"https:\/\/vremeplov.ba\/2025\/wp-content\/uploads\/2025\/04\/Foto-67-Sarajevo_1996_kasacija.jpg\",\"height\":623,\"width\":950,\"orientation\":\"landscape\"}},\"imageMeta\":{\"aperture\":\"0\",\"credit\":\"Srecko Ignjatovic, Sarajevo, BiH\",\"camera\":\"HP Scanjet 2400\",\"caption\":\"\",\"created_timestamp\":\"0\",\"copyright\":\"www.vremeplov.ba\",\"focal_length\":\"0\",\"iso\":\"0\",\"shutter_speed\":\"0\",\"title\":\"\",\"orientation\":\"1\",\"keywords\":[\"normalni\",\"kolosijek\",\"vremeplov\"]},\"meta\":false,\"postlink\":\"https:\/\/vremeplov.ba\/2025\/pruga-normalnog-kolosijeka\/foto-67-sarajevo_1996_kasacija\/\"},{\"id\":21668,\"title\":\"Francuz\",\"url\":\"https:\/\/vremeplov.ba\/2025\/wp-content\/uploads\/2025\/04\/Francuz.jpg\",\"link\":\"https:\/\/vremeplov.ba\/2025\/pruga-normalnog-kolosijeka\/francuz\/\",\"alt\":\"\",\"description\":\"\",\"caption\":\"\",\"mime\":\"image\/jpeg\",\"type\":\"image\",\"width\":950,\"height\":681,\"sizes\":{\"full\":{\"url\":\"https:\/\/vremeplov.ba\/2025\/wp-content\/uploads\/2025\/04\/Francuz.jpg\",\"height\":681,\"width\":950,\"orientation\":\"landscape\"}},\"imageMeta\":{\"aperture\":\"0\",\"credit\":\"\",\"camera\":\"HP Scanjet 2400\",\"caption\":\"\",\"created_timestamp\":\"0\",\"copyright\":\"\",\"focal_length\":\"0\",\"iso\":\"0\",\"shutter_speed\":\"0\",\"title\":\"\",\"orientation\":\"1\",\"keywords\":[\"Bihac\",\"Kulen Vakuf\",\"elektrifikacija pruge\",\"vremeplov\",\"Mediteran Ekspres\",\"Francuz J\u017d 7021\"]},\"meta\":false,\"postlink\":\"https:\/\/vremeplov.ba\/2025\/pruga-normalnog-kolosijeka\/francuz\/\"},{\"id\":21669,\"title\":\"Garderoba\",\"url\":\"https:\/\/vremeplov.ba\/2025\/wp-content\/uploads\/2025\/04\/Garderoba.jpg\",\"link\":\"https:\/\/vremeplov.ba\/2025\/pruga-normalnog-kolosijeka\/garderoba\/\",\"alt\":\"\",\"description\":\"\",\"caption\":\"\",\"mime\":\"image\/jpeg\",\"type\":\"image\",\"width\":613,\"height\":950,\"sizes\":{\"full\":{\"url\":\"https:\/\/vremeplov.ba\/2025\/wp-content\/uploads\/2025\/04\/Garderoba.jpg\",\"height\":950,\"width\":613,\"orientation\":\"portrait\"}},\"imageMeta\":{\"aperture\":\"0\",\"credit\":\"Sre\u0107ko Ignjatovi\u0107 Sarajevo BiH\",\"camera\":\"\",\"caption\":\"\",\"created_timestamp\":\"0\",\"copyright\":\"www.photogalerija.com\",\"focal_length\":\"0\",\"iso\":\"0\",\"shutter_speed\":\"0\",\"title\":\"\",\"orientation\":\"1\",\"keywords\":[\"normalni kolosijek\",\"istorija\",\"stanice\",\"\u017eeljeznica\"]},\"meta\":false,\"postlink\":\"https:\/\/vremeplov.ba\/2025\/pruga-normalnog-kolosijeka\/garderoba\/\"},{\"id\":21670,\"title\":\"Glas_zeljeznicara\",\"url\":\"https:\/\/vremeplov.ba\/2025\/wp-content\/uploads\/2025\/04\/Glas_zeljeznicara.jpg\",\"link\":\"https:\/\/vremeplov.ba\/2025\/pruga-normalnog-kolosijeka\/glas_zeljeznicara\/\",\"alt\":\"\",\"description\":\"\",\"caption\":\"\",\"mime\":\"image\/jpeg\",\"type\":\"image\",\"width\":672,\"height\":950,\"sizes\":{\"full\":{\"url\":\"https:\/\/vremeplov.ba\/2025\/wp-content\/uploads\/2025\/04\/Glas_zeljeznicara.jpg\",\"height\":950,\"width\":672,\"orientation\":\"portrait\"}},\"imageMeta\":{\"aperture\":\"0\",\"credit\":\"Srecko Ignjatovic, Sarajevo, BiH\",\"camera\":\"HP Scanjet 2400\",\"caption\":\"\",\"created_timestamp\":\"0\",\"copyright\":\"www.photogalerija.com\",\"focal_length\":\"0\",\"iso\":\"0\",\"shutter_speed\":\"0\",\"title\":\"\",\"orientation\":\"1\",\"keywords\":[\"Klas \u017eeljezni\u010dara\",\"\u017dTO Sarajevo\"]},\"meta\":false,\"postlink\":\"https:\/\/vremeplov.ba\/2025\/pruga-normalnog-kolosijeka\/glas_zeljeznicara\/\"},{\"id\":21671,\"title\":\"Glas_zeljeznicaraPostavnica\",\"url\":\"https:\/\/vremeplov.ba\/2025\/wp-content\/uploads\/2025\/04\/Glas_zeljeznicaraPostavnica.jpg\",\"link\":\"https:\/\/vremeplov.ba\/2025\/pruga-normalnog-kolosijeka\/glas_zeljeznicarapostavnica\/\",\"alt\":\"\",\"description\":\"\",\"caption\":\"\",\"mime\":\"image\/jpeg\",\"type\":\"image\",\"width\":667,\"height\":1200,\"sizes\":{\"full\":{\"url\":\"https:\/\/vremeplov.ba\/2025\/wp-content\/uploads\/2025\/04\/Glas_zeljeznicaraPostavnica.jpg\",\"height\":1200,\"width\":667,\"orientation\":\"portrait\"}},\"imageMeta\":{\"aperture\":\"0\",\"credit\":\"Srecko Ignjatovic, Sarajevo, BiH\",\"camera\":\"\",\"caption\":\"\",\"created_timestamp\":\"0\",\"copyright\":\"www.photogalerija.com\",\"focal_length\":\"0\",\"iso\":\"0\",\"shutter_speed\":\"0\",\"title\":\"\",\"orientation\":\"1\",\"keywords\":[\"Centralna postavnica\",\"ETD\",\"Sarajevo\",\"dispe\u010derski centar\"]},\"meta\":false,\"postlink\":\"https:\/\/vremeplov.ba\/2025\/pruga-normalnog-kolosijeka\/glas_zeljeznicarapostavnica\/\"},{\"id\":21672,\"title\":\"Grabovica_putnicki_voz\",\"url\":\"https:\/\/vremeplov.ba\/2025\/wp-content\/uploads\/2025\/04\/Grabovica_putnicki_voz.jpg\",\"link\":\"https:\/\/vremeplov.ba\/2025\/pruga-normalnog-kolosijeka\/grabovica_putnicki_voz\/\",\"alt\":\"\",\"description\":\"\",\"caption\":\"\",\"mime\":\"image\/jpeg\",\"type\":\"image\",\"width\":950,\"height\":633,\"sizes\":{\"full\":{\"url\":\"https:\/\/vremeplov.ba\/2025\/wp-content\/uploads\/2025\/04\/Grabovica_putnicki_voz.jpg\",\"height\":633,\"width\":950,\"orientation\":\"landscape\"}},\"imageMeta\":{\"aperture\":\"0\",\"credit\":\"Sre\u0107ko Ignjatovi\u0107 Sarajevo BiH\",\"camera\":\"\",\"caption\":\"\",\"created_timestamp\":\"0\",\"copyright\":\"www.photogalerija.com\",\"focal_length\":\"0\",\"iso\":\"0\",\"shutter_speed\":\"0\",\"title\":\"\",\"orientation\":\"1\",\"keywords\":[\"normalni kolosijek\",\"Sarajevo\",\"Mostar\",\"Grabovica\",\"Rajlovac Depo\"]},\"meta\":false,\"postlink\":\"https:\/\/vremeplov.ba\/2025\/pruga-normalnog-kolosijeka\/grabovica_putnicki_voz\/\"},{\"id\":21673,\"title\":\"Grabovica_vijadukt\",\"url\":\"https:\/\/vremeplov.ba\/2025\/wp-content\/uploads\/2025\/04\/Grabovica_vijadukt.jpg\",\"link\":\"https:\/\/vremeplov.ba\/2025\/pruga-normalnog-kolosijeka\/grabovica_vijadukt\/\",\"alt\":\"\",\"description\":\"\",\"caption\":\"\",\"mime\":\"image\/jpeg\",\"type\":\"image\",\"width\":950,\"height\":624,\"sizes\":{\"full\":{\"url\":\"https:\/\/vremeplov.ba\/2025\/wp-content\/uploads\/2025\/04\/Grabovica_vijadukt.jpg\",\"height\":624,\"width\":950,\"orientation\":\"landscape\"}},\"imageMeta\":{\"aperture\":\"0\",\"credit\":\"Srecko Ignjatovic, Sarajevo\",\"camera\":\"HP Scanjet 2400\",\"caption\":\"\",\"created_timestamp\":\"0\",\"copyright\":\"www.vremeplov.ba\",\"focal_length\":\"0\",\"iso\":\"0\",\"shutter_speed\":\"0\",\"title\":\"\",\"orientation\":\"1\",\"keywords\":[\"vozovi\",\"\u017eeljeznice\",\"pruge\",\"Bosna\",\"kolosijek\",\"Sarajevo\",\"Olimpik\",\"Ekspres\",\"elektromotorne\",\"garniture\",\"MAVAD\",\"vremeplov\",\"Grabovica\",\"Narentabahn\"]},\"meta\":false,\"postlink\":\"https:\/\/vremeplov.ba\/2025\/pruga-normalnog-kolosijeka\/grabovica_vijadukt\/\"},{\"id\":21674,\"title\":\"Grabovica-70\",\"url\":\"https:\/\/vremeplov.ba\/2025\/wp-content\/uploads\/2025\/04\/Grabovica-70.jpg\",\"link\":\"https:\/\/vremeplov.ba\/2025\/pruga-normalnog-kolosijeka\/grabovica-70\/\",\"alt\":\"\",\"description\":\"\",\"caption\":\"\",\"mime\":\"image\/jpeg\",\"type\":\"image\",\"width\":950,\"height\":620,\"sizes\":{\"full\":{\"url\":\"https:\/\/vremeplov.ba\/2025\/wp-content\/uploads\/2025\/04\/Grabovica-70.jpg\",\"height\":620,\"width\":950,\"orientation\":\"landscape\"}},\"imageMeta\":{\"aperture\":\"0\",\"credit\":\"Srecko\",\"camera\":\"\",\"caption\":\"\",\"created_timestamp\":\"0\",\"copyright\":\"www.vremeplov.ba\",\"focal_length\":\"0\",\"iso\":\"0\",\"shutter_speed\":\"0\",\"title\":\"\",\"orientation\":\"1\",\"keywords\":[\"\u017eeljeznica\",\"normalne pruge\",\"Bosna\",\"vremeplov\",\"istorija\",\"fotografije\",\"Grabovica\",\"Narentabahn\"]},\"meta\":false,\"postlink\":\"https:\/\/vremeplov.ba\/2025\/pruga-normalnog-kolosijeka\/grabovica-70\/\"},{\"id\":21675,\"title\":\"Grapska\",\"url\":\"https:\/\/vremeplov.ba\/2025\/wp-content\/uploads\/2025\/04\/Grapska.jpg\",\"link\":\"https:\/\/vremeplov.ba\/2025\/pruga-normalnog-kolosijeka\/grapska\/\",\"alt\":\"\",\"description\":\"\",\"caption\":\"\",\"mime\":\"image\/jpeg\",\"type\":\"image\",\"width\":950,\"height\":772,\"sizes\":{\"full\":{\"url\":\"https:\/\/vremeplov.ba\/2025\/wp-content\/uploads\/2025\/04\/Grapska.jpg\",\"height\":772,\"width\":950,\"orientation\":\"landscape\"}},\"imageMeta\":{\"aperture\":\"0\",\"credit\":\"Sre\u0107ko Ignjatovi\u0107 Sarajevo BiH\",\"camera\":\"\",\"caption\":\"\",\"created_timestamp\":\"0\",\"copyright\":\"www.photogalerija.com\",\"focal_length\":\"0\",\"iso\":\"0\",\"shutter_speed\":\"0\",\"title\":\"\",\"orientation\":\"1\",\"keywords\":[\"normalni-kolosijek\"]},\"meta\":false,\"postlink\":\"https:\/\/vremeplov.ba\/2025\/pruga-normalnog-kolosijeka\/grapska\/\"},{\"id\":21676,\"title\":\"Hamdija_Pozderac\",\"url\":\"https:\/\/vremeplov.ba\/2025\/wp-content\/uploads\/2025\/04\/Hamdija_Pozderac.jpg\",\"link\":\"https:\/\/vremeplov.ba\/2025\/pruga-normalnog-kolosijeka\/hamdija_pozderac\/\",\"alt\":\"\",\"description\":\"\",\"caption\":\"\",\"mime\":\"image\/jpeg\",\"type\":\"image\",\"width\":950,\"height\":769,\"sizes\":{\"full\":{\"url\":\"https:\/\/vremeplov.ba\/2025\/wp-content\/uploads\/2025\/04\/Hamdija_Pozderac.jpg\",\"height\":769,\"width\":950,\"orientation\":\"landscape\"}},\"imageMeta\":{\"aperture\":\"0\",\"credit\":\"Sre\u0107ko Ignjatovi\u0107 Sarajevo BiH\",\"camera\":\"\",\"caption\":\"\",\"created_timestamp\":\"0\",\"copyright\":\"www.photogalerija.com\",\"focal_length\":\"0\",\"iso\":\"0\",\"shutter_speed\":\"0\",\"title\":\"\",\"orientation\":\"1\",\"keywords\":[\"Normani kolosijek, EMV 411\",\"\u017dAS Sarajevo\"]},\"meta\":false,\"postlink\":\"https:\/\/vremeplov.ba\/2025\/pruga-normalnog-kolosijeka\/hamdija_pozderac\/\"},{\"id\":21677,\"title\":\"Hamid_1984\",\"url\":\"https:\/\/vremeplov.ba\/2025\/wp-content\/uploads\/2025\/04\/Hamid_1984.jpg\",\"link\":\"https:\/\/vremeplov.ba\/2025\/pruga-normalnog-kolosijeka\/hamid_1984\/\",\"alt\":\"\",\"description\":\"\",\"caption\":\"\",\"mime\":\"image\/jpeg\",\"type\":\"image\",\"width\":950,\"height\":672,\"sizes\":{\"full\":{\"url\":\"https:\/\/vremeplov.ba\/2025\/wp-content\/uploads\/2025\/04\/Hamid_1984.jpg\",\"height\":672,\"width\":950,\"orientation\":\"landscape\"}},\"imageMeta\":{\"aperture\":\"0\",\"credit\":\"Srecko Ignjatovic, Sarajevo\",\"camera\":\"\",\"caption\":\"\",\"created_timestamp\":\"1550597167\",\"copyright\":\"www.vremeplov.ba\",\"focal_length\":\"0\",\"iso\":\"0\",\"shutter_speed\":\"0\",\"title\":\"\",\"orientation\":\"1\",\"keywords\":[\"kolosijek\",\"\u0161iroki\",\"normalni\",\"\u017eeljeznica\",\"bosna ekspres\",\"ma\u0161inovo\u0111a\",\"sarajevo\",\"konjic\",\"srb\",\"J\u017d\",\"vremeplov\"]},\"meta\":false,\"postlink\":\"https:\/\/vremeplov.ba\/2025\/pruga-normalnog-kolosijeka\/hamid_1984\/\"},{\"id\":21678,\"title\":\"Iskra_telefon\",\"url\":\"https:\/\/vremeplov.ba\/2025\/wp-content\/uploads\/2025\/04\/Iskra_telefon.jpg\",\"link\":\"https:\/\/vremeplov.ba\/2025\/pruga-normalnog-kolosijeka\/iskra_telefon\/\",\"alt\":\"\",\"description\":\"\",\"caption\":\"\",\"mime\":\"image\/jpeg\",\"type\":\"image\",\"width\":676,\"height\":950,\"sizes\":{\"full\":{\"url\":\"https:\/\/vremeplov.ba\/2025\/wp-content\/uploads\/2025\/04\/Iskra_telefon.jpg\",\"height\":950,\"width\":676,\"orientation\":\"portrait\"}},\"imageMeta\":{\"aperture\":\"0\",\"credit\":\"Sre\u0107ko Ignjatovi\u0107 Sarajevo BiH\",\"camera\":\"\",\"caption\":\"\",\"created_timestamp\":\"0\",\"copyright\":\"www.photogalerija.com\",\"focal_length\":\"0\",\"iso\":\"0\",\"shutter_speed\":\"0\",\"title\":\"\",\"orientation\":\"1\",\"keywords\":[\"normalni kolosijek\",\"fotografije\",\"rajlovac\",\"doboj\",\"aleksin han\"]},\"meta\":false,\"postlink\":\"https:\/\/vremeplov.ba\/2025\/pruga-normalnog-kolosijeka\/iskra_telefon\/\"},{\"id\":21679,\"title\":\"Ispracaj_prvog_voza-1\",\"url\":\"https:\/\/vremeplov.ba\/2025\/wp-content\/uploads\/2025\/04\/Ispracaj_prvog_voza-1.jpg\",\"link\":\"https:\/\/vremeplov.ba\/2025\/pruga-normalnog-kolosijeka\/ispracaj_prvog_voza-1\/\",\"alt\":\"\",\"description\":\"\",\"caption\":\"\",\"mime\":\"image\/jpeg\",\"type\":\"image\",\"width\":950,\"height\":616,\"sizes\":{\"full\":{\"url\":\"https:\/\/vremeplov.ba\/2025\/wp-content\/uploads\/2025\/04\/Ispracaj_prvog_voza-1.jpg\",\"height\":616,\"width\":950,\"orientation\":\"landscape\"}},\"imageMeta\":{\"aperture\":\"0\",\"credit\":\"Srecko Ignjatovic\",\"camera\":\"\",\"caption\":\"\",\"created_timestamp\":\"1556534378\",\"copyright\":\"www.vremeplov.ba\",\"focal_length\":\"0\",\"iso\":\"0\",\"shutter_speed\":\"0\",\"title\":\"\",\"orientation\":\"1\",\"keywords\":[\"vozovi\",\"\u017eeljeznica\",\"pruge\",\"Bosna\",\"J\u017d\",\"Dizelka\",\"Prvi voz\",\"vremeplov\",\"Sarajevo\"]},\"meta\":false,\"postlink\":\"https:\/\/vremeplov.ba\/2025\/pruga-normalnog-kolosijeka\/ispracaj_prvog_voza-1\/\"},{\"id\":21680,\"title\":\"Ispracaj_prvog_voza-2\",\"url\":\"https:\/\/vremeplov.ba\/2025\/wp-content\/uploads\/2025\/04\/Ispracaj_prvog_voza-2.jpg\",\"link\":\"https:\/\/vremeplov.ba\/2025\/pruga-normalnog-kolosijeka\/ispracaj_prvog_voza-2\/\",\"alt\":\"\",\"description\":\"\",\"caption\":\"\",\"mime\":\"image\/jpeg\",\"type\":\"image\",\"width\":950,\"height\":605,\"sizes\":{\"full\":{\"url\":\"https:\/\/vremeplov.ba\/2025\/wp-content\/uploads\/2025\/04\/Ispracaj_prvog_voza-2.jpg\",\"height\":605,\"width\":950,\"orientation\":\"landscape\"}},\"imageMeta\":{\"aperture\":\"0\",\"credit\":\"Srecko Ignjatovic\",\"camera\":\"\",\"caption\":\"\",\"created_timestamp\":\"1556534381\",\"copyright\":\"www.vremeplov.ba\",\"focal_length\":\"0\",\"iso\":\"0\",\"shutter_speed\":\"0\",\"title\":\"\",\"orientation\":\"1\",\"keywords\":[\"vozovi\",\"\u017eeljeznica\",\"pruge\",\"Bosna\",\"J\u017d\",\"Dizelka\",\"Prvi voz\",\"vremeplov\",\"Sarajevo\"]},\"meta\":false,\"postlink\":\"https:\/\/vremeplov.ba\/2025\/pruga-normalnog-kolosijeka\/ispracaj_prvog_voza-2\/\"},{\"id\":21681,\"title\":\"Ispracaj_prvog_voza-3\",\"url\":\"https:\/\/vremeplov.ba\/2025\/wp-content\/uploads\/2025\/04\/Ispracaj_prvog_voza-3.jpg\",\"link\":\"https:\/\/vremeplov.ba\/2025\/pruga-normalnog-kolosijeka\/ispracaj_prvog_voza-3\/\",\"alt\":\"\",\"description\":\"\",\"caption\":\"\",\"mime\":\"image\/jpeg\",\"type\":\"image\",\"width\":950,\"height\":631,\"sizes\":{\"full\":{\"url\":\"https:\/\/vremeplov.ba\/2025\/wp-content\/uploads\/2025\/04\/Ispracaj_prvog_voza-3.jpg\",\"height\":631,\"width\":950,\"orientation\":\"landscape\"}},\"imageMeta\":{\"aperture\":\"0\",\"credit\":\"Srecko Ignjatovic\",\"camera\":\"\",\"caption\":\"\",\"created_timestamp\":\"1556534427\",\"copyright\":\"www.vremeplov.ba\",\"focal_length\":\"0\",\"iso\":\"0\",\"shutter_speed\":\"0\",\"title\":\"\",\"orientation\":\"1\",\"keywords\":[\"vozovi\",\"\u017eeljeznica\",\"pruge\",\"Bosna\",\"J\u017d\",\"Dizelka\",\"Prvi voz\",\"vremeplov\",\"Sarajevo\"]},\"meta\":false,\"postlink\":\"https:\/\/vremeplov.ba\/2025\/pruga-normalnog-kolosijeka\/ispracaj_prvog_voza-3\/\"},{\"id\":21682,\"title\":\"izgradnja-pruge-1\",\"url\":\"https:\/\/vremeplov.ba\/2025\/wp-content\/uploads\/2025\/04\/izgradnja-pruge-1.jpg\",\"link\":\"https:\/\/vremeplov.ba\/2025\/pruga-normalnog-kolosijeka\/izgradnja-pruge-1\/\",\"alt\":\"\",\"description\":\"\",\"caption\":\"\",\"mime\":\"image\/jpeg\",\"type\":\"image\",\"width\":661,\"height\":950,\"sizes\":{\"full\":{\"url\":\"https:\/\/vremeplov.ba\/2025\/wp-content\/uploads\/2025\/04\/izgradnja-pruge-1.jpg\",\"height\":950,\"width\":661,\"orientation\":\"portrait\"}},\"imageMeta\":{\"aperture\":\"0\",\"credit\":\"Sre\u0107ko Ignjatovi\u0107 Sarajevo BiH\",\"camera\":\"\",\"caption\":\"\",\"created_timestamp\":\"0\",\"copyright\":\"www.photogalerija.com\",\"focal_length\":\"0\",\"iso\":\"0\",\"shutter_speed\":\"0\",\"title\":\"\",\"orientation\":\"1\",\"keywords\":[\"podoro\u0161ac, konjic, pruga,\"]},\"meta\":false,\"postlink\":\"https:\/\/vremeplov.ba\/2025\/pruga-normalnog-kolosijeka\/izgradnja-pruge-1\/\"},{\"id\":21683,\"title\":\"izgradnja-pruge-2\",\"url\":\"https:\/\/vremeplov.ba\/2025\/wp-content\/uploads\/2025\/04\/izgradnja-pruge-2.jpg\",\"link\":\"https:\/\/vremeplov.ba\/2025\/pruga-normalnog-kolosijeka\/izgradnja-pruge-2\/\",\"alt\":\"\",\"description\":\"\",\"caption\":\"\",\"mime\":\"image\/jpeg\",\"type\":\"image\",\"width\":950,\"height\":654,\"sizes\":{\"full\":{\"url\":\"https:\/\/vremeplov.ba\/2025\/wp-content\/uploads\/2025\/04\/izgradnja-pruge-2.jpg\",\"height\":654,\"width\":950,\"orientation\":\"landscape\"}},\"imageMeta\":{\"aperture\":\"0\",\"credit\":\"Sre\u0107ko Ignjatovi\u0107 Sarajevo BiH\",\"camera\":\"\",\"caption\":\"\",\"created_timestamp\":\"0\",\"copyright\":\"www.photogalerija.com\",\"focal_length\":\"0\",\"iso\":\"0\",\"shutter_speed\":\"0\",\"title\":\"\",\"orientation\":\"1\",\"keywords\":[\"podoro\u0161ac, konjic, pruga,\"]},\"meta\":false,\"postlink\":\"https:\/\/vremeplov.ba\/2025\/pruga-normalnog-kolosijeka\/izgradnja-pruge-2\/\"},{\"id\":21684,\"title\":\"izgradnja-pruge-3\",\"url\":\"https:\/\/vremeplov.ba\/2025\/wp-content\/uploads\/2025\/04\/izgradnja-pruge-3.jpg\",\"link\":\"https:\/\/vremeplov.ba\/2025\/pruga-normalnog-kolosijeka\/izgradnja-pruge-3\/\",\"alt\":\"\",\"description\":\"\",\"caption\":\"\",\"mime\":\"image\/jpeg\",\"type\":\"image\",\"width\":950,\"height\":628,\"sizes\":{\"full\":{\"url\":\"https:\/\/vremeplov.ba\/2025\/wp-content\/uploads\/2025\/04\/izgradnja-pruge-3.jpg\",\"height\":628,\"width\":950,\"orientation\":\"landscape\"}},\"imageMeta\":{\"aperture\":\"0\",\"credit\":\"Sre\u0107ko Ignjatovi\u0107 Sarajevo BiH\",\"camera\":\"\",\"caption\":\"\",\"created_timestamp\":\"0\",\"copyright\":\"www.photogalerija.com\",\"focal_length\":\"0\",\"iso\":\"0\",\"shutter_speed\":\"0\",\"title\":\"\",\"orientation\":\"1\",\"keywords\":[\"podoro\u0161ac, konjic, pruga,\"]},\"meta\":false,\"postlink\":\"https:\/\/vremeplov.ba\/2025\/pruga-normalnog-kolosijeka\/izgradnja-pruge-3\/\"},{\"id\":21685,\"title\":\"Jahorina_Ekspres_Darajevo-1\",\"url\":\"https:\/\/vremeplov.ba\/2025\/wp-content\/uploads\/2025\/04\/Jahorina_Ekspres_Darajevo-1.jpg\",\"link\":\"https:\/\/vremeplov.ba\/2025\/pruga-normalnog-kolosijeka\/jahorina_ekspres_darajevo-1\/\",\"alt\":\"\",\"description\":\"\",\"caption\":\"\",\"mime\":\"image\/jpeg\",\"type\":\"image\",\"width\":606,\"height\":950,\"sizes\":{\"full\":{\"url\":\"https:\/\/vremeplov.ba\/2025\/wp-content\/uploads\/2025\/04\/Jahorina_Ekspres_Darajevo-1.jpg\",\"height\":950,\"width\":606,\"orientation\":\"portrait\"}},\"imageMeta\":{\"aperture\":\"0\",\"credit\":\"Sre\u0107ko Ignjatovi\u0107 Sarajevo BiH\",\"camera\":\"\",\"caption\":\"\",\"created_timestamp\":\"0\",\"copyright\":\"www.photogalerija.com\",\"focal_length\":\"0\",\"iso\":\"0\",\"shutter_speed\":\"0\",\"title\":\"\",\"orientation\":\"1\",\"keywords\":[\"elektrifikacija pruge\",\"Sarajevo\",\"Doboj\",\"Zenica\",\"Oslobo\u0111enj\",\"Jahorina ekspres\"]},\"meta\":false,\"postlink\":\"https:\/\/vremeplov.ba\/2025\/pruga-normalnog-kolosijeka\/jahorina_ekspres_darajevo-1\/\"},{\"id\":21686,\"title\":\"Jahorina_Ekspres_Darajevo-2\",\"url\":\"https:\/\/vremeplov.ba\/2025\/wp-content\/uploads\/2025\/04\/Jahorina_Ekspres_Darajevo-2.jpg\",\"link\":\"https:\/\/vremeplov.ba\/2025\/pruga-normalnog-kolosijeka\/jahorina_ekspres_darajevo-2\/\",\"alt\":\"\",\"description\":\"\",\"caption\":\"\",\"mime\":\"image\/jpeg\",\"type\":\"image\",\"width\":950,\"height\":597,\"sizes\":{\"full\":{\"url\":\"https:\/\/vremeplov.ba\/2025\/wp-content\/uploads\/2025\/04\/Jahorina_Ekspres_Darajevo-2.jpg\",\"height\":597,\"width\":950,\"orientation\":\"landscape\"}},\"imageMeta\":{\"aperture\":\"0\",\"credit\":\"Sre\u0107ko Ignjatovi\u0107 Sarajevo BiH\",\"camera\":\"\",\"caption\":\"\",\"created_timestamp\":\"0\",\"copyright\":\"www.photogalerija.com\",\"focal_length\":\"0\",\"iso\":\"0\",\"shutter_speed\":\"0\",\"title\":\"\",\"orientation\":\"1\",\"keywords\":[\"elektrifikacija pruge\",\"Sarajevo\",\"Doboj\",\"Zenica\",\"Oslobo\u0111enj\",\"Jahorina ekspres\"]},\"meta\":false,\"postlink\":\"https:\/\/vremeplov.ba\/2025\/pruga-normalnog-kolosijeka\/jahorina_ekspres_darajevo-2\/\"},{\"id\":21687,\"title\":\"Jelina_1970\",\"url\":\"https:\/\/vremeplov.ba\/2025\/wp-content\/uploads\/2025\/04\/Jelina_1970.jpg\",\"link\":\"https:\/\/vremeplov.ba\/2025\/pruga-normalnog-kolosijeka\/jelina_1970\/\",\"alt\":\"\",\"description\":\"\",\"caption\":\"\",\"mime\":\"image\/jpeg\",\"type\":\"image\",\"width\":950,\"height\":604,\"sizes\":{\"full\":{\"url\":\"https:\/\/vremeplov.ba\/2025\/wp-content\/uploads\/2025\/04\/Jelina_1970.jpg\",\"height\":604,\"width\":950,\"orientation\":\"landscape\"}},\"imageMeta\":{\"aperture\":\"0\",\"credit\":\"Srecko\",\"camera\":\"\",\"caption\":\"\",\"created_timestamp\":\"0\",\"copyright\":\"www.vremeplov.ba\",\"focal_length\":\"0\",\"iso\":\"0\",\"shutter_speed\":\"0\",\"title\":\"\",\"orientation\":\"1\",\"keywords\":[\"Kolosijek\",\"\u0161iroki\",\"normalni\",\"vozovi\",\"\u017eeljeznica\",\"putovanja\",\"uspomene\",\"vremeplov\",\"Jelina\"]},\"meta\":false,\"postlink\":\"https:\/\/vremeplov.ba\/2025\/pruga-normalnog-kolosijeka\/jelina_1970\/\"},{\"id\":21688,\"title\":\"JZ_11_Banja_Luka\",\"url\":\"https:\/\/vremeplov.ba\/2025\/wp-content\/uploads\/2025\/04\/JZ_11_Banja_Luka.jpg\",\"link\":\"https:\/\/vremeplov.ba\/2025\/pruga-normalnog-kolosijeka\/jz_11_banja_luka\/\",\"alt\":\"\",\"description\":\"\",\"caption\":\"\",\"mime\":\"image\/jpeg\",\"type\":\"image\",\"width\":950,\"height\":538,\"sizes\":{\"full\":{\"url\":\"https:\/\/vremeplov.ba\/2025\/wp-content\/uploads\/2025\/04\/JZ_11_Banja_Luka.jpg\",\"height\":538,\"width\":950,\"orientation\":\"landscape\"}},\"imageMeta\":{\"aperture\":\"0\",\"credit\":\"Sre\u0107ko Ignjatovi\u0107 Sarajevo BiH\",\"camera\":\"\",\"caption\":\"\",\"created_timestamp\":\"0\",\"copyright\":\"www.photogalerija.com\",\"focal_length\":\"0\",\"iso\":\"0\",\"shutter_speed\":\"0\",\"title\":\"\",\"orientation\":\"1\",\"keywords\":[\"normalni kolosijek\",\"normalne pruge\"]},\"meta\":false,\"postlink\":\"https:\/\/vremeplov.ba\/2025\/pruga-normalnog-kolosijeka\/jz_11_banja_luka\/\"},{\"id\":21689,\"title\":\"JZ_22_70_kasacija\",\"url\":\"https:\/\/vremeplov.ba\/2025\/wp-content\/uploads\/2025\/04\/JZ_22_70_kasacija.jpg\",\"link\":\"https:\/\/vremeplov.ba\/2025\/pruga-normalnog-kolosijeka\/jz_22_70_kasacija\/\",\"alt\":\"\",\"description\":\"\",\"caption\":\"\",\"mime\":\"image\/jpeg\",\"type\":\"image\",\"width\":667,\"height\":950,\"sizes\":{\"full\":{\"url\":\"https:\/\/vremeplov.ba\/2025\/wp-content\/uploads\/2025\/04\/JZ_22_70_kasacija.jpg\",\"height\":950,\"width\":667,\"orientation\":\"portrait\"}},\"imageMeta\":{\"aperture\":\"0\",\"credit\":\"Sre\u0107ko Ignjatovi\u0107 Sarajevo BiH\",\"camera\":\"\",\"caption\":\"\",\"created_timestamp\":\"0\",\"copyright\":\"www.photogalerija.com\",\"focal_length\":\"0\",\"iso\":\"0\",\"shutter_speed\":\"0\",\"title\":\"\",\"orientation\":\"1\",\"keywords\":[\"normalni-kolosijek\"]},\"meta\":false,\"postlink\":\"https:\/\/vremeplov.ba\/2025\/pruga-normalnog-kolosijeka\/jz_22_70_kasacija\/\"},{\"id\":21690,\"title\":\"JZ_22_Volinja\",\"url\":\"https:\/\/vremeplov.ba\/2025\/wp-content\/uploads\/2025\/04\/JZ_22_Volinja.jpg\",\"link\":\"https:\/\/vremeplov.ba\/2025\/pruga-normalnog-kolosijeka\/jz_22_volinja\/\",\"alt\":\"\",\"description\":\"\",\"caption\":\"\",\"mime\":\"image\/jpeg\",\"type\":\"image\",\"width\":950,\"height\":645,\"sizes\":{\"full\":{\"url\":\"https:\/\/vremeplov.ba\/2025\/wp-content\/uploads\/2025\/04\/JZ_22_Volinja.jpg\",\"height\":645,\"width\":950,\"orientation\":\"landscape\"}},\"imageMeta\":{\"aperture\":\"0\",\"credit\":\"Sre\u0107ko Ignjatovi\u0107 Sarajevo BiH\",\"camera\":\"\",\"caption\":\"\",\"created_timestamp\":\"0\",\"copyright\":\"www.photogalerija.com\",\"focal_length\":\"0\",\"iso\":\"0\",\"shutter_speed\":\"0\",\"title\":\"\",\"orientation\":\"1\",\"keywords\":[\"normalni kolosijek\",\"normalne pruge\"]},\"meta\":false,\"postlink\":\"https:\/\/vremeplov.ba\/2025\/pruga-normalnog-kolosijeka\/jz_22_volinja\/\"},{\"id\":21691,\"title\":\"JZ-33-124\",\"url\":\"https:\/\/vremeplov.ba\/2025\/wp-content\/uploads\/2025\/04\/JZ-33-124.jpg\",\"link\":\"https:\/\/vremeplov.ba\/2025\/pruga-normalnog-kolosijeka\/jz-33-124\/\",\"alt\":\"\",\"description\":\"\",\"caption\":\"\",\"mime\":\"image\/jpeg\",\"type\":\"image\",\"width\":950,\"height\":945,\"sizes\":{\"full\":{\"url\":\"https:\/\/vremeplov.ba\/2025\/wp-content\/uploads\/2025\/04\/JZ-33-124.jpg\",\"height\":945,\"width\":950,\"orientation\":\"landscape\"}},\"imageMeta\":{\"aperture\":\"0\",\"credit\":\"Srecko Ignjatovic, Sarajevo, BiH\",\"camera\":\"HP Scanjet 2400\",\"caption\":\"\",\"created_timestamp\":\"0\",\"copyright\":\"www.photogalerija.com\",\"focal_length\":\"0\",\"iso\":\"0\",\"shutter_speed\":\"0\",\"title\":\"\",\"orientation\":\"1\",\"keywords\":[\"lokomotiva parna\",\"serija 33\",\"Zenica\",\"kasacija\"]},\"meta\":false,\"postlink\":\"https:\/\/vremeplov.ba\/2025\/pruga-normalnog-kolosijeka\/jz-33-124\/\"},{\"id\":21692,\"title\":\"JZ-33-208\",\"url\":\"https:\/\/vremeplov.ba\/2025\/wp-content\/uploads\/2025\/04\/JZ-33-208.jpg\",\"link\":\"https:\/\/vremeplov.ba\/2025\/pruga-normalnog-kolosijeka\/jz-33-208\/\",\"alt\":\"\",\"description\":\"\",\"caption\":\"\",\"mime\":\"image\/jpeg\",\"type\":\"image\",\"width\":950,\"height\":964,\"sizes\":{\"full\":{\"url\":\"https:\/\/vremeplov.ba\/2025\/wp-content\/uploads\/2025\/04\/JZ-33-208.jpg\",\"height\":964,\"width\":950,\"orientation\":\"portrait\"}},\"imageMeta\":{\"aperture\":\"0\",\"credit\":\"Srecko Ignjatovic, Sarajevo, BiH\",\"camera\":\"HP Scanjet 2400\",\"caption\":\"\",\"created_timestamp\":\"0\",\"copyright\":\"www.photogalerija.com\",\"focal_length\":\"0\",\"iso\":\"0\",\"shutter_speed\":\"0\",\"title\":\"\",\"orientation\":\"1\",\"keywords\":[\"lokomotiva parna\",\"serija 33\",\"Zenica\",\"kasacija\"]},\"meta\":false,\"postlink\":\"https:\/\/vremeplov.ba\/2025\/pruga-normalnog-kolosijeka\/jz-33-208\/\"},{\"id\":21693,\"title\":\"JZ-441_002\",\"url\":\"https:\/\/vremeplov.ba\/2025\/wp-content\/uploads\/2025\/04\/JZ-441_002.jpg\",\"link\":\"https:\/\/vremeplov.ba\/2025\/pruga-normalnog-kolosijeka\/jz-441_002\/\",\"alt\":\"\",\"description\":\"\",\"caption\":\"\",\"mime\":\"image\/jpeg\",\"type\":\"image\",\"width\":658,\"height\":950,\"sizes\":{\"full\":{\"url\":\"https:\/\/vremeplov.ba\/2025\/wp-content\/uploads\/2025\/04\/JZ-441_002.jpg\",\"height\":950,\"width\":658,\"orientation\":\"portrait\"}},\"imageMeta\":{\"aperture\":\"0\",\"credit\":\"Sre\u0107ko Ignjatovi\u0107 Sarajevo BiH\",\"camera\":\"\",\"caption\":\"\",\"created_timestamp\":\"0\",\"copyright\":\"www.photogalerija.com\",\"focal_length\":\"0\",\"iso\":\"0\",\"shutter_speed\":\"0\",\"title\":\"\",\"orientation\":\"1\",\"keywords\":[\"Normani kolosijek, EMV 411\",\"\u017dAS Sarajevo\"]},\"meta\":false,\"postlink\":\"https:\/\/vremeplov.ba\/2025\/pruga-normalnog-kolosijeka\/jz-441_002\/\"},{\"id\":21694,\"title\":\"jz-441_419\",\"url\":\"https:\/\/vremeplov.ba\/2025\/wp-content\/uploads\/2025\/04\/jz-441_419.jpg\",\"link\":\"https:\/\/vremeplov.ba\/2025\/pruga-normalnog-kolosijeka\/jz-441_419\/\",\"alt\":\"\",\"description\":\"\",\"caption\":\"\",\"mime\":\"image\/jpeg\",\"type\":\"image\",\"width\":950,\"height\":675,\"sizes\":{\"full\":{\"url\":\"https:\/\/vremeplov.ba\/2025\/wp-content\/uploads\/2025\/04\/jz-441_419.jpg\",\"height\":675,\"width\":950,\"orientation\":\"landscape\"}},\"imageMeta\":{\"aperture\":\"0\",\"credit\":\"\",\"camera\":\"HP Scanjet 2400\",\"caption\":\"\",\"created_timestamp\":\"0\",\"copyright\":\"www.vremeplov.ba\",\"focal_length\":\"0\",\"iso\":\"0\",\"shutter_speed\":\"0\",\"title\":\"\",\"orientation\":\"1\",\"keywords\":[\"\u017eeljeznice\",\"normalni\",\"kolosijek\",\"pruge\",\"lokomotiva\",\"441\",\"emg411 415\",\"olimpik\",\"voz\",\"vozovi\",\"vremeplov\"]},\"meta\":false,\"postlink\":\"https:\/\/vremeplov.ba\/2025\/pruga-normalnog-kolosijeka\/jz-441_419\/\"},{\"id\":21695,\"title\":\"Kakanj_1998_dizelka\",\"url\":\"https:\/\/vremeplov.ba\/2025\/wp-content\/uploads\/2025\/04\/Kakanj_1998_dizelka.jpg\",\"link\":\"https:\/\/vremeplov.ba\/2025\/pruga-normalnog-kolosijeka\/kakanj_1998_dizelka\/\",\"alt\":\"\",\"description\":\"\",\"caption\":\"\",\"mime\":\"image\/jpeg\",\"type\":\"image\",\"width\":950,\"height\":669,\"sizes\":{\"full\":{\"url\":\"https:\/\/vremeplov.ba\/2025\/wp-content\/uploads\/2025\/04\/Kakanj_1998_dizelka.jpg\",\"height\":669,\"width\":950,\"orientation\":\"landscape\"}},\"imageMeta\":{\"aperture\":\"0\",\"credit\":\"Srecko\",\"camera\":\"HP Scanjet 2400\",\"caption\":\"\",\"created_timestamp\":\"0\",\"copyright\":\"www.vremeplov.ba\",\"focal_length\":\"0\",\"iso\":\"0\",\"shutter_speed\":\"0\",\"title\":\"\",\"orientation\":\"1\",\"keywords\":[\"Normalni kolosijek\",\"vozovi\",\"\u017eeljeznica\",\"Bosna\",\"Sarajevo\",\"Kakanj\",\"Kardeljevo\",\"Maglaj\",\"Salon\",\"vremeplov\"]},\"meta\":false,\"postlink\":\"https:\/\/vremeplov.ba\/2025\/pruga-normalnog-kolosijeka\/kakanj_1998_dizelka\/\"},{\"id\":21696,\"title\":\"Kakanj_Elektrifikacija\",\"url\":\"https:\/\/vremeplov.ba\/2025\/wp-content\/uploads\/2025\/04\/Kakanj_Elektrifikacija.jpg\",\"link\":\"https:\/\/vremeplov.ba\/2025\/pruga-normalnog-kolosijeka\/kakanj_elektrifikacija\/\",\"alt\":\"\",\"description\":\"\",\"caption\":\"\",\"mime\":\"image\/jpeg\",\"type\":\"image\",\"width\":950,\"height\":627,\"sizes\":{\"full\":{\"url\":\"https:\/\/vremeplov.ba\/2025\/wp-content\/uploads\/2025\/04\/Kakanj_Elektrifikacija.jpg\",\"height\":627,\"width\":950,\"orientation\":\"landscape\"}},\"imageMeta\":{\"aperture\":\"0\",\"credit\":\"\",\"camera\":\"\",\"caption\":\"\",\"created_timestamp\":\"1549365613\",\"copyright\":\"\",\"focal_length\":\"0\",\"iso\":\"0\",\"shutter_speed\":\"0\",\"title\":\"\",\"orientation\":\"1\",\"keywords\":[\"normalni kolosijek\",\"bosanske \u017eeljeznice\",\"elektrifikacija pruga\",\"vremeplov\",\"kakanj\"]},\"meta\":false,\"postlink\":\"https:\/\/vremeplov.ba\/2025\/pruga-normalnog-kolosijeka\/kakanj_elektrifikacija\/\"},{\"id\":21697,\"title\":\"Kakanj_Loko_rudnik\",\"url\":\"https:\/\/vremeplov.ba\/2025\/wp-content\/uploads\/2025\/04\/Kakanj_Loko_rudnik.jpg\",\"link\":\"https:\/\/vremeplov.ba\/2025\/pruga-normalnog-kolosijeka\/kakanj_loko_rudnik\/\",\"alt\":\"\",\"description\":\"\",\"caption\":\"\",\"mime\":\"image\/jpeg\",\"type\":\"image\",\"width\":950,\"height\":667,\"sizes\":{\"full\":{\"url\":\"https:\/\/vremeplov.ba\/2025\/wp-content\/uploads\/2025\/04\/Kakanj_Loko_rudnik.jpg\",\"height\":667,\"width\":950,\"orientation\":\"landscape\"}},\"imageMeta\":{\"aperture\":\"0\",\"credit\":\"Srecko\",\"camera\":\"HP Scanjet 2400\",\"caption\":\"\",\"created_timestamp\":\"0\",\"copyright\":\"www.vremeplov.ba\",\"focal_length\":\"0\",\"iso\":\"0\",\"shutter_speed\":\"0\",\"title\":\"\",\"orientation\":\"1\",\"keywords\":[\"Normalni kolosijek\",\"vozovi\",\"\u017eeljeznica\",\"Bosna\",\"Sarajevo\",\"Kakanj\",\"Kardeljevo\",\"Maglaj\",\"Salon\",\"vremeplov\"]},\"meta\":false,\"postlink\":\"https:\/\/vremeplov.ba\/2025\/pruga-normalnog-kolosijeka\/kakanj_loko_rudnik\/\"},{\"id\":21698,\"title\":\"Kakanj-most\",\"url\":\"https:\/\/vremeplov.ba\/2025\/wp-content\/uploads\/2025\/04\/Kakanj-most.jpg\",\"link\":\"https:\/\/vremeplov.ba\/2025\/pruga-normalnog-kolosijeka\/kakanj-most\/\",\"alt\":\"\",\"description\":\"\",\"caption\":\"\",\"mime\":\"image\/jpeg\",\"type\":\"image\",\"width\":1054,\"height\":1500,\"sizes\":{\"full\":{\"url\":\"https:\/\/vremeplov.ba\/2025\/wp-content\/uploads\/2025\/04\/Kakanj-most.jpg\",\"height\":1500,\"width\":1054,\"orientation\":\"portrait\"}},\"imageMeta\":{\"aperture\":\"0\",\"credit\":\"Srecko\",\"camera\":\"\",\"caption\":\"\",\"created_timestamp\":\"0\",\"copyright\":\"www.vremeplov.ba\",\"focal_length\":\"0\",\"iso\":\"0\",\"shutter_speed\":\"0\",\"title\":\"\",\"orientation\":\"1\",\"keywords\":[\"\u017eeljeznica\",\"normalne pruge\",\"Bosna\",\"vremeplov\",\"istorija\",\"fotografije\",\"Kakanj\",\"Rodoljub\",\"\u010colakovi\u0107\"]},\"meta\":false,\"postlink\":\"https:\/\/vremeplov.ba\/2025\/pruga-normalnog-kolosijeka\/kakanj-most\/\"},{\"id\":21699,\"title\":\"Kardeljevo\",\"url\":\"https:\/\/vremeplov.ba\/2025\/wp-content\/uploads\/2025\/04\/Kardeljevo.jpg\",\"link\":\"https:\/\/vremeplov.ba\/2025\/pruga-normalnog-kolosijeka\/kardeljevo\/\",\"alt\":\"\",\"description\":\"\",\"caption\":\"\",\"mime\":\"image\/jpeg\",\"type\":\"image\",\"width\":950,\"height\":580,\"sizes\":{\"full\":{\"url\":\"https:\/\/vremeplov.ba\/2025\/wp-content\/uploads\/2025\/04\/Kardeljevo.jpg\",\"height\":580,\"width\":950,\"orientation\":\"landscape\"}},\"imageMeta\":{\"aperture\":\"0\",\"credit\":\"Sre\u0107ko Ignjatovi\u0107 Sarajevo BiH\",\"camera\":\"\",\"caption\":\"\",\"created_timestamp\":\"0\",\"copyright\":\"www.photogalerija.com\",\"focal_length\":\"0\",\"iso\":\"0\",\"shutter_speed\":\"0\",\"title\":\"\",\"orientation\":\"1\",\"keywords\":[\"Normalni kolosijek\",\"mostar\",\"konjic\",\"biha\u0107\",\"izgradnja\"]},\"meta\":false,\"postlink\":\"https:\/\/vremeplov.ba\/2025\/pruga-normalnog-kolosijeka\/kardeljevo\/\"},{\"id\":21700,\"title\":\"Kardeljevo_ljeto\",\"url\":\"https:\/\/vremeplov.ba\/2025\/wp-content\/uploads\/2025\/04\/Kardeljevo_ljeto.jpg\",\"link\":\"https:\/\/vremeplov.ba\/2025\/pruga-normalnog-kolosijeka\/kardeljevo_ljeto\/\",\"alt\":\"\",\"description\":\"\",\"caption\":\"\",\"mime\":\"image\/jpeg\",\"type\":\"image\",\"width\":950,\"height\":590,\"sizes\":{\"full\":{\"url\":\"https:\/\/vremeplov.ba\/2025\/wp-content\/uploads\/2025\/04\/Kardeljevo_ljeto.jpg\",\"height\":590,\"width\":950,\"orientation\":\"landscape\"}},\"imageMeta\":{\"aperture\":\"0\",\"credit\":\"Srecko\",\"camera\":\"\",\"caption\":\"\",\"created_timestamp\":\"0\",\"copyright\":\"www.vremeplov.ba\",\"focal_length\":\"0\",\"iso\":\"0\",\"shutter_speed\":\"0\",\"title\":\"\",\"orientation\":\"1\",\"keywords\":[\"Normalni kolosijek\",\"vozovi\",\"\u017eeljeznica\",\"Bosna\",\"Sarajevo\",\"Kakanj\",\"Kardeljevo\",\"Maglaj\",\"Salon\",\"vremeplov\"]},\"meta\":false,\"postlink\":\"https:\/\/vremeplov.ba\/2025\/pruga-normalnog-kolosijeka\/kardeljevo_ljeto\/\"},{\"id\":21701,\"title\":\"Kenedijevka-661-302\",\"url\":\"https:\/\/vremeplov.ba\/2025\/wp-content\/uploads\/2025\/04\/Kenedijevka-661-302.jpg\",\"link\":\"https:\/\/vremeplov.ba\/2025\/pruga-normalnog-kolosijeka\/kenedijevka-661-302\/\",\"alt\":\"\",\"description\":\"\",\"caption\":\"\",\"mime\":\"image\/jpeg\",\"type\":\"image\",\"width\":950,\"height\":633,\"sizes\":{\"full\":{\"url\":\"https:\/\/vremeplov.ba\/2025\/wp-content\/uploads\/2025\/04\/Kenedijevka-661-302.jpg\",\"height\":633,\"width\":950,\"orientation\":\"landscape\"}},\"imageMeta\":{\"aperture\":\"0\",\"credit\":\"\",\"camera\":\"\",\"caption\":\"\",\"created_timestamp\":\"0\",\"copyright\":\"\",\"focal_length\":\"0\",\"iso\":\"0\",\"shutter_speed\":\"0\",\"title\":\"\",\"orientation\":\"1\",\"keywords\":[]},\"meta\":false,\"postlink\":\"https:\/\/vremeplov.ba\/2025\/pruga-normalnog-kolosijeka\/kenedijevka-661-302\/\"},{\"id\":21702,\"title\":\"Kondukter_Dusko\",\"url\":\"https:\/\/vremeplov.ba\/2025\/wp-content\/uploads\/2025\/04\/Kondukter_Dusko.jpg\",\"link\":\"https:\/\/vremeplov.ba\/2025\/pruga-normalnog-kolosijeka\/kondukter_dusko\/\",\"alt\":\"\",\"description\":\"\",\"caption\":\"\",\"mime\":\"image\/jpeg\",\"type\":\"image\",\"width\":591,\"height\":950,\"sizes\":{\"full\":{\"url\":\"https:\/\/vremeplov.ba\/2025\/wp-content\/uploads\/2025\/04\/Kondukter_Dusko.jpg\",\"height\":950,\"width\":591,\"orientation\":\"portrait\"}},\"imageMeta\":{\"aperture\":\"0\",\"credit\":\"Srecko\",\"camera\":\"\",\"caption\":\"\",\"created_timestamp\":\"0\",\"copyright\":\"www.vremeplov.ba\",\"focal_length\":\"0\",\"iso\":\"0\",\"shutter_speed\":\"0\",\"title\":\"\",\"orientation\":\"1\",\"keywords\":[\"Normalni\",\"Kolosijek\",\"vozovi\",\"pruge\",\"\u017eeljeznice\",\"Bosna\",\"vremeplov\"]},\"meta\":false,\"postlink\":\"https:\/\/vremeplov.ba\/2025\/pruga-normalnog-kolosijeka\/kondukter_dusko\/\"},{\"id\":21703,\"title\":\"Kondukter_Ismet\",\"url\":\"https:\/\/vremeplov.ba\/2025\/wp-content\/uploads\/2025\/04\/Kondukter_Ismet.jpg\",\"link\":\"https:\/\/vremeplov.ba\/2025\/pruga-normalnog-kolosijeka\/kondukter_ismet\/\",\"alt\":\"\",\"description\":\"\",\"caption\":\"\",\"mime\":\"image\/jpeg\",\"type\":\"image\",\"width\":670,\"height\":950,\"sizes\":{\"full\":{\"url\":\"https:\/\/vremeplov.ba\/2025\/wp-content\/uploads\/2025\/04\/Kondukter_Ismet.jpg\",\"height\":950,\"width\":670,\"orientation\":\"portrait\"}},\"imageMeta\":{\"aperture\":\"0\",\"credit\":\"Srecko\",\"camera\":\"\",\"caption\":\"\",\"created_timestamp\":\"0\",\"copyright\":\"www.vremeplov.ba\",\"focal_length\":\"0\",\"iso\":\"0\",\"shutter_speed\":\"0\",\"title\":\"\",\"orientation\":\"1\",\"keywords\":[\"Normalni\",\"Kolosijek\",\"vozovi\",\"pruge\",\"\u017eeljeznice\",\"Bosna\",\"vremeplov\"]},\"meta\":false,\"postlink\":\"https:\/\/vremeplov.ba\/2025\/pruga-normalnog-kolosijeka\/kondukter_ismet\/\"},{\"id\":21704,\"title\":\"Konjic\",\"url\":\"https:\/\/vremeplov.ba\/2025\/wp-content\/uploads\/2025\/04\/Konjic.jpg\",\"link\":\"https:\/\/vremeplov.ba\/2025\/pruga-normalnog-kolosijeka\/konjic\/\",\"alt\":\"\",\"description\":\"\",\"caption\":\"\",\"mime\":\"image\/jpeg\",\"type\":\"image\",\"width\":691,\"height\":950,\"sizes\":{\"full\":{\"url\":\"https:\/\/vremeplov.ba\/2025\/wp-content\/uploads\/2025\/04\/Konjic.jpg\",\"height\":950,\"width\":691,\"orientation\":\"portrait\"}},\"imageMeta\":{\"aperture\":\"0\",\"credit\":\"Sre\u0107ko Ignjatovi\u0107 Sarajevo BiH\",\"camera\":\"\",\"caption\":\"\",\"created_timestamp\":\"0\",\"copyright\":\"www.photogalerija.com\",\"focal_length\":\"0\",\"iso\":\"0\",\"shutter_speed\":\"0\",\"title\":\"\",\"orientation\":\"1\",\"keywords\":[\"normalni-kolosijek\"]},\"meta\":false,\"postlink\":\"https:\/\/vremeplov.ba\/2025\/pruga-normalnog-kolosijeka\/konjic\/\"},{\"id\":21705,\"title\":\"Konjic_peroni\",\"url\":\"https:\/\/vremeplov.ba\/2025\/wp-content\/uploads\/2025\/04\/Konjic_peroni.jpg\",\"link\":\"https:\/\/vremeplov.ba\/2025\/pruga-normalnog-kolosijeka\/konjic_peroni\/\",\"alt\":\"\",\"description\":\"\",\"caption\":\"\",\"mime\":\"image\/jpeg\",\"type\":\"image\",\"width\":950,\"height\":656,\"sizes\":{\"full\":{\"url\":\"https:\/\/vremeplov.ba\/2025\/wp-content\/uploads\/2025\/04\/Konjic_peroni.jpg\",\"height\":656,\"width\":950,\"orientation\":\"landscape\"}},\"imageMeta\":{\"aperture\":\"0\",\"credit\":\"Srecko Ignjatovic, Sarajevo\",\"camera\":\"\",\"caption\":\"\",\"created_timestamp\":\"1550596446\",\"copyright\":\"www.vremeplov.ba\",\"focal_length\":\"0\",\"iso\":\"0\",\"shutter_speed\":\"0\",\"title\":\"\",\"orientation\":\"1\",\"keywords\":[\"kolosijek\",\"\u0161iroki\",\"normalni\",\"\u017eeljeznica\",\"bosna ekspres\",\"ma\u0161inovo\u0111a\",\"sarajevo\",\"konjic\",\"srb\",\"J\u017d\",\"vremeplov\"]},\"meta\":false,\"postlink\":\"https:\/\/vremeplov.ba\/2025\/pruga-normalnog-kolosijeka\/konjic_peroni\/\"},{\"id\":21706,\"title\":\"Konjic_st.\",\"url\":\"https:\/\/vremeplov.ba\/2025\/wp-content\/uploads\/2025\/04\/Konjic_st.jpg\",\"link\":\"https:\/\/vremeplov.ba\/2025\/pruga-normalnog-kolosijeka\/konjic_st\/\",\"alt\":\"\",\"description\":\"\",\"caption\":\"\",\"mime\":\"image\/jpeg\",\"type\":\"image\",\"width\":950,\"height\":578,\"sizes\":{\"full\":{\"url\":\"https:\/\/vremeplov.ba\/2025\/wp-content\/uploads\/2025\/04\/Konjic_st.jpg\",\"height\":578,\"width\":950,\"orientation\":\"landscape\"}},\"imageMeta\":{\"aperture\":\"0\",\"credit\":\"Srecko\",\"camera\":\"\",\"caption\":\"\",\"created_timestamp\":\"0\",\"copyright\":\"www.vremeplov.ba\",\"focal_length\":\"0\",\"iso\":\"0\",\"shutter_speed\":\"0\",\"title\":\"\",\"orientation\":\"1\",\"keywords\":[\"Kolosijek\",\"\u0161iroki\",\"normalni\",\"vozovi\",\"\u017eeljeznica\",\"putovanja\",\"uspomene\",\"vremeplov\",\"Konjic\"]},\"meta\":false,\"postlink\":\"https:\/\/vremeplov.ba\/2025\/pruga-normalnog-kolosijeka\/konjic_st\/\"},{\"id\":21707,\"title\":\"Konjic_stanica_1967\",\"url\":\"https:\/\/vremeplov.ba\/2025\/wp-content\/uploads\/2025\/04\/Konjic_stanica_1967.jpg\",\"link\":\"https:\/\/vremeplov.ba\/2025\/pruga-normalnog-kolosijeka\/konjic_stanica_1967\/\",\"alt\":\"\",\"description\":\"\",\"caption\":\"\",\"mime\":\"image\/jpeg\",\"type\":\"image\",\"width\":950,\"height\":611,\"sizes\":{\"full\":{\"url\":\"https:\/\/vremeplov.ba\/2025\/wp-content\/uploads\/2025\/04\/Konjic_stanica_1967.jpg\",\"height\":611,\"width\":950,\"orientation\":\"landscape\"}},\"imageMeta\":{\"aperture\":\"0\",\"credit\":\"Sre\u0107ko Ignjatovi\u0107 Sarajevo BiH\",\"camera\":\"\",\"caption\":\"\",\"created_timestamp\":\"0\",\"copyright\":\"www.photogalerija.com\",\"focal_length\":\"0\",\"iso\":\"0\",\"shutter_speed\":\"0\",\"title\":\"\",\"orientation\":\"1\",\"keywords\":[\"Normalni kolosijek\",\"mostar\",\"konjic\",\"biha\u0107\",\"izgradnja\"]},\"meta\":false,\"postlink\":\"https:\/\/vremeplov.ba\/2025\/pruga-normalnog-kolosijeka\/konjic_stanica_1967\/\"},{\"id\":21708,\"title\":\"kontenjeri\",\"url\":\"https:\/\/vremeplov.ba\/2025\/wp-content\/uploads\/2025\/04\/kontenjeri.jpg\",\"link\":\"https:\/\/vremeplov.ba\/2025\/pruga-normalnog-kolosijeka\/kontenjeri\/\",\"alt\":\"\",\"description\":\"\",\"caption\":\"\",\"mime\":\"image\/jpeg\",\"type\":\"image\",\"width\":1100,\"height\":682,\"sizes\":{\"full\":{\"url\":\"https:\/\/vremeplov.ba\/2025\/wp-content\/uploads\/2025\/04\/kontenjeri.jpg\",\"height\":682,\"width\":1100,\"orientation\":\"landscape\"}},\"imageMeta\":{\"aperture\":\"0\",\"credit\":\"\",\"camera\":\"\",\"caption\":\"\",\"created_timestamp\":\"0\",\"copyright\":\"www.vremeplov.ba\",\"focal_length\":\"0\",\"iso\":\"0\",\"shutter_speed\":\"0\",\"title\":\"\",\"orientation\":\"1\",\"keywords\":[\"vozovi\",\"\u017eeljeznica\",\"kontenjeri\",\"vremeplov\"]},\"meta\":false,\"postlink\":\"https:\/\/vremeplov.ba\/2025\/pruga-normalnog-kolosijeka\/kontenjeri\/\"},{\"id\":21709,\"title\":\"Koprivna_Gornja\",\"url\":\"https:\/\/vremeplov.ba\/2025\/wp-content\/uploads\/2025\/04\/Koprivna_Gornja.jpg\",\"link\":\"https:\/\/vremeplov.ba\/2025\/pruga-normalnog-kolosijeka\/koprivna_gornja\/\",\"alt\":\"\",\"description\":\"\",\"caption\":\"\",\"mime\":\"image\/jpeg\",\"type\":\"image\",\"width\":950,\"height\":739,\"sizes\":{\"full\":{\"url\":\"https:\/\/vremeplov.ba\/2025\/wp-content\/uploads\/2025\/04\/Koprivna_Gornja.jpg\",\"height\":739,\"width\":950,\"orientation\":\"landscape\"}},\"imageMeta\":{\"aperture\":\"0\",\"credit\":\"Sre\u0107ko Ignjatovi\u0107 Sarajevo BiH\",\"camera\":\"\",\"caption\":\"\",\"created_timestamp\":\"0\",\"copyright\":\"www.photogalerija.com\",\"focal_length\":\"0\",\"iso\":\"0\",\"shutter_speed\":\"0\",\"title\":\"\",\"orientation\":\"1\",\"keywords\":[\"normalni kolosijek\",\"istorija\",\"stanice\",\"\u017eeljeznica\"]},\"meta\":false,\"postlink\":\"https:\/\/vremeplov.ba\/2025\/pruga-normalnog-kolosijeka\/koprivna_gornja\/\"},{\"id\":21710,\"title\":\"Kreka-Nova\",\"url\":\"https:\/\/vremeplov.ba\/2025\/wp-content\/uploads\/2025\/04\/Kreka-Nova.jpg\",\"link\":\"https:\/\/vremeplov.ba\/2025\/pruga-normalnog-kolosijeka\/kreka-nova\/\",\"alt\":\"\",\"description\":\"\",\"caption\":\"\",\"mime\":\"image\/jpeg\",\"type\":\"image\",\"width\":950,\"height\":651,\"sizes\":{\"full\":{\"url\":\"https:\/\/vremeplov.ba\/2025\/wp-content\/uploads\/2025\/04\/Kreka-Nova.jpg\",\"height\":651,\"width\":950,\"orientation\":\"landscape\"}},\"imageMeta\":{\"aperture\":\"0\",\"credit\":\"Srecko Ignjatovic, Sarajevo\",\"camera\":\"\",\"caption\":\"\",\"created_timestamp\":\"0\",\"copyright\":\"www.vremeplov.ba\",\"focal_length\":\"0\",\"iso\":\"0\",\"shutter_speed\":\"0\",\"title\":\"\",\"orientation\":\"1\",\"keywords\":[\"normalni\",\"kolosijek\",\"\u017eeljeznica\",\"Bosna\",\"vremeplov\",\"Kreka Nova\"]},\"meta\":false,\"postlink\":\"https:\/\/vremeplov.ba\/2025\/pruga-normalnog-kolosijeka\/kreka-nova\/\"},{\"id\":21711,\"title\":\"Kulen-Vakuf\",\"url\":\"https:\/\/vremeplov.ba\/2025\/wp-content\/uploads\/2025\/04\/Kulen-Vakuf.jpg\",\"link\":\"https:\/\/vremeplov.ba\/2025\/pruga-normalnog-kolosijeka\/kulen-vakuf\/\",\"alt\":\"\",\"description\":\"\",\"caption\":\"\",\"mime\":\"image\/jpeg\",\"type\":\"image\",\"width\":950,\"height\":643,\"sizes\":{\"full\":{\"url\":\"https:\/\/vremeplov.ba\/2025\/wp-content\/uploads\/2025\/04\/Kulen-Vakuf.jpg\",\"height\":643,\"width\":950,\"orientation\":\"landscape\"}},\"imageMeta\":{\"aperture\":\"0\",\"credit\":\"Srecko\",\"camera\":\"\",\"caption\":\"\",\"created_timestamp\":\"1549313186\",\"copyright\":\"\",\"focal_length\":\"0\",\"iso\":\"0\",\"shutter_speed\":\"0\",\"title\":\"\",\"orientation\":\"1\",\"keywords\":[\"Bihac\",\"Kulen Vakuf\",\"elektrifikacija pruge\",\"vremeplov\",\"Mediteran Ekspres\",\"Francuz J\u017d 7021\"]},\"meta\":false,\"postlink\":\"https:\/\/vremeplov.ba\/2025\/pruga-normalnog-kolosijeka\/kulen-vakuf\/\"},{\"id\":21712,\"title\":\"LAS_kola\",\"url\":\"https:\/\/vremeplov.ba\/2025\/wp-content\/uploads\/2025\/04\/LAS_kola.jpg\",\"link\":\"https:\/\/vremeplov.ba\/2025\/pruga-normalnog-kolosijeka\/las_kola\/\",\"alt\":\"\",\"description\":\"\",\"caption\":\"\",\"mime\":\"image\/jpeg\",\"type\":\"image\",\"width\":950,\"height\":717,\"sizes\":{\"full\":{\"url\":\"https:\/\/vremeplov.ba\/2025\/wp-content\/uploads\/2025\/04\/LAS_kola.jpg\",\"height\":717,\"width\":950,\"orientation\":\"landscape\"}},\"imageMeta\":{\"aperture\":\"0\",\"credit\":\"Sre\u0107ko Ignjatovi\u0107 Sarajevo BiH\",\"camera\":\"\",\"caption\":\"\",\"created_timestamp\":\"0\",\"copyright\":\"www.photogalerija.com\",\"focal_length\":\"0\",\"iso\":\"0\",\"shutter_speed\":\"0\",\"title\":\"\",\"orientation\":\"1\",\"keywords\":[\"Normani kolosijek, EMV 411\",\"\u017dAS Sarajevo\"]},\"meta\":false,\"postlink\":\"https:\/\/vremeplov.ba\/2025\/pruga-normalnog-kolosijeka\/las_kola\/\"},{\"id\":21713,\"title\":\"Lasva_st.\",\"url\":\"https:\/\/vremeplov.ba\/2025\/wp-content\/uploads\/2025\/04\/Lasva_st.jpg\",\"link\":\"https:\/\/vremeplov.ba\/2025\/pruga-normalnog-kolosijeka\/lasva_st\/\",\"alt\":\"\",\"description\":\"\",\"caption\":\"\",\"mime\":\"image\/jpeg\",\"type\":\"image\",\"width\":950,\"height\":629,\"sizes\":{\"full\":{\"url\":\"https:\/\/vremeplov.ba\/2025\/wp-content\/uploads\/2025\/04\/Lasva_st.jpg\",\"height\":629,\"width\":950,\"orientation\":\"landscape\"}},\"imageMeta\":{\"aperture\":\"0\",\"credit\":\"Sre\u0107ko Ignjatovi\u0107 Sarajevo BiH\",\"camera\":\"\",\"caption\":\"\",\"created_timestamp\":\"1450380182\",\"copyright\":\"www.photogalerija.com\",\"focal_length\":\"0\",\"iso\":\"0\",\"shutter_speed\":\"0\",\"title\":\"\",\"orientation\":\"1\",\"keywords\":[\"normalni kolosijek\",\"istorija\",\"stanice\",\"\u017eeljeznica\"]},\"meta\":false,\"postlink\":\"https:\/\/vremeplov.ba\/2025\/pruga-normalnog-kolosijeka\/lasva_st\/\"},{\"id\":21714,\"title\":\"Ljubace\",\"url\":\"https:\/\/vremeplov.ba\/2025\/wp-content\/uploads\/2025\/04\/Ljubace.jpg\",\"link\":\"https:\/\/vremeplov.ba\/2025\/pruga-normalnog-kolosijeka\/ljubace\/\",\"alt\":\"\",\"description\":\"\",\"caption\":\"\",\"mime\":\"image\/jpeg\",\"type\":\"image\",\"width\":950,\"height\":650,\"sizes\":{\"full\":{\"url\":\"https:\/\/vremeplov.ba\/2025\/wp-content\/uploads\/2025\/04\/Ljubace.jpg\",\"height\":650,\"width\":950,\"orientation\":\"landscape\"}},\"imageMeta\":{\"aperture\":\"0\",\"credit\":\"Srecko Ignjatovic, Sarajevo\",\"camera\":\"\",\"caption\":\"\",\"created_timestamp\":\"0\",\"copyright\":\"www.vremeplov.ba\",\"focal_length\":\"0\",\"iso\":\"0\",\"shutter_speed\":\"0\",\"title\":\"\",\"orientation\":\"1\",\"keywords\":[\"\u017eeljeznice\",\"pruge\",\"bosna\",\"stanica\",\"elektromotori\",\"vremeplov\",\"Ljuba\u0107e\",\"Banovi\u0107i\"]},\"meta\":false,\"postlink\":\"https:\/\/vremeplov.ba\/2025\/pruga-normalnog-kolosijeka\/ljubace\/\"},{\"id\":21715,\"title\":\"Lok.662-Nada\",\"url\":\"https:\/\/vremeplov.ba\/2025\/wp-content\/uploads\/2025\/04\/Lok.662-Nada.jpg\",\"link\":\"https:\/\/vremeplov.ba\/2025\/pruga-normalnog-kolosijeka\/lok-662-nada\/\",\"alt\":\"\",\"description\":\"\",\"caption\":\"\",\"mime\":\"image\/jpeg\",\"type\":\"image\",\"width\":950,\"height\":597,\"sizes\":{\"full\":{\"url\":\"https:\/\/vremeplov.ba\/2025\/wp-content\/uploads\/2025\/04\/Lok.662-Nada.jpg\",\"height\":597,\"width\":950,\"orientation\":\"landscape\"}},\"imageMeta\":{\"aperture\":\"0\",\"credit\":\"Srecko Ignjatovic, Sarajevo, BiH\",\"camera\":\"\",\"caption\":\"\",\"created_timestamp\":\"0\",\"copyright\":\"www.photogalerija.com\",\"focal_length\":\"0\",\"iso\":\"0\",\"shutter_speed\":\"0\",\"title\":\"\",\"orientation\":\"1\",\"keywords\":[\"normalni kolosijek\",\"Sarajevo, Tuzla\",\"Zenica\",\"Doboj\",\"\u017ditomisli\u0107i\"]},\"meta\":false,\"postlink\":\"https:\/\/vremeplov.ba\/2025\/pruga-normalnog-kolosijeka\/lok-662-nada\/\"},{\"id\":21716,\"title\":\"Loko_11_054_Sarajevo\",\"url\":\"https:\/\/vremeplov.ba\/2025\/wp-content\/uploads\/2025\/04\/Loko_11_054_Sarajevo.jpg\",\"link\":\"https:\/\/vremeplov.ba\/2025\/pruga-normalnog-kolosijeka\/loko_11_054_sarajevo\/\",\"alt\":\"\",\"description\":\"\",\"caption\":\"\",\"mime\":\"image\/jpeg\",\"type\":\"image\",\"width\":950,\"height\":605,\"sizes\":{\"full\":{\"url\":\"https:\/\/vremeplov.ba\/2025\/wp-content\/uploads\/2025\/04\/Loko_11_054_Sarajevo.jpg\",\"height\":605,\"width\":950,\"orientation\":\"landscape\"}},\"imageMeta\":{\"aperture\":\"0\",\"credit\":\"Srecko\",\"camera\":\"\",\"caption\":\"\",\"created_timestamp\":\"0\",\"copyright\":\"www.vremeplov.ba\",\"focal_length\":\"0\",\"iso\":\"0\",\"shutter_speed\":\"0\",\"title\":\"\",\"orientation\":\"1\",\"keywords\":[\"Kolosijek\",\"\u0161iroki\",\"normalni\",\"vozovi\",\"\u017eeljeznica\",\"putovanja\",\"uspomene\",\"vremeplov\",\"Sarajevo\"]},\"meta\":false,\"postlink\":\"https:\/\/vremeplov.ba\/2025\/pruga-normalnog-kolosijeka\/loko_11_054_sarajevo\/\"},{\"id\":21717,\"title\":\"Lokomotiva-Vranduk\",\"url\":\"https:\/\/vremeplov.ba\/2025\/wp-content\/uploads\/2025\/04\/Lokomotiva-Vranduk.jpg\",\"link\":\"https:\/\/vremeplov.ba\/2025\/pruga-normalnog-kolosijeka\/lokomotiva-vranduk\/\",\"alt\":\"\",\"description\":\"\",\"caption\":\"\",\"mime\":\"image\/jpeg\",\"type\":\"image\",\"width\":950,\"height\":675,\"sizes\":{\"full\":{\"url\":\"https:\/\/vremeplov.ba\/2025\/wp-content\/uploads\/2025\/04\/Lokomotiva-Vranduk.jpg\",\"height\":675,\"width\":950,\"orientation\":\"landscape\"}},\"imageMeta\":{\"aperture\":\"0\",\"credit\":\"Srecko Ignjatovic, Sarajevo\",\"camera\":\"\",\"caption\":\"\",\"created_timestamp\":\"0\",\"copyright\":\"www.vremeplov.ba\",\"focal_length\":\"0\",\"iso\":\"0\",\"shutter_speed\":\"0\",\"title\":\"\",\"orientation\":\"1\",\"keywords\":[\"uzani kolosijek, uskotra\u010dni, kolosijek, \u017eeljeznica, rail, stanice, oldphoto, legendary,\",\"pruge\",\"J\u017d\",\"stanica\",\"vozovi\",\"Bosnia\",\"vremeplov\",\"Vranduk\",\"Tunel\"]},\"meta\":false,\"postlink\":\"https:\/\/vremeplov.ba\/2025\/pruga-normalnog-kolosijeka\/lokomotiva-vranduk\/\"},{\"id\":21718,\"title\":\"Maglaj_BE\",\"url\":\"https:\/\/vremeplov.ba\/2025\/wp-content\/uploads\/2025\/04\/Maglaj_BE.jpg\",\"link\":\"https:\/\/vremeplov.ba\/2025\/pruga-normalnog-kolosijeka\/maglaj_be\/\",\"alt\":\"\",\"description\":\"\",\"caption\":\"\",\"mime\":\"image\/jpeg\",\"type\":\"image\",\"width\":950,\"height\":614,\"sizes\":{\"full\":{\"url\":\"https:\/\/vremeplov.ba\/2025\/wp-content\/uploads\/2025\/04\/Maglaj_BE.jpg\",\"height\":614,\"width\":950,\"orientation\":\"landscape\"}},\"imageMeta\":{\"aperture\":\"0\",\"credit\":\"Srecko\",\"camera\":\"\",\"caption\":\"\",\"created_timestamp\":\"0\",\"copyright\":\"www.vremeplov.ba\",\"focal_length\":\"0\",\"iso\":\"0\",\"shutter_speed\":\"0\",\"title\":\"\",\"orientation\":\"1\",\"keywords\":[\"Normalni kolosijek\",\"vozovi\",\"\u017eeljeznica\",\"Bosna\",\"Sarajevo\",\"Kakanj\",\"Kardeljevo\",\"Maglaj\",\"Salon\",\"vremeplov\"]},\"meta\":false,\"postlink\":\"https:\/\/vremeplov.ba\/2025\/pruga-normalnog-kolosijeka\/maglaj_be\/\"},{\"id\":21719,\"title\":\"Maglaj_st.\",\"url\":\"https:\/\/vremeplov.ba\/2025\/wp-content\/uploads\/2025\/04\/Maglaj_st.jpg\",\"link\":\"https:\/\/vremeplov.ba\/2025\/pruga-normalnog-kolosijeka\/maglaj_st\/\",\"alt\":\"\",\"description\":\"\",\"caption\":\"\",\"mime\":\"image\/jpeg\",\"type\":\"image\",\"width\":950,\"height\":592,\"sizes\":{\"full\":{\"url\":\"https:\/\/vremeplov.ba\/2025\/wp-content\/uploads\/2025\/04\/Maglaj_st.jpg\",\"height\":592,\"width\":950,\"orientation\":\"landscape\"}},\"imageMeta\":{\"aperture\":\"0\",\"credit\":\"Sre\u0107ko Ignjatovi\u0107 Sarajevo BiH\",\"camera\":\"\",\"caption\":\"\",\"created_timestamp\":\"0\",\"copyright\":\"www.photogalerija.com\",\"focal_length\":\"0\",\"iso\":\"0\",\"shutter_speed\":\"0\",\"title\":\"\",\"orientation\":\"1\",\"keywords\":[\"normalni kolosijek\",\"istorija\",\"stanice\",\"\u017eeljeznica\"]},\"meta\":false,\"postlink\":\"https:\/\/vremeplov.ba\/2025\/pruga-normalnog-kolosijeka\/maglaj_st\/\"},{\"id\":21720,\"title\":\"masinovodja\",\"url\":\"https:\/\/vremeplov.ba\/2025\/wp-content\/uploads\/2025\/04\/masinovodja.jpg\",\"link\":\"https:\/\/vremeplov.ba\/2025\/pruga-normalnog-kolosijeka\/masinovodja\/\",\"alt\":\"\",\"description\":\"\",\"caption\":\"\",\"mime\":\"image\/jpeg\",\"type\":\"image\",\"width\":950,\"height\":919,\"sizes\":{\"full\":{\"url\":\"https:\/\/vremeplov.ba\/2025\/wp-content\/uploads\/2025\/04\/masinovodja.jpg\",\"height\":919,\"width\":950,\"orientation\":\"landscape\"}},\"imageMeta\":{\"aperture\":\"0\",\"credit\":\"Sre\u0107ko Ignjatovi\u0107 Sarajevo BiH\",\"camera\":\"\",\"caption\":\"\",\"created_timestamp\":\"0\",\"copyright\":\"www.photogalerija.com\",\"focal_length\":\"0\",\"iso\":\"0\",\"shutter_speed\":\"0\",\"title\":\"\",\"orientation\":\"1\",\"keywords\":[\"normalni-kolosijek\"]},\"meta\":false,\"postlink\":\"https:\/\/vremeplov.ba\/2025\/pruga-normalnog-kolosijeka\/masinovodja\/\"},{\"id\":21721,\"title\":\"Matura_1998\",\"url\":\"https:\/\/vremeplov.ba\/2025\/wp-content\/uploads\/2025\/04\/Matura_1998.jpg\",\"link\":\"https:\/\/vremeplov.ba\/2025\/pruga-normalnog-kolosijeka\/matura_1998\/\",\"alt\":\"\",\"description\":\"\",\"caption\":\"\",\"mime\":\"image\/jpeg\",\"type\":\"image\",\"width\":1417,\"height\":945,\"sizes\":{\"full\":{\"url\":\"https:\/\/vremeplov.ba\/2025\/wp-content\/uploads\/2025\/04\/Matura_1998.jpg\",\"height\":945,\"width\":1417,\"orientation\":\"landscape\"}},\"imageMeta\":{\"aperture\":\"0\",\"credit\":\"Srecko Ignjatovic, Sarajevo\",\"camera\":\"HP Scanjet 2400\",\"caption\":\"\",\"created_timestamp\":\"0\",\"copyright\":\"www.vremeplov.ba\",\"focal_length\":\"0\",\"iso\":\"0\",\"shutter_speed\":\"0\",\"title\":\"\",\"orientation\":\"1\",\"keywords\":[\"Matura\",\"maturanti\",\"proslava mature\",\"\u017eeljeznice\",\"fakultet\",\"saobra\u0107ajni\",\"vremeplov\",\"Vogo\u0161\u0107a\"]},\"meta\":false,\"postlink\":\"https:\/\/vremeplov.ba\/2025\/pruga-normalnog-kolosijeka\/matura_1998\/\"},{\"id\":21722,\"title\":\"MAVAG_411_415\",\"url\":\"https:\/\/vremeplov.ba\/2025\/wp-content\/uploads\/2025\/04\/MAVAG_411_415.jpg\",\"link\":\"https:\/\/vremeplov.ba\/2025\/pruga-normalnog-kolosijeka\/mavag_411_415\/\",\"alt\":\"\",\"description\":\"\",\"caption\":\"\",\"mime\":\"image\/jpeg\",\"type\":\"image\",\"width\":950,\"height\":609,\"sizes\":{\"full\":{\"url\":\"https:\/\/vremeplov.ba\/2025\/wp-content\/uploads\/2025\/04\/MAVAG_411_415.jpg\",\"height\":609,\"width\":950,\"orientation\":\"landscape\"}},\"imageMeta\":{\"aperture\":\"0\",\"credit\":\"Sre\u0107ko Ignjatovi\u0107 Sarajevo BiH\",\"camera\":\"HP Scanjet 2400\",\"caption\":\"\",\"created_timestamp\":\"0\",\"copyright\":\"www.photogalerija.com\",\"focal_length\":\"0\",\"iso\":\"0\",\"shutter_speed\":\"0\",\"title\":\"\",\"orientation\":\"1\",\"keywords\":[\"normalni-kolosijek\"]},\"meta\":false,\"postlink\":\"https:\/\/vremeplov.ba\/2025\/pruga-normalnog-kolosijeka\/mavag_411_415\/\"},{\"id\":21723,\"title\":\"Milicioner\",\"url\":\"https:\/\/vremeplov.ba\/2025\/wp-content\/uploads\/2025\/04\/Milicioner.jpg\",\"link\":\"https:\/\/vremeplov.ba\/2025\/pruga-normalnog-kolosijeka\/milicioner\/\",\"alt\":\"\",\"description\":\"\",\"caption\":\"\",\"mime\":\"image\/jpeg\",\"type\":\"image\",\"width\":950,\"height\":969,\"sizes\":{\"full\":{\"url\":\"https:\/\/vremeplov.ba\/2025\/wp-content\/uploads\/2025\/04\/Milicioner.jpg\",\"height\":969,\"width\":950,\"orientation\":\"portrait\"}},\"imageMeta\":{\"aperture\":\"0\",\"credit\":\"Srecko\",\"camera\":\"\",\"caption\":\"\",\"created_timestamp\":\"0\",\"copyright\":\"www.vremeplov.ba\",\"focal_length\":\"0\",\"iso\":\"0\",\"shutter_speed\":\"0\",\"title\":\"\",\"orientation\":\"1\",\"keywords\":[\"\u017deljeznice\",\"pruge: vozovi\",\"vremeplov\",\"Milicioner\"]},\"meta\":false,\"postlink\":\"https:\/\/vremeplov.ba\/2025\/pruga-normalnog-kolosijeka\/milicioner\/\"},{\"id\":21724,\"title\":\"Most_Brcko\",\"url\":\"https:\/\/vremeplov.ba\/2025\/wp-content\/uploads\/2025\/04\/Most_Brcko.jpg\",\"link\":\"https:\/\/vremeplov.ba\/2025\/pruga-normalnog-kolosijeka\/most_brcko\/\",\"alt\":\"\",\"description\":\"\",\"caption\":\"\",\"mime\":\"image\/jpeg\",\"type\":\"image\",\"width\":950,\"height\":618,\"sizes\":{\"full\":{\"url\":\"https:\/\/vremeplov.ba\/2025\/wp-content\/uploads\/2025\/04\/Most_Brcko.jpg\",\"height\":618,\"width\":950,\"orientation\":\"landscape\"}},\"imageMeta\":{\"aperture\":\"0\",\"credit\":\"Srecko Ignjatovic, Sarajevo, BiH\",\"camera\":\"\",\"caption\":\"\",\"created_timestamp\":\"0\",\"copyright\":\"www.photogalerija.com\",\"focal_length\":\"0\",\"iso\":\"0\",\"shutter_speed\":\"0\",\"title\":\"\",\"orientation\":\"1\",\"keywords\":[\"Most Br\u010dko\",\"normalni kolosijek\"]},\"meta\":false,\"postlink\":\"https:\/\/vremeplov.ba\/2025\/pruga-normalnog-kolosijeka\/most_brcko\/\"},{\"id\":21725,\"title\":\"Mostar_dmu_812\",\"url\":\"https:\/\/vremeplov.ba\/2025\/wp-content\/uploads\/2025\/04\/Mostar_dmu_812.jpg\",\"link\":\"https:\/\/vremeplov.ba\/2025\/pruga-normalnog-kolosijeka\/mostar_dmu_812\/\",\"alt\":\"\",\"description\":\"\",\"caption\":\"\",\"mime\":\"image\/jpeg\",\"type\":\"image\",\"width\":837,\"height\":950,\"sizes\":{\"full\":{\"url\":\"https:\/\/vremeplov.ba\/2025\/wp-content\/uploads\/2025\/04\/Mostar_dmu_812.jpg\",\"height\":950,\"width\":837,\"orientation\":\"portrait\"}},\"imageMeta\":{\"aperture\":\"0\",\"credit\":\"Sre\u0107ko Ignjatovi\u0107 Sarajevo BiH\",\"camera\":\"\",\"caption\":\"\",\"created_timestamp\":\"0\",\"copyright\":\"www.photogalerija.com\",\"focal_length\":\"0\",\"iso\":\"0\",\"shutter_speed\":\"0\",\"title\":\"\",\"orientation\":\"1\",\"keywords\":[\"Normalni kolosijek\",\"mostar\",\"konjic\",\"biha\u0107\",\"izgradnja\"]},\"meta\":false,\"postlink\":\"https:\/\/vremeplov.ba\/2025\/pruga-normalnog-kolosijeka\/mostar_dmu_812\/\"},{\"id\":21726,\"title\":\"Mostar_EMV\",\"url\":\"https:\/\/vremeplov.ba\/2025\/wp-content\/uploads\/2025\/04\/Mostar_EMV.jpg\",\"link\":\"https:\/\/vremeplov.ba\/2025\/pruga-normalnog-kolosijeka\/mostar_emv\/\",\"alt\":\"\",\"description\":\"\",\"caption\":\"\",\"mime\":\"image\/jpeg\",\"type\":\"image\",\"width\":950,\"height\":684,\"sizes\":{\"full\":{\"url\":\"https:\/\/vremeplov.ba\/2025\/wp-content\/uploads\/2025\/04\/Mostar_EMV.jpg\",\"height\":684,\"width\":950,\"orientation\":\"landscape\"}},\"imageMeta\":{\"aperture\":\"0\",\"credit\":\"Sre\u0107ko Ignjatovi\u0107 Sarajevo BiH\",\"camera\":\"\",\"caption\":\"\",\"created_timestamp\":\"0\",\"copyright\":\"www.photogalerija.com\",\"focal_length\":\"0\",\"iso\":\"0\",\"shutter_speed\":\"0\",\"title\":\"\",\"orientation\":\"1\",\"keywords\":[\"Normani kolosijek, EMV 411\",\"\u017dAS Sarajevo\"]},\"meta\":false,\"postlink\":\"https:\/\/vremeplov.ba\/2025\/pruga-normalnog-kolosijeka\/mostar_emv\/\"},{\"id\":21727,\"title\":\"Mostar_maj_1969\",\"url\":\"https:\/\/vremeplov.ba\/2025\/wp-content\/uploads\/2025\/04\/Mostar_maj_1969.jpg\",\"link\":\"https:\/\/vremeplov.ba\/2025\/pruga-normalnog-kolosijeka\/mostar_maj_1969\/\",\"alt\":\"\",\"description\":\"\",\"caption\":\"\",\"mime\":\"image\/jpeg\",\"type\":\"image\",\"width\":950,\"height\":669,\"sizes\":{\"full\":{\"url\":\"https:\/\/vremeplov.ba\/2025\/wp-content\/uploads\/2025\/04\/Mostar_maj_1969.jpg\",\"height\":669,\"width\":950,\"orientation\":\"landscape\"}},\"imageMeta\":{\"aperture\":\"0\",\"credit\":\"Srecko Ignjatovic, Sarajevo, BiH\",\"camera\":\"\",\"caption\":\"\",\"created_timestamp\":\"0\",\"copyright\":\"www.vremeplov.ba\",\"focal_length\":\"0\",\"iso\":\"0\",\"shutter_speed\":\"0\",\"title\":\"\",\"orientation\":\"1\",\"keywords\":[\"Mostar\",\"\u017eeljeznica\",\"elektrifikacija\",\"Nova stanica\"]},\"meta\":false,\"postlink\":\"https:\/\/vremeplov.ba\/2025\/pruga-normalnog-kolosijeka\/mostar_maj_1969\/\"},{\"id\":21728,\"title\":\"Mostar_nova_st\",\"url\":\"https:\/\/vremeplov.ba\/2025\/wp-content\/uploads\/2025\/04\/Mostar_nova_st.jpg\",\"link\":\"https:\/\/vremeplov.ba\/2025\/pruga-normalnog-kolosijeka\/mostar_nova_st\/\",\"alt\":\"\",\"description\":\"\",\"caption\":\"\",\"mime\":\"image\/jpeg\",\"type\":\"image\",\"width\":950,\"height\":626,\"sizes\":{\"full\":{\"url\":\"https:\/\/vremeplov.ba\/2025\/wp-content\/uploads\/2025\/04\/Mostar_nova_st.jpg\",\"height\":626,\"width\":950,\"orientation\":\"landscape\"}},\"imageMeta\":{\"aperture\":\"0\",\"credit\":\"Srecko Ignjatovic, Sarajevo, BiH\",\"camera\":\"\",\"caption\":\"\",\"created_timestamp\":\"1486303319\",\"copyright\":\"www.vremeplov.ba\",\"focal_length\":\"0\",\"iso\":\"0\",\"shutter_speed\":\"0\",\"title\":\"\",\"orientation\":\"1\",\"keywords\":[\"Mostar\",\"nova stanica\",\"zgrada stanice\",\"narentabahn\",\"vremeplov\"]},\"meta\":false,\"postlink\":\"https:\/\/vremeplov.ba\/2025\/pruga-normalnog-kolosijeka\/mostar_nova_st\/\"},{\"id\":21729,\"title\":\"mostar_proslava-1\",\"url\":\"https:\/\/vremeplov.ba\/2025\/wp-content\/uploads\/2025\/04\/mostar_proslava-1.jpg\",\"link\":\"https:\/\/vremeplov.ba\/2025\/pruga-normalnog-kolosijeka\/mostar_proslava-1\/\",\"alt\":\"\",\"description\":\"\",\"caption\":\"\",\"mime\":\"image\/jpeg\",\"type\":\"image\",\"width\":950,\"height\":582,\"sizes\":{\"full\":{\"url\":\"https:\/\/vremeplov.ba\/2025\/wp-content\/uploads\/2025\/04\/mostar_proslava-1.jpg\",\"height\":582,\"width\":950,\"orientation\":\"landscape\"}},\"imageMeta\":{\"aperture\":\"0\",\"credit\":\"\",\"camera\":\"\",\"caption\":\"\",\"created_timestamp\":\"0\",\"copyright\":\"\",\"focal_length\":\"0\",\"iso\":\"0\",\"shutter_speed\":\"0\",\"title\":\"\",\"orientation\":\"1\",\"keywords\":[]},\"meta\":false,\"postlink\":\"https:\/\/vremeplov.ba\/2025\/pruga-normalnog-kolosijeka\/mostar_proslava-1\/\"},{\"id\":21730,\"title\":\"mostar_proslava-2\",\"url\":\"https:\/\/vremeplov.ba\/2025\/wp-content\/uploads\/2025\/04\/mostar_proslava-2.jpg\",\"link\":\"https:\/\/vremeplov.ba\/2025\/pruga-normalnog-kolosijeka\/mostar_proslava-2\/\",\"alt\":\"\",\"description\":\"\",\"caption\":\"\",\"mime\":\"image\/jpeg\",\"type\":\"image\",\"width\":950,\"height\":636,\"sizes\":{\"full\":{\"url\":\"https:\/\/vremeplov.ba\/2025\/wp-content\/uploads\/2025\/04\/mostar_proslava-2.jpg\",\"height\":636,\"width\":950,\"orientation\":\"landscape\"}},\"imageMeta\":{\"aperture\":\"0\",\"credit\":\"\",\"camera\":\"\",\"caption\":\"\",\"created_timestamp\":\"0\",\"copyright\":\"\",\"focal_length\":\"0\",\"iso\":\"0\",\"shutter_speed\":\"0\",\"title\":\"\",\"orientation\":\"1\",\"keywords\":[]},\"meta\":false,\"postlink\":\"https:\/\/vremeplov.ba\/2025\/pruga-normalnog-kolosijeka\/mostar_proslava-2\/\"},{\"id\":21731,\"title\":\"Mostar_Stanica_1966\",\"url\":\"https:\/\/vremeplov.ba\/2025\/wp-content\/uploads\/2025\/04\/Mostar_Stanica_1966.jpg\",\"link\":\"https:\/\/vremeplov.ba\/2025\/pruga-normalnog-kolosijeka\/mostar_stanica_1966\/\",\"alt\":\"\",\"description\":\"\",\"caption\":\"\",\"mime\":\"image\/jpeg\",\"type\":\"image\",\"width\":950,\"height\":637,\"sizes\":{\"full\":{\"url\":\"https:\/\/vremeplov.ba\/2025\/wp-content\/uploads\/2025\/04\/Mostar_Stanica_1966.jpg\",\"height\":637,\"width\":950,\"orientation\":\"landscape\"}},\"imageMeta\":{\"aperture\":\"0\",\"credit\":\"Srecko Ignjatovic, Sarajevo, BiH\",\"camera\":\"\",\"caption\":\"\",\"created_timestamp\":\"0\",\"copyright\":\"www.vremeplov.ba\",\"focal_length\":\"0\",\"iso\":\"0\",\"shutter_speed\":\"0\",\"title\":\"\",\"orientation\":\"1\",\"keywords\":[\"Mostar\",\"Nova stanica\",\"normalni\",\"kolosijek\"]},\"meta\":false,\"postlink\":\"https:\/\/vremeplov.ba\/2025\/pruga-normalnog-kolosijeka\/mostar_stanica_1966\/\"},{\"id\":21732,\"title\":\"Mostar_stanica_nova\",\"url\":\"https:\/\/vremeplov.ba\/2025\/wp-content\/uploads\/2025\/04\/Mostar_stanica_nova.jpg\",\"link\":\"https:\/\/vremeplov.ba\/2025\/pruga-normalnog-kolosijeka\/mostar_stanica_nova\/\",\"alt\":\"\",\"description\":\"\",\"caption\":\"\",\"mime\":\"image\/jpeg\",\"type\":\"image\",\"width\":950,\"height\":674,\"sizes\":{\"full\":{\"url\":\"https:\/\/vremeplov.ba\/2025\/wp-content\/uploads\/2025\/04\/Mostar_stanica_nova.jpg\",\"height\":674,\"width\":950,\"orientation\":\"landscape\"}},\"imageMeta\":{\"aperture\":\"0\",\"credit\":\"Srecko Ignjatovic, Sarajevo, BiH\",\"camera\":\"\",\"caption\":\"\",\"created_timestamp\":\"0\",\"copyright\":\"www.vremeplov.ba\",\"focal_length\":\"0\",\"iso\":\"0\",\"shutter_speed\":\"0\",\"title\":\"\",\"orientation\":\"1\",\"keywords\":[\"Mostar\",\"\u017eeljezni\u010dka\",\"stanica\"]},\"meta\":false,\"postlink\":\"https:\/\/vremeplov.ba\/2025\/pruga-normalnog-kolosijeka\/mostar_stanica_nova\/\"},{\"id\":21733,\"title\":\"Mostar-1\",\"url\":\"https:\/\/vremeplov.ba\/2025\/wp-content\/uploads\/2025\/04\/Mostar-1.jpg\",\"link\":\"https:\/\/vremeplov.ba\/2025\/pruga-normalnog-kolosijeka\/mostar-1\/\",\"alt\":\"\",\"description\":\"\",\"caption\":\"\",\"mime\":\"image\/jpeg\",\"type\":\"image\",\"width\":950,\"height\":621,\"sizes\":{\"full\":{\"url\":\"https:\/\/vremeplov.ba\/2025\/wp-content\/uploads\/2025\/04\/Mostar-1.jpg\",\"height\":621,\"width\":950,\"orientation\":\"landscape\"}},\"imageMeta\":{\"aperture\":\"0\",\"credit\":\"Sre\u0107ko Ignjatovi\u0107 Sarajevo BiH\",\"camera\":\"\",\"caption\":\"\",\"created_timestamp\":\"0\",\"copyright\":\"www.photogalerija.com\",\"focal_length\":\"0\",\"iso\":\"0\",\"shutter_speed\":\"0\",\"title\":\"\",\"orientation\":\"1\",\"keywords\":[\"normalni-kolosijek\",\"olimpik\",\"bosna-ekspres\",\"mostar\",\"sarajevo\",\"biffe\"]},\"meta\":false,\"postlink\":\"https:\/\/vremeplov.ba\/2025\/pruga-normalnog-kolosijeka\/mostar-1\/\"},{\"id\":21734,\"title\":\"Mostar-2\",\"url\":\"https:\/\/vremeplov.ba\/2025\/wp-content\/uploads\/2025\/04\/Mostar-2.jpg\",\"link\":\"https:\/\/vremeplov.ba\/2025\/pruga-normalnog-kolosijeka\/mostar-2\/\",\"alt\":\"\",\"description\":\"\",\"caption\":\"\",\"mime\":\"image\/jpeg\",\"type\":\"image\",\"width\":950,\"height\":688,\"sizes\":{\"full\":{\"url\":\"https:\/\/vremeplov.ba\/2025\/wp-content\/uploads\/2025\/04\/Mostar-2.jpg\",\"height\":688,\"width\":950,\"orientation\":\"landscape\"}},\"imageMeta\":{\"aperture\":\"0\",\"credit\":\"Sre\u0107ko Ignjatovi\u0107 Sarajevo BiH\",\"camera\":\"\",\"caption\":\"\",\"created_timestamp\":\"0\",\"copyright\":\"www.photogalerija.com\",\"focal_length\":\"0\",\"iso\":\"0\",\"shutter_speed\":\"0\",\"title\":\"\",\"orientation\":\"1\",\"keywords\":[\"normalni-kolosijek\",\"olimpik\",\"bosna-ekspres\",\"mostar\",\"sarajevo\",\"biffe\"]},\"meta\":false,\"postlink\":\"https:\/\/vremeplov.ba\/2025\/pruga-normalnog-kolosijeka\/mostar-2\/\"},{\"id\":21735,\"title\":\"Mostar-1971.\",\"url\":\"https:\/\/vremeplov.ba\/2025\/wp-content\/uploads\/2025\/04\/Mostar-1971.jpg\",\"link\":\"https:\/\/vremeplov.ba\/2025\/pruga-normalnog-kolosijeka\/mostar-1971\/\",\"alt\":\"\",\"description\":\"\",\"caption\":\"\",\"mime\":\"image\/jpeg\",\"type\":\"image\",\"width\":950,\"height\":679,\"sizes\":{\"full\":{\"url\":\"https:\/\/vremeplov.ba\/2025\/wp-content\/uploads\/2025\/04\/Mostar-1971.jpg\",\"height\":679,\"width\":950,\"orientation\":\"landscape\"}},\"imageMeta\":{\"aperture\":\"0\",\"credit\":\"Srecko\",\"camera\":\"\",\"caption\":\"\",\"created_timestamp\":\"0\",\"copyright\":\"www.vremeplov.ba\",\"focal_length\":\"0\",\"iso\":\"0\",\"shutter_speed\":\"0\",\"title\":\"\",\"orientation\":\"1\",\"keywords\":[\"\u017eeljeznica\",\"normalne pruge\",\"Bosna\",\"vremeplov\",\"istorija\",\"fotografije\",\"Mostar\",\"vozovi\"]},\"meta\":false,\"postlink\":\"https:\/\/vremeplov.ba\/2025\/pruga-normalnog-kolosijeka\/mostar-1971\/\"},{\"id\":21736,\"title\":\"Mostar-blagajna\",\"url\":\"https:\/\/vremeplov.ba\/2025\/wp-content\/uploads\/2025\/04\/Mostar-blagajna.jpg\",\"link\":\"https:\/\/vremeplov.ba\/2025\/pruga-normalnog-kolosijeka\/mostar-blagajna\/\",\"alt\":\"\",\"description\":\"\",\"caption\":\"\",\"mime\":\"image\/jpeg\",\"type\":\"image\",\"width\":950,\"height\":664,\"sizes\":{\"full\":{\"url\":\"https:\/\/vremeplov.ba\/2025\/wp-content\/uploads\/2025\/04\/Mostar-blagajna.jpg\",\"height\":664,\"width\":950,\"orientation\":\"landscape\"}},\"imageMeta\":{\"aperture\":\"0\",\"credit\":\"Srecko Ignjatovic, Sarajevo, BiH\",\"camera\":\"\",\"caption\":\"\",\"created_timestamp\":\"0\",\"copyright\":\"www.photogalerija.com\",\"focal_length\":\"0\",\"iso\":\"0\",\"shutter_speed\":\"0\",\"title\":\"\",\"orientation\":\"1\",\"keywords\":[\"normalni kolosijek\",\"Sarajevo, Tuzla\",\"Zenica\",\"Doboj\",\"\u017ditomisli\u0107i\"]},\"meta\":false,\"postlink\":\"https:\/\/vremeplov.ba\/2025\/pruga-normalnog-kolosijeka\/mostar-blagajna\/\"},{\"id\":21737,\"title\":\"Mostar-Teretna-e.\",\"url\":\"https:\/\/vremeplov.ba\/2025\/wp-content\/uploads\/2025\/04\/Mostar-Teretna-e.jpg\",\"link\":\"https:\/\/vremeplov.ba\/2025\/pruga-normalnog-kolosijeka\/mostar-teretna-e\/\",\"alt\":\"\",\"description\":\"\",\"caption\":\"\",\"mime\":\"image\/jpeg\",\"type\":\"image\",\"width\":950,\"height\":613,\"sizes\":{\"full\":{\"url\":\"https:\/\/vremeplov.ba\/2025\/wp-content\/uploads\/2025\/04\/Mostar-Teretna-e.jpg\",\"height\":613,\"width\":950,\"orientation\":\"landscape\"}},\"imageMeta\":{\"aperture\":\"0\",\"credit\":\"Srecko\",\"camera\":\"\",\"caption\":\"\",\"created_timestamp\":\"0\",\"copyright\":\"www.vremeplov.ba\",\"focal_length\":\"0\",\"iso\":\"0\",\"shutter_speed\":\"0\",\"title\":\"\",\"orientation\":\"1\",\"keywords\":[\"\u017eeljeznica\",\"normalne pruge\",\"Bosna\",\"vremeplov\",\"istorija\",\"fotografije\",\"Mostar\",\"vozovi\"]},\"meta\":false,\"postlink\":\"https:\/\/vremeplov.ba\/2025\/pruga-normalnog-kolosijeka\/mostar-teretna-e\/\"},{\"id\":21738,\"title\":\"Motor_salon_VIP\",\"url\":\"https:\/\/vremeplov.ba\/2025\/wp-content\/uploads\/2025\/04\/Motor_salon_VIP.jpg\",\"link\":\"https:\/\/vremeplov.ba\/2025\/pruga-normalnog-kolosijeka\/motor_salon_vip\/\",\"alt\":\"\",\"description\":\"\",\"caption\":\"\",\"mime\":\"image\/jpeg\",\"type\":\"image\",\"width\":950,\"height\":934,\"sizes\":{\"full\":{\"url\":\"https:\/\/vremeplov.ba\/2025\/wp-content\/uploads\/2025\/04\/Motor_salon_VIP.jpg\",\"height\":934,\"width\":950,\"orientation\":\"landscape\"}},\"imageMeta\":{\"aperture\":\"0\",\"credit\":\"Srecko Ignjatovic, Sarajevo, BiH\",\"camera\":\"\",\"caption\":\"\",\"created_timestamp\":\"1499867742\",\"copyright\":\"www.vremeplov.ba\",\"focal_length\":\"0\",\"iso\":\"0\",\"shutter_speed\":\"0\",\"title\":\"\",\"orientation\":\"1\",\"keywords\":[\"normalni kolosijek\",\"bosnia rail\",\"bosna\",\"vremeplov\",\"VIP Motorni Salon\",\"Dizel motorni salion\",\"\u017dTP Sarajevo,\"]},\"meta\":false,\"postlink\":\"https:\/\/vremeplov.ba\/2025\/pruga-normalnog-kolosijeka\/motor_salon_vip\/\"},{\"id\":21739,\"title\":\"Ganz-MAVAG 411\/415\",\"url\":\"https:\/\/vremeplov.ba\/2025\/wp-content\/uploads\/2025\/04\/N.-1-1.jpg\",\"link\":\"https:\/\/vremeplov.ba\/2025\/pruga-normalnog-kolosijeka\/ganz-mavag-411-415\/\",\"alt\":\"\",\"description\":\"\",\"caption\":\"Ganz-MAVAG 411\/415\",\"mime\":\"image\/jpeg\",\"type\":\"image\",\"width\":950,\"height\":896,\"sizes\":{\"full\":{\"url\":\"https:\/\/vremeplov.ba\/2025\/wp-content\/uploads\/2025\/04\/N.-1-1.jpg\",\"height\":896,\"width\":950,\"orientation\":\"landscape\"}},\"imageMeta\":{\"aperture\":\"0\",\"credit\":\"\",\"camera\":\"\",\"caption\":\"Ganz-MAVAG 411\/415\",\"created_timestamp\":\"0\",\"copyright\":\"www.photogalerija.com\",\"focal_length\":\"0\",\"iso\":\"0\",\"shutter_speed\":\"0\",\"title\":\"Ganz-MAVAG 411\/415\",\"orientation\":\"1\",\"keywords\":[\"olimpik,\"]},\"meta\":false,\"postlink\":\"https:\/\/vremeplov.ba\/2025\/pruga-normalnog-kolosijeka\/ganz-mavag-411-415\/\"},{\"id\":21740,\"title\":\"Ganz-MAVAG 411\/415\",\"url\":\"https:\/\/vremeplov.ba\/2025\/wp-content\/uploads\/2025\/04\/N.-1-2.jpg\",\"link\":\"https:\/\/vremeplov.ba\/2025\/pruga-normalnog-kolosijeka\/ganz-mavag-411-415-2\/\",\"alt\":\"\",\"description\":\"\",\"caption\":\"Ganz-MAVAG 411\/415\",\"mime\":\"image\/jpeg\",\"type\":\"image\",\"width\":950,\"height\":677,\"sizes\":{\"full\":{\"url\":\"https:\/\/vremeplov.ba\/2025\/wp-content\/uploads\/2025\/04\/N.-1-2.jpg\",\"height\":677,\"width\":950,\"orientation\":\"landscape\"}},\"imageMeta\":{\"aperture\":\"0\",\"credit\":\"\",\"camera\":\"\",\"caption\":\"Ganz-MAVAG 411\/415\",\"created_timestamp\":\"0\",\"copyright\":\"www.photogalerija.com\",\"focal_length\":\"0\",\"iso\":\"0\",\"shutter_speed\":\"0\",\"title\":\"Ganz-MAVAG 411\/415\",\"orientation\":\"1\",\"keywords\":[\"olimpik,\"]},\"meta\":false,\"postlink\":\"https:\/\/vremeplov.ba\/2025\/pruga-normalnog-kolosijeka\/ganz-mavag-411-415-2\/\"},{\"id\":21741,\"title\":\"Ganz-MAVAG 411\/415\",\"url\":\"https:\/\/vremeplov.ba\/2025\/wp-content\/uploads\/2025\/04\/N.-1-4.jpg\",\"link\":\"https:\/\/vremeplov.ba\/2025\/pruga-normalnog-kolosijeka\/ganz-mavag-411-415-3\/\",\"alt\":\"\",\"description\":\"\",\"caption\":\"Ganz-MAVAG 411\/415\",\"mime\":\"image\/jpeg\",\"type\":\"image\",\"width\":950,\"height\":658,\"sizes\":{\"full\":{\"url\":\"https:\/\/vremeplov.ba\/2025\/wp-content\/uploads\/2025\/04\/N.-1-4.jpg\",\"height\":658,\"width\":950,\"orientation\":\"landscape\"}},\"imageMeta\":{\"aperture\":\"0\",\"credit\":\"\",\"camera\":\"\",\"caption\":\"Ganz-MAVAG 411\/415\",\"created_timestamp\":\"0\",\"copyright\":\"www.photogalerija.com\",\"focal_length\":\"0\",\"iso\":\"0\",\"shutter_speed\":\"0\",\"title\":\"Ganz-MAVAG 411\/415\",\"orientation\":\"1\",\"keywords\":[\"olimpik,\"]},\"meta\":false,\"postlink\":\"https:\/\/vremeplov.ba\/2025\/pruga-normalnog-kolosijeka\/ganz-mavag-411-415-3\/\"},{\"id\":21742,\"title\":\"N.-1-5.1.\",\"url\":\"https:\/\/vremeplov.ba\/2025\/wp-content\/uploads\/2025\/04\/N.-1-5.1.jpg\",\"link\":\"https:\/\/vremeplov.ba\/2025\/pruga-normalnog-kolosijeka\/n-1-5-1\/\",\"alt\":\"\",\"description\":\"\",\"caption\":\"\",\"mime\":\"image\/jpeg\",\"type\":\"image\",\"width\":950,\"height\":615,\"sizes\":{\"full\":{\"url\":\"https:\/\/vremeplov.ba\/2025\/wp-content\/uploads\/2025\/04\/N.-1-5.1.jpg\",\"height\":615,\"width\":950,\"orientation\":\"landscape\"}},\"imageMeta\":{\"aperture\":\"0\",\"credit\":\"Sre\u0107ko Ignjatovi\u0107 Sarajevo BiH\",\"camera\":\"\",\"caption\":\"\",\"created_timestamp\":\"0\",\"copyright\":\"www.photogalerija.com\",\"focal_length\":\"0\",\"iso\":\"0\",\"shutter_speed\":\"0\",\"title\":\"\",\"orientation\":\"1\",\"keywords\":[]},\"meta\":false,\"postlink\":\"https:\/\/vremeplov.ba\/2025\/pruga-normalnog-kolosijeka\/n-1-5-1\/\"},{\"id\":21743,\"title\":\"Ganz-MAVAG 411\/415\",\"url\":\"https:\/\/vremeplov.ba\/2025\/wp-content\/uploads\/2025\/04\/N.-1-5.jpg\",\"link\":\"https:\/\/vremeplov.ba\/2025\/pruga-normalnog-kolosijeka\/ganz-mavag-411-415-4\/\",\"alt\":\"\",\"description\":\"\",\"caption\":\"Ganz-MAVAG 411\/415\",\"mime\":\"image\/jpeg\",\"type\":\"image\",\"width\":950,\"height\":599,\"sizes\":{\"full\":{\"url\":\"https:\/\/vremeplov.ba\/2025\/wp-content\/uploads\/2025\/04\/N.-1-5.jpg\",\"height\":599,\"width\":950,\"orientation\":\"landscape\"}},\"imageMeta\":{\"aperture\":\"0\",\"credit\":\"\",\"camera\":\"\",\"caption\":\"Ganz-MAVAG 411\/415\",\"created_timestamp\":\"0\",\"copyright\":\"www.photogalerija.com\",\"focal_length\":\"0\",\"iso\":\"0\",\"shutter_speed\":\"0\",\"title\":\"Ganz-MAVAG 411\/415\",\"orientation\":\"1\",\"keywords\":[\"olimpik,\"]},\"meta\":false,\"postlink\":\"https:\/\/vremeplov.ba\/2025\/pruga-normalnog-kolosijeka\/ganz-mavag-411-415-4\/\"},{\"id\":21744,\"title\":\"N.-1-6.1\",\"url\":\"https:\/\/vremeplov.ba\/2025\/wp-content\/uploads\/2025\/04\/N.-1-6.1.jpg\",\"link\":\"https:\/\/vremeplov.ba\/2025\/pruga-normalnog-kolosijeka\/n-1-6-1\/\",\"alt\":\"\",\"description\":\"\",\"caption\":\"\",\"mime\":\"image\/jpeg\",\"type\":\"image\",\"width\":950,\"height\":614,\"sizes\":{\"full\":{\"url\":\"https:\/\/vremeplov.ba\/2025\/wp-content\/uploads\/2025\/04\/N.-1-6.1.jpg\",\"height\":614,\"width\":950,\"orientation\":\"landscape\"}},\"imageMeta\":{\"aperture\":\"0\",\"credit\":\"Sre\u0107ko Ignjatovi\u0107, Sarajevo, BiH\",\"camera\":\"\",\"caption\":\"\",\"created_timestamp\":\"0\",\"copyright\":\"www.photogalerija.com\",\"focal_length\":\"0\",\"iso\":\"0\",\"shutter_speed\":\"0\",\"title\":\"\",\"orientation\":\"1\",\"keywords\":[\"Normalni kolosijek\"]},\"meta\":false,\"postlink\":\"https:\/\/vremeplov.ba\/2025\/pruga-normalnog-kolosijeka\/n-1-6-1\/\"},{\"id\":21745,\"title\":\"N.-1-6.2\",\"url\":\"https:\/\/vremeplov.ba\/2025\/wp-content\/uploads\/2025\/04\/N.-1-6.2.jpg\",\"link\":\"https:\/\/vremeplov.ba\/2025\/pruga-normalnog-kolosijeka\/n-1-6-2\/\",\"alt\":\"\",\"description\":\"\",\"caption\":\"\",\"mime\":\"image\/jpeg\",\"type\":\"image\",\"width\":950,\"height\":663,\"sizes\":{\"full\":{\"url\":\"https:\/\/vremeplov.ba\/2025\/wp-content\/uploads\/2025\/04\/N.-1-6.2.jpg\",\"height\":663,\"width\":950,\"orientation\":\"landscape\"}},\"imageMeta\":{\"aperture\":\"0\",\"credit\":\"Sre\u0107ko Ignjatovi\u0107, Sarajevo, BiH\",\"camera\":\"\",\"caption\":\"\",\"created_timestamp\":\"0\",\"copyright\":\"www.photogalerija.com\",\"focal_length\":\"0\",\"iso\":\"0\",\"shutter_speed\":\"0\",\"title\":\"\",\"orientation\":\"1\",\"keywords\":[\"Normalni kolosijek\"]},\"meta\":false,\"postlink\":\"https:\/\/vremeplov.ba\/2025\/pruga-normalnog-kolosijeka\/n-1-6-2\/\"},{\"id\":21746,\"title\":\"Ganz-MAVAG 411\/415\",\"url\":\"https:\/\/vremeplov.ba\/2025\/wp-content\/uploads\/2025\/04\/N.-1-6.jpg\",\"link\":\"https:\/\/vremeplov.ba\/2025\/pruga-normalnog-kolosijeka\/ganz-mavag-411-415-5\/\",\"alt\":\"\",\"description\":\"\",\"caption\":\"Ganz-MAVAG 411\/415\",\"mime\":\"image\/jpeg\",\"type\":\"image\",\"width\":950,\"height\":596,\"sizes\":{\"full\":{\"url\":\"https:\/\/vremeplov.ba\/2025\/wp-content\/uploads\/2025\/04\/N.-1-6.jpg\",\"height\":596,\"width\":950,\"orientation\":\"landscape\"}},\"imageMeta\":{\"aperture\":\"0\",\"credit\":\"\",\"camera\":\"\",\"caption\":\"Ganz-MAVAG 411\/415\",\"created_timestamp\":\"0\",\"copyright\":\"www.photogalerija.com\",\"focal_length\":\"0\",\"iso\":\"0\",\"shutter_speed\":\"0\",\"title\":\"Ganz-MAVAG 411\/415\",\"orientation\":\"1\",\"keywords\":[\"olimpik,\"]},\"meta\":false,\"postlink\":\"https:\/\/vremeplov.ba\/2025\/pruga-normalnog-kolosijeka\/ganz-mavag-411-415-5\/\"},{\"id\":21747,\"title\":\"\u0160inobus 812\",\"url\":\"https:\/\/vremeplov.ba\/2025\/wp-content\/uploads\/2025\/04\/N.-1-7.jpg\",\"link\":\"https:\/\/vremeplov.ba\/2025\/pruga-normalnog-kolosijeka\/sinobus-812\/\",\"alt\":\"\",\"description\":\"\",\"caption\":\"\u0160inobus 812\",\"mime\":\"image\/jpeg\",\"type\":\"image\",\"width\":950,\"height\":642,\"sizes\":{\"full\":{\"url\":\"https:\/\/vremeplov.ba\/2025\/wp-content\/uploads\/2025\/04\/N.-1-7.jpg\",\"height\":642,\"width\":950,\"orientation\":\"landscape\"}},\"imageMeta\":{\"aperture\":\"0\",\"credit\":\"\",\"camera\":\"\",\"caption\":\"\u0160inobus 812\",\"created_timestamp\":\"0\",\"copyright\":\"www.photogalerija.com\",\"focal_length\":\"0\",\"iso\":\"0\",\"shutter_speed\":\"0\",\"title\":\"\u0160inobus 812\",\"orientation\":\"1\",\"keywords\":[\"D 812\"]},\"meta\":false,\"postlink\":\"https:\/\/vremeplov.ba\/2025\/pruga-normalnog-kolosijeka\/sinobus-812\/\"},{\"id\":21748,\"title\":\"\u0160inobus 812. I peron stanice Sarajevo\",\"url\":\"https:\/\/vremeplov.ba\/2025\/wp-content\/uploads\/2025\/04\/N.-1-8.jpg\",\"link\":\"https:\/\/vremeplov.ba\/2025\/pruga-normalnog-kolosijeka\/sinobus-812-i-peron-stanice-sarajevo\/\",\"alt\":\"\",\"description\":\"\",\"caption\":\"\u0160inobus 812. I peron stanice Sarajevo\",\"mime\":\"image\/jpeg\",\"type\":\"image\",\"width\":950,\"height\":678,\"sizes\":{\"full\":{\"url\":\"https:\/\/vremeplov.ba\/2025\/wp-content\/uploads\/2025\/04\/N.-1-8.jpg\",\"height\":678,\"width\":950,\"orientation\":\"landscape\"}},\"imageMeta\":{\"aperture\":\"0\",\"credit\":\"\",\"camera\":\"\",\"caption\":\"\u0160inobus 812. I peron stanice Sarajevo\",\"created_timestamp\":\"0\",\"copyright\":\"www.photogalerija.com\",\"focal_length\":\"0\",\"iso\":\"0\",\"shutter_speed\":\"0\",\"title\":\"\u0160inobus 812. I peron stanice Sarajevo\",\"orientation\":\"1\",\"keywords\":[\"\u0161inobus,\"]},\"meta\":false,\"postlink\":\"https:\/\/vremeplov.ba\/2025\/pruga-normalnog-kolosijeka\/sinobus-812-i-peron-stanice-sarajevo\/\"},{\"id\":21749,\"title\":\"N.-1-9\",\"url\":\"https:\/\/vremeplov.ba\/2025\/wp-content\/uploads\/2025\/04\/N.-1-9.jpg\",\"link\":\"https:\/\/vremeplov.ba\/2025\/pruga-normalnog-kolosijeka\/n-1-9\/\",\"alt\":\"\",\"description\":\"\",\"caption\":\"\",\"mime\":\"image\/jpeg\",\"type\":\"image\",\"width\":950,\"height\":621,\"sizes\":{\"full\":{\"url\":\"https:\/\/vremeplov.ba\/2025\/wp-content\/uploads\/2025\/04\/N.-1-9.jpg\",\"height\":621,\"width\":950,\"orientation\":\"landscape\"}},\"imageMeta\":{\"aperture\":\"0\",\"credit\":\"\",\"camera\":\"\",\"caption\":\"\",\"created_timestamp\":\"0\",\"copyright\":\"www.photogalerija.com\",\"focal_length\":\"0\",\"iso\":\"0\",\"shutter_speed\":\"0\",\"title\":\"\",\"orientation\":\"1\",\"keywords\":[\"sarajevo,railway station\"]},\"meta\":false,\"postlink\":\"https:\/\/vremeplov.ba\/2025\/pruga-normalnog-kolosijeka\/n-1-9\/\"},{\"id\":21750,\"title\":\"N.-1-10\",\"url\":\"https:\/\/vremeplov.ba\/2025\/wp-content\/uploads\/2025\/04\/N.-1-10.jpg\",\"link\":\"https:\/\/vremeplov.ba\/2025\/pruga-normalnog-kolosijeka\/n-1-10\/\",\"alt\":\"\",\"description\":\"\",\"caption\":\"\",\"mime\":\"image\/jpeg\",\"type\":\"image\",\"width\":950,\"height\":622,\"sizes\":{\"full\":{\"url\":\"https:\/\/vremeplov.ba\/2025\/wp-content\/uploads\/2025\/04\/N.-1-10.jpg\",\"height\":622,\"width\":950,\"orientation\":\"landscape\"}},\"imageMeta\":{\"aperture\":\"0\",\"credit\":\"\",\"camera\":\"\",\"caption\":\"\",\"created_timestamp\":\"0\",\"copyright\":\"www.photogalerija.com\",\"focal_length\":\"0\",\"iso\":\"0\",\"shutter_speed\":\"0\",\"title\":\"\",\"orientation\":\"1\",\"keywords\":[\"dzemal, bijedic\"]},\"meta\":false,\"postlink\":\"https:\/\/vremeplov.ba\/2025\/pruga-normalnog-kolosijeka\/n-1-10\/\"},{\"id\":21751,\"title\":\"N.-1-11\",\"url\":\"https:\/\/vremeplov.ba\/2025\/wp-content\/uploads\/2025\/04\/N.-1-11.jpg\",\"link\":\"https:\/\/vremeplov.ba\/2025\/pruga-normalnog-kolosijeka\/n-1-11\/\",\"alt\":\"\",\"description\":\"\",\"caption\":\"\",\"mime\":\"image\/jpeg\",\"type\":\"image\",\"width\":950,\"height\":639,\"sizes\":{\"full\":{\"url\":\"https:\/\/vremeplov.ba\/2025\/wp-content\/uploads\/2025\/04\/N.-1-11.jpg\",\"height\":639,\"width\":950,\"orientation\":\"landscape\"}},\"imageMeta\":{\"aperture\":\"0\",\"credit\":\"\",\"camera\":\"\",\"caption\":\"\",\"created_timestamp\":\"0\",\"copyright\":\"www.photogalerija.com\",\"focal_length\":\"0\",\"iso\":\"0\",\"shutter_speed\":\"0\",\"title\":\"\",\"orientation\":\"1\",\"keywords\":[]},\"meta\":false,\"postlink\":\"https:\/\/vremeplov.ba\/2025\/pruga-normalnog-kolosijeka\/n-1-11\/\"},{\"id\":21752,\"title\":\"N.-1-12\",\"url\":\"https:\/\/vremeplov.ba\/2025\/wp-content\/uploads\/2025\/04\/N.-1-12.jpg\",\"link\":\"https:\/\/vremeplov.ba\/2025\/pruga-normalnog-kolosijeka\/n-1-12\/\",\"alt\":\"\",\"description\":\"\",\"caption\":\"\",\"mime\":\"image\/jpeg\",\"type\":\"image\",\"width\":659,\"height\":950,\"sizes\":{\"full\":{\"url\":\"https:\/\/vremeplov.ba\/2025\/wp-content\/uploads\/2025\/04\/N.-1-12.jpg\",\"height\":950,\"width\":659,\"orientation\":\"portrait\"}},\"imageMeta\":{\"aperture\":\"0\",\"credit\":\"\",\"camera\":\"\",\"caption\":\"\",\"created_timestamp\":\"0\",\"copyright\":\"www.photogalerija.com\",\"focal_length\":\"0\",\"iso\":\"0\",\"shutter_speed\":\"0\",\"title\":\"\",\"orientation\":\"1\",\"keywords\":[]},\"meta\":false,\"postlink\":\"https:\/\/vremeplov.ba\/2025\/pruga-normalnog-kolosijeka\/n-1-12\/\"},{\"id\":21753,\"title\":\"Poslovni voz \\u0022Bijelac\\u0022\",\"url\":\"https:\/\/vremeplov.ba\/2025\/wp-content\/uploads\/2025\/04\/N.-1-13.jpg\",\"link\":\"https:\/\/vremeplov.ba\/2025\/pruga-normalnog-kolosijeka\/poslovni-voz-bijelac\/\",\"alt\":\"\",\"description\":\"\",\"caption\":\"Poslovni voz \\u0022Bijelac\\u0022\",\"mime\":\"image\/jpeg\",\"type\":\"image\",\"width\":950,\"height\":680,\"sizes\":{\"full\":{\"url\":\"https:\/\/vremeplov.ba\/2025\/wp-content\/uploads\/2025\/04\/N.-1-13.jpg\",\"height\":680,\"width\":950,\"orientation\":\"landscape\"}},\"imageMeta\":{\"aperture\":\"0\",\"credit\":\"\",\"camera\":\"\",\"caption\":\"Poslovni voz \\u0022Bijelac\\u0022\",\"created_timestamp\":\"0\",\"copyright\":\"www.photogalerija.com\",\"focal_length\":\"0\",\"iso\":\"0\",\"shutter_speed\":\"0\",\"title\":\"Poslovni voz \\u0022Bijelac\\u0022\",\"orientation\":\"1\",\"keywords\":[\"poslovnivoz\"]},\"meta\":false,\"postlink\":\"https:\/\/vremeplov.ba\/2025\/pruga-normalnog-kolosijeka\/poslovni-voz-bijelac\/\"},{\"id\":21754,\"title\":\"Poslovni voz \\u0022Bijelac\\u0022\",\"url\":\"https:\/\/vremeplov.ba\/2025\/wp-content\/uploads\/2025\/04\/N.-1-14.jpg\",\"link\":\"https:\/\/vremeplov.ba\/2025\/pruga-normalnog-kolosijeka\/poslovni-voz-bijelac-2\/\",\"alt\":\"\",\"description\":\"\",\"caption\":\"Poslovni voz \\u0022Bijelac\\u0022\",\"mime\":\"image\/jpeg\",\"type\":\"image\",\"width\":950,\"height\":678,\"sizes\":{\"full\":{\"url\":\"https:\/\/vremeplov.ba\/2025\/wp-content\/uploads\/2025\/04\/N.-1-14.jpg\",\"height\":678,\"width\":950,\"orientation\":\"landscape\"}},\"imageMeta\":{\"aperture\":\"0\",\"credit\":\"\",\"camera\":\"\",\"caption\":\"Poslovni voz \\u0022Bijelac\\u0022\",\"created_timestamp\":\"0\",\"copyright\":\"www.photogalerija.com\",\"focal_length\":\"0\",\"iso\":\"0\",\"shutter_speed\":\"0\",\"title\":\"Poslovni voz \\u0022Bijelac\\u0022\",\"orientation\":\"1\",\"keywords\":[]},\"meta\":false,\"postlink\":\"https:\/\/vremeplov.ba\/2025\/pruga-normalnog-kolosijeka\/poslovni-voz-bijelac-2\/\"},{\"id\":21755,\"title\":\"Nova \u017eeljezni\u010dka stanica Sarajevo, 1952.g.\",\"url\":\"https:\/\/vremeplov.ba\/2025\/wp-content\/uploads\/2025\/04\/N.-1-15.jpg\",\"link\":\"https:\/\/vremeplov.ba\/2025\/pruga-normalnog-kolosijeka\/nova-zeljeznicka-stanica-sarajevo-1952-g\/\",\"alt\":\"\",\"description\":\"\",\"caption\":\"Nova \u017eeljezni\u010dka stanica Sarajevo, 1952.g.\",\"mime\":\"image\/jpeg\",\"type\":\"image\",\"width\":950,\"height\":642,\"sizes\":{\"full\":{\"url\":\"https:\/\/vremeplov.ba\/2025\/wp-content\/uploads\/2025\/04\/N.-1-15.jpg\",\"height\":642,\"width\":950,\"orientation\":\"landscape\"}},\"imageMeta\":{\"aperture\":\"0\",\"credit\":\"Srecko\",\"camera\":\"\",\"caption\":\"Nova \u017eeljezni\u010dka stanica Sarajevo, 1952.g.\",\"created_timestamp\":\"1392645777\",\"copyright\":\"www.photogalerija.com\",\"focal_length\":\"0\",\"iso\":\"0\",\"shutter_speed\":\"0\",\"title\":\"Nova \u017eeljezni\u010dka stanica Sarajevo, 1952.g.\",\"orientation\":\"1\",\"keywords\":[]},\"meta\":false,\"postlink\":\"https:\/\/vremeplov.ba\/2025\/pruga-normalnog-kolosijeka\/nova-zeljeznicka-stanica-sarajevo-1952-g\/\"},{\"id\":21756,\"title\":\"N.-1-16.1\",\"url\":\"https:\/\/vremeplov.ba\/2025\/wp-content\/uploads\/2025\/04\/N.-1-16.1.jpg\",\"link\":\"https:\/\/vremeplov.ba\/2025\/pruga-normalnog-kolosijeka\/n-1-16-1\/\",\"alt\":\"\",\"description\":\"\",\"caption\":\"\",\"mime\":\"image\/jpeg\",\"type\":\"image\",\"width\":950,\"height\":637,\"sizes\":{\"full\":{\"url\":\"https:\/\/vremeplov.ba\/2025\/wp-content\/uploads\/2025\/04\/N.-1-16.1.jpg\",\"height\":637,\"width\":950,\"orientation\":\"landscape\"}},\"imageMeta\":{\"aperture\":\"0\",\"credit\":\"Sre\u0107ko Ignjatovi\u0107, Sarajevo, BiH\",\"camera\":\"\",\"caption\":\"\",\"created_timestamp\":\"0\",\"copyright\":\"www.photogalerija.com\",\"focal_length\":\"0\",\"iso\":\"0\",\"shutter_speed\":\"0\",\"title\":\"\",\"orientation\":\"1\",\"keywords\":[\"Normalni kolosijek\"]},\"meta\":false,\"postlink\":\"https:\/\/vremeplov.ba\/2025\/pruga-normalnog-kolosijeka\/n-1-16-1\/\"},{\"id\":21757,\"title\":\"Nova \u017eeljezni\u010dka stanica Sarajevo, 1953.g.\",\"url\":\"https:\/\/vremeplov.ba\/2025\/wp-content\/uploads\/2025\/04\/N.-1-16.jpg\",\"link\":\"https:\/\/vremeplov.ba\/2025\/pruga-normalnog-kolosijeka\/nova-zeljeznicka-stanica-sarajevo-1953-g\/\",\"alt\":\"\",\"description\":\"\",\"caption\":\"Nova \u017eeljezni\u010dka stanica Sarajevo, 1953.g.\",\"mime\":\"image\/jpeg\",\"type\":\"image\",\"width\":950,\"height\":657,\"sizes\":{\"full\":{\"url\":\"https:\/\/vremeplov.ba\/2025\/wp-content\/uploads\/2025\/04\/N.-1-16.jpg\",\"height\":657,\"width\":950,\"orientation\":\"landscape\"}},\"imageMeta\":{\"aperture\":\"0\",\"credit\":\"Srecko\",\"camera\":\"\",\"caption\":\"Nova \u017eeljezni\u010dka stanica Sarajevo, 1953.g.\",\"created_timestamp\":\"1392645777\",\"copyright\":\"www.photogalerija.com\",\"focal_length\":\"0\",\"iso\":\"0\",\"shutter_speed\":\"0\",\"title\":\"Nova \u017eeljezni\u010dka stanica Sarajevo, 1953.g.\",\"orientation\":\"1\",\"keywords\":[]},\"meta\":false,\"postlink\":\"https:\/\/vremeplov.ba\/2025\/pruga-normalnog-kolosijeka\/nova-zeljeznicka-stanica-sarajevo-1953-g\/\"},{\"id\":21758,\"title\":\"Nova \u017eeljezni\u010dka stanica Sarajevo_1961.g.\",\"url\":\"https:\/\/vremeplov.ba\/2025\/wp-content\/uploads\/2025\/04\/N.-1-17.jpg\",\"link\":\"https:\/\/vremeplov.ba\/2025\/pruga-normalnog-kolosijeka\/nova-zeljeznicka-stanica-sarajevo_1961-g\/\",\"alt\":\"\",\"description\":\"\",\"caption\":\"Nova \u017eeljezni\u010dka stanica Sarajevo_1961.g.\",\"mime\":\"image\/jpeg\",\"type\":\"image\",\"width\":950,\"height\":689,\"sizes\":{\"full\":{\"url\":\"https:\/\/vremeplov.ba\/2025\/wp-content\/uploads\/2025\/04\/N.-1-17.jpg\",\"height\":689,\"width\":950,\"orientation\":\"landscape\"}},\"imageMeta\":{\"aperture\":\"0\",\"credit\":\"Srecko\",\"camera\":\"\",\"caption\":\"Nova \u017eeljezni\u010dka stanica Sarajevo_1961.g.\",\"created_timestamp\":\"1392645777\",\"copyright\":\"www.photogalerija.com\",\"focal_length\":\"0\",\"iso\":\"0\",\"shutter_speed\":\"0\",\"title\":\"Nova \u017eeljezni\u010dka stanica Sarajevo_1961.g.\",\"orientation\":\"1\",\"keywords\":[]},\"meta\":false,\"postlink\":\"https:\/\/vremeplov.ba\/2025\/pruga-normalnog-kolosijeka\/nova-zeljeznicka-stanica-sarajevo_1961-g\/\"},{\"id\":21759,\"title\":\"N.-1-18.1\",\"url\":\"https:\/\/vremeplov.ba\/2025\/wp-content\/uploads\/2025\/04\/N.-1-18.1.jpg\",\"link\":\"https:\/\/vremeplov.ba\/2025\/pruga-normalnog-kolosijeka\/n-1-18-1\/\",\"alt\":\"\",\"description\":\"\",\"caption\":\"\",\"mime\":\"image\/jpeg\",\"type\":\"image\",\"width\":950,\"height\":660,\"sizes\":{\"full\":{\"url\":\"https:\/\/vremeplov.ba\/2025\/wp-content\/uploads\/2025\/04\/N.-1-18.1.jpg\",\"height\":660,\"width\":950,\"orientation\":\"landscape\"}},\"imageMeta\":{\"aperture\":\"0\",\"credit\":\"Sre\u0107ko Ignjatovi\u0107 Sarajevo BiH\",\"camera\":\"\",\"caption\":\"\",\"created_timestamp\":\"1423936991\",\"copyright\":\"www.photogalerija.com\",\"focal_length\":\"0\",\"iso\":\"0\",\"shutter_speed\":\"0\",\"title\":\"\",\"orientation\":\"1\",\"keywords\":[]},\"meta\":false,\"postlink\":\"https:\/\/vremeplov.ba\/2025\/pruga-normalnog-kolosijeka\/n-1-18-1\/\"},{\"id\":21760,\"title\":\"N.-1-18.2\",\"url\":\"https:\/\/vremeplov.ba\/2025\/wp-content\/uploads\/2025\/04\/N.-1-18.2.jpg\",\"link\":\"https:\/\/vremeplov.ba\/2025\/pruga-normalnog-kolosijeka\/n-1-18-2\/\",\"alt\":\"\",\"description\":\"\",\"caption\":\"\",\"mime\":\"image\/jpeg\",\"type\":\"image\",\"width\":950,\"height\":609,\"sizes\":{\"full\":{\"url\":\"https:\/\/vremeplov.ba\/2025\/wp-content\/uploads\/2025\/04\/N.-1-18.2.jpg\",\"height\":609,\"width\":950,\"orientation\":\"landscape\"}},\"imageMeta\":{\"aperture\":\"0\",\"credit\":\"Sre\u0107ko Ignjatovi\u0107 Sarajevo BiH\",\"camera\":\"\",\"caption\":\"\",\"created_timestamp\":\"1423936991\",\"copyright\":\"www.photogalerija.com\",\"focal_length\":\"0\",\"iso\":\"0\",\"shutter_speed\":\"0\",\"title\":\"\",\"orientation\":\"1\",\"keywords\":[]},\"meta\":false,\"postlink\":\"https:\/\/vremeplov.ba\/2025\/pruga-normalnog-kolosijeka\/n-1-18-2\/\"},{\"id\":21761,\"title\":\"N.-1-18.3.1\",\"url\":\"https:\/\/vremeplov.ba\/2025\/wp-content\/uploads\/2025\/04\/N.-1-18.3.1.jpg\",\"link\":\"https:\/\/vremeplov.ba\/2025\/pruga-normalnog-kolosijeka\/n-1-18-3-1\/\",\"alt\":\"\",\"description\":\"\",\"caption\":\"\",\"mime\":\"image\/jpeg\",\"type\":\"image\",\"width\":950,\"height\":669,\"sizes\":{\"full\":{\"url\":\"https:\/\/vremeplov.ba\/2025\/wp-content\/uploads\/2025\/04\/N.-1-18.3.1.jpg\",\"height\":669,\"width\":950,\"orientation\":\"landscape\"}},\"imageMeta\":{\"aperture\":\"0\",\"credit\":\"Sre\u0107ko Ignjatovi\u0107, Sarajevo, BiH\",\"camera\":\"\",\"caption\":\"\",\"created_timestamp\":\"0\",\"copyright\":\"www.photogalerija.com\",\"focal_length\":\"0\",\"iso\":\"0\",\"shutter_speed\":\"0\",\"title\":\"\",\"orientation\":\"1\",\"keywords\":[\"Normalni kolosijek\"]},\"meta\":false,\"postlink\":\"https:\/\/vremeplov.ba\/2025\/pruga-normalnog-kolosijeka\/n-1-18-3-1\/\"},{\"id\":21762,\"title\":\"N.-1-18.3\",\"url\":\"https:\/\/vremeplov.ba\/2025\/wp-content\/uploads\/2025\/04\/N.-1-18.3.jpg\",\"link\":\"https:\/\/vremeplov.ba\/2025\/pruga-normalnog-kolosijeka\/n-1-18-3\/\",\"alt\":\"\",\"description\":\"\",\"caption\":\"\",\"mime\":\"image\/jpeg\",\"type\":\"image\",\"width\":950,\"height\":643,\"sizes\":{\"full\":{\"url\":\"https:\/\/vremeplov.ba\/2025\/wp-content\/uploads\/2025\/04\/N.-1-18.3.jpg\",\"height\":643,\"width\":950,\"orientation\":\"landscape\"}},\"imageMeta\":{\"aperture\":\"0\",\"credit\":\"Sre\u0107ko Ignjatovi\u0107 Sarajevo BiH\",\"camera\":\"\",\"caption\":\"\",\"created_timestamp\":\"1423936991\",\"copyright\":\"www.photogalerija.com\",\"focal_length\":\"0\",\"iso\":\"0\",\"shutter_speed\":\"0\",\"title\":\"\",\"orientation\":\"1\",\"keywords\":[]},\"meta\":false,\"postlink\":\"https:\/\/vremeplov.ba\/2025\/pruga-normalnog-kolosijeka\/n-1-18-3\/\"},{\"id\":21763,\"title\":\"N.-1-18.4\",\"url\":\"https:\/\/vremeplov.ba\/2025\/wp-content\/uploads\/2025\/04\/N.-1-18.4.jpg\",\"link\":\"https:\/\/vremeplov.ba\/2025\/pruga-normalnog-kolosijeka\/n-1-18-4\/\",\"alt\":\"\",\"description\":\"\",\"caption\":\"\",\"mime\":\"image\/jpeg\",\"type\":\"image\",\"width\":950,\"height\":909,\"sizes\":{\"full\":{\"url\":\"https:\/\/vremeplov.ba\/2025\/wp-content\/uploads\/2025\/04\/N.-1-18.4.jpg\",\"height\":909,\"width\":950,\"orientation\":\"landscape\"}},\"imageMeta\":{\"aperture\":\"0\",\"credit\":\"Sre\u0107ko Ignjatovi\u0107 Sarajevo BiH\",\"camera\":\"\",\"caption\":\"\",\"created_timestamp\":\"1423936991\",\"copyright\":\"www.photogalerija.com\",\"focal_length\":\"0\",\"iso\":\"0\",\"shutter_speed\":\"0\",\"title\":\"\",\"orientation\":\"1\",\"keywords\":[]},\"meta\":false,\"postlink\":\"https:\/\/vremeplov.ba\/2025\/pruga-normalnog-kolosijeka\/n-1-18-4\/\"},{\"id\":21764,\"title\":\"N.-1-18.5.1\",\"url\":\"https:\/\/vremeplov.ba\/2025\/wp-content\/uploads\/2025\/04\/N.-1-18.5.1.jpg\",\"link\":\"https:\/\/vremeplov.ba\/2025\/pruga-normalnog-kolosijeka\/n-1-18-5-1\/\",\"alt\":\"\",\"description\":\"\",\"caption\":\"\",\"mime\":\"image\/jpeg\",\"type\":\"image\",\"width\":950,\"height\":610,\"sizes\":{\"full\":{\"url\":\"https:\/\/vremeplov.ba\/2025\/wp-content\/uploads\/2025\/04\/N.-1-18.5.1.jpg\",\"height\":610,\"width\":950,\"orientation\":\"landscape\"}},\"imageMeta\":{\"aperture\":\"0\",\"credit\":\"Sre\u0107ko Ignjatovi\u0107, Sarajevo, BiH\",\"camera\":\"\",\"caption\":\"\",\"created_timestamp\":\"0\",\"copyright\":\"www.photogalerija.com\",\"focal_length\":\"0\",\"iso\":\"0\",\"shutter_speed\":\"0\",\"title\":\"\",\"orientation\":\"1\",\"keywords\":[\"Normalni kolosijek\"]},\"meta\":false,\"postlink\":\"https:\/\/vremeplov.ba\/2025\/pruga-normalnog-kolosijeka\/n-1-18-5-1\/\"},{\"id\":21765,\"title\":\"N.-1-18.5.2\",\"url\":\"https:\/\/vremeplov.ba\/2025\/wp-content\/uploads\/2025\/04\/N.-1-18.5.2.jpg\",\"link\":\"https:\/\/vremeplov.ba\/2025\/pruga-normalnog-kolosijeka\/n-1-18-5-2\/\",\"alt\":\"\",\"description\":\"\",\"caption\":\"\",\"mime\":\"image\/jpeg\",\"type\":\"image\",\"width\":950,\"height\":619,\"sizes\":{\"full\":{\"url\":\"https:\/\/vremeplov.ba\/2025\/wp-content\/uploads\/2025\/04\/N.-1-18.5.2.jpg\",\"height\":619,\"width\":950,\"orientation\":\"landscape\"}},\"imageMeta\":{\"aperture\":\"0\",\"credit\":\"Sre\u0107ko Ignjatovi\u0107, Sarajevo, BiH\",\"camera\":\"\",\"caption\":\"\",\"created_timestamp\":\"0\",\"copyright\":\"www.photogalerija.com\",\"focal_length\":\"0\",\"iso\":\"0\",\"shutter_speed\":\"0\",\"title\":\"\",\"orientation\":\"1\",\"keywords\":[\"Normalni kolosijek\"]},\"meta\":false,\"postlink\":\"https:\/\/vremeplov.ba\/2025\/pruga-normalnog-kolosijeka\/n-1-18-5-2\/\"},{\"id\":21766,\"title\":\"N.-1-18.5.3\",\"url\":\"https:\/\/vremeplov.ba\/2025\/wp-content\/uploads\/2025\/04\/N.-1-18.5.3.jpg\",\"link\":\"https:\/\/vremeplov.ba\/2025\/pruga-normalnog-kolosijeka\/n-1-18-5-3\/\",\"alt\":\"\",\"description\":\"\",\"caption\":\"\",\"mime\":\"image\/jpeg\",\"type\":\"image\",\"width\":950,\"height\":650,\"sizes\":{\"full\":{\"url\":\"https:\/\/vremeplov.ba\/2025\/wp-content\/uploads\/2025\/04\/N.-1-18.5.3.jpg\",\"height\":650,\"width\":950,\"orientation\":\"landscape\"}},\"imageMeta\":{\"aperture\":\"0\",\"credit\":\"Sre\u0107ko Ignjatovi\u0107, Sarajevo, BiH\",\"camera\":\"\",\"caption\":\"\",\"created_timestamp\":\"0\",\"copyright\":\"www.photogalerija.com\",\"focal_length\":\"0\",\"iso\":\"0\",\"shutter_speed\":\"0\",\"title\":\"\",\"orientation\":\"1\",\"keywords\":[\"Normalni kolosijek\"]},\"meta\":false,\"postlink\":\"https:\/\/vremeplov.ba\/2025\/pruga-normalnog-kolosijeka\/n-1-18-5-3\/\"},{\"id\":21767,\"title\":\"N.-1-18.5\",\"url\":\"https:\/\/vremeplov.ba\/2025\/wp-content\/uploads\/2025\/04\/N.-1-18.5.jpg\",\"link\":\"https:\/\/vremeplov.ba\/2025\/pruga-normalnog-kolosijeka\/n-1-18-5\/\",\"alt\":\"\",\"description\":\"\",\"caption\":\"\",\"mime\":\"image\/jpeg\",\"type\":\"image\",\"width\":950,\"height\":994,\"sizes\":{\"full\":{\"url\":\"https:\/\/vremeplov.ba\/2025\/wp-content\/uploads\/2025\/04\/N.-1-18.5.jpg\",\"height\":994,\"width\":950,\"orientation\":\"portrait\"}},\"imageMeta\":{\"aperture\":\"0\",\"credit\":\"Sre\u0107ko Ignjatovi\u0107 Sarajevo BiH\",\"camera\":\"\",\"caption\":\"\",\"created_timestamp\":\"1423936991\",\"copyright\":\"www.photogalerija.com\",\"focal_length\":\"0\",\"iso\":\"0\",\"shutter_speed\":\"0\",\"title\":\"\",\"orientation\":\"1\",\"keywords\":[]},\"meta\":false,\"postlink\":\"https:\/\/vremeplov.ba\/2025\/pruga-normalnog-kolosijeka\/n-1-18-5\/\"},{\"id\":21768,\"title\":\"N.-1-18.6\",\"url\":\"https:\/\/vremeplov.ba\/2025\/wp-content\/uploads\/2025\/04\/N.-1-18.6.jpg\",\"link\":\"https:\/\/vremeplov.ba\/2025\/pruga-normalnog-kolosijeka\/n-1-18-6\/\",\"alt\":\"\",\"description\":\"\",\"caption\":\"\",\"mime\":\"image\/jpeg\",\"type\":\"image\",\"width\":950,\"height\":614,\"sizes\":{\"full\":{\"url\":\"https:\/\/vremeplov.ba\/2025\/wp-content\/uploads\/2025\/04\/N.-1-18.6.jpg\",\"height\":614,\"width\":950,\"orientation\":\"landscape\"}},\"imageMeta\":{\"aperture\":\"0\",\"credit\":\"\",\"camera\":\"\",\"caption\":\"\",\"created_timestamp\":\"0\",\"copyright\":\"\",\"focal_length\":\"0\",\"iso\":\"0\",\"shutter_speed\":\"0\",\"title\":\"\",\"orientation\":\"1\",\"keywords\":[]},\"meta\":false,\"postlink\":\"https:\/\/vremeplov.ba\/2025\/pruga-normalnog-kolosijeka\/n-1-18-6\/\"},{\"id\":21769,\"title\":\"N.-1-18.7\",\"url\":\"https:\/\/vremeplov.ba\/2025\/wp-content\/uploads\/2025\/04\/N.-1-18.7.jpg\",\"link\":\"https:\/\/vremeplov.ba\/2025\/pruga-normalnog-kolosijeka\/n-1-18-7\/\",\"alt\":\"\",\"description\":\"\",\"caption\":\"\",\"mime\":\"image\/jpeg\",\"type\":\"image\",\"width\":950,\"height\":606,\"sizes\":{\"full\":{\"url\":\"https:\/\/vremeplov.ba\/2025\/wp-content\/uploads\/2025\/04\/N.-1-18.7.jpg\",\"height\":606,\"width\":950,\"orientation\":\"landscape\"}},\"imageMeta\":{\"aperture\":\"0\",\"credit\":\"Srecko\",\"camera\":\"\",\"caption\":\"\",\"created_timestamp\":\"1427391431\",\"copyright\":\"\",\"focal_length\":\"0\",\"iso\":\"0\",\"shutter_speed\":\"0\",\"title\":\"\",\"orientation\":\"1\",\"keywords\":[]},\"meta\":false,\"postlink\":\"https:\/\/vremeplov.ba\/2025\/pruga-normalnog-kolosijeka\/n-1-18-7\/\"},{\"id\":21770,\"title\":\"N.-1-18.8\",\"url\":\"https:\/\/vremeplov.ba\/2025\/wp-content\/uploads\/2025\/04\/N.-1-18.8.jpg\",\"link\":\"https:\/\/vremeplov.ba\/2025\/pruga-normalnog-kolosijeka\/n-1-18-8\/\",\"alt\":\"\",\"description\":\"\",\"caption\":\"\",\"mime\":\"image\/jpeg\",\"type\":\"image\",\"width\":950,\"height\":586,\"sizes\":{\"full\":{\"url\":\"https:\/\/vremeplov.ba\/2025\/wp-content\/uploads\/2025\/04\/N.-1-18.8.jpg\",\"height\":586,\"width\":950,\"orientation\":\"landscape\"}},\"imageMeta\":{\"aperture\":\"0\",\"credit\":\"\",\"camera\":\"\",\"caption\":\"\",\"created_timestamp\":\"0\",\"copyright\":\"\",\"focal_length\":\"0\",\"iso\":\"0\",\"shutter_speed\":\"0\",\"title\":\"\",\"orientation\":\"1\",\"keywords\":[]},\"meta\":false,\"postlink\":\"https:\/\/vremeplov.ba\/2025\/pruga-normalnog-kolosijeka\/n-1-18-8\/\"},{\"id\":21771,\"title\":\"N.-1-18.9\",\"url\":\"https:\/\/vremeplov.ba\/2025\/wp-content\/uploads\/2025\/04\/N.-1-18.9.jpg\",\"link\":\"https:\/\/vremeplov.ba\/2025\/pruga-normalnog-kolosijeka\/n-1-18-9\/\",\"alt\":\"\",\"description\":\"\",\"caption\":\"\",\"mime\":\"image\/jpeg\",\"type\":\"image\",\"width\":950,\"height\":697,\"sizes\":{\"full\":{\"url\":\"https:\/\/vremeplov.ba\/2025\/wp-content\/uploads\/2025\/04\/N.-1-18.9.jpg\",\"height\":697,\"width\":950,\"orientation\":\"landscape\"}},\"imageMeta\":{\"aperture\":\"0\",\"credit\":\"Srecko\",\"camera\":\"\",\"caption\":\"\",\"created_timestamp\":\"1427391544\",\"copyright\":\"\",\"focal_length\":\"0\",\"iso\":\"0\",\"shutter_speed\":\"0\",\"title\":\"\",\"orientation\":\"1\",\"keywords\":[]},\"meta\":false,\"postlink\":\"https:\/\/vremeplov.ba\/2025\/pruga-normalnog-kolosijeka\/n-1-18-9\/\"},{\"id\":21772,\"title\":\"Rajlovac depo i radionica\",\"url\":\"https:\/\/vremeplov.ba\/2025\/wp-content\/uploads\/2025\/04\/N.-1-18.jpg\",\"link\":\"https:\/\/vremeplov.ba\/2025\/pruga-normalnog-kolosijeka\/rajlovac-depo-i-radionica\/\",\"alt\":\"\",\"description\":\"\",\"caption\":\"Rajlovac depo i radionica\",\"mime\":\"image\/jpeg\",\"type\":\"image\",\"width\":950,\"height\":620,\"sizes\":{\"full\":{\"url\":\"https:\/\/vremeplov.ba\/2025\/wp-content\/uploads\/2025\/04\/N.-1-18.jpg\",\"height\":620,\"width\":950,\"orientation\":\"landscape\"}},\"imageMeta\":{\"aperture\":\"0\",\"credit\":\"Srecko\",\"camera\":\"\",\"caption\":\"Rajlovac depo i radionica\",\"created_timestamp\":\"1388846403\",\"copyright\":\"www.photogalerija.com\",\"focal_length\":\"0\",\"iso\":\"0\",\"shutter_speed\":\"0\",\"title\":\"Rajlovac depo i radionica\",\"orientation\":\"1\",\"keywords\":[]},\"meta\":false,\"postlink\":\"https:\/\/vremeplov.ba\/2025\/pruga-normalnog-kolosijeka\/rajlovac-depo-i-radionica\/\"},{\"id\":21773,\"title\":\"Dizelka \\u0022Nada\\u0022 izgorjela u Vranduku 1972.godine\",\"url\":\"https:\/\/vremeplov.ba\/2025\/wp-content\/uploads\/2025\/04\/N.-1-19.jpg\",\"link\":\"https:\/\/vremeplov.ba\/2025\/pruga-normalnog-kolosijeka\/dizelka-nada-izgorjela-u-vranduku-1972-godine\/\",\"alt\":\"\",\"description\":\"\",\"caption\":\"Dizelka \\u0022Nada\\u0022 izgorjela u Vranduku 1972.godine\",\"mime\":\"image\/jpeg\",\"type\":\"image\",\"width\":950,\"height\":694,\"sizes\":{\"full\":{\"url\":\"https:\/\/vremeplov.ba\/2025\/wp-content\/uploads\/2025\/04\/N.-1-19.jpg\",\"height\":694,\"width\":950,\"orientation\":\"landscape\"}},\"imageMeta\":{\"aperture\":\"0\",\"credit\":\"\",\"camera\":\"\",\"caption\":\"Dizelka \\u0022Nada\\u0022 izgorjela u Vranduku 1972.godine\",\"created_timestamp\":\"0\",\"copyright\":\"www.photogalerija.com\",\"focal_length\":\"0\",\"iso\":\"0\",\"shutter_speed\":\"0\",\"title\":\"Dizelka \\u0022Nada\\u0022 izgorjela u Vranduku 1972.godine\",\"orientation\":\"1\",\"keywords\":[\"Vranduk,\",\"1972,\"]},\"meta\":false,\"postlink\":\"https:\/\/vremeplov.ba\/2025\/pruga-normalnog-kolosijeka\/dizelka-nada-izgorjela-u-vranduku-1972-godine\/\"},{\"id\":21774,\"title\":\"N.-1-20\",\"url\":\"https:\/\/vremeplov.ba\/2025\/wp-content\/uploads\/2025\/04\/N.-1-20.jpg\",\"link\":\"https:\/\/vremeplov.ba\/2025\/pruga-normalnog-kolosijeka\/n-1-20\/\",\"alt\":\"\",\"description\":\"\",\"caption\":\"\",\"mime\":\"image\/jpeg\",\"type\":\"image\",\"width\":950,\"height\":639,\"sizes\":{\"full\":{\"url\":\"https:\/\/vremeplov.ba\/2025\/wp-content\/uploads\/2025\/04\/N.-1-20.jpg\",\"height\":639,\"width\":950,\"orientation\":\"landscape\"}},\"imageMeta\":{\"aperture\":\"0\",\"credit\":\"\",\"camera\":\"\",\"caption\":\"\",\"created_timestamp\":\"0\",\"copyright\":\"www.photogalerija.com\",\"focal_length\":\"0\",\"iso\":\"0\",\"shutter_speed\":\"0\",\"title\":\"\",\"orientation\":\"1\",\"keywords\":[]},\"meta\":false,\"postlink\":\"https:\/\/vremeplov.ba\/2025\/pruga-normalnog-kolosijeka\/n-1-20\/\"},{\"id\":21775,\"title\":\"Odroni na pruzi u stanici Ostro\u017eac\",\"url\":\"https:\/\/vremeplov.ba\/2025\/wp-content\/uploads\/2025\/04\/N.-1-21.jpg\",\"link\":\"https:\/\/vremeplov.ba\/2025\/pruga-normalnog-kolosijeka\/odroni-na-pruzi-u-stanici-ostrozac\/\",\"alt\":\"\",\"description\":\"\",\"caption\":\"Odroni na pruzi u stanici Ostro\u017eac\",\"mime\":\"image\/jpeg\",\"type\":\"image\",\"width\":950,\"height\":642,\"sizes\":{\"full\":{\"url\":\"https:\/\/vremeplov.ba\/2025\/wp-content\/uploads\/2025\/04\/N.-1-21.jpg\",\"height\":642,\"width\":950,\"orientation\":\"landscape\"}},\"imageMeta\":{\"aperture\":\"0\",\"credit\":\"\",\"camera\":\"\",\"caption\":\"Odroni na pruzi u stanici Ostro\u017eac\",\"created_timestamp\":\"0\",\"copyright\":\"www.photogalerija.com\",\"focal_length\":\"0\",\"iso\":\"0\",\"shutter_speed\":\"0\",\"title\":\"Odroni na pruzi u stanici Ostro\u017eac\",\"orientation\":\"1\",\"keywords\":[\"Ostro\u017eac\"]},\"meta\":false,\"postlink\":\"https:\/\/vremeplov.ba\/2025\/pruga-normalnog-kolosijeka\/odroni-na-pruzi-u-stanici-ostrozac\/\"},{\"id\":21776,\"title\":\"N.-1-22.1\",\"url\":\"https:\/\/vremeplov.ba\/2025\/wp-content\/uploads\/2025\/04\/N.-1-22.1.jpg\",\"link\":\"https:\/\/vremeplov.ba\/2025\/pruga-normalnog-kolosijeka\/n-1-22-1\/\",\"alt\":\"\",\"description\":\"\",\"caption\":\"\",\"mime\":\"image\/jpeg\",\"type\":\"image\",\"width\":950,\"height\":657,\"sizes\":{\"full\":{\"url\":\"https:\/\/vremeplov.ba\/2025\/wp-content\/uploads\/2025\/04\/N.-1-22.1.jpg\",\"height\":657,\"width\":950,\"orientation\":\"landscape\"}},\"imageMeta\":{\"aperture\":\"0\",\"credit\":\"Sre\u0107ko Ignjatovi\u0107 Sarajevo BiH\",\"camera\":\"\",\"caption\":\"\",\"created_timestamp\":\"1423936991\",\"copyright\":\"www.photogalerija.com\",\"focal_length\":\"0\",\"iso\":\"0\",\"shutter_speed\":\"0\",\"title\":\"\",\"orientation\":\"1\",\"keywords\":[]},\"meta\":false,\"postlink\":\"https:\/\/vremeplov.ba\/2025\/pruga-normalnog-kolosijeka\/n-1-22-1\/\"},{\"id\":21777,\"title\":\"N.-1-22.2\",\"url\":\"https:\/\/vremeplov.ba\/2025\/wp-content\/uploads\/2025\/04\/N.-1-22.2.jpg\",\"link\":\"https:\/\/vremeplov.ba\/2025\/pruga-normalnog-kolosijeka\/n-1-22-2\/\",\"alt\":\"\",\"description\":\"\",\"caption\":\"\",\"mime\":\"image\/jpeg\",\"type\":\"image\",\"width\":950,\"height\":653,\"sizes\":{\"full\":{\"url\":\"https:\/\/vremeplov.ba\/2025\/wp-content\/uploads\/2025\/04\/N.-1-22.2.jpg\",\"height\":653,\"width\":950,\"orientation\":\"landscape\"}},\"imageMeta\":{\"aperture\":\"0\",\"credit\":\"Sre\u0107ko Ignjatovi\u0107 Sarajevo BiH\",\"camera\":\"\",\"caption\":\"\",\"created_timestamp\":\"1423936991\",\"copyright\":\"www.photogalerija.com\",\"focal_length\":\"0\",\"iso\":\"0\",\"shutter_speed\":\"0\",\"title\":\"\",\"orientation\":\"1\",\"keywords\":[]},\"meta\":false,\"postlink\":\"https:\/\/vremeplov.ba\/2025\/pruga-normalnog-kolosijeka\/n-1-22-2\/\"},{\"id\":21778,\"title\":\"N.-1-22.3\",\"url\":\"https:\/\/vremeplov.ba\/2025\/wp-content\/uploads\/2025\/04\/N.-1-22.3.jpg\",\"link\":\"https:\/\/vremeplov.ba\/2025\/pruga-normalnog-kolosijeka\/n-1-22-3\/\",\"alt\":\"\",\"description\":\"\",\"caption\":\"\",\"mime\":\"image\/jpeg\",\"type\":\"image\",\"width\":950,\"height\":627,\"sizes\":{\"full\":{\"url\":\"https:\/\/vremeplov.ba\/2025\/wp-content\/uploads\/2025\/04\/N.-1-22.3.jpg\",\"height\":627,\"width\":950,\"orientation\":\"landscape\"}},\"imageMeta\":{\"aperture\":\"0\",\"credit\":\"Sre\u0107ko Ignjatovi\u0107 Sarajevo BiH\",\"camera\":\"\",\"caption\":\"\",\"created_timestamp\":\"1423936991\",\"copyright\":\"www.photogalerija.com\",\"focal_length\":\"0\",\"iso\":\"0\",\"shutter_speed\":\"0\",\"title\":\"\",\"orientation\":\"1\",\"keywords\":[]},\"meta\":false,\"postlink\":\"https:\/\/vremeplov.ba\/2025\/pruga-normalnog-kolosijeka\/n-1-22-3\/\"},{\"id\":21779,\"title\":\"N.-1-22.4\",\"url\":\"https:\/\/vremeplov.ba\/2025\/wp-content\/uploads\/2025\/04\/N.-1-22.4.jpg\",\"link\":\"https:\/\/vremeplov.ba\/2025\/pruga-normalnog-kolosijeka\/n-1-22-4\/\",\"alt\":\"\",\"description\":\"\",\"caption\":\"\",\"mime\":\"image\/jpeg\",\"type\":\"image\",\"width\":950,\"height\":619,\"sizes\":{\"full\":{\"url\":\"https:\/\/vremeplov.ba\/2025\/wp-content\/uploads\/2025\/04\/N.-1-22.4.jpg\",\"height\":619,\"width\":950,\"orientation\":\"landscape\"}},\"imageMeta\":{\"aperture\":\"0\",\"credit\":\"Sre\u0107ko Ignjatovi\u0107 Sarajevo BiH\",\"camera\":\"\",\"caption\":\"\",\"created_timestamp\":\"0\",\"copyright\":\"www.photogalerija.com\",\"focal_length\":\"0\",\"iso\":\"0\",\"shutter_speed\":\"0\",\"title\":\"\",\"orientation\":\"1\",\"keywords\":[]},\"meta\":false,\"postlink\":\"https:\/\/vremeplov.ba\/2025\/pruga-normalnog-kolosijeka\/n-1-22-4\/\"},{\"id\":21780,\"title\":\"N.-1-22.5\",\"url\":\"https:\/\/vremeplov.ba\/2025\/wp-content\/uploads\/2025\/04\/N.-1-22.5.jpg\",\"link\":\"https:\/\/vremeplov.ba\/2025\/pruga-normalnog-kolosijeka\/n-1-22-5\/\",\"alt\":\"\",\"description\":\"\",\"caption\":\"\",\"mime\":\"image\/jpeg\",\"type\":\"image\",\"width\":950,\"height\":834,\"sizes\":{\"full\":{\"url\":\"https:\/\/vremeplov.ba\/2025\/wp-content\/uploads\/2025\/04\/N.-1-22.5.jpg\",\"height\":834,\"width\":950,\"orientation\":\"landscape\"}},\"imageMeta\":{\"aperture\":\"0\",\"credit\":\"Sre\u0107ko Ignjatovi\u0107 Sarajevo BiH\",\"camera\":\"\",\"caption\":\"\",\"created_timestamp\":\"0\",\"copyright\":\"www.photogalerija.com\",\"focal_length\":\"0\",\"iso\":\"0\",\"shutter_speed\":\"0\",\"title\":\"\",\"orientation\":\"1\",\"keywords\":[]},\"meta\":false,\"postlink\":\"https:\/\/vremeplov.ba\/2025\/pruga-normalnog-kolosijeka\/n-1-22-5\/\"},{\"id\":21781,\"title\":\"N.-1-22\",\"url\":\"https:\/\/vremeplov.ba\/2025\/wp-content\/uploads\/2025\/04\/N.-1-22.jpg\",\"link\":\"https:\/\/vremeplov.ba\/2025\/pruga-normalnog-kolosijeka\/n-1-22\/\",\"alt\":\"\",\"description\":\"\",\"caption\":\"\",\"mime\":\"image\/jpeg\",\"type\":\"image\",\"width\":950,\"height\":655,\"sizes\":{\"full\":{\"url\":\"https:\/\/vremeplov.ba\/2025\/wp-content\/uploads\/2025\/04\/N.-1-22.jpg\",\"height\":655,\"width\":950,\"orientation\":\"landscape\"}},\"imageMeta\":{\"aperture\":\"0\",\"credit\":\"\",\"camera\":\"\",\"caption\":\"\",\"created_timestamp\":\"0\",\"copyright\":\"www.photogalerija.com\",\"focal_length\":\"0\",\"iso\":\"0\",\"shutter_speed\":\"0\",\"title\":\"\",\"orientation\":\"1\",\"keywords\":[\"Banovi\u0107i\"]},\"meta\":false,\"postlink\":\"https:\/\/vremeplov.ba\/2025\/pruga-normalnog-kolosijeka\/n-1-22\/\"},{\"id\":21782,\"title\":\"N.1-23.1\",\"url\":\"https:\/\/vremeplov.ba\/2025\/wp-content\/uploads\/2025\/04\/N.1-23.1.jpg\",\"link\":\"https:\/\/vremeplov.ba\/2025\/pruga-normalnog-kolosijeka\/n-1-23-1\/\",\"alt\":\"\",\"description\":\"\",\"caption\":\"\",\"mime\":\"image\/jpeg\",\"type\":\"image\",\"width\":950,\"height\":694,\"sizes\":{\"full\":{\"url\":\"https:\/\/vremeplov.ba\/2025\/wp-content\/uploads\/2025\/04\/N.1-23.1.jpg\",\"height\":694,\"width\":950,\"orientation\":\"landscape\"}},\"imageMeta\":{\"aperture\":\"0\",\"credit\":\"\",\"camera\":\"\",\"caption\":\"\",\"created_timestamp\":\"0\",\"copyright\":\"\",\"focal_length\":\"0\",\"iso\":\"0\",\"shutter_speed\":\"0\",\"title\":\"\",\"orientation\":\"1\",\"keywords\":[]},\"meta\":false,\"postlink\":\"https:\/\/vremeplov.ba\/2025\/pruga-normalnog-kolosijeka\/n-1-23-1\/\"},{\"id\":21783,\"title\":\"N.-1-23.1\",\"url\":\"https:\/\/vremeplov.ba\/2025\/wp-content\/uploads\/2025\/04\/N.-1-23.1.jpg\",\"link\":\"https:\/\/vremeplov.ba\/2025\/pruga-normalnog-kolosijeka\/n-1-23-1-2\/\",\"alt\":\"\",\"description\":\"\",\"caption\":\"\",\"mime\":\"image\/jpeg\",\"type\":\"image\",\"width\":950,\"height\":731,\"sizes\":{\"full\":{\"url\":\"https:\/\/vremeplov.ba\/2025\/wp-content\/uploads\/2025\/04\/N.-1-23.1.jpg\",\"height\":731,\"width\":950,\"orientation\":\"landscape\"}},\"imageMeta\":{\"aperture\":\"0\",\"credit\":\"Sre\u0107ko Ignjatovi\u0107 Sarajevo BiH\",\"camera\":\"\",\"caption\":\"\",\"created_timestamp\":\"1423936991\",\"copyright\":\"www.photogalerija.com\",\"focal_length\":\"0\",\"iso\":\"0\",\"shutter_speed\":\"0\",\"title\":\"\",\"orientation\":\"1\",\"keywords\":[]},\"meta\":false,\"postlink\":\"https:\/\/vremeplov.ba\/2025\/pruga-normalnog-kolosijeka\/n-1-23-1-2\/\"},{\"id\":21784,\"title\":\"N.1-23.2\",\"url\":\"https:\/\/vremeplov.ba\/2025\/wp-content\/uploads\/2025\/04\/N.1-23.2.jpg\",\"link\":\"https:\/\/vremeplov.ba\/2025\/pruga-normalnog-kolosijeka\/n-1-23-2\/\",\"alt\":\"\",\"description\":\"\",\"caption\":\"\",\"mime\":\"image\/jpeg\",\"type\":\"image\",\"width\":950,\"height\":630,\"sizes\":{\"full\":{\"url\":\"https:\/\/vremeplov.ba\/2025\/wp-content\/uploads\/2025\/04\/N.1-23.2.jpg\",\"height\":630,\"width\":950,\"orientation\":\"landscape\"}},\"imageMeta\":{\"aperture\":\"0\",\"credit\":\"Sre\u0107ko Ignjatovi\u0107 Sarajevo BiH\",\"camera\":\"\",\"caption\":\"\",\"created_timestamp\":\"1423936991\",\"copyright\":\"www.photogalerija.com\",\"focal_length\":\"0\",\"iso\":\"0\",\"shutter_speed\":\"0\",\"title\":\"\",\"orientation\":\"1\",\"keywords\":[]},\"meta\":false,\"postlink\":\"https:\/\/vremeplov.ba\/2025\/pruga-normalnog-kolosijeka\/n-1-23-2\/\"},{\"id\":21785,\"title\":\"N.-1-23.2\",\"url\":\"https:\/\/vremeplov.ba\/2025\/wp-content\/uploads\/2025\/04\/N.-1-23.2.jpg\",\"link\":\"https:\/\/vremeplov.ba\/2025\/pruga-normalnog-kolosijeka\/n-1-23-2-2\/\",\"alt\":\"\",\"description\":\"\",\"caption\":\"\",\"mime\":\"image\/jpeg\",\"type\":\"image\",\"width\":950,\"height\":610,\"sizes\":{\"full\":{\"url\":\"https:\/\/vremeplov.ba\/2025\/wp-content\/uploads\/2025\/04\/N.-1-23.2.jpg\",\"height\":610,\"width\":950,\"orientation\":\"landscape\"}},\"imageMeta\":{\"aperture\":\"0\",\"credit\":\"\",\"camera\":\"\",\"caption\":\"\",\"created_timestamp\":\"0\",\"copyright\":\"\",\"focal_length\":\"0\",\"iso\":\"0\",\"shutter_speed\":\"0\",\"title\":\"\",\"orientation\":\"1\",\"keywords\":[]},\"meta\":false,\"postlink\":\"https:\/\/vremeplov.ba\/2025\/pruga-normalnog-kolosijeka\/n-1-23-2-2\/\"},{\"id\":21786,\"title\":\"N.1-23.3\",\"url\":\"https:\/\/vremeplov.ba\/2025\/wp-content\/uploads\/2025\/04\/N.1-23.3.jpg\",\"link\":\"https:\/\/vremeplov.ba\/2025\/pruga-normalnog-kolosijeka\/n-1-23-3\/\",\"alt\":\"\",\"description\":\"\",\"caption\":\"\",\"mime\":\"image\/jpeg\",\"type\":\"image\",\"width\":950,\"height\":796,\"sizes\":{\"full\":{\"url\":\"https:\/\/vremeplov.ba\/2025\/wp-content\/uploads\/2025\/04\/N.1-23.3.jpg\",\"height\":796,\"width\":950,\"orientation\":\"landscape\"}},\"imageMeta\":{\"aperture\":\"0\",\"credit\":\"Sre\u0107ko Ignjatovi\u0107 Sarajevo BiH\",\"camera\":\"\",\"caption\":\"\",\"created_timestamp\":\"1423936991\",\"copyright\":\"www.photogalerija.com\",\"focal_length\":\"0\",\"iso\":\"0\",\"shutter_speed\":\"0\",\"title\":\"\",\"orientation\":\"1\",\"keywords\":[]},\"meta\":false,\"postlink\":\"https:\/\/vremeplov.ba\/2025\/pruga-normalnog-kolosijeka\/n-1-23-3\/\"},{\"id\":21787,\"title\":\"N.1-23.4\",\"url\":\"https:\/\/vremeplov.ba\/2025\/wp-content\/uploads\/2025\/04\/N.1-23.4.jpg\",\"link\":\"https:\/\/vremeplov.ba\/2025\/pruga-normalnog-kolosijeka\/n-1-23-4\/\",\"alt\":\"\",\"description\":\"\",\"caption\":\"\",\"mime\":\"image\/jpeg\",\"type\":\"image\",\"width\":950,\"height\":821,\"sizes\":{\"full\":{\"url\":\"https:\/\/vremeplov.ba\/2025\/wp-content\/uploads\/2025\/04\/N.1-23.4.jpg\",\"height\":821,\"width\":950,\"orientation\":\"landscape\"}},\"imageMeta\":{\"aperture\":\"0\",\"credit\":\"Sre\u0107ko Ignjatovi\u0107 Sarajevo BiH\",\"camera\":\"\",\"caption\":\"\",\"created_timestamp\":\"0\",\"copyright\":\"www.photogalerija.com\",\"focal_length\":\"0\",\"iso\":\"0\",\"shutter_speed\":\"0\",\"title\":\"\",\"orientation\":\"1\",\"keywords\":[]},\"meta\":false,\"postlink\":\"https:\/\/vremeplov.ba\/2025\/pruga-normalnog-kolosijeka\/n-1-23-4\/\"},{\"id\":21788,\"title\":\"N.1-23.5\",\"url\":\"https:\/\/vremeplov.ba\/2025\/wp-content\/uploads\/2025\/04\/N.1-23.5.jpg\",\"link\":\"https:\/\/vremeplov.ba\/2025\/pruga-normalnog-kolosijeka\/n-1-23-5\/\",\"alt\":\"\",\"description\":\"\",\"caption\":\"\",\"mime\":\"image\/jpeg\",\"type\":\"image\",\"width\":950,\"height\":811,\"sizes\":{\"full\":{\"url\":\"https:\/\/vremeplov.ba\/2025\/wp-content\/uploads\/2025\/04\/N.1-23.5.jpg\",\"height\":811,\"width\":950,\"orientation\":\"landscape\"}},\"imageMeta\":{\"aperture\":\"0\",\"credit\":\"Sre\u0107ko Ignjatovi\u0107 Sarajevo BiH\",\"camera\":\"\",\"caption\":\"\",\"created_timestamp\":\"0\",\"copyright\":\"www.photogalerija.com\",\"focal_length\":\"0\",\"iso\":\"0\",\"shutter_speed\":\"0\",\"title\":\"\",\"orientation\":\"1\",\"keywords\":[]},\"meta\":false,\"postlink\":\"https:\/\/vremeplov.ba\/2025\/pruga-normalnog-kolosijeka\/n-1-23-5\/\"},{\"id\":21789,\"title\":\"N.1-23.6\",\"url\":\"https:\/\/vremeplov.ba\/2025\/wp-content\/uploads\/2025\/04\/N.1-23.6.jpg\",\"link\":\"https:\/\/vremeplov.ba\/2025\/pruga-normalnog-kolosijeka\/n-1-23-6\/\",\"alt\":\"\",\"description\":\"\",\"caption\":\"\",\"mime\":\"image\/jpeg\",\"type\":\"image\",\"width\":950,\"height\":651,\"sizes\":{\"full\":{\"url\":\"https:\/\/vremeplov.ba\/2025\/wp-content\/uploads\/2025\/04\/N.1-23.6.jpg\",\"height\":651,\"width\":950,\"orientation\":\"landscape\"}},\"imageMeta\":{\"aperture\":\"0\",\"credit\":\"Sre\u0107ko Ignjatovi\u0107 Sarajevo BiH\",\"camera\":\"\",\"caption\":\"\",\"created_timestamp\":\"0\",\"copyright\":\"www.photogalerija.com\",\"focal_length\":\"0\",\"iso\":\"0\",\"shutter_speed\":\"0\",\"title\":\"\",\"orientation\":\"1\",\"keywords\":[]},\"meta\":false,\"postlink\":\"https:\/\/vremeplov.ba\/2025\/pruga-normalnog-kolosijeka\/n-1-23-6\/\"},{\"id\":21790,\"title\":\"N.1-23.7\",\"url\":\"https:\/\/vremeplov.ba\/2025\/wp-content\/uploads\/2025\/04\/N.1-23.7.jpg\",\"link\":\"https:\/\/vremeplov.ba\/2025\/pruga-normalnog-kolosijeka\/n-1-23-7\/\",\"alt\":\"\",\"description\":\"\",\"caption\":\"\",\"mime\":\"image\/jpeg\",\"type\":\"image\",\"width\":950,\"height\":666,\"sizes\":{\"full\":{\"url\":\"https:\/\/vremeplov.ba\/2025\/wp-content\/uploads\/2025\/04\/N.1-23.7.jpg\",\"height\":666,\"width\":950,\"orientation\":\"landscape\"}},\"imageMeta\":{\"aperture\":\"0\",\"credit\":\"\",\"camera\":\"\",\"caption\":\"\",\"created_timestamp\":\"0\",\"copyright\":\"\",\"focal_length\":\"0\",\"iso\":\"0\",\"shutter_speed\":\"0\",\"title\":\"\",\"orientation\":\"1\",\"keywords\":[]},\"meta\":false,\"postlink\":\"https:\/\/vremeplov.ba\/2025\/pruga-normalnog-kolosijeka\/n-1-23-7\/\"},{\"id\":21791,\"title\":\"N.-1-23\",\"url\":\"https:\/\/vremeplov.ba\/2025\/wp-content\/uploads\/2025\/04\/N.-1-23.jpg\",\"link\":\"https:\/\/vremeplov.ba\/2025\/pruga-normalnog-kolosijeka\/n-1-23\/\",\"alt\":\"\",\"description\":\"\",\"caption\":\"\",\"mime\":\"image\/jpeg\",\"type\":\"image\",\"width\":950,\"height\":597,\"sizes\":{\"full\":{\"url\":\"https:\/\/vremeplov.ba\/2025\/wp-content\/uploads\/2025\/04\/N.-1-23.jpg\",\"height\":597,\"width\":950,\"orientation\":\"landscape\"}},\"imageMeta\":{\"aperture\":\"0\",\"credit\":\"\",\"camera\":\"\",\"caption\":\"\",\"created_timestamp\":\"0\",\"copyright\":\"www.photogalerija.com\",\"focal_length\":\"0\",\"iso\":\"0\",\"shutter_speed\":\"0\",\"title\":\"\",\"orientation\":\"1\",\"keywords\":[\"Doboj\"]},\"meta\":false,\"postlink\":\"https:\/\/vremeplov.ba\/2025\/pruga-normalnog-kolosijeka\/n-1-23\/\"},{\"id\":21792,\"title\":\"N.-1-24\",\"url\":\"https:\/\/vremeplov.ba\/2025\/wp-content\/uploads\/2025\/04\/N.-1-24.jpg\",\"link\":\"https:\/\/vremeplov.ba\/2025\/pruga-normalnog-kolosijeka\/n-1-24\/\",\"alt\":\"\",\"description\":\"\",\"caption\":\"\",\"mime\":\"image\/jpeg\",\"type\":\"image\",\"width\":950,\"height\":616,\"sizes\":{\"full\":{\"url\":\"https:\/\/vremeplov.ba\/2025\/wp-content\/uploads\/2025\/04\/N.-1-24.jpg\",\"height\":616,\"width\":950,\"orientation\":\"landscape\"}},\"imageMeta\":{\"aperture\":\"0\",\"credit\":\"\",\"camera\":\"\",\"caption\":\"\",\"created_timestamp\":\"0\",\"copyright\":\"www.photogalerija.com\",\"focal_length\":\"0\",\"iso\":\"0\",\"shutter_speed\":\"0\",\"title\":\"\",\"orientation\":\"1\",\"keywords\":[\"Sutjeska\"]},\"meta\":false,\"postlink\":\"https:\/\/vremeplov.ba\/2025\/pruga-normalnog-kolosijeka\/n-1-24\/\"},{\"id\":21793,\"title\":\"Ganz-MAVAG 411\/415\",\"url\":\"https:\/\/vremeplov.ba\/2025\/wp-content\/uploads\/2025\/04\/N.-1-25.jpg\",\"link\":\"https:\/\/vremeplov.ba\/2025\/pruga-normalnog-kolosijeka\/ganz-mavag-411-415-6\/\",\"alt\":\"\",\"description\":\"\",\"caption\":\"Ganz-MAVAG 411\/415\",\"mime\":\"image\/jpeg\",\"type\":\"image\",\"width\":950,\"height\":702,\"sizes\":{\"full\":{\"url\":\"https:\/\/vremeplov.ba\/2025\/wp-content\/uploads\/2025\/04\/N.-1-25.jpg\",\"height\":702,\"width\":950,\"orientation\":\"landscape\"}},\"imageMeta\":{\"aperture\":\"0\",\"credit\":\"\",\"camera\":\"\",\"caption\":\"Ganz-MAVAG 411\/415\",\"created_timestamp\":\"0\",\"copyright\":\"www.photogalerija.com\",\"focal_length\":\"0\",\"iso\":\"0\",\"shutter_speed\":\"0\",\"title\":\"Ganz-MAVAG 411\/415\",\"orientation\":\"1\",\"keywords\":[\"ganz, mavag,411,415,\"]},\"meta\":false,\"postlink\":\"https:\/\/vremeplov.ba\/2025\/pruga-normalnog-kolosijeka\/ganz-mavag-411-415-6\/\"},{\"id\":21794,\"title\":\"N.-1-25-1\",\"url\":\"https:\/\/vremeplov.ba\/2025\/wp-content\/uploads\/2025\/04\/N.-1-25-1.jpg\",\"link\":\"https:\/\/vremeplov.ba\/2025\/pruga-normalnog-kolosijeka\/n-1-25-1\/\",\"alt\":\"\",\"description\":\"\",\"caption\":\"\",\"mime\":\"image\/jpeg\",\"type\":\"image\",\"width\":926,\"height\":950,\"sizes\":{\"full\":{\"url\":\"https:\/\/vremeplov.ba\/2025\/wp-content\/uploads\/2025\/04\/N.-1-25-1.jpg\",\"height\":950,\"width\":926,\"orientation\":\"portrait\"}},\"imageMeta\":{\"aperture\":\"0\",\"credit\":\"Sre\u0107ko Ignjatovi\u0107, Sarajevo, BiH\",\"camera\":\"\",\"caption\":\"\",\"created_timestamp\":\"0\",\"copyright\":\"www.photogalerija.com\",\"focal_length\":\"0\",\"iso\":\"0\",\"shutter_speed\":\"0\",\"title\":\"\",\"orientation\":\"1\",\"keywords\":[\"Normalni kolosijek\"]},\"meta\":false,\"postlink\":\"https:\/\/vremeplov.ba\/2025\/pruga-normalnog-kolosijeka\/n-1-25-1\/\"},{\"id\":21795,\"title\":\"N.1-26\",\"url\":\"https:\/\/vremeplov.ba\/2025\/wp-content\/uploads\/2025\/04\/N.1-26.jpg\",\"link\":\"https:\/\/vremeplov.ba\/2025\/pruga-normalnog-kolosijeka\/n-1-26\/\",\"alt\":\"\",\"description\":\"\",\"caption\":\"\",\"mime\":\"image\/jpeg\",\"type\":\"image\",\"width\":950,\"height\":631,\"sizes\":{\"full\":{\"url\":\"https:\/\/vremeplov.ba\/2025\/wp-content\/uploads\/2025\/04\/N.1-26.jpg\",\"height\":631,\"width\":950,\"orientation\":\"landscape\"}},\"imageMeta\":{\"aperture\":\"0\",\"credit\":\"\",\"camera\":\"\",\"caption\":\"\",\"created_timestamp\":\"0\",\"copyright\":\"\",\"focal_length\":\"0\",\"iso\":\"0\",\"shutter_speed\":\"0\",\"title\":\"\",\"orientation\":\"1\",\"keywords\":[]},\"meta\":false,\"postlink\":\"https:\/\/vremeplov.ba\/2025\/pruga-normalnog-kolosijeka\/n-1-26\/\"},{\"id\":21796,\"title\":\"N.1-27\",\"url\":\"https:\/\/vremeplov.ba\/2025\/wp-content\/uploads\/2025\/04\/N.1-27.jpg\",\"link\":\"https:\/\/vremeplov.ba\/2025\/pruga-normalnog-kolosijeka\/n-1-27\/\",\"alt\":\"\",\"description\":\"\",\"caption\":\"\",\"mime\":\"image\/jpeg\",\"type\":\"image\",\"width\":950,\"height\":623,\"sizes\":{\"full\":{\"url\":\"https:\/\/vremeplov.ba\/2025\/wp-content\/uploads\/2025\/04\/N.1-27.jpg\",\"height\":623,\"width\":950,\"orientation\":\"landscape\"}},\"imageMeta\":{\"aperture\":\"0\",\"credit\":\"\",\"camera\":\"\",\"caption\":\"\",\"created_timestamp\":\"0\",\"copyright\":\"\",\"focal_length\":\"0\",\"iso\":\"0\",\"shutter_speed\":\"0\",\"title\":\"\",\"orientation\":\"1\",\"keywords\":[]},\"meta\":false,\"postlink\":\"https:\/\/vremeplov.ba\/2025\/pruga-normalnog-kolosijeka\/n-1-27\/\"},{\"id\":21797,\"title\":\"N.1-28\",\"url\":\"https:\/\/vremeplov.ba\/2025\/wp-content\/uploads\/2025\/04\/N.1-28.jpg\",\"link\":\"https:\/\/vremeplov.ba\/2025\/pruga-normalnog-kolosijeka\/n-1-28\/\",\"alt\":\"\",\"description\":\"\",\"caption\":\"\",\"mime\":\"image\/jpeg\",\"type\":\"image\",\"width\":950,\"height\":637,\"sizes\":{\"full\":{\"url\":\"https:\/\/vremeplov.ba\/2025\/wp-content\/uploads\/2025\/04\/N.1-28.jpg\",\"height\":637,\"width\":950,\"orientation\":\"landscape\"}},\"imageMeta\":{\"aperture\":\"0\",\"credit\":\"\",\"camera\":\"\",\"caption\":\"\",\"created_timestamp\":\"0\",\"copyright\":\"\",\"focal_length\":\"0\",\"iso\":\"0\",\"shutter_speed\":\"0\",\"title\":\"\",\"orientation\":\"1\",\"keywords\":[]},\"meta\":false,\"postlink\":\"https:\/\/vremeplov.ba\/2025\/pruga-normalnog-kolosijeka\/n-1-28\/\"},{\"id\":21798,\"title\":\"N.-1-29.1\",\"url\":\"https:\/\/vremeplov.ba\/2025\/wp-content\/uploads\/2025\/04\/N.-1-29.1.jpg\",\"link\":\"https:\/\/vremeplov.ba\/2025\/pruga-normalnog-kolosijeka\/n-1-29-1\/\",\"alt\":\"\",\"description\":\"\",\"caption\":\"\",\"mime\":\"image\/jpeg\",\"type\":\"image\",\"width\":950,\"height\":820,\"sizes\":{\"full\":{\"url\":\"https:\/\/vremeplov.ba\/2025\/wp-content\/uploads\/2025\/04\/N.-1-29.1.jpg\",\"height\":820,\"width\":950,\"orientation\":\"landscape\"}},\"imageMeta\":{\"aperture\":\"0\",\"credit\":\"\",\"camera\":\"\",\"caption\":\"\",\"created_timestamp\":\"0\",\"copyright\":\"\",\"focal_length\":\"0\",\"iso\":\"0\",\"shutter_speed\":\"0\",\"title\":\"\",\"orientation\":\"1\",\"keywords\":[]},\"meta\":false,\"postlink\":\"https:\/\/vremeplov.ba\/2025\/pruga-normalnog-kolosijeka\/n-1-29-1\/\"},{\"id\":21799,\"title\":\"N.-1-29.2\",\"url\":\"https:\/\/vremeplov.ba\/2025\/wp-content\/uploads\/2025\/04\/N.-1-29.2.jpg\",\"link\":\"https:\/\/vremeplov.ba\/2025\/pruga-normalnog-kolosijeka\/n-1-29-2\/\",\"alt\":\"\",\"description\":\"\",\"caption\":\"\",\"mime\":\"image\/jpeg\",\"type\":\"image\",\"width\":950,\"height\":756,\"sizes\":{\"full\":{\"url\":\"https:\/\/vremeplov.ba\/2025\/wp-content\/uploads\/2025\/04\/N.-1-29.2.jpg\",\"height\":756,\"width\":950,\"orientation\":\"landscape\"}},\"imageMeta\":{\"aperture\":\"0\",\"credit\":\"\",\"camera\":\"\",\"caption\":\"\",\"created_timestamp\":\"0\",\"copyright\":\"\",\"focal_length\":\"0\",\"iso\":\"0\",\"shutter_speed\":\"0\",\"title\":\"\",\"orientation\":\"1\",\"keywords\":[]},\"meta\":false,\"postlink\":\"https:\/\/vremeplov.ba\/2025\/pruga-normalnog-kolosijeka\/n-1-29-2\/\"},{\"id\":21800,\"title\":\"N.-1-29.3\",\"url\":\"https:\/\/vremeplov.ba\/2025\/wp-content\/uploads\/2025\/04\/N.-1-29.3.jpg\",\"link\":\"https:\/\/vremeplov.ba\/2025\/pruga-normalnog-kolosijeka\/n-1-29-3\/\",\"alt\":\"\",\"description\":\"\",\"caption\":\"\",\"mime\":\"image\/jpeg\",\"type\":\"image\",\"width\":950,\"height\":762,\"sizes\":{\"full\":{\"url\":\"https:\/\/vremeplov.ba\/2025\/wp-content\/uploads\/2025\/04\/N.-1-29.3.jpg\",\"height\":762,\"width\":950,\"orientation\":\"landscape\"}},\"imageMeta\":{\"aperture\":\"0\",\"credit\":\"\",\"camera\":\"\",\"caption\":\"\",\"created_timestamp\":\"0\",\"copyright\":\"\",\"focal_length\":\"0\",\"iso\":\"0\",\"shutter_speed\":\"0\",\"title\":\"\",\"orientation\":\"1\",\"keywords\":[]},\"meta\":false,\"postlink\":\"https:\/\/vremeplov.ba\/2025\/pruga-normalnog-kolosijeka\/n-1-29-3\/\"},{\"id\":21801,\"title\":\"N.-1-29.4\",\"url\":\"https:\/\/vremeplov.ba\/2025\/wp-content\/uploads\/2025\/04\/N.-1-29.4.jpg\",\"link\":\"https:\/\/vremeplov.ba\/2025\/pruga-normalnog-kolosijeka\/n-1-29-4\/\",\"alt\":\"\",\"description\":\"\",\"caption\":\"\",\"mime\":\"image\/jpeg\",\"type\":\"image\",\"width\":950,\"height\":753,\"sizes\":{\"full\":{\"url\":\"https:\/\/vremeplov.ba\/2025\/wp-content\/uploads\/2025\/04\/N.-1-29.4.jpg\",\"height\":753,\"width\":950,\"orientation\":\"landscape\"}},\"imageMeta\":{\"aperture\":\"0\",\"credit\":\"\",\"camera\":\"\",\"caption\":\"\",\"created_timestamp\":\"0\",\"copyright\":\"\",\"focal_length\":\"0\",\"iso\":\"0\",\"shutter_speed\":\"0\",\"title\":\"\",\"orientation\":\"1\",\"keywords\":[]},\"meta\":false,\"postlink\":\"https:\/\/vremeplov.ba\/2025\/pruga-normalnog-kolosijeka\/n-1-29-4\/\"},{\"id\":21802,\"title\":\"N.-1-29.5.1\",\"url\":\"https:\/\/vremeplov.ba\/2025\/wp-content\/uploads\/2025\/04\/N.-1-29.5.1.jpg\",\"link\":\"https:\/\/vremeplov.ba\/2025\/pruga-normalnog-kolosijeka\/n-1-29-5-1\/\",\"alt\":\"\",\"description\":\"\",\"caption\":\"\",\"mime\":\"image\/jpeg\",\"type\":\"image\",\"width\":950,\"height\":690,\"sizes\":{\"full\":{\"url\":\"https:\/\/vremeplov.ba\/2025\/wp-content\/uploads\/2025\/04\/N.-1-29.5.1.jpg\",\"height\":690,\"width\":950,\"orientation\":\"landscape\"}},\"imageMeta\":{\"aperture\":\"0\",\"credit\":\"Sre\u0107ko Ignjatovi\u0107, Sarajevo, BiH\",\"camera\":\"\",\"caption\":\"\",\"created_timestamp\":\"0\",\"copyright\":\"www.photogalerija.com\",\"focal_length\":\"0\",\"iso\":\"0\",\"shutter_speed\":\"0\",\"title\":\"\",\"orientation\":\"1\",\"keywords\":[\"Normalni kolosijek\"]},\"meta\":false,\"postlink\":\"https:\/\/vremeplov.ba\/2025\/pruga-normalnog-kolosijeka\/n-1-29-5-1\/\"},{\"id\":21803,\"title\":\"N.-1-29.5\",\"url\":\"https:\/\/vremeplov.ba\/2025\/wp-content\/uploads\/2025\/04\/N.-1-29.5.jpg\",\"link\":\"https:\/\/vremeplov.ba\/2025\/pruga-normalnog-kolosijeka\/n-1-29-5\/\",\"alt\":\"\",\"description\":\"\",\"caption\":\"\",\"mime\":\"image\/jpeg\",\"type\":\"image\",\"width\":950,\"height\":666,\"sizes\":{\"full\":{\"url\":\"https:\/\/vremeplov.ba\/2025\/wp-content\/uploads\/2025\/04\/N.-1-29.5.jpg\",\"height\":666,\"width\":950,\"orientation\":\"landscape\"}},\"imageMeta\":{\"aperture\":\"0\",\"credit\":\"\",\"camera\":\"\",\"caption\":\"\",\"created_timestamp\":\"0\",\"copyright\":\"\",\"focal_length\":\"0\",\"iso\":\"0\",\"shutter_speed\":\"0\",\"title\":\"\",\"orientation\":\"1\",\"keywords\":[]},\"meta\":false,\"postlink\":\"https:\/\/vremeplov.ba\/2025\/pruga-normalnog-kolosijeka\/n-1-29-5\/\"},{\"id\":21804,\"title\":\"N.-1-29.6.1\",\"url\":\"https:\/\/vremeplov.ba\/2025\/wp-content\/uploads\/2025\/04\/N.-1-29.6.1.jpg\",\"link\":\"https:\/\/vremeplov.ba\/2025\/pruga-normalnog-kolosijeka\/n-1-29-6-1\/\",\"alt\":\"\",\"description\":\"\",\"caption\":\"\",\"mime\":\"image\/jpeg\",\"type\":\"image\",\"width\":950,\"height\":650,\"sizes\":{\"full\":{\"url\":\"https:\/\/vremeplov.ba\/2025\/wp-content\/uploads\/2025\/04\/N.-1-29.6.1.jpg\",\"height\":650,\"width\":950,\"orientation\":\"landscape\"}},\"imageMeta\":{\"aperture\":\"0\",\"credit\":\"Sre\u0107ko Ignjatovi\u0107 Sarajevo BiH\",\"camera\":\"\",\"caption\":\"\",\"created_timestamp\":\"1423936991\",\"copyright\":\"www.photogalerija.com\",\"focal_length\":\"0\",\"iso\":\"0\",\"shutter_speed\":\"0\",\"title\":\"\",\"orientation\":\"1\",\"keywords\":[]},\"meta\":false,\"postlink\":\"https:\/\/vremeplov.ba\/2025\/pruga-normalnog-kolosijeka\/n-1-29-6-1\/\"},{\"id\":21805,\"title\":\"N.-1-29.6.2\",\"url\":\"https:\/\/vremeplov.ba\/2025\/wp-content\/uploads\/2025\/04\/N.-1-29.6.2.jpg\",\"link\":\"https:\/\/vremeplov.ba\/2025\/pruga-normalnog-kolosijeka\/n-1-29-6-2\/\",\"alt\":\"\",\"description\":\"\",\"caption\":\"\",\"mime\":\"image\/jpeg\",\"type\":\"image\",\"width\":950,\"height\":946,\"sizes\":{\"full\":{\"url\":\"https:\/\/vremeplov.ba\/2025\/wp-content\/uploads\/2025\/04\/N.-1-29.6.2.jpg\",\"height\":946,\"width\":950,\"orientation\":\"landscape\"}},\"imageMeta\":{\"aperture\":\"0\",\"credit\":\"Sre\u0107ko Ignjatovi\u0107 Sarajevo BiH\",\"camera\":\"\",\"caption\":\"\",\"created_timestamp\":\"1423936991\",\"copyright\":\"www.photogalerija.com\",\"focal_length\":\"0\",\"iso\":\"0\",\"shutter_speed\":\"0\",\"title\":\"\",\"orientation\":\"1\",\"keywords\":[]},\"meta\":false,\"postlink\":\"https:\/\/vremeplov.ba\/2025\/pruga-normalnog-kolosijeka\/n-1-29-6-2\/\"},{\"id\":21806,\"title\":\"N.-1-29.6.3\",\"url\":\"https:\/\/vremeplov.ba\/2025\/wp-content\/uploads\/2025\/04\/N.-1-29.6.3.jpg\",\"link\":\"https:\/\/vremeplov.ba\/2025\/pruga-normalnog-kolosijeka\/n-1-29-6-3\/\",\"alt\":\"\",\"description\":\"\",\"caption\":\"\",\"mime\":\"image\/jpeg\",\"type\":\"image\",\"width\":950,\"height\":682,\"sizes\":{\"full\":{\"url\":\"https:\/\/vremeplov.ba\/2025\/wp-content\/uploads\/2025\/04\/N.-1-29.6.3.jpg\",\"height\":682,\"width\":950,\"orientation\":\"landscape\"}},\"imageMeta\":{\"aperture\":\"0\",\"credit\":\"\",\"camera\":\"\",\"caption\":\"\",\"created_timestamp\":\"0\",\"copyright\":\"\",\"focal_length\":\"0\",\"iso\":\"0\",\"shutter_speed\":\"0\",\"title\":\"\",\"orientation\":\"1\",\"keywords\":[]},\"meta\":false,\"postlink\":\"https:\/\/vremeplov.ba\/2025\/pruga-normalnog-kolosijeka\/n-1-29-6-3\/\"},{\"id\":21807,\"title\":\"N.-1-29.6\",\"url\":\"https:\/\/vremeplov.ba\/2025\/wp-content\/uploads\/2025\/04\/N.-1-29.6.jpg\",\"link\":\"https:\/\/vremeplov.ba\/2025\/pruga-normalnog-kolosijeka\/n-1-29-6\/\",\"alt\":\"\",\"description\":\"\",\"caption\":\"\",\"mime\":\"image\/jpeg\",\"type\":\"image\",\"width\":714,\"height\":950,\"sizes\":{\"full\":{\"url\":\"https:\/\/vremeplov.ba\/2025\/wp-content\/uploads\/2025\/04\/N.-1-29.6.jpg\",\"height\":950,\"width\":714,\"orientation\":\"portrait\"}},\"imageMeta\":{\"aperture\":\"0\",\"credit\":\"\",\"camera\":\"\",\"caption\":\"\",\"created_timestamp\":\"0\",\"copyright\":\"\",\"focal_length\":\"0\",\"iso\":\"0\",\"shutter_speed\":\"0\",\"title\":\"\",\"orientation\":\"1\",\"keywords\":[]},\"meta\":false,\"postlink\":\"https:\/\/vremeplov.ba\/2025\/pruga-normalnog-kolosijeka\/n-1-29-6\/\"},{\"id\":21808,\"title\":\"N.-1-29.7\",\"url\":\"https:\/\/vremeplov.ba\/2025\/wp-content\/uploads\/2025\/04\/N.-1-29.7.jpg\",\"link\":\"https:\/\/vremeplov.ba\/2025\/pruga-normalnog-kolosijeka\/n-1-29-7\/\",\"alt\":\"\",\"description\":\"\",\"caption\":\"\",\"mime\":\"image\/jpeg\",\"type\":\"image\",\"width\":950,\"height\":660,\"sizes\":{\"full\":{\"url\":\"https:\/\/vremeplov.ba\/2025\/wp-content\/uploads\/2025\/04\/N.-1-29.7.jpg\",\"height\":660,\"width\":950,\"orientation\":\"landscape\"}},\"imageMeta\":{\"aperture\":\"0\",\"credit\":\"\",\"camera\":\"\",\"caption\":\"\",\"created_timestamp\":\"0\",\"copyright\":\"\",\"focal_length\":\"0\",\"iso\":\"0\",\"shutter_speed\":\"0\",\"title\":\"\",\"orientation\":\"1\",\"keywords\":[]},\"meta\":false,\"postlink\":\"https:\/\/vremeplov.ba\/2025\/pruga-normalnog-kolosijeka\/n-1-29-7\/\"},{\"id\":21809,\"title\":\"N.-1-29.8\",\"url\":\"https:\/\/vremeplov.ba\/2025\/wp-content\/uploads\/2025\/04\/N.-1-29.8.jpg\",\"link\":\"https:\/\/vremeplov.ba\/2025\/pruga-normalnog-kolosijeka\/n-1-29-8\/\",\"alt\":\"\",\"description\":\"\",\"caption\":\"\",\"mime\":\"image\/jpeg\",\"type\":\"image\",\"width\":950,\"height\":660,\"sizes\":{\"full\":{\"url\":\"https:\/\/vremeplov.ba\/2025\/wp-content\/uploads\/2025\/04\/N.-1-29.8.jpg\",\"height\":660,\"width\":950,\"orientation\":\"landscape\"}},\"imageMeta\":{\"aperture\":\"0\",\"credit\":\"\",\"camera\":\"\",\"caption\":\"\",\"created_timestamp\":\"0\",\"copyright\":\"\",\"focal_length\":\"0\",\"iso\":\"0\",\"shutter_speed\":\"0\",\"title\":\"\",\"orientation\":\"1\",\"keywords\":[]},\"meta\":false,\"postlink\":\"https:\/\/vremeplov.ba\/2025\/pruga-normalnog-kolosijeka\/n-1-29-8\/\"},{\"id\":21810,\"title\":\"N.-1-29.9\",\"url\":\"https:\/\/vremeplov.ba\/2025\/wp-content\/uploads\/2025\/04\/N.-1-29.9.jpg\",\"link\":\"https:\/\/vremeplov.ba\/2025\/pruga-normalnog-kolosijeka\/n-1-29-9\/\",\"alt\":\"\",\"description\":\"\",\"caption\":\"\",\"mime\":\"image\/jpeg\",\"type\":\"image\",\"width\":950,\"height\":656,\"sizes\":{\"full\":{\"url\":\"https:\/\/vremeplov.ba\/2025\/wp-content\/uploads\/2025\/04\/N.-1-29.9.jpg\",\"height\":656,\"width\":950,\"orientation\":\"landscape\"}},\"imageMeta\":{\"aperture\":\"0\",\"credit\":\"\",\"camera\":\"\",\"caption\":\"\",\"created_timestamp\":\"0\",\"copyright\":\"\",\"focal_length\":\"0\",\"iso\":\"0\",\"shutter_speed\":\"0\",\"title\":\"\",\"orientation\":\"1\",\"keywords\":[]},\"meta\":false,\"postlink\":\"https:\/\/vremeplov.ba\/2025\/pruga-normalnog-kolosijeka\/n-1-29-9\/\"},{\"id\":21811,\"title\":\"N.-1-29.10\",\"url\":\"https:\/\/vremeplov.ba\/2025\/wp-content\/uploads\/2025\/04\/N.-1-29.10.jpg\",\"link\":\"https:\/\/vremeplov.ba\/2025\/pruga-normalnog-kolosijeka\/n-1-29-10\/\",\"alt\":\"\",\"description\":\"\",\"caption\":\"\",\"mime\":\"image\/jpeg\",\"type\":\"image\",\"width\":950,\"height\":660,\"sizes\":{\"full\":{\"url\":\"https:\/\/vremeplov.ba\/2025\/wp-content\/uploads\/2025\/04\/N.-1-29.10.jpg\",\"height\":660,\"width\":950,\"orientation\":\"landscape\"}},\"imageMeta\":{\"aperture\":\"0\",\"credit\":\"\",\"camera\":\"\",\"caption\":\"\",\"created_timestamp\":\"0\",\"copyright\":\"\",\"focal_length\":\"0\",\"iso\":\"0\",\"shutter_speed\":\"0\",\"title\":\"\",\"orientation\":\"1\",\"keywords\":[]},\"meta\":false,\"postlink\":\"https:\/\/vremeplov.ba\/2025\/pruga-normalnog-kolosijeka\/n-1-29-10\/\"},{\"id\":21812,\"title\":\"N.1-29\",\"url\":\"https:\/\/vremeplov.ba\/2025\/wp-content\/uploads\/2025\/04\/N.1-29.jpg\",\"link\":\"https:\/\/vremeplov.ba\/2025\/pruga-normalnog-kolosijeka\/n-1-29\/\",\"alt\":\"\",\"description\":\"\",\"caption\":\"\",\"mime\":\"image\/jpeg\",\"type\":\"image\",\"width\":950,\"height\":640,\"sizes\":{\"full\":{\"url\":\"https:\/\/vremeplov.ba\/2025\/wp-content\/uploads\/2025\/04\/N.1-29.jpg\",\"height\":640,\"width\":950,\"orientation\":\"landscape\"}},\"imageMeta\":{\"aperture\":\"0\",\"credit\":\"\",\"camera\":\"\",\"caption\":\"\",\"created_timestamp\":\"0\",\"copyright\":\"\",\"focal_length\":\"0\",\"iso\":\"0\",\"shutter_speed\":\"0\",\"title\":\"\",\"orientation\":\"1\",\"keywords\":[]},\"meta\":false,\"postlink\":\"https:\/\/vremeplov.ba\/2025\/pruga-normalnog-kolosijeka\/n-1-29\/\"},{\"id\":21813,\"title\":\"N.1-30.1.1\",\"url\":\"https:\/\/vremeplov.ba\/2025\/wp-content\/uploads\/2025\/04\/N.1-30.1.1.jpg\",\"link\":\"https:\/\/vremeplov.ba\/2025\/pruga-normalnog-kolosijeka\/n-1-30-1-1\/\",\"alt\":\"\",\"description\":\"\",\"caption\":\"\",\"mime\":\"image\/jpeg\",\"type\":\"image\",\"width\":950,\"height\":622,\"sizes\":{\"full\":{\"url\":\"https:\/\/vremeplov.ba\/2025\/wp-content\/uploads\/2025\/04\/N.1-30.1.1.jpg\",\"height\":622,\"width\":950,\"orientation\":\"landscape\"}},\"imageMeta\":{\"aperture\":\"0\",\"credit\":\"Sre\u0107ko Ignjatovi\u0107, Sarajevo, BiH\",\"camera\":\"\",\"caption\":\"\",\"created_timestamp\":\"0\",\"copyright\":\"www.photogalerija.com\",\"focal_length\":\"0\",\"iso\":\"0\",\"shutter_speed\":\"0\",\"title\":\"\",\"orientation\":\"1\",\"keywords\":[\"Normalni kolosijek\"]},\"meta\":false,\"postlink\":\"https:\/\/vremeplov.ba\/2025\/pruga-normalnog-kolosijeka\/n-1-30-1-1\/\"},{\"id\":21814,\"title\":\"N.1-30.1\",\"url\":\"https:\/\/vremeplov.ba\/2025\/wp-content\/uploads\/2025\/04\/N.1-30.1.jpg\",\"link\":\"https:\/\/vremeplov.ba\/2025\/pruga-normalnog-kolosijeka\/n-1-30-1\/\",\"alt\":\"\",\"description\":\"\",\"caption\":\"\",\"mime\":\"image\/jpeg\",\"type\":\"image\",\"width\":950,\"height\":669,\"sizes\":{\"full\":{\"url\":\"https:\/\/vremeplov.ba\/2025\/wp-content\/uploads\/2025\/04\/N.1-30.1.jpg\",\"height\":669,\"width\":950,\"orientation\":\"landscape\"}},\"imageMeta\":{\"aperture\":\"0\",\"credit\":\"Sre\u0107ko Ignjatovi\u0107 Sarajevo BiH\",\"camera\":\"\",\"caption\":\"\",\"created_timestamp\":\"0\",\"copyright\":\"www.photogalerija.com\",\"focal_length\":\"0\",\"iso\":\"0\",\"shutter_speed\":\"0\",\"title\":\"\",\"orientation\":\"1\",\"keywords\":[]},\"meta\":false,\"postlink\":\"https:\/\/vremeplov.ba\/2025\/pruga-normalnog-kolosijeka\/n-1-30-1\/\"},{\"id\":21815,\"title\":\"N.1-30.2\",\"url\":\"https:\/\/vremeplov.ba\/2025\/wp-content\/uploads\/2025\/04\/N.1-30.2.jpg\",\"link\":\"https:\/\/vremeplov.ba\/2025\/pruga-normalnog-kolosijeka\/n-1-30-2\/\",\"alt\":\"\",\"description\":\"\",\"caption\":\"\",\"mime\":\"image\/jpeg\",\"type\":\"image\",\"width\":950,\"height\":673,\"sizes\":{\"full\":{\"url\":\"https:\/\/vremeplov.ba\/2025\/wp-content\/uploads\/2025\/04\/N.1-30.2.jpg\",\"height\":673,\"width\":950,\"orientation\":\"landscape\"}},\"imageMeta\":{\"aperture\":\"0\",\"credit\":\"Sre\u0107ko Ignjatovi\u0107 Sarajevo BiH\",\"camera\":\"\",\"caption\":\"\",\"created_timestamp\":\"0\",\"copyright\":\"www.photogalerija.com\",\"focal_length\":\"0\",\"iso\":\"0\",\"shutter_speed\":\"0\",\"title\":\"\",\"orientation\":\"1\",\"keywords\":[]},\"meta\":false,\"postlink\":\"https:\/\/vremeplov.ba\/2025\/pruga-normalnog-kolosijeka\/n-1-30-2\/\"},{\"id\":21816,\"title\":\"N.1-30\",\"url\":\"https:\/\/vremeplov.ba\/2025\/wp-content\/uploads\/2025\/04\/N.1-30.jpg\",\"link\":\"https:\/\/vremeplov.ba\/2025\/pruga-normalnog-kolosijeka\/n-1-30\/\",\"alt\":\"\",\"description\":\"\",\"caption\":\"\",\"mime\":\"image\/jpeg\",\"type\":\"image\",\"width\":950,\"height\":639,\"sizes\":{\"full\":{\"url\":\"https:\/\/vremeplov.ba\/2025\/wp-content\/uploads\/2025\/04\/N.1-30.jpg\",\"height\":639,\"width\":950,\"orientation\":\"landscape\"}},\"imageMeta\":{\"aperture\":\"0\",\"credit\":\"\",\"camera\":\"\",\"caption\":\"\",\"created_timestamp\":\"0\",\"copyright\":\"\",\"focal_length\":\"0\",\"iso\":\"0\",\"shutter_speed\":\"0\",\"title\":\"\",\"orientation\":\"1\",\"keywords\":[]},\"meta\":false,\"postlink\":\"https:\/\/vremeplov.ba\/2025\/pruga-normalnog-kolosijeka\/n-1-30\/\"},{\"id\":21817,\"title\":\"N.1-31.1\",\"url\":\"https:\/\/vremeplov.ba\/2025\/wp-content\/uploads\/2025\/04\/N.1-31.1.jpg\",\"link\":\"https:\/\/vremeplov.ba\/2025\/pruga-normalnog-kolosijeka\/n-1-31-1\/\",\"alt\":\"\",\"description\":\"\",\"caption\":\"\",\"mime\":\"image\/jpeg\",\"type\":\"image\",\"width\":950,\"height\":658,\"sizes\":{\"full\":{\"url\":\"https:\/\/vremeplov.ba\/2025\/wp-content\/uploads\/2025\/04\/N.1-31.1.jpg\",\"height\":658,\"width\":950,\"orientation\":\"landscape\"}},\"imageMeta\":{\"aperture\":\"0\",\"credit\":\"Sre\u0107ko Ignjatovi\u0107 Sarajevo BiH\",\"camera\":\"\",\"caption\":\"\",\"created_timestamp\":\"1423936991\",\"copyright\":\"www.photogalerija.com\",\"focal_length\":\"0\",\"iso\":\"0\",\"shutter_speed\":\"0\",\"title\":\"\",\"orientation\":\"1\",\"keywords\":[]},\"meta\":false,\"postlink\":\"https:\/\/vremeplov.ba\/2025\/pruga-normalnog-kolosijeka\/n-1-31-1\/\"},{\"id\":21818,\"title\":\"N.-1-31.1\",\"url\":\"https:\/\/vremeplov.ba\/2025\/wp-content\/uploads\/2025\/04\/N.-1-31.1.jpg\",\"link\":\"https:\/\/vremeplov.ba\/2025\/pruga-normalnog-kolosijeka\/n-1-31-1-2\/\",\"alt\":\"\",\"description\":\"\",\"caption\":\"\",\"mime\":\"image\/jpeg\",\"type\":\"image\",\"width\":950,\"height\":609,\"sizes\":{\"full\":{\"url\":\"https:\/\/vremeplov.ba\/2025\/wp-content\/uploads\/2025\/04\/N.-1-31.1.jpg\",\"height\":609,\"width\":950,\"orientation\":\"landscape\"}},\"imageMeta\":{\"aperture\":\"0\",\"credit\":\"\",\"camera\":\"\",\"caption\":\"\",\"created_timestamp\":\"0\",\"copyright\":\"\",\"focal_length\":\"0\",\"iso\":\"0\",\"shutter_speed\":\"0\",\"title\":\"\",\"orientation\":\"1\",\"keywords\":[]},\"meta\":false,\"postlink\":\"https:\/\/vremeplov.ba\/2025\/pruga-normalnog-kolosijeka\/n-1-31-1-2\/\"},{\"id\":21819,\"title\":\"N.-1-31.2.1\",\"url\":\"https:\/\/vremeplov.ba\/2025\/wp-content\/uploads\/2025\/04\/N.-1-31.2.1.jpg\",\"link\":\"https:\/\/vremeplov.ba\/2025\/pruga-normalnog-kolosijeka\/n-1-31-2-1\/\",\"alt\":\"\",\"description\":\"\",\"caption\":\"\",\"mime\":\"image\/jpeg\",\"type\":\"image\",\"width\":950,\"height\":614,\"sizes\":{\"full\":{\"url\":\"https:\/\/vremeplov.ba\/2025\/wp-content\/uploads\/2025\/04\/N.-1-31.2.1.jpg\",\"height\":614,\"width\":950,\"orientation\":\"landscape\"}},\"imageMeta\":{\"aperture\":\"0\",\"credit\":\"Sre\u0107ko Ignjatovi\u0107, Sarajevo, BiH\",\"camera\":\"\",\"caption\":\"\",\"created_timestamp\":\"0\",\"copyright\":\"www.photogalerija.com\",\"focal_length\":\"0\",\"iso\":\"0\",\"shutter_speed\":\"0\",\"title\":\"\",\"orientation\":\"1\",\"keywords\":[\"Normalni kolosijek\"]},\"meta\":false,\"postlink\":\"https:\/\/vremeplov.ba\/2025\/pruga-normalnog-kolosijeka\/n-1-31-2-1\/\"},{\"id\":21820,\"title\":\"N.-1-31.2\",\"url\":\"https:\/\/vremeplov.ba\/2025\/wp-content\/uploads\/2025\/04\/N.-1-31.2.jpg\",\"link\":\"https:\/\/vremeplov.ba\/2025\/pruga-normalnog-kolosijeka\/n-1-31-2\/\",\"alt\":\"\",\"description\":\"\",\"caption\":\"\",\"mime\":\"image\/jpeg\",\"type\":\"image\",\"width\":950,\"height\":604,\"sizes\":{\"full\":{\"url\":\"https:\/\/vremeplov.ba\/2025\/wp-content\/uploads\/2025\/04\/N.-1-31.2.jpg\",\"height\":604,\"width\":950,\"orientation\":\"landscape\"}},\"imageMeta\":{\"aperture\":\"0\",\"credit\":\"\",\"camera\":\"\",\"caption\":\"\",\"created_timestamp\":\"0\",\"copyright\":\"\",\"focal_length\":\"0\",\"iso\":\"0\",\"shutter_speed\":\"0\",\"title\":\"\",\"orientation\":\"1\",\"keywords\":[]},\"meta\":false,\"postlink\":\"https:\/\/vremeplov.ba\/2025\/pruga-normalnog-kolosijeka\/n-1-31-2\/\"},{\"id\":21821,\"title\":\"N.-1-31.3\",\"url\":\"https:\/\/vremeplov.ba\/2025\/wp-content\/uploads\/2025\/04\/N.-1-31.3.jpg\",\"link\":\"https:\/\/vremeplov.ba\/2025\/pruga-normalnog-kolosijeka\/n-1-31-3\/\",\"alt\":\"\",\"description\":\"\",\"caption\":\"\",\"mime\":\"image\/jpeg\",\"type\":\"image\",\"width\":845,\"height\":950,\"sizes\":{\"full\":{\"url\":\"https:\/\/vremeplov.ba\/2025\/wp-content\/uploads\/2025\/04\/N.-1-31.3.jpg\",\"height\":950,\"width\":845,\"orientation\":\"portrait\"}},\"imageMeta\":{\"aperture\":\"0\",\"credit\":\"\",\"camera\":\"\",\"caption\":\"\",\"created_timestamp\":\"0\",\"copyright\":\"\",\"focal_length\":\"0\",\"iso\":\"0\",\"shutter_speed\":\"0\",\"title\":\"\",\"orientation\":\"1\",\"keywords\":[]},\"meta\":false,\"postlink\":\"https:\/\/vremeplov.ba\/2025\/pruga-normalnog-kolosijeka\/n-1-31-3\/\"},{\"id\":21822,\"title\":\"N.-1-31.4\",\"url\":\"https:\/\/vremeplov.ba\/2025\/wp-content\/uploads\/2025\/04\/N.-1-31.4.jpg\",\"link\":\"https:\/\/vremeplov.ba\/2025\/pruga-normalnog-kolosijeka\/n-1-31-4\/\",\"alt\":\"\",\"description\":\"\",\"caption\":\"\",\"mime\":\"image\/jpeg\",\"type\":\"image\",\"width\":928,\"height\":950,\"sizes\":{\"full\":{\"url\":\"https:\/\/vremeplov.ba\/2025\/wp-content\/uploads\/2025\/04\/N.-1-31.4.jpg\",\"height\":950,\"width\":928,\"orientation\":\"portrait\"}},\"imageMeta\":{\"aperture\":\"0\",\"credit\":\"\",\"camera\":\"\",\"caption\":\"\",\"created_timestamp\":\"0\",\"copyright\":\"\",\"focal_length\":\"0\",\"iso\":\"0\",\"shutter_speed\":\"0\",\"title\":\"\",\"orientation\":\"1\",\"keywords\":[]},\"meta\":false,\"postlink\":\"https:\/\/vremeplov.ba\/2025\/pruga-normalnog-kolosijeka\/n-1-31-4\/\"},{\"id\":21823,\"title\":\"N.-1-31.5\",\"url\":\"https:\/\/vremeplov.ba\/2025\/wp-content\/uploads\/2025\/04\/N.-1-31.5.jpg\",\"link\":\"https:\/\/vremeplov.ba\/2025\/pruga-normalnog-kolosijeka\/n-1-31-5\/\",\"alt\":\"\",\"description\":\"\",\"caption\":\"\",\"mime\":\"image\/jpeg\",\"type\":\"image\",\"width\":950,\"height\":694,\"sizes\":{\"full\":{\"url\":\"https:\/\/vremeplov.ba\/2025\/wp-content\/uploads\/2025\/04\/N.-1-31.5.jpg\",\"height\":694,\"width\":950,\"orientation\":\"landscape\"}},\"imageMeta\":{\"aperture\":\"0\",\"credit\":\"\",\"camera\":\"\",\"caption\":\"\",\"created_timestamp\":\"0\",\"copyright\":\"\",\"focal_length\":\"0\",\"iso\":\"0\",\"shutter_speed\":\"0\",\"title\":\"\",\"orientation\":\"1\",\"keywords\":[]},\"meta\":false,\"postlink\":\"https:\/\/vremeplov.ba\/2025\/pruga-normalnog-kolosijeka\/n-1-31-5\/\"},{\"id\":21824,\"title\":\"N.1-31\",\"url\":\"https:\/\/vremeplov.ba\/2025\/wp-content\/uploads\/2025\/04\/N.1-31.jpg\",\"link\":\"https:\/\/vremeplov.ba\/2025\/pruga-normalnog-kolosijeka\/n-1-31\/\",\"alt\":\"\",\"description\":\"\",\"caption\":\"\",\"mime\":\"image\/jpeg\",\"type\":\"image\",\"width\":950,\"height\":615,\"sizes\":{\"full\":{\"url\":\"https:\/\/vremeplov.ba\/2025\/wp-content\/uploads\/2025\/04\/N.1-31.jpg\",\"height\":615,\"width\":950,\"orientation\":\"landscape\"}},\"imageMeta\":{\"aperture\":\"0\",\"credit\":\"\",\"camera\":\"\",\"caption\":\"\",\"created_timestamp\":\"0\",\"copyright\":\"\",\"focal_length\":\"0\",\"iso\":\"0\",\"shutter_speed\":\"0\",\"title\":\"\",\"orientation\":\"1\",\"keywords\":[]},\"meta\":false,\"postlink\":\"https:\/\/vremeplov.ba\/2025\/pruga-normalnog-kolosijeka\/n-1-31\/\"},{\"id\":21825,\"title\":\"N.1-32.1.\",\"url\":\"https:\/\/vremeplov.ba\/2025\/wp-content\/uploads\/2025\/04\/N.1-32.1.jpg\",\"link\":\"https:\/\/vremeplov.ba\/2025\/pruga-normalnog-kolosijeka\/n-1-32-1\/\",\"alt\":\"\",\"description\":\"\",\"caption\":\"\",\"mime\":\"image\/jpeg\",\"type\":\"image\",\"width\":950,\"height\":652,\"sizes\":{\"full\":{\"url\":\"https:\/\/vremeplov.ba\/2025\/wp-content\/uploads\/2025\/04\/N.1-32.1.jpg\",\"height\":652,\"width\":950,\"orientation\":\"landscape\"}},\"imageMeta\":{\"aperture\":\"0\",\"credit\":\"Sre\u0107ko Ignjatovi\u0107 Sarajevo BiH\",\"camera\":\"\",\"caption\":\"\",\"created_timestamp\":\"1423936991\",\"copyright\":\"www.photogalerija.com\",\"focal_length\":\"0\",\"iso\":\"0\",\"shutter_speed\":\"0\",\"title\":\"\",\"orientation\":\"1\",\"keywords\":[]},\"meta\":false,\"postlink\":\"https:\/\/vremeplov.ba\/2025\/pruga-normalnog-kolosijeka\/n-1-32-1\/\"},{\"id\":21826,\"title\":\"N.1-32.2\",\"url\":\"https:\/\/vremeplov.ba\/2025\/wp-content\/uploads\/2025\/04\/N.1-32.2.jpg\",\"link\":\"https:\/\/vremeplov.ba\/2025\/pruga-normalnog-kolosijeka\/n-1-32-2\/\",\"alt\":\"\",\"description\":\"\",\"caption\":\"\",\"mime\":\"image\/jpeg\",\"type\":\"image\",\"width\":950,\"height\":643,\"sizes\":{\"full\":{\"url\":\"https:\/\/vremeplov.ba\/2025\/wp-content\/uploads\/2025\/04\/N.1-32.2.jpg\",\"height\":643,\"width\":950,\"orientation\":\"landscape\"}},\"imageMeta\":{\"aperture\":\"0\",\"credit\":\"Sre\u0107ko Ignjatovi\u0107 Sarajevo BiH\",\"camera\":\"\",\"caption\":\"\",\"created_timestamp\":\"0\",\"copyright\":\"www.photogalerija.com\",\"focal_length\":\"0\",\"iso\":\"0\",\"shutter_speed\":\"0\",\"title\":\"\",\"orientation\":\"1\",\"keywords\":[]},\"meta\":false,\"postlink\":\"https:\/\/vremeplov.ba\/2025\/pruga-normalnog-kolosijeka\/n-1-32-2\/\"},{\"id\":21827,\"title\":\"N.1-32\",\"url\":\"https:\/\/vremeplov.ba\/2025\/wp-content\/uploads\/2025\/04\/N.1-32.jpg\",\"link\":\"https:\/\/vremeplov.ba\/2025\/pruga-normalnog-kolosijeka\/n-1-32\/\",\"alt\":\"\",\"description\":\"\",\"caption\":\"\",\"mime\":\"image\/jpeg\",\"type\":\"image\",\"width\":950,\"height\":670,\"sizes\":{\"full\":{\"url\":\"https:\/\/vremeplov.ba\/2025\/wp-content\/uploads\/2025\/04\/N.1-32.jpg\",\"height\":670,\"width\":950,\"orientation\":\"landscape\"}},\"imageMeta\":{\"aperture\":\"0\",\"credit\":\"\",\"camera\":\"\",\"caption\":\"\",\"created_timestamp\":\"0\",\"copyright\":\"\",\"focal_length\":\"0\",\"iso\":\"0\",\"shutter_speed\":\"0\",\"title\":\"\",\"orientation\":\"1\",\"keywords\":[]},\"meta\":false,\"postlink\":\"https:\/\/vremeplov.ba\/2025\/pruga-normalnog-kolosijeka\/n-1-32\/\"},{\"id\":21828,\"title\":\"N.1-33\",\"url\":\"https:\/\/vremeplov.ba\/2025\/wp-content\/uploads\/2025\/04\/N.1-33.jpg\",\"link\":\"https:\/\/vremeplov.ba\/2025\/pruga-normalnog-kolosijeka\/n-1-33\/\",\"alt\":\"\",\"description\":\"\",\"caption\":\"\",\"mime\":\"image\/jpeg\",\"type\":\"image\",\"width\":950,\"height\":671,\"sizes\":{\"full\":{\"url\":\"https:\/\/vremeplov.ba\/2025\/wp-content\/uploads\/2025\/04\/N.1-33.jpg\",\"height\":671,\"width\":950,\"orientation\":\"landscape\"}},\"imageMeta\":{\"aperture\":\"0\",\"credit\":\"Sre\u0107ko Ignjatovi\u0107 Sarajevo BiH\",\"camera\":\"\",\"caption\":\"\",\"created_timestamp\":\"0\",\"copyright\":\"www.photogalerija.com\",\"focal_length\":\"0\",\"iso\":\"0\",\"shutter_speed\":\"0\",\"title\":\"\",\"orientation\":\"1\",\"keywords\":[]},\"meta\":false,\"postlink\":\"https:\/\/vremeplov.ba\/2025\/pruga-normalnog-kolosijeka\/n-1-33\/\"},{\"id\":21829,\"title\":\"N.1-34\",\"url\":\"https:\/\/vremeplov.ba\/2025\/wp-content\/uploads\/2025\/04\/N.1-34.jpg\",\"link\":\"https:\/\/vremeplov.ba\/2025\/pruga-normalnog-kolosijeka\/n-1-34\/\",\"alt\":\"\",\"description\":\"\",\"caption\":\"\",\"mime\":\"image\/jpeg\",\"type\":\"image\",\"width\":950,\"height\":631,\"sizes\":{\"full\":{\"url\":\"https:\/\/vremeplov.ba\/2025\/wp-content\/uploads\/2025\/04\/N.1-34.jpg\",\"height\":631,\"width\":950,\"orientation\":\"landscape\"}},\"imageMeta\":{\"aperture\":\"0\",\"credit\":\"Sre\u0107ko Ignjatovi\u0107 Sarajevo BiH\",\"camera\":\"\",\"caption\":\"\",\"created_timestamp\":\"1423936991\",\"copyright\":\"www.photogalerija.com\",\"focal_length\":\"0\",\"iso\":\"0\",\"shutter_speed\":\"0\",\"title\":\"\",\"orientation\":\"1\",\"keywords\":[]},\"meta\":false,\"postlink\":\"https:\/\/vremeplov.ba\/2025\/pruga-normalnog-kolosijeka\/n-1-34\/\"},{\"id\":21830,\"title\":\"N.1-35\",\"url\":\"https:\/\/vremeplov.ba\/2025\/wp-content\/uploads\/2025\/04\/N.1-35.jpg\",\"link\":\"https:\/\/vremeplov.ba\/2025\/pruga-normalnog-kolosijeka\/n-1-35\/\",\"alt\":\"\",\"description\":\"\",\"caption\":\"\",\"mime\":\"image\/jpeg\",\"type\":\"image\",\"width\":950,\"height\":692,\"sizes\":{\"full\":{\"url\":\"https:\/\/vremeplov.ba\/2025\/wp-content\/uploads\/2025\/04\/N.1-35.jpg\",\"height\":692,\"width\":950,\"orientation\":\"landscape\"}},\"imageMeta\":{\"aperture\":\"0\",\"credit\":\"Sre\u0107ko Ignjatovi\u0107, Sarajevo, BiH\",\"camera\":\"\",\"caption\":\"\",\"created_timestamp\":\"0\",\"copyright\":\"www.photogalerija.com\",\"focal_length\":\"0\",\"iso\":\"0\",\"shutter_speed\":\"0\",\"title\":\"\",\"orientation\":\"1\",\"keywords\":[\"Normalni kolosijek\"]},\"meta\":false,\"postlink\":\"https:\/\/vremeplov.ba\/2025\/pruga-normalnog-kolosijeka\/n-1-35\/\"},{\"id\":21831,\"title\":\"niskogradnja\",\"url\":\"https:\/\/vremeplov.ba\/2025\/wp-content\/uploads\/2025\/04\/niskogradnja.jpg\",\"link\":\"https:\/\/vremeplov.ba\/2025\/pruga-normalnog-kolosijeka\/niskogradnja\/\",\"alt\":\"\",\"description\":\"\",\"caption\":\"\",\"mime\":\"image\/jpeg\",\"type\":\"image\",\"width\":950,\"height\":663,\"sizes\":{\"full\":{\"url\":\"https:\/\/vremeplov.ba\/2025\/wp-content\/uploads\/2025\/04\/niskogradnja.jpg\",\"height\":663,\"width\":950,\"orientation\":\"landscape\"}},\"imageMeta\":{\"aperture\":\"0\",\"credit\":\"\",\"camera\":\"\",\"caption\":\"\",\"created_timestamp\":\"0\",\"copyright\":\"\",\"focal_length\":\"0\",\"iso\":\"0\",\"shutter_speed\":\"0\",\"title\":\"\",\"orientation\":\"1\",\"keywords\":[]},\"meta\":false,\"postlink\":\"https:\/\/vremeplov.ba\/2025\/pruga-normalnog-kolosijeka\/niskogradnja\/\"},{\"id\":21832,\"title\":\"Normalni_kolosijek-1-Doboj\",\"url\":\"https:\/\/vremeplov.ba\/2025\/wp-content\/uploads\/2025\/04\/Normalni_kolosijek-1-Doboj.jpg\",\"link\":\"https:\/\/vremeplov.ba\/2025\/pruga-normalnog-kolosijeka\/normalni_kolosijek-1-doboj\/\",\"alt\":\"\",\"description\":\"\",\"caption\":\"\",\"mime\":\"image\/jpeg\",\"type\":\"image\",\"width\":950,\"height\":425,\"sizes\":{\"full\":{\"url\":\"https:\/\/vremeplov.ba\/2025\/wp-content\/uploads\/2025\/04\/Normalni_kolosijek-1-Doboj.jpg\",\"height\":425,\"width\":950,\"orientation\":\"landscape\"}},\"imageMeta\":{\"aperture\":\"0\",\"credit\":\"Sre\u0107ko Ignjatovi\u0107 Sarajevo BiH\",\"camera\":\"\",\"caption\":\"\",\"created_timestamp\":\"0\",\"copyright\":\"www.photogalerija.com\",\"focal_length\":\"0\",\"iso\":\"0\",\"shutter_speed\":\"0\",\"title\":\"\",\"orientation\":\"1\",\"keywords\":[\"normalni kolosijek\",\"Sarajevo\",\"Zenica\",\"Visoko\",\"Doboj\",\"Blatna\"]},\"meta\":false,\"postlink\":\"https:\/\/vremeplov.ba\/2025\/pruga-normalnog-kolosijeka\/normalni_kolosijek-1-doboj\/\"},{\"id\":21833,\"title\":\"Normalni_kolosijek-2-Zenica\",\"url\":\"https:\/\/vremeplov.ba\/2025\/wp-content\/uploads\/2025\/04\/Normalni_kolosijek-2-Zenica.jpg\",\"link\":\"https:\/\/vremeplov.ba\/2025\/pruga-normalnog-kolosijeka\/normalni_kolosijek-2-zenica\/\",\"alt\":\"\",\"description\":\"\",\"caption\":\"\",\"mime\":\"image\/jpeg\",\"type\":\"image\",\"width\":627,\"height\":950,\"sizes\":{\"full\":{\"url\":\"https:\/\/vremeplov.ba\/2025\/wp-content\/uploads\/2025\/04\/Normalni_kolosijek-2-Zenica.jpg\",\"height\":950,\"width\":627,\"orientation\":\"portrait\"}},\"imageMeta\":{\"aperture\":\"0\",\"credit\":\"Sre\u0107ko Ignjatovi\u0107 Sarajevo BiH\",\"camera\":\"\",\"caption\":\"\",\"created_timestamp\":\"0\",\"copyright\":\"www.photogalerija.com\",\"focal_length\":\"0\",\"iso\":\"0\",\"shutter_speed\":\"0\",\"title\":\"\",\"orientation\":\"1\",\"keywords\":[\"normalni kolosijek\",\"Sarajevo\",\"Zenica\",\"Visoko\",\"Doboj\",\"Blatna\"]},\"meta\":false,\"postlink\":\"https:\/\/vremeplov.ba\/2025\/pruga-normalnog-kolosijeka\/normalni_kolosijek-2-zenica\/\"},{\"id\":21834,\"title\":\"Normalni_kolosijek-3-Bosanski_Novi\",\"url\":\"https:\/\/vremeplov.ba\/2025\/wp-content\/uploads\/2025\/04\/Normalni_kolosijek-3-Bosanski_Novi.jpg\",\"link\":\"https:\/\/vremeplov.ba\/2025\/pruga-normalnog-kolosijeka\/normalni_kolosijek-3-bosanski_novi\/\",\"alt\":\"\",\"description\":\"\",\"caption\":\"\",\"mime\":\"image\/jpeg\",\"type\":\"image\",\"width\":950,\"height\":665,\"sizes\":{\"full\":{\"url\":\"https:\/\/vremeplov.ba\/2025\/wp-content\/uploads\/2025\/04\/Normalni_kolosijek-3-Bosanski_Novi.jpg\",\"height\":665,\"width\":950,\"orientation\":\"landscape\"}},\"imageMeta\":{\"aperture\":\"0\",\"credit\":\"Sre\u0107ko Ignjatovi\u0107 Sarajevo BiH\",\"camera\":\"\",\"caption\":\"\",\"created_timestamp\":\"0\",\"copyright\":\"www.photogalerija.com\",\"focal_length\":\"0\",\"iso\":\"0\",\"shutter_speed\":\"0\",\"title\":\"\",\"orientation\":\"1\",\"keywords\":[\"normalni kolosijek\",\"Sarajevo\",\"Zenica\",\"Visoko\",\"Doboj\",\"Blatna\"]},\"meta\":false,\"postlink\":\"https:\/\/vremeplov.ba\/2025\/pruga-normalnog-kolosijeka\/normalni_kolosijek-3-bosanski_novi\/\"},{\"id\":21835,\"title\":\"Normalni_kolosijek-4-Zenica\",\"url\":\"https:\/\/vremeplov.ba\/2025\/wp-content\/uploads\/2025\/04\/Normalni_kolosijek-4-Zenica.jpg\",\"link\":\"https:\/\/vremeplov.ba\/2025\/pruga-normalnog-kolosijeka\/normalni_kolosijek-4-zenica\/\",\"alt\":\"\",\"description\":\"\",\"caption\":\"\",\"mime\":\"image\/jpeg\",\"type\":\"image\",\"width\":950,\"height\":540,\"sizes\":{\"full\":{\"url\":\"https:\/\/vremeplov.ba\/2025\/wp-content\/uploads\/2025\/04\/Normalni_kolosijek-4-Zenica.jpg\",\"height\":540,\"width\":950,\"orientation\":\"landscape\"}},\"imageMeta\":{\"aperture\":\"0\",\"credit\":\"Sre\u0107ko Ignjatovi\u0107 Sarajevo BiH\",\"camera\":\"\",\"caption\":\"\",\"created_timestamp\":\"0\",\"copyright\":\"www.photogalerija.com\",\"focal_length\":\"0\",\"iso\":\"0\",\"shutter_speed\":\"0\",\"title\":\"\",\"orientation\":\"1\",\"keywords\":[\"normalni kolosijek\",\"Sarajevo\",\"Zenica\",\"Visoko\",\"Doboj\",\"Blatna\"]},\"meta\":false,\"postlink\":\"https:\/\/vremeplov.ba\/2025\/pruga-normalnog-kolosijeka\/normalni_kolosijek-4-zenica\/\"},{\"id\":21836,\"title\":\"Normalni_kolosijek-5-Visoko\",\"url\":\"https:\/\/vremeplov.ba\/2025\/wp-content\/uploads\/2025\/04\/Normalni_kolosijek-5-Visoko.jpg\",\"link\":\"https:\/\/vremeplov.ba\/2025\/pruga-normalnog-kolosijeka\/normalni_kolosijek-5-visoko\/\",\"alt\":\"\",\"description\":\"\",\"caption\":\"\",\"mime\":\"image\/jpeg\",\"type\":\"image\",\"width\":950,\"height\":712,\"sizes\":{\"full\":{\"url\":\"https:\/\/vremeplov.ba\/2025\/wp-content\/uploads\/2025\/04\/Normalni_kolosijek-5-Visoko.jpg\",\"height\":712,\"width\":950,\"orientation\":\"landscape\"}},\"imageMeta\":{\"aperture\":\"0\",\"credit\":\"Sre\u0107ko Ignjatovi\u0107 Sarajevo BiH\",\"camera\":\"\",\"caption\":\"\",\"created_timestamp\":\"0\",\"copyright\":\"www.photogalerija.com\",\"focal_length\":\"0\",\"iso\":\"0\",\"shutter_speed\":\"0\",\"title\":\"\",\"orientation\":\"1\",\"keywords\":[\"normalni kolosijek\",\"Sarajevo\",\"Zenica\",\"Visoko\",\"Doboj\",\"Blatna\"]},\"meta\":false,\"postlink\":\"https:\/\/vremeplov.ba\/2025\/pruga-normalnog-kolosijeka\/normalni_kolosijek-5-visoko\/\"},{\"id\":21837,\"title\":\"Normalni_kolosijek-6-Blatna\",\"url\":\"https:\/\/vremeplov.ba\/2025\/wp-content\/uploads\/2025\/04\/Normalni_kolosijek-6-Blatna.jpg\",\"link\":\"https:\/\/vremeplov.ba\/2025\/pruga-normalnog-kolosijeka\/normalni_kolosijek-6-blatna\/\",\"alt\":\"\",\"description\":\"\",\"caption\":\"\",\"mime\":\"image\/jpeg\",\"type\":\"image\",\"width\":950,\"height\":651,\"sizes\":{\"full\":{\"url\":\"https:\/\/vremeplov.ba\/2025\/wp-content\/uploads\/2025\/04\/Normalni_kolosijek-6-Blatna.jpg\",\"height\":651,\"width\":950,\"orientation\":\"landscape\"}},\"imageMeta\":{\"aperture\":\"0\",\"credit\":\"Sre\u0107ko Ignjatovi\u0107 Sarajevo BiH\",\"camera\":\"\",\"caption\":\"\",\"created_timestamp\":\"0\",\"copyright\":\"www.photogalerija.com\",\"focal_length\":\"0\",\"iso\":\"0\",\"shutter_speed\":\"0\",\"title\":\"\",\"orientation\":\"1\",\"keywords\":[\"normalni kolosijek\",\"Sarajevo\",\"Zenica\",\"Visoko\",\"Doboj\",\"Blatna\"]},\"meta\":false,\"postlink\":\"https:\/\/vremeplov.ba\/2025\/pruga-normalnog-kolosijeka\/normalni_kolosijek-6-blatna\/\"},{\"id\":21838,\"title\":\"Normalni_kolosijek-7-Visoko\",\"url\":\"https:\/\/vremeplov.ba\/2025\/wp-content\/uploads\/2025\/04\/Normalni_kolosijek-7-Visoko.jpg\",\"link\":\"https:\/\/vremeplov.ba\/2025\/pruga-normalnog-kolosijeka\/normalni_kolosijek-7-visoko\/\",\"alt\":\"\",\"description\":\"\",\"caption\":\"\",\"mime\":\"image\/jpeg\",\"type\":\"image\",\"width\":950,\"height\":748,\"sizes\":{\"full\":{\"url\":\"https:\/\/vremeplov.ba\/2025\/wp-content\/uploads\/2025\/04\/Normalni_kolosijek-7-Visoko.jpg\",\"height\":748,\"width\":950,\"orientation\":\"landscape\"}},\"imageMeta\":{\"aperture\":\"0\",\"credit\":\"Sre\u0107ko Ignjatovi\u0107 Sarajevo BiH\",\"camera\":\"\",\"caption\":\"\",\"created_timestamp\":\"0\",\"copyright\":\"www.photogalerija.com\",\"focal_length\":\"0\",\"iso\":\"0\",\"shutter_speed\":\"0\",\"title\":\"\",\"orientation\":\"1\",\"keywords\":[\"normalni kolosijek\",\"Sarajevo\",\"Zenica\",\"Visoko\",\"Doboj\",\"Blatna\"]},\"meta\":false,\"postlink\":\"https:\/\/vremeplov.ba\/2025\/pruga-normalnog-kolosijeka\/normalni_kolosijek-7-visoko\/\"},{\"id\":21839,\"title\":\"Normalni_kolosijek-8-Sarajevo\",\"url\":\"https:\/\/vremeplov.ba\/2025\/wp-content\/uploads\/2025\/04\/Normalni_kolosijek-8-Sarajevo.jpg\",\"link\":\"https:\/\/vremeplov.ba\/2025\/pruga-normalnog-kolosijeka\/normalni_kolosijek-8-sarajevo\/\",\"alt\":\"\",\"description\":\"\",\"caption\":\"\",\"mime\":\"image\/jpeg\",\"type\":\"image\",\"width\":950,\"height\":642,\"sizes\":{\"full\":{\"url\":\"https:\/\/vremeplov.ba\/2025\/wp-content\/uploads\/2025\/04\/Normalni_kolosijek-8-Sarajevo.jpg\",\"height\":642,\"width\":950,\"orientation\":\"landscape\"}},\"imageMeta\":{\"aperture\":\"0\",\"credit\":\"Sre\u0107ko Ignjatovi\u0107 Sarajevo BiH\",\"camera\":\"HP Scanjet 2400\",\"caption\":\"\",\"created_timestamp\":\"0\",\"copyright\":\"www.photogalerija.com\",\"focal_length\":\"0\",\"iso\":\"0\",\"shutter_speed\":\"0\",\"title\":\"\",\"orientation\":\"1\",\"keywords\":[\"normalni kolosijek\",\"Sarajevo\",\"Zenica\",\"Visoko\",\"Doboj\",\"Blatna\"]},\"meta\":false,\"postlink\":\"https:\/\/vremeplov.ba\/2025\/pruga-normalnog-kolosijeka\/normalni_kolosijek-8-sarajevo\/\"},{\"id\":21840,\"title\":\"Normalni_kolosijek-9-Rajlovac\",\"url\":\"https:\/\/vremeplov.ba\/2025\/wp-content\/uploads\/2025\/04\/Normalni_kolosijek-9-Rajlovac.jpg\",\"link\":\"https:\/\/vremeplov.ba\/2025\/pruga-normalnog-kolosijeka\/normalni_kolosijek-9-rajlovac\/\",\"alt\":\"\",\"description\":\"\",\"caption\":\"\",\"mime\":\"image\/jpeg\",\"type\":\"image\",\"width\":950,\"height\":951,\"sizes\":{\"full\":{\"url\":\"https:\/\/vremeplov.ba\/2025\/wp-content\/uploads\/2025\/04\/Normalni_kolosijek-9-Rajlovac.jpg\",\"height\":951,\"width\":950,\"orientation\":\"portrait\"}},\"imageMeta\":{\"aperture\":\"0\",\"credit\":\"Sre\u0107ko Ignjatovi\u0107 Sarajevo BiH\",\"camera\":\"HP Scanjet 2400\",\"caption\":\"\",\"created_timestamp\":\"0\",\"copyright\":\"www.photogalerija.com\",\"focal_length\":\"0\",\"iso\":\"0\",\"shutter_speed\":\"0\",\"title\":\"\",\"orientation\":\"1\",\"keywords\":[\"normalni kolosijek\",\"Sarajevo\",\"Zenica\",\"Visoko\",\"Doboj\",\"Blatna\"]},\"meta\":false,\"postlink\":\"https:\/\/vremeplov.ba\/2025\/pruga-normalnog-kolosijeka\/normalni_kolosijek-9-rajlovac\/\"},{\"id\":21841,\"title\":\"Odluka-ZTP\",\"url\":\"https:\/\/vremeplov.ba\/2025\/wp-content\/uploads\/2025\/04\/Odluka-ZTP.jpg\",\"link\":\"https:\/\/vremeplov.ba\/2025\/pruga-normalnog-kolosijeka\/odluka-ztp\/\",\"alt\":\"\",\"description\":\"\",\"caption\":\"\",\"mime\":\"image\/jpeg\",\"type\":\"image\",\"width\":950,\"height\":736,\"sizes\":{\"full\":{\"url\":\"https:\/\/vremeplov.ba\/2025\/wp-content\/uploads\/2025\/04\/Odluka-ZTP.jpg\",\"height\":736,\"width\":950,\"orientation\":\"landscape\"}},\"imageMeta\":{\"aperture\":\"0\",\"credit\":\"Srecko\",\"camera\":\"\",\"caption\":\"\",\"created_timestamp\":\"0\",\"copyright\":\"www.vremeplov.ba\",\"focal_length\":\"0\",\"iso\":\"0\",\"shutter_speed\":\"0\",\"title\":\"\",\"orientation\":\"1\",\"keywords\":[\"\u017eeljeznica\",\"normalne pruge\",\"Bosna\",\"vremeplov\",\"istorija\",\"fotografije\",\"Odluka\",\"\u017dTO\",\"\u017dTP\",\"Sarajevo\"]},\"meta\":false,\"postlink\":\"https:\/\/vremeplov.ba\/2025\/pruga-normalnog-kolosijeka\/odluka-ztp\/\"},{\"id\":21842,\"title\":\"olimpik_151\",\"url\":\"https:\/\/vremeplov.ba\/2025\/wp-content\/uploads\/2025\/04\/olimpik_151.jpg\",\"link\":\"https:\/\/vremeplov.ba\/2025\/pruga-normalnog-kolosijeka\/olimpik_151\/\",\"alt\":\"\",\"description\":\"\",\"caption\":\"\",\"mime\":\"image\/jpeg\",\"type\":\"image\",\"width\":950,\"height\":746,\"sizes\":{\"full\":{\"url\":\"https:\/\/vremeplov.ba\/2025\/wp-content\/uploads\/2025\/04\/olimpik_151.jpg\",\"height\":746,\"width\":950,\"orientation\":\"landscape\"}},\"imageMeta\":{\"aperture\":\"0\",\"credit\":\"Srecko Ignjatovic, Sarajevo\",\"camera\":\"HP Scanjet 2400\",\"caption\":\"\",\"created_timestamp\":\"0\",\"copyright\":\"www.vremeplov.ba\",\"focal_length\":\"0\",\"iso\":\"0\",\"shutter_speed\":\"0\",\"title\":\"\",\"orientation\":\"1\",\"keywords\":[\"vozovi\",\"\u017eeljeznice\",\"pruge\",\"Bosna\",\"kolosijek\",\"Sarajevo\",\"Olimpik\",\"Ekspres\",\"elektromotorne\",\"garniture\",\"MAVAD\",\"vremeplov\"]},\"meta\":false,\"postlink\":\"https:\/\/vremeplov.ba\/2025\/pruga-normalnog-kolosijeka\/olimpik_151\/\"},{\"id\":21843,\"title\":\"Olimpik_Ekspres_lunch\",\"url\":\"https:\/\/vremeplov.ba\/2025\/wp-content\/uploads\/2025\/04\/Olimpik_Ekspres_lunch.jpg\",\"link\":\"https:\/\/vremeplov.ba\/2025\/pruga-normalnog-kolosijeka\/olimpik_ekspres_lunch\/\",\"alt\":\"\",\"description\":\"\",\"caption\":\"\",\"mime\":\"image\/jpeg\",\"type\":\"image\",\"width\":1298,\"height\":1029,\"sizes\":{\"full\":{\"url\":\"https:\/\/vremeplov.ba\/2025\/wp-content\/uploads\/2025\/04\/Olimpik_Ekspres_lunch.jpg\",\"height\":1029,\"width\":1298,\"orientation\":\"landscape\"}},\"imageMeta\":{\"aperture\":\"0\",\"credit\":\"Srecko\",\"camera\":\"HP Scanjet 2400\",\"caption\":\"\",\"created_timestamp\":\"0\",\"copyright\":\"www.vremeplov.ba\",\"focal_length\":\"0\",\"iso\":\"0\",\"shutter_speed\":\"0\",\"title\":\"\",\"orientation\":\"1\",\"keywords\":[\"Sarajevo\",\"stanica\",\"vozovi\",\"putnici\",\"\u017eeljeznica\",\"kolosijek\",\"saobra\u0107aj\",\"vremeplov\",\"Olimpil Ekspres\",\"poslovno\",\"putovanja\",\"luksuz\",\"restoran\",\"Bosna Ekspres\",\"Olimpik\"]},\"meta\":false,\"postlink\":\"https:\/\/vremeplov.ba\/2025\/pruga-normalnog-kolosijeka\/olimpik_ekspres_lunch\/\"},{\"id\":21844,\"title\":\"olimpik_proba\",\"url\":\"https:\/\/vremeplov.ba\/2025\/wp-content\/uploads\/2025\/04\/olimpik_proba.jpg\",\"link\":\"https:\/\/vremeplov.ba\/2025\/pruga-normalnog-kolosijeka\/olimpik_proba\/\",\"alt\":\"\",\"description\":\"\",\"caption\":\"\",\"mime\":\"image\/jpeg\",\"type\":\"image\",\"width\":950,\"height\":671,\"sizes\":{\"full\":{\"url\":\"https:\/\/vremeplov.ba\/2025\/wp-content\/uploads\/2025\/04\/olimpik_proba.jpg\",\"height\":671,\"width\":950,\"orientation\":\"landscape\"}},\"imageMeta\":{\"aperture\":\"0\",\"credit\":\"Srecko Ignjatovic, Sarajevo\",\"camera\":\"HP Scanjet 2400\",\"caption\":\"\",\"created_timestamp\":\"0\",\"copyright\":\"www.vremeplov.ba\",\"focal_length\":\"0\",\"iso\":\"0\",\"shutter_speed\":\"0\",\"title\":\"\",\"orientation\":\"1\",\"keywords\":[\"vozovi\",\"\u017eeljeznice\",\"pruge\",\"Bosna\",\"kolosijek\",\"Sarajevo\",\"Olimpik\",\"Ekspres\",\"elektromotorne\",\"garniture\",\"MAVAD\",\"vremeplov\"]},\"meta\":false,\"postlink\":\"https:\/\/vremeplov.ba\/2025\/pruga-normalnog-kolosijeka\/olimpik_proba\/\"},{\"id\":21845,\"title\":\"Olimpik-EMG-415-1\",\"url\":\"https:\/\/vremeplov.ba\/2025\/wp-content\/uploads\/2025\/04\/Olimpik-EMG-415-1.jpg\",\"link\":\"https:\/\/vremeplov.ba\/2025\/pruga-normalnog-kolosijeka\/olimpik-emg-415-1\/\",\"alt\":\"\",\"description\":\"\",\"caption\":\"\",\"mime\":\"image\/jpeg\",\"type\":\"image\",\"width\":950,\"height\":657,\"sizes\":{\"full\":{\"url\":\"https:\/\/vremeplov.ba\/2025\/wp-content\/uploads\/2025\/04\/Olimpik-EMG-415-1.jpg\",\"height\":657,\"width\":950,\"orientation\":\"landscape\"}},\"imageMeta\":{\"aperture\":\"0\",\"credit\":\"Sre\u0107ko Ignjatovi\u0107 Sarajevo BiH\",\"camera\":\"\",\"caption\":\"\",\"created_timestamp\":\"0\",\"copyright\":\"www.photogalerija.com\",\"focal_length\":\"0\",\"iso\":\"0\",\"shutter_speed\":\"0\",\"title\":\"\",\"orientation\":\"1\",\"keywords\":[\"normalni-kolosijek\",\"olimpik\",\"bosna-ekspres\",\"mostar\",\"sarajevo\",\"biffe\"]},\"meta\":false,\"postlink\":\"https:\/\/vremeplov.ba\/2025\/pruga-normalnog-kolosijeka\/olimpik-emg-415-1\/\"},{\"id\":21846,\"title\":\"Olimpik-EMG-415-2\",\"url\":\"https:\/\/vremeplov.ba\/2025\/wp-content\/uploads\/2025\/04\/Olimpik-EMG-415-2.jpg\",\"link\":\"https:\/\/vremeplov.ba\/2025\/pruga-normalnog-kolosijeka\/olimpik-emg-415-2\/\",\"alt\":\"\",\"description\":\"\",\"caption\":\"\",\"mime\":\"image\/jpeg\",\"type\":\"image\",\"width\":950,\"height\":667,\"sizes\":{\"full\":{\"url\":\"https:\/\/vremeplov.ba\/2025\/wp-content\/uploads\/2025\/04\/Olimpik-EMG-415-2.jpg\",\"height\":667,\"width\":950,\"orientation\":\"landscape\"}},\"imageMeta\":{\"aperture\":\"0\",\"credit\":\"Sre\u0107ko Ignjatovi\u0107 Sarajevo BiH\",\"camera\":\"\",\"caption\":\"\",\"created_timestamp\":\"0\",\"copyright\":\"www.photogalerija.com\",\"focal_length\":\"0\",\"iso\":\"0\",\"shutter_speed\":\"0\",\"title\":\"\",\"orientation\":\"1\",\"keywords\":[\"normalni-kolosijek\",\"olimpik\",\"bosna-ekspres\",\"mostar\",\"sarajevo\",\"biffe\"]},\"meta\":false,\"postlink\":\"https:\/\/vremeplov.ba\/2025\/pruga-normalnog-kolosijeka\/olimpik-emg-415-2\/\"},{\"id\":21847,\"title\":\"Olimpik-EMG-415-3\",\"url\":\"https:\/\/vremeplov.ba\/2025\/wp-content\/uploads\/2025\/04\/Olimpik-EMG-415-3.jpg\",\"link\":\"https:\/\/vremeplov.ba\/2025\/pruga-normalnog-kolosijeka\/olimpik-emg-415-3\/\",\"alt\":\"\",\"description\":\"\",\"caption\":\"\",\"mime\":\"image\/jpeg\",\"type\":\"image\",\"width\":950,\"height\":705,\"sizes\":{\"full\":{\"url\":\"https:\/\/vremeplov.ba\/2025\/wp-content\/uploads\/2025\/04\/Olimpik-EMG-415-3.jpg\",\"height\":705,\"width\":950,\"orientation\":\"landscape\"}},\"imageMeta\":{\"aperture\":\"0\",\"credit\":\"Sre\u0107ko Ignjatovi\u0107 Sarajevo BiH\",\"camera\":\"\",\"caption\":\"\",\"created_timestamp\":\"0\",\"copyright\":\"www.photogalerija.com\",\"focal_length\":\"0\",\"iso\":\"0\",\"shutter_speed\":\"0\",\"title\":\"\",\"orientation\":\"1\",\"keywords\":[\"normalni-kolosijek\",\"olimpik\",\"bosna-ekspres\",\"mostar\",\"sarajevo\",\"biffe\"]},\"meta\":false,\"postlink\":\"https:\/\/vremeplov.ba\/2025\/pruga-normalnog-kolosijeka\/olimpik-emg-415-3\/\"},{\"id\":21848,\"title\":\"Olimpik-EMG-415-4\",\"url\":\"https:\/\/vremeplov.ba\/2025\/wp-content\/uploads\/2025\/04\/Olimpik-EMG-415-4.jpg\",\"link\":\"https:\/\/vremeplov.ba\/2025\/pruga-normalnog-kolosijeka\/olimpik-emg-415-4\/\",\"alt\":\"\",\"description\":\"\",\"caption\":\"\",\"mime\":\"image\/jpeg\",\"type\":\"image\",\"width\":950,\"height\":627,\"sizes\":{\"full\":{\"url\":\"https:\/\/vremeplov.ba\/2025\/wp-content\/uploads\/2025\/04\/Olimpik-EMG-415-4.jpg\",\"height\":627,\"width\":950,\"orientation\":\"landscape\"}},\"imageMeta\":{\"aperture\":\"0\",\"credit\":\"Sre\u0107ko Ignjatovi\u0107 Sarajevo BiH\",\"camera\":\"\",\"caption\":\"\",\"created_timestamp\":\"0\",\"copyright\":\"www.photogalerija.com\",\"focal_length\":\"0\",\"iso\":\"0\",\"shutter_speed\":\"0\",\"title\":\"\",\"orientation\":\"1\",\"keywords\":[\"normalni-kolosijek\",\"olimpik\",\"bosna-ekspres\",\"mostar\",\"sarajevo\",\"biffe\"]},\"meta\":false,\"postlink\":\"https:\/\/vremeplov.ba\/2025\/pruga-normalnog-kolosijeka\/olimpik-emg-415-4\/\"},{\"id\":21849,\"title\":\"Omarska_Militar\",\"url\":\"https:\/\/vremeplov.ba\/2025\/wp-content\/uploads\/2025\/04\/Omarska_Militar.jpg\",\"link\":\"https:\/\/vremeplov.ba\/2025\/pruga-normalnog-kolosijeka\/omarska_militar\/\",\"alt\":\"\",\"description\":\"\",\"caption\":\"\",\"mime\":\"image\/jpeg\",\"type\":\"image\",\"width\":950,\"height\":657,\"sizes\":{\"full\":{\"url\":\"https:\/\/vremeplov.ba\/2025\/wp-content\/uploads\/2025\/04\/Omarska_Militar.jpg\",\"height\":657,\"width\":950,\"orientation\":\"landscape\"}},\"imageMeta\":{\"aperture\":\"0\",\"credit\":\"Sre\u0107ko Ignjatovi\u0107 Sarajevo BiH\",\"camera\":\"\",\"caption\":\"\",\"created_timestamp\":\"0\",\"copyright\":\"www.photogalerija.com\",\"focal_length\":\"0\",\"iso\":\"0\",\"shutter_speed\":\"0\",\"title\":\"\",\"orientation\":\"1\",\"keywords\":[\"normalni kolosijek\",\"istorija\",\"stanice\",\"\u017eeljeznica\"]},\"meta\":false,\"postlink\":\"https:\/\/vremeplov.ba\/2025\/pruga-normalnog-kolosijeka\/omarska_militar\/\"},{\"id\":21850,\"title\":\"ORA_78_Zenica-1\",\"url\":\"https:\/\/vremeplov.ba\/2025\/wp-content\/uploads\/2025\/04\/ORA_78_Zenica-1.jpg\",\"link\":\"https:\/\/vremeplov.ba\/2025\/pruga-normalnog-kolosijeka\/ora_78_zenica-1\/\",\"alt\":\"\",\"description\":\"\",\"caption\":\"\",\"mime\":\"image\/jpeg\",\"type\":\"image\",\"width\":950,\"height\":609,\"sizes\":{\"full\":{\"url\":\"https:\/\/vremeplov.ba\/2025\/wp-content\/uploads\/2025\/04\/ORA_78_Zenica-1.jpg\",\"height\":609,\"width\":950,\"orientation\":\"landscape\"}},\"imageMeta\":{\"aperture\":\"0\",\"credit\":\"Sre\u0107ko Ignjatovi\u0107 Sarajevo BiH\",\"camera\":\"\",\"caption\":\"\",\"created_timestamp\":\"0\",\"copyright\":\"www.photogalerija.com\",\"focal_length\":\"0\",\"iso\":\"0\",\"shutter_speed\":\"0\",\"title\":\"\",\"orientation\":\"1\",\"keywords\":[\"elektrifikacija pruge\",\"Sarajevo\",\"Doboj\",\"Zenica\",\"Oslobo\u0111enj\",\"Jahorina ekspres\"]},\"meta\":false,\"postlink\":\"https:\/\/vremeplov.ba\/2025\/pruga-normalnog-kolosijeka\/ora_78_zenica-1\/\"},{\"id\":21851,\"title\":\"ORA_78_Zenica-2\",\"url\":\"https:\/\/vremeplov.ba\/2025\/wp-content\/uploads\/2025\/04\/ORA_78_Zenica-2.jpg\",\"link\":\"https:\/\/vremeplov.ba\/2025\/pruga-normalnog-kolosijeka\/ora_78_zenica-2\/\",\"alt\":\"\",\"description\":\"\",\"caption\":\"\",\"mime\":\"image\/jpeg\",\"type\":\"image\",\"width\":950,\"height\":603,\"sizes\":{\"full\":{\"url\":\"https:\/\/vremeplov.ba\/2025\/wp-content\/uploads\/2025\/04\/ORA_78_Zenica-2.jpg\",\"height\":603,\"width\":950,\"orientation\":\"landscape\"}},\"imageMeta\":{\"aperture\":\"0\",\"credit\":\"Sre\u0107ko Ignjatovi\u0107 Sarajevo BiH\",\"camera\":\"\",\"caption\":\"\",\"created_timestamp\":\"0\",\"copyright\":\"www.photogalerija.com\",\"focal_length\":\"0\",\"iso\":\"0\",\"shutter_speed\":\"0\",\"title\":\"\",\"orientation\":\"1\",\"keywords\":[\"elektrifikacija pruge\",\"Sarajevo\",\"Doboj\",\"Zenica\",\"Oslobo\u0111enj\",\"Jahorina ekspres\"]},\"meta\":false,\"postlink\":\"https:\/\/vremeplov.ba\/2025\/pruga-normalnog-kolosijeka\/ora_78_zenica-2\/\"},{\"id\":21852,\"title\":\"ORA_78_Zenica-3\",\"url\":\"https:\/\/vremeplov.ba\/2025\/wp-content\/uploads\/2025\/04\/ORA_78_Zenica-3.jpg\",\"link\":\"https:\/\/vremeplov.ba\/2025\/pruga-normalnog-kolosijeka\/ora_78_zenica-3\/\",\"alt\":\"\",\"description\":\"\",\"caption\":\"\",\"mime\":\"image\/jpeg\",\"type\":\"image\",\"width\":950,\"height\":602,\"sizes\":{\"full\":{\"url\":\"https:\/\/vremeplov.ba\/2025\/wp-content\/uploads\/2025\/04\/ORA_78_Zenica-3.jpg\",\"height\":602,\"width\":950,\"orientation\":\"landscape\"}},\"imageMeta\":{\"aperture\":\"0\",\"credit\":\"Sre\u0107ko Ignjatovi\u0107 Sarajevo BiH\",\"camera\":\"\",\"caption\":\"\",\"created_timestamp\":\"0\",\"copyright\":\"www.photogalerija.com\",\"focal_length\":\"0\",\"iso\":\"0\",\"shutter_speed\":\"0\",\"title\":\"\",\"orientation\":\"1\",\"keywords\":[\"elektrifikacija pruge\",\"Sarajevo\",\"Doboj\",\"Zenica\",\"Oslobo\u0111enj\",\"Jahorina ekspres\"]},\"meta\":false,\"postlink\":\"https:\/\/vremeplov.ba\/2025\/pruga-normalnog-kolosijeka\/ora_78_zenica-3\/\"},{\"id\":21853,\"title\":\"ORA_78_Zenica-4\",\"url\":\"https:\/\/vremeplov.ba\/2025\/wp-content\/uploads\/2025\/04\/ORA_78_Zenica-4.jpg\",\"link\":\"https:\/\/vremeplov.ba\/2025\/pruga-normalnog-kolosijeka\/ora_78_zenica-4\/\",\"alt\":\"\",\"description\":\"\",\"caption\":\"\",\"mime\":\"image\/jpeg\",\"type\":\"image\",\"width\":950,\"height\":599,\"sizes\":{\"full\":{\"url\":\"https:\/\/vremeplov.ba\/2025\/wp-content\/uploads\/2025\/04\/ORA_78_Zenica-4.jpg\",\"height\":599,\"width\":950,\"orientation\":\"landscape\"}},\"imageMeta\":{\"aperture\":\"0\",\"credit\":\"Sre\u0107ko Ignjatovi\u0107 Sarajevo BiH\",\"camera\":\"\",\"caption\":\"\",\"created_timestamp\":\"0\",\"copyright\":\"www.photogalerija.com\",\"focal_length\":\"0\",\"iso\":\"0\",\"shutter_speed\":\"0\",\"title\":\"\",\"orientation\":\"1\",\"keywords\":[\"elektrifikacija pruge\",\"Sarajevo\",\"Doboj\",\"Zenica\",\"Oslobo\u0111enj\",\"Jahorina ekspres\"]},\"meta\":false,\"postlink\":\"https:\/\/vremeplov.ba\/2025\/pruga-normalnog-kolosijeka\/ora_78_zenica-4\/\"},{\"id\":21854,\"title\":\"orb-unska-prega\",\"url\":\"https:\/\/vremeplov.ba\/2025\/wp-content\/uploads\/2025\/04\/orb-unska-prega.jpg\",\"link\":\"https:\/\/vremeplov.ba\/2025\/pruga-normalnog-kolosijeka\/orb-unska-prega\/\",\"alt\":\"\",\"description\":\"\",\"caption\":\"\",\"mime\":\"image\/jpeg\",\"type\":\"image\",\"width\":950,\"height\":666,\"sizes\":{\"full\":{\"url\":\"https:\/\/vremeplov.ba\/2025\/wp-content\/uploads\/2025\/04\/orb-unska-prega.jpg\",\"height\":666,\"width\":950,\"orientation\":\"landscape\"}},\"imageMeta\":{\"aperture\":\"0\",\"credit\":\"Srecko\",\"camera\":\"\",\"caption\":\"\",\"created_timestamp\":\"0\",\"copyright\":\"www.vremeplov.ba\",\"focal_length\":\"0\",\"iso\":\"0\",\"shutter_speed\":\"0\",\"title\":\"\",\"orientation\":\"1\",\"keywords\":[\"\u017eeljeznica\",\"normalne pruge\",\"Bosna\",\"vremeplov\",\"istorija\",\"fotografije\",\"unska pruga\"]},\"meta\":false,\"postlink\":\"https:\/\/vremeplov.ba\/2025\/pruga-normalnog-kolosijeka\/orb-unska-prega\/\"},{\"id\":21855,\"title\":\"Ormanica\",\"url\":\"https:\/\/vremeplov.ba\/2025\/wp-content\/uploads\/2025\/04\/Ormanica.jpg\",\"link\":\"https:\/\/vremeplov.ba\/2025\/pruga-normalnog-kolosijeka\/ormanica\/\",\"alt\":\"\",\"description\":\"\",\"caption\":\"\",\"mime\":\"image\/jpeg\",\"type\":\"image\",\"width\":950,\"height\":649,\"sizes\":{\"full\":{\"url\":\"https:\/\/vremeplov.ba\/2025\/wp-content\/uploads\/2025\/04\/Ormanica.jpg\",\"height\":649,\"width\":950,\"orientation\":\"landscape\"}},\"imageMeta\":{\"aperture\":\"0\",\"credit\":\"Srecko Ignjatovic, Sarajevo\",\"camera\":\"\",\"caption\":\"\",\"created_timestamp\":\"0\",\"copyright\":\"www.vremeplov.ba\",\"focal_length\":\"0\",\"iso\":\"0\",\"shutter_speed\":\"0\",\"title\":\"\",\"orientation\":\"1\",\"keywords\":[\"Ormanica\",\"\u017eeljeznice\",\"pruge\",\"normalni\",\"kolosijek\",\"Bosnia\",\"J\u017d\",\"JD\u017d\",\"vremeplov\"]},\"meta\":false,\"postlink\":\"https:\/\/vremeplov.ba\/2025\/pruga-normalnog-kolosijeka\/ormanica\/\"},{\"id\":21856,\"title\":\"Ostrozac_poplave\",\"url\":\"https:\/\/vremeplov.ba\/2025\/wp-content\/uploads\/2025\/04\/Ostrozac_poplave.jpg\",\"link\":\"https:\/\/vremeplov.ba\/2025\/pruga-normalnog-kolosijeka\/ostrozac_poplave\/\",\"alt\":\"\",\"description\":\"\",\"caption\":\"\",\"mime\":\"image\/jpeg\",\"type\":\"image\",\"width\":950,\"height\":696,\"sizes\":{\"full\":{\"url\":\"https:\/\/vremeplov.ba\/2025\/wp-content\/uploads\/2025\/04\/Ostrozac_poplave.jpg\",\"height\":696,\"width\":950,\"orientation\":\"landscape\"}},\"imageMeta\":{\"aperture\":\"0\",\"credit\":\"Sre\u0107ko Ignjatovi\u0107 Sarajevo BiH\",\"camera\":\"\",\"caption\":\"\",\"created_timestamp\":\"0\",\"copyright\":\"www.photogalerija.com\",\"focal_length\":\"0\",\"iso\":\"0\",\"shutter_speed\":\"0\",\"title\":\"\",\"orientation\":\"1\",\"keywords\":[\"Normani kolosijek\",\"EMV 411\",\"\u0161inobus\",\"sarajevo novo\",\"\u017eeljeznica\"]},\"meta\":false,\"postlink\":\"https:\/\/vremeplov.ba\/2025\/pruga-normalnog-kolosijeka\/ostrozac_poplave\/\"},{\"id\":21857,\"title\":\"Otoka_bosanska\",\"url\":\"https:\/\/vremeplov.ba\/2025\/wp-content\/uploads\/2025\/04\/Otoka_bosanska.jpg\",\"link\":\"https:\/\/vremeplov.ba\/2025\/pruga-normalnog-kolosijeka\/otoka_bosanska\/\",\"alt\":\"\",\"description\":\"\",\"caption\":\"\",\"mime\":\"image\/jpeg\",\"type\":\"image\",\"width\":950,\"height\":610,\"sizes\":{\"full\":{\"url\":\"https:\/\/vremeplov.ba\/2025\/wp-content\/uploads\/2025\/04\/Otoka_bosanska.jpg\",\"height\":610,\"width\":950,\"orientation\":\"landscape\"}},\"imageMeta\":{\"aperture\":\"0\",\"credit\":\"Srecko Ignjatovic, Sarajevo, BiH\",\"camera\":\"\",\"caption\":\"\",\"created_timestamp\":\"1486315092\",\"copyright\":\"www.vremeplov.ba\",\"focal_length\":\"0\",\"iso\":\"0\",\"shutter_speed\":\"0\",\"title\":\"\",\"orientation\":\"1\",\"keywords\":[\"normalni kolosijek\",\"\u017eeljeznica\",\"vozovi\",\"vremeplov\",\"stanice\",\"\u0161ine\",\"remont\",\"otoka\",\"bosanska\"]},\"meta\":false,\"postlink\":\"https:\/\/vremeplov.ba\/2025\/pruga-normalnog-kolosijeka\/otoka_bosanska\/\"},{\"id\":21858,\"title\":\"Ovcari-1970\",\"url\":\"https:\/\/vremeplov.ba\/2025\/wp-content\/uploads\/2025\/04\/Ovcari-1970.jpg\",\"link\":\"https:\/\/vremeplov.ba\/2025\/pruga-normalnog-kolosijeka\/ovcari-1970\/\",\"alt\":\"\",\"description\":\"\",\"caption\":\"\",\"mime\":\"image\/jpeg\",\"type\":\"image\",\"width\":950,\"height\":671,\"sizes\":{\"full\":{\"url\":\"https:\/\/vremeplov.ba\/2025\/wp-content\/uploads\/2025\/04\/Ovcari-1970.jpg\",\"height\":671,\"width\":950,\"orientation\":\"landscape\"}},\"imageMeta\":{\"aperture\":\"0\",\"credit\":\"Srecko\",\"camera\":\"\",\"caption\":\"\",\"created_timestamp\":\"0\",\"copyright\":\"www.vremeplov.ba\",\"focal_length\":\"0\",\"iso\":\"0\",\"shutter_speed\":\"0\",\"title\":\"\",\"orientation\":\"1\",\"keywords\":[\"\u017eeljeznica\",\"normalne pruge\",\"Bosna\",\"vremeplov\",\"istorija\",\"fotografije\",\"Ov\u010dari\",\"Ju\u017ena preuga\",\"Narentabahn\"]},\"meta\":false,\"postlink\":\"https:\/\/vremeplov.ba\/2025\/pruga-normalnog-kolosijeka\/ovcari-1970\/\"},{\"id\":21859,\"title\":\"Photo-rail\",\"url\":\"https:\/\/vremeplov.ba\/2025\/wp-content\/uploads\/2025\/04\/Photo-rail.jpg\",\"link\":\"https:\/\/vremeplov.ba\/2025\/pruga-normalnog-kolosijeka\/photo-rail\/\",\"alt\":\"\",\"description\":\"\",\"caption\":\"\",\"mime\":\"image\/jpeg\",\"type\":\"image\",\"width\":950,\"height\":670,\"sizes\":{\"full\":{\"url\":\"https:\/\/vremeplov.ba\/2025\/wp-content\/uploads\/2025\/04\/Photo-rail.jpg\",\"height\":670,\"width\":950,\"orientation\":\"landscape\"}},\"imageMeta\":{\"aperture\":\"0\",\"credit\":\"\",\"camera\":\"\",\"caption\":\"\",\"created_timestamp\":\"0\",\"copyright\":\"\",\"focal_length\":\"0\",\"iso\":\"0\",\"shutter_speed\":\"0\",\"title\":\"\",\"orientation\":\"1\",\"keywords\":[]},\"meta\":false,\"postlink\":\"https:\/\/vremeplov.ba\/2025\/pruga-normalnog-kolosijeka\/photo-rail\/\"},{\"id\":21860,\"title\":\"Plavi_voz_Tito\",\"url\":\"https:\/\/vremeplov.ba\/2025\/wp-content\/uploads\/2025\/04\/Plavi_voz_Tito.jpg\",\"link\":\"https:\/\/vremeplov.ba\/2025\/pruga-normalnog-kolosijeka\/plavi_voz_tito\/\",\"alt\":\"\",\"description\":\"\",\"caption\":\"\",\"mime\":\"image\/jpeg\",\"type\":\"image\",\"width\":950,\"height\":687,\"sizes\":{\"full\":{\"url\":\"https:\/\/vremeplov.ba\/2025\/wp-content\/uploads\/2025\/04\/Plavi_voz_Tito.jpg\",\"height\":687,\"width\":950,\"orientation\":\"landscape\"}},\"imageMeta\":{\"aperture\":\"0\",\"credit\":\"Srecko Ignjatovic, Sarajevo\",\"camera\":\"HP Scanjet 2400\",\"caption\":\"\",\"created_timestamp\":\"0\",\"copyright\":\"www.vremeplov.ba\",\"focal_length\":\"0\",\"iso\":\"0\",\"shutter_speed\":\"0\",\"title\":\"\",\"orientation\":\"1\",\"keywords\":[\"vozovi\",\"\u017eeljeznice\",\"pruge\",\"Bosna\",\"kolosijek\",\"Sarajevo\",\"Olimpik\",\"Ekspres\",\"elektromotorne\",\"garniture\",\"MAVAD\",\"vremeplov\",\"Tito\",\"Jovanka\",\"Hamdija\",\"Pozderac\",\"Branko\",\"Mikuli\u0107\"]},\"meta\":false,\"postlink\":\"https:\/\/vremeplov.ba\/2025\/pruga-normalnog-kolosijeka\/plavi_voz_tito\/\"},{\"id\":21861,\"title\":\"Ploce_Kardeljevo_1982\",\"url\":\"https:\/\/vremeplov.ba\/2025\/wp-content\/uploads\/2025\/04\/Ploce_Kardeljevo_1982.jpg\",\"link\":\"https:\/\/vremeplov.ba\/2025\/pruga-normalnog-kolosijeka\/ploce_kardeljevo_1982\/\",\"alt\":\"\",\"description\":\"\",\"caption\":\"\",\"mime\":\"image\/jpeg\",\"type\":\"image\",\"width\":950,\"height\":635,\"sizes\":{\"full\":{\"url\":\"https:\/\/vremeplov.ba\/2025\/wp-content\/uploads\/2025\/04\/Ploce_Kardeljevo_1982.jpg\",\"height\":635,\"width\":950,\"orientation\":\"landscape\"}},\"imageMeta\":{\"aperture\":\"0\",\"credit\":\"Srecko Ignjatovic, Sarajevo, BiH\",\"camera\":\"\",\"caption\":\"\",\"created_timestamp\":\"0\",\"copyright\":\"www.vremeplov.ba\",\"focal_length\":\"0\",\"iso\":\"0\",\"shutter_speed\":\"0\",\"title\":\"\",\"orientation\":\"1\",\"keywords\":[\"Plo\u010de\",\"Kardeljevo\",\"stanica\",\"\u017eeljeznica\",\"Luka Plo\u010de\"]},\"meta\":false,\"postlink\":\"https:\/\/vremeplov.ba\/2025\/pruga-normalnog-kolosijeka\/ploce_kardeljevo_1982\/\"},{\"id\":21862,\"title\":\"Ploce_Kardeljevo_more\",\"url\":\"https:\/\/vremeplov.ba\/2025\/wp-content\/uploads\/2025\/04\/Ploce_Kardeljevo_more.jpg\",\"link\":\"https:\/\/vremeplov.ba\/2025\/pruga-normalnog-kolosijeka\/ploce_kardeljevo_more\/\",\"alt\":\"\",\"description\":\"\",\"caption\":\"\",\"mime\":\"image\/jpeg\",\"type\":\"image\",\"width\":950,\"height\":471,\"sizes\":{\"full\":{\"url\":\"https:\/\/vremeplov.ba\/2025\/wp-content\/uploads\/2025\/04\/Ploce_Kardeljevo_more.jpg\",\"height\":471,\"width\":950,\"orientation\":\"landscape\"}},\"imageMeta\":{\"aperture\":\"1.9\",\"credit\":\"Srecko Ignjatovic, Sarajevo, BiH\",\"camera\":\"SM-J500FN\",\"caption\":\"\",\"created_timestamp\":\"1478715297\",\"copyright\":\"www.vremeplov.ba\",\"focal_length\":\"3.7\",\"iso\":\"200\",\"shutter_speed\":\"0.058823529411765\",\"title\":\"\",\"orientation\":\"1\",\"keywords\":[\"\u017eeljeznice\",\"Plo\u010de\",\"Sarajevo\",\"uzani kolosijek\",\"uzani\"]},\"meta\":false,\"postlink\":\"https:\/\/vremeplov.ba\/2025\/pruga-normalnog-kolosijeka\/ploce_kardeljevo_more\/\"},{\"id\":21863,\"title\":\"Ploce_norm_kol-1\",\"url\":\"https:\/\/vremeplov.ba\/2025\/wp-content\/uploads\/2025\/04\/Ploce_norm_kol-1.jpg\",\"link\":\"https:\/\/vremeplov.ba\/2025\/pruga-normalnog-kolosijeka\/ploce_norm_kol-1\/\",\"alt\":\"\",\"description\":\"\",\"caption\":\"\",\"mime\":\"image\/jpeg\",\"type\":\"image\",\"width\":950,\"height\":609,\"sizes\":{\"full\":{\"url\":\"https:\/\/vremeplov.ba\/2025\/wp-content\/uploads\/2025\/04\/Ploce_norm_kol-1.jpg\",\"height\":609,\"width\":950,\"orientation\":\"landscape\"}},\"imageMeta\":{\"aperture\":\"0\",\"credit\":\"Srecko Ignjatovic, Sarajevo, BiH\",\"camera\":\"\",\"caption\":\"\",\"created_timestamp\":\"0\",\"copyright\":\"www.photogalerija.com\",\"focal_length\":\"0\",\"iso\":\"0\",\"shutter_speed\":\"0\",\"title\":\"\",\"orientation\":\"1\",\"keywords\":[\"Plo\u010de\",\"Kardeljevo\",\"normalni kolosijek\",\"kolnica\",\"radionica\"]},\"meta\":false,\"postlink\":\"https:\/\/vremeplov.ba\/2025\/pruga-normalnog-kolosijeka\/ploce_norm_kol-1\/\"},{\"id\":21864,\"title\":\"Ploce_norm_kol-2\",\"url\":\"https:\/\/vremeplov.ba\/2025\/wp-content\/uploads\/2025\/04\/Ploce_norm_kol-2.jpg\",\"link\":\"https:\/\/vremeplov.ba\/2025\/pruga-normalnog-kolosijeka\/ploce_norm_kol-2\/\",\"alt\":\"\",\"description\":\"\",\"caption\":\"\",\"mime\":\"image\/jpeg\",\"type\":\"image\",\"width\":950,\"height\":660,\"sizes\":{\"full\":{\"url\":\"https:\/\/vremeplov.ba\/2025\/wp-content\/uploads\/2025\/04\/Ploce_norm_kol-2.jpg\",\"height\":660,\"width\":950,\"orientation\":\"landscape\"}},\"imageMeta\":{\"aperture\":\"0\",\"credit\":\"Srecko Ignjatovic, Sarajevo, BiH\",\"camera\":\"\",\"caption\":\"\",\"created_timestamp\":\"0\",\"copyright\":\"www.photogalerija.com\",\"focal_length\":\"0\",\"iso\":\"0\",\"shutter_speed\":\"0\",\"title\":\"\",\"orientation\":\"1\",\"keywords\":[\"Plo\u010de\",\"Kardeljevo\",\"normalni kolosijek\",\"kolnica\",\"radionica\"]},\"meta\":false,\"postlink\":\"https:\/\/vremeplov.ba\/2025\/pruga-normalnog-kolosijeka\/ploce_norm_kol-2\/\"},{\"id\":21865,\"title\":\"Ploce_norm_kol-3\",\"url\":\"https:\/\/vremeplov.ba\/2025\/wp-content\/uploads\/2025\/04\/Ploce_norm_kol-3.jpg\",\"link\":\"https:\/\/vremeplov.ba\/2025\/pruga-normalnog-kolosijeka\/ploce_norm_kol-3\/\",\"alt\":\"\",\"description\":\"\",\"caption\":\"\",\"mime\":\"image\/jpeg\",\"type\":\"image\",\"width\":950,\"height\":600,\"sizes\":{\"full\":{\"url\":\"https:\/\/vremeplov.ba\/2025\/wp-content\/uploads\/2025\/04\/Ploce_norm_kol-3.jpg\",\"height\":600,\"width\":950,\"orientation\":\"landscape\"}},\"imageMeta\":{\"aperture\":\"0\",\"credit\":\"Srecko Ignjatovic, Sarajevo, BiH\",\"camera\":\"\",\"caption\":\"\",\"created_timestamp\":\"0\",\"copyright\":\"www.photogalerija.com\",\"focal_length\":\"0\",\"iso\":\"0\",\"shutter_speed\":\"0\",\"title\":\"\",\"orientation\":\"1\",\"keywords\":[\"Plo\u010de\",\"Kardeljevo\",\"normalni kolosijek\",\"kolnica\",\"radionica\"]},\"meta\":false,\"postlink\":\"https:\/\/vremeplov.ba\/2025\/pruga-normalnog-kolosijeka\/ploce_norm_kol-3\/\"},{\"id\":21866,\"title\":\"ploce_proslava-1\",\"url\":\"https:\/\/vremeplov.ba\/2025\/wp-content\/uploads\/2025\/04\/ploce_proslava-1.jpg\",\"link\":\"https:\/\/vremeplov.ba\/2025\/pruga-normalnog-kolosijeka\/ploce_proslava-1\/\",\"alt\":\"\",\"description\":\"\",\"caption\":\"\",\"mime\":\"image\/jpeg\",\"type\":\"image\",\"width\":950,\"height\":610,\"sizes\":{\"full\":{\"url\":\"https:\/\/vremeplov.ba\/2025\/wp-content\/uploads\/2025\/04\/ploce_proslava-1.jpg\",\"height\":610,\"width\":950,\"orientation\":\"landscape\"}},\"imageMeta\":{\"aperture\":\"0\",\"credit\":\"\",\"camera\":\"\",\"caption\":\"\",\"created_timestamp\":\"0\",\"copyright\":\"\",\"focal_length\":\"0\",\"iso\":\"0\",\"shutter_speed\":\"0\",\"title\":\"\",\"orientation\":\"1\",\"keywords\":[]},\"meta\":false,\"postlink\":\"https:\/\/vremeplov.ba\/2025\/pruga-normalnog-kolosijeka\/ploce_proslava-1\/\"},{\"id\":21867,\"title\":\"ploce_proslava-2\",\"url\":\"https:\/\/vremeplov.ba\/2025\/wp-content\/uploads\/2025\/04\/ploce_proslava-2.jpg\",\"link\":\"https:\/\/vremeplov.ba\/2025\/pruga-normalnog-kolosijeka\/ploce_proslava-2\/\",\"alt\":\"\",\"description\":\"\",\"caption\":\"\",\"mime\":\"image\/jpeg\",\"type\":\"image\",\"width\":950,\"height\":598,\"sizes\":{\"full\":{\"url\":\"https:\/\/vremeplov.ba\/2025\/wp-content\/uploads\/2025\/04\/ploce_proslava-2.jpg\",\"height\":598,\"width\":950,\"orientation\":\"landscape\"}},\"imageMeta\":{\"aperture\":\"0\",\"credit\":\"\",\"camera\":\"\",\"caption\":\"\",\"created_timestamp\":\"0\",\"copyright\":\"\",\"focal_length\":\"0\",\"iso\":\"0\",\"shutter_speed\":\"0\",\"title\":\"\",\"orientation\":\"1\",\"keywords\":[]},\"meta\":false,\"postlink\":\"https:\/\/vremeplov.ba\/2025\/pruga-normalnog-kolosijeka\/ploce_proslava-2\/\"},{\"id\":21868,\"title\":\"Podlugovi-1982.\",\"url\":\"https:\/\/vremeplov.ba\/2025\/wp-content\/uploads\/2025\/04\/Podlugovi-1982.jpg\",\"link\":\"https:\/\/vremeplov.ba\/2025\/pruga-normalnog-kolosijeka\/podlugovi-1982\/\",\"alt\":\"\",\"description\":\"\",\"caption\":\"\",\"mime\":\"image\/jpeg\",\"type\":\"image\",\"width\":950,\"height\":709,\"sizes\":{\"full\":{\"url\":\"https:\/\/vremeplov.ba\/2025\/wp-content\/uploads\/2025\/04\/Podlugovi-1982.jpg\",\"height\":709,\"width\":950,\"orientation\":\"landscape\"}},\"imageMeta\":{\"aperture\":\"0\",\"credit\":\"Srecko\",\"camera\":\"\",\"caption\":\"\",\"created_timestamp\":\"0\",\"copyright\":\"www.vremeplov.ba\",\"focal_length\":\"0\",\"iso\":\"0\",\"shutter_speed\":\"0\",\"title\":\"\",\"orientation\":\"1\",\"keywords\":[\"\u017eeljeznica\",\"normalne pruge\",\"Bosna\",\"vremeplov\",\"istorija\",\"fotografije\",\"Podlugovi\",\"stanica\"]},\"meta\":false,\"postlink\":\"https:\/\/vremeplov.ba\/2025\/pruga-normalnog-kolosijeka\/podlugovi-1982\/\"},{\"id\":21869,\"title\":\"Portal_ZTP_Sarajevo.1.\",\"url\":\"https:\/\/vremeplov.ba\/2025\/wp-content\/uploads\/2025\/04\/Portal_ZTP_Sarajevo.1.jpg\",\"link\":\"https:\/\/vremeplov.ba\/2025\/pruga-normalnog-kolosijeka\/portal_ztp_sarajevo-1\/\",\"alt\":\"\",\"description\":\"\",\"caption\":\"\",\"mime\":\"image\/jpeg\",\"type\":\"image\",\"width\":613,\"height\":1000,\"sizes\":{\"full\":{\"url\":\"https:\/\/vremeplov.ba\/2025\/wp-content\/uploads\/2025\/04\/Portal_ZTP_Sarajevo.1.jpg\",\"height\":1000,\"width\":613,\"orientation\":\"portrait\"}},\"imageMeta\":{\"aperture\":\"0\",\"credit\":\"\",\"camera\":\"HP Scanjet 2400\",\"caption\":\"\",\"created_timestamp\":\"0\",\"copyright\":\"www.vremeplov.ba\",\"focal_length\":\"0\",\"iso\":\"0\",\"shutter_speed\":\"0\",\"title\":\"\",\"orientation\":\"1\",\"keywords\":[\"\u017eeljeznice\",\"normalni\",\"kolosijek\",\"pruge\",\"lokomotiva\",\"441\",\"emg411 415\",\"olimpik\",\"voz\",\"vozovi\",\"vremeplov\"]},\"meta\":false,\"postlink\":\"https:\/\/vremeplov.ba\/2025\/pruga-normalnog-kolosijeka\/portal_ztp_sarajevo-1\/\"},{\"id\":21870,\"title\":\"Poslovni_Voz\",\"url\":\"https:\/\/vremeplov.ba\/2025\/wp-content\/uploads\/2025\/04\/Poslovni_Voz.jpg\",\"link\":\"https:\/\/vremeplov.ba\/2025\/pruga-normalnog-kolosijeka\/poslovni_voz\/\",\"alt\":\"\",\"description\":\"\",\"caption\":\"\",\"mime\":\"image\/jpeg\",\"type\":\"image\",\"width\":1000,\"height\":795,\"sizes\":{\"full\":{\"url\":\"https:\/\/vremeplov.ba\/2025\/wp-content\/uploads\/2025\/04\/Poslovni_Voz.jpg\",\"height\":795,\"width\":1000,\"orientation\":\"landscape\"}},\"imageMeta\":{\"aperture\":\"0\",\"credit\":\"\",\"camera\":\"HP Scanjet 2400\",\"caption\":\"\",\"created_timestamp\":\"0\",\"copyright\":\"\",\"focal_length\":\"0\",\"iso\":\"0\",\"shutter_speed\":\"0\",\"title\":\"\",\"orientation\":\"1\",\"keywords\":[]},\"meta\":false,\"postlink\":\"https:\/\/vremeplov.ba\/2025\/pruga-normalnog-kolosijeka\/poslovni_voz\/\"},{\"id\":21871,\"title\":\"Postolje_441_411\",\"url\":\"https:\/\/vremeplov.ba\/2025\/wp-content\/uploads\/2025\/04\/Postolje_441_411.jpg\",\"link\":\"https:\/\/vremeplov.ba\/2025\/pruga-normalnog-kolosijeka\/postolje_441_411\/\",\"alt\":\"\",\"description\":\"\",\"caption\":\"\",\"mime\":\"image\/jpeg\",\"type\":\"image\",\"width\":950,\"height\":656,\"sizes\":{\"full\":{\"url\":\"https:\/\/vremeplov.ba\/2025\/wp-content\/uploads\/2025\/04\/Postolje_441_411.jpg\",\"height\":656,\"width\":950,\"orientation\":\"landscape\"}},\"imageMeta\":{\"aperture\":\"0\",\"credit\":\"Srecko Ignjatovic, Sarajevo, BiH\",\"camera\":\"\",\"caption\":\"\",\"created_timestamp\":\"1499868150\",\"copyright\":\"www.vremeplov.ba\",\"focal_length\":\"0\",\"iso\":\"0\",\"shutter_speed\":\"0\",\"title\":\"\",\"orientation\":\"1\",\"keywords\":[\"normalni kolosijek\",\"bosnia rail\",\"bosna\",\"vremeplov\"]},\"meta\":false,\"postlink\":\"https:\/\/vremeplov.ba\/2025\/pruga-normalnog-kolosijeka\/postolje_441_411\/\"},{\"id\":21872,\"title\":\"prevoz_Separatora_za_Rusiju-1\",\"url\":\"https:\/\/vremeplov.ba\/2025\/wp-content\/uploads\/2025\/04\/prevoz_Separatora_za_Rusiju-1.jpg\",\"link\":\"https:\/\/vremeplov.ba\/2025\/pruga-normalnog-kolosijeka\/prevoz_separatora_za_rusiju-1\/\",\"alt\":\"\",\"description\":\"\",\"caption\":\"\",\"mime\":\"image\/jpeg\",\"type\":\"image\",\"width\":950,\"height\":621,\"sizes\":{\"full\":{\"url\":\"https:\/\/vremeplov.ba\/2025\/wp-content\/uploads\/2025\/04\/prevoz_Separatora_za_Rusiju-1.jpg\",\"height\":621,\"width\":950,\"orientation\":\"landscape\"}},\"imageMeta\":{\"aperture\":\"0\",\"credit\":\"Sre\u0107ko Ignjatovi\u0107 Sarajevo BiH\",\"camera\":\"\",\"caption\":\"\",\"created_timestamp\":\"0\",\"copyright\":\"www.photogalerija.com\",\"focal_length\":\"0\",\"iso\":\"0\",\"shutter_speed\":\"0\",\"title\":\"\",\"orientation\":\"1\",\"keywords\":[\"elektrifikacija pruge\",\"Sarajevo\",\"Doboj\",\"Zenica\",\"Oslobo\u0111enj\",\"Jahorina ekspres\"]},\"meta\":false,\"postlink\":\"https:\/\/vremeplov.ba\/2025\/pruga-normalnog-kolosijeka\/prevoz_separatora_za_rusiju-1\/\"},{\"id\":21873,\"title\":\"prevoz_Separatora_za_Rusiju-2\",\"url\":\"https:\/\/vremeplov.ba\/2025\/wp-content\/uploads\/2025\/04\/prevoz_Separatora_za_Rusiju-2.jpg\",\"link\":\"https:\/\/vremeplov.ba\/2025\/pruga-normalnog-kolosijeka\/prevoz_separatora_za_rusiju-2\/\",\"alt\":\"\",\"description\":\"\",\"caption\":\"\",\"mime\":\"image\/jpeg\",\"type\":\"image\",\"width\":950,\"height\":600,\"sizes\":{\"full\":{\"url\":\"https:\/\/vremeplov.ba\/2025\/wp-content\/uploads\/2025\/04\/prevoz_Separatora_za_Rusiju-2.jpg\",\"height\":600,\"width\":950,\"orientation\":\"landscape\"}},\"imageMeta\":{\"aperture\":\"0\",\"credit\":\"Sre\u0107ko Ignjatovi\u0107 Sarajevo BiH\",\"camera\":\"\",\"caption\":\"\",\"created_timestamp\":\"0\",\"copyright\":\"www.photogalerija.com\",\"focal_length\":\"0\",\"iso\":\"0\",\"shutter_speed\":\"0\",\"title\":\"\",\"orientation\":\"1\",\"keywords\":[\"elektrifikacija pruge\",\"Sarajevo\",\"Doboj\",\"Zenica\",\"Oslobo\u0111enj\",\"Jahorina ekspres\"]},\"meta\":false,\"postlink\":\"https:\/\/vremeplov.ba\/2025\/pruga-normalnog-kolosijeka\/prevoz_separatora_za_rusiju-2\/\"},{\"id\":21874,\"title\":\"prevoz_Separatora_za_Rusiju-3\",\"url\":\"https:\/\/vremeplov.ba\/2025\/wp-content\/uploads\/2025\/04\/prevoz_Separatora_za_Rusiju-3.jpg\",\"link\":\"https:\/\/vremeplov.ba\/2025\/pruga-normalnog-kolosijeka\/prevoz_separatora_za_rusiju-3\/\",\"alt\":\"\",\"description\":\"\",\"caption\":\"\",\"mime\":\"image\/jpeg\",\"type\":\"image\",\"width\":950,\"height\":604,\"sizes\":{\"full\":{\"url\":\"https:\/\/vremeplov.ba\/2025\/wp-content\/uploads\/2025\/04\/prevoz_Separatora_za_Rusiju-3.jpg\",\"height\":604,\"width\":950,\"orientation\":\"landscape\"}},\"imageMeta\":{\"aperture\":\"0\",\"credit\":\"Sre\u0107ko Ignjatovi\u0107 Sarajevo BiH\",\"camera\":\"\",\"caption\":\"\",\"created_timestamp\":\"0\",\"copyright\":\"www.photogalerija.com\",\"focal_length\":\"0\",\"iso\":\"0\",\"shutter_speed\":\"0\",\"title\":\"\",\"orientation\":\"1\",\"keywords\":[\"elektrifikacija pruge\",\"Sarajevo\",\"Doboj\",\"Zenica\",\"Oslobo\u0111enj\",\"Jahorina ekspres\"]},\"meta\":false,\"postlink\":\"https:\/\/vremeplov.ba\/2025\/pruga-normalnog-kolosijeka\/prevoz_separatora_za_rusiju-3\/\"},{\"id\":21875,\"title\":\"Prijedor\",\"url\":\"https:\/\/vremeplov.ba\/2025\/wp-content\/uploads\/2025\/04\/Prijedor.jpg\",\"link\":\"https:\/\/vremeplov.ba\/2025\/pruga-normalnog-kolosijeka\/prijedor\/\",\"alt\":\"\",\"description\":\"\",\"caption\":\"\",\"mime\":\"image\/jpeg\",\"type\":\"image\",\"width\":950,\"height\":907,\"sizes\":{\"full\":{\"url\":\"https:\/\/vremeplov.ba\/2025\/wp-content\/uploads\/2025\/04\/Prijedor.jpg\",\"height\":907,\"width\":950,\"orientation\":\"landscape\"}},\"imageMeta\":{\"aperture\":\"0\",\"credit\":\"\",\"camera\":\"\",\"caption\":\"\",\"created_timestamp\":\"0\",\"copyright\":\"\",\"focal_length\":\"0\",\"iso\":\"0\",\"shutter_speed\":\"0\",\"title\":\"\",\"orientation\":\"1\",\"keywords\":[]},\"meta\":false,\"postlink\":\"https:\/\/vremeplov.ba\/2025\/pruga-normalnog-kolosijeka\/prijedor\/\"},{\"id\":21876,\"title\":\"Prijedor_okretnica\",\"url\":\"https:\/\/vremeplov.ba\/2025\/wp-content\/uploads\/2025\/04\/Prijedor_okretnica.jpg\",\"link\":\"https:\/\/vremeplov.ba\/2025\/pruga-normalnog-kolosijeka\/prijedor_okretnica\/\",\"alt\":\"\",\"description\":\"\",\"caption\":\"\",\"mime\":\"image\/jpeg\",\"type\":\"image\",\"width\":950,\"height\":587,\"sizes\":{\"full\":{\"url\":\"https:\/\/vremeplov.ba\/2025\/wp-content\/uploads\/2025\/04\/Prijedor_okretnica.jpg\",\"height\":587,\"width\":950,\"orientation\":\"landscape\"}},\"imageMeta\":{\"aperture\":\"0\",\"credit\":\"Sre\u0107ko Ignjatovi\u0107 Sarajevo BiH\",\"camera\":\"\",\"caption\":\"\",\"created_timestamp\":\"0\",\"copyright\":\"www.photogalerija.com\",\"focal_length\":\"0\",\"iso\":\"0\",\"shutter_speed\":\"0\",\"title\":\"\",\"orientation\":\"1\",\"keywords\":[\"Prijedor\",\"normalni kolosijek\"]},\"meta\":false,\"postlink\":\"https:\/\/vremeplov.ba\/2025\/pruga-normalnog-kolosijeka\/prijedor_okretnica\/\"},{\"id\":21877,\"title\":\"Pruga-Jug-Narenta\",\"url\":\"https:\/\/vremeplov.ba\/2025\/wp-content\/uploads\/2025\/04\/Pruga-Jug-Narenta.jpg\",\"link\":\"https:\/\/vremeplov.ba\/2025\/pruga-normalnog-kolosijeka\/pruga-jug-narenta\/\",\"alt\":\"\",\"description\":\"\",\"caption\":\"\",\"mime\":\"image\/jpeg\",\"type\":\"image\",\"width\":950,\"height\":972,\"sizes\":{\"full\":{\"url\":\"https:\/\/vremeplov.ba\/2025\/wp-content\/uploads\/2025\/04\/Pruga-Jug-Narenta.jpg\",\"height\":972,\"width\":950,\"orientation\":\"portrait\"}},\"imageMeta\":{\"aperture\":\"0\",\"credit\":\"Srecko Ignjatovic, Sarajevo\",\"camera\":\"\",\"caption\":\"\",\"created_timestamp\":\"0\",\"copyright\":\"www.vremeplov.ba\",\"focal_length\":\"0\",\"iso\":\"0\",\"shutter_speed\":\"0\",\"title\":\"\",\"orientation\":\"1\",\"keywords\":[\"normalni\",\"kolosijek\",\"\u017eeljeznica\",\"Bosna\",\"vremeplov\",\"Narentabahn\"]},\"meta\":false,\"postlink\":\"https:\/\/vremeplov.ba\/2025\/pruga-normalnog-kolosijeka\/pruga-jug-narenta\/\"},{\"id\":21878,\"title\":\"putovanje\",\"url\":\"https:\/\/vremeplov.ba\/2025\/wp-content\/uploads\/2025\/04\/putovanje.jpg\",\"link\":\"https:\/\/vremeplov.ba\/2025\/pruga-normalnog-kolosijeka\/putovanje\/\",\"alt\":\"\",\"description\":\"\",\"caption\":\"\",\"mime\":\"image\/jpeg\",\"type\":\"image\",\"width\":950,\"height\":820,\"sizes\":{\"full\":{\"url\":\"https:\/\/vremeplov.ba\/2025\/wp-content\/uploads\/2025\/04\/putovanje.jpg\",\"height\":820,\"width\":950,\"orientation\":\"landscape\"}},\"imageMeta\":{\"aperture\":\"0\",\"credit\":\"Sre\u0107ko Ignjatovi\u0107 Sarajevo BiH\",\"camera\":\"\",\"caption\":\"\",\"created_timestamp\":\"0\",\"copyright\":\"www.photogalerija.com\",\"focal_length\":\"0\",\"iso\":\"0\",\"shutter_speed\":\"0\",\"title\":\"\",\"orientation\":\"1\",\"keywords\":[\"Normani kolosijek, EMV 411\",\"\u017dAS Sarajevo\"]},\"meta\":false,\"postlink\":\"https:\/\/vremeplov.ba\/2025\/pruga-normalnog-kolosijeka\/putovanje\/\"},{\"id\":21879,\"title\":\"Radionica_Rajlovac\",\"url\":\"https:\/\/vremeplov.ba\/2025\/wp-content\/uploads\/2025\/04\/Radionica_Rajlovac.jpg\",\"link\":\"https:\/\/vremeplov.ba\/2025\/pruga-normalnog-kolosijeka\/radionica_rajlovac\/\",\"alt\":\"\",\"description\":\"\",\"caption\":\"\",\"mime\":\"image\/jpeg\",\"type\":\"image\",\"width\":2824,\"height\":2276,\"sizes\":{\"full\":{\"url\":\"https:\/\/vremeplov.ba\/2025\/wp-content\/uploads\/2025\/04\/Radionica_Rajlovac.jpg\",\"height\":2276,\"width\":2824,\"orientation\":\"landscape\"}},\"imageMeta\":{\"aperture\":\"0\",\"credit\":\"Sre\u0107ko Ignjatovi\u0107 Sarajevo BiH\",\"camera\":\"\",\"caption\":\"\",\"created_timestamp\":\"0\",\"copyright\":\"www.photogalerija.com\",\"focal_length\":\"0\",\"iso\":\"0\",\"shutter_speed\":\"0\",\"title\":\"\",\"orientation\":\"1\",\"keywords\":[]},\"meta\":false,\"postlink\":\"https:\/\/vremeplov.ba\/2025\/pruga-normalnog-kolosijeka\/radionica_rajlovac\/\"},{\"id\":21880,\"title\":\"Rajlovac\",\"url\":\"https:\/\/vremeplov.ba\/2025\/wp-content\/uploads\/2025\/04\/Rajlovac.jpg\",\"link\":\"https:\/\/vremeplov.ba\/2025\/pruga-normalnog-kolosijeka\/rajlovac\/\",\"alt\":\"\",\"description\":\"\",\"caption\":\"\",\"mime\":\"image\/jpeg\",\"type\":\"image\",\"width\":950,\"height\":609,\"sizes\":{\"full\":{\"url\":\"https:\/\/vremeplov.ba\/2025\/wp-content\/uploads\/2025\/04\/Rajlovac.jpg\",\"height\":609,\"width\":950,\"orientation\":\"landscape\"}},\"imageMeta\":{\"aperture\":\"0\",\"credit\":\"Sre\u0107ko Ignjatovi\u0107 Sarajevo BiH\",\"camera\":\"HP Scanjet 2400\",\"caption\":\"\",\"created_timestamp\":\"0\",\"copyright\":\"www.photogalerija.com\",\"focal_length\":\"0\",\"iso\":\"0\",\"shutter_speed\":\"0\",\"title\":\"\",\"orientation\":\"1\",\"keywords\":[\"Rajlovac , Depo , elektromotor , mavag ,\"]},\"meta\":false,\"postlink\":\"https:\/\/vremeplov.ba\/2025\/pruga-normalnog-kolosijeka\/rajlovac\/\"},{\"id\":21881,\"title\":\"Rajlovac_411\",\"url\":\"https:\/\/vremeplov.ba\/2025\/wp-content\/uploads\/2025\/04\/Rajlovac_411.jpg\",\"link\":\"https:\/\/vremeplov.ba\/2025\/pruga-normalnog-kolosijeka\/rajlovac_411\/\",\"alt\":\"\",\"description\":\"\",\"caption\":\"\",\"mime\":\"image\/jpeg\",\"type\":\"image\",\"width\":717,\"height\":950,\"sizes\":{\"full\":{\"url\":\"https:\/\/vremeplov.ba\/2025\/wp-content\/uploads\/2025\/04\/Rajlovac_411.jpg\",\"height\":950,\"width\":717,\"orientation\":\"portrait\"}},\"imageMeta\":{\"aperture\":\"0\",\"credit\":\"Srecko Ignjatovic, Sarajevo\",\"camera\":\"HP Scanjet 2400\",\"caption\":\"\",\"created_timestamp\":\"0\",\"copyright\":\"www.vremeplov.ba\",\"focal_length\":\"0\",\"iso\":\"0\",\"shutter_speed\":\"0\",\"title\":\"\",\"orientation\":\"1\",\"keywords\":[\"\u017eeljeznice\",\"pruge\",\"bosna\",\"stanica\",\"elektromotori\",\"vremeplov\"]},\"meta\":false,\"postlink\":\"https:\/\/vremeplov.ba\/2025\/pruga-normalnog-kolosijeka\/rajlovac_411\/\"},{\"id\":21882,\"title\":\"Rajlovac_441-037\",\"url\":\"https:\/\/vremeplov.ba\/2025\/wp-content\/uploads\/2025\/04\/Rajlovac_441-037.jpg\",\"link\":\"https:\/\/vremeplov.ba\/2025\/pruga-normalnog-kolosijeka\/rajlovac_441-037\/\",\"alt\":\"\",\"description\":\"\",\"caption\":\"\",\"mime\":\"image\/jpeg\",\"type\":\"image\",\"width\":626,\"height\":950,\"sizes\":{\"full\":{\"url\":\"https:\/\/vremeplov.ba\/2025\/wp-content\/uploads\/2025\/04\/Rajlovac_441-037.jpg\",\"height\":950,\"width\":626,\"orientation\":\"portrait\"}},\"imageMeta\":{\"aperture\":\"0\",\"credit\":\"Srecko\",\"camera\":\"\",\"caption\":\"\",\"created_timestamp\":\"0\",\"copyright\":\"www.vremeplov.ba\",\"focal_length\":\"0\",\"iso\":\"0\",\"shutter_speed\":\"0\",\"title\":\"\",\"orientation\":\"1\",\"keywords\":[\"Kolosijek\",\"\u0161iroki\",\"normalni\",\"vozovi\",\"\u017eeljeznica\",\"putovanja\",\"uspomene\",\"vremeplov\",\"Rajlovac\",\"Udes\"]},\"meta\":false,\"postlink\":\"https:\/\/vremeplov.ba\/2025\/pruga-normalnog-kolosijeka\/rajlovac_441-037\/\"},{\"id\":21883,\"title\":\"Rajlovac_CPU\",\"url\":\"https:\/\/vremeplov.ba\/2025\/wp-content\/uploads\/2025\/04\/Rajlovac_CPU.jpg\",\"link\":\"https:\/\/vremeplov.ba\/2025\/pruga-normalnog-kolosijeka\/rajlovac_cpu\/\",\"alt\":\"\",\"description\":\"\",\"caption\":\"\",\"mime\":\"image\/jpeg\",\"type\":\"image\",\"width\":950,\"height\":620,\"sizes\":{\"full\":{\"url\":\"https:\/\/vremeplov.ba\/2025\/wp-content\/uploads\/2025\/04\/Rajlovac_CPU.jpg\",\"height\":620,\"width\":950,\"orientation\":\"landscape\"}},\"imageMeta\":{\"aperture\":\"0\",\"credit\":\"Srecko Ignjatovic, Sarajevo, BiH\",\"camera\":\"\",\"caption\":\"\",\"created_timestamp\":\"1486304250\",\"copyright\":\"www.vremeplov.ba\",\"focal_length\":\"0\",\"iso\":\"0\",\"shutter_speed\":\"0\",\"title\":\"\",\"orientation\":\"1\",\"keywords\":[\"normalni kolosijek\",\"pruge\",\"\u017eeljeznica\",\"vremeplov\",\"jugoslovenske\",\"BH Voz\",\"Ra\",\"jlovac\",\"Depo Rajlovac\"]},\"meta\":false,\"postlink\":\"https:\/\/vremeplov.ba\/2025\/pruga-normalnog-kolosijeka\/rajlovac_cpu\/\"},{\"id\":21884,\"title\":\"Rajlovac_Depo\",\"url\":\"https:\/\/vremeplov.ba\/2025\/wp-content\/uploads\/2025\/04\/Rajlovac_Depo.jpg\",\"link\":\"https:\/\/vremeplov.ba\/2025\/pruga-normalnog-kolosijeka\/rajlovac_depo\/\",\"alt\":\"\",\"description\":\"\",\"caption\":\"\",\"mime\":\"image\/jpeg\",\"type\":\"image\",\"width\":950,\"height\":949,\"sizes\":{\"full\":{\"url\":\"https:\/\/vremeplov.ba\/2025\/wp-content\/uploads\/2025\/04\/Rajlovac_Depo.jpg\",\"height\":949,\"width\":950,\"orientation\":\"landscape\"}},\"imageMeta\":{\"aperture\":\"0\",\"credit\":\"Sre\u0107ko Ignjatovi\u0107 Sarajevo BiH\",\"camera\":\"HP Scanjet 2400\",\"caption\":\"\",\"created_timestamp\":\"0\",\"copyright\":\"www.photogalerija.com\",\"focal_length\":\"0\",\"iso\":\"0\",\"shutter_speed\":\"0\",\"title\":\"\",\"orientation\":\"1\",\"keywords\":[\"normalni kolosijek\",\"istorija\",\"stanice\",\"\u017eeljeznica\"]},\"meta\":false,\"postlink\":\"https:\/\/vremeplov.ba\/2025\/pruga-normalnog-kolosijeka\/rajlovac_depo\/\"},{\"id\":21885,\"title\":\"Rajlovac_Depo_asea\",\"url\":\"https:\/\/vremeplov.ba\/2025\/wp-content\/uploads\/2025\/04\/Rajlovac_Depo_asea.jpg\",\"link\":\"https:\/\/vremeplov.ba\/2025\/pruga-normalnog-kolosijeka\/rajlovac_depo_asea\/\",\"alt\":\"\",\"description\":\"\",\"caption\":\"\",\"mime\":\"image\/jpeg\",\"type\":\"image\",\"width\":690,\"height\":950,\"sizes\":{\"full\":{\"url\":\"https:\/\/vremeplov.ba\/2025\/wp-content\/uploads\/2025\/04\/Rajlovac_Depo_asea.jpg\",\"height\":950,\"width\":690,\"orientation\":\"portrait\"}},\"imageMeta\":{\"aperture\":\"0\",\"credit\":\"Sre\u0107ko Ignjatovi\u0107 Sarajevo BiH\",\"camera\":\"\",\"caption\":\"\",\"created_timestamp\":\"0\",\"copyright\":\"www.photogalerija.com\",\"focal_length\":\"0\",\"iso\":\"0\",\"shutter_speed\":\"0\",\"title\":\"\",\"orientation\":\"1\",\"keywords\":[\"normalni kolosijek\",\"fotografije\",\"rajlovac\",\"doboj\",\"aleksin han\"]},\"meta\":false,\"postlink\":\"https:\/\/vremeplov.ba\/2025\/pruga-normalnog-kolosijeka\/rajlovac_depo_asea\/\"},{\"id\":21886,\"title\":\"Rajlovac_depo_loko\",\"url\":\"https:\/\/vremeplov.ba\/2025\/wp-content\/uploads\/2025\/04\/Rajlovac_depo_loko.jpg\",\"link\":\"https:\/\/vremeplov.ba\/2025\/pruga-normalnog-kolosijeka\/rajlovac_depo_loko\/\",\"alt\":\"\",\"description\":\"\",\"caption\":\"\",\"mime\":\"image\/jpeg\",\"type\":\"image\",\"width\":950,\"height\":673,\"sizes\":{\"full\":{\"url\":\"https:\/\/vremeplov.ba\/2025\/wp-content\/uploads\/2025\/04\/Rajlovac_depo_loko.jpg\",\"height\":673,\"width\":950,\"orientation\":\"landscape\"}},\"imageMeta\":{\"aperture\":\"0\",\"credit\":\"Srecko Ignjatovic, Sarajevo\",\"camera\":\"\",\"caption\":\"\",\"created_timestamp\":\"0\",\"copyright\":\"www.vremeplov.ba\",\"focal_length\":\"0\",\"iso\":\"0\",\"shutter_speed\":\"0\",\"title\":\"\",\"orientation\":\"1\",\"keywords\":[\"\u017eeljeznice\",\"pruge\",\"bosna\",\"stanica\",\"elektromotori\",\"vremeplov\",\"Rajlovac\",\"Depo\"]},\"meta\":false,\"postlink\":\"https:\/\/vremeplov.ba\/2025\/pruga-normalnog-kolosijeka\/rajlovac_depo_loko\/\"},{\"id\":21887,\"title\":\"Rajlovac_Depo_motor\",\"url\":\"https:\/\/vremeplov.ba\/2025\/wp-content\/uploads\/2025\/04\/Rajlovac_Depo_motor.jpg\",\"link\":\"https:\/\/vremeplov.ba\/2025\/pruga-normalnog-kolosijeka\/rajlovac_depo_motor\/\",\"alt\":\"\",\"description\":\"\",\"caption\":\"\",\"mime\":\"image\/jpeg\",\"type\":\"image\",\"width\":950,\"height\":610,\"sizes\":{\"full\":{\"url\":\"https:\/\/vremeplov.ba\/2025\/wp-content\/uploads\/2025\/04\/Rajlovac_Depo_motor.jpg\",\"height\":610,\"width\":950,\"orientation\":\"landscape\"}},\"imageMeta\":{\"aperture\":\"0\",\"credit\":\"Srecko Ignjatovic, Sarajevo, BiH\",\"camera\":\"\",\"caption\":\"\",\"created_timestamp\":\"0\",\"copyright\":\"www.photogalerija.com\",\"focal_length\":\"0\",\"iso\":\"0\",\"shutter_speed\":\"0\",\"title\":\"\",\"orientation\":\"1\",\"keywords\":[\"prvi voz\",\"elektrifikacija pruge\",\"mitija ribi\u010di\u0107\",\"D\u017eemal Bijedi\u0107\",\"Branko Mikuli\u0107\",\"Ante Su\u010di\u0107\",\"Mostar\",\"Sarajevo\",\"Plo\u010de\",\"Kardeljevo\"]},\"meta\":false,\"postlink\":\"https:\/\/vremeplov.ba\/2025\/pruga-normalnog-kolosijeka\/rajlovac_depo_motor\/\"},{\"id\":21888,\"title\":\"Rajlovac_Depo_Sarajevo-1\",\"url\":\"https:\/\/vremeplov.ba\/2025\/wp-content\/uploads\/2025\/04\/Rajlovac_Depo_Sarajevo-1.jpg\",\"link\":\"https:\/\/vremeplov.ba\/2025\/pruga-normalnog-kolosijeka\/rajlovac_depo_sarajevo-1\/\",\"alt\":\"\",\"description\":\"\",\"caption\":\"\",\"mime\":\"image\/jpeg\",\"type\":\"image\",\"width\":950,\"height\":721,\"sizes\":{\"full\":{\"url\":\"https:\/\/vremeplov.ba\/2025\/wp-content\/uploads\/2025\/04\/Rajlovac_Depo_Sarajevo-1.jpg\",\"height\":721,\"width\":950,\"orientation\":\"landscape\"}},\"imageMeta\":{\"aperture\":\"0\",\"credit\":\"Sre\u0107ko Ignjatovi\u0107 Sarajevo BiH\",\"camera\":\"\",\"caption\":\"\",\"created_timestamp\":\"0\",\"copyright\":\"www.photogalerija.com\",\"focal_length\":\"0\",\"iso\":\"0\",\"shutter_speed\":\"0\",\"title\":\"\",\"orientation\":\"1\",\"keywords\":[\"normalni kolosijek\",\"Sarajevo\",\"Mostar\",\"Grabovica\",\"Rajlovac Depo\"]},\"meta\":false,\"postlink\":\"https:\/\/vremeplov.ba\/2025\/pruga-normalnog-kolosijeka\/rajlovac_depo_sarajevo-1\/\"},{\"id\":21889,\"title\":\"Rajlovac_Depo_Sarajevo-2\",\"url\":\"https:\/\/vremeplov.ba\/2025\/wp-content\/uploads\/2025\/04\/Rajlovac_Depo_Sarajevo-2.jpg\",\"link\":\"https:\/\/vremeplov.ba\/2025\/pruga-normalnog-kolosijeka\/rajlovac_depo_sarajevo-2\/\",\"alt\":\"\",\"description\":\"\",\"caption\":\"\",\"mime\":\"image\/jpeg\",\"type\":\"image\",\"width\":947,\"height\":950,\"sizes\":{\"full\":{\"url\":\"https:\/\/vremeplov.ba\/2025\/wp-content\/uploads\/2025\/04\/Rajlovac_Depo_Sarajevo-2.jpg\",\"height\":950,\"width\":947,\"orientation\":\"portrait\"}},\"imageMeta\":{\"aperture\":\"0\",\"credit\":\"Sre\u0107ko Ignjatovi\u0107 Sarajevo BiH\",\"camera\":\"HP Scanjet 2400\",\"caption\":\"\",\"created_timestamp\":\"0\",\"copyright\":\"www.photogalerija.com\",\"focal_length\":\"0\",\"iso\":\"0\",\"shutter_speed\":\"0\",\"title\":\"\",\"orientation\":\"1\",\"keywords\":[\"normalni kolosijek\",\"Sarajevo\",\"Mostar\",\"Grabovica\",\"Rajlovac Depo\"]},\"meta\":false,\"postlink\":\"https:\/\/vremeplov.ba\/2025\/pruga-normalnog-kolosijeka\/rajlovac_depo_sarajevo-2\/\"},{\"id\":21890,\"title\":\"Rajlovac_EMG_411\",\"url\":\"https:\/\/vremeplov.ba\/2025\/wp-content\/uploads\/2025\/04\/Rajlovac_EMG_411.jpg\",\"link\":\"https:\/\/vremeplov.ba\/2025\/pruga-normalnog-kolosijeka\/rajlovac_emg_411\/\",\"alt\":\"\",\"description\":\"\",\"caption\":\"\",\"mime\":\"image\/jpeg\",\"type\":\"image\",\"width\":950,\"height\":691,\"sizes\":{\"full\":{\"url\":\"https:\/\/vremeplov.ba\/2025\/wp-content\/uploads\/2025\/04\/Rajlovac_EMG_411.jpg\",\"height\":691,\"width\":950,\"orientation\":\"landscape\"}},\"imageMeta\":{\"aperture\":\"0\",\"credit\":\"Srecko Ignjatovic, Sarajevo, BiH\",\"camera\":\"\",\"caption\":\"\",\"created_timestamp\":\"1486303737\",\"copyright\":\"www.vremeplov.ba\",\"focal_length\":\"0\",\"iso\":\"0\",\"shutter_speed\":\"0\",\"title\":\"\",\"orientation\":\"1\",\"keywords\":[\"normalni kolosijek\",\"pruge\",\"\u017eeljeznica\",\"vremeplov\",\"jugoslovenske\",\"BH Voz\",\"Ra\",\"jlovac\",\"Depo Rajlovac\"]},\"meta\":false,\"postlink\":\"https:\/\/vremeplov.ba\/2025\/pruga-normalnog-kolosijeka\/rajlovac_emg_411\/\"},{\"id\":21891,\"title\":\"Rajlovac_EMG_411-2\",\"url\":\"https:\/\/vremeplov.ba\/2025\/wp-content\/uploads\/2025\/04\/Rajlovac_EMG_411-2.jpg\",\"link\":\"https:\/\/vremeplov.ba\/2025\/pruga-normalnog-kolosijeka\/rajlovac_emg_411-2\/\",\"alt\":\"\",\"description\":\"\",\"caption\":\"\",\"mime\":\"image\/jpeg\",\"type\":\"image\",\"width\":950,\"height\":943,\"sizes\":{\"full\":{\"url\":\"https:\/\/vremeplov.ba\/2025\/wp-content\/uploads\/2025\/04\/Rajlovac_EMG_411-2.jpg\",\"height\":943,\"width\":950,\"orientation\":\"landscape\"}},\"imageMeta\":{\"aperture\":\"0\",\"credit\":\"Srecko Ignjatovic, Sarajevo, BiH\",\"camera\":\"HP Scanjet 2400\",\"caption\":\"\",\"created_timestamp\":\"0\",\"copyright\":\"www.vremeplov.ba\",\"focal_length\":\"0\",\"iso\":\"0\",\"shutter_speed\":\"0\",\"title\":\"\",\"orientation\":\"1\",\"keywords\":[\"normalni kolosijek\",\"pruge\",\"\u017eeljeznica\",\"vremeplov\",\"jugoslovenske\",\"BH Voz\",\"Ra\",\"jlovac\",\"Depo Rajlovac\"]},\"meta\":false,\"postlink\":\"https:\/\/vremeplov.ba\/2025\/pruga-normalnog-kolosijeka\/rajlovac_emg_411-2\/\"},{\"id\":21892,\"title\":\"Rajlovac_lokomotiva\",\"url\":\"https:\/\/vremeplov.ba\/2025\/wp-content\/uploads\/2025\/04\/Rajlovac_lokomotiva.jpg\",\"link\":\"https:\/\/vremeplov.ba\/2025\/pruga-normalnog-kolosijeka\/rajlovac_lokomotiva\/\",\"alt\":\"\",\"description\":\"\",\"caption\":\"\",\"mime\":\"image\/jpeg\",\"type\":\"image\",\"width\":950,\"height\":690,\"sizes\":{\"full\":{\"url\":\"https:\/\/vremeplov.ba\/2025\/wp-content\/uploads\/2025\/04\/Rajlovac_lokomotiva.jpg\",\"height\":690,\"width\":950,\"orientation\":\"landscape\"}},\"imageMeta\":{\"aperture\":\"0\",\"credit\":\"Srecko\",\"camera\":\"HP Scanjet 2400\",\"caption\":\"\",\"created_timestamp\":\"1473600612\",\"copyright\":\"www.vremeplov.ba\",\"focal_length\":\"0\",\"iso\":\"0\",\"shutter_speed\":\"0\",\"title\":\"\",\"orientation\":\"1\",\"keywords\":[\"Rajlovac\",\"lokomotiva\",\"elektrolokomotiva\",\"serije 441\",\"Depo\",\"\u017eeljeznica\",\"J\u017d\"]},\"meta\":false,\"postlink\":\"https:\/\/vremeplov.ba\/2025\/pruga-normalnog-kolosijeka\/rajlovac_lokomotiva\/\"},{\"id\":21893,\"title\":\"Rajlovac_Nada\",\"url\":\"https:\/\/vremeplov.ba\/2025\/wp-content\/uploads\/2025\/04\/Rajlovac_Nada.jpg\",\"link\":\"https:\/\/vremeplov.ba\/2025\/pruga-normalnog-kolosijeka\/rajlovac_nada\/\",\"alt\":\"\",\"description\":\"\",\"caption\":\"\",\"mime\":\"image\/jpeg\",\"type\":\"image\",\"width\":950,\"height\":601,\"sizes\":{\"full\":{\"url\":\"https:\/\/vremeplov.ba\/2025\/wp-content\/uploads\/2025\/04\/Rajlovac_Nada.jpg\",\"height\":601,\"width\":950,\"orientation\":\"landscape\"}},\"imageMeta\":{\"aperture\":\"0\",\"credit\":\"Sre\u0107ko Ignjatovi\u0107 Sarajevo BiH\",\"camera\":\"\",\"caption\":\"\",\"created_timestamp\":\"0\",\"copyright\":\"www.photogalerija.com\",\"focal_length\":\"0\",\"iso\":\"0\",\"shutter_speed\":\"0\",\"title\":\"\",\"orientation\":\"1\",\"keywords\":[\"normalni kolosijek\",\"fotografije\",\"rajlovac\",\"doboj\",\"aleksin han\"]},\"meta\":false,\"postlink\":\"https:\/\/vremeplov.ba\/2025\/pruga-normalnog-kolosijeka\/rajlovac_nada\/\"},{\"id\":21894,\"title\":\"Rajlovac_panorama\",\"url\":\"https:\/\/vremeplov.ba\/2025\/wp-content\/uploads\/2025\/04\/Rajlovac_panorama.jpg\",\"link\":\"https:\/\/vremeplov.ba\/2025\/pruga-normalnog-kolosijeka\/rajlovac_panorama\/\",\"alt\":\"\",\"description\":\"\",\"caption\":\"\",\"mime\":\"image\/jpeg\",\"type\":\"image\",\"width\":950,\"height\":589,\"sizes\":{\"full\":{\"url\":\"https:\/\/vremeplov.ba\/2025\/wp-content\/uploads\/2025\/04\/Rajlovac_panorama.jpg\",\"height\":589,\"width\":950,\"orientation\":\"landscape\"}},\"imageMeta\":{\"aperture\":\"0\",\"credit\":\"Srecko Ignjatovic, Sarajevo\",\"camera\":\"HP Scanjet 2400\",\"caption\":\"\",\"created_timestamp\":\"0\",\"copyright\":\"www.vremeplov.ba\",\"focal_length\":\"0\",\"iso\":\"0\",\"shutter_speed\":\"0\",\"title\":\"\",\"orientation\":\"1\",\"keywords\":[\"vozovi\",\"\u017eeljeznice\",\"pruge\",\"Bosna\",\"kolosijek\",\"Sarajevo\",\"Olimpik\",\"Ekspres\",\"elektromotorne\",\"garniture\",\"MAVAD\",\"vremeplov\",\"Rajlovac\",\"Depo\"]},\"meta\":false,\"postlink\":\"https:\/\/vremeplov.ba\/2025\/pruga-normalnog-kolosijeka\/rajlovac_panorama\/\"},{\"id\":21895,\"title\":\"Rajlovac_udes_441-2\",\"url\":\"https:\/\/vremeplov.ba\/2025\/wp-content\/uploads\/2025\/04\/Rajlovac_udes_441-2.jpg\",\"link\":\"https:\/\/vremeplov.ba\/2025\/pruga-normalnog-kolosijeka\/rajlovac_udes_441-2\/\",\"alt\":\"\",\"description\":\"\",\"caption\":\"\",\"mime\":\"image\/jpeg\",\"type\":\"image\",\"width\":950,\"height\":691,\"sizes\":{\"full\":{\"url\":\"https:\/\/vremeplov.ba\/2025\/wp-content\/uploads\/2025\/04\/Rajlovac_udes_441-2.jpg\",\"height\":691,\"width\":950,\"orientation\":\"landscape\"}},\"imageMeta\":{\"aperture\":\"0\",\"credit\":\"Srecko Ignjatovic, Sarajevo, BiH\",\"camera\":\"\",\"caption\":\"\",\"created_timestamp\":\"1486303939\",\"copyright\":\"www.vremeplov.ba\",\"focal_length\":\"0\",\"iso\":\"0\",\"shutter_speed\":\"0\",\"title\":\"\",\"orientation\":\"1\",\"keywords\":[\"normalni kolosijek\",\"pruge\",\"\u017eeljeznica\",\"vremeplov\",\"jugoslovenske\",\"BH Voz\",\"Ra\",\"jlovac\",\"Depo Rajlovac\"]},\"meta\":false,\"postlink\":\"https:\/\/vremeplov.ba\/2025\/pruga-normalnog-kolosijeka\/rajlovac_udes_441-2\/\"},{\"id\":21896,\"title\":\"Rajlovac-Depo\",\"url\":\"https:\/\/vremeplov.ba\/2025\/wp-content\/uploads\/2025\/04\/Rajlovac-Depo.jpg\",\"link\":\"https:\/\/vremeplov.ba\/2025\/pruga-normalnog-kolosijeka\/rajlovac-depo\/\",\"alt\":\"\",\"description\":\"\",\"caption\":\"\",\"mime\":\"image\/jpeg\",\"type\":\"image\",\"width\":950,\"height\":713,\"sizes\":{\"full\":{\"url\":\"https:\/\/vremeplov.ba\/2025\/wp-content\/uploads\/2025\/04\/Rajlovac-Depo.jpg\",\"height\":713,\"width\":950,\"orientation\":\"landscape\"}},\"imageMeta\":{\"aperture\":\"0\",\"credit\":\"\",\"camera\":\"\",\"caption\":\"\",\"created_timestamp\":\"0\",\"copyright\":\"\",\"focal_length\":\"0\",\"iso\":\"0\",\"shutter_speed\":\"0\",\"title\":\"\",\"orientation\":\"1\",\"keywords\":[]},\"meta\":false,\"postlink\":\"https:\/\/vremeplov.ba\/2025\/pruga-normalnog-kolosijeka\/rajlovac-depo\/\"},{\"id\":21897,\"title\":\"Rajlovac-loko-depo\",\"url\":\"https:\/\/vremeplov.ba\/2025\/wp-content\/uploads\/2025\/04\/Rajlovac-loko-depo.jpg\",\"link\":\"https:\/\/vremeplov.ba\/2025\/pruga-normalnog-kolosijeka\/rajlovac-loko-depo\/\",\"alt\":\"\",\"description\":\"\",\"caption\":\"\",\"mime\":\"image\/jpeg\",\"type\":\"image\",\"width\":950,\"height\":593,\"sizes\":{\"full\":{\"url\":\"https:\/\/vremeplov.ba\/2025\/wp-content\/uploads\/2025\/04\/Rajlovac-loko-depo.jpg\",\"height\":593,\"width\":950,\"orientation\":\"landscape\"}},\"imageMeta\":{\"aperture\":\"0\",\"credit\":\"Srecko\",\"camera\":\"\",\"caption\":\"\",\"created_timestamp\":\"0\",\"copyright\":\"www.vremeplov.ba\",\"focal_length\":\"0\",\"iso\":\"0\",\"shutter_speed\":\"0\",\"title\":\"\",\"orientation\":\"1\",\"keywords\":[\"\u017eeljeznica\",\"normalne pruge\",\"Bosna\",\"vremeplov\",\"istorija\",\"fotografije\",\"Rajlovac\",\"Depo\",\"radiona\",\"lokomotive\",\"lo\u017eionica\"]},\"meta\":false,\"postlink\":\"https:\/\/vremeplov.ba\/2025\/pruga-normalnog-kolosijeka\/rajlovac-loko-depo\/\"},{\"id\":21898,\"title\":\"Rajlovac-majstori\",\"url\":\"https:\/\/vremeplov.ba\/2025\/wp-content\/uploads\/2025\/04\/Rajlovac-majstori.jpg\",\"link\":\"https:\/\/vremeplov.ba\/2025\/pruga-normalnog-kolosijeka\/rajlovac-majstori\/\",\"alt\":\"\",\"description\":\"\",\"caption\":\"\",\"mime\":\"image\/jpeg\",\"type\":\"image\",\"width\":950,\"height\":699,\"sizes\":{\"full\":{\"url\":\"https:\/\/vremeplov.ba\/2025\/wp-content\/uploads\/2025\/04\/Rajlovac-majstori.jpg\",\"height\":699,\"width\":950,\"orientation\":\"landscape\"}},\"imageMeta\":{\"aperture\":\"0\",\"credit\":\"Srecko\",\"camera\":\"\",\"caption\":\"\",\"created_timestamp\":\"0\",\"copyright\":\"www.vremeplov.ba\",\"focal_length\":\"0\",\"iso\":\"0\",\"shutter_speed\":\"0\",\"title\":\"\",\"orientation\":\"1\",\"keywords\":[\"\u017eeljeznica\",\"normalne pruge\",\"Bosna\",\"vremeplov\",\"istorija\",\"fotografije\",\"Rajlovac\",\"Depo\",\"radiona\",\"lokomotive\",\"lo\u017eionica\"]},\"meta\":false,\"postlink\":\"https:\/\/vremeplov.ba\/2025\/pruga-normalnog-kolosijeka\/rajlovac-majstori\/\"},{\"id\":21899,\"title\":\"Rajlovac-menza\",\"url\":\"https:\/\/vremeplov.ba\/2025\/wp-content\/uploads\/2025\/04\/Rajlovac-menza.jpg\",\"link\":\"https:\/\/vremeplov.ba\/2025\/pruga-normalnog-kolosijeka\/rajlovac-menza\/\",\"alt\":\"\",\"description\":\"\",\"caption\":\"\",\"mime\":\"image\/jpeg\",\"type\":\"image\",\"width\":950,\"height\":700,\"sizes\":{\"full\":{\"url\":\"https:\/\/vremeplov.ba\/2025\/wp-content\/uploads\/2025\/04\/Rajlovac-menza.jpg\",\"height\":700,\"width\":950,\"orientation\":\"landscape\"}},\"imageMeta\":{\"aperture\":\"0\",\"credit\":\"Srecko\",\"camera\":\"\",\"caption\":\"\",\"created_timestamp\":\"0\",\"copyright\":\"www.vremeplov.ba\",\"focal_length\":\"0\",\"iso\":\"0\",\"shutter_speed\":\"0\",\"title\":\"\",\"orientation\":\"1\",\"keywords\":[\"\u017eeljeznica\",\"normalne pruge\",\"Bosna\",\"vremeplov\",\"istorija\",\"fotografije\",\"Rajlovac\",\"Depo\",\"radiona\",\"lokomotive\",\"lo\u017eionica\"]},\"meta\":false,\"postlink\":\"https:\/\/vremeplov.ba\/2025\/pruga-normalnog-kolosijeka\/rajlovac-menza\/\"},{\"id\":21900,\"title\":\"Rajlovac-postavnica\",\"url\":\"https:\/\/vremeplov.ba\/2025\/wp-content\/uploads\/2025\/04\/Rajlovac-postavnica.jpg\",\"link\":\"https:\/\/vremeplov.ba\/2025\/pruga-normalnog-kolosijeka\/rajlovac-postavnica\/\",\"alt\":\"\",\"description\":\"\",\"caption\":\"\",\"mime\":\"image\/jpeg\",\"type\":\"image\",\"width\":950,\"height\":946,\"sizes\":{\"full\":{\"url\":\"https:\/\/vremeplov.ba\/2025\/wp-content\/uploads\/2025\/04\/Rajlovac-postavnica.jpg\",\"height\":946,\"width\":950,\"orientation\":\"landscape\"}},\"imageMeta\":{\"aperture\":\"0\",\"credit\":\"\",\"camera\":\"\",\"caption\":\"\",\"created_timestamp\":\"0\",\"copyright\":\"\",\"focal_length\":\"0\",\"iso\":\"0\",\"shutter_speed\":\"0\",\"title\":\"\",\"orientation\":\"1\",\"keywords\":[]},\"meta\":false,\"postlink\":\"https:\/\/vremeplov.ba\/2025\/pruga-normalnog-kolosijeka\/rajlovac-postavnica\/\"},{\"id\":21901,\"title\":\"Rajlovac-servis\",\"url\":\"https:\/\/vremeplov.ba\/2025\/wp-content\/uploads\/2025\/04\/Rajlovac-servis.jpg\",\"link\":\"https:\/\/vremeplov.ba\/2025\/pruga-normalnog-kolosijeka\/rajlovac-servis\/\",\"alt\":\"\",\"description\":\"\",\"caption\":\"\",\"mime\":\"image\/jpeg\",\"type\":\"image\",\"width\":901,\"height\":1200,\"sizes\":{\"full\":{\"url\":\"https:\/\/vremeplov.ba\/2025\/wp-content\/uploads\/2025\/04\/Rajlovac-servis.jpg\",\"height\":1200,\"width\":901,\"orientation\":\"portrait\"}},\"imageMeta\":{\"aperture\":\"0\",\"credit\":\"Srecko\",\"camera\":\"\",\"caption\":\"\",\"created_timestamp\":\"0\",\"copyright\":\"www.vremeplov.ba\",\"focal_length\":\"0\",\"iso\":\"0\",\"shutter_speed\":\"0\",\"title\":\"\",\"orientation\":\"1\",\"keywords\":[\"\u017eeljeznica\",\"normalne pruge\",\"Bosna\",\"vremeplov\",\"istorija\",\"fotografije\",\"Rajlovac\",\"Depo\",\"radiona\",\"lokomotive\",\"lo\u017eionica\"]},\"meta\":false,\"postlink\":\"https:\/\/vremeplov.ba\/2025\/pruga-normalnog-kolosijeka\/rajlovac-servis\/\"},{\"id\":21902,\"title\":\"Rastelica_411_415\",\"url\":\"https:\/\/vremeplov.ba\/2025\/wp-content\/uploads\/2025\/04\/Rastelica_411_415.jpg\",\"link\":\"https:\/\/vremeplov.ba\/2025\/pruga-normalnog-kolosijeka\/rastelica_411_415\/\",\"alt\":\"\",\"description\":\"\",\"caption\":\"\",\"mime\":\"image\/jpeg\",\"type\":\"image\",\"width\":950,\"height\":604,\"sizes\":{\"full\":{\"url\":\"https:\/\/vremeplov.ba\/2025\/wp-content\/uploads\/2025\/04\/Rastelica_411_415.jpg\",\"height\":604,\"width\":950,\"orientation\":\"landscape\"}},\"imageMeta\":{\"aperture\":\"0\",\"credit\":\"Sre\u0107ko Ignjatovi\u0107 Sarajevo BiH\",\"camera\":\"HP Scanjet 2400\",\"caption\":\"\",\"created_timestamp\":\"0\",\"copyright\":\"www.photogalerija.com\",\"focal_length\":\"0\",\"iso\":\"0\",\"shutter_speed\":\"0\",\"title\":\"\",\"orientation\":\"1\",\"keywords\":[\"normalni-kolosijek\"]},\"meta\":false,\"postlink\":\"https:\/\/vremeplov.ba\/2025\/pruga-normalnog-kolosijeka\/rastelica_411_415\/\"},{\"id\":21903,\"title\":\"Rastelica_1969.\",\"url\":\"https:\/\/vremeplov.ba\/2025\/wp-content\/uploads\/2025\/04\/Rastelica_1969.jpg\",\"link\":\"https:\/\/vremeplov.ba\/2025\/pruga-normalnog-kolosijeka\/rastelica_1969\/\",\"alt\":\"\",\"description\":\"\",\"caption\":\"\",\"mime\":\"image\/jpeg\",\"type\":\"image\",\"width\":950,\"height\":754,\"sizes\":{\"full\":{\"url\":\"https:\/\/vremeplov.ba\/2025\/wp-content\/uploads\/2025\/04\/Rastelica_1969.jpg\",\"height\":754,\"width\":950,\"orientation\":\"landscape\"}},\"imageMeta\":{\"aperture\":\"0\",\"credit\":\"Srecko Ignjatovic, Sarajevo, BiH\",\"camera\":\"HP Scanjet 2400\",\"caption\":\"\",\"created_timestamp\":\"0\",\"copyright\":\"www.vremeplov.ba\",\"focal_length\":\"0\",\"iso\":\"0\",\"shutter_speed\":\"0\",\"title\":\"\",\"orientation\":\"1\",\"keywords\":[\"Ra\u0161telica\",\"bosanske \u017eeljeznice\",\"normalna pruga\",\"brzi voz\",\"vremeplov\"]},\"meta\":false,\"postlink\":\"https:\/\/vremeplov.ba\/2025\/pruga-normalnog-kolosijeka\/rastelica_1969\/\"},{\"id\":21904,\"title\":\"Rastelica_odron\",\"url\":\"https:\/\/vremeplov.ba\/2025\/wp-content\/uploads\/2025\/04\/Rastelica_odron.jpg\",\"link\":\"https:\/\/vremeplov.ba\/2025\/pruga-normalnog-kolosijeka\/rastelica_odron\/\",\"alt\":\"\",\"description\":\"\",\"caption\":\"\",\"mime\":\"image\/jpeg\",\"type\":\"image\",\"width\":950,\"height\":613,\"sizes\":{\"full\":{\"url\":\"https:\/\/vremeplov.ba\/2025\/wp-content\/uploads\/2025\/04\/Rastelica_odron.jpg\",\"height\":613,\"width\":950,\"orientation\":\"landscape\"}},\"imageMeta\":{\"aperture\":\"0\",\"credit\":\"Sre\u0107ko Ignjatovi\u0107 Sarajevo BiH\",\"camera\":\"\",\"caption\":\"\",\"created_timestamp\":\"0\",\"copyright\":\"www.photogalerija.com\",\"focal_length\":\"0\",\"iso\":\"0\",\"shutter_speed\":\"0\",\"title\":\"\",\"orientation\":\"1\",\"keywords\":[\"normalni-kolosijek\"]},\"meta\":false,\"postlink\":\"https:\/\/vremeplov.ba\/2025\/pruga-normalnog-kolosijeka\/rastelica_odron\/\"},{\"id\":21905,\"title\":\"Ripac_stanica\",\"url\":\"https:\/\/vremeplov.ba\/2025\/wp-content\/uploads\/2025\/04\/Ripac_stanica.jpg\",\"link\":\"https:\/\/vremeplov.ba\/2025\/pruga-normalnog-kolosijeka\/ripac_stanica\/\",\"alt\":\"\",\"description\":\"\",\"caption\":\"\",\"mime\":\"image\/jpeg\",\"type\":\"image\",\"width\":950,\"height\":607,\"sizes\":{\"full\":{\"url\":\"https:\/\/vremeplov.ba\/2025\/wp-content\/uploads\/2025\/04\/Ripac_stanica.jpg\",\"height\":607,\"width\":950,\"orientation\":\"landscape\"}},\"imageMeta\":{\"aperture\":\"0\",\"credit\":\"Sre\u0107ko Ignjatovi\u0107 Sarajevo BiH\",\"camera\":\"\",\"caption\":\"\",\"created_timestamp\":\"0\",\"copyright\":\"www.photogalerija.com\",\"focal_length\":\"0\",\"iso\":\"0\",\"shutter_speed\":\"0\",\"title\":\"\",\"orientation\":\"1\",\"keywords\":[\"normalni kolosijek\",\"fotografije\",\"rajlovac\",\"doboj\",\"aleksin han\"]},\"meta\":false,\"postlink\":\"https:\/\/vremeplov.ba\/2025\/pruga-normalnog-kolosijeka\/ripac_stanica\/\"},{\"id\":21906,\"title\":\"Rodjeni_Velez_navijaci\",\"url\":\"https:\/\/vremeplov.ba\/2025\/wp-content\/uploads\/2025\/04\/Rodjeni_Velez_navijaci.jpg\",\"link\":\"https:\/\/vremeplov.ba\/2025\/pruga-normalnog-kolosijeka\/rodjeni_velez_navijaci\/\",\"alt\":\"\",\"description\":\"\",\"caption\":\"\",\"mime\":\"image\/jpeg\",\"type\":\"image\",\"width\":950,\"height\":596,\"sizes\":{\"full\":{\"url\":\"https:\/\/vremeplov.ba\/2025\/wp-content\/uploads\/2025\/04\/Rodjeni_Velez_navijaci.jpg\",\"height\":596,\"width\":950,\"orientation\":\"landscape\"}},\"imageMeta\":{\"aperture\":\"0\",\"credit\":\"Sre\u0107ko Ignjatovi\u0107 Sarajevo BiH\",\"camera\":\"\",\"caption\":\"\",\"created_timestamp\":\"0\",\"copyright\":\"www.photogalerija.com\",\"focal_length\":\"0\",\"iso\":\"0\",\"shutter_speed\":\"0\",\"title\":\"\",\"orientation\":\"1\",\"keywords\":[\"normalni kolosijek\",\"Sarajevo\",\"Mostar\",\"Grabovica\",\"Rajlovac Depo\"]},\"meta\":false,\"postlink\":\"https:\/\/vremeplov.ba\/2025\/pruga-normalnog-kolosijeka\/rodjeni_velez_navijaci\/\"},{\"id\":21907,\"title\":\"Rudanka_nova\",\"url\":\"https:\/\/vremeplov.ba\/2025\/wp-content\/uploads\/2025\/04\/Rudanka_nova.jpg\",\"link\":\"https:\/\/vremeplov.ba\/2025\/pruga-normalnog-kolosijeka\/rudanka_nova\/\",\"alt\":\"\",\"description\":\"\",\"caption\":\"\",\"mime\":\"image\/jpeg\",\"type\":\"image\",\"width\":950,\"height\":576,\"sizes\":{\"full\":{\"url\":\"https:\/\/vremeplov.ba\/2025\/wp-content\/uploads\/2025\/04\/Rudanka_nova.jpg\",\"height\":576,\"width\":950,\"orientation\":\"landscape\"}},\"imageMeta\":{\"aperture\":\"0\",\"credit\":\"Srecko\",\"camera\":\"\",\"caption\":\"\",\"created_timestamp\":\"0\",\"copyright\":\"www.vremeplov.ba\",\"focal_length\":\"0\",\"iso\":\"0\",\"shutter_speed\":\"0\",\"title\":\"\",\"orientation\":\"1\",\"keywords\":[\"Normalni\",\"Kolosijek\",\"vozovi\",\"pruge\",\"\u017eeljeznice\",\"Bosna\",\"vremeplov\"]},\"meta\":false,\"postlink\":\"https:\/\/vremeplov.ba\/2025\/pruga-normalnog-kolosijeka\/rudanka_nova\/\"},{\"id\":21908,\"title\":\"Salon_EMV\",\"url\":\"https:\/\/vremeplov.ba\/2025\/wp-content\/uploads\/2025\/04\/Salon_EMV.jpg\",\"link\":\"https:\/\/vremeplov.ba\/2025\/pruga-normalnog-kolosijeka\/salon_emv\/\",\"alt\":\"\",\"description\":\"\",\"caption\":\"\",\"mime\":\"image\/jpeg\",\"type\":\"image\",\"width\":950,\"height\":820,\"sizes\":{\"full\":{\"url\":\"https:\/\/vremeplov.ba\/2025\/wp-content\/uploads\/2025\/04\/Salon_EMV.jpg\",\"height\":820,\"width\":950,\"orientation\":\"landscape\"}},\"imageMeta\":{\"aperture\":\"0\",\"credit\":\"Sre\u0107ko Ignjatovi\u0107 Sarajevo BiH\",\"camera\":\"\",\"caption\":\"\",\"created_timestamp\":\"0\",\"copyright\":\"www.photogalerija.com\",\"focal_length\":\"0\",\"iso\":\"0\",\"shutter_speed\":\"0\",\"title\":\"\",\"orientation\":\"1\",\"keywords\":[\"Normani kolosijek, EMV 411\",\"\u017dAS Sarajevo\"]},\"meta\":false,\"postlink\":\"https:\/\/vremeplov.ba\/2025\/pruga-normalnog-kolosijeka\/salon_emv\/\"},{\"id\":21909,\"title\":\"Salon_Sarajevo\",\"url\":\"https:\/\/vremeplov.ba\/2025\/wp-content\/uploads\/2025\/04\/Salon_Sarajevo.jpg\",\"link\":\"https:\/\/vremeplov.ba\/2025\/pruga-normalnog-kolosijeka\/salon_sarajevo\/\",\"alt\":\"\",\"description\":\"\",\"caption\":\"\",\"mime\":\"image\/jpeg\",\"type\":\"image\",\"width\":950,\"height\":644,\"sizes\":{\"full\":{\"url\":\"https:\/\/vremeplov.ba\/2025\/wp-content\/uploads\/2025\/04\/Salon_Sarajevo.jpg\",\"height\":644,\"width\":950,\"orientation\":\"landscape\"}},\"imageMeta\":{\"aperture\":\"0\",\"credit\":\"Srecko\",\"camera\":\"HP Scanjet 2400\",\"caption\":\"\",\"created_timestamp\":\"0\",\"copyright\":\"www.vremeplov.ba\",\"focal_length\":\"0\",\"iso\":\"0\",\"shutter_speed\":\"0\",\"title\":\"\",\"orientation\":\"1\",\"keywords\":[\"Normalni\",\"Kolosijek\",\"vozovi\",\"pruge\",\"\u017eeljeznice\",\"Bosna\",\"vremeplov\"]},\"meta\":false,\"postlink\":\"https:\/\/vremeplov.ba\/2025\/pruga-normalnog-kolosijeka\/salon_sarajevo\/\"},{\"id\":21910,\"title\":\"Salon_Sarajevo_5\",\"url\":\"https:\/\/vremeplov.ba\/2025\/wp-content\/uploads\/2025\/04\/Salon_Sarajevo_5.jpg\",\"link\":\"https:\/\/vremeplov.ba\/2025\/pruga-normalnog-kolosijeka\/salon_sarajevo_5\/\",\"alt\":\"\",\"description\":\"\",\"caption\":\"\",\"mime\":\"image\/jpeg\",\"type\":\"image\",\"width\":1373,\"height\":1030,\"sizes\":{\"full\":{\"url\":\"https:\/\/vremeplov.ba\/2025\/wp-content\/uploads\/2025\/04\/Salon_Sarajevo_5.jpg\",\"height\":1030,\"width\":1373,\"orientation\":\"landscape\"}},\"imageMeta\":{\"aperture\":\"0\",\"credit\":\"Srecko\",\"camera\":\"HP Scanjet 2400\",\"caption\":\"\",\"created_timestamp\":\"0\",\"copyright\":\"www.vremeplov.ba\",\"focal_length\":\"0\",\"iso\":\"0\",\"shutter_speed\":\"0\",\"title\":\"\",\"orientation\":\"1\",\"keywords\":[\"Normalni\",\"Kolosijek\",\"vozovi\",\"pruge\",\"\u017eeljeznice\",\"Bosna\",\"vremeplov\"]},\"meta\":false,\"postlink\":\"https:\/\/vremeplov.ba\/2025\/pruga-normalnog-kolosijeka\/salon_sarajevo_5\/\"},{\"id\":21911,\"title\":\"Samac\",\"url\":\"https:\/\/vremeplov.ba\/2025\/wp-content\/uploads\/2025\/04\/Samac.jpg\",\"link\":\"https:\/\/vremeplov.ba\/2025\/pruga-normalnog-kolosijeka\/samac\/\",\"alt\":\"\",\"description\":\"\",\"caption\":\"\",\"mime\":\"image\/jpeg\",\"type\":\"image\",\"width\":950,\"height\":570,\"sizes\":{\"full\":{\"url\":\"https:\/\/vremeplov.ba\/2025\/wp-content\/uploads\/2025\/04\/Samac.jpg\",\"height\":570,\"width\":950,\"orientation\":\"landscape\"}},\"imageMeta\":{\"aperture\":\"0\",\"credit\":\"Srecko Ignjatovic, Sarajevo, BiH\",\"camera\":\"\",\"caption\":\"\",\"created_timestamp\":\"0\",\"copyright\":\"www.photogalerija.com\",\"focal_length\":\"0\",\"iso\":\"0\",\"shutter_speed\":\"0\",\"title\":\"\",\"orientation\":\"1\",\"keywords\":[\"prvi voz\",\"elektrifikacija pruge\",\"mitija ribi\u010di\u0107\",\"D\u017eemal Bijedi\u0107\",\"Branko Mikuli\u0107\",\"Ante Su\u010di\u0107\",\"Mostar\",\"Sarajevo\",\"Plo\u010de\",\"Kardeljevo\"]},\"meta\":false,\"postlink\":\"https:\/\/vremeplov.ba\/2025\/pruga-normalnog-kolosijeka\/samac\/\"},{\"id\":21912,\"title\":\"Sarajev\",\"url\":\"https:\/\/vremeplov.ba\/2025\/wp-content\/uploads\/2025\/04\/Sarajev.jpg\",\"link\":\"https:\/\/vremeplov.ba\/2025\/pruga-normalnog-kolosijeka\/sarajev\/\",\"alt\":\"\",\"description\":\"\",\"caption\":\"\",\"mime\":\"image\/jpeg\",\"type\":\"image\",\"width\":950,\"height\":677,\"sizes\":{\"full\":{\"url\":\"https:\/\/vremeplov.ba\/2025\/wp-content\/uploads\/2025\/04\/Sarajev.jpg\",\"height\":677,\"width\":950,\"orientation\":\"landscape\"}},\"imageMeta\":{\"aperture\":\"0\",\"credit\":\"Sre\u0107ko Ignjatovi\u0107 Sarajevo BiH\",\"camera\":\"\",\"caption\":\"\",\"created_timestamp\":\"0\",\"copyright\":\"www.photogalerija.com\",\"focal_length\":\"0\",\"iso\":\"0\",\"shutter_speed\":\"0\",\"title\":\"\",\"orientation\":\"1\",\"keywords\":[\"normalni-kolosijek\"]},\"meta\":false,\"postlink\":\"https:\/\/vremeplov.ba\/2025\/pruga-normalnog-kolosijeka\/sarajev\/\"},{\"id\":21913,\"title\":\"Sarajevo_1948\",\"url\":\"https:\/\/vremeplov.ba\/2025\/wp-content\/uploads\/2025\/04\/Sarajevo_1948.jpg\",\"link\":\"https:\/\/vremeplov.ba\/2025\/pruga-normalnog-kolosijeka\/sarajevo_1948\/\",\"alt\":\"\",\"description\":\"\",\"caption\":\"\",\"mime\":\"image\/jpeg\",\"type\":\"image\",\"width\":627,\"height\":950,\"sizes\":{\"full\":{\"url\":\"https:\/\/vremeplov.ba\/2025\/wp-content\/uploads\/2025\/04\/Sarajevo_1948.jpg\",\"height\":950,\"width\":627,\"orientation\":\"portrait\"}},\"imageMeta\":{\"aperture\":\"0\",\"credit\":\"Sre\u0107ko Ignjatovi\u0107 Sarajevo BiH\",\"camera\":\"\",\"caption\":\"\",\"created_timestamp\":\"0\",\"copyright\":\"www.photogalerija.com\",\"focal_length\":\"0\",\"iso\":\"0\",\"shutter_speed\":\"0\",\"title\":\"\",\"orientation\":\"1\",\"keywords\":[\"Normani kolosijek, EMV 411\",\"\u017dAS Sarajevo\"]},\"meta\":false,\"postlink\":\"https:\/\/vremeplov.ba\/2025\/pruga-normalnog-kolosijeka\/sarajevo_1948\/\"},{\"id\":21914,\"title\":\"Sarajevo_1974-1\",\"url\":\"https:\/\/vremeplov.ba\/2025\/wp-content\/uploads\/2025\/04\/Sarajevo_1974-1.jpg\",\"link\":\"https:\/\/vremeplov.ba\/2025\/pruga-normalnog-kolosijeka\/sarajevo_1974-1\/\",\"alt\":\"\",\"description\":\"\",\"caption\":\"\",\"mime\":\"image\/jpeg\",\"type\":\"image\",\"width\":917,\"height\":950,\"sizes\":{\"full\":{\"url\":\"https:\/\/vremeplov.ba\/2025\/wp-content\/uploads\/2025\/04\/Sarajevo_1974-1.jpg\",\"height\":950,\"width\":917,\"orientation\":\"portrait\"}},\"imageMeta\":{\"aperture\":\"0\",\"credit\":\"Srecko Ignjatovic, Sarajevo, BiH\",\"camera\":\"\",\"caption\":\"\",\"created_timestamp\":\"0\",\"copyright\":\"www.photogalerija.com\",\"focal_length\":\"0\",\"iso\":\"0\",\"shutter_speed\":\"0\",\"title\":\"\",\"orientation\":\"1\",\"keywords\":[\"Sarajevo\",\"stanica\",\"\u017eeljezni\u010dka stanica\",\"tramvaji\"]},\"meta\":false,\"postlink\":\"https:\/\/vremeplov.ba\/2025\/pruga-normalnog-kolosijeka\/sarajevo_1974-1\/\"},{\"id\":21915,\"title\":\"Sarajevo_1974-2\",\"url\":\"https:\/\/vremeplov.ba\/2025\/wp-content\/uploads\/2025\/04\/Sarajevo_1974-2.jpg\",\"link\":\"https:\/\/vremeplov.ba\/2025\/pruga-normalnog-kolosijeka\/sarajevo_1974-2\/\",\"alt\":\"\",\"description\":\"\",\"caption\":\"\",\"mime\":\"image\/jpeg\",\"type\":\"image\",\"width\":950,\"height\":914,\"sizes\":{\"full\":{\"url\":\"https:\/\/vremeplov.ba\/2025\/wp-content\/uploads\/2025\/04\/Sarajevo_1974-2.jpg\",\"height\":914,\"width\":950,\"orientation\":\"landscape\"}},\"imageMeta\":{\"aperture\":\"0\",\"credit\":\"Srecko Ignjatovic, Sarajevo, BiH\",\"camera\":\"\",\"caption\":\"\",\"created_timestamp\":\"0\",\"copyright\":\"www.photogalerija.com\",\"focal_length\":\"0\",\"iso\":\"0\",\"shutter_speed\":\"0\",\"title\":\"\",\"orientation\":\"1\",\"keywords\":[\"Sarajevo\",\"stanica\",\"\u017eeljezni\u010dka stanica\",\"tramvaji\"]},\"meta\":false,\"postlink\":\"https:\/\/vremeplov.ba\/2025\/pruga-normalnog-kolosijeka\/sarajevo_1974-2\/\"},{\"id\":21916,\"title\":\"Sarajevo_1974-3\",\"url\":\"https:\/\/vremeplov.ba\/2025\/wp-content\/uploads\/2025\/04\/Sarajevo_1974-3.jpg\",\"link\":\"https:\/\/vremeplov.ba\/2025\/pruga-normalnog-kolosijeka\/sarajevo_1974-3\/\",\"alt\":\"\",\"description\":\"\",\"caption\":\"\",\"mime\":\"image\/jpeg\",\"type\":\"image\",\"width\":950,\"height\":909,\"sizes\":{\"full\":{\"url\":\"https:\/\/vremeplov.ba\/2025\/wp-content\/uploads\/2025\/04\/Sarajevo_1974-3.jpg\",\"height\":909,\"width\":950,\"orientation\":\"landscape\"}},\"imageMeta\":{\"aperture\":\"0\",\"credit\":\"Srecko Ignjatovic, Sarajevo, BiH\",\"camera\":\"\",\"caption\":\"\",\"created_timestamp\":\"0\",\"copyright\":\"www.photogalerija.com\",\"focal_length\":\"0\",\"iso\":\"0\",\"shutter_speed\":\"0\",\"title\":\"\",\"orientation\":\"1\",\"keywords\":[\"Sarajevo\",\"stanica\",\"\u017eeljezni\u010dka stanica\",\"tramvaji\"]},\"meta\":false,\"postlink\":\"https:\/\/vremeplov.ba\/2025\/pruga-normalnog-kolosijeka\/sarajevo_1974-3\/\"},{\"id\":21917,\"title\":\"sarajevo_1982-1\",\"url\":\"https:\/\/vremeplov.ba\/2025\/wp-content\/uploads\/2025\/04\/sarajevo_1982-1.jpg\",\"link\":\"https:\/\/vremeplov.ba\/2025\/pruga-normalnog-kolosijeka\/sarajevo_1982-1\/\",\"alt\":\"\",\"description\":\"\",\"caption\":\"\",\"mime\":\"image\/jpeg\",\"type\":\"image\",\"width\":950,\"height\":713,\"sizes\":{\"full\":{\"url\":\"https:\/\/vremeplov.ba\/2025\/wp-content\/uploads\/2025\/04\/sarajevo_1982-1.jpg\",\"height\":713,\"width\":950,\"orientation\":\"landscape\"}},\"imageMeta\":{\"aperture\":\"0\",\"credit\":\"Srecko\",\"camera\":\"HP Scanjet 2400\",\"caption\":\"\",\"created_timestamp\":\"0\",\"copyright\":\"www.vremeplov.ba\",\"focal_length\":\"0\",\"iso\":\"0\",\"shutter_speed\":\"0\",\"title\":\"\",\"orientation\":\"1\",\"keywords\":[\"Kolosijek\",\"\u0161iroki\",\"normalni\",\"vozovi\",\"\u017eeljeznica\",\"putovanja\",\"uspomene\",\"vremeplov\",\"Sarajevo\",\"stanica\",\"rekonstrukcija\",\"obnova\"]},\"meta\":false,\"postlink\":\"https:\/\/vremeplov.ba\/2025\/pruga-normalnog-kolosijeka\/sarajevo_1982-1\/\"},{\"id\":21918,\"title\":\"sarajevo_1982-2\",\"url\":\"https:\/\/vremeplov.ba\/2025\/wp-content\/uploads\/2025\/04\/sarajevo_1982-2.jpg\",\"link\":\"https:\/\/vremeplov.ba\/2025\/pruga-normalnog-kolosijeka\/sarajevo_1982-2\/\",\"alt\":\"\",\"description\":\"\",\"caption\":\"\",\"mime\":\"image\/jpeg\",\"type\":\"image\",\"width\":950,\"height\":722,\"sizes\":{\"full\":{\"url\":\"https:\/\/vremeplov.ba\/2025\/wp-content\/uploads\/2025\/04\/sarajevo_1982-2.jpg\",\"height\":722,\"width\":950,\"orientation\":\"landscape\"}},\"imageMeta\":{\"aperture\":\"0\",\"credit\":\"Srecko\",\"camera\":\"HP Scanjet 2400\",\"caption\":\"\",\"created_timestamp\":\"0\",\"copyright\":\"www.vremeplov.ba\",\"focal_length\":\"0\",\"iso\":\"0\",\"shutter_speed\":\"0\",\"title\":\"\",\"orientation\":\"1\",\"keywords\":[\"Kolosijek\",\"\u0161iroki\",\"normalni\",\"vozovi\",\"\u017eeljeznica\",\"putovanja\",\"uspomene\",\"vremeplov\",\"Sarajevo\",\"stanica\",\"rekonstrukcija\",\"obnova\"]},\"meta\":false,\"postlink\":\"https:\/\/vremeplov.ba\/2025\/pruga-normalnog-kolosijeka\/sarajevo_1982-2\/\"},{\"id\":21919,\"title\":\"sarajevo_1982-3\",\"url\":\"https:\/\/vremeplov.ba\/2025\/wp-content\/uploads\/2025\/04\/sarajevo_1982-3.jpg\",\"link\":\"https:\/\/vremeplov.ba\/2025\/pruga-normalnog-kolosijeka\/sarajevo_1982-3\/\",\"alt\":\"\",\"description\":\"\",\"caption\":\"\",\"mime\":\"image\/jpeg\",\"type\":\"image\",\"width\":950,\"height\":719,\"sizes\":{\"full\":{\"url\":\"https:\/\/vremeplov.ba\/2025\/wp-content\/uploads\/2025\/04\/sarajevo_1982-3.jpg\",\"height\":719,\"width\":950,\"orientation\":\"landscape\"}},\"imageMeta\":{\"aperture\":\"0\",\"credit\":\"Srecko\",\"camera\":\"HP Scanjet 2400\",\"caption\":\"\",\"created_timestamp\":\"0\",\"copyright\":\"www.vremeplov.ba\",\"focal_length\":\"0\",\"iso\":\"0\",\"shutter_speed\":\"0\",\"title\":\"\",\"orientation\":\"1\",\"keywords\":[\"Kolosijek\",\"\u0161iroki\",\"normalni\",\"vozovi\",\"\u017eeljeznica\",\"putovanja\",\"uspomene\",\"vremeplov\",\"Sarajevo\",\"stanica\",\"rekonstrukcija\",\"obnova\"]},\"meta\":false,\"postlink\":\"https:\/\/vremeplov.ba\/2025\/pruga-normalnog-kolosijeka\/sarajevo_1982-3\/\"},{\"id\":21920,\"title\":\"Sarajevo_1996\",\"url\":\"https:\/\/vremeplov.ba\/2025\/wp-content\/uploads\/2025\/04\/Sarajevo_1996.jpg\",\"link\":\"https:\/\/vremeplov.ba\/2025\/pruga-normalnog-kolosijeka\/sarajevo_1996\/\",\"alt\":\"\",\"description\":\"\",\"caption\":\"\",\"mime\":\"image\/jpeg\",\"type\":\"image\",\"width\":950,\"height\":485,\"sizes\":{\"full\":{\"url\":\"https:\/\/vremeplov.ba\/2025\/wp-content\/uploads\/2025\/04\/Sarajevo_1996.jpg\",\"height\":485,\"width\":950,\"orientation\":\"landscape\"}},\"imageMeta\":{\"aperture\":\"0\",\"credit\":\"Srecko Ignjatovic\",\"camera\":\"HP Scanjet 2400\",\"caption\":\"\",\"created_timestamp\":\"0\",\"copyright\":\"www.vremeplov.ba\",\"focal_length\":\"0\",\"iso\":\"0\",\"shutter_speed\":\"0\",\"title\":\"\",\"orientation\":\"1\",\"keywords\":[\"vozovi\",\"\u017eeljeznica\",\"pruge\",\"Bosna\",\"J\u017d\",\"Dizelka\",\"Prvi voz\",\"vremeplov\",\"Sarajevo\"]},\"meta\":false,\"postlink\":\"https:\/\/vremeplov.ba\/2025\/pruga-normalnog-kolosijeka\/sarajevo_1996\/\"},{\"id\":21921,\"title\":\"Sarajevo_Direkcija\",\"url\":\"https:\/\/vremeplov.ba\/2025\/wp-content\/uploads\/2025\/04\/Sarajevo_Direkcija.jpg\",\"link\":\"https:\/\/vremeplov.ba\/2025\/pruga-normalnog-kolosijeka\/sarajevo_direkcija\/\",\"alt\":\"\",\"description\":\"\",\"caption\":\"\",\"mime\":\"image\/jpeg\",\"type\":\"image\",\"width\":950,\"height\":950,\"sizes\":{\"full\":{\"url\":\"https:\/\/vremeplov.ba\/2025\/wp-content\/uploads\/2025\/04\/Sarajevo_Direkcija.jpg\",\"height\":950,\"width\":950,\"orientation\":\"landscape\"}},\"imageMeta\":{\"aperture\":\"0\",\"credit\":\"Srecko\",\"camera\":\"\",\"caption\":\"\",\"created_timestamp\":\"0\",\"copyright\":\"www.vremeplov.ba\",\"focal_length\":\"0\",\"iso\":\"0\",\"shutter_speed\":\"0\",\"title\":\"\",\"orientation\":\"1\",\"keywords\":[\"\u017deljeznice\",\"pruge: vozovi\",\"vremeplov\",\"Sarajevo\",\"Direkcija\",\"Stanica\"]},\"meta\":false,\"postlink\":\"https:\/\/vremeplov.ba\/2025\/pruga-normalnog-kolosijeka\/sarajevo_direkcija\/\"},{\"id\":21922,\"title\":\"sarajevo_ekspres\",\"url\":\"https:\/\/vremeplov.ba\/2025\/wp-content\/uploads\/2025\/04\/sarajevo_ekspres.jpg\",\"link\":\"https:\/\/vremeplov.ba\/2025\/pruga-normalnog-kolosijeka\/sarajevo_ekspres\/\",\"alt\":\"\",\"description\":\"\",\"caption\":\"\",\"mime\":\"image\/jpeg\",\"type\":\"image\",\"width\":1100,\"height\":689,\"sizes\":{\"full\":{\"url\":\"https:\/\/vremeplov.ba\/2025\/wp-content\/uploads\/2025\/04\/sarajevo_ekspres.jpg\",\"height\":689,\"width\":1100,\"orientation\":\"landscape\"}},\"imageMeta\":{\"aperture\":\"0\",\"credit\":\"\",\"camera\":\"\",\"caption\":\"\",\"created_timestamp\":\"0\",\"copyright\":\"www.vremeplov.ba\",\"focal_length\":\"0\",\"iso\":\"0\",\"shutter_speed\":\"0\",\"title\":\"\",\"orientation\":\"1\",\"keywords\":[\"sarajevo-ekspres\",\"reklama\",\"vozovi\",\"poslovni\",\"\u017eeljeznica\",\"vremeplov\"]},\"meta\":false,\"postlink\":\"https:\/\/vremeplov.ba\/2025\/pruga-normalnog-kolosijeka\/sarajevo_ekspres\/\"},{\"id\":21923,\"title\":\"Sarajevo_godisnjica\",\"url\":\"https:\/\/vremeplov.ba\/2025\/wp-content\/uploads\/2025\/04\/Sarajevo_godisnjica.jpg\",\"link\":\"https:\/\/vremeplov.ba\/2025\/pruga-normalnog-kolosijeka\/sarajevo_godisnjica\/\",\"alt\":\"\",\"description\":\"\",\"caption\":\"\",\"mime\":\"image\/jpeg\",\"type\":\"image\",\"width\":950,\"height\":710,\"sizes\":{\"full\":{\"url\":\"https:\/\/vremeplov.ba\/2025\/wp-content\/uploads\/2025\/04\/Sarajevo_godisnjica.jpg\",\"height\":710,\"width\":950,\"orientation\":\"landscape\"}},\"imageMeta\":{\"aperture\":\"0\",\"credit\":\"Sre\u0107ko Ignjatovi\u0107 Sarajevo BiH\",\"camera\":\"\",\"caption\":\"\",\"created_timestamp\":\"0\",\"copyright\":\"www.photogalerija.com\",\"focal_length\":\"0\",\"iso\":\"0\",\"shutter_speed\":\"0\",\"title\":\"\",\"orientation\":\"1\",\"keywords\":[\"Normalni kolosijek\",\"mostar\",\"konjic\",\"biha\u0107\",\"izgradnja\"]},\"meta\":false,\"postlink\":\"https:\/\/vremeplov.ba\/2025\/pruga-normalnog-kolosijeka\/sarajevo_godisnjica\/\"},{\"id\":21924,\"title\":\"sarajevo_informacije\",\"url\":\"https:\/\/vremeplov.ba\/2025\/wp-content\/uploads\/2025\/04\/sarajevo_informacije.jpg\",\"link\":\"https:\/\/vremeplov.ba\/2025\/pruga-normalnog-kolosijeka\/sarajevo_informacije\/\",\"alt\":\"\",\"description\":\"\",\"caption\":\"\",\"mime\":\"image\/jpeg\",\"type\":\"image\",\"width\":789,\"height\":950,\"sizes\":{\"full\":{\"url\":\"https:\/\/vremeplov.ba\/2025\/wp-content\/uploads\/2025\/04\/sarajevo_informacije.jpg\",\"height\":950,\"width\":789,\"orientation\":\"portrait\"}},\"imageMeta\":{\"aperture\":\"0\",\"credit\":\"Srecko Ignjatovic, Sarajevo, BiH\",\"camera\":\"\",\"caption\":\"\",\"created_timestamp\":\"0\",\"copyright\":\"www.vremeplov.ba\",\"focal_length\":\"0\",\"iso\":\"0\",\"shutter_speed\":\"0\",\"title\":\"\",\"orientation\":\"1\",\"keywords\":[\"Nova stanica\",\"Novo Sarajevo\",\"informacije\"]},\"meta\":false,\"postlink\":\"https:\/\/vremeplov.ba\/2025\/pruga-normalnog-kolosijeka\/sarajevo_informacije\/\"},{\"id\":21925,\"title\":\"Sarajevo_Novo_78\",\"url\":\"https:\/\/vremeplov.ba\/2025\/wp-content\/uploads\/2025\/04\/Sarajevo_Novo_78.jpg\",\"link\":\"https:\/\/vremeplov.ba\/2025\/pruga-normalnog-kolosijeka\/sarajevo_novo_78\/\",\"alt\":\"\",\"description\":\"\",\"caption\":\"\",\"mime\":\"image\/jpeg\",\"type\":\"image\",\"width\":950,\"height\":717,\"sizes\":{\"full\":{\"url\":\"https:\/\/vremeplov.ba\/2025\/wp-content\/uploads\/2025\/04\/Sarajevo_Novo_78.jpg\",\"height\":717,\"width\":950,\"orientation\":\"landscape\"}},\"imageMeta\":{\"aperture\":\"0\",\"credit\":\"Sre\u0107ko Ignjatovi\u0107 Sarajevo BiH\",\"camera\":\"\",\"caption\":\"\",\"created_timestamp\":\"0\",\"copyright\":\"www.photogalerija.com\",\"focal_length\":\"0\",\"iso\":\"0\",\"shutter_speed\":\"0\",\"title\":\"\",\"orientation\":\"1\",\"keywords\":[\"Normani kolosijek\",\"EMV 411\",\"\u0161inobus\",\"sarajevo novo\",\"\u017eeljeznica\"]},\"meta\":false,\"postlink\":\"https:\/\/vremeplov.ba\/2025\/pruga-normalnog-kolosijeka\/sarajevo_novo_78\/\"},{\"id\":21926,\"title\":\"Sarajevo_Novo_82\",\"url\":\"https:\/\/vremeplov.ba\/2025\/wp-content\/uploads\/2025\/04\/Sarajevo_Novo_82.jpg\",\"link\":\"https:\/\/vremeplov.ba\/2025\/pruga-normalnog-kolosijeka\/sarajevo_novo_82\/\",\"alt\":\"\",\"description\":\"\",\"caption\":\"\",\"mime\":\"image\/jpeg\",\"type\":\"image\",\"width\":950,\"height\":416,\"sizes\":{\"full\":{\"url\":\"https:\/\/vremeplov.ba\/2025\/wp-content\/uploads\/2025\/04\/Sarajevo_Novo_82.jpg\",\"height\":416,\"width\":950,\"orientation\":\"landscape\"}},\"imageMeta\":{\"aperture\":\"0\",\"credit\":\"Sre\u0107ko Ignjatovi\u0107 Sarajevo BiH\",\"camera\":\"HP Scanjet 2400\",\"caption\":\"\",\"created_timestamp\":\"0\",\"copyright\":\"www.photogalerija.com\",\"focal_length\":\"0\",\"iso\":\"0\",\"shutter_speed\":\"0\",\"title\":\"\",\"orientation\":\"1\",\"keywords\":[\"Normani kolosijek\",\"EMV 411\",\"\u0161inobus\",\"sarajevo novo\",\"\u017eeljeznica\"]},\"meta\":false,\"postlink\":\"https:\/\/vremeplov.ba\/2025\/pruga-normalnog-kolosijeka\/sarajevo_novo_82\/\"},{\"id\":21927,\"title\":\"Sarajevo_Novo_1953\",\"url\":\"https:\/\/vremeplov.ba\/2025\/wp-content\/uploads\/2025\/04\/Sarajevo_Novo_1953.jpg\",\"link\":\"https:\/\/vremeplov.ba\/2025\/pruga-normalnog-kolosijeka\/sarajevo_novo_1953\/\",\"alt\":\"\",\"description\":\"\",\"caption\":\"\",\"mime\":\"image\/jpeg\",\"type\":\"image\",\"width\":950,\"height\":683,\"sizes\":{\"full\":{\"url\":\"https:\/\/vremeplov.ba\/2025\/wp-content\/uploads\/2025\/04\/Sarajevo_Novo_1953.jpg\",\"height\":683,\"width\":950,\"orientation\":\"landscape\"}},\"imageMeta\":{\"aperture\":\"0\",\"credit\":\"Srecko\",\"camera\":\"\",\"caption\":\"\",\"created_timestamp\":\"0\",\"copyright\":\"www.vremeplov.ba\",\"focal_length\":\"0\",\"iso\":\"0\",\"shutter_speed\":\"0\",\"title\":\"\",\"orientation\":\"1\",\"keywords\":[\"Sarajevo\",\"stanica\",\"vozovi\",\"putnici\",\"\u017eeljeznica\",\"kolosijek\",\"saobra\u0107aj\",\"vremeplov\"]},\"meta\":false,\"postlink\":\"https:\/\/vremeplov.ba\/2025\/pruga-normalnog-kolosijeka\/sarajevo_novo_1953\/\"},{\"id\":21928,\"title\":\"Sarajevo_novo-1-copy\",\"url\":\"https:\/\/vremeplov.ba\/2025\/wp-content\/uploads\/2025\/04\/Sarajevo_novo-1-copy.jpg\",\"link\":\"https:\/\/vremeplov.ba\/2025\/pruga-normalnog-kolosijeka\/sarajevo_novo-1-copy\/\",\"alt\":\"\",\"description\":\"\",\"caption\":\"\",\"mime\":\"image\/jpeg\",\"type\":\"image\",\"width\":950,\"height\":738,\"sizes\":{\"full\":{\"url\":\"https:\/\/vremeplov.ba\/2025\/wp-content\/uploads\/2025\/04\/Sarajevo_novo-1-copy.jpg\",\"height\":738,\"width\":950,\"orientation\":\"landscape\"}},\"imageMeta\":{\"aperture\":\"0\",\"credit\":\"\",\"camera\":\"\",\"caption\":\"\",\"created_timestamp\":\"0\",\"copyright\":\"\",\"focal_length\":\"0\",\"iso\":\"0\",\"shutter_speed\":\"0\",\"title\":\"\",\"orientation\":\"1\",\"keywords\":[]},\"meta\":false,\"postlink\":\"https:\/\/vremeplov.ba\/2025\/pruga-normalnog-kolosijeka\/sarajevo_novo-1-copy\/\"},{\"id\":21929,\"title\":\"Sarajevo_novo-2-copy\",\"url\":\"https:\/\/vremeplov.ba\/2025\/wp-content\/uploads\/2025\/04\/Sarajevo_novo-2-copy.jpg\",\"link\":\"https:\/\/vremeplov.ba\/2025\/pruga-normalnog-kolosijeka\/sarajevo_novo-2-copy\/\",\"alt\":\"\",\"description\":\"\",\"caption\":\"\",\"mime\":\"image\/jpeg\",\"type\":\"image\",\"width\":950,\"height\":733,\"sizes\":{\"full\":{\"url\":\"https:\/\/vremeplov.ba\/2025\/wp-content\/uploads\/2025\/04\/Sarajevo_novo-2-copy.jpg\",\"height\":733,\"width\":950,\"orientation\":\"landscape\"}},\"imageMeta\":{\"aperture\":\"0\",\"credit\":\"\",\"camera\":\"\",\"caption\":\"\",\"created_timestamp\":\"0\",\"copyright\":\"\",\"focal_length\":\"0\",\"iso\":\"0\",\"shutter_speed\":\"0\",\"title\":\"\",\"orientation\":\"1\",\"keywords\":[]},\"meta\":false,\"postlink\":\"https:\/\/vremeplov.ba\/2025\/pruga-normalnog-kolosijeka\/sarajevo_novo-2-copy\/\"},{\"id\":21930,\"title\":\"Sarajevo_novo-3-copy\",\"url\":\"https:\/\/vremeplov.ba\/2025\/wp-content\/uploads\/2025\/04\/Sarajevo_novo-3-copy.jpg\",\"link\":\"https:\/\/vremeplov.ba\/2025\/pruga-normalnog-kolosijeka\/sarajevo_novo-3-copy\/\",\"alt\":\"\",\"description\":\"\",\"caption\":\"\",\"mime\":\"image\/jpeg\",\"type\":\"image\",\"width\":950,\"height\":732,\"sizes\":{\"full\":{\"url\":\"https:\/\/vremeplov.ba\/2025\/wp-content\/uploads\/2025\/04\/Sarajevo_novo-3-copy.jpg\",\"height\":732,\"width\":950,\"orientation\":\"landscape\"}},\"imageMeta\":{\"aperture\":\"0\",\"credit\":\"\",\"camera\":\"\",\"caption\":\"\",\"created_timestamp\":\"0\",\"copyright\":\"\",\"focal_length\":\"0\",\"iso\":\"0\",\"shutter_speed\":\"0\",\"title\":\"\",\"orientation\":\"1\",\"keywords\":[]},\"meta\":false,\"postlink\":\"https:\/\/vremeplov.ba\/2025\/pruga-normalnog-kolosijeka\/sarajevo_novo-3-copy\/\"},{\"id\":21931,\"title\":\"Sarajevo_obnova_1\",\"url\":\"https:\/\/vremeplov.ba\/2025\/wp-content\/uploads\/2025\/04\/Sarajevo_obnova_1.jpg\",\"link\":\"https:\/\/vremeplov.ba\/2025\/pruga-normalnog-kolosijeka\/sarajevo_obnova_1\/\",\"alt\":\"\",\"description\":\"\",\"caption\":\"\",\"mime\":\"image\/jpeg\",\"type\":\"image\",\"width\":950,\"height\":667,\"sizes\":{\"full\":{\"url\":\"https:\/\/vremeplov.ba\/2025\/wp-content\/uploads\/2025\/04\/Sarajevo_obnova_1.jpg\",\"height\":667,\"width\":950,\"orientation\":\"landscape\"}},\"imageMeta\":{\"aperture\":\"0\",\"credit\":\"Srecko\",\"camera\":\"\",\"caption\":\"\",\"created_timestamp\":\"0\",\"copyright\":\"www.vremeplov.ba\",\"focal_length\":\"0\",\"iso\":\"0\",\"shutter_speed\":\"0\",\"title\":\"\",\"orientation\":\"1\",\"keywords\":[\"Kolosijek\",\"\u0161iroki\",\"normalni\",\"vozovi\",\"\u017eeljeznica\",\"putovanja\",\"uspomene\",\"vremeplov\",\"Sarajevo\",\"stanica\",\"rekonstrukcija\",\"obnova\"]},\"meta\":false,\"postlink\":\"https:\/\/vremeplov.ba\/2025\/pruga-normalnog-kolosijeka\/sarajevo_obnova_1\/\"},{\"id\":21932,\"title\":\"Sarajevo_obnova_2\",\"url\":\"https:\/\/vremeplov.ba\/2025\/wp-content\/uploads\/2025\/04\/Sarajevo_obnova_2.jpg\",\"link\":\"https:\/\/vremeplov.ba\/2025\/pruga-normalnog-kolosijeka\/sarajevo_obnova_2\/\",\"alt\":\"\",\"description\":\"\",\"caption\":\"\",\"mime\":\"image\/jpeg\",\"type\":\"image\",\"width\":950,\"height\":662,\"sizes\":{\"full\":{\"url\":\"https:\/\/vremeplov.ba\/2025\/wp-content\/uploads\/2025\/04\/Sarajevo_obnova_2.jpg\",\"height\":662,\"width\":950,\"orientation\":\"landscape\"}},\"imageMeta\":{\"aperture\":\"0\",\"credit\":\"Srecko\",\"camera\":\"HP Scanjet 2400\",\"caption\":\"\",\"created_timestamp\":\"0\",\"copyright\":\"www.vremeplov.ba\",\"focal_length\":\"0\",\"iso\":\"0\",\"shutter_speed\":\"0\",\"title\":\"\",\"orientation\":\"1\",\"keywords\":[\"Kolosijek\",\"\u0161iroki\",\"normalni\",\"vozovi\",\"\u017eeljeznica\",\"putovanja\",\"uspomene\",\"vremeplov\",\"Sarajevo\",\"stanica\",\"rekonstrukcija\",\"obnova\"]},\"meta\":false,\"postlink\":\"https:\/\/vremeplov.ba\/2025\/pruga-normalnog-kolosijeka\/sarajevo_obnova_2\/\"},{\"id\":21933,\"title\":\"Sarajevo_obnova_3\",\"url\":\"https:\/\/vremeplov.ba\/2025\/wp-content\/uploads\/2025\/04\/Sarajevo_obnova_3.jpg\",\"link\":\"https:\/\/vremeplov.ba\/2025\/pruga-normalnog-kolosijeka\/sarajevo_obnova_3\/\",\"alt\":\"\",\"description\":\"\",\"caption\":\"\",\"mime\":\"image\/jpeg\",\"type\":\"image\",\"width\":950,\"height\":676,\"sizes\":{\"full\":{\"url\":\"https:\/\/vremeplov.ba\/2025\/wp-content\/uploads\/2025\/04\/Sarajevo_obnova_3.jpg\",\"height\":676,\"width\":950,\"orientation\":\"landscape\"}},\"imageMeta\":{\"aperture\":\"0\",\"credit\":\"Srecko\",\"camera\":\"\",\"caption\":\"\",\"created_timestamp\":\"0\",\"copyright\":\"www.vremeplov.ba\",\"focal_length\":\"0\",\"iso\":\"0\",\"shutter_speed\":\"0\",\"title\":\"\",\"orientation\":\"1\",\"keywords\":[\"Kolosijek\",\"\u0161iroki\",\"normalni\",\"vozovi\",\"\u017eeljeznica\",\"putovanja\",\"uspomene\",\"vremeplov\",\"Sarajevo\",\"stanica\",\"rekonstrukcija\",\"obnova\"]},\"meta\":false,\"postlink\":\"https:\/\/vremeplov.ba\/2025\/pruga-normalnog-kolosijeka\/sarajevo_obnova_3\/\"},{\"id\":21934,\"title\":\"Sarajevo_peroni\",\"url\":\"https:\/\/vremeplov.ba\/2025\/wp-content\/uploads\/2025\/04\/Sarajevo_peroni.jpg\",\"link\":\"https:\/\/vremeplov.ba\/2025\/pruga-normalnog-kolosijeka\/sarajevo_peroni\/\",\"alt\":\"\",\"description\":\"\",\"caption\":\"\",\"mime\":\"image\/jpeg\",\"type\":\"image\",\"width\":950,\"height\":919,\"sizes\":{\"full\":{\"url\":\"https:\/\/vremeplov.ba\/2025\/wp-content\/uploads\/2025\/04\/Sarajevo_peroni.jpg\",\"height\":919,\"width\":950,\"orientation\":\"landscape\"}},\"imageMeta\":{\"aperture\":\"0\",\"credit\":\"\",\"camera\":\"\",\"caption\":\"\",\"created_timestamp\":\"0\",\"copyright\":\"\",\"focal_length\":\"0\",\"iso\":\"0\",\"shutter_speed\":\"0\",\"title\":\"\",\"orientation\":\"1\",\"keywords\":[\"sarajevo\",\"stanica\",\"peroni\"]},\"meta\":false,\"postlink\":\"https:\/\/vremeplov.ba\/2025\/pruga-normalnog-kolosijeka\/sarajevo_peroni\/\"},{\"id\":21935,\"title\":\"Sarajevo_rekonstrukcija_1\",\"url\":\"https:\/\/vremeplov.ba\/2025\/wp-content\/uploads\/2025\/04\/Sarajevo_rekonstrukcija_1.jpg\",\"link\":\"https:\/\/vremeplov.ba\/2025\/pruga-normalnog-kolosijeka\/sarajevo_rekonstrukcija_1\/\",\"alt\":\"\",\"description\":\"\",\"caption\":\"\",\"mime\":\"image\/jpeg\",\"type\":\"image\",\"width\":950,\"height\":664,\"sizes\":{\"full\":{\"url\":\"https:\/\/vremeplov.ba\/2025\/wp-content\/uploads\/2025\/04\/Sarajevo_rekonstrukcija_1.jpg\",\"height\":664,\"width\":950,\"orientation\":\"landscape\"}},\"imageMeta\":{\"aperture\":\"0\",\"credit\":\"Srecko\",\"camera\":\"HP Scanjet 2400\",\"caption\":\"\",\"created_timestamp\":\"0\",\"copyright\":\"www.vremeplov.ba\",\"focal_length\":\"0\",\"iso\":\"0\",\"shutter_speed\":\"0\",\"title\":\"\",\"orientation\":\"1\",\"keywords\":[\"Kolosijek\",\"\u0161iroki\",\"normalni\",\"vozovi\",\"\u017eeljeznica\",\"putovanja\",\"uspomene\",\"vremeplov\",\"Sarajevo\",\"stanica\",\"rekonstrukcija\",\"obnova\"]},\"meta\":false,\"postlink\":\"https:\/\/vremeplov.ba\/2025\/pruga-normalnog-kolosijeka\/sarajevo_rekonstrukcija_1\/\"},{\"id\":21936,\"title\":\"Sarajevo_rekonstrukcija_2\",\"url\":\"https:\/\/vremeplov.ba\/2025\/wp-content\/uploads\/2025\/04\/Sarajevo_rekonstrukcija_2.jpg\",\"link\":\"https:\/\/vremeplov.ba\/2025\/pruga-normalnog-kolosijeka\/sarajevo_rekonstrukcija_2\/\",\"alt\":\"\",\"description\":\"\",\"caption\":\"\",\"mime\":\"image\/jpeg\",\"type\":\"image\",\"width\":950,\"height\":683,\"sizes\":{\"full\":{\"url\":\"https:\/\/vremeplov.ba\/2025\/wp-content\/uploads\/2025\/04\/Sarajevo_rekonstrukcija_2.jpg\",\"height\":683,\"width\":950,\"orientation\":\"landscape\"}},\"imageMeta\":{\"aperture\":\"0\",\"credit\":\"Srecko\",\"camera\":\"HP Scanjet 2400\",\"caption\":\"\",\"created_timestamp\":\"0\",\"copyright\":\"www.vremeplov.ba\",\"focal_length\":\"0\",\"iso\":\"0\",\"shutter_speed\":\"0\",\"title\":\"\",\"orientation\":\"1\",\"keywords\":[\"Kolosijek\",\"\u0161iroki\",\"normalni\",\"vozovi\",\"\u017eeljeznica\",\"putovanja\",\"uspomene\",\"vremeplov\",\"Sarajevo\",\"stanica\",\"rekonstrukcija\",\"obnova\"]},\"meta\":false,\"postlink\":\"https:\/\/vremeplov.ba\/2025\/pruga-normalnog-kolosijeka\/sarajevo_rekonstrukcija_2\/\"},{\"id\":21937,\"title\":\"Sarajevo_rekonstrukcija_3\",\"url\":\"https:\/\/vremeplov.ba\/2025\/wp-content\/uploads\/2025\/04\/Sarajevo_rekonstrukcija_3.jpg\",\"link\":\"https:\/\/vremeplov.ba\/2025\/pruga-normalnog-kolosijeka\/sarajevo_rekonstrukcija_3\/\",\"alt\":\"\",\"description\":\"\",\"caption\":\"\",\"mime\":\"image\/jpeg\",\"type\":\"image\",\"width\":950,\"height\":686,\"sizes\":{\"full\":{\"url\":\"https:\/\/vremeplov.ba\/2025\/wp-content\/uploads\/2025\/04\/Sarajevo_rekonstrukcija_3.jpg\",\"height\":686,\"width\":950,\"orientation\":\"landscape\"}},\"imageMeta\":{\"aperture\":\"0\",\"credit\":\"Srecko\",\"camera\":\"HP Scanjet 2400\",\"caption\":\"\",\"created_timestamp\":\"0\",\"copyright\":\"www.vremeplov.ba\",\"focal_length\":\"0\",\"iso\":\"0\",\"shutter_speed\":\"0\",\"title\":\"\",\"orientation\":\"1\",\"keywords\":[\"Kolosijek\",\"\u0161iroki\",\"normalni\",\"vozovi\",\"\u017eeljeznica\",\"putovanja\",\"uspomene\",\"vremeplov\",\"Sarajevo\",\"stanica\",\"rekonstrukcija\",\"obnova\"]},\"meta\":false,\"postlink\":\"https:\/\/vremeplov.ba\/2025\/pruga-normalnog-kolosijeka\/sarajevo_rekonstrukcija_3\/\"},{\"id\":21938,\"title\":\"Sarajevo_Salon_Dzemal\",\"url\":\"https:\/\/vremeplov.ba\/2025\/wp-content\/uploads\/2025\/04\/Sarajevo_Salon_Dzemal.jpg\",\"link\":\"https:\/\/vremeplov.ba\/2025\/pruga-normalnog-kolosijeka\/sarajevo_salon_dzemal\/\",\"alt\":\"\",\"description\":\"\",\"caption\":\"\",\"mime\":\"image\/jpeg\",\"type\":\"image\",\"width\":950,\"height\":681,\"sizes\":{\"full\":{\"url\":\"https:\/\/vremeplov.ba\/2025\/wp-content\/uploads\/2025\/04\/Sarajevo_Salon_Dzemal.jpg\",\"height\":681,\"width\":950,\"orientation\":\"landscape\"}},\"imageMeta\":{\"aperture\":\"0\",\"credit\":\"Srecko\",\"camera\":\"\",\"caption\":\"\",\"created_timestamp\":\"0\",\"copyright\":\"www.vremeplov.ba\",\"focal_length\":\"0\",\"iso\":\"0\",\"shutter_speed\":\"0\",\"title\":\"\",\"orientation\":\"1\",\"keywords\":[\"Normalni kolosijek\",\"vozovi\",\"\u017eeljeznica\",\"Bosna\",\"Sarajevo\",\"Kakanj\",\"Kardeljevo\",\"Maglaj\",\"Salon\",\"vremeplov\"]},\"meta\":false,\"postlink\":\"https:\/\/vremeplov.ba\/2025\/pruga-normalnog-kolosijeka\/sarajevo_salon_dzemal\/\"},{\"id\":21939,\"title\":\"Sarajevo_st_1953\",\"url\":\"https:\/\/vremeplov.ba\/2025\/wp-content\/uploads\/2025\/04\/Sarajevo_st_1953.jpg\",\"link\":\"https:\/\/vremeplov.ba\/2025\/pruga-normalnog-kolosijeka\/sarajevo_st_1953\/\",\"alt\":\"\",\"description\":\"\",\"caption\":\"\",\"mime\":\"image\/jpeg\",\"type\":\"image\",\"width\":950,\"height\":924,\"sizes\":{\"full\":{\"url\":\"https:\/\/vremeplov.ba\/2025\/wp-content\/uploads\/2025\/04\/Sarajevo_st_1953.jpg\",\"height\":924,\"width\":950,\"orientation\":\"landscape\"}},\"imageMeta\":{\"aperture\":\"0\",\"credit\":\"Srecko\",\"camera\":\"\",\"caption\":\"\",\"created_timestamp\":\"0\",\"copyright\":\"www.vremeplov.ba\",\"focal_length\":\"0\",\"iso\":\"0\",\"shutter_speed\":\"0\",\"title\":\"\",\"orientation\":\"1\",\"keywords\":[\"Kolosijek\",\"\u0161iroki\",\"normalni\",\"vozovi\",\"\u017eeljeznica\",\"putovanja\",\"uspomene\",\"vremeplov\",\"Sarajevo\",\"stanica\",\"rekonstrukcija\",\"obnova\"]},\"meta\":false,\"postlink\":\"https:\/\/vremeplov.ba\/2025\/pruga-normalnog-kolosijeka\/sarajevo_st_1953\/\"},{\"id\":21940,\"title\":\"Sarajevo_stanica\",\"url\":\"https:\/\/vremeplov.ba\/2025\/wp-content\/uploads\/2025\/04\/Sarajevo_stanica.jpg\",\"link\":\"https:\/\/vremeplov.ba\/2025\/pruga-normalnog-kolosijeka\/sarajevo_stanica\/\",\"alt\":\"\",\"description\":\"\",\"caption\":\"\",\"mime\":\"image\/jpeg\",\"type\":\"image\",\"width\":950,\"height\":590,\"sizes\":{\"full\":{\"url\":\"https:\/\/vremeplov.ba\/2025\/wp-content\/uploads\/2025\/04\/Sarajevo_stanica.jpg\",\"height\":590,\"width\":950,\"orientation\":\"landscape\"}},\"imageMeta\":{\"aperture\":\"0\",\"credit\":\"\",\"camera\":\"\",\"caption\":\"\",\"created_timestamp\":\"0\",\"copyright\":\"\",\"focal_length\":\"0\",\"iso\":\"0\",\"shutter_speed\":\"0\",\"title\":\"\",\"orientation\":\"1\",\"keywords\":[\"sarajevo\",\"stanica\",\"peroni\",\"old timer\",\"fiat 1300\",\"stojadin\",\"fi\u010do\",\"zastava 750\"]},\"meta\":false,\"postlink\":\"https:\/\/vremeplov.ba\/2025\/pruga-normalnog-kolosijeka\/sarajevo_stanica\/\"},{\"id\":21941,\"title\":\"Sarajevo_stanica_1958\",\"url\":\"https:\/\/vremeplov.ba\/2025\/wp-content\/uploads\/2025\/04\/Sarajevo_stanica_1958.jpg\",\"link\":\"https:\/\/vremeplov.ba\/2025\/pruga-normalnog-kolosijeka\/sarajevo_stanica_1958\/\",\"alt\":\"\",\"description\":\"\",\"caption\":\"\",\"mime\":\"image\/jpeg\",\"type\":\"image\",\"width\":950,\"height\":633,\"sizes\":{\"full\":{\"url\":\"https:\/\/vremeplov.ba\/2025\/wp-content\/uploads\/2025\/04\/Sarajevo_stanica_1958.jpg\",\"height\":633,\"width\":950,\"orientation\":\"landscape\"}},\"imageMeta\":{\"aperture\":\"0\",\"credit\":\"Srecko Ignjatovic, Sarajevo, BiH\",\"camera\":\"\",\"caption\":\"\",\"created_timestamp\":\"1471446398\",\"copyright\":\"www.vremeplov.ba\",\"focal_length\":\"0\",\"iso\":\"0\",\"shutter_speed\":\"0\",\"title\":\"\",\"orientation\":\"1\",\"keywords\":[\"Sarajevo\",\"Railway station Sarajevo\",\"stanica\"]},\"meta\":false,\"postlink\":\"https:\/\/vremeplov.ba\/2025\/pruga-normalnog-kolosijeka\/sarajevo_stanica_1958\/\"},{\"id\":21942,\"title\":\"Sarajevo_Stanica_Olimpijada\",\"url\":\"https:\/\/vremeplov.ba\/2025\/wp-content\/uploads\/2025\/04\/Sarajevo_Stanica_Olimpijada.jpg\",\"link\":\"https:\/\/vremeplov.ba\/2025\/pruga-normalnog-kolosijeka\/sarajevo_stanica_olimpijada\/\",\"alt\":\"\",\"description\":\"\",\"caption\":\"\",\"mime\":\"image\/jpeg\",\"type\":\"image\",\"width\":950,\"height\":685,\"sizes\":{\"full\":{\"url\":\"https:\/\/vremeplov.ba\/2025\/wp-content\/uploads\/2025\/04\/Sarajevo_Stanica_Olimpijada.jpg\",\"height\":685,\"width\":950,\"orientation\":\"landscape\"}},\"imageMeta\":{\"aperture\":\"0\",\"credit\":\"Srecko\",\"camera\":\"\",\"caption\":\"\",\"created_timestamp\":\"0\",\"copyright\":\"www.vremeplov.ba\",\"focal_length\":\"0\",\"iso\":\"0\",\"shutter_speed\":\"0\",\"title\":\"\",\"orientation\":\"1\",\"keywords\":[\"Sarajevo\",\"Stanica\",\"\u017eeljeznica\",\"vozovi\",\"vremeplov\"]},\"meta\":false,\"postlink\":\"https:\/\/vremeplov.ba\/2025\/pruga-normalnog-kolosijeka\/sarajevo_stanica_olimpijada\/\"},{\"id\":21943,\"title\":\"Sarajevo_Titova_TB\",\"url\":\"https:\/\/vremeplov.ba\/2025\/wp-content\/uploads\/2025\/04\/Sarajevo_Titova_TB.jpg\",\"link\":\"https:\/\/vremeplov.ba\/2025\/pruga-normalnog-kolosijeka\/sarajevo_titova_tb\/\",\"alt\":\"\",\"description\":\"\",\"caption\":\"\",\"mime\":\"image\/jpeg\",\"type\":\"image\",\"width\":950,\"height\":487,\"sizes\":{\"full\":{\"url\":\"https:\/\/vremeplov.ba\/2025\/wp-content\/uploads\/2025\/04\/Sarajevo_Titova_TB.jpg\",\"height\":487,\"width\":950,\"orientation\":\"landscape\"}},\"imageMeta\":{\"aperture\":\"0\",\"credit\":\"Srecko Ignjatovic, Sarajevo, BiH\",\"camera\":\"HP Scanjet 2400\",\"caption\":\"\",\"created_timestamp\":\"0\",\"copyright\":\"www.vremeplov.ba\",\"focal_length\":\"0\",\"iso\":\"0\",\"shutter_speed\":\"0\",\"title\":\"\",\"orientation\":\"1\",\"keywords\":[\"sarajevo\",\"staro sarajevo\",\"Musala\",\"Titova\"]},\"meta\":false,\"postlink\":\"https:\/\/vremeplov.ba\/2025\/pruga-normalnog-kolosijeka\/sarajevo_titova_tb\/\"},{\"id\":21944,\"title\":\"Sarajevo-68.\",\"url\":\"https:\/\/vremeplov.ba\/2025\/wp-content\/uploads\/2025\/04\/Sarajevo-68.jpg\",\"link\":\"https:\/\/vremeplov.ba\/2025\/pruga-normalnog-kolosijeka\/sarajevo-68\/\",\"alt\":\"\",\"description\":\"\",\"caption\":\"\",\"mime\":\"image\/jpeg\",\"type\":\"image\",\"width\":950,\"height\":626,\"sizes\":{\"full\":{\"url\":\"https:\/\/vremeplov.ba\/2025\/wp-content\/uploads\/2025\/04\/Sarajevo-68.jpg\",\"height\":626,\"width\":950,\"orientation\":\"landscape\"}},\"imageMeta\":{\"aperture\":\"0\",\"credit\":\"Srecko\",\"camera\":\"\",\"caption\":\"\",\"created_timestamp\":\"0\",\"copyright\":\"www.vremeplov.ba\",\"focal_length\":\"0\",\"iso\":\"0\",\"shutter_speed\":\"0\",\"title\":\"\",\"orientation\":\"1\",\"keywords\":[\"\u017eeljeznica\",\"normalne pruge\",\"Bosna\",\"vremeplov\",\"istorija\",\"fotografije\",\"Sarajevo\",\"vozovi\",\"stanica\",\"sarajevo novo\"]},\"meta\":false,\"postlink\":\"https:\/\/vremeplov.ba\/2025\/pruga-normalnog-kolosijeka\/sarajevo-68\/\"},{\"id\":21945,\"title\":\"Sarajevo-1968.\",\"url\":\"https:\/\/vremeplov.ba\/2025\/wp-content\/uploads\/2025\/04\/Sarajevo-1968.jpg\",\"link\":\"https:\/\/vremeplov.ba\/2025\/pruga-normalnog-kolosijeka\/sarajevo-1968\/\",\"alt\":\"\",\"description\":\"\",\"caption\":\"\",\"mime\":\"image\/jpeg\",\"type\":\"image\",\"width\":950,\"height\":623,\"sizes\":{\"full\":{\"url\":\"https:\/\/vremeplov.ba\/2025\/wp-content\/uploads\/2025\/04\/Sarajevo-1968.jpg\",\"height\":623,\"width\":950,\"orientation\":\"landscape\"}},\"imageMeta\":{\"aperture\":\"0\",\"credit\":\"Srecko\",\"camera\":\"\",\"caption\":\"\",\"created_timestamp\":\"0\",\"copyright\":\"www.vremeplov.ba\",\"focal_length\":\"0\",\"iso\":\"0\",\"shutter_speed\":\"0\",\"title\":\"\",\"orientation\":\"1\",\"keywords\":[\"\u017eeljeznica\",\"normalne pruge\",\"Bosna\",\"vremeplov\",\"istorija\",\"fotografije\",\"Sarajevo\",\"vozovi\",\"stanica\",\"sarajevo novo\"]},\"meta\":false,\"postlink\":\"https:\/\/vremeplov.ba\/2025\/pruga-normalnog-kolosijeka\/sarajevo-1968\/\"},{\"id\":21946,\"title\":\"Sarajevo-1978\",\"url\":\"https:\/\/vremeplov.ba\/2025\/wp-content\/uploads\/2025\/04\/Sarajevo-1978.jpg\",\"link\":\"https:\/\/vremeplov.ba\/2025\/pruga-normalnog-kolosijeka\/sarajevo-1978\/\",\"alt\":\"\",\"description\":\"\",\"caption\":\"\",\"mime\":\"image\/jpeg\",\"type\":\"image\",\"width\":950,\"height\":499,\"sizes\":{\"full\":{\"url\":\"https:\/\/vremeplov.ba\/2025\/wp-content\/uploads\/2025\/04\/Sarajevo-1978.jpg\",\"height\":499,\"width\":950,\"orientation\":\"landscape\"}},\"imageMeta\":{\"aperture\":\"0\",\"credit\":\"\",\"camera\":\"\",\"caption\":\"\",\"created_timestamp\":\"0\",\"copyright\":\"\",\"focal_length\":\"0\",\"iso\":\"0\",\"shutter_speed\":\"0\",\"title\":\"\",\"orientation\":\"1\",\"keywords\":[]},\"meta\":false,\"postlink\":\"https:\/\/vremeplov.ba\/2025\/pruga-normalnog-kolosijeka\/sarajevo-1978\/\"},{\"id\":21947,\"title\":\"Sarajevo-1996\",\"url\":\"https:\/\/vremeplov.ba\/2025\/wp-content\/uploads\/2025\/04\/Sarajevo-1996.jpg\",\"link\":\"https:\/\/vremeplov.ba\/2025\/pruga-normalnog-kolosijeka\/sarajevo-1996\/\",\"alt\":\"\",\"description\":\"\",\"caption\":\"\",\"mime\":\"image\/jpeg\",\"type\":\"image\",\"width\":950,\"height\":620,\"sizes\":{\"full\":{\"url\":\"https:\/\/vremeplov.ba\/2025\/wp-content\/uploads\/2025\/04\/Sarajevo-1996.jpg\",\"height\":620,\"width\":950,\"orientation\":\"landscape\"}},\"imageMeta\":{\"aperture\":\"0\",\"credit\":\"\",\"camera\":\"HP Scanjet 2400\",\"caption\":\"\",\"created_timestamp\":\"0\",\"copyright\":\"\",\"focal_length\":\"0\",\"iso\":\"0\",\"shutter_speed\":\"0\",\"title\":\"\",\"orientation\":\"1\",\"keywords\":[\"Sarajevo\",\"Bosna Ekspres\",\"vremeplov\"]},\"meta\":false,\"postlink\":\"https:\/\/vremeplov.ba\/2025\/pruga-normalnog-kolosijeka\/sarajevo-1996\/\"},{\"id\":21948,\"title\":\"Sarajevo-autobus\",\"url\":\"https:\/\/vremeplov.ba\/2025\/wp-content\/uploads\/2025\/04\/Sarajevo-autobus.jpg\",\"link\":\"https:\/\/vremeplov.ba\/2025\/pruga-normalnog-kolosijeka\/sarajevo-autobus\/\",\"alt\":\"\",\"description\":\"\",\"caption\":\"\",\"mime\":\"image\/jpeg\",\"type\":\"image\",\"width\":950,\"height\":989,\"sizes\":{\"full\":{\"url\":\"https:\/\/vremeplov.ba\/2025\/wp-content\/uploads\/2025\/04\/Sarajevo-autobus.jpg\",\"height\":989,\"width\":950,\"orientation\":\"portrait\"}},\"imageMeta\":{\"aperture\":\"0\",\"credit\":\"Srecko Ignjatovic, Sarajevo\",\"camera\":\"\",\"caption\":\"\",\"created_timestamp\":\"0\",\"copyright\":\"www.vremeplov.ba\",\"focal_length\":\"0\",\"iso\":\"0\",\"shutter_speed\":\"0\",\"title\":\"\",\"orientation\":\"1\",\"keywords\":[\"normalni\",\"kolosijek\",\"\u017eeljeznica\",\"Bosna\",\"vremeplov\",\"Sarajevo\",\"direkcija\"]},\"meta\":false,\"postlink\":\"https:\/\/vremeplov.ba\/2025\/pruga-normalnog-kolosijeka\/sarajevo-autobus\/\"},{\"id\":21949,\"title\":\"Sarajevo-BAAT-vagoni\",\"url\":\"https:\/\/vremeplov.ba\/2025\/wp-content\/uploads\/2025\/04\/Sarajevo-BAAT-vagoni.jpg\",\"link\":\"https:\/\/vremeplov.ba\/2025\/pruga-normalnog-kolosijeka\/sarajevo-baat-vagoni\/\",\"alt\":\"\",\"description\":\"\",\"caption\":\"\",\"mime\":\"image\/jpeg\",\"type\":\"image\",\"width\":950,\"height\":648,\"sizes\":{\"full\":{\"url\":\"https:\/\/vremeplov.ba\/2025\/wp-content\/uploads\/2025\/04\/Sarajevo-BAAT-vagoni.jpg\",\"height\":648,\"width\":950,\"orientation\":\"landscape\"}},\"imageMeta\":{\"aperture\":\"0\",\"credit\":\"Sre\u0107ko Ignjatovi\u0107 Sarajevo BiH\",\"camera\":\"\",\"caption\":\"\",\"created_timestamp\":\"0\",\"copyright\":\"www.photogalerija.com\",\"focal_length\":\"0\",\"iso\":\"0\",\"shutter_speed\":\"0\",\"title\":\"\",\"orientation\":\"1\",\"keywords\":[\"normalni-kolosijek\",\"olimpik\",\"bosna-ekspres\",\"mostar\",\"sarajevo\",\"biffe\"]},\"meta\":false,\"postlink\":\"https:\/\/vremeplov.ba\/2025\/pruga-normalnog-kolosijeka\/sarajevo-baat-vagoni\/\"},{\"id\":21950,\"title\":\"sarajevo-novo-istorija\",\"url\":\"https:\/\/vremeplov.ba\/2025\/wp-content\/uploads\/2025\/04\/sarajevo-novo-istorija.jpg\",\"link\":\"https:\/\/vremeplov.ba\/2025\/pruga-normalnog-kolosijeka\/sarajevo-novo-istorija\/\",\"alt\":\"\",\"description\":\"\",\"caption\":\"\",\"mime\":\"image\/jpeg\",\"type\":\"image\",\"width\":950,\"height\":713,\"sizes\":{\"full\":{\"url\":\"https:\/\/vremeplov.ba\/2025\/wp-content\/uploads\/2025\/04\/sarajevo-novo-istorija.jpg\",\"height\":713,\"width\":950,\"orientation\":\"landscape\"}},\"imageMeta\":{\"aperture\":\"0\",\"credit\":\"Sre\u0107ko Ignjatovi\u0107 Sarajevo BiH\",\"camera\":\"\",\"caption\":\"\",\"created_timestamp\":\"0\",\"copyright\":\"www.photogalerija.com\",\"focal_length\":\"0\",\"iso\":\"0\",\"shutter_speed\":\"0\",\"title\":\"\",\"orientation\":\"1\",\"keywords\":[\"normalni-kolosijek\",\"olimpik\",\"bosna-ekspres\",\"mostar\",\"sarajevo\",\"biffe\"]},\"meta\":false,\"postlink\":\"https:\/\/vremeplov.ba\/2025\/pruga-normalnog-kolosijeka\/sarajevo-novo-istorija\/\"},{\"id\":21951,\"title\":\"Sarajevo-praznik\",\"url\":\"https:\/\/vremeplov.ba\/2025\/wp-content\/uploads\/2025\/04\/Sarajevo-praznik.jpg\",\"link\":\"https:\/\/vremeplov.ba\/2025\/pruga-normalnog-kolosijeka\/sarajevo-praznik\/\",\"alt\":\"\",\"description\":\"\",\"caption\":\"\",\"mime\":\"image\/jpeg\",\"type\":\"image\",\"width\":950,\"height\":621,\"sizes\":{\"full\":{\"url\":\"https:\/\/vremeplov.ba\/2025\/wp-content\/uploads\/2025\/04\/Sarajevo-praznik.jpg\",\"height\":621,\"width\":950,\"orientation\":\"landscape\"}},\"imageMeta\":{\"aperture\":\"0\",\"credit\":\"Srecko\",\"camera\":\"\",\"caption\":\"\",\"created_timestamp\":\"0\",\"copyright\":\"www.vremeplov.ba\",\"focal_length\":\"0\",\"iso\":\"0\",\"shutter_speed\":\"0\",\"title\":\"\",\"orientation\":\"1\",\"keywords\":[\"\u017eeljeznica\",\"normalne pruge\",\"Bosna\",\"vremeplov\",\"istorija\",\"fotografije\",\"Sarajevo\",\"vozovi\",\"stanica\",\"sarajevo novo\"]},\"meta\":false,\"postlink\":\"https:\/\/vremeplov.ba\/2025\/pruga-normalnog-kolosijeka\/sarajevo-praznik\/\"},{\"id\":21952,\"title\":\"Sarajevo-stanica-tramvaj\",\"url\":\"https:\/\/vremeplov.ba\/2025\/wp-content\/uploads\/2025\/04\/Sarajevo-stanica-tramvaj.jpg\",\"link\":\"https:\/\/vremeplov.ba\/2025\/pruga-normalnog-kolosijeka\/sarajevo-stanica-tramvaj\/\",\"alt\":\"\",\"description\":\"\",\"caption\":\"\",\"mime\":\"image\/jpeg\",\"type\":\"image\",\"width\":950,\"height\":720,\"sizes\":{\"full\":{\"url\":\"https:\/\/vremeplov.ba\/2025\/wp-content\/uploads\/2025\/04\/Sarajevo-stanica-tramvaj.jpg\",\"height\":720,\"width\":950,\"orientation\":\"landscape\"}},\"imageMeta\":{\"aperture\":\"0\",\"credit\":\"Srecko Ignjatovic, Sarajevo\",\"camera\":\"\",\"caption\":\"\",\"created_timestamp\":\"0\",\"copyright\":\"www.vremeplov.ba\",\"focal_length\":\"0\",\"iso\":\"0\",\"shutter_speed\":\"0\",\"title\":\"\",\"orientation\":\"1\",\"keywords\":[\"normalni\",\"kolosijek\",\"\u017eeljeznica\",\"Bosna\",\"vremeplov\",\"Sarajevo\",\"direkcija\"]},\"meta\":false,\"postlink\":\"https:\/\/vremeplov.ba\/2025\/pruga-normalnog-kolosijeka\/sarajevo-stanica-tramvaj\/\"},{\"id\":21953,\"title\":\"Sarajevo-stanica-Vehid\",\"url\":\"https:\/\/vremeplov.ba\/2025\/wp-content\/uploads\/2025\/04\/Sarajevo-stanica-Vehid.jpg\",\"link\":\"https:\/\/vremeplov.ba\/2025\/pruga-normalnog-kolosijeka\/sarajevo-stanica-vehid\/\",\"alt\":\"\",\"description\":\"\",\"caption\":\"\",\"mime\":\"image\/jpeg\",\"type\":\"image\",\"width\":950,\"height\":666,\"sizes\":{\"full\":{\"url\":\"https:\/\/vremeplov.ba\/2025\/wp-content\/uploads\/2025\/04\/Sarajevo-stanica-Vehid.jpg\",\"height\":666,\"width\":950,\"orientation\":\"landscape\"}},\"imageMeta\":{\"aperture\":\"0\",\"credit\":\"Srecko\",\"camera\":\"\",\"caption\":\"\",\"created_timestamp\":\"0\",\"copyright\":\"www.vremeplov.ba\",\"focal_length\":\"0\",\"iso\":\"0\",\"shutter_speed\":\"0\",\"title\":\"\",\"orientation\":\"1\",\"keywords\":[\"\u017eeljeznica\",\"normalne pruge\",\"Bosna\",\"vremeplov\",\"istorija\",\"fotografije\",\"Sarajevo\",\"vozovi\",\"stanica\",\"sarajevo novo\"]},\"meta\":false,\"postlink\":\"https:\/\/vremeplov.ba\/2025\/pruga-normalnog-kolosijeka\/sarajevo-stanica-vehid\/\"},{\"id\":21954,\"title\":\"Sarajevo-taxi\",\"url\":\"https:\/\/vremeplov.ba\/2025\/wp-content\/uploads\/2025\/04\/Sarajevo-taxi.jpg\",\"link\":\"https:\/\/vremeplov.ba\/2025\/pruga-normalnog-kolosijeka\/sarajevo-taxi\/\",\"alt\":\"\",\"description\":\"\",\"caption\":\"\",\"mime\":\"image\/jpeg\",\"type\":\"image\",\"width\":950,\"height\":811,\"sizes\":{\"full\":{\"url\":\"https:\/\/vremeplov.ba\/2025\/wp-content\/uploads\/2025\/04\/Sarajevo-taxi.jpg\",\"height\":811,\"width\":950,\"orientation\":\"landscape\"}},\"imageMeta\":{\"aperture\":\"2.6\",\"credit\":\"\",\"camera\":\"HDR-CX730E\",\"caption\":\"\",\"created_timestamp\":\"1433667472\",\"copyright\":\"www.photogalerija.com\",\"focal_length\":\"12.8\",\"iso\":\"0\",\"shutter_speed\":\"0.02\",\"title\":\"\",\"orientation\":\"1\",\"keywords\":[\"taxi, railway, station, stanica, sarajevo, turizam,\"]},\"meta\":false,\"postlink\":\"https:\/\/vremeplov.ba\/2025\/pruga-normalnog-kolosijeka\/sarajevo-taxi\/\"},{\"id\":21955,\"title\":\"Sarajevo-Teretna\",\"url\":\"https:\/\/vremeplov.ba\/2025\/wp-content\/uploads\/2025\/04\/Sarajevo-Teretna.jpg\",\"link\":\"https:\/\/vremeplov.ba\/2025\/pruga-normalnog-kolosijeka\/sarajevo-teretna\/\",\"alt\":\"\",\"description\":\"\",\"caption\":\"\",\"mime\":\"image\/jpeg\",\"type\":\"image\",\"width\":787,\"height\":1000,\"sizes\":{\"full\":{\"url\":\"https:\/\/vremeplov.ba\/2025\/wp-content\/uploads\/2025\/04\/Sarajevo-Teretna.jpg\",\"height\":1000,\"width\":787,\"orientation\":\"portrait\"}},\"imageMeta\":{\"aperture\":\"0\",\"credit\":\"Srecko\",\"camera\":\"\",\"caption\":\"\",\"created_timestamp\":\"0\",\"copyright\":\"www.vremeplov.ba\",\"focal_length\":\"0\",\"iso\":\"0\",\"shutter_speed\":\"0\",\"title\":\"\",\"orientation\":\"1\",\"keywords\":[\"\u017eeljeznica\",\"normalne pruge\",\"Bosna\",\"vremeplov\",\"istorija\",\"fotografije\",\"Sarajevo\",\"vozovi\",\"stanica\",\"sarajevo novo\"]},\"meta\":false,\"postlink\":\"https:\/\/vremeplov.ba\/2025\/pruga-normalnog-kolosijeka\/sarajevo-teretna\/\"},{\"id\":21956,\"title\":\"Sarajevo-ulazni-signali\",\"url\":\"https:\/\/vremeplov.ba\/2025\/wp-content\/uploads\/2025\/04\/Sarajevo-ulazni-signali.jpg\",\"link\":\"https:\/\/vremeplov.ba\/2025\/pruga-normalnog-kolosijeka\/sarajevo-ulazni-signali\/\",\"alt\":\"\",\"description\":\"\",\"caption\":\"\",\"mime\":\"image\/jpeg\",\"type\":\"image\",\"width\":950,\"height\":631,\"sizes\":{\"full\":{\"url\":\"https:\/\/vremeplov.ba\/2025\/wp-content\/uploads\/2025\/04\/Sarajevo-ulazni-signali.jpg\",\"height\":631,\"width\":950,\"orientation\":\"landscape\"}},\"imageMeta\":{\"aperture\":\"0\",\"credit\":\"\",\"camera\":\"\",\"caption\":\"\",\"created_timestamp\":\"0\",\"copyright\":\"\",\"focal_length\":\"0\",\"iso\":\"0\",\"shutter_speed\":\"0\",\"title\":\"\",\"orientation\":\"1\",\"keywords\":[]},\"meta\":false,\"postlink\":\"https:\/\/vremeplov.ba\/2025\/pruga-normalnog-kolosijeka\/sarajevo-ulazni-signali\/\"},{\"id\":21957,\"title\":\"Sarajevo-Uzelac-ZOI-84\",\"url\":\"https:\/\/vremeplov.ba\/2025\/wp-content\/uploads\/2025\/04\/Sarajevo-Uzelac-ZOI-84.jpg\",\"link\":\"https:\/\/vremeplov.ba\/2025\/pruga-normalnog-kolosijeka\/sarajevo-uzelac-zoi-84\/\",\"alt\":\"\",\"description\":\"\",\"caption\":\"\",\"mime\":\"image\/jpeg\",\"type\":\"image\",\"width\":950,\"height\":614,\"sizes\":{\"full\":{\"url\":\"https:\/\/vremeplov.ba\/2025\/wp-content\/uploads\/2025\/04\/Sarajevo-Uzelac-ZOI-84.jpg\",\"height\":614,\"width\":950,\"orientation\":\"landscape\"}},\"imageMeta\":{\"aperture\":\"0\",\"credit\":\"Srecko\",\"camera\":\"\",\"caption\":\"\",\"created_timestamp\":\"0\",\"copyright\":\"www.vremeplov.ba\",\"focal_length\":\"0\",\"iso\":\"0\",\"shutter_speed\":\"0\",\"title\":\"\",\"orientation\":\"1\",\"keywords\":[\"\u017eeljeznica\",\"normalne pruge\",\"Bosna\",\"vremeplov\",\"istorija\",\"fotografije\",\"Sarajevo\",\"Uzelac\",\"Uglje\u0161a\",\"ZOI ($\"]},\"meta\":false,\"postlink\":\"https:\/\/vremeplov.ba\/2025\/pruga-normalnog-kolosijeka\/sarajevo-uzelac-zoi-84\/\"},{\"id\":21958,\"title\":\"Sarajevo-vestibil\",\"url\":\"https:\/\/vremeplov.ba\/2025\/wp-content\/uploads\/2025\/04\/Sarajevo-vestibil.jpg\",\"link\":\"https:\/\/vremeplov.ba\/2025\/pruga-normalnog-kolosijeka\/sarajevo-vestibil\/\",\"alt\":\"\",\"description\":\"\",\"caption\":\"\",\"mime\":\"image\/jpeg\",\"type\":\"image\",\"width\":950,\"height\":815,\"sizes\":{\"full\":{\"url\":\"https:\/\/vremeplov.ba\/2025\/wp-content\/uploads\/2025\/04\/Sarajevo-vestibil.jpg\",\"height\":815,\"width\":950,\"orientation\":\"landscape\"}},\"imageMeta\":{\"aperture\":\"0\",\"credit\":\"Srecko\",\"camera\":\"\",\"caption\":\"\",\"created_timestamp\":\"0\",\"copyright\":\"www.vremeplov.ba\",\"focal_length\":\"0\",\"iso\":\"0\",\"shutter_speed\":\"0\",\"title\":\"\",\"orientation\":\"1\",\"keywords\":[\"\u017eeljeznica\",\"normalne pruge\",\"Bosna\",\"vremeplov\",\"istorija\",\"fotografije\",\"Sarajevo\",\"vozovi\",\"stanica\",\"sarajevo novo\"]},\"meta\":false,\"postlink\":\"https:\/\/vremeplov.ba\/2025\/pruga-normalnog-kolosijeka\/sarajevo-vestibil\/\"},{\"id\":21959,\"title\":\"Sarajevo-ZBH.1.\",\"url\":\"https:\/\/vremeplov.ba\/2025\/wp-content\/uploads\/2025\/04\/Sarajevo-ZBH.1.jpg\",\"link\":\"https:\/\/vremeplov.ba\/2025\/pruga-normalnog-kolosijeka\/sarajevo-zbh-1\/\",\"alt\":\"\",\"description\":\"\",\"caption\":\"\",\"mime\":\"image\/jpeg\",\"type\":\"image\",\"width\":950,\"height\":669,\"sizes\":{\"full\":{\"url\":\"https:\/\/vremeplov.ba\/2025\/wp-content\/uploads\/2025\/04\/Sarajevo-ZBH.1.jpg\",\"height\":669,\"width\":950,\"orientation\":\"landscape\"}},\"imageMeta\":{\"aperture\":\"0\",\"credit\":\"Srecko\",\"camera\":\"HP Scanjet 2400\",\"caption\":\"\",\"created_timestamp\":\"0\",\"copyright\":\"www.vremeplov.ba\",\"focal_length\":\"0\",\"iso\":\"0\",\"shutter_speed\":\"0\",\"title\":\"\",\"orientation\":\"1\",\"keywords\":[\"\u017eeljeznica\",\"normalne pruge\",\"Bosna\",\"vremeplov\",\"istorija\",\"fotografije\",\"Sarajevo\",\"vozovi\",\"stanica\",\"sarajevo novo\"]},\"meta\":false,\"postlink\":\"https:\/\/vremeplov.ba\/2025\/pruga-normalnog-kolosijeka\/sarajevo-zbh-1\/\"},{\"id\":21960,\"title\":\"Sarajevo-ZBH.-2.\",\"url\":\"https:\/\/vremeplov.ba\/2025\/wp-content\/uploads\/2025\/04\/Sarajevo-ZBH.-2.jpg\",\"link\":\"https:\/\/vremeplov.ba\/2025\/pruga-normalnog-kolosijeka\/sarajevo-zbh-2\/\",\"alt\":\"\",\"description\":\"\",\"caption\":\"\",\"mime\":\"image\/jpeg\",\"type\":\"image\",\"width\":950,\"height\":510,\"sizes\":{\"full\":{\"url\":\"https:\/\/vremeplov.ba\/2025\/wp-content\/uploads\/2025\/04\/Sarajevo-ZBH.-2.jpg\",\"height\":510,\"width\":950,\"orientation\":\"landscape\"}},\"imageMeta\":{\"aperture\":\"0\",\"credit\":\"Srecko Ignjatovic, Sarajevo\",\"camera\":\"HP Scanjet 2400\",\"caption\":\"\",\"created_timestamp\":\"0\",\"copyright\":\"www.vremeplov.ba\",\"focal_length\":\"0\",\"iso\":\"0\",\"shutter_speed\":\"0\",\"title\":\"\",\"orientation\":\"1\",\"keywords\":[\"normalni\",\"kolosijek\",\"\u017eeljeznica\",\"Bosna\",\"vremeplov\",\"Sarajevo\",\"direkcija\"]},\"meta\":false,\"postlink\":\"https:\/\/vremeplov.ba\/2025\/pruga-normalnog-kolosijeka\/sarajevo-zbh-2\/\"},{\"id\":21961,\"title\":\"Sarajevo-zgrada-ZTO\",\"url\":\"https:\/\/vremeplov.ba\/2025\/wp-content\/uploads\/2025\/04\/Sarajevo-zgrada-ZTO.jpg\",\"link\":\"https:\/\/vremeplov.ba\/2025\/pruga-normalnog-kolosijeka\/sarajevo-zgrada-zto\/\",\"alt\":\"\",\"description\":\"\",\"caption\":\"\",\"mime\":\"image\/jpeg\",\"type\":\"image\",\"width\":950,\"height\":967,\"sizes\":{\"full\":{\"url\":\"https:\/\/vremeplov.ba\/2025\/wp-content\/uploads\/2025\/04\/Sarajevo-zgrada-ZTO.jpg\",\"height\":967,\"width\":950,\"orientation\":\"portrait\"}},\"imageMeta\":{\"aperture\":\"0\",\"credit\":\"Srecko Ignjatovic, Sarajevo\",\"camera\":\"\",\"caption\":\"\",\"created_timestamp\":\"0\",\"copyright\":\"www.vremeplov.ba\",\"focal_length\":\"0\",\"iso\":\"0\",\"shutter_speed\":\"0\",\"title\":\"\",\"orientation\":\"1\",\"keywords\":[\"normalni\",\"kolosijek\",\"\u017eeljeznica\",\"Bosna\",\"vremeplov\",\"Sarajevo\",\"direkcija\"]},\"meta\":false,\"postlink\":\"https:\/\/vremeplov.ba\/2025\/pruga-normalnog-kolosijeka\/sarajevo-zgrada-zto\/\"},{\"id\":21962,\"title\":\"Sarajevska-stanica\",\"url\":\"https:\/\/vremeplov.ba\/2025\/wp-content\/uploads\/2025\/04\/Sarajevska-stanica.jpg\",\"link\":\"https:\/\/vremeplov.ba\/2025\/pruga-normalnog-kolosijeka\/sarajevska-stanica\/\",\"alt\":\"\",\"description\":\"\",\"caption\":\"\",\"mime\":\"image\/jpeg\",\"type\":\"image\",\"width\":950,\"height\":490,\"sizes\":{\"full\":{\"url\":\"https:\/\/vremeplov.ba\/2025\/wp-content\/uploads\/2025\/04\/Sarajevska-stanica.jpg\",\"height\":490,\"width\":950,\"orientation\":\"landscape\"}},\"imageMeta\":{\"aperture\":\"0\",\"credit\":\"Srecko Ignjatovic, Sarajevo, BiH\",\"camera\":\"\",\"caption\":\"\",\"created_timestamp\":\"0\",\"copyright\":\"www.photogalerija.com\",\"focal_length\":\"0\",\"iso\":\"0\",\"shutter_speed\":\"0\",\"title\":\"\",\"orientation\":\"1\",\"keywords\":[\"normalni kolosijek\",\"Sarajevo, Tuzla\",\"Zenica\",\"Doboj\",\"\u017ditomisli\u0107i\"]},\"meta\":false,\"postlink\":\"https:\/\/vremeplov.ba\/2025\/pruga-normalnog-kolosijeka\/sarajevska-stanica\/\"},{\"id\":21963,\"title\":\"Sarajevska-stanica-nekad\",\"url\":\"https:\/\/vremeplov.ba\/2025\/wp-content\/uploads\/2025\/04\/Sarajevska-stanica-nekad.jpg\",\"link\":\"https:\/\/vremeplov.ba\/2025\/pruga-normalnog-kolosijeka\/sarajevska-stanica-nekad\/\",\"alt\":\"\",\"description\":\"\",\"caption\":\"\",\"mime\":\"image\/jpeg\",\"type\":\"image\",\"width\":950,\"height\":646,\"sizes\":{\"full\":{\"url\":\"https:\/\/vremeplov.ba\/2025\/wp-content\/uploads\/2025\/04\/Sarajevska-stanica-nekad.jpg\",\"height\":646,\"width\":950,\"orientation\":\"landscape\"}},\"imageMeta\":{\"aperture\":\"0\",\"credit\":\"Srecko Ignjatovic, Sarajevo, BiH\",\"camera\":\"\",\"caption\":\"\",\"created_timestamp\":\"0\",\"copyright\":\"www.photogalerija.com\",\"focal_length\":\"0\",\"iso\":\"0\",\"shutter_speed\":\"0\",\"title\":\"\",\"orientation\":\"1\",\"keywords\":[\"normalni kolosijek\",\"Sarajevo, Tuzla\",\"Zenica\",\"Doboj\",\"\u017ditomisli\u0107i\"]},\"meta\":false,\"postlink\":\"https:\/\/vremeplov.ba\/2025\/pruga-normalnog-kolosijeka\/sarajevska-stanica-nekad\/\"},{\"id\":21964,\"title\":\"Semizovac_1971\",\"url\":\"https:\/\/vremeplov.ba\/2025\/wp-content\/uploads\/2025\/04\/Semizovac_1971.jpg\",\"link\":\"https:\/\/vremeplov.ba\/2025\/pruga-normalnog-kolosijeka\/semizovac_1971\/\",\"alt\":\"\",\"description\":\"\",\"caption\":\"\",\"mime\":\"image\/jpeg\",\"type\":\"image\",\"width\":950,\"height\":643,\"sizes\":{\"full\":{\"url\":\"https:\/\/vremeplov.ba\/2025\/wp-content\/uploads\/2025\/04\/Semizovac_1971.jpg\",\"height\":643,\"width\":950,\"orientation\":\"landscape\"}},\"imageMeta\":{\"aperture\":\"0\",\"credit\":\"Srecko\",\"camera\":\"\",\"caption\":\"\",\"created_timestamp\":\"0\",\"copyright\":\"www.vremeplov.ba\",\"focal_length\":\"0\",\"iso\":\"0\",\"shutter_speed\":\"0\",\"title\":\"\",\"orientation\":\"1\",\"keywords\":[\"Kolosijek\",\"\u0161iroki\",\"normalni\",\"vozovi\",\"\u017eeljeznica\",\"putovanja\",\"uspomene\",\"vremeplov\",\"Semizovac\"]},\"meta\":false,\"postlink\":\"https:\/\/vremeplov.ba\/2025\/pruga-normalnog-kolosijeka\/semizovac_1971\/\"},{\"id\":21965,\"title\":\"Semizovac_remont-1\",\"url\":\"https:\/\/vremeplov.ba\/2025\/wp-content\/uploads\/2025\/04\/Semizovac_remont-1.jpg\",\"link\":\"https:\/\/vremeplov.ba\/2025\/pruga-normalnog-kolosijeka\/semizovac_remont-1\/\",\"alt\":\"\",\"description\":\"\",\"caption\":\"\",\"mime\":\"image\/jpeg\",\"type\":\"image\",\"width\":950,\"height\":652,\"sizes\":{\"full\":{\"url\":\"https:\/\/vremeplov.ba\/2025\/wp-content\/uploads\/2025\/04\/Semizovac_remont-1.jpg\",\"height\":652,\"width\":950,\"orientation\":\"landscape\"}},\"imageMeta\":{\"aperture\":\"0\",\"credit\":\"\",\"camera\":\"\",\"caption\":\"\",\"created_timestamp\":\"1486900846\",\"copyright\":\"www.vremeplov.ba\",\"focal_length\":\"0\",\"iso\":\"0\",\"shutter_speed\":\"0\",\"title\":\"\",\"orientation\":\"1\",\"keywords\":[\"normalna pruga\",\"Tito\",\"Tuzla\",\"Zvornik\",\"Semizovac\",\"remont\",\"Beograd\",\"\u017eeljeznica\",\"BiH\",\"J\u017d\",\"vremeplov\",\"istorija\"]},\"meta\":false,\"postlink\":\"https:\/\/vremeplov.ba\/2025\/pruga-normalnog-kolosijeka\/semizovac_remont-1\/\"},{\"id\":21966,\"title\":\"Semizovac_remont-2\",\"url\":\"https:\/\/vremeplov.ba\/2025\/wp-content\/uploads\/2025\/04\/Semizovac_remont-2.jpg\",\"link\":\"https:\/\/vremeplov.ba\/2025\/pruga-normalnog-kolosijeka\/semizovac_remont-2\/\",\"alt\":\"\",\"description\":\"\",\"caption\":\"\",\"mime\":\"image\/jpeg\",\"type\":\"image\",\"width\":950,\"height\":530,\"sizes\":{\"full\":{\"url\":\"https:\/\/vremeplov.ba\/2025\/wp-content\/uploads\/2025\/04\/Semizovac_remont-2.jpg\",\"height\":530,\"width\":950,\"orientation\":\"landscape\"}},\"imageMeta\":{\"aperture\":\"0\",\"credit\":\"\",\"camera\":\"\",\"caption\":\"\",\"created_timestamp\":\"1486900764\",\"copyright\":\"www.vremeplov.ba\",\"focal_length\":\"0\",\"iso\":\"0\",\"shutter_speed\":\"0\",\"title\":\"\",\"orientation\":\"1\",\"keywords\":[\"normalna pruga\",\"Tito\",\"Tuzla\",\"Zvornik\",\"Semizovac\",\"remont\",\"Beograd\",\"\u017eeljeznica\",\"BiH\",\"J\u017d\",\"vremeplov\",\"istorija\"]},\"meta\":false,\"postlink\":\"https:\/\/vremeplov.ba\/2025\/pruga-normalnog-kolosijeka\/semizovac_remont-2\/\"},{\"id\":21967,\"title\":\"Semizovac-elektrifikacija-1\",\"url\":\"https:\/\/vremeplov.ba\/2025\/wp-content\/uploads\/2025\/04\/Semizovac-elektrifikacija-1.jpg\",\"link\":\"https:\/\/vremeplov.ba\/2025\/pruga-normalnog-kolosijeka\/semizovac-elektrifikacija-1\/\",\"alt\":\"\",\"description\":\"\",\"caption\":\"\",\"mime\":\"image\/jpeg\",\"type\":\"image\",\"width\":950,\"height\":647,\"sizes\":{\"full\":{\"url\":\"https:\/\/vremeplov.ba\/2025\/wp-content\/uploads\/2025\/04\/Semizovac-elektrifikacija-1.jpg\",\"height\":647,\"width\":950,\"orientation\":\"landscape\"}},\"imageMeta\":{\"aperture\":\"0\",\"credit\":\"\",\"camera\":\"\",\"caption\":\"\",\"created_timestamp\":\"1549365376\",\"copyright\":\"\",\"focal_length\":\"0\",\"iso\":\"0\",\"shutter_speed\":\"0\",\"title\":\"\",\"orientation\":\"1\",\"keywords\":[\"normalni kolosijek\",\"bosanske \u017eeljeznice\",\"elektrifikacija pruga\",\"vremeplov\",\"Semizovac\"]},\"meta\":false,\"postlink\":\"https:\/\/vremeplov.ba\/2025\/pruga-normalnog-kolosijeka\/semizovac-elektrifikacija-1\/\"},{\"id\":21968,\"title\":\"Semizovac-elektrifikacija-2\",\"url\":\"https:\/\/vremeplov.ba\/2025\/wp-content\/uploads\/2025\/04\/Semizovac-elektrifikacija-2.jpg\",\"link\":\"https:\/\/vremeplov.ba\/2025\/pruga-normalnog-kolosijeka\/semizovac-elektrifikacija-2\/\",\"alt\":\"\",\"description\":\"\",\"caption\":\"\",\"mime\":\"image\/jpeg\",\"type\":\"image\",\"width\":950,\"height\":671,\"sizes\":{\"full\":{\"url\":\"https:\/\/vremeplov.ba\/2025\/wp-content\/uploads\/2025\/04\/Semizovac-elektrifikacija-2.jpg\",\"height\":671,\"width\":950,\"orientation\":\"landscape\"}},\"imageMeta\":{\"aperture\":\"0\",\"credit\":\"\",\"camera\":\"\",\"caption\":\"\",\"created_timestamp\":\"1549365379\",\"copyright\":\"\",\"focal_length\":\"0\",\"iso\":\"0\",\"shutter_speed\":\"0\",\"title\":\"\",\"orientation\":\"1\",\"keywords\":[\"normalni kolosijek\",\"bosanske \u017eeljeznice\",\"elektrifikacija pruga\",\"vremeplov\",\"Semizovac\"]},\"meta\":false,\"postlink\":\"https:\/\/vremeplov.ba\/2025\/pruga-normalnog-kolosijeka\/semizovac-elektrifikacija-2\/\"},{\"id\":21969,\"title\":\"Semizovac-elektrifikacija-3\",\"url\":\"https:\/\/vremeplov.ba\/2025\/wp-content\/uploads\/2025\/04\/Semizovac-elektrifikacija-3.jpg\",\"link\":\"https:\/\/vremeplov.ba\/2025\/pruga-normalnog-kolosijeka\/semizovac-elektrifikacija-3\/\",\"alt\":\"\",\"description\":\"\",\"caption\":\"\",\"mime\":\"image\/jpeg\",\"type\":\"image\",\"width\":950,\"height\":648,\"sizes\":{\"full\":{\"url\":\"https:\/\/vremeplov.ba\/2025\/wp-content\/uploads\/2025\/04\/Semizovac-elektrifikacija-3.jpg\",\"height\":648,\"width\":950,\"orientation\":\"landscape\"}},\"imageMeta\":{\"aperture\":\"0\",\"credit\":\"\",\"camera\":\"\",\"caption\":\"\",\"created_timestamp\":\"1549365455\",\"copyright\":\"\",\"focal_length\":\"0\",\"iso\":\"0\",\"shutter_speed\":\"0\",\"title\":\"\",\"orientation\":\"1\",\"keywords\":[\"normalni kolosijek\",\"bosanske \u017eeljeznice\",\"elektrifikacija pruga\",\"vremeplov\",\"Semizovac\"]},\"meta\":false,\"postlink\":\"https:\/\/vremeplov.ba\/2025\/pruga-normalnog-kolosijeka\/semizovac-elektrifikacija-3\/\"},{\"id\":21970,\"title\":\"Serija_11\",\"url\":\"https:\/\/vremeplov.ba\/2025\/wp-content\/uploads\/2025\/04\/Serija_11.jpg\",\"link\":\"https:\/\/vremeplov.ba\/2025\/pruga-normalnog-kolosijeka\/serija_11\/\",\"alt\":\"\",\"description\":\"\",\"caption\":\"\",\"mime\":\"image\/jpeg\",\"type\":\"image\",\"width\":950,\"height\":605,\"sizes\":{\"full\":{\"url\":\"https:\/\/vremeplov.ba\/2025\/wp-content\/uploads\/2025\/04\/Serija_11.jpg\",\"height\":605,\"width\":950,\"orientation\":\"landscape\"}},\"imageMeta\":{\"aperture\":\"0\",\"credit\":\"Sre\u0107ko Ignjatovi\u0107 Sarajevo BiH\",\"camera\":\"\",\"caption\":\"\",\"created_timestamp\":\"0\",\"copyright\":\"www.photogalerija.com\",\"focal_length\":\"0\",\"iso\":\"0\",\"shutter_speed\":\"0\",\"title\":\"\",\"orientation\":\"1\",\"keywords\":[\"Normani kolosijek\",\"EMV 411\",\"\u0161inobus\",\"sarajevo novo\",\"\u017eeljeznica\"]},\"meta\":false,\"postlink\":\"https:\/\/vremeplov.ba\/2025\/pruga-normalnog-kolosijeka\/serija_11\/\"},{\"id\":21971,\"title\":\"Sjednica\",\"url\":\"https:\/\/vremeplov.ba\/2025\/wp-content\/uploads\/2025\/04\/Sjednica.jpg\",\"link\":\"https:\/\/vremeplov.ba\/2025\/pruga-normalnog-kolosijeka\/sjednica\/\",\"alt\":\"\",\"description\":\"\",\"caption\":\"\",\"mime\":\"image\/jpeg\",\"type\":\"image\",\"width\":950,\"height\":596,\"sizes\":{\"full\":{\"url\":\"https:\/\/vremeplov.ba\/2025\/wp-content\/uploads\/2025\/04\/Sjednica.jpg\",\"height\":596,\"width\":950,\"orientation\":\"landscape\"}},\"imageMeta\":{\"aperture\":\"0\",\"credit\":\"\",\"camera\":\"\",\"caption\":\"\",\"created_timestamp\":\"1550827658\",\"copyright\":\"\",\"focal_length\":\"0\",\"iso\":\"0\",\"shutter_speed\":\"0\",\"title\":\"\",\"orientation\":\"1\",\"keywords\":[]},\"meta\":false,\"postlink\":\"https:\/\/vremeplov.ba\/2025\/pruga-normalnog-kolosijeka\/sjednica\/\"},{\"id\":21972,\"title\":\"Srb\",\"url\":\"https:\/\/vremeplov.ba\/2025\/wp-content\/uploads\/2025\/04\/Srb.jpg\",\"link\":\"https:\/\/vremeplov.ba\/2025\/pruga-normalnog-kolosijeka\/srb\/\",\"alt\":\"\",\"description\":\"\",\"caption\":\"\",\"mime\":\"image\/jpeg\",\"type\":\"image\",\"width\":708,\"height\":1100,\"sizes\":{\"full\":{\"url\":\"https:\/\/vremeplov.ba\/2025\/wp-content\/uploads\/2025\/04\/Srb.jpg\",\"height\":1100,\"width\":708,\"orientation\":\"portrait\"}},\"imageMeta\":{\"aperture\":\"0\",\"credit\":\"Srecko Ignjatovic, Sarajevo\",\"camera\":\"\",\"caption\":\"\",\"created_timestamp\":\"1550597015\",\"copyright\":\"www.vremeplov.ba\",\"focal_length\":\"0\",\"iso\":\"0\",\"shutter_speed\":\"0\",\"title\":\"\",\"orientation\":\"1\",\"keywords\":[\"kolosijek\",\"\u0161iroki\",\"normalni\",\"\u017eeljeznica\",\"bosna ekspres\",\"ma\u0161inovo\u0111a\",\"sarajevo\",\"konjic\",\"srb\",\"J\u017d\",\"vremeplov\"]},\"meta\":false,\"postlink\":\"https:\/\/vremeplov.ba\/2025\/pruga-normalnog-kolosijeka\/srb\/\"},{\"id\":21973,\"title\":\"Stanica_Novo_Sarajevo\",\"url\":\"https:\/\/vremeplov.ba\/2025\/wp-content\/uploads\/2025\/04\/Stanica_Novo_Sarajevo.jpg\",\"link\":\"https:\/\/vremeplov.ba\/2025\/pruga-normalnog-kolosijeka\/stanica_novo_sarajevo\/\",\"alt\":\"\",\"description\":\"\",\"caption\":\"\",\"mime\":\"image\/jpeg\",\"type\":\"image\",\"width\":950,\"height\":616,\"sizes\":{\"full\":{\"url\":\"https:\/\/vremeplov.ba\/2025\/wp-content\/uploads\/2025\/04\/Stanica_Novo_Sarajevo.jpg\",\"height\":616,\"width\":950,\"orientation\":\"landscape\"}},\"imageMeta\":{\"aperture\":\"0\",\"credit\":\"Sre\u0107ko Ignjatovi\u0107 Sarajevo BiH\",\"camera\":\"\",\"caption\":\"\",\"created_timestamp\":\"0\",\"copyright\":\"www.photogalerija.com\",\"focal_length\":\"0\",\"iso\":\"0\",\"shutter_speed\":\"0\",\"title\":\"\",\"orientation\":\"1\",\"keywords\":[\"normalni-kolosijek\"]},\"meta\":false,\"postlink\":\"https:\/\/vremeplov.ba\/2025\/pruga-normalnog-kolosijeka\/stanica_novo_sarajevo\/\"},{\"id\":21974,\"title\":\"Stanica_Sarajevo\",\"url\":\"https:\/\/vremeplov.ba\/2025\/wp-content\/uploads\/2025\/04\/Stanica_Sarajevo.jpg\",\"link\":\"https:\/\/vremeplov.ba\/2025\/pruga-normalnog-kolosijeka\/stanica_sarajevo\/\",\"alt\":\"\",\"description\":\"\",\"caption\":\"\",\"mime\":\"image\/jpeg\",\"type\":\"image\",\"width\":950,\"height\":560,\"sizes\":{\"full\":{\"url\":\"https:\/\/vremeplov.ba\/2025\/wp-content\/uploads\/2025\/04\/Stanica_Sarajevo.jpg\",\"height\":560,\"width\":950,\"orientation\":\"landscape\"}},\"imageMeta\":{\"aperture\":\"0\",\"credit\":\"Sre\u0107ko Ignjatovi\u0107 Sarajevo BiH\",\"camera\":\"\",\"caption\":\"\",\"created_timestamp\":\"1448460728\",\"copyright\":\"www.photogalerija.com\",\"focal_length\":\"0\",\"iso\":\"0\",\"shutter_speed\":\"0\",\"title\":\"\",\"orientation\":\"1\",\"keywords\":[\"Sarajevo Novo\",\"stanica sarajevo\"]},\"meta\":false,\"postlink\":\"https:\/\/vremeplov.ba\/2025\/pruga-normalnog-kolosijeka\/stanica_sarajevo\/\"},{\"id\":21975,\"title\":\"stanica_sarajevo_enterijer-1\",\"url\":\"https:\/\/vremeplov.ba\/2025\/wp-content\/uploads\/2025\/04\/stanica_sarajevo_enterijer-1.jpg\",\"link\":\"https:\/\/vremeplov.ba\/2025\/pruga-normalnog-kolosijeka\/stanica_sarajevo_enterijer-1\/\",\"alt\":\"\",\"description\":\"\",\"caption\":\"\",\"mime\":\"image\/jpeg\",\"type\":\"image\",\"width\":950,\"height\":720,\"sizes\":{\"full\":{\"url\":\"https:\/\/vremeplov.ba\/2025\/wp-content\/uploads\/2025\/04\/stanica_sarajevo_enterijer-1.jpg\",\"height\":720,\"width\":950,\"orientation\":\"landscape\"}},\"imageMeta\":{\"aperture\":\"0\",\"credit\":\"Srecko Ignjatovic, Sarajevo\",\"camera\":\"HP Scanjet 2400\",\"caption\":\"\",\"created_timestamp\":\"0\",\"copyright\":\"www.vremeplov.ba\",\"focal_length\":\"0\",\"iso\":\"0\",\"shutter_speed\":\"0\",\"title\":\"\",\"orientation\":\"1\",\"keywords\":[\"vozovi\",\"\u017eeljeznice\",\"pruge\",\"Bosna\",\"kolosijek\",\"Sarajevo\",\"Olimpik\",\"Ekspres\",\"elektromotorne\",\"garniture\",\"MAVAD\",\"vremeplov\"]},\"meta\":false,\"postlink\":\"https:\/\/vremeplov.ba\/2025\/pruga-normalnog-kolosijeka\/stanica_sarajevo_enterijer-1\/\"},{\"id\":21976,\"title\":\"stanica_sarajevo_enterijer-2\",\"url\":\"https:\/\/vremeplov.ba\/2025\/wp-content\/uploads\/2025\/04\/stanica_sarajevo_enterijer-2.jpg\",\"link\":\"https:\/\/vremeplov.ba\/2025\/pruga-normalnog-kolosijeka\/stanica_sarajevo_enterijer-2\/\",\"alt\":\"\",\"description\":\"\",\"caption\":\"\",\"mime\":\"image\/jpeg\",\"type\":\"image\",\"width\":950,\"height\":727,\"sizes\":{\"full\":{\"url\":\"https:\/\/vremeplov.ba\/2025\/wp-content\/uploads\/2025\/04\/stanica_sarajevo_enterijer-2.jpg\",\"height\":727,\"width\":950,\"orientation\":\"landscape\"}},\"imageMeta\":{\"aperture\":\"0\",\"credit\":\"Srecko Ignjatovic, Sarajevo\",\"camera\":\"HP Scanjet 2400\",\"caption\":\"\",\"created_timestamp\":\"0\",\"copyright\":\"www.vremeplov.ba\",\"focal_length\":\"0\",\"iso\":\"0\",\"shutter_speed\":\"0\",\"title\":\"\",\"orientation\":\"1\",\"keywords\":[\"vozovi\",\"\u017eeljeznice\",\"pruge\",\"Bosna\",\"kolosijek\",\"Sarajevo\",\"Olimpik\",\"Ekspres\",\"elektromotorne\",\"garniture\",\"MAVAD\",\"vremeplov\"]},\"meta\":false,\"postlink\":\"https:\/\/vremeplov.ba\/2025\/pruga-normalnog-kolosijeka\/stanica_sarajevo_enterijer-2\/\"},{\"id\":21977,\"title\":\"stanica_sarajevo_enterijer-3\",\"url\":\"https:\/\/vremeplov.ba\/2025\/wp-content\/uploads\/2025\/04\/stanica_sarajevo_enterijer-3.jpg\",\"link\":\"https:\/\/vremeplov.ba\/2025\/pruga-normalnog-kolosijeka\/stanica_sarajevo_enterijer-3\/\",\"alt\":\"\",\"description\":\"\",\"caption\":\"\",\"mime\":\"image\/jpeg\",\"type\":\"image\",\"width\":950,\"height\":717,\"sizes\":{\"full\":{\"url\":\"https:\/\/vremeplov.ba\/2025\/wp-content\/uploads\/2025\/04\/stanica_sarajevo_enterijer-3.jpg\",\"height\":717,\"width\":950,\"orientation\":\"landscape\"}},\"imageMeta\":{\"aperture\":\"0\",\"credit\":\"Srecko Ignjatovic, Sarajevo\",\"camera\":\"HP Scanjet 2400\",\"caption\":\"\",\"created_timestamp\":\"0\",\"copyright\":\"www.vremeplov.ba\",\"focal_length\":\"0\",\"iso\":\"0\",\"shutter_speed\":\"0\",\"title\":\"\",\"orientation\":\"1\",\"keywords\":[\"vozovi\",\"\u017eeljeznice\",\"pruge\",\"Bosna\",\"kolosijek\",\"Sarajevo\",\"Olimpik\",\"Ekspres\",\"elektromotorne\",\"garniture\",\"MAVAD\",\"vremeplov\"]},\"meta\":false,\"postlink\":\"https:\/\/vremeplov.ba\/2025\/pruga-normalnog-kolosijeka\/stanica_sarajevo_enterijer-3\/\"},{\"id\":21978,\"title\":\"Stanica_Sarajevo_Novo\",\"url\":\"https:\/\/vremeplov.ba\/2025\/wp-content\/uploads\/2025\/04\/Stanica_Sarajevo_Novo.jpg\",\"link\":\"https:\/\/vremeplov.ba\/2025\/pruga-normalnog-kolosijeka\/stanica_sarajevo_novo\/\",\"alt\":\"\",\"description\":\"\",\"caption\":\"\",\"mime\":\"image\/jpeg\",\"type\":\"image\",\"width\":950,\"height\":620,\"sizes\":{\"full\":{\"url\":\"https:\/\/vremeplov.ba\/2025\/wp-content\/uploads\/2025\/04\/Stanica_Sarajevo_Novo.jpg\",\"height\":620,\"width\":950,\"orientation\":\"landscape\"}},\"imageMeta\":{\"aperture\":\"0\",\"credit\":\"Srecko Ignjatovic, Sarajevo, BiH\",\"camera\":\"HP Scanjet 2400\",\"caption\":\"\",\"created_timestamp\":\"0\",\"copyright\":\"www.vremeplov.ba\",\"focal_length\":\"0\",\"iso\":\"0\",\"shutter_speed\":\"0\",\"title\":\"\",\"orientation\":\"1\",\"keywords\":[\"Sarajevo\",\"Railway station Sarajevo\",\"stanica sarajevo\",\"\u017eeljeznica u bosni\"]},\"meta\":false,\"postlink\":\"https:\/\/vremeplov.ba\/2025\/pruga-normalnog-kolosijeka\/stanica_sarajevo_novo\/\"},{\"id\":21979,\"title\":\"stanica_sarajevo_vestibil\",\"url\":\"https:\/\/vremeplov.ba\/2025\/wp-content\/uploads\/2025\/04\/stanica_sarajevo_vestibil.jpg\",\"link\":\"https:\/\/vremeplov.ba\/2025\/pruga-normalnog-kolosijeka\/stanica_sarajevo_vestibil\/\",\"alt\":\"\",\"description\":\"\",\"caption\":\"\",\"mime\":\"image\/jpeg\",\"type\":\"image\",\"width\":950,\"height\":633,\"sizes\":{\"full\":{\"url\":\"https:\/\/vremeplov.ba\/2025\/wp-content\/uploads\/2025\/04\/stanica_sarajevo_vestibil.jpg\",\"height\":633,\"width\":950,\"orientation\":\"landscape\"}},\"imageMeta\":{\"aperture\":\"0\",\"credit\":\"Srecko Ignjatovic, Sarajevo, BiH\",\"camera\":\"\",\"caption\":\"\",\"created_timestamp\":\"1486304117\",\"copyright\":\"www.vremeplov.ba\",\"focal_length\":\"0\",\"iso\":\"0\",\"shutter_speed\":\"0\",\"title\":\"\",\"orientation\":\"1\",\"keywords\":[\"normalni kolosijek\",\"pruge\",\"\u017eeljeznica\",\"vremeplov\",\"jugoslovenske\",\"BH Voz\",\"stanica sarajevo\",\"aola\",\"vestibil\"]},\"meta\":false,\"postlink\":\"https:\/\/vremeplov.ba\/2025\/pruga-normalnog-kolosijeka\/stanica_sarajevo_vestibil\/\"},{\"id\":21980,\"title\":\"Stanica-vestibil\",\"url\":\"https:\/\/vremeplov.ba\/2025\/wp-content\/uploads\/2025\/04\/Stanica-vestibil.jpg\",\"link\":\"https:\/\/vremeplov.ba\/2025\/pruga-normalnog-kolosijeka\/stanica-vestibil\/\",\"alt\":\"\",\"description\":\"\",\"caption\":\"\",\"mime\":\"image\/jpeg\",\"type\":\"image\",\"width\":950,\"height\":676,\"sizes\":{\"full\":{\"url\":\"https:\/\/vremeplov.ba\/2025\/wp-content\/uploads\/2025\/04\/Stanica-vestibil.jpg\",\"height\":676,\"width\":950,\"orientation\":\"landscape\"}},\"imageMeta\":{\"aperture\":\"0\",\"credit\":\"\",\"camera\":\"\",\"caption\":\"\",\"created_timestamp\":\"0\",\"copyright\":\"\",\"focal_length\":\"0\",\"iso\":\"0\",\"shutter_speed\":\"0\",\"title\":\"\",\"orientation\":\"1\",\"keywords\":[]},\"meta\":false,\"postlink\":\"https:\/\/vremeplov.ba\/2025\/pruga-normalnog-kolosijeka\/stanica-vestibil\/\"},{\"id\":21981,\"title\":\"Stanovi\",\"url\":\"https:\/\/vremeplov.ba\/2025\/wp-content\/uploads\/2025\/04\/Stanovi.jpg\",\"link\":\"https:\/\/vremeplov.ba\/2025\/pruga-normalnog-kolosijeka\/stanovi\/\",\"alt\":\"\",\"description\":\"\",\"caption\":\"\",\"mime\":\"image\/jpeg\",\"type\":\"image\",\"width\":950,\"height\":572,\"sizes\":{\"full\":{\"url\":\"https:\/\/vremeplov.ba\/2025\/wp-content\/uploads\/2025\/04\/Stanovi.jpg\",\"height\":572,\"width\":950,\"orientation\":\"landscape\"}},\"imageMeta\":{\"aperture\":\"0\",\"credit\":\"Srecko\",\"camera\":\"\",\"caption\":\"\",\"created_timestamp\":\"0\",\"copyright\":\"www.vremeplov.ba\",\"focal_length\":\"0\",\"iso\":\"0\",\"shutter_speed\":\"0\",\"title\":\"\",\"orientation\":\"1\",\"keywords\":[\"\u017eeljeznica\",\"normalne pruge\",\"Bosna\",\"vremeplov\",\"istorija\",\"fotografije\",\"Stanovi\"]},\"meta\":false,\"postlink\":\"https:\/\/vremeplov.ba\/2025\/pruga-normalnog-kolosijeka\/stanovi\/\"},{\"id\":21982,\"title\":\"Stavnja.Vares_\",\"url\":\"https:\/\/vremeplov.ba\/2025\/wp-content\/uploads\/2025\/04\/Stavnja.Vares_.jpg\",\"link\":\"https:\/\/vremeplov.ba\/2025\/pruga-normalnog-kolosijeka\/stavnja-vares_\/\",\"alt\":\"\",\"description\":\"\",\"caption\":\"\",\"mime\":\"image\/jpeg\",\"type\":\"image\",\"width\":950,\"height\":620,\"sizes\":{\"full\":{\"url\":\"https:\/\/vremeplov.ba\/2025\/wp-content\/uploads\/2025\/04\/Stavnja.Vares_.jpg\",\"height\":620,\"width\":950,\"orientation\":\"landscape\"}},\"imageMeta\":{\"aperture\":\"0\",\"credit\":\"Srecko\",\"camera\":\"\",\"caption\":\"\",\"created_timestamp\":\"0\",\"copyright\":\"www.vremeplov.ba\",\"focal_length\":\"0\",\"iso\":\"0\",\"shutter_speed\":\"0\",\"title\":\"\",\"orientation\":\"1\",\"keywords\":[\"\u017eeljeznica\",\"normalne pruge\",\"Bosna\",\"vremeplov\",\"istorija\",\"fotografije\",\"Stavnja\",\"Vare\u0161\"]},\"meta\":false,\"postlink\":\"https:\/\/vremeplov.ba\/2025\/pruga-normalnog-kolosijeka\/stavnja-vares_\/\"},{\"id\":21983,\"title\":\"Sutjeska_Tito_Beograd\",\"url\":\"https:\/\/vremeplov.ba\/2025\/wp-content\/uploads\/2025\/04\/Sutjeska_Tito_Beograd.jpg\",\"link\":\"https:\/\/vremeplov.ba\/2025\/pruga-normalnog-kolosijeka\/sutjeska_tito_beograd\/\",\"alt\":\"\",\"description\":\"\",\"caption\":\"\",\"mime\":\"image\/jpeg\",\"type\":\"image\",\"width\":950,\"height\":484,\"sizes\":{\"full\":{\"url\":\"https:\/\/vremeplov.ba\/2025\/wp-content\/uploads\/2025\/04\/Sutjeska_Tito_Beograd.jpg\",\"height\":484,\"width\":950,\"orientation\":\"landscape\"}},\"imageMeta\":{\"aperture\":\"0\",\"credit\":\"Sre\u0107ko Ignjatovi\u0107 Sarajevo BiH\",\"camera\":\"\",\"caption\":\"\",\"created_timestamp\":\"0\",\"copyright\":\"www.photogalerija.com\",\"focal_length\":\"0\",\"iso\":\"0\",\"shutter_speed\":\"0\",\"title\":\"\",\"orientation\":\"1\",\"keywords\":[\"normalni kolosijek\",\"normalne pruge\"]},\"meta\":false,\"postlink\":\"https:\/\/vremeplov.ba\/2025\/pruga-normalnog-kolosijeka\/sutjeska_tito_beograd\/\"},{\"id\":21984,\"title\":\"Svecani_salon\",\"url\":\"https:\/\/vremeplov.ba\/2025\/wp-content\/uploads\/2025\/04\/Svecani_salon.jpg\",\"link\":\"https:\/\/vremeplov.ba\/2025\/pruga-normalnog-kolosijeka\/svecani_salon\/\",\"alt\":\"\",\"description\":\"\",\"caption\":\"\",\"mime\":\"image\/jpeg\",\"type\":\"image\",\"width\":950,\"height\":725,\"sizes\":{\"full\":{\"url\":\"https:\/\/vremeplov.ba\/2025\/wp-content\/uploads\/2025\/04\/Svecani_salon.jpg\",\"height\":725,\"width\":950,\"orientation\":\"landscape\"}},\"imageMeta\":{\"aperture\":\"0\",\"credit\":\"Sre\u0107ko Ignjatovi\u0107 Sarajevo BiH\",\"camera\":\"HP Scanjet 2400\",\"caption\":\"\",\"created_timestamp\":\"0\",\"copyright\":\"www.photogalerija.com\",\"focal_length\":\"0\",\"iso\":\"0\",\"shutter_speed\":\"0\",\"title\":\"\",\"orientation\":\"1\",\"keywords\":[\"normalni kolosijek\",\"\u017eeljeznica\",\"vijadukt\",\"sve\u010danost\"]},\"meta\":false,\"postlink\":\"https:\/\/vremeplov.ba\/2025\/pruga-normalnog-kolosijeka\/svecani_salon\/\"},{\"id\":21985,\"title\":\"Svecani-salon\",\"url\":\"https:\/\/vremeplov.ba\/2025\/wp-content\/uploads\/2025\/04\/Svecani-salon.jpg\",\"link\":\"https:\/\/vremeplov.ba\/2025\/pruga-normalnog-kolosijeka\/svecani-salon\/\",\"alt\":\"\",\"description\":\"\",\"caption\":\"\",\"mime\":\"image\/jpeg\",\"type\":\"image\",\"width\":950,\"height\":752,\"sizes\":{\"full\":{\"url\":\"https:\/\/vremeplov.ba\/2025\/wp-content\/uploads\/2025\/04\/Svecani-salon.jpg\",\"height\":752,\"width\":950,\"orientation\":\"landscape\"}},\"imageMeta\":{\"aperture\":\"0\",\"credit\":\"\",\"camera\":\"\",\"caption\":\"\",\"created_timestamp\":\"0\",\"copyright\":\"\",\"focal_length\":\"0\",\"iso\":\"0\",\"shutter_speed\":\"0\",\"title\":\"\",\"orientation\":\"1\",\"keywords\":[]},\"meta\":false,\"postlink\":\"https:\/\/vremeplov.ba\/2025\/pruga-normalnog-kolosijeka\/svecani-salon\/\"},{\"id\":21986,\"title\":\"Tehnicka_Stanica_Susica\",\"url\":\"https:\/\/vremeplov.ba\/2025\/wp-content\/uploads\/2025\/04\/Tehnicka_Stanica_Susica.jpg\",\"link\":\"https:\/\/vremeplov.ba\/2025\/pruga-normalnog-kolosijeka\/tehnicka_stanica_susica\/\",\"alt\":\"\",\"description\":\"\",\"caption\":\"\",\"mime\":\"image\/jpeg\",\"type\":\"image\",\"width\":950,\"height\":664,\"sizes\":{\"full\":{\"url\":\"https:\/\/vremeplov.ba\/2025\/wp-content\/uploads\/2025\/04\/Tehnicka_Stanica_Susica.jpg\",\"height\":664,\"width\":950,\"orientation\":\"landscape\"}},\"imageMeta\":{\"aperture\":\"0\",\"credit\":\"Sre\u0107ko Ignjatovi\u0107 Sarajevo BiH\",\"camera\":\"HP Scanjet 2400\",\"caption\":\"\",\"created_timestamp\":\"0\",\"copyright\":\"www.photogalerija.com\",\"focal_length\":\"0\",\"iso\":\"0\",\"shutter_speed\":\"0\",\"title\":\"\",\"orientation\":\"1\",\"keywords\":[\"normalni kolosijek\",\"Sarajevo\",\"Mostar\",\"Grabovica\",\"Rajlovac Depo\"]},\"meta\":false,\"postlink\":\"https:\/\/vremeplov.ba\/2025\/pruga-normalnog-kolosijeka\/tehnicka_stanica_susica\/\"},{\"id\":21987,\"title\":\"tekst_elektrifikacija-1\",\"url\":\"https:\/\/vremeplov.ba\/2025\/wp-content\/uploads\/2025\/04\/tekst_elektrifikacija-1.jpg\",\"link\":\"https:\/\/vremeplov.ba\/2025\/pruga-normalnog-kolosijeka\/tekst_elektrifikacija-1\/\",\"alt\":\"\",\"description\":\"\",\"caption\":\"\",\"mime\":\"image\/jpeg\",\"type\":\"image\",\"width\":950,\"height\":741,\"sizes\":{\"full\":{\"url\":\"https:\/\/vremeplov.ba\/2025\/wp-content\/uploads\/2025\/04\/tekst_elektrifikacija-1.jpg\",\"height\":741,\"width\":950,\"orientation\":\"landscape\"}},\"imageMeta\":{\"aperture\":\"0\",\"credit\":\"Sre\u0107ko Ignjatovi\u0107 Sarajevo BiH\",\"camera\":\"HP Scanjet 2400\",\"caption\":\"\",\"created_timestamp\":\"0\",\"copyright\":\"www.photogalerija.com\",\"focal_length\":\"0\",\"iso\":\"0\",\"shutter_speed\":\"0\",\"title\":\"\",\"orientation\":\"1\",\"keywords\":[\"elektrifikacija pruge\",\"Sarajevo\",\"Doboj\",\"Zenica\",\"Oslobo\u0111enj\",\"Jahorina ekspres\"]},\"meta\":false,\"postlink\":\"https:\/\/vremeplov.ba\/2025\/pruga-normalnog-kolosijeka\/tekst_elektrifikacija-1\/\"},{\"id\":21988,\"title\":\"tekst_elektrifikacija-2\",\"url\":\"https:\/\/vremeplov.ba\/2025\/wp-content\/uploads\/2025\/04\/tekst_elektrifikacija-2.jpg\",\"link\":\"https:\/\/vremeplov.ba\/2025\/pruga-normalnog-kolosijeka\/tekst_elektrifikacija-2\/\",\"alt\":\"\",\"description\":\"\",\"caption\":\"\",\"mime\":\"image\/jpeg\",\"type\":\"image\",\"width\":795,\"height\":950,\"sizes\":{\"full\":{\"url\":\"https:\/\/vremeplov.ba\/2025\/wp-content\/uploads\/2025\/04\/tekst_elektrifikacija-2.jpg\",\"height\":950,\"width\":795,\"orientation\":\"portrait\"}},\"imageMeta\":{\"aperture\":\"0\",\"credit\":\"Sre\u0107ko Ignjatovi\u0107 Sarajevo BiH\",\"camera\":\"HP Scanjet 2400\",\"caption\":\"\",\"created_timestamp\":\"0\",\"copyright\":\"www.photogalerija.com\",\"focal_length\":\"0\",\"iso\":\"0\",\"shutter_speed\":\"0\",\"title\":\"\",\"orientation\":\"1\",\"keywords\":[\"elektrifikacija pruge\",\"Sarajevo\",\"Doboj\",\"Zenica\",\"Oslobo\u0111enj\",\"Jahorina ekspres\"]},\"meta\":false,\"postlink\":\"https:\/\/vremeplov.ba\/2025\/pruga-normalnog-kolosijeka\/tekst_elektrifikacija-2\/\"},{\"id\":21989,\"title\":\"tekst_elektrifikacija-3\",\"url\":\"https:\/\/vremeplov.ba\/2025\/wp-content\/uploads\/2025\/04\/tekst_elektrifikacija-3.jpg\",\"link\":\"https:\/\/vremeplov.ba\/2025\/pruga-normalnog-kolosijeka\/tekst_elektrifikacija-3\/\",\"alt\":\"\",\"description\":\"\",\"caption\":\"\",\"mime\":\"image\/jpeg\",\"type\":\"image\",\"width\":950,\"height\":846,\"sizes\":{\"full\":{\"url\":\"https:\/\/vremeplov.ba\/2025\/wp-content\/uploads\/2025\/04\/tekst_elektrifikacija-3.jpg\",\"height\":846,\"width\":950,\"orientation\":\"landscape\"}},\"imageMeta\":{\"aperture\":\"0\",\"credit\":\"\",\"camera\":\"\",\"caption\":\"\",\"created_timestamp\":\"0\",\"copyright\":\"\",\"focal_length\":\"0\",\"iso\":\"0\",\"shutter_speed\":\"0\",\"title\":\"\",\"orientation\":\"1\",\"keywords\":[]},\"meta\":false,\"postlink\":\"https:\/\/vremeplov.ba\/2025\/pruga-normalnog-kolosijeka\/tekst_elektrifikacija-3\/\"},{\"id\":21990,\"title\":\"Telegraf_JZ\",\"url\":\"https:\/\/vremeplov.ba\/2025\/wp-content\/uploads\/2025\/04\/Telegraf_JZ.jpg\",\"link\":\"https:\/\/vremeplov.ba\/2025\/pruga-normalnog-kolosijeka\/telegraf_jz\/\",\"alt\":\"\",\"description\":\"\",\"caption\":\"\",\"mime\":\"image\/jpeg\",\"type\":\"image\",\"width\":950,\"height\":530,\"sizes\":{\"full\":{\"url\":\"https:\/\/vremeplov.ba\/2025\/wp-content\/uploads\/2025\/04\/Telegraf_JZ.jpg\",\"height\":530,\"width\":950,\"orientation\":\"landscape\"}},\"imageMeta\":{\"aperture\":\"0\",\"credit\":\"Sre\u0107ko Ignjatovi\u0107 Sarajevo BiH\",\"camera\":\"\",\"caption\":\"\",\"created_timestamp\":\"0\",\"copyright\":\"www.photogalerija.com\",\"focal_length\":\"0\",\"iso\":\"0\",\"shutter_speed\":\"0\",\"title\":\"\",\"orientation\":\"1\",\"keywords\":[\"elektrifikacija pruge\",\"Sarajevo\",\"Doboj\",\"Zenica\",\"Oslobo\u0111enj\",\"Jahorina ekspres\"]},\"meta\":false,\"postlink\":\"https:\/\/vremeplov.ba\/2025\/pruga-normalnog-kolosijeka\/telegraf_jz\/\"},{\"id\":21991,\"title\":\"Teretna_stanica_Sarajevo-1\",\"url\":\"https:\/\/vremeplov.ba\/2025\/wp-content\/uploads\/2025\/04\/Teretna_stanica_Sarajevo-1.jpg\",\"link\":\"https:\/\/vremeplov.ba\/2025\/pruga-normalnog-kolosijeka\/teretna_stanica_sarajevo-1\/\",\"alt\":\"\",\"description\":\"\",\"caption\":\"\",\"mime\":\"image\/jpeg\",\"type\":\"image\",\"width\":950,\"height\":675,\"sizes\":{\"full\":{\"url\":\"https:\/\/vremeplov.ba\/2025\/wp-content\/uploads\/2025\/04\/Teretna_stanica_Sarajevo-1.jpg\",\"height\":675,\"width\":950,\"orientation\":\"landscape\"}},\"imageMeta\":{\"aperture\":\"0\",\"credit\":\"Srecko Ignjatovic, Sarajevo, BiH\",\"camera\":\"\",\"caption\":\"\",\"created_timestamp\":\"1486287377\",\"copyright\":\"www.vremeplov.ba\",\"focal_length\":\"0\",\"iso\":\"0\",\"shutter_speed\":\"0\",\"title\":\"\",\"orientation\":\"1\",\"keywords\":[\"normalni kolosijek\",\"pruge\",\"\u017eeljeznica\",\"vremeplov\",\"jugoslovenske\",\"BH Voz\",\"Tr\",\"etna stanica\",\"Sarajevo\",\"izgradnja kolosijeka\"]},\"meta\":false,\"postlink\":\"https:\/\/vremeplov.ba\/2025\/pruga-normalnog-kolosijeka\/teretna_stanica_sarajevo-1\/\"},{\"id\":21992,\"title\":\"Teretna_stanica_Sarajevo-2\",\"url\":\"https:\/\/vremeplov.ba\/2025\/wp-content\/uploads\/2025\/04\/Teretna_stanica_Sarajevo-2.jpg\",\"link\":\"https:\/\/vremeplov.ba\/2025\/pruga-normalnog-kolosijeka\/teretna_stanica_sarajevo-2\/\",\"alt\":\"\",\"description\":\"\",\"caption\":\"\",\"mime\":\"image\/jpeg\",\"type\":\"image\",\"width\":950,\"height\":681,\"sizes\":{\"full\":{\"url\":\"https:\/\/vremeplov.ba\/2025\/wp-content\/uploads\/2025\/04\/Teretna_stanica_Sarajevo-2.jpg\",\"height\":681,\"width\":950,\"orientation\":\"landscape\"}},\"imageMeta\":{\"aperture\":\"0\",\"credit\":\"Srecko Ignjatovic, Sarajevo, BiH\",\"camera\":\"\",\"caption\":\"\",\"created_timestamp\":\"1486287674\",\"copyright\":\"www.vremeplov.ba\",\"focal_length\":\"0\",\"iso\":\"0\",\"shutter_speed\":\"0\",\"title\":\"\",\"orientation\":\"1\",\"keywords\":[\"normalni kolosijek\",\"pruge\",\"\u017eeljeznica\",\"vremeplov\",\"jugoslovenske\",\"BH Voz\",\"Tr\",\"etna stanica\",\"Sarajevo\",\"izgradnja kolosijeka\"]},\"meta\":false,\"postlink\":\"https:\/\/vremeplov.ba\/2025\/pruga-normalnog-kolosijeka\/teretna_stanica_sarajevo-2\/\"},{\"id\":21993,\"title\":\"Tinja\",\"url\":\"https:\/\/vremeplov.ba\/2025\/wp-content\/uploads\/2025\/04\/Tinja.jpg\",\"link\":\"https:\/\/vremeplov.ba\/2025\/pruga-normalnog-kolosijeka\/tinja\/\",\"alt\":\"\",\"description\":\"\",\"caption\":\"\",\"mime\":\"image\/jpeg\",\"type\":\"image\",\"width\":950,\"height\":611,\"sizes\":{\"full\":{\"url\":\"https:\/\/vremeplov.ba\/2025\/wp-content\/uploads\/2025\/04\/Tinja.jpg\",\"height\":611,\"width\":950,\"orientation\":\"landscape\"}},\"imageMeta\":{\"aperture\":\"0\",\"credit\":\"Srecko\",\"camera\":\"\",\"caption\":\"\",\"created_timestamp\":\"0\",\"copyright\":\"www.vremeplov.ba\",\"focal_length\":\"0\",\"iso\":\"0\",\"shutter_speed\":\"0\",\"title\":\"\",\"orientation\":\"1\",\"keywords\":[\"\u017eeljeznica\",\"normalne pruge\",\"Bosna\",\"vremeplov\",\"istorija\",\"fotografije\",\"Tinja\"]},\"meta\":false,\"postlink\":\"https:\/\/vremeplov.ba\/2025\/pruga-normalnog-kolosijeka\/tinja\/\"},{\"id\":21994,\"title\":\"Tinja_75\",\"url\":\"https:\/\/vremeplov.ba\/2025\/wp-content\/uploads\/2025\/04\/Tinja_75.jpg\",\"link\":\"https:\/\/vremeplov.ba\/2025\/pruga-normalnog-kolosijeka\/tinja_75\/\",\"alt\":\"\",\"description\":\"\",\"caption\":\"\",\"mime\":\"image\/jpeg\",\"type\":\"image\",\"width\":950,\"height\":646,\"sizes\":{\"full\":{\"url\":\"https:\/\/vremeplov.ba\/2025\/wp-content\/uploads\/2025\/04\/Tinja_75.jpg\",\"height\":646,\"width\":950,\"orientation\":\"landscape\"}},\"imageMeta\":{\"aperture\":\"0\",\"credit\":\"\",\"camera\":\"\",\"caption\":\"\",\"created_timestamp\":\"0\",\"copyright\":\"\",\"focal_length\":\"0\",\"iso\":\"0\",\"shutter_speed\":\"0\",\"title\":\"\",\"orientation\":\"1\",\"keywords\":[]},\"meta\":false,\"postlink\":\"https:\/\/vremeplov.ba\/2025\/pruga-normalnog-kolosijeka\/tinja_75\/\"},{\"id\":21995,\"title\":\"Todor_Vujasinovic_Tito\",\"url\":\"https:\/\/vremeplov.ba\/2025\/wp-content\/uploads\/2025\/04\/Todor_Vujasinovic_Tito.jpg\",\"link\":\"https:\/\/vremeplov.ba\/2025\/pruga-normalnog-kolosijeka\/todor_vujasinovic_tito\/\",\"alt\":\"\",\"description\":\"\",\"caption\":\"\",\"mime\":\"image\/jpeg\",\"type\":\"image\",\"width\":950,\"height\":680,\"sizes\":{\"full\":{\"url\":\"https:\/\/vremeplov.ba\/2025\/wp-content\/uploads\/2025\/04\/Todor_Vujasinovic_Tito.jpg\",\"height\":680,\"width\":950,\"orientation\":\"landscape\"}},\"imageMeta\":{\"aperture\":\"0\",\"credit\":\"\",\"camera\":\"\",\"caption\":\"\",\"created_timestamp\":\"1486900046\",\"copyright\":\"www.vremeplov.ba\",\"focal_length\":\"0\",\"iso\":\"0\",\"shutter_speed\":\"0\",\"title\":\"\",\"orientation\":\"1\",\"keywords\":[\"normalna pruga\",\"Tito\",\"Tuzla\",\"Zvornik\",\"Semizovac\",\"remont\",\"Beograd\",\"\u017eeljeznica\",\"BiH\",\"J\u017d\",\"vremeplov\",\"istorija\"]},\"meta\":false,\"postlink\":\"https:\/\/vremeplov.ba\/2025\/pruga-normalnog-kolosijeka\/todor_vujasinovic_tito\/\"},{\"id\":21996,\"title\":\"transport_Mostar\",\"url\":\"https:\/\/vremeplov.ba\/2025\/wp-content\/uploads\/2025\/04\/transport_Mostar.jpg\",\"link\":\"https:\/\/vremeplov.ba\/2025\/pruga-normalnog-kolosijeka\/transport_mostar\/\",\"alt\":\"\",\"description\":\"\",\"caption\":\"\",\"mime\":\"image\/jpeg\",\"type\":\"image\",\"width\":950,\"height\":609,\"sizes\":{\"full\":{\"url\":\"https:\/\/vremeplov.ba\/2025\/wp-content\/uploads\/2025\/04\/transport_Mostar.jpg\",\"height\":609,\"width\":950,\"orientation\":\"landscape\"}},\"imageMeta\":{\"aperture\":\"0\",\"credit\":\"Sre\u0107ko Ignjatovi\u0107 Sarajevo BiH\",\"camera\":\"\",\"caption\":\"\",\"created_timestamp\":\"0\",\"copyright\":\"www.photogalerija.com\",\"focal_length\":\"0\",\"iso\":\"0\",\"shutter_speed\":\"0\",\"title\":\"\",\"orientation\":\"1\",\"keywords\":[\"Normani kolosijek, EMV 411\",\"\u017dAS Sarajevo\"]},\"meta\":false,\"postlink\":\"https:\/\/vremeplov.ba\/2025\/pruga-normalnog-kolosijeka\/transport_mostar\/\"},{\"id\":21997,\"title\":\"Tuneli_Vranduk\",\"url\":\"https:\/\/vremeplov.ba\/2025\/wp-content\/uploads\/2025\/04\/Tuneli_Vranduk.jpg\",\"link\":\"https:\/\/vremeplov.ba\/2025\/pruga-normalnog-kolosijeka\/tuneli_vranduk\/\",\"alt\":\"\",\"description\":\"\",\"caption\":\"\",\"mime\":\"image\/jpeg\",\"type\":\"image\",\"width\":950,\"height\":646,\"sizes\":{\"full\":{\"url\":\"https:\/\/vremeplov.ba\/2025\/wp-content\/uploads\/2025\/04\/Tuneli_Vranduk.jpg\",\"height\":646,\"width\":950,\"orientation\":\"landscape\"}},\"imageMeta\":{\"aperture\":\"0\",\"credit\":\"Srecko\",\"camera\":\"HP Scanjet 2400\",\"caption\":\"\",\"created_timestamp\":\"0\",\"copyright\":\"www.vremeplov.ba\",\"focal_length\":\"0\",\"iso\":\"0\",\"shutter_speed\":\"0\",\"title\":\"\",\"orientation\":\"1\",\"keywords\":[\"Normalni\",\"Kolosijek\",\"vozovi\",\"pruge\",\"\u017eeljeznice\",\"Bosna\",\"vremeplov\"]},\"meta\":false,\"postlink\":\"https:\/\/vremeplov.ba\/2025\/pruga-normalnog-kolosijeka\/tuneli_vranduk\/\"},{\"id\":21998,\"title\":\"Tuzla\",\"url\":\"https:\/\/vremeplov.ba\/2025\/wp-content\/uploads\/2025\/04\/Tuzla.jpg\",\"link\":\"https:\/\/vremeplov.ba\/2025\/pruga-normalnog-kolosijeka\/tuzla\/\",\"alt\":\"\",\"description\":\"\",\"caption\":\"\",\"mime\":\"image\/jpeg\",\"type\":\"image\",\"width\":950,\"height\":662,\"sizes\":{\"full\":{\"url\":\"https:\/\/vremeplov.ba\/2025\/wp-content\/uploads\/2025\/04\/Tuzla.jpg\",\"height\":662,\"width\":950,\"orientation\":\"landscape\"}},\"imageMeta\":{\"aperture\":\"0\",\"credit\":\"\",\"camera\":\"\",\"caption\":\"\",\"created_timestamp\":\"0\",\"copyright\":\"\",\"focal_length\":\"0\",\"iso\":\"0\",\"shutter_speed\":\"0\",\"title\":\"\",\"orientation\":\"1\",\"keywords\":[]},\"meta\":false,\"postlink\":\"https:\/\/vremeplov.ba\/2025\/pruga-normalnog-kolosijeka\/tuzla\/\"},{\"id\":21999,\"title\":\"Tuzla_st_1\",\"url\":\"https:\/\/vremeplov.ba\/2025\/wp-content\/uploads\/2025\/04\/Tuzla_st_1.jpg\",\"link\":\"https:\/\/vremeplov.ba\/2025\/pruga-normalnog-kolosijeka\/tuzla_st_1\/\",\"alt\":\"\",\"description\":\"\",\"caption\":\"\",\"mime\":\"image\/jpeg\",\"type\":\"image\",\"width\":950,\"height\":672,\"sizes\":{\"full\":{\"url\":\"https:\/\/vremeplov.ba\/2025\/wp-content\/uploads\/2025\/04\/Tuzla_st_1.jpg\",\"height\":672,\"width\":950,\"orientation\":\"landscape\"}},\"imageMeta\":{\"aperture\":\"0\",\"credit\":\"Srecko\",\"camera\":\"\",\"caption\":\"\",\"created_timestamp\":\"0\",\"copyright\":\"www.vremeplov.ba\",\"focal_length\":\"0\",\"iso\":\"0\",\"shutter_speed\":\"0\",\"title\":\"\",\"orientation\":\"1\",\"keywords\":[\"Kolosijek\",\"\u0161iroki\",\"normalni\",\"vozovi\",\"\u017eeljeznica\",\"putovanja\",\"uspomene\",\"vremeplov\",\"Tuzla\"]},\"meta\":false,\"postlink\":\"https:\/\/vremeplov.ba\/2025\/pruga-normalnog-kolosijeka\/tuzla_st_1\/\"},{\"id\":22000,\"title\":\"Tuzla_stanica\",\"url\":\"https:\/\/vremeplov.ba\/2025\/wp-content\/uploads\/2025\/04\/Tuzla_stanica.jpg\",\"link\":\"https:\/\/vremeplov.ba\/2025\/pruga-normalnog-kolosijeka\/tuzla_stanica\/\",\"alt\":\"\",\"description\":\"\",\"caption\":\"\",\"mime\":\"image\/jpeg\",\"type\":\"image\",\"width\":950,\"height\":604,\"sizes\":{\"full\":{\"url\":\"https:\/\/vremeplov.ba\/2025\/wp-content\/uploads\/2025\/04\/Tuzla_stanica.jpg\",\"height\":604,\"width\":950,\"orientation\":\"landscape\"}},\"imageMeta\":{\"aperture\":\"0\",\"credit\":\"Sre\u0107ko Ignjatovi\u0107 Sarajevo BiH\",\"camera\":\"\",\"caption\":\"\",\"created_timestamp\":\"0\",\"copyright\":\"www.photogalerija.com\",\"focal_length\":\"0\",\"iso\":\"0\",\"shutter_speed\":\"0\",\"title\":\"\",\"orientation\":\"1\",\"keywords\":[\"normalni kolosijek\",\"istorija\",\"stanice\",\"\u017eeljeznica\"]},\"meta\":false,\"postlink\":\"https:\/\/vremeplov.ba\/2025\/pruga-normalnog-kolosijeka\/tuzla_stanica\/\"},{\"id\":22001,\"title\":\"Tuzla_Zvornik_1\",\"url\":\"https:\/\/vremeplov.ba\/2025\/wp-content\/uploads\/2025\/04\/Tuzla_Zvornik_1.jpg\",\"link\":\"https:\/\/vremeplov.ba\/2025\/pruga-normalnog-kolosijeka\/tuzla_zvornik_1\/\",\"alt\":\"\",\"description\":\"\",\"caption\":\"\",\"mime\":\"image\/jpeg\",\"type\":\"image\",\"width\":950,\"height\":670,\"sizes\":{\"full\":{\"url\":\"https:\/\/vremeplov.ba\/2025\/wp-content\/uploads\/2025\/04\/Tuzla_Zvornik_1.jpg\",\"height\":670,\"width\":950,\"orientation\":\"landscape\"}},\"imageMeta\":{\"aperture\":\"0\",\"credit\":\"\",\"camera\":\"\",\"caption\":\"\",\"created_timestamp\":\"1486900752\",\"copyright\":\"www.vremeplov.ba\",\"focal_length\":\"0\",\"iso\":\"0\",\"shutter_speed\":\"0\",\"title\":\"\",\"orientation\":\"1\",\"keywords\":[\"normalna pruga\",\"Tito\",\"Tuzla\",\"Zvornik\",\"Semizovac\",\"remont\",\"Beograd\",\"\u017eeljeznica\",\"BiH\",\"J\u017d\",\"vremeplov\",\"istorija\"]},\"meta\":false,\"postlink\":\"https:\/\/vremeplov.ba\/2025\/pruga-normalnog-kolosijeka\/tuzla_zvornik_1\/\"},{\"id\":22002,\"title\":\"Tuzla_Zvornik_2\",\"url\":\"https:\/\/vremeplov.ba\/2025\/wp-content\/uploads\/2025\/04\/Tuzla_Zvornik_2.jpg\",\"link\":\"https:\/\/vremeplov.ba\/2025\/pruga-normalnog-kolosijeka\/tuzla_zvornik_2\/\",\"alt\":\"\",\"description\":\"\",\"caption\":\"\",\"mime\":\"image\/jpeg\",\"type\":\"image\",\"width\":950,\"height\":675,\"sizes\":{\"full\":{\"url\":\"https:\/\/vremeplov.ba\/2025\/wp-content\/uploads\/2025\/04\/Tuzla_Zvornik_2.jpg\",\"height\":675,\"width\":950,\"orientation\":\"landscape\"}},\"imageMeta\":{\"aperture\":\"0\",\"credit\":\"\",\"camera\":\"\",\"caption\":\"\",\"created_timestamp\":\"1486900849\",\"copyright\":\"www.vremeplov.ba\",\"focal_length\":\"0\",\"iso\":\"0\",\"shutter_speed\":\"0\",\"title\":\"\",\"orientation\":\"1\",\"keywords\":[\"normalna pruga\",\"Tito\",\"Tuzla\",\"Zvornik\",\"Semizovac\",\"remont\",\"Beograd\",\"\u017eeljeznica\",\"BiH\",\"J\u017d\",\"vremeplov\",\"istorija\"]},\"meta\":false,\"postlink\":\"https:\/\/vremeplov.ba\/2025\/pruga-normalnog-kolosijeka\/tuzla_zvornik_2\/\"},{\"id\":22003,\"title\":\"Tuzla-nova-stanica\",\"url\":\"https:\/\/vremeplov.ba\/2025\/wp-content\/uploads\/2025\/04\/Tuzla-nova-stanica.jpg\",\"link\":\"https:\/\/vremeplov.ba\/2025\/pruga-normalnog-kolosijeka\/tuzla-nova-stanica\/\",\"alt\":\"\",\"description\":\"\",\"caption\":\"\",\"mime\":\"image\/jpeg\",\"type\":\"image\",\"width\":950,\"height\":643,\"sizes\":{\"full\":{\"url\":\"https:\/\/vremeplov.ba\/2025\/wp-content\/uploads\/2025\/04\/Tuzla-nova-stanica.jpg\",\"height\":643,\"width\":950,\"orientation\":\"landscape\"}},\"imageMeta\":{\"aperture\":\"0\",\"credit\":\"Srecko Ignjatovic, Sarajevo, BiH\",\"camera\":\"\",\"caption\":\"\",\"created_timestamp\":\"0\",\"copyright\":\"www.photogalerija.com\",\"focal_length\":\"0\",\"iso\":\"0\",\"shutter_speed\":\"0\",\"title\":\"\",\"orientation\":\"1\",\"keywords\":[\"normalni kolosijek\",\"Sarajevo, Tuzla\",\"Zenica\",\"Doboj\",\"\u017ditomisli\u0107i\"]},\"meta\":false,\"postlink\":\"https:\/\/vremeplov.ba\/2025\/pruga-normalnog-kolosijeka\/tuzla-nova-stanica\/\"},{\"id\":22004,\"title\":\"Tuzla-stanica\",\"url\":\"https:\/\/vremeplov.ba\/2025\/wp-content\/uploads\/2025\/04\/Tuzla-stanica.jpg\",\"link\":\"https:\/\/vremeplov.ba\/2025\/pruga-normalnog-kolosijeka\/tuzla-stanica\/\",\"alt\":\"\",\"description\":\"\",\"caption\":\"\",\"mime\":\"image\/jpeg\",\"type\":\"image\",\"width\":950,\"height\":964,\"sizes\":{\"full\":{\"url\":\"https:\/\/vremeplov.ba\/2025\/wp-content\/uploads\/2025\/04\/Tuzla-stanica.jpg\",\"height\":964,\"width\":950,\"orientation\":\"portrait\"}},\"imageMeta\":{\"aperture\":\"0\",\"credit\":\"\",\"camera\":\"\",\"caption\":\"\",\"created_timestamp\":\"0\",\"copyright\":\"\",\"focal_length\":\"0\",\"iso\":\"0\",\"shutter_speed\":\"0\",\"title\":\"\",\"orientation\":\"1\",\"keywords\":[\"Tuzla\",\"\u017eeljeznice\",\"Bosnia\",\"rail\",\"cug\",\"vremeplov\",\"normalni\",\"kolosijek\"]},\"meta\":false,\"postlink\":\"https:\/\/vremeplov.ba\/2025\/pruga-normalnog-kolosijeka\/tuzla-stanica\/\"},{\"id\":22005,\"title\":\"Udes_Ovcari_1987\",\"url\":\"https:\/\/vremeplov.ba\/2025\/wp-content\/uploads\/2025\/04\/Udes_Ovcari_1987.jpg\",\"link\":\"https:\/\/vremeplov.ba\/2025\/pruga-normalnog-kolosijeka\/udes_ovcari_1987\/\",\"alt\":\"\",\"description\":\"\",\"caption\":\"\",\"mime\":\"image\/jpeg\",\"type\":\"image\",\"width\":950,\"height\":1372,\"sizes\":{\"full\":{\"url\":\"https:\/\/vremeplov.ba\/2025\/wp-content\/uploads\/2025\/04\/Udes_Ovcari_1987.jpg\",\"height\":1372,\"width\":950,\"orientation\":\"portrait\"}},\"imageMeta\":{\"aperture\":\"0\",\"credit\":\"Srecko\",\"camera\":\"\",\"caption\":\"\",\"created_timestamp\":\"1478277963\",\"copyright\":\"www.vremeplov.ba\",\"focal_length\":\"0\",\"iso\":\"0\",\"shutter_speed\":\"0\",\"title\":\"\",\"orientation\":\"1\",\"keywords\":[\"\u017eeljezni\u010dka nesre\u0107a\",\"udes\",\"odron\",\"iskliznu\u0107e\",\"motorni voz\",\"Ov\u010dari\"]},\"meta\":false,\"postlink\":\"https:\/\/vremeplov.ba\/2025\/pruga-normalnog-kolosijeka\/udes_ovcari_1987\/\"},{\"id\":22006,\"title\":\"udes_tekst\",\"url\":\"https:\/\/vremeplov.ba\/2025\/wp-content\/uploads\/2025\/04\/udes_tekst.jpg\",\"link\":\"https:\/\/vremeplov.ba\/2025\/pruga-normalnog-kolosijeka\/udes_tekst\/\",\"alt\":\"\",\"description\":\"\",\"caption\":\"\",\"mime\":\"image\/jpeg\",\"type\":\"image\",\"width\":1417,\"height\":1054,\"sizes\":{\"full\":{\"url\":\"https:\/\/vremeplov.ba\/2025\/wp-content\/uploads\/2025\/04\/udes_tekst.jpg\",\"height\":1054,\"width\":1417,\"orientation\":\"landscape\"}},\"imageMeta\":{\"aperture\":\"0\",\"credit\":\"Srecko Ignjatovic, Sarajevo, BiH\",\"camera\":\"\",\"caption\":\"\",\"created_timestamp\":\"1478272132\",\"copyright\":\"www.vremeplov.ba\",\"focal_length\":\"0\",\"iso\":\"0\",\"shutter_speed\":\"0\",\"title\":\"\",\"orientation\":\"1\",\"keywords\":[\"\u010clanak\",\"Udes\",\"Ov\u010dari\",\"motorni voz\",\"vijesti\",\"nesre\u0107a\"]},\"meta\":false,\"postlink\":\"https:\/\/vremeplov.ba\/2025\/pruga-normalnog-kolosijeka\/udes_tekst\/\"},{\"id\":22007,\"title\":\"Unska_pruga_Markovic_bogic\",\"url\":\"https:\/\/vremeplov.ba\/2025\/wp-content\/uploads\/2025\/04\/Unska_pruga_Markovic_bogic.jpg\",\"link\":\"https:\/\/vremeplov.ba\/2025\/pruga-normalnog-kolosijeka\/unska_pruga_markovic_bogic\/\",\"alt\":\"\",\"description\":\"\",\"caption\":\"\",\"mime\":\"image\/jpeg\",\"type\":\"image\",\"width\":950,\"height\":533,\"sizes\":{\"full\":{\"url\":\"https:\/\/vremeplov.ba\/2025\/wp-content\/uploads\/2025\/04\/Unska_pruga_Markovic_bogic.jpg\",\"height\":533,\"width\":950,\"orientation\":\"landscape\"}},\"imageMeta\":{\"aperture\":\"0\",\"credit\":\"Srecko Ignjatovic, Sarajevo, BiH\",\"camera\":\"\",\"caption\":\"\",\"created_timestamp\":\"1486314944\",\"copyright\":\"www.vremeplov.ba\",\"focal_length\":\"0\",\"iso\":\"0\",\"shutter_speed\":\"0\",\"title\":\"\",\"orientation\":\"1\",\"keywords\":[\"normalni kolosijek\",\"\u017eeljeznica\",\"vozovi\",\"vremeplov\",\"stanice\",\"\u0161ine\",\"remont\"]},\"meta\":false,\"postlink\":\"https:\/\/vremeplov.ba\/2025\/pruga-normalnog-kolosijeka\/unska_pruga_markovic_bogic\/\"},{\"id\":22008,\"title\":\"Uzana-076-m-Vranduk-1\",\"url\":\"https:\/\/vremeplov.ba\/2025\/wp-content\/uploads\/2025\/04\/Uzana-076-m-Vranduk-1.jpg\",\"link\":\"https:\/\/vremeplov.ba\/2025\/pruga-normalnog-kolosijeka\/uzana-076-m-vranduk-1\/\",\"alt\":\"\",\"description\":\"\",\"caption\":\"\",\"mime\":\"image\/jpeg\",\"type\":\"image\",\"width\":950,\"height\":616,\"sizes\":{\"full\":{\"url\":\"https:\/\/vremeplov.ba\/2025\/wp-content\/uploads\/2025\/04\/Uzana-076-m-Vranduk-1.jpg\",\"height\":616,\"width\":950,\"orientation\":\"landscape\"}},\"imageMeta\":{\"aperture\":\"0\",\"credit\":\"Sre\u0107ko Ignjatovi\u0107, Sarajevo BiH\",\"camera\":\"\",\"caption\":\"\",\"created_timestamp\":\"0\",\"copyright\":\"www.photogalerija.com\",\"focal_length\":\"0\",\"iso\":\"0\",\"shutter_speed\":\"0\",\"title\":\"\",\"orientation\":\"1\",\"keywords\":[\"Uzana pruga, uskotra\u010dna,\"]},\"meta\":false,\"postlink\":\"https:\/\/vremeplov.ba\/2025\/pruga-normalnog-kolosijeka\/uzana-076-m-vranduk-1\/\"},{\"id\":22009,\"title\":\"Vare\u0161_1985-1\",\"url\":\"https:\/\/vremeplov.ba\/2025\/wp-content\/uploads\/2025\/04\/Vares_1985-1.jpg\",\"link\":\"https:\/\/vremeplov.ba\/2025\/pruga-normalnog-kolosijeka\/vares_1985-1\/\",\"alt\":\"\",\"description\":\"\",\"caption\":\"\",\"mime\":\"image\/jpeg\",\"type\":\"image\",\"width\":950,\"height\":617,\"sizes\":{\"full\":{\"url\":\"https:\/\/vremeplov.ba\/2025\/wp-content\/uploads\/2025\/04\/Vares_1985-1.jpg\",\"height\":617,\"width\":950,\"orientation\":\"landscape\"}},\"imageMeta\":{\"aperture\":\"0\",\"credit\":\"Srecko\",\"camera\":\"\",\"caption\":\"\",\"created_timestamp\":\"0\",\"copyright\":\"www.vremeplov.ba\",\"focal_length\":\"0\",\"iso\":\"0\",\"shutter_speed\":\"0\",\"title\":\"\",\"orientation\":\"1\",\"keywords\":[\"\u017deljeznice\",\"pruge: vozovi\",\"vremeplov\",\"Vare\u0161\",\"Podlugovi\"]},\"meta\":false,\"postlink\":\"https:\/\/vremeplov.ba\/2025\/pruga-normalnog-kolosijeka\/vares_1985-1\/\"},{\"id\":22010,\"title\":\"Vare\u0161_1985-2\",\"url\":\"https:\/\/vremeplov.ba\/2025\/wp-content\/uploads\/2025\/04\/Vares_1985-2.jpg\",\"link\":\"https:\/\/vremeplov.ba\/2025\/pruga-normalnog-kolosijeka\/vares_1985-2\/\",\"alt\":\"\",\"description\":\"\",\"caption\":\"\",\"mime\":\"image\/jpeg\",\"type\":\"image\",\"width\":950,\"height\":623,\"sizes\":{\"full\":{\"url\":\"https:\/\/vremeplov.ba\/2025\/wp-content\/uploads\/2025\/04\/Vares_1985-2.jpg\",\"height\":623,\"width\":950,\"orientation\":\"landscape\"}},\"imageMeta\":{\"aperture\":\"0\",\"credit\":\"Srecko\",\"camera\":\"\",\"caption\":\"\",\"created_timestamp\":\"0\",\"copyright\":\"www.vremeplov.ba\",\"focal_length\":\"0\",\"iso\":\"0\",\"shutter_speed\":\"0\",\"title\":\"\",\"orientation\":\"1\",\"keywords\":[\"\u017deljeznice\",\"pruge: vozovi\",\"vremeplov\",\"Vare\u0161\",\"Podlugovi\"]},\"meta\":false,\"postlink\":\"https:\/\/vremeplov.ba\/2025\/pruga-normalnog-kolosijeka\/vares_1985-2\/\"},{\"id\":22011,\"title\":\"Vares_St.\",\"url\":\"https:\/\/vremeplov.ba\/2025\/wp-content\/uploads\/2025\/04\/Vares_St.jpg\",\"link\":\"https:\/\/vremeplov.ba\/2025\/pruga-normalnog-kolosijeka\/vares_st\/\",\"alt\":\"\",\"description\":\"\",\"caption\":\"\",\"mime\":\"image\/jpeg\",\"type\":\"image\",\"width\":950,\"height\":717,\"sizes\":{\"full\":{\"url\":\"https:\/\/vremeplov.ba\/2025\/wp-content\/uploads\/2025\/04\/Vares_St.jpg\",\"height\":717,\"width\":950,\"orientation\":\"landscape\"}},\"imageMeta\":{\"aperture\":\"0\",\"credit\":\"Sre\u0107ko Ignjatovi\u0107 Sarajevo BiH\",\"camera\":\"\",\"caption\":\"\",\"created_timestamp\":\"0\",\"copyright\":\"www.photogalerija.com\",\"focal_length\":\"0\",\"iso\":\"0\",\"shutter_speed\":\"0\",\"title\":\"\",\"orientation\":\"1\",\"keywords\":[\"normalni kolosijek\",\"istorija\",\"stanice\",\"\u017eeljeznica\"]},\"meta\":false,\"postlink\":\"https:\/\/vremeplov.ba\/2025\/pruga-normalnog-kolosijeka\/vares_st\/\"},{\"id\":22012,\"title\":\"Vaso_Miskin_Crni_Radionica\",\"url\":\"https:\/\/vremeplov.ba\/2025\/wp-content\/uploads\/2025\/04\/Vaso_Miskin_Crni_Radionica.jpg\",\"link\":\"https:\/\/vremeplov.ba\/2025\/pruga-normalnog-kolosijeka\/vaso_miskin_crni_radionica\/\",\"alt\":\"\",\"description\":\"\",\"caption\":\"\",\"mime\":\"image\/jpeg\",\"type\":\"image\",\"width\":950,\"height\":685,\"sizes\":{\"full\":{\"url\":\"https:\/\/vremeplov.ba\/2025\/wp-content\/uploads\/2025\/04\/Vaso_Miskin_Crni_Radionica.jpg\",\"height\":685,\"width\":950,\"orientation\":\"landscape\"}},\"imageMeta\":{\"aperture\":\"0\",\"credit\":\"Srecko Ignjatovic, Sarajevo\",\"camera\":\"\",\"caption\":\"\",\"created_timestamp\":\"1552591808\",\"copyright\":\"www.vremeplov.ba\",\"focal_length\":\"0\",\"iso\":\"0\",\"shutter_speed\":\"0\",\"title\":\"\",\"orientation\":\"1\",\"keywords\":[\"normalni kolosijek\",\"Normalspur\",\"bosanske \u017eeljeznice\",\"\u017eeljeznice\",\"normalne pruge\",\"stare fotografije\",\"vremeplov\",\"J\u017d\",\"BH\u017d\",\"direkcija sarajevo\",\"VMC\"]},\"meta\":false,\"postlink\":\"https:\/\/vremeplov.ba\/2025\/pruga-normalnog-kolosijeka\/vaso_miskin_crni_radionica\/\"},{\"id\":22013,\"title\":\"Vinkovci\",\"url\":\"https:\/\/vremeplov.ba\/2025\/wp-content\/uploads\/2025\/04\/Vinkovci.jpg\",\"link\":\"https:\/\/vremeplov.ba\/2025\/pruga-normalnog-kolosijeka\/vinkovci\/\",\"alt\":\"\",\"description\":\"\",\"caption\":\"\",\"mime\":\"image\/jpeg\",\"type\":\"image\",\"width\":950,\"height\":581,\"sizes\":{\"full\":{\"url\":\"https:\/\/vremeplov.ba\/2025\/wp-content\/uploads\/2025\/04\/Vinkovci.jpg\",\"height\":581,\"width\":950,\"orientation\":\"landscape\"}},\"imageMeta\":{\"aperture\":\"0\",\"credit\":\"Srecko Ignjatovic, Sarajevo, BiH\",\"camera\":\"\",\"caption\":\"\",\"created_timestamp\":\"1499710535\",\"copyright\":\"www.vremeplov.ba\",\"focal_length\":\"0\",\"iso\":\"0\",\"shutter_speed\":\"0\",\"title\":\"\",\"orientation\":\"1\",\"keywords\":[\"normalni kolosijek\",\"bosnia rail\",\"bosna\",\"vremeplov\",\"Vinkovci\"]},\"meta\":false,\"postlink\":\"https:\/\/vremeplov.ba\/2025\/pruga-normalnog-kolosijeka\/vinkovci\/\"},{\"id\":22014,\"title\":\"Visoko_ZBH\",\"url\":\"https:\/\/vremeplov.ba\/2025\/wp-content\/uploads\/2025\/04\/Visoko_ZBH.jpg\",\"link\":\"https:\/\/vremeplov.ba\/2025\/pruga-normalnog-kolosijeka\/visoko_zbh\/\",\"alt\":\"\",\"description\":\"\",\"caption\":\"\",\"mime\":\"image\/jpeg\",\"type\":\"image\",\"width\":950,\"height\":661,\"sizes\":{\"full\":{\"url\":\"https:\/\/vremeplov.ba\/2025\/wp-content\/uploads\/2025\/04\/Visoko_ZBH.jpg\",\"height\":661,\"width\":950,\"orientation\":\"landscape\"}},\"imageMeta\":{\"aperture\":\"0\",\"credit\":\"Srecko Ignjatovic, Sarajevo\",\"camera\":\"HP Scanjet 2400\",\"caption\":\"\",\"created_timestamp\":\"0\",\"copyright\":\"www.vremeplov.ba\",\"focal_length\":\"0\",\"iso\":\"0\",\"shutter_speed\":\"0\",\"title\":\"\",\"orientation\":\"1\",\"keywords\":[\"normalni kolosijek\",\"Normalspur\",\"bosanske \u017eeljeznice\",\"\u017eeljeznice\",\"normalne pruge\",\"stare fotografije\",\"vremeplov\",\"J\u017d\",\"BH\u017d\",\"direkcija sarajevo\",\"VMC\"]},\"meta\":false,\"postlink\":\"https:\/\/vremeplov.ba\/2025\/pruga-normalnog-kolosijeka\/visoko_zbh\/\"},{\"id\":22015,\"title\":\"Visoko-1971.\",\"url\":\"https:\/\/vremeplov.ba\/2025\/wp-content\/uploads\/2025\/04\/Visoko-1971.jpg\",\"link\":\"https:\/\/vremeplov.ba\/2025\/pruga-normalnog-kolosijeka\/visoko-1971\/\",\"alt\":\"\",\"description\":\"\",\"caption\":\"\",\"mime\":\"image\/jpeg\",\"type\":\"image\",\"width\":950,\"height\":680,\"sizes\":{\"full\":{\"url\":\"https:\/\/vremeplov.ba\/2025\/wp-content\/uploads\/2025\/04\/Visoko-1971.jpg\",\"height\":680,\"width\":950,\"orientation\":\"landscape\"}},\"imageMeta\":{\"aperture\":\"0\",\"credit\":\"Srecko\",\"camera\":\"\",\"caption\":\"\",\"created_timestamp\":\"0\",\"copyright\":\"www.vremeplov.ba\",\"focal_length\":\"0\",\"iso\":\"0\",\"shutter_speed\":\"0\",\"title\":\"\",\"orientation\":\"1\",\"keywords\":[\"\u017eeljeznica\",\"normalne pruge\",\"Bosna\",\"vremeplov\",\"istorija\",\"fotografije\",\"Visoko\"]},\"meta\":false,\"postlink\":\"https:\/\/vremeplov.ba\/2025\/pruga-normalnog-kolosijeka\/visoko-1971\/\"},{\"id\":22016,\"title\":\"vojna_cekaonica\",\"url\":\"https:\/\/vremeplov.ba\/2025\/wp-content\/uploads\/2025\/04\/vojna_cekaonica.jpg\",\"link\":\"https:\/\/vremeplov.ba\/2025\/pruga-normalnog-kolosijeka\/vojna_cekaonica\/\",\"alt\":\"\",\"description\":\"\",\"caption\":\"\",\"mime\":\"image\/jpeg\",\"type\":\"image\",\"width\":950,\"height\":748,\"sizes\":{\"full\":{\"url\":\"https:\/\/vremeplov.ba\/2025\/wp-content\/uploads\/2025\/04\/vojna_cekaonica.jpg\",\"height\":748,\"width\":950,\"orientation\":\"landscape\"}},\"imageMeta\":{\"aperture\":\"0\",\"credit\":\"Srecko Ignjatovic, Sarajevo, BiH\",\"camera\":\"HP Scanjet 2400\",\"caption\":\"\",\"created_timestamp\":\"0\",\"copyright\":\"www.vremeplov.ba\",\"focal_length\":\"0\",\"iso\":\"0\",\"shutter_speed\":\"0\",\"title\":\"\",\"orientation\":\"1\",\"keywords\":[\"Nova stanica\",\"Sarajevo\",\"vojna \u010dekaonica\"]},\"meta\":false,\"postlink\":\"https:\/\/vremeplov.ba\/2025\/pruga-normalnog-kolosijeka\/vojna_cekaonica\/\"},{\"id\":22017,\"title\":\"Voz_Dizelka\",\"url\":\"https:\/\/vremeplov.ba\/2025\/wp-content\/uploads\/2025\/04\/Voz_Dizelka.jpg\",\"link\":\"https:\/\/vremeplov.ba\/2025\/pruga-normalnog-kolosijeka\/voz_dizelka\/\",\"alt\":\"\",\"description\":\"\",\"caption\":\"\",\"mime\":\"image\/jpeg\",\"type\":\"image\",\"width\":603,\"height\":950,\"sizes\":{\"full\":{\"url\":\"https:\/\/vremeplov.ba\/2025\/wp-content\/uploads\/2025\/04\/Voz_Dizelka.jpg\",\"height\":950,\"width\":603,\"orientation\":\"portrait\"}},\"imageMeta\":{\"aperture\":\"0\",\"credit\":\"Srecko\",\"camera\":\"\",\"caption\":\"\",\"created_timestamp\":\"0\",\"copyright\":\"www.vremeplov.ba\",\"focal_length\":\"0\",\"iso\":\"0\",\"shutter_speed\":\"0\",\"title\":\"\",\"orientation\":\"1\",\"keywords\":[\"Kolosijek\",\"\u0161iroki\",\"normalni\",\"vozovi\",\"\u017eeljeznica\",\"putovanja\",\"uspomene\",\"vremeplov\"]},\"meta\":false,\"postlink\":\"https:\/\/vremeplov.ba\/2025\/pruga-normalnog-kolosijeka\/voz_dizelka\/\"},{\"id\":22018,\"title\":\"Zavidovici_1970\",\"url\":\"https:\/\/vremeplov.ba\/2025\/wp-content\/uploads\/2025\/04\/Zavidovici_1970.jpg\",\"link\":\"https:\/\/vremeplov.ba\/2025\/pruga-normalnog-kolosijeka\/zavidovici_1970\/\",\"alt\":\"\",\"description\":\"\",\"caption\":\"\",\"mime\":\"image\/jpeg\",\"type\":\"image\",\"width\":950,\"height\":616,\"sizes\":{\"full\":{\"url\":\"https:\/\/vremeplov.ba\/2025\/wp-content\/uploads\/2025\/04\/Zavidovici_1970.jpg\",\"height\":616,\"width\":950,\"orientation\":\"landscape\"}},\"imageMeta\":{\"aperture\":\"0\",\"credit\":\"\",\"camera\":\"\",\"caption\":\"\",\"created_timestamp\":\"0\",\"copyright\":\"www.vremeplov.ba\",\"focal_length\":\"0\",\"iso\":\"0\",\"shutter_speed\":\"0\",\"title\":\"\",\"orientation\":\"1\",\"keywords\":[\"Zavidovi\u0107i\",\"stanica\",\"\u017eeljeznice\",\"vozovi\",\"vremeplov\"]},\"meta\":false,\"postlink\":\"https:\/\/vremeplov.ba\/2025\/pruga-normalnog-kolosijeka\/zavidovici_1970\/\"},{\"id\":22019,\"title\":\"Zavidovici_elektrifikacija\",\"url\":\"https:\/\/vremeplov.ba\/2025\/wp-content\/uploads\/2025\/04\/Zavidovici_elektrifikacija.jpg\",\"link\":\"https:\/\/vremeplov.ba\/2025\/pruga-normalnog-kolosijeka\/zavidovici_elektrifikacija\/\",\"alt\":\"\",\"description\":\"\",\"caption\":\"\",\"mime\":\"image\/jpeg\",\"type\":\"image\",\"width\":950,\"height\":637,\"sizes\":{\"full\":{\"url\":\"https:\/\/vremeplov.ba\/2025\/wp-content\/uploads\/2025\/04\/Zavidovici_elektrifikacija.jpg\",\"height\":637,\"width\":950,\"orientation\":\"landscape\"}},\"imageMeta\":{\"aperture\":\"0\",\"credit\":\"\",\"camera\":\"\",\"caption\":\"\",\"created_timestamp\":\"1549365536\",\"copyright\":\"\",\"focal_length\":\"0\",\"iso\":\"0\",\"shutter_speed\":\"0\",\"title\":\"\",\"orientation\":\"1\",\"keywords\":[\"normalni kolosijek\",\"bosanske \u017eeljeznice\",\"elektrifikacija pruga\",\"vremeplov\",\"Zavidovici stanica\"]},\"meta\":false,\"postlink\":\"https:\/\/vremeplov.ba\/2025\/pruga-normalnog-kolosijeka\/zavidovici_elektrifikacija\/\"},{\"id\":22020,\"title\":\"ZBH_loko_441\",\"url\":\"https:\/\/vremeplov.ba\/2025\/wp-content\/uploads\/2025\/04\/ZBH_loko_441.jpg\",\"link\":\"https:\/\/vremeplov.ba\/2025\/pruga-normalnog-kolosijeka\/zbh_loko_441\/\",\"alt\":\"\",\"description\":\"\",\"caption\":\"\",\"mime\":\"image\/jpeg\",\"type\":\"image\",\"width\":950,\"height\":645,\"sizes\":{\"full\":{\"url\":\"https:\/\/vremeplov.ba\/2025\/wp-content\/uploads\/2025\/04\/ZBH_loko_441.jpg\",\"height\":645,\"width\":950,\"orientation\":\"landscape\"}},\"imageMeta\":{\"aperture\":\"0\",\"credit\":\"Srecko Ignjatovic, Sarajevo\",\"camera\":\"HP Scanjet 2400\",\"caption\":\"\",\"created_timestamp\":\"0\",\"copyright\":\"www.vremeplov.ba\",\"focal_length\":\"0\",\"iso\":\"0\",\"shutter_speed\":\"0\",\"title\":\"\",\"orientation\":\"1\",\"keywords\":[\"vozovi\",\"\u017eeljeznice\",\"pruge\",\"Bosna\",\"kolosijek\",\"Sarajevo\",\"Olimpik\",\"Ekspres\",\"elektromotorne\",\"garniture\",\"MAVAD\",\"vremeplov\"]},\"meta\":false,\"postlink\":\"https:\/\/vremeplov.ba\/2025\/pruga-normalnog-kolosijeka\/zbh_loko_441\/\"},{\"id\":22021,\"title\":\"Zenica_1971\",\"url\":\"https:\/\/vremeplov.ba\/2025\/wp-content\/uploads\/2025\/04\/Zenica_1971.jpg\",\"link\":\"https:\/\/vremeplov.ba\/2025\/pruga-normalnog-kolosijeka\/zenica_1971\/\",\"alt\":\"\",\"description\":\"\",\"caption\":\"\",\"mime\":\"image\/jpeg\",\"type\":\"image\",\"width\":614,\"height\":950,\"sizes\":{\"full\":{\"url\":\"https:\/\/vremeplov.ba\/2025\/wp-content\/uploads\/2025\/04\/Zenica_1971.jpg\",\"height\":950,\"width\":614,\"orientation\":\"portrait\"}},\"imageMeta\":{\"aperture\":\"0\",\"credit\":\"Sre\u0107ko Ignjatovi\u0107 Sarajevo BiH\",\"camera\":\"\",\"caption\":\"\",\"created_timestamp\":\"0\",\"copyright\":\"www.photogalerija.com\",\"focal_length\":\"0\",\"iso\":\"0\",\"shutter_speed\":\"0\",\"title\":\"\",\"orientation\":\"1\",\"keywords\":[\"normalni kolosijek\",\"istorija\",\"stanice\",\"\u017eeljeznica\"]},\"meta\":false,\"postlink\":\"https:\/\/vremeplov.ba\/2025\/pruga-normalnog-kolosijeka\/zenica_1971\/\"},{\"id\":22022,\"title\":\"Zenica_Nova_elektrifikacija-1\",\"url\":\"https:\/\/vremeplov.ba\/2025\/wp-content\/uploads\/2025\/04\/Zenica_Nova_elektrifikacija-1.jpg\",\"link\":\"https:\/\/vremeplov.ba\/2025\/pruga-normalnog-kolosijeka\/zenica_nova_elektrifikacija-1\/\",\"alt\":\"\",\"description\":\"\",\"caption\":\"\",\"mime\":\"image\/jpeg\",\"type\":\"image\",\"width\":950,\"height\":629,\"sizes\":{\"full\":{\"url\":\"https:\/\/vremeplov.ba\/2025\/wp-content\/uploads\/2025\/04\/Zenica_Nova_elektrifikacija-1.jpg\",\"height\":629,\"width\":950,\"orientation\":\"landscape\"}},\"imageMeta\":{\"aperture\":\"0\",\"credit\":\"\",\"camera\":\"\",\"caption\":\"\",\"created_timestamp\":\"1549365611\",\"copyright\":\"\",\"focal_length\":\"0\",\"iso\":\"0\",\"shutter_speed\":\"0\",\"title\":\"\",\"orientation\":\"1\",\"keywords\":[\"normalni kolosijek\",\"bosanske \u017eeljeznice\",\"elektrifikacija pruga\",\"vremeplov\",\"Zenica\"]},\"meta\":false,\"postlink\":\"https:\/\/vremeplov.ba\/2025\/pruga-normalnog-kolosijeka\/zenica_nova_elektrifikacija-1\/\"},{\"id\":22023,\"title\":\"Zenica_Nova_elektrifikacija-2\",\"url\":\"https:\/\/vremeplov.ba\/2025\/wp-content\/uploads\/2025\/04\/Zenica_Nova_elektrifikacija-2.jpg\",\"link\":\"https:\/\/vremeplov.ba\/2025\/pruga-normalnog-kolosijeka\/zenica_nova_elektrifikacija-2\/\",\"alt\":\"\",\"description\":\"\",\"caption\":\"\",\"mime\":\"image\/jpeg\",\"type\":\"image\",\"width\":950,\"height\":648,\"sizes\":{\"full\":{\"url\":\"https:\/\/vremeplov.ba\/2025\/wp-content\/uploads\/2025\/04\/Zenica_Nova_elektrifikacija-2.jpg\",\"height\":648,\"width\":950,\"orientation\":\"landscape\"}},\"imageMeta\":{\"aperture\":\"0\",\"credit\":\"\",\"camera\":\"\",\"caption\":\"\",\"created_timestamp\":\"1549365684\",\"copyright\":\"\",\"focal_length\":\"0\",\"iso\":\"0\",\"shutter_speed\":\"0\",\"title\":\"\",\"orientation\":\"1\",\"keywords\":[\"normalni kolosijek\",\"bosanske \u017eeljeznice\",\"elektrifikacija pruga\",\"vremeplov\",\"Zenica\"]},\"meta\":false,\"postlink\":\"https:\/\/vremeplov.ba\/2025\/pruga-normalnog-kolosijeka\/zenica_nova_elektrifikacija-2\/\"},{\"id\":22024,\"title\":\"Zenica_Nova_elektrifikacija-3\",\"url\":\"https:\/\/vremeplov.ba\/2025\/wp-content\/uploads\/2025\/04\/Zenica_Nova_elektrifikacija-3.jpg\",\"link\":\"https:\/\/vremeplov.ba\/2025\/pruga-normalnog-kolosijeka\/zenica_nova_elektrifikacija-3\/\",\"alt\":\"\",\"description\":\"\",\"caption\":\"\",\"mime\":\"image\/jpeg\",\"type\":\"image\",\"width\":950,\"height\":625,\"sizes\":{\"full\":{\"url\":\"https:\/\/vremeplov.ba\/2025\/wp-content\/uploads\/2025\/04\/Zenica_Nova_elektrifikacija-3.jpg\",\"height\":625,\"width\":950,\"orientation\":\"landscape\"}},\"imageMeta\":{\"aperture\":\"0\",\"credit\":\"\",\"camera\":\"\",\"caption\":\"\",\"created_timestamp\":\"1549365687\",\"copyright\":\"\",\"focal_length\":\"0\",\"iso\":\"0\",\"shutter_speed\":\"0\",\"title\":\"\",\"orientation\":\"1\",\"keywords\":[\"normalni kolosijek\",\"bosanske \u017eeljeznice\",\"elektrifikacija pruga\",\"vremeplov\",\"Zenica\"]},\"meta\":false,\"postlink\":\"https:\/\/vremeplov.ba\/2025\/pruga-normalnog-kolosijeka\/zenica_nova_elektrifikacija-3\/\"},{\"id\":22025,\"title\":\"Zenica_teretna_stanica\",\"url\":\"https:\/\/vremeplov.ba\/2025\/wp-content\/uploads\/2025\/04\/Zenica_teretna_stanica.jpg\",\"link\":\"https:\/\/vremeplov.ba\/2025\/pruga-normalnog-kolosijeka\/zenica_teretna_stanica\/\",\"alt\":\"\",\"description\":\"\",\"caption\":\"\",\"mime\":\"image\/jpeg\",\"type\":\"image\",\"width\":950,\"height\":617,\"sizes\":{\"full\":{\"url\":\"https:\/\/vremeplov.ba\/2025\/wp-content\/uploads\/2025\/04\/Zenica_teretna_stanica.jpg\",\"height\":617,\"width\":950,\"orientation\":\"landscape\"}},\"imageMeta\":{\"aperture\":\"0\",\"credit\":\"\",\"camera\":\"\",\"caption\":\"\",\"created_timestamp\":\"0\",\"copyright\":\"\",\"focal_length\":\"0\",\"iso\":\"0\",\"shutter_speed\":\"0\",\"title\":\"\",\"orientation\":\"1\",\"keywords\":[]},\"meta\":false,\"postlink\":\"https:\/\/vremeplov.ba\/2025\/pruga-normalnog-kolosijeka\/zenica_teretna_stanica\/\"},{\"id\":22026,\"title\":\"Zenica-1973.\",\"url\":\"https:\/\/vremeplov.ba\/2025\/wp-content\/uploads\/2025\/04\/Zenica-1973.jpg\",\"link\":\"https:\/\/vremeplov.ba\/2025\/pruga-normalnog-kolosijeka\/zenica-1973\/\",\"alt\":\"\",\"description\":\"\",\"caption\":\"\",\"mime\":\"image\/jpeg\",\"type\":\"image\",\"width\":950,\"height\":597,\"sizes\":{\"full\":{\"url\":\"https:\/\/vremeplov.ba\/2025\/wp-content\/uploads\/2025\/04\/Zenica-1973.jpg\",\"height\":597,\"width\":950,\"orientation\":\"landscape\"}},\"imageMeta\":{\"aperture\":\"0\",\"credit\":\"Srecko\",\"camera\":\"\",\"caption\":\"\",\"created_timestamp\":\"0\",\"copyright\":\"www.vremeplov.ba\",\"focal_length\":\"0\",\"iso\":\"0\",\"shutter_speed\":\"0\",\"title\":\"\",\"orientation\":\"1\",\"keywords\":[\"\u017eeljeznica\",\"normalne pruge\",\"Bosna\",\"vremeplov\",\"istorija\",\"fotografije\",\"Zenica\"]},\"meta\":false,\"postlink\":\"https:\/\/vremeplov.ba\/2025\/pruga-normalnog-kolosijeka\/zenica-1973\/\"},{\"id\":22027,\"title\":\"Zenica-Olimpik\",\"url\":\"https:\/\/vremeplov.ba\/2025\/wp-content\/uploads\/2025\/04\/Zenica-Olimpik.jpg\",\"link\":\"https:\/\/vremeplov.ba\/2025\/pruga-normalnog-kolosijeka\/zenica-olimpik\/\",\"alt\":\"\",\"description\":\"\",\"caption\":\"\",\"mime\":\"image\/jpeg\",\"type\":\"image\",\"width\":950,\"height\":685,\"sizes\":{\"full\":{\"url\":\"https:\/\/vremeplov.ba\/2025\/wp-content\/uploads\/2025\/04\/Zenica-Olimpik.jpg\",\"height\":685,\"width\":950,\"orientation\":\"landscape\"}},\"imageMeta\":{\"aperture\":\"0\",\"credit\":\"Srecko Ignjatovic, Sarajevo, BiH\",\"camera\":\"\",\"caption\":\"\",\"created_timestamp\":\"0\",\"copyright\":\"www.photogalerija.com\",\"focal_length\":\"0\",\"iso\":\"0\",\"shutter_speed\":\"0\",\"title\":\"\",\"orientation\":\"1\",\"keywords\":[\"normalni kolosijek\",\"Sarajevo, Tuzla\",\"Zenica\",\"Doboj\",\"\u017ditomisli\u0107i\"]},\"meta\":false,\"postlink\":\"https:\/\/vremeplov.ba\/2025\/pruga-normalnog-kolosijeka\/zenica-olimpik\/\"},{\"id\":22028,\"title\":\"Zenica-Ratna-rezerva\",\"url\":\"https:\/\/vremeplov.ba\/2025\/wp-content\/uploads\/2025\/04\/Zenica-Ratna-rezerva.jpg\",\"link\":\"https:\/\/vremeplov.ba\/2025\/pruga-normalnog-kolosijeka\/zenica-ratna-rezerva\/\",\"alt\":\"\",\"description\":\"\",\"caption\":\"\",\"mime\":\"image\/jpeg\",\"type\":\"image\",\"width\":950,\"height\":815,\"sizes\":{\"full\":{\"url\":\"https:\/\/vremeplov.ba\/2025\/wp-content\/uploads\/2025\/04\/Zenica-Ratna-rezerva.jpg\",\"height\":815,\"width\":950,\"orientation\":\"landscape\"}},\"imageMeta\":{\"aperture\":\"0\",\"credit\":\"Srecko\",\"camera\":\"HP Scanjet 2400\",\"caption\":\"\",\"created_timestamp\":\"0\",\"copyright\":\"www.vremeplov.ba\",\"focal_length\":\"0\",\"iso\":\"0\",\"shutter_speed\":\"0\",\"title\":\"\",\"orientation\":\"1\",\"keywords\":[\"\u017eeljeznica\",\"normalne pruge\",\"Bosna\",\"vremeplov\",\"istorija\",\"fotografije\",\"Zenica\"]},\"meta\":false,\"postlink\":\"https:\/\/vremeplov.ba\/2025\/pruga-normalnog-kolosijeka\/zenica-ratna-rezerva\/\"},{\"id\":22029,\"title\":\"Zepce\",\"url\":\"https:\/\/vremeplov.ba\/2025\/wp-content\/uploads\/2025\/04\/Zepce.jpg\",\"link\":\"https:\/\/vremeplov.ba\/2025\/pruga-normalnog-kolosijeka\/zepce\/\",\"alt\":\"\",\"description\":\"\",\"caption\":\"\",\"mime\":\"image\/jpeg\",\"type\":\"image\",\"width\":950,\"height\":703,\"sizes\":{\"full\":{\"url\":\"https:\/\/vremeplov.ba\/2025\/wp-content\/uploads\/2025\/04\/Zepce.jpg\",\"height\":703,\"width\":950,\"orientation\":\"landscape\"}},\"imageMeta\":{\"aperture\":\"0\",\"credit\":\"Sre\u0107ko Ignjatovi\u0107 Sarajevo BiH\",\"camera\":\"\",\"caption\":\"\",\"created_timestamp\":\"0\",\"copyright\":\"www.photogalerija.com\",\"focal_length\":\"0\",\"iso\":\"0\",\"shutter_speed\":\"0\",\"title\":\"\",\"orientation\":\"1\",\"keywords\":[\"normalni-kolosijek\",\"olimpik\",\"bosna-ekspres\",\"mostar\",\"sarajevo\",\"biffe\"]},\"meta\":false,\"postlink\":\"https:\/\/vremeplov.ba\/2025\/pruga-normalnog-kolosijeka\/zepce\/\"},{\"id\":22030,\"title\":\"Zepce_2000\",\"url\":\"https:\/\/vremeplov.ba\/2025\/wp-content\/uploads\/2025\/04\/Zepce_2000.jpg\",\"link\":\"https:\/\/vremeplov.ba\/2025\/pruga-normalnog-kolosijeka\/zepce_2000\/\",\"alt\":\"\",\"description\":\"\",\"caption\":\"\",\"mime\":\"image\/jpeg\",\"type\":\"image\",\"width\":950,\"height\":637,\"sizes\":{\"full\":{\"url\":\"https:\/\/vremeplov.ba\/2025\/wp-content\/uploads\/2025\/04\/Zepce_2000.jpg\",\"height\":637,\"width\":950,\"orientation\":\"landscape\"}},\"imageMeta\":{\"aperture\":\"0\",\"credit\":\"Srecko Ignjatovic, Sarajevo\",\"camera\":\"HP Scanjet 2400\",\"caption\":\"\",\"created_timestamp\":\"0\",\"copyright\":\"www.vremeplov.ba\",\"focal_length\":\"0\",\"iso\":\"0\",\"shutter_speed\":\"0\",\"title\":\"\",\"orientation\":\"1\",\"keywords\":[\"vozovi\",\"\u017eeljeznice\",\"pruge\",\"Bosna\",\"kolosijek\",\"Sarajevo\",\"Olimpik\",\"Ekspres\",\"elektromotorne\",\"garniture\",\"MAVAD\",\"vremeplov\",\"\u017dep\u010de\",\"stanica\"]},\"meta\":false,\"postlink\":\"https:\/\/vremeplov.ba\/2025\/pruga-normalnog-kolosijeka\/zepce_2000\/\"},{\"id\":22031,\"title\":\"Zepce_Zenica\",\"url\":\"https:\/\/vremeplov.ba\/2025\/wp-content\/uploads\/2025\/04\/Zepce_Zenica.jpg\",\"link\":\"https:\/\/vremeplov.ba\/2025\/pruga-normalnog-kolosijeka\/zepce_zenica\/\",\"alt\":\"\",\"description\":\"\",\"caption\":\"\",\"mime\":\"image\/jpeg\",\"type\":\"image\",\"width\":950,\"height\":639,\"sizes\":{\"full\":{\"url\":\"https:\/\/vremeplov.ba\/2025\/wp-content\/uploads\/2025\/04\/Zepce_Zenica.jpg\",\"height\":639,\"width\":950,\"orientation\":\"landscape\"}},\"imageMeta\":{\"aperture\":\"0\",\"credit\":\"Sre\u0107ko Ignjatovi\u0107 Sarajevo BiH\",\"camera\":\"\",\"caption\":\"\",\"created_timestamp\":\"0\",\"copyright\":\"www.photogalerija.com\",\"focal_length\":\"0\",\"iso\":\"0\",\"shutter_speed\":\"0\",\"title\":\"\",\"orientation\":\"1\",\"keywords\":[\"Normani kolosijek, EMV 411\",\"\u017dAS Sarajevo\"]},\"meta\":false,\"postlink\":\"https:\/\/vremeplov.ba\/2025\/pruga-normalnog-kolosijeka\/zepce_zenica\/\"},{\"id\":22032,\"title\":\"Zgrada_ZTP_Sarajevo\",\"url\":\"https:\/\/vremeplov.ba\/2025\/wp-content\/uploads\/2025\/04\/Zgrada_ZTP_Sarajevo.jpg\",\"link\":\"https:\/\/vremeplov.ba\/2025\/pruga-normalnog-kolosijeka\/zgrada_ztp_sarajevo\/\",\"alt\":\"\",\"description\":\"\",\"caption\":\"\",\"mime\":\"image\/jpeg\",\"type\":\"image\",\"width\":950,\"height\":950,\"sizes\":{\"full\":{\"url\":\"https:\/\/vremeplov.ba\/2025\/wp-content\/uploads\/2025\/04\/Zgrada_ZTP_Sarajevo.jpg\",\"height\":950,\"width\":950,\"orientation\":\"landscape\"}},\"imageMeta\":{\"aperture\":\"0\",\"credit\":\"Srecko Ignjatovic, Sarajevo, BiH\",\"camera\":\"\",\"caption\":\"\",\"created_timestamp\":\"1486230519\",\"copyright\":\"www.vremeplov.ba\",\"focal_length\":\"0\",\"iso\":\"0\",\"shutter_speed\":\"0\",\"title\":\"\",\"orientation\":\"1\",\"keywords\":[\"sarajevo\",\"staro sarajevo\",\"Musala\",\"Titova\"]},\"meta\":false,\"postlink\":\"https:\/\/vremeplov.ba\/2025\/pruga-normalnog-kolosijeka\/zgrada_ztp_sarajevo\/\"},{\"id\":22033,\"title\":\"Zgrada-ZTP-Sarajevo\",\"url\":\"https:\/\/vremeplov.ba\/2025\/wp-content\/uploads\/2025\/04\/Zgrada-ZTP-Sarajevo.jpg\",\"link\":\"https:\/\/vremeplov.ba\/2025\/pruga-normalnog-kolosijeka\/zgrada-ztp-sarajevo\/\",\"alt\":\"\",\"description\":\"\",\"caption\":\"\",\"mime\":\"image\/jpeg\",\"type\":\"image\",\"width\":898,\"height\":950,\"sizes\":{\"full\":{\"url\":\"https:\/\/vremeplov.ba\/2025\/wp-content\/uploads\/2025\/04\/Zgrada-ZTP-Sarajevo.jpg\",\"height\":950,\"width\":898,\"orientation\":\"portrait\"}},\"imageMeta\":{\"aperture\":\"0\",\"credit\":\"Sre\u0107ko Ignjatovi\u0107 Sarajevo BiH\",\"camera\":\"\",\"caption\":\"\",\"created_timestamp\":\"0\",\"copyright\":\"www.photogalerija.com\",\"focal_length\":\"0\",\"iso\":\"0\",\"shutter_speed\":\"0\",\"title\":\"\",\"orientation\":\"1\",\"keywords\":[\"normalni-kolosijek\"]},\"meta\":false,\"postlink\":\"https:\/\/vremeplov.ba\/2025\/pruga-normalnog-kolosijeka\/zgrada-ztp-sarajevo\/\"},{\"id\":22034,\"title\":\"Zitomislici-1966\",\"url\":\"https:\/\/vremeplov.ba\/2025\/wp-content\/uploads\/2025\/04\/Zitomislici-1966.jpg\",\"link\":\"https:\/\/vremeplov.ba\/2025\/pruga-normalnog-kolosijeka\/zitomislici-1966\/\",\"alt\":\"\",\"description\":\"\",\"caption\":\"\",\"mime\":\"image\/jpeg\",\"type\":\"image\",\"width\":950,\"height\":677,\"sizes\":{\"full\":{\"url\":\"https:\/\/vremeplov.ba\/2025\/wp-content\/uploads\/2025\/04\/Zitomislici-1966.jpg\",\"height\":677,\"width\":950,\"orientation\":\"landscape\"}},\"imageMeta\":{\"aperture\":\"0\",\"credit\":\"Srecko Ignjatovic, Sarajevo, BiH\",\"camera\":\"\",\"caption\":\"\",\"created_timestamp\":\"0\",\"copyright\":\"www.photogalerija.com\",\"focal_length\":\"0\",\"iso\":\"0\",\"shutter_speed\":\"0\",\"title\":\"\",\"orientation\":\"1\",\"keywords\":[\"normalni kolosijek\",\"Sarajevo, Tuzla\",\"Zenica\",\"Doboj\",\"\u017ditomisli\u0107i\"]},\"meta\":false,\"postlink\":\"https:\/\/vremeplov.ba\/2025\/pruga-normalnog-kolosijeka\/zitomislici-1966\/\"},{\"id\":22035,\"title\":\"ZTP-Sarajevo\",\"url\":\"https:\/\/vremeplov.ba\/2025\/wp-content\/uploads\/2025\/04\/ZTP-Sarajevo.jpg\",\"link\":\"https:\/\/vremeplov.ba\/2025\/pruga-normalnog-kolosijeka\/ztp-sarajevo\/\",\"alt\":\"\",\"description\":\"\",\"caption\":\"\",\"mime\":\"image\/jpeg\",\"type\":\"image\",\"width\":950,\"height\":950,\"sizes\":{\"full\":{\"url\":\"https:\/\/vremeplov.ba\/2025\/wp-content\/uploads\/2025\/04\/ZTP-Sarajevo.jpg\",\"height\":950,\"width\":950,\"orientation\":\"landscape\"}},\"imageMeta\":{\"aperture\":\"0\",\"credit\":\"Sre\u0107ko Ignjatovi\u0107 Sarajevo BiH\",\"camera\":\"\",\"caption\":\"\",\"created_timestamp\":\"0\",\"copyright\":\"www.photogalerija.com\",\"focal_length\":\"0\",\"iso\":\"0\",\"shutter_speed\":\"0\",\"title\":\"\",\"orientation\":\"1\",\"keywords\":[\"normalni-kolosijek\"]},\"meta\":false,\"postlink\":\"https:\/\/vremeplov.ba\/2025\/pruga-normalnog-kolosijeka\/ztp-sarajevo\/\"},{\"id\":22036,\"title\":\"Zunovnica\",\"url\":\"https:\/\/vremeplov.ba\/2025\/wp-content\/uploads\/2025\/04\/Zunovnica.jpg\",\"link\":\"https:\/\/vremeplov.ba\/2025\/pruga-normalnog-kolosijeka\/zunovnica\/\",\"alt\":\"\",\"description\":\"\",\"caption\":\"\",\"mime\":\"image\/jpeg\",\"type\":\"image\",\"width\":950,\"height\":1090,\"sizes\":{\"full\":{\"url\":\"https:\/\/vremeplov.ba\/2025\/wp-content\/uploads\/2025\/04\/Zunovnica.jpg\",\"height\":1090,\"width\":950,\"orientation\":\"portrait\"}},\"imageMeta\":{\"aperture\":\"0\",\"credit\":\"Sre\u0107ko Ignjatovi\u0107 Sarajevo BiH\",\"camera\":\"\",\"caption\":\"\",\"created_timestamp\":\"0\",\"copyright\":\"www.photogalerija.com\",\"focal_length\":\"0\",\"iso\":\"0\",\"shutter_speed\":\"0\",\"title\":\"\",\"orientation\":\"1\",\"keywords\":[\"normalni kolosijek\",\"\u017eeljeznica\",\"vijadukt\",\"sve\u010danost\"]},\"meta\":false,\"postlink\":\"https:\/\/vremeplov.ba\/2025\/pruga-normalnog-kolosijeka\/zunovnica\/\"}],\"hasCustomCSS\":false,\"customCSS\":\"\",\"otterConditions\":[],\"itemsMetaDataCollection\":[]}<\/script><script>(function(){if(window.PGC_SGB && window.PGC_SGB.searcher){window.PGC_SGB.searcher.initBlocks()}})()<\/script><\/div>\n\n\n<p><\/p>\n","protected":false},"excerpt":{"rendered":"<p>GALERIJA STARIH \u017dELEZNI\u010cKIH FOTOGRAFIJA \u2013 Normalni kolosek 1435mm Sve slike na ovoj stranici su vlasni\u0161tvo web sajta vremeplov.ba i ne smeju se objavljivati niti ponovo koristiti bez izri\u010ditog dopu\u0161tenja.<\/p>\n","protected":false},"author":1,"featured_media":0,"parent":0,"menu_order":0,"comment_status":"closed","ping_status":"closed","template":"","meta":{"give_campaign_id":0,"neve_meta_sidebar":"","neve_meta_container":"","neve_meta_enable_content_width":"","neve_meta_content_width":0,"neve_meta_title_alignment":"","neve_meta_author_avatar":"","neve_post_elements_order":"","neve_meta_disable_header":"","neve_meta_disable_footer":"","neve_meta_disable_title":"","ngg_post_thumbnail":0,"pgc_sgb_lightbox_settings":"","_themeisle_gutenberg_block_has_review":false,"footnotes":""},"class_list":["post-32838","page","type-page","status-publish","hentry"],"campaignId":"","_links":{"self":[{"href":"https:\/\/vremeplov.ba\/2025\/wp-json\/wp\/v2\/pages\/32838","targetHints":{"allow":["GET"]}}],"collection":[{"href":"https:\/\/vremeplov.ba\/2025\/wp-json\/wp\/v2\/pages"}],"about":[{"href":"https:\/\/vremeplov.ba\/2025\/wp-json\/wp\/v2\/types\/page"}],"author":[{"embeddable":true,"href":"https:\/\/vremeplov.ba\/2025\/wp-json\/wp\/v2\/users\/1"}],"replies":[{"embeddable":true,"href":"https:\/\/vremeplov.ba\/2025\/wp-json\/wp\/v2\/comments?post=32838"}],"version-history":[{"count":2,"href":"https:\/\/vremeplov.ba\/2025\/wp-json\/wp\/v2\/pages\/32838\/revisions"}],"predecessor-version":[{"id":32840,"href":"https:\/\/vremeplov.ba\/2025\/wp-json\/wp\/v2\/pages\/32838\/revisions\/32840"}],"wp:attachment":[{"href":"https:\/\/vremeplov.ba\/2025\/wp-json\/wp\/v2\/media?parent=32838"}],"curies":[{"name":"wp","href":"https:\/\/api.w.org\/{rel}","templated":true}]}}